{"id":828,"date":"2025-12-22T17:53:47","date_gmt":"2025-12-22T17:53:47","guid":{"rendered":"https:\/\/migracja.inzynier.rzeszow.pl\/?page_id=828"},"modified":"2026-04-09T12:41:31","modified_gmt":"2026-04-09T11:41:31","slug":"15-podatku","status":"publish","type":"page","link":"https:\/\/inzynier.rzeszow.pl\/index.php\/15-podatku\/","title":{"rendered":"1,5 % podatku"},"content":{"rendered":"\t\t<div data-elementor-type=\"wp-page\" data-elementor-id=\"828\" class=\"elementor elementor-828\" data-elementor-post-type=\"page\">\n\t\t\t\t<div class=\"elementor-element elementor-element-c6ddcf0 e-flex e-con-boxed e-con e-parent\" data-id=\"c6ddcf0\" data-element_type=\"container\" data-e-type=\"container\" data-settings=\"{&quot;background_background&quot;:&quot;classic&quot;}\">\n\t\t\t\t\t<div class=\"e-con-inner\">\n\t\t<div class=\"elementor-element elementor-element-f90288b e-con-full e-flex e-con e-child\" data-id=\"f90288b\" data-element_type=\"container\" data-e-type=\"container\" data-settings=\"{&quot;background_background&quot;:&quot;classic&quot;}\">\n\t\t\t\t<div class=\"elementor-element elementor-element-63fce6b elementor-widget elementor-widget-heading\" data-id=\"63fce6b\" data-element_type=\"widget\" data-e-type=\"widget\" data-widget_type=\"heading.default\">\n\t\t\t\t\t<h1 class=\"elementor-heading-title elementor-size-default\">1,5% podatku na pomoc<\/h1>\t\t\t\t<\/div>\n\t\t\t\t<\/div>\n\t\t\t\t\t<\/div>\n\t\t\t\t<\/div>\n\t\t<div class=\"elementor-element elementor-element-b79ae22 e-flex e-con-boxed e-con e-parent\" data-id=\"b79ae22\" data-element_type=\"container\" data-e-type=\"container\">\n\t\t\t\t\t<div class=\"e-con-inner\">\n\t\t\t\t<div class=\"elementor-element elementor-element-7249e99 elementor-widget elementor-widget-text-editor\" data-id=\"7249e99\" data-element_type=\"widget\" data-e-type=\"widget\" data-widget_type=\"text-editor.default\">\n\t\t\t\t\t\t\t\t\t<p><a href=\"https:\/\/inzynier.rzeszow.pl\">Strona g\u0142\u00f3wna <\/a>\/ <a href=\"https:\/\/inzynier.rzeszow.pl\/index.php\/15-podatku\/\">1,5% podatku na pomoc<\/a><\/p>\t\t\t\t\t\t\t\t<\/div>\n\t\t\t\t\t<\/div>\n\t\t\t\t<\/div>\n\t\t<div class=\"elementor-element elementor-element-b8e55d6 e-flex e-con-boxed e-con e-parent\" data-id=\"b8e55d6\" data-element_type=\"container\" data-e-type=\"container\">\n\t\t\t\t\t<div class=\"e-con-inner\">\n\t\t<div class=\"elementor-element elementor-element-af9b9fc e-grid e-con-full e-con e-child\" data-id=\"af9b9fc\" data-element_type=\"container\" data-e-type=\"container\" data-settings=\"{&quot;background_background&quot;:&quot;classic&quot;}\">\n\t\t\t\t<div class=\"elementor-element elementor-element-737bac0 elementor-widget elementor-widget-heading\" data-id=\"737bac0\" data-element_type=\"widget\" data-e-type=\"widget\" data-widget_type=\"heading.default\">\n\t\t\t\t\t<h1 class=\"elementor-heading-title elementor-size-default\">Przeka\u017c 1.5% podatku na pomoc     \nnaszym cz\u0142onkom i ich rodzinom<\/h1>\t\t\t\t<\/div>\n\t\t\t\t<div class=\"elementor-element elementor-element-27d86df elementor-widget elementor-widget-image\" data-id=\"27d86df\" data-element_type=\"widget\" data-e-type=\"widget\" data-widget_type=\"image.default\">\n\t\t\t\t\t\t\t\t\t\t\t\t\t\t\t<img decoding=\"async\" src=\"https:\/\/inzynier.rzeszow.pl\/wp-content\/uploads\/2025\/12\/close-up-woman-holding-heart-kopia.jpg\" title=\"close-up-woman-holding-heart-kopia.jpg\" alt=\"close-up-woman-holding-heart-kopia.jpg\" loading=\"lazy\" \/>\t\t\t\t\t\t\t\t\t\t\t\t\t\t\t<\/div>\n\t\t\t\t<\/div>\n\t\t\t\t\t<\/div>\n\t\t\t\t<\/div>\n\t\t<div class=\"elementor-element elementor-element-0a262e5 e-flex e-con-boxed e-con e-parent\" data-id=\"0a262e5\" data-element_type=\"container\" data-e-type=\"container\">\n\t\t\t\t\t<div class=\"e-con-inner\">\n\t\t\t\t<div class=\"elementor-element elementor-element-963ddeb elementor-widget elementor-widget-text-editor\" data-id=\"963ddeb\" data-element_type=\"widget\" data-e-type=\"widget\" data-widget_type=\"text-editor.default\">\n\t\t\t\t\t\t\t\t\t<p style=\"text-align: left;\"><span style=\"white-space-collapse: preserve;\">Od pocz\u0105tku stycznia do ko\u0144ca kwietnia trwa okres rozlicze\u0144 podatku dochodowego. W tym czasie mamy mo\u017cliwo\u015b\u0107 udzielenia\u00a0 wsparcia na leczenie, rehabilitacj\u0119, zapewnienie schronienia zwierz\u0119tom.\u00a0Od 2023 roku mo\u017cemy zadysponowa\u0107 1,5% podatku\u00a0i przekaza\u0107 go dla wybranej przez siebie organizacji po\u017cytku publicznego, b\u0105d\u017a konkretnej osobie.<\/span><\/p><p>Wielokrotnie bywa tak, \u017ce r\u00f3wnie\u017c rodziny naszych cz\u0142onk\u00f3w znajduj\u0105 si\u0119 w bardzo trudnej sytuacji, w\u00f3wczas powinni\u015bmy pom\u00f3c sobie nawzajem. Dlatego podj\u0119li\u015bmy inicjatyw\u0119 i udost\u0119pniamy w tym celu stron\u0119 portalu\u00a0www.inzynier.rzeszow.pl\u00a0.<\/p>\t\t\t\t\t\t\t\t<\/div>\n\t\t\t\t\t<\/div>\n\t\t\t\t<\/div>\n\t\t<div class=\"elementor-element elementor-element-17cda6e e-flex e-con-boxed e-con e-parent\" data-id=\"17cda6e\" data-element_type=\"container\" data-e-type=\"container\">\n\t\t\t\t\t<div class=\"e-con-inner\">\n\t\t<div class=\"elementor-element elementor-element-57d93ec e-con-full e-flex e-con e-child\" data-id=\"57d93ec\" data-element_type=\"container\" data-e-type=\"container\" data-settings=\"{&quot;background_background&quot;:&quot;classic&quot;}\">\n\t\t\t\t<div class=\"elementor-element elementor-element-762c3cf elementor-widget__width-initial elementor-widget elementor-widget-heading\" data-id=\"762c3cf\" data-element_type=\"widget\" data-e-type=\"widget\" data-widget_type=\"heading.default\">\n\t\t\t\t\t<h1 class=\"elementor-heading-title elementor-size-default\">Rehabilitacja Micha\u0142a - wp\u0142a\u0107 1,5% podatku<\/h1>\t\t\t\t<\/div>\n\t\t\t\t<div class=\"elementor-element elementor-element-038b704 elementor-widget__width-initial elementor-widget elementor-widget-heading\" data-id=\"038b704\" data-element_type=\"widget\" data-e-type=\"widget\" data-widget_type=\"heading.default\">\n\t\t\t\t\t<h2 class=\"elementor-heading-title elementor-size-default\">2024-03-05<\/h2>\t\t\t\t<\/div>\n\t\t\t\t<\/div>\n\t\t<div class=\"elementor-element elementor-element-9f3f176 e-con-full e-flex e-con e-child\" data-id=\"9f3f176\" data-element_type=\"container\" data-e-type=\"container\">\n\t\t<div class=\"elementor-element elementor-element-ba15ed8 e-con-full e-flex e-con e-child\" data-id=\"ba15ed8\" data-element_type=\"container\" data-e-type=\"container\">\n\t\t\t\t<div class=\"elementor-element elementor-element-ae096d1 elementor-widget__width-initial elementor-widget elementor-widget-text-editor\" data-id=\"ae096d1\" data-element_type=\"widget\" data-e-type=\"widget\" data-widget_type=\"text-editor.default\">\n\t\t\t\t\t\t\t\t\t<p><span style=\"white-space-collapse: preserve;\">Pasja doprowadzi\u0142a mnie do miejsca, w kt\u00f3rym progres sta\u0142 si\u0119 nie tylko przyjemno\u015bci\u0105, ale przede wszystkim konieczno\u015bci\u0105, czym\u015b bez czego do ko\u0144ca \u017cycia b\u0119d\u0119 niepe\u0142nosprawnym, przykutym do w\u00f3zka i wiecznie zale\u017cnym od pomocy innych. <\/span><\/p><p>Rehabilitacja jest mo\u017cliwa dzi\u0119ki ogromnej pomocy mojej rodziny, przyjaci\u00f3\u0142 i niezliczonych os\u00f3b, kt\u00f3re postanowi\u0142y mnie wesprze\u0107. Jestem Wam za to dozgonnie wdzi\u0119czny ka\u017cdego dnia staram si\u0119 nie zawie\u017a\u0107 posk\u0142adanej we mnie wiary.<br \/>Mo\u017cesz wspom\u00f3c finansowo moja walk\u0119 przekazuj\u0105c 1,5% podatku lub datek Fundacji S\u0142oneczko z dopiskiem 'darowizna &#8211; Micha\u0142 \u015awi\u0119cinski&#8221;.<\/p><p><b>Dane subkonta: Sp\u00f3\u0142dzielczy Bank Ludowy w Zakrzewie oddzia\u0142 Zlot\u00f3w<br \/>nr konta: 89 8944 0003 0000 2088 2000 0010<br \/>Subkonto 651\/S, Micha\u0142 \u015awi\u0119cinsk<\/b><\/p>\t\t\t\t\t\t\t\t<\/div>\n\t\t\t\t<\/div>\n\t\t<div class=\"elementor-element elementor-element-964e950 e-con-full e-flex e-con e-child\" data-id=\"964e950\" data-element_type=\"container\" data-e-type=\"container\">\n\t\t\t\t<div class=\"elementor-element elementor-element-8b26e96 elementor-widget elementor-widget-image\" data-id=\"8b26e96\" data-element_type=\"widget\" data-e-type=\"widget\" data-widget_type=\"image.default\">\n\t\t\t\t\t\t\t\t\t\t\t\t\t\t\t<img fetchpriority=\"high\" decoding=\"async\" width=\"1024\" height=\"721\" src=\"https:\/\/inzynier.rzeszow.pl\/wp-content\/uploads\/2025\/12\/prosba-o-przekazanie-15-1024x721.png\" class=\"attachment-large size-large wp-image-864\" alt=\"\" srcset=\"https:\/\/inzynier.rzeszow.pl\/wp-content\/uploads\/2025\/12\/prosba-o-przekazanie-15-1024x721.png 1024w, https:\/\/inzynier.rzeszow.pl\/wp-content\/uploads\/2025\/12\/prosba-o-przekazanie-15-300x211.png 300w, https:\/\/inzynier.rzeszow.pl\/wp-content\/uploads\/2025\/12\/prosba-o-przekazanie-15-768x541.png 768w, https:\/\/inzynier.rzeszow.pl\/wp-content\/uploads\/2025\/12\/prosba-o-przekazanie-15.png 1117w\" sizes=\"(max-width: 1024px) 100vw, 1024px\" \/>\t\t\t\t\t\t\t\t\t\t\t\t\t\t\t<\/div>\n\t\t\t\t<\/div>\n\t\t\t\t<\/div>\n\t\t<div class=\"elementor-element elementor-element-6e8f8be e-con-full e-flex e-con e-child\" data-id=\"6e8f8be\" data-element_type=\"container\" data-e-type=\"container\">\n\t\t\t\t<div class=\"elementor-element elementor-element-38e1dd5 elementor-widget__width-inherit elementor-icon-list--layout-traditional elementor-list-item-link-full_width elementor-widget elementor-widget-icon-list\" data-id=\"38e1dd5\" data-element_type=\"widget\" data-e-type=\"widget\" data-widget_type=\"icon-list.default\">\n\t\t\t\t\t\t\t<ul class=\"elementor-icon-list-items\">\n\t\t\t\t\t\t\t<li class=\"elementor-icon-list-item\">\n\t\t\t\t\t\t\t\t\t\t\t<a href=\"https:\/\/michalswiecinski.pl\/\" target=\"_blank\">\n\n\t\t\t\t\t\t\t\t\t\t\t\t<span class=\"elementor-icon-list-icon\">\n\t\t\t\t\t\t\t<svg aria-hidden=\"true\" class=\"e-font-icon-svg e-fas-arrow-circle-right\" viewBox=\"0 0 512 512\" xmlns=\"http:\/\/www.w3.org\/2000\/svg\"><path d=\"M256 8c137 0 248 111 248 248S393 504 256 504 8 393 8 256 119 8 256 8zm-28.9 143.6l75.5 72.4H120c-13.3 0-24 10.7-24 24v16c0 13.3 10.7 24 24 24h182.6l-75.5 72.4c-9.7 9.3-9.9 24.8-.4 34.3l11 10.9c9.4 9.4 24.6 9.4 33.9 0L404.3 273c9.4-9.4 9.4-24.6 0-33.9L271.6 106.3c-9.4-9.4-24.6-9.4-33.9 0l-11 10.9c-9.5 9.6-9.3 25.1.4 34.4z\"><\/path><\/svg>\t\t\t\t\t\t<\/span>\n\t\t\t\t\t\t\t\t\t\t<span class=\"elementor-icon-list-text\">https:\/\/michalswiecinski.pl<\/span>\n\t\t\t\t\t\t\t\t\t\t\t<\/a>\n\t\t\t\t\t\t\t\t\t<\/li>\n\t\t\t\t\t\t\t\t<li class=\"elementor-icon-list-item\">\n\t\t\t\t\t\t\t\t\t\t\t<a href=\"https:\/\/inzynier.rzeszow.pl\/wp-content\/uploads\/2026\/03\/michal_info_24.pdf\" target=\"_blank\">\n\n\t\t\t\t\t\t\t\t\t\t\t\t<span class=\"elementor-icon-list-icon\">\n\t\t\t\t\t\t\t<svg aria-hidden=\"true\" class=\"e-font-icon-svg e-fas-arrow-circle-right\" viewBox=\"0 0 512 512\" xmlns=\"http:\/\/www.w3.org\/2000\/svg\"><path d=\"M256 8c137 0 248 111 248 248S393 504 256 504 8 393 8 256 119 8 256 8zm-28.9 143.6l75.5 72.4H120c-13.3 0-24 10.7-24 24v16c0 13.3 10.7 24 24 24h182.6l-75.5 72.4c-9.7 9.3-9.9 24.8-.4 34.3l11 10.9c9.4 9.4 24.6 9.4 33.9 0L404.3 273c9.4-9.4 9.4-24.6 0-33.9L271.6 106.3c-9.4-9.4-24.6-9.4-33.9 0l-11 10.9c-9.5 9.6-9.3 25.1.4 34.4z\"><\/path><\/svg>\t\t\t\t\t\t<\/span>\n\t\t\t\t\t\t\t\t\t\t<span class=\"elementor-icon-list-text\">Ulotka informacyjna   <\/span>\n\t\t\t\t\t\t\t\t\t\t\t<\/a>\n\t\t\t\t\t\t\t\t\t<\/li>\n\t\t\t\t\t\t<\/ul>\n\t\t\t\t\t\t<\/div>\n\t\t\t\t<\/div>\n\t\t<div class=\"elementor-element elementor-element-f5a9584 e-con-full e-flex e-con e-child\" data-id=\"f5a9584\" data-element_type=\"container\" data-e-type=\"container\" data-settings=\"{&quot;background_background&quot;:&quot;classic&quot;}\">\n\t\t\t\t<div class=\"elementor-element elementor-element-bdb1c4d elementor-widget__width-initial elementor-widget-mobile__width-initial elementor-widget elementor-widget-heading\" data-id=\"bdb1c4d\" data-element_type=\"widget\" data-e-type=\"widget\" data-widget_type=\"heading.default\">\n\t\t\t\t\t<h1 class=\"elementor-heading-title elementor-size-default\">Uratowana przez Ciebie Zosia zn\u00f3w jest\nw niebezpiecze\u0144stwie - pomocy - wp\u0142a\u0107 1,5% podatku<\/h1>\t\t\t\t<\/div>\n\t\t\t\t<div class=\"elementor-element elementor-element-53b1603 elementor-widget__width-initial elementor-widget elementor-widget-heading\" data-id=\"53b1603\" data-element_type=\"widget\" data-e-type=\"widget\" data-widget_type=\"heading.default\">\n\t\t\t\t\t<h2 class=\"elementor-heading-title elementor-size-default\"><div><br><\/div>2022-03-14<\/h2>\t\t\t\t<\/div>\n\t\t\t\t<\/div>\n\t\t<div class=\"elementor-element elementor-element-688258a e-con-full e-flex e-con e-child\" data-id=\"688258a\" data-element_type=\"container\" data-e-type=\"container\">\n\t\t<div class=\"elementor-element elementor-element-86f6a57 e-con-full e-flex e-con e-child\" data-id=\"86f6a57\" data-element_type=\"container\" data-e-type=\"container\">\n\t\t\t\t<div class=\"elementor-element elementor-element-fe87bc2 elementor-widget__width-initial elementor-widget elementor-widget-text-editor\" data-id=\"fe87bc2\" data-element_type=\"widget\" data-e-type=\"widget\" data-widget_type=\"text-editor.default\">\n\t\t\t\t\t\t\t\t\t<p>Kilka lat temu Twoje dobre serce dokona\u0142o niemo\u017cliwego&#8230; Uratowa\u0142o nasz\u0105 malutk\u0105 c\u00f3reczk\u0119 przed kalectwem. Zosia urodzi\u0142a si\u0119 z wad\u0105 n\u00f3\u017cek: bilateral fibular hemimelia, kt\u00f3ra zdarza si\u0119 raz na \u0107wier\u0107 miliona urodze\u0144.<br \/>Okaza\u0142o si\u0119, \u017ce bez leczenia Zosia nigdy nie b\u0119dzie chodzi\u0107. B\u0119dzie mog\u0142a tylko pe\u0142za\u0107. Zacz\u0119li\u015bmy szuka\u0107 ratunku. Dowiedzieli\u015bmy si\u0119, \u017ce mamy szcz\u0119\u015bcie, bo jeszcze kilka lat temu dzieciom z takimi wadami amputowano po prostu n\u00f3\u017cki&#8230;<\/p><p>Pomoc dla Zosi znalaz\u0142a si\u0119 w USA. Wyjechali\u015bmy tam dzi\u0119ki Twojej pomocy. Jeste\u015bmy za to niezmiernie wdzi\u0119czni. Dzi\u0119ki temu wszystkiemu Zosia &#8211; dzi\u015b 5-latka &#8211; mog\u0142a chodzi\u0107 i rozwija\u0107 si\u0119 tak jak jej siostra.<br \/>Wydawa\u0142o si\u0119, \u017ce historia naszej c\u00f3reczki b\u0119dzie mia\u0142a happy end, niestety &#8211; wada Zosi zn\u00f3w daje o sobie zna\u0107&#8230; Konieczna jest kolejna operacja &#8211; trzeba pilnie zrobi\u0107 korekt\u0119 st\u00f3p i wyd\u0142u\u017cy\u0107 obie n\u00f3\u017cki! Operacja jest niezb\u0119dna i nale\u017cy wykona\u0107 j\u0105 najwcze\u015bniej, jak si\u0119 tylko da.<br \/>Zn\u00f3w \u015bcigamy si\u0119 z czasem i prosimy o pomoc, \u017ceby nasza c\u00f3reczka mog\u0142a \u017cy\u0107 jak inne dzieci&#8230; Dzi\u0119kujemy Ci za wszystko i prosimy &#8211; nie pozw\u00f3l, by nasza wsp\u00f3lna walka posz\u0142a na marne. Daj Zosi szans\u0119 na normalne, szcz\u0119\u015bliwe dzieci\u0144stwo i pom\u00f3\u017c nam, jeszcze jeden raz&#8230;<\/p>\t\t\t\t\t\t\t\t<\/div>\n\t\t\t\t<\/div>\n\t\t<div class=\"elementor-element elementor-element-1617a4d e-con-full e-flex e-con e-child\" data-id=\"1617a4d\" data-element_type=\"container\" data-e-type=\"container\">\n\t\t\t\t<div class=\"elementor-element elementor-element-5963c36 elementor-widget elementor-widget-image\" data-id=\"5963c36\" data-element_type=\"widget\" data-e-type=\"widget\" data-widget_type=\"image.default\">\n\t\t\t\t\t\t\t\t\t\t\t\t\t\t\t<img decoding=\"async\" width=\"437\" height=\"324\" src=\"https:\/\/inzynier.rzeszow.pl\/wp-content\/uploads\/2025\/12\/ZosiaB_2022.jpg\" class=\"attachment-large size-large wp-image-865\" alt=\"\" srcset=\"https:\/\/inzynier.rzeszow.pl\/wp-content\/uploads\/2025\/12\/ZosiaB_2022.jpg 437w, https:\/\/inzynier.rzeszow.pl\/wp-content\/uploads\/2025\/12\/ZosiaB_2022-300x222.jpg 300w\" sizes=\"(max-width: 437px) 100vw, 437px\" \/>\t\t\t\t\t\t\t\t\t\t\t\t\t\t\t<\/div>\n\t\t\t\t<div class=\"elementor-element elementor-element-300212f elementor-widget elementor-widget-image\" data-id=\"300212f\" data-element_type=\"widget\" data-e-type=\"widget\" data-widget_type=\"image.default\">\n\t\t\t\t\t\t\t\t\t\t\t\t\t\t\t\t<a href=\"https:\/\/www.siepomaga.pl\/zosiabiecek\/procent-podatku\" target=\"_blank\">\n\t\t\t\t\t\t\t<img decoding=\"async\" width=\"240\" height=\"96\" src=\"https:\/\/inzynier.rzeszow.pl\/wp-content\/uploads\/2025\/12\/ZosiaB_2022sp.jpeg\" class=\"attachment-large size-large wp-image-866\" alt=\"\" \/>\t\t\t\t\t\t\t\t<\/a>\n\t\t\t\t\t\t\t\t\t\t\t\t\t\t\t<\/div>\n\t\t\t\t<\/div>\n\t\t\t\t<\/div>\n\t\t<div class=\"elementor-element elementor-element-5b290e3 e-con-full e-flex e-con e-child\" data-id=\"5b290e3\" data-element_type=\"container\" data-e-type=\"container\">\n\t\t\t\t<div class=\"elementor-element elementor-element-e4afb64 elementor-widget__width-inherit elementor-icon-list--layout-traditional elementor-list-item-link-full_width elementor-widget elementor-widget-icon-list\" data-id=\"e4afb64\" data-element_type=\"widget\" data-e-type=\"widget\" data-widget_type=\"icon-list.default\">\n\t\t\t\t\t\t\t<ul class=\"elementor-icon-list-items\">\n\t\t\t\t\t\t\t<li class=\"elementor-icon-list-item\">\n\t\t\t\t\t\t\t\t\t\t\t<a href=\"https:\/\/www.siepomaga.pl\/zosiabiecek\/jeden-procent\" target=\"_blank\">\n\n\t\t\t\t\t\t\t\t\t\t\t\t<span class=\"elementor-icon-list-icon\">\n\t\t\t\t\t\t\t<svg aria-hidden=\"true\" class=\"e-font-icon-svg e-fas-arrow-circle-right\" viewBox=\"0 0 512 512\" xmlns=\"http:\/\/www.w3.org\/2000\/svg\"><path d=\"M256 8c137 0 248 111 248 248S393 504 256 504 8 393 8 256 119 8 256 8zm-28.9 143.6l75.5 72.4H120c-13.3 0-24 10.7-24 24v16c0 13.3 10.7 24 24 24h182.6l-75.5 72.4c-9.7 9.3-9.9 24.8-.4 34.3l11 10.9c9.4 9.4 24.6 9.4 33.9 0L404.3 273c9.4-9.4 9.4-24.6 0-33.9L271.6 106.3c-9.4-9.4-24.6-9.4-33.9 0l-11 10.9c-9.5 9.6-9.3 25.1.4 34.4z\"><\/path><\/svg>\t\t\t\t\t\t<\/span>\n\t\t\t\t\t\t\t\t\t\t<span class=\"elementor-icon-list-text\">Przeka\u017c sw\u00f3j 1% na Fundacj\u0119 Siepomaga KRS 0000396361<\/span>\n\t\t\t\t\t\t\t\t\t\t\t<\/a>\n\t\t\t\t\t\t\t\t\t<\/li>\n\t\t\t\t\t\t\t\t<li class=\"elementor-icon-list-item\">\n\t\t\t\t\t\t\t\t\t\t\t<a href=\"https:\/\/www.siepomaga.pl\/zosiabiecek\" target=\"_blank\">\n\n\t\t\t\t\t\t\t\t\t\t\t\t<span class=\"elementor-icon-list-icon\">\n\t\t\t\t\t\t\t<svg aria-hidden=\"true\" class=\"e-font-icon-svg e-fas-arrow-circle-right\" viewBox=\"0 0 512 512\" xmlns=\"http:\/\/www.w3.org\/2000\/svg\"><path d=\"M256 8c137 0 248 111 248 248S393 504 256 504 8 393 8 256 119 8 256 8zm-28.9 143.6l75.5 72.4H120c-13.3 0-24 10.7-24 24v16c0 13.3 10.7 24 24 24h182.6l-75.5 72.4c-9.7 9.3-9.9 24.8-.4 34.3l11 10.9c9.4 9.4 24.6 9.4 33.9 0L404.3 273c9.4-9.4 9.4-24.6 0-33.9L271.6 106.3c-9.4-9.4-24.6-9.4-33.9 0l-11 10.9c-9.5 9.6-9.3 25.1.4 34.4z\"><\/path><\/svg>\t\t\t\t\t\t<\/span>\n\t\t\t\t\t\t\t\t\t\t<span class=\"elementor-icon-list-text\">Zosia Biecek - zobacz moj\u0105 now\u0105 zbi\u00f3rk\u0119<\/span>\n\t\t\t\t\t\t\t\t\t\t\t<\/a>\n\t\t\t\t\t\t\t\t\t<\/li>\n\t\t\t\t\t\t<\/ul>\n\t\t\t\t\t\t<\/div>\n\t\t\t\t<\/div>\n\t\t<div class=\"elementor-element elementor-element-eea42e6 e-con-full e-flex e-con e-child\" data-id=\"eea42e6\" data-element_type=\"container\" data-e-type=\"container\" data-settings=\"{&quot;background_background&quot;:&quot;classic&quot;}\">\n\t\t\t\t<div class=\"elementor-element elementor-element-2fac7e0 elementor-widget__width-initial elementor-widget elementor-widget-heading\" data-id=\"2fac7e0\" data-element_type=\"widget\" data-e-type=\"widget\" data-widget_type=\"heading.default\">\n\t\t\t\t\t<h1 class=\"elementor-heading-title elementor-size-default\">Podaruj sw\u00f3j 1,5% dla Tomusia<\/h1>\t\t\t\t<\/div>\n\t\t\t\t<div class=\"elementor-element elementor-element-b8be2ef elementor-widget__width-initial elementor-widget elementor-widget-heading\" data-id=\"b8be2ef\" data-element_type=\"widget\" data-e-type=\"widget\" data-widget_type=\"heading.default\">\n\t\t\t\t\t<h2 class=\"elementor-heading-title elementor-size-default\">2020-01-29<\/h2>\t\t\t\t<\/div>\n\t\t\t\t<\/div>\n\t\t<div class=\"elementor-element elementor-element-ed8fe70 e-con-full e-flex e-con e-child\" data-id=\"ed8fe70\" data-element_type=\"container\" data-e-type=\"container\">\n\t\t<div class=\"elementor-element elementor-element-dcca9b4 e-con-full e-flex e-con e-child\" data-id=\"dcca9b4\" data-element_type=\"container\" data-e-type=\"container\">\n\t\t\t\t<div class=\"elementor-element elementor-element-7128a68 elementor-widget__width-initial elementor-widget elementor-widget-text-editor\" data-id=\"7128a68\" data-element_type=\"widget\" data-e-type=\"widget\" data-widget_type=\"text-editor.default\">\n\t\t\t\t\t\t\t\t\t<p>Je\u017celi kto\u015b z Was jeszcze nie zdecydowa\u0142 komu podarowa\u0107 1% podatku, to zg\u0142aszamy na to miejsce kandydatur\u0119 naszego synka Tomaszka! Tomu\u015b urodzi\u0142 si\u0119 z sekwencj\u0105 Pierre-Robirfa, obni\u017conym napi\u0119ciem mi\u0119\u015bniowym, op\u00f3\u017anionym rozwojem psychoruchowym, zanikiem nerw\u00f3w wzrokowych, padaczk\u0105 lekooporn\u0105. Dzi\u0119ki ci\u0105g\u0142ej, wszechstronnej rehabilitacji i ci\u0119\u017ckiej pracy Tomek zacz\u0105\u0142 samodzielnie siada\u0107 i pe\u0142za\u0107, ale niestety Tomasz nadal nie m\u00f3wi i jest trudno nam si\u0119 z nim skomunikowa\u0107.<br \/>Tomasz wymaga codziennej rehabilitacji ruchowej, terapii neurologopedycznej, rehabilitacji wzroku oraz innych form rehabilitacji ruchowej (basen, hipoterapia, terapia w lokomacie) oraz pedagogicznej i psychologicznej. Dotychczasowa rehabilitacja i szereg zaj\u0119\u0107 przynosi ma\u0142e ale jednocze\u015bnie du\u017ce efekty. Dzi\u0119ki waszemu wsparciu jeste\u015bmy w stanie zapewni\u0107 Tomkowi dost\u0119p do terapii, dzi\u0119ki kt\u00f3rym stan zdrowia naszego syna si\u0119 poprawia. Dzi\u0119kujemy w jego i naszym imieniu.<\/p><p><a href=\"https:\/\/inzynier.rzeszow.pl\/wp-content\/uploads\/2026\/03\/30340-Panek-Tomasz-Rzeszow-scaled.jpg\" target=\"_blank\" rel=\"noopener\"><strong>Ulotka informacyjna<\/strong><\/a><\/p><p>Osoby oraz firmy, kt\u00f3re chcia\u0142yby przekaza\u0107 indywidualne wp\u0142aty &#8211; darowizny, mog\u0105 tego dokona\u0107 na ni\u017cej podane konto bankowe, koniecznie z tytu\u0142em jak poni\u017cej. Darowizny prosimy wp\u0142aca\u0107 na konto:<br \/><b>FUNDACJA DZIECIOM &#8222;ZD\u0104\u017bY\u0106 Z POMOC\u0104&#8221;, <br \/>ul. \u0141omia\u0144ska 5, 01-685 Warszawa,<br \/>Alior Bank S.A 42 2490 0005 0000 4600 7549 3994<br \/>Tytu\u0142em: 30340 PANEK TOMASZ RZESZ\u00d3W &#8211; darowizna na pomoc i ochron\u0119 zdrowia<\/b><\/p><p>Szanowni Darczy\u0144cy, prosimy o zaznaczenie w zeznaniu podatkowym pola &#8222;Wyra\u017cam Zgod\u0119&#8221;.<\/p>\t\t\t\t\t\t\t\t<\/div>\n\t\t\t\t<\/div>\n\t\t<div class=\"elementor-element elementor-element-c83108c e-con-full e-flex e-con e-child\" data-id=\"c83108c\" data-element_type=\"container\" data-e-type=\"container\">\n\t\t\t\t<div class=\"elementor-element elementor-element-20fb0f3 elementor-widget elementor-widget-image\" data-id=\"20fb0f3\" data-element_type=\"widget\" data-e-type=\"widget\" data-widget_type=\"image.default\">\n\t\t\t\t\t\t\t\t\t\t\t\t\t\t\t\t<a href=\"https:\/\/inzynier.rzeszow.pl\/download\/samopomoc\/30340-Panek-Tomasz-Rzeszow.jpg\">\n\t\t\t\t\t\t\t<img loading=\"lazy\" decoding=\"async\" width=\"1024\" height=\"724\" src=\"https:\/\/inzynier.rzeszow.pl\/wp-content\/uploads\/2025\/12\/30340-Panek-Tomasz-Rzeszow-1024x724.jpg\" class=\"attachment-large size-large wp-image-867\" alt=\"\" srcset=\"https:\/\/inzynier.rzeszow.pl\/wp-content\/uploads\/2025\/12\/30340-Panek-Tomasz-Rzeszow-1024x724.jpg 1024w, https:\/\/inzynier.rzeszow.pl\/wp-content\/uploads\/2025\/12\/30340-Panek-Tomasz-Rzeszow-300x212.jpg 300w, https:\/\/inzynier.rzeszow.pl\/wp-content\/uploads\/2025\/12\/30340-Panek-Tomasz-Rzeszow-768x543.jpg 768w, https:\/\/inzynier.rzeszow.pl\/wp-content\/uploads\/2025\/12\/30340-Panek-Tomasz-Rzeszow-1536x1086.jpg 1536w, https:\/\/inzynier.rzeszow.pl\/wp-content\/uploads\/2025\/12\/30340-Panek-Tomasz-Rzeszow-2048x1448.jpg 2048w\" sizes=\"(max-width: 1024px) 100vw, 1024px\" \/>\t\t\t\t\t\t\t\t<\/a>\n\t\t\t\t\t\t\t\t\t\t\t\t\t\t\t<\/div>\n\t\t\t\t<\/div>\n\t\t\t\t<\/div>\n\t\t<div class=\"elementor-element elementor-element-c79f900 e-con-full e-flex e-con e-child\" data-id=\"c79f900\" data-element_type=\"container\" data-e-type=\"container\" data-settings=\"{&quot;background_background&quot;:&quot;classic&quot;}\">\n\t\t\t\t<div class=\"elementor-element elementor-element-f2cc8a4 elementor-widget__width-initial elementor-widget elementor-widget-heading\" data-id=\"f2cc8a4\" data-element_type=\"widget\" data-e-type=\"widget\" data-widget_type=\"heading.default\">\n\t\t\t\t\t<h1 class=\"elementor-heading-title elementor-size-default\">Je\u017celi chcesz pom\u00f3c Ma\u0107kowi - wp\u0142a\u0107 1,5% podatku.<\/h1>\t\t\t\t<\/div>\n\t\t\t\t<div class=\"elementor-element elementor-element-4ea57cf elementor-widget__width-initial elementor-widget elementor-widget-heading\" data-id=\"4ea57cf\" data-element_type=\"widget\" data-e-type=\"widget\" data-widget_type=\"heading.default\">\n\t\t\t\t\t<h2 class=\"elementor-heading-title elementor-size-default\">2019-02-14<\/h2>\t\t\t\t<\/div>\n\t\t\t\t<\/div>\n\t\t<div class=\"elementor-element elementor-element-d84a6cc e-con-full e-flex e-con e-child\" data-id=\"d84a6cc\" data-element_type=\"container\" data-e-type=\"container\">\n\t\t<div class=\"elementor-element elementor-element-5bf026a e-con-full e-flex e-con e-child\" data-id=\"5bf026a\" data-element_type=\"container\" data-e-type=\"container\">\n\t\t\t\t<div class=\"elementor-element elementor-element-4e94b39 elementor-widget__width-initial elementor-widget elementor-widget-text-editor\" data-id=\"4e94b39\" data-element_type=\"widget\" data-e-type=\"widget\" data-widget_type=\"text-editor.default\">\n\t\t\t\t\t\t\t\t\t<p>Maciej Milczanowski to 15-latek z Czudca, kt\u00f3ry ma wiele pasji i zainteresowa\u0144.<br \/>Do szpitala nastolatek trafi\u0142 w czerwcu 2018 roku. Nikt nie spodziewa\u0142 si\u0119, \u017ce rutynowe badania mog\u0105 zwiastowa\u0107 tak powa\u017cn\u0105 diagnoz\u0119. Wyniki morfologii by\u0142y bardzo niepokoj\u0105ce, wykaza\u0142y wysoki poziom leukocyt\u00f3w. Diagnoza by\u0142a szybko i dla wszystkich trudna: ostra bia\u0142aczka limfoblastyczn\u0105.<br \/>Wielk\u0105 pasj\u0105 Ma\u0107ka jest historia, mitologia i fantastyka. Maciej jest te\u017c fanem sagi Gwiezdne Wojny. Jak przysta\u0142o na nastolatka mocno interesuje si\u0119 r\u00f3wnie\u017c grami komputerowymi. Maciek lubi sp\u0119dza\u0107 sw\u00f3j wolny czas na dru\u017cynowych grach, jedn\u0105 z jego ulubionych dyscyplin sportowych jest koszyk\u00f3wka. Wierzymy, \u017ce Maciek wygra walk\u0119 z nier\u00f3wnym przeciwnikiem i ju\u017c wkr\u00f3tce b\u0119dzie m\u00f3g\u0142 wr\u00f3ci\u0107 na boisko, aby zagra\u0107 mecz ze swoimi starszymi siostrami.<br \/>Obecnie Maciej jest w trakcie intensywnej chemioterapii w Klinice Onkohematologii Dzieci\u0119cej w Rzeszowie. Dalszy etap to rehabilitacja i nieustanna wiara w to, \u017ce wszystko wr\u00f3ci na w\u0142a\u015bciwe tory. Apelujemy zatem do wszystkich Pa\u0144stwa o wsparcie finansowe. Pom\u00f3c mo\u017cna wp\u0142acaj\u0105c darowizny na indywidualny numer subkonta Macieja. Za wszelka pomoc i darowizny, w imieniu rodziny, serdecznie dzi\u0119kujemy.<br \/><a href=\"https:\/\/inzynier.rzeszow.pl\/download\/samopomoc\/MMilczanowskiA4.jpg\" target=\"_blank\" rel=\"noopener\"><strong>Ulotka informacyjna<\/strong><\/a><\/p><p><b>Fundacja ISKIERKA na rzecz dzieci z chorob\u0105 nowotworow\u0105<br \/>Warszawa 02-047, Adama P\u0142uga 1\/2<br \/>ING Bank \u015al\u0105ski nr konta: 34 1050 0099 6781 1000 1000 0752<br \/>1% KRS 0000248546<br \/>cel szczeg\u00f3\u0142owy: \u201eMaciej MILCZANOWSKI&#8221;<\/b><\/p>\t\t\t\t\t\t\t\t<\/div>\n\t\t\t\t<\/div>\n\t\t<div class=\"elementor-element elementor-element-c6c14ba e-con-full e-flex e-con e-child\" data-id=\"c6c14ba\" data-element_type=\"container\" data-e-type=\"container\">\n\t\t\t\t<div class=\"elementor-element elementor-element-e9df70c elementor-widget elementor-widget-image\" data-id=\"e9df70c\" data-element_type=\"widget\" data-e-type=\"widget\" data-widget_type=\"image.default\">\n\t\t\t\t\t\t\t\t\t\t\t\t\t\t\t\t<a href=\"https:\/\/inzynier.rzeszow.pl\/download\/samopomoc\/MMilczanowskiA4.jpg\">\n\t\t\t\t\t\t\t<img loading=\"lazy\" decoding=\"async\" width=\"565\" height=\"800\" src=\"https:\/\/inzynier.rzeszow.pl\/wp-content\/uploads\/2025\/12\/MMilczanowskiA4.jpg\" class=\"attachment-large size-large wp-image-868\" alt=\"\" srcset=\"https:\/\/inzynier.rzeszow.pl\/wp-content\/uploads\/2025\/12\/MMilczanowskiA4.jpg 565w, https:\/\/inzynier.rzeszow.pl\/wp-content\/uploads\/2025\/12\/MMilczanowskiA4-212x300.jpg 212w\" sizes=\"(max-width: 565px) 100vw, 565px\" \/>\t\t\t\t\t\t\t\t<\/a>\n\t\t\t\t\t\t\t\t\t\t\t\t\t\t\t<\/div>\n\t\t\t\t<\/div>\n\t\t\t\t<\/div>\n\t\t<div class=\"elementor-element elementor-element-2511fe1 e-con-full e-flex e-con e-child\" data-id=\"2511fe1\" data-element_type=\"container\" data-e-type=\"container\" data-settings=\"{&quot;background_background&quot;:&quot;classic&quot;}\">\n\t\t\t\t<div class=\"elementor-element elementor-element-814740c elementor-widget__width-initial elementor-widget elementor-widget-heading\" data-id=\"814740c\" data-element_type=\"widget\" data-e-type=\"widget\" data-widget_type=\"heading.default\">\n\t\t\t\t\t<h1 class=\"elementor-heading-title elementor-size-default\">Je\u017celi chcesz pom\u00f3c ma\u0142ej Lence - c\u00f3reczce i wnuczce cz\u0142onk\u00f3w naszej Izby - wp\u0142a\u0107 1,5% podatku.<\/h1>\t\t\t\t<\/div>\n\t\t\t\t<div class=\"elementor-element elementor-element-1b175d7 elementor-widget__width-initial elementor-widget elementor-widget-heading\" data-id=\"1b175d7\" data-element_type=\"widget\" data-e-type=\"widget\" data-widget_type=\"heading.default\">\n\t\t\t\t\t<h2 class=\"elementor-heading-title elementor-size-default\">2019-02-07<\/h2>\t\t\t\t<\/div>\n\t\t\t\t<\/div>\n\t\t<div class=\"elementor-element elementor-element-7fc52af e-con-full e-flex e-con e-child\" data-id=\"7fc52af\" data-element_type=\"container\" data-e-type=\"container\">\n\t\t<div class=\"elementor-element elementor-element-4a8b72e e-con-full e-flex e-con e-child\" data-id=\"4a8b72e\" data-element_type=\"container\" data-e-type=\"container\">\n\t\t\t\t<div class=\"elementor-element elementor-element-7680da8 elementor-widget__width-initial elementor-widget elementor-widget-text-editor\" data-id=\"7680da8\" data-element_type=\"widget\" data-e-type=\"widget\" data-widget_type=\"text-editor.default\">\n\t\t\t\t\t\t\t\t\t<p>Lenka w listopadzie 2016 r. zosta\u0142a zdiagnozowana w Uniwersyteckim Szpitalu Dzieci\u0119cym w Krakowie jako chora na histiocytoz\u0119 z kom\u00f3rek Langerhansa. Nowotw\u00f3r podda\u0142 si\u0119 po rocznym leczeniu chemi\u0105 i sterydami, obecnie c\u00f3reczka jest w remisji, ale jej odporno\u015b\u0107 nadal jest s\u0142aba a organizm dalej odczuwa skutki wyniszczaj\u0105cego leczenia. W 2018 r. Lenka zosta\u0142a wys\u0142ana na pi\u0119\u0107 turnus\u00f3w rehabilitacyjnych, na sta\u0142e ma diet\u0119.<br \/>\u201eZwracamy si\u0119 z pro\u015bb\u0105 o przekazanie 1,5% podatku na pomoc w leczeniu i rehabilitacji. \u015arodki przeznaczamy na turnusy rehabilitacyjne oraz specjalistyczne \u017cywienie.&#8221;<br \/><a href=\"https:\/\/inzynier.rzeszow.pl\/download\/samopomoc\/LenkaD_2019d.png\" target=\"_blank\" rel=\"noopener\"><strong>Ulotka informacyjna<\/strong><\/a><\/p><p><b>Fundacja Kawa\u0142ek Nieba<br \/>KRS 0000382243 Cel szczeg\u00f3lowy: \u201e862 pomoc dla Lenki Dziura&#8221;<\/b><\/p>\t\t\t\t\t\t\t\t<\/div>\n\t\t\t\t<\/div>\n\t\t<div class=\"elementor-element elementor-element-f61b499 e-con-full e-flex e-con e-child\" data-id=\"f61b499\" data-element_type=\"container\" data-e-type=\"container\">\n\t\t\t\t<div class=\"elementor-element elementor-element-3157856 elementor-widget elementor-widget-image\" data-id=\"3157856\" data-element_type=\"widget\" data-e-type=\"widget\" data-widget_type=\"image.default\">\n\t\t\t\t\t\t\t\t\t\t\t\t\t\t\t\t<a href=\"https:\/\/inzynier.rzeszow.pl\/download\/samopomoc\/LenkaD_2019d.png\">\n\t\t\t\t\t\t\t<img loading=\"lazy\" decoding=\"async\" width=\"240\" height=\"180\" src=\"https:\/\/inzynier.rzeszow.pl\/wp-content\/uploads\/2025\/12\/LenkaD_2019.jpg\" class=\"attachment-large size-large wp-image-869\" alt=\"\" \/>\t\t\t\t\t\t\t\t<\/a>\n\t\t\t\t\t\t\t\t\t\t\t\t\t\t\t<\/div>\n\t\t\t\t<\/div>\n\t\t\t\t<\/div>\n\t\t<div class=\"elementor-element elementor-element-a89358d e-con-full e-flex e-con e-child\" data-id=\"a89358d\" data-element_type=\"container\" data-e-type=\"container\" data-settings=\"{&quot;background_background&quot;:&quot;classic&quot;}\">\n\t\t\t\t<div class=\"elementor-element elementor-element-7cb33ee elementor-widget__width-initial elementor-widget elementor-widget-heading\" data-id=\"7cb33ee\" data-element_type=\"widget\" data-e-type=\"widget\" data-widget_type=\"heading.default\">\n\t\t\t\t\t<h1 class=\"elementor-heading-title elementor-size-default\">Je\u017celi chcesz pom\u00f3c ma\u0142ej Zosi  - wp\u0142a\u0107 1,5% podatku.<\/h1>\t\t\t\t<\/div>\n\t\t\t\t<div class=\"elementor-element elementor-element-392a23d elementor-widget__width-initial elementor-widget elementor-widget-heading\" data-id=\"392a23d\" data-element_type=\"widget\" data-e-type=\"widget\" data-widget_type=\"heading.default\">\n\t\t\t\t\t<h2 class=\"elementor-heading-title elementor-size-default\">2019-02-07<\/h2>\t\t\t\t<\/div>\n\t\t\t\t<\/div>\n\t\t<div class=\"elementor-element elementor-element-5e7d6f1 e-con-full e-flex e-con e-child\" data-id=\"5e7d6f1\" data-element_type=\"container\" data-e-type=\"container\">\n\t\t<div class=\"elementor-element elementor-element-d52eda5 e-con-full e-flex e-con e-child\" data-id=\"d52eda5\" data-element_type=\"container\" data-e-type=\"container\">\n\t\t\t\t<div class=\"elementor-element elementor-element-676053d elementor-widget__width-initial elementor-widget elementor-widget-text-editor\" data-id=\"676053d\" data-element_type=\"widget\" data-e-type=\"widget\" data-widget_type=\"text-editor.default\">\n\t\t\t\t\t\t\t\t\t<p>&#8222;Zosia urodzi\u0142a si\u0119 08.12.2016 r. jako drugi bli\u017aniak. Nasza c\u00f3rka cierpi na rzadki zesp\u00f3\u0142 wad wrodzonych &#8211; obustronny brak ko\u015bci strza\u0142kowych (bilateral fibular hemimelia), deformacj\u0119 podudzi oraz st\u00f3p. Aktualnie Zosia przebywa na leczeniu w <a href=\"https:\/\/www.facebook.com\/paleyinstitute\/?__tn__=K-R&amp;eid=ARD0xhq0xGocSnXf9igRXEttwUWzgH_zwcQ-em8h_KZA2h4QmuTLIdpTlmyzu6hUCLv5usodEEPIZtDQ&amp;fref=mentions&amp;__xts__%5B0%5D=68.ARBY-JyrTuBMUkrRdwEb8LxczIu0g17_ws-AopHCcqVTl0gdTnIe4EYLlUpT1m2-NeFnGmEyC8e0gEQS8m-XUZ0ELu1CXTtpnRr3WtmsGd3t9LHiO49cdn-RIYJqHYf5CsiCV3UNJT0VbqMUHFuPhGvAI_CP4H3fZGcgvQpIpw_UiDWlNrkFVoBrchoLvIz4jaRkNMfAHs-G9NLYTgxFeyQ-jiBMoT7KZ0ieb5FLPCDIR8FItN2_5_m-sNO9HdcvkJOOeIv8y79y3oFZ4OWxqg9Pb3Ko4wWwwE4uK_mKM09wGitfDRL9KUVFtNSxMIdO0s_p0T3zP0cn9AsIxN2x6c4\">Paley Institute<\/a>\u00a0w USA, uczestniczy w ci\u0105g\u0142ej rehabilitacji po operacji rekonstrukcji st\u00f3p.<br \/><strong><a href=\"http:\/\/zosiabiecek.pl\/\" target=\"_blank\" rel=\"noopener\">www.zosiabiecek.pl <\/a><\/strong><\/p><p>Mo\u017cna przekaza\u0107 1,5% podatku. Zosia jest podopieczn\u0105 fundacji dzieciom \u201eZd\u0105\u017cy\u0107 z pomoc\u0105&#8221;. Wystarczy, \u017ce w PIT 37 poda\u0107 <strong>numer KRS: 0000037904<\/strong>\u00a0Fundacji oraz zaznaczy\u0107\u00a0<strong>\u201eCel szczeg\u00f3\u0142owy 1%: 31298 Biecek Zofia&#8221;<br \/><\/strong>Mo\u017cna z przekaza\u0107 darowizn\u0119 pieni\u0119\u017cn\u0105. Wystarczy wp\u0142ata na konto Fundacji Dzieciom \u201eZd\u0105\u017cy\u0107 z pomoc\u0105&#8221; <strong>42 2490 0005 0000 4600 7549 3994<\/strong> wpisuj\u0105c w tytule <strong>\u201e31298 Biecek Zofia &#8211; darowizna na pomoc i ochron\u0119 zdrowia&#8221;<\/strong><\/p>\t\t\t\t\t\t\t\t<\/div>\n\t\t\t\t<\/div>\n\t\t<div class=\"elementor-element elementor-element-7c220b9 e-con-full e-flex e-con e-child\" data-id=\"7c220b9\" data-element_type=\"container\" data-e-type=\"container\">\n\t\t\t\t<div class=\"elementor-element elementor-element-1e70520 elementor-widget elementor-widget-image\" data-id=\"1e70520\" data-element_type=\"widget\" data-e-type=\"widget\" data-widget_type=\"image.default\">\n\t\t\t\t\t\t\t\t\t\t\t\t\t\t\t<img loading=\"lazy\" decoding=\"async\" width=\"240\" height=\"180\" src=\"https:\/\/inzynier.rzeszow.pl\/wp-content\/uploads\/2025\/12\/ZosiaB_2019.jpg\" class=\"attachment-large size-large wp-image-870\" alt=\"\" \/>\t\t\t\t\t\t\t\t\t\t\t\t\t\t\t<\/div>\n\t\t\t\t<\/div>\n\t\t\t\t<\/div>\n\t\t<div class=\"elementor-element elementor-element-ee54665 e-con-full e-flex e-con e-child\" data-id=\"ee54665\" data-element_type=\"container\" data-e-type=\"container\" data-settings=\"{&quot;background_background&quot;:&quot;classic&quot;}\">\n\t\t\t\t<div class=\"elementor-element elementor-element-927a0f0 elementor-widget__width-initial elementor-widget elementor-widget-heading\" data-id=\"927a0f0\" data-element_type=\"widget\" data-e-type=\"widget\" data-widget_type=\"heading.default\">\n\t\t\t\t\t<h1 class=\"elementor-heading-title elementor-size-default\">Je\u017celi chcesz pom\u00f3c ma\u0142ej Karolince - c\u00f3reczce cz\u0142onka naszej Izby  - wp\u0142a\u0107 1,5% podatku.<\/h1>\t\t\t\t<\/div>\n\t\t\t\t<div class=\"elementor-element elementor-element-a977cfa elementor-widget__width-initial elementor-widget elementor-widget-heading\" data-id=\"a977cfa\" data-element_type=\"widget\" data-e-type=\"widget\" data-widget_type=\"heading.default\">\n\t\t\t\t\t<h2 class=\"elementor-heading-title elementor-size-default\">2019-02-20<\/h2>\t\t\t\t<\/div>\n\t\t\t\t<\/div>\n\t\t<div class=\"elementor-element elementor-element-31c3e84 e-con-full e-flex e-con e-child\" data-id=\"31c3e84\" data-element_type=\"container\" data-e-type=\"container\">\n\t\t<div class=\"elementor-element elementor-element-860ecea e-con-full e-flex e-con e-child\" data-id=\"860ecea\" data-element_type=\"container\" data-e-type=\"container\">\n\t\t\t\t<div class=\"elementor-element elementor-element-e47636a elementor-widget__width-initial elementor-widget elementor-widget-text-editor\" data-id=\"e47636a\" data-element_type=\"widget\" data-e-type=\"widget\" data-widget_type=\"text-editor.default\">\n\t\t\t\t\t\t\t\t\t<p>Karolinka urodzi\u0142a si\u0119 z rzadkim uwarunkowanym genetycznie zespo\u0142em wad wrodzonych. Ma m.in.:<br \/>&#8211; wad\u0119 twarzoczaszki co powoduje zaburzenie oddychania<br \/>&#8211; pora\u017cone podniebienie, przez co nie je samodzielnie<br \/>&#8211; wodog\u0142owie<br \/>&#8211; bardzo obni\u017cone napi\u0119cie mi\u0119\u015bniowe, przez co nie chodzi<br \/>-przykurcze n\u00f3g i r\u0105k<br \/>&#8211; op\u00f3\u017aniony rozw\u00f3j psychoruchowy<br \/>Karolina wymaga wielu bardzo skomplikowanych zabieg\u00f3w chirurgicznych i nieustannej rehabilitacji.<br \/>Tw\u00f3j 1,5% przeznaczony b\u0119dzie na: rehabilitacj\u0119, wizyty u specjalist\u00f3w do kt\u00f3rych je\u017adzimy po ca\u0142ej Polsce, sprz\u0119t rehabilitacyjny, pobyty w szpitalach, turnusy rehabilitacyjne.<a href=\"https:\/\/inzynier.rzeszow.pl\/wp-content\/uploads\/2026\/03\/Karolinka_ulotki2.jpg\" target=\"_blank\" rel=\"noopener\"><br \/><strong>Ulotka informacyjna<\/strong><\/a><\/p><p>Karolinka jest podopieczn\u0105 Fundacji\u201eAvalon&#8221;<br \/>Przekaza\u0107 mo\u017cna 1% podatku: wpisuj\u0105c w zeznaniu PIT dane:<strong><br \/>KRS 0000270809, cel: GAZDA 9124<br \/>lub przela\u0107 dowoln\u0105 kwot\u0119 na konto Fundacji nr konta:6216001286 0003 0031 8642 6001 w tytule wpisuj\u0105c: GAZDA 9124.<\/strong><\/p>\t\t\t\t\t\t\t\t<\/div>\n\t\t\t\t<\/div>\n\t\t<div class=\"elementor-element elementor-element-6df9ce1 e-con-full e-flex e-con e-child\" data-id=\"6df9ce1\" data-element_type=\"container\" data-e-type=\"container\">\n\t\t\t\t<div class=\"elementor-element elementor-element-8c2b100 elementor-widget elementor-widget-image\" data-id=\"8c2b100\" data-element_type=\"widget\" data-e-type=\"widget\" data-widget_type=\"image.default\">\n\t\t\t\t\t\t\t\t\t\t\t\t\t\t\t<img loading=\"lazy\" decoding=\"async\" width=\"450\" height=\"318\" src=\"https:\/\/inzynier.rzeszow.pl\/wp-content\/uploads\/2025\/12\/Karolinka_ulotki2.jpg\" class=\"attachment-large size-large wp-image-871\" alt=\"\" srcset=\"https:\/\/inzynier.rzeszow.pl\/wp-content\/uploads\/2025\/12\/Karolinka_ulotki2.jpg 450w, https:\/\/inzynier.rzeszow.pl\/wp-content\/uploads\/2025\/12\/Karolinka_ulotki2-300x212.jpg 300w\" sizes=\"(max-width: 450px) 100vw, 450px\" \/>\t\t\t\t\t\t\t\t\t\t\t\t\t\t\t<\/div>\n\t\t\t\t<\/div>\n\t\t\t\t<\/div>\n\t\t<div class=\"elementor-element elementor-element-63e99f0 e-con-full e-flex e-con e-child\" data-id=\"63e99f0\" data-element_type=\"container\" data-e-type=\"container\" data-settings=\"{&quot;background_background&quot;:&quot;classic&quot;}\">\n\t\t\t\t<div class=\"elementor-element elementor-element-a51b5b6 elementor-widget__width-initial elementor-widget elementor-widget-heading\" data-id=\"a51b5b6\" data-element_type=\"widget\" data-e-type=\"widget\" data-widget_type=\"heading.default\">\n\t\t\t\t\t<h1 class=\"elementor-heading-title elementor-size-default\">Je\u017celi chcesz pom\u00f3c choremu Jakubowi - synowi cz\u0142onka naszej Izby - wp\u0142a\u0107 1,5% podatku.<\/h1>\t\t\t\t<\/div>\n\t\t\t\t<div class=\"elementor-element elementor-element-76a4e76 elementor-widget__width-initial elementor-widget elementor-widget-heading\" data-id=\"76a4e76\" data-element_type=\"widget\" data-e-type=\"widget\" data-widget_type=\"heading.default\">\n\t\t\t\t\t<h2 class=\"elementor-heading-title elementor-size-default\">2019-01-21<\/h2>\t\t\t\t<\/div>\n\t\t\t\t<\/div>\n\t\t<div class=\"elementor-element elementor-element-644a86b e-con-full e-flex e-con e-child\" data-id=\"644a86b\" data-element_type=\"container\" data-e-type=\"container\">\n\t\t<div class=\"elementor-element elementor-element-c66cd69 e-con-full e-flex e-con e-child\" data-id=\"c66cd69\" data-element_type=\"container\" data-e-type=\"container\">\n\t\t\t\t<div class=\"elementor-element elementor-element-a29e040 elementor-widget__width-initial elementor-widget elementor-widget-text-editor\" data-id=\"a29e040\" data-element_type=\"widget\" data-e-type=\"widget\" data-widget_type=\"text-editor.default\">\n\t\t\t\t\t\t\t\t\t<p>&#8222;Prosz\u0119 o pomoc w leczeniu i rehabilitacji w postaci podarowania mi 1 % swojego podatku.<br \/>Pieni\u0105dze\u00a0przeznaczone zostan\u0105\u00a0na turnusy rehabilitacyjne i\u00a0leki.&#8221;<\/p><p>Fundacja na rzecz chorych na stwardnienie rozsiane im. B\u0142. Anieli Salawy<strong><br \/>PKO I O. KRAK\u00d3W NR. 43 1020 2892 0000 5102 0186 7076 z has\u0142em \u201ezdrowie Jakub Wr\u00f3bel&#8221;<\/strong><\/p>\t\t\t\t\t\t\t\t<\/div>\n\t\t\t\t<\/div>\n\t\t<div class=\"elementor-element elementor-element-547da06 e-con-full e-flex e-con e-child\" data-id=\"547da06\" data-element_type=\"container\" data-e-type=\"container\">\n\t\t\t\t<div class=\"elementor-element elementor-element-30346f8 elementor-widget elementor-widget-image\" data-id=\"30346f8\" data-element_type=\"widget\" data-e-type=\"widget\" data-widget_type=\"image.default\">\n\t\t\t\t\t\t\t\t\t\t\t\t\t\t\t<img loading=\"lazy\" decoding=\"async\" width=\"160\" height=\"206\" src=\"https:\/\/inzynier.rzeszow.pl\/wp-content\/uploads\/2025\/12\/JWrobel.jpg\" class=\"attachment-large size-large wp-image-872\" alt=\"\" \/>\t\t\t\t\t\t\t\t\t\t\t\t\t\t\t<\/div>\n\t\t\t\t<\/div>\n\t\t\t\t<\/div>\n\t\t<div class=\"elementor-element elementor-element-16eedc9 e-con-full e-flex e-con e-child\" data-id=\"16eedc9\" data-element_type=\"container\" data-e-type=\"container\" data-settings=\"{&quot;background_background&quot;:&quot;classic&quot;}\">\n\t\t\t\t<div class=\"elementor-element elementor-element-b7920f5 elementor-widget__width-initial elementor-widget elementor-widget-heading\" data-id=\"b7920f5\" data-element_type=\"widget\" data-e-type=\"widget\" data-widget_type=\"heading.default\">\n\t\t\t\t\t<h1 class=\"elementor-heading-title elementor-size-default\">Je\u017celi chcesz pom\u00f3c niepe\u0142nosprawnemu Piotrowi Micha\u0142kowi - synowi cz\u0142onka naszej Izby - wp\u0142a\u0107 1,5% podatku.<\/h1>\t\t\t\t<\/div>\n\t\t\t\t<div class=\"elementor-element elementor-element-cf0a9c4 elementor-widget__width-initial elementor-widget elementor-widget-heading\" data-id=\"cf0a9c4\" data-element_type=\"widget\" data-e-type=\"widget\" data-widget_type=\"heading.default\">\n\t\t\t\t\t<h2 class=\"elementor-heading-title elementor-size-default\">2026-02-18<\/h2>\t\t\t\t<\/div>\n\t\t\t\t<\/div>\n\t\t<div class=\"elementor-element elementor-element-c7e6581 e-con-full e-flex e-con e-child\" data-id=\"c7e6581\" data-element_type=\"container\" data-e-type=\"container\">\n\t\t<div class=\"elementor-element elementor-element-cb09dcb e-con-full e-flex e-con e-child\" data-id=\"cb09dcb\" data-element_type=\"container\" data-e-type=\"container\">\n\t\t\t\t<div class=\"elementor-element elementor-element-7ba336e elementor-widget__width-initial elementor-widget elementor-widget-text-editor\" data-id=\"7ba336e\" data-element_type=\"widget\" data-e-type=\"widget\" data-widget_type=\"text-editor.default\">\n\t\t\t\t\t\t\t\t\t<p>Piotr Micha\u0142 ma zesp\u00f3\u0142 wad wrodzonych kt\u00f3re powoduj\u0105 znaczne upo\u015bledzenie w rozwoju umys\u0142owym , psychofizycznym i wiele chor\u00f3b. Od\u00a0 urodzenia, 30 lat temu, jest\u00a0 nieprzerwanie rehabilitowany w domu i na turnusach, z powodu nawracaj\u0105cych\u00a0 przykurczy obydwu n\u00f3g i st\u00f3p. Mia\u0142 te\u017c\u00a0 dlatego operacje przed\u0142u\u017cenia \u015bci\u0119gien Achillesa i operacj\u0119\u00a0 biodra z powodu choroby Perthesa. Dzi\u0119ki \u0107wiczeniom, rehabilitacji i operacjom chodzi\u0142,\u00a0 a nawet zdoby\u0142 kilka g\u00f3r, jak Sokolic\u0119 czy Radziejow\u0105. Niestety choroba Perthesa uniemo\u017cliwi\u0142a mu chodzenie\u00a0 i odt\u0105d je\u017adzi na w\u00f3zku inwalidzkim. Ch\u0142opak walczy i \u0107wiczy intensywnie i bardzo chcia\u0142by chodzi\u0107. Wierzymy, \u017ce jego i nasze, rodzic\u00f3w wysi\u0142ki, i rozw\u00f3j medycyny, nam w tym pomog\u0105. Piotr nie m\u00f3wi, ma s\u0142aby wzrok, padaczk\u0119, jest alergikiem i ma jeszcze inne przypad\u0142o\u015bci &#8211; wymaga sta\u0142ej rehabilitacji i wszechstronnego leczenia. Pomimo tego\u00a0 Piotr jest cz\u0142owiekiem, a dla nas &#8211; dzieckiem &#8211; szcz\u0119\u015bliwym, ufnym i przyjacielskim, ciekawym \u015bwiata i ludzi. Rozwija si\u0119 emocjonalnie , intelektualnie a my &#8211; rodzice, z pomoc\u0105 specjalist\u00f3w, walczymy\u00a0 o jego rozw\u00f3j i aby nie utraci\u0107 tego, co ju\u017c uda\u0142o si\u0119 mu osi\u0105gn\u0105\u0107. Nasz syn ma sw\u00f3j\u00a0 \u015bwiat muzyki &#8211; kocha j\u0105 i zawsze cieszy go ka\u017cdy koncert, na kt\u00f3ry uda nam si\u0119 go zabra\u0107. S\u0142ucha muzyki stale i zawsze \u017cywo reaguje na ulubione utwory, co niestety nie zawsze jest mile widziane (np. w filharmonii). Przemawia do niego \u015bwiat architektury, ma jeszcze du\u017ce mo\u017cliwo\u015bci\u00a0 i ukryte talenty. Rehabilitowanie go wymaga sta\u0142ej obecno\u015bci i systematycznej pracy Piotra i nas &#8211;\u00a0 rodzic\u00f3w. A praca ta b\u0119dzie trwa\u0107, dop\u00f3ki b\u0119dziemy mieli si\u0142y, aby to robi\u0107. Mamy nadziej\u0119, \u017ce do ko\u0144ca \u015bwiata &#8211; i jeden dzie\u0144 d\u0142u\u017cej!<\/p><p>Prosimy zatem w imieniu naszego syna, o wp\u0142at\u0119 na sprz\u0119t potrzebny do usprawniania, pomoce edukacyjne, turnusy rehabilitacyjne, leki dla Piotra Micha\u0142a, \u015brodki sanitarne. Powy\u017csze potrzeby to koszt oko\u0142o 30.000 z\u0142 rocznie, a mog\u0105 by\u0107 one w pe\u0142ni zaspokojone tylko dzi\u0119ki ofiarno\u015bci Sponsor\u00f3w. Na wy\u017cej \u00a0wymienione cele wykorzystamy 100% wp\u0142aconych pieni\u0119dzy, zar\u00f3wno z 1,5% podatku, jak i wp\u0142at dfarowizn. Wszystkiego tego mo\u017cna dokona\u0107 poprzez stron\u0119 Fundacji \u201eZd\u0105\u017cy\u0107 z Pomoc\u0105&#8221;.\u00a0<br \/><a href=\"https:\/\/dzieciom.pl\/podopieczni\/8403?_gl=1*nv8cyp*_up*MQ..*_gs*MQ..*_ga*Njk4ODUzOTc5LjE3NzE0MTg5NzE.*_ga_ZKKNVX7SF7*czE3NzE0MTg5NzEkbzEkZzEkdDE3NzE0MTkwMDMkajI4JGwwJGgw&amp;gclid=EAIaIQobChMIoNH_7YnjkgMV1sp5BB09HzNpEAAYASAAEgKt9PD_BwE&amp;gbraid=0AAAAACZkatyMrYonKyj4eKkB484gDkUyv\" target=\"_blank\" rel=\"noopener\"><strong>Link do strony &gt;&gt;<\/strong><\/a><\/p>\t\t\t\t\t\t\t\t<\/div>\n\t\t\t\t<\/div>\n\t\t<div class=\"elementor-element elementor-element-ecc0deb e-con-full e-flex e-con e-child\" data-id=\"ecc0deb\" data-element_type=\"container\" data-e-type=\"container\">\n\t\t\t\t<div class=\"elementor-element elementor-element-53a3d78 elementor-widget elementor-widget-image\" data-id=\"53a3d78\" data-element_type=\"widget\" data-e-type=\"widget\" data-widget_type=\"image.default\">\n\t\t\t\t\t\t\t\t\t\t\t\t\t\t\t<img loading=\"lazy\" decoding=\"async\" width=\"823\" height=\"1024\" src=\"https:\/\/inzynier.rzeszow.pl\/wp-content\/uploads\/2026\/02\/Piotr_Michal_Zielinski_2026-823x1024.webp\" class=\"attachment-large size-large wp-image-4147\" alt=\"\" srcset=\"https:\/\/inzynier.rzeszow.pl\/wp-content\/uploads\/2026\/02\/Piotr_Michal_Zielinski_2026-823x1024.webp 823w, https:\/\/inzynier.rzeszow.pl\/wp-content\/uploads\/2026\/02\/Piotr_Michal_Zielinski_2026-241x300.jpg 241w, https:\/\/inzynier.rzeszow.pl\/wp-content\/uploads\/2026\/02\/Piotr_Michal_Zielinski_2026-768x956.webp 768w, https:\/\/inzynier.rzeszow.pl\/wp-content\/uploads\/2026\/02\/Piotr_Michal_Zielinski_2026-1234x1536.webp 1234w, https:\/\/inzynier.rzeszow.pl\/wp-content\/uploads\/2026\/02\/Piotr_Michal_Zielinski_2026.webp 1444w\" sizes=\"(max-width: 823px) 100vw, 823px\" \/>\t\t\t\t\t\t\t\t\t\t\t\t\t\t\t<\/div>\n\t\t\t\t<\/div>\n\t\t\t\t<\/div>\n\t\t<div class=\"elementor-element elementor-element-52377f1 e-con-full e-flex e-con e-child\" data-id=\"52377f1\" data-element_type=\"container\" data-e-type=\"container\" data-settings=\"{&quot;background_background&quot;:&quot;classic&quot;}\">\n\t\t\t\t<div class=\"elementor-element elementor-element-9a8d042 elementor-widget__width-initial elementor-widget elementor-widget-heading\" data-id=\"9a8d042\" data-element_type=\"widget\" data-e-type=\"widget\" data-widget_type=\"heading.default\">\n\t\t\t\t\t<h1 class=\"elementor-heading-title elementor-size-default\">Pom\u00f3\u017cmy rodzinie Frania - wp\u0142a\u0107 1,5% podatku<\/h1>\t\t\t\t<\/div>\n\t\t\t\t<div class=\"elementor-element elementor-element-c2025e4 elementor-widget__width-initial elementor-widget elementor-widget-heading\" data-id=\"c2025e4\" data-element_type=\"widget\" data-e-type=\"widget\" data-widget_type=\"heading.default\">\n\t\t\t\t\t<h2 class=\"elementor-heading-title elementor-size-default\">2026-01-13<\/h2>\t\t\t\t<\/div>\n\t\t\t\t<\/div>\n\t\t<div class=\"elementor-element elementor-element-f9d2b27 e-con-full e-flex e-con e-child\" data-id=\"f9d2b27\" data-element_type=\"container\" data-e-type=\"container\">\n\t\t<div class=\"elementor-element elementor-element-567e605 e-con-full e-flex e-con e-child\" data-id=\"567e605\" data-element_type=\"container\" data-e-type=\"container\">\n\t\t\t\t<div class=\"elementor-element elementor-element-9abd92c elementor-widget__width-initial elementor-widget elementor-widget-text-editor\" data-id=\"9abd92c\" data-element_type=\"widget\" data-e-type=\"widget\" data-widget_type=\"text-editor.default\">\n\t\t\t\t\t\t\t\t\t<p>Franio ma 4 lata. We wrze\u015bniu 2023 r. zdiagnozowano u niego cukrzyc\u0119 typu 1 &#8211; nieuleczaln\u0105 chorob\u0119 autoimunologiczn\u0105. Oznacza to konieczno\u015b\u0107 podawanie insuliny, ci\u0105g\u0142ej kontroli glikemii oraz ca\u0142odobowego nadzoru aby zapobiega\u0107 gro\u017anym do komplikacji zdrowotnych.\u00a0<br \/>W 2025 roku zdiagnozowano u niego r\u00f3wnie\u017c celiaki\u0119, kt\u00f3ra wymaga \u015bcis\u0142ej do\u017cywotniej diety bezglutenowej.\u00a0<br \/><br \/>Ze wzgl\u0119du na konieczno\u015b\u0107 opieki i dozoru nad zdrowiem Frania mama musia\u0142a zrezygnowa\u0107 z pracy zawodowej co dodatkowo znacz\u0105co komplikuje sytuacj\u0119 finansow\u0105 ca\u0142ej rodziny.<br \/><br \/><strong>nr KRS 0000210978 Franciszek Jarosz<\/strong><\/p>\t\t\t\t\t\t\t\t<\/div>\n\t\t\t\t<\/div>\n\t\t<div class=\"elementor-element elementor-element-6c15b73 e-con-full e-flex e-con e-child\" data-id=\"6c15b73\" data-element_type=\"container\" data-e-type=\"container\">\n\t\t\t\t<div class=\"elementor-element elementor-element-367433d elementor-widget elementor-widget-image\" data-id=\"367433d\" data-element_type=\"widget\" data-e-type=\"widget\" data-widget_type=\"image.default\">\n\t\t\t\t\t\t\t\t\t\t\t\t\t\t\t<img loading=\"lazy\" decoding=\"async\" width=\"724\" height=\"1024\" src=\"https:\/\/inzynier.rzeszow.pl\/wp-content\/uploads\/2026\/03\/Franio_01-2026-724x1024.webp\" class=\"attachment-large size-large wp-image-5544\" alt=\"\" srcset=\"https:\/\/inzynier.rzeszow.pl\/wp-content\/uploads\/2026\/03\/Franio_01-2026-724x1024.webp 724w, https:\/\/inzynier.rzeszow.pl\/wp-content\/uploads\/2026\/03\/Franio_01-2026-212x300.jpg 212w, https:\/\/inzynier.rzeszow.pl\/wp-content\/uploads\/2026\/03\/Franio_01-2026-768x1086.webp 768w, https:\/\/inzynier.rzeszow.pl\/wp-content\/uploads\/2026\/03\/Franio_01-2026-1086x1536.webp 1086w, https:\/\/inzynier.rzeszow.pl\/wp-content\/uploads\/2026\/03\/Franio_01-2026.webp 1131w\" sizes=\"(max-width: 724px) 100vw, 724px\" \/>\t\t\t\t\t\t\t\t\t\t\t\t\t\t\t<\/div>\n\t\t\t\t<\/div>\n\t\t\t\t<\/div>\n\t\t\t\t\t<\/div>\n\t\t\t\t<\/div>\n\t\t\t\t<\/div>\n\t\t","protected":false},"excerpt":{"rendered":"<p>1,5% podatku na pomoc Strona g\u0142\u00f3wna \/ 1,5% podatku na pomoc Przeka\u017c 1.5% podatku na pomoc naszym cz\u0142onkom i ich [&hellip;]<\/p>\n","protected":false},"author":1,"featured_media":0,"parent":0,"menu_order":0,"comment_status":"closed","ping_status":"closed","template":"","meta":{"site-sidebar-layout":"no-sidebar","site-content-layout":"","ast-site-content-layout":"full-width-container","site-content-style":"default","site-sidebar-style":"default","ast-global-header-display":"","ast-banner-title-visibility":"","ast-main-header-display":"","ast-hfb-above-header-display":"","ast-hfb-below-header-display":"","ast-hfb-mobile-header-display":"","site-post-title":"disabled","ast-breadcrumbs-content":"","ast-featured-img":"disabled","footer-sml-layout":"","ast-disable-related-posts":"","theme-transparent-header-meta":"","adv-header-id-meta":"","stick-header-meta":"","header-above-stick-meta":"","header-main-stick-meta":"","header-below-stick-meta":"","astra-migrate-meta-layouts":"default","ast-page-background-enabled":"default","ast-page-background-meta":{"desktop":{"background-color":"var(--ast-global-color-5)","background-image":"","background-repeat":"repeat","background-position":"center center","background-size":"auto","background-attachment":"scroll","background-type":"","background-media":"","overlay-type":"","overlay-color":"","overlay-opacity":"","overlay-gradient":""},"tablet":{"background-color":"","background-image":"","background-repeat":"repeat","background-position":"center center","background-size":"auto","background-attachment":"scroll","background-type":"","background-media":"","overlay-type":"","overlay-color":"","overlay-opacity":"","overlay-gradient":""},"mobile":{"background-color":"","background-image":"","background-repeat":"repeat","background-position":"center center","background-size":"auto","background-attachment":"scroll","background-type":"","background-media":"","overlay-type":"","overlay-color":"","overlay-opacity":"","overlay-gradient":""}},"ast-content-background-meta":{"desktop":{"background-color":"var(--ast-global-color-4)","background-image":"","background-repeat":"repeat","background-position":"center center","background-size":"auto","background-attachment":"scroll","background-type":"","background-media":"","overlay-type":"","overlay-color":"","overlay-opacity":"","overlay-gradient":""},"tablet":{"background-color":"var(--ast-global-color-4)","background-image":"","background-repeat":"repeat","background-position":"center center","background-size":"auto","background-attachment":"scroll","background-type":"","background-media":"","overlay-type":"","overlay-color":"","overlay-opacity":"","overlay-gradient":""},"mobile":{"background-color":"var(--ast-global-color-4)","background-image":"","background-repeat":"repeat","background-position":"center center","background-size":"auto","background-attachment":"scroll","background-type":"","background-media":"","overlay-type":"","overlay-color":"","overlay-opacity":"","overlay-gradient":""}},"footnotes":""},"class_list":["post-828","page","type-page","status-publish","hentry"],"yoast_head":"<!-- This site is optimized with the Yoast SEO plugin v27.5 - https:\/\/yoast.com\/product\/yoast-seo-wordpress\/ -->\n<title>1,5 % podatku - Podkarpacka Okregowa Izba Inzynierow Budownictwa<\/title>\n<meta name=\"description\" content=\"Dowiedz si\u0119, jak 1,5% podatku na pomoc mo\u017ce wspiera\u0107 rehabilitacj\u0119 i leczenie os\u00f3b potrzebuj\u0105cych wsparcia.\" \/>\n<meta name=\"robots\" content=\"index, follow, max-snippet:-1, max-image-preview:large, max-video-preview:-1\" \/>\n<link rel=\"canonical\" href=\"https:\/\/inzynier.rzeszow.pl\/index.php\/15-podatku\/\" \/>\n<meta property=\"og:locale\" content=\"pl_PL\" \/>\n<meta property=\"og:type\" content=\"article\" \/>\n<meta property=\"og:title\" content=\"1,5 % podatku - Podkarpacka Okregowa Izba Inzynierow Budownictwa\" \/>\n<meta property=\"og:description\" content=\"Dowiedz si\u0119, jak 1,5% podatku na pomoc mo\u017ce wspiera\u0107 rehabilitacj\u0119 i leczenie os\u00f3b potrzebuj\u0105cych wsparcia.\" \/>\n<meta property=\"og:url\" content=\"https:\/\/inzynier.rzeszow.pl\/index.php\/15-podatku\/\" \/>\n<meta property=\"og:site_name\" content=\"Podkarpacka Okregowa Izba Inzynierow Budownictwa\" \/>\n<meta property=\"article:modified_time\" content=\"2026-04-09T11:41:31+00:00\" \/>\n<meta property=\"og:image\" content=\"https:\/\/inzynier.rzeszow.pl\/wp-content\/uploads\/2025\/12\/close-up-woman-holding-heart-kopia.jpg\" \/>\n<meta name=\"twitter:card\" content=\"summary_large_image\" \/>\n<meta name=\"twitter:label1\" content=\"Szacowany czas czytania\" \/>\n\t<meta name=\"twitter:data1\" content=\"11 minut\" \/>\n<script type=\"application\/ld+json\" class=\"yoast-schema-graph\">{\"@context\":\"https:\\\/\\\/schema.org\",\"@graph\":[{\"@type\":\"WebPage\",\"@id\":\"https:\\\/\\\/inzynier.rzeszow.pl\\\/index.php\\\/15-podatku\\\/\",\"url\":\"https:\\\/\\\/inzynier.rzeszow.pl\\\/index.php\\\/15-podatku\\\/\",\"name\":\"1,5 % podatku - Podkarpacka Okregowa Izba Inzynierow Budownictwa\",\"isPartOf\":{\"@id\":\"https:\\\/\\\/inzynier.rzeszow.pl\\\/#website\"},\"primaryImageOfPage\":{\"@id\":\"https:\\\/\\\/inzynier.rzeszow.pl\\\/index.php\\\/15-podatku\\\/#primaryimage\"},\"image\":{\"@id\":\"https:\\\/\\\/inzynier.rzeszow.pl\\\/index.php\\\/15-podatku\\\/#primaryimage\"},\"thumbnailUrl\":\"https:\\\/\\\/inzynier.rzeszow.pl\\\/wp-content\\\/uploads\\\/2025\\\/12\\\/close-up-woman-holding-heart-kopia.jpg\",\"datePublished\":\"2025-12-22T17:53:47+00:00\",\"dateModified\":\"2026-04-09T11:41:31+00:00\",\"description\":\"Dowiedz si\u0119, jak 1,5% podatku na pomoc mo\u017ce wspiera\u0107 rehabilitacj\u0119 i leczenie os\u00f3b potrzebuj\u0105cych wsparcia.\",\"breadcrumb\":{\"@id\":\"https:\\\/\\\/inzynier.rzeszow.pl\\\/index.php\\\/15-podatku\\\/#breadcrumb\"},\"inLanguage\":\"pl-PL\",\"potentialAction\":[{\"@type\":\"ReadAction\",\"target\":[\"https:\\\/\\\/inzynier.rzeszow.pl\\\/index.php\\\/15-podatku\\\/\"]}]},{\"@type\":\"ImageObject\",\"inLanguage\":\"pl-PL\",\"@id\":\"https:\\\/\\\/inzynier.rzeszow.pl\\\/index.php\\\/15-podatku\\\/#primaryimage\",\"url\":\"https:\\\/\\\/inzynier.rzeszow.pl\\\/wp-content\\\/uploads\\\/2025\\\/12\\\/close-up-woman-holding-heart-kopia.jpg\",\"contentUrl\":\"https:\\\/\\\/inzynier.rzeszow.pl\\\/wp-content\\\/uploads\\\/2025\\\/12\\\/close-up-woman-holding-heart-kopia.jpg\",\"width\":1350,\"height\":900},{\"@type\":\"BreadcrumbList\",\"@id\":\"https:\\\/\\\/inzynier.rzeszow.pl\\\/index.php\\\/15-podatku\\\/#breadcrumb\",\"itemListElement\":[{\"@type\":\"ListItem\",\"position\":1,\"name\":\"Strona g\u0142\u00f3wna\",\"item\":\"https:\\\/\\\/inzynier.rzeszow.pl\\\/\"},{\"@type\":\"ListItem\",\"position\":2,\"name\":\"1,5 % podatku\"}]},{\"@type\":\"WebSite\",\"@id\":\"https:\\\/\\\/inzynier.rzeszow.pl\\\/#website\",\"url\":\"https:\\\/\\\/inzynier.rzeszow.pl\\\/\",\"name\":\"Podkarpacka Okregowa Izba Inzynierow Budownictwa\",\"description\":\"\",\"potentialAction\":[{\"@type\":\"SearchAction\",\"target\":{\"@type\":\"EntryPoint\",\"urlTemplate\":\"https:\\\/\\\/inzynier.rzeszow.pl\\\/?s={search_term_string}\"},\"query-input\":{\"@type\":\"PropertyValueSpecification\",\"valueRequired\":true,\"valueName\":\"search_term_string\"}}],\"inLanguage\":\"pl-PL\"}]}<\/script>\n<!-- \/ Yoast SEO plugin. -->","yoast_head_json":{"title":"1,5 % podatku - Podkarpacka Okregowa Izba Inzynierow Budownictwa","description":"Dowiedz si\u0119, jak 1,5% podatku na pomoc mo\u017ce wspiera\u0107 rehabilitacj\u0119 i leczenie os\u00f3b potrzebuj\u0105cych wsparcia.","robots":{"index":"index","follow":"follow","max-snippet":"max-snippet:-1","max-image-preview":"max-image-preview:large","max-video-preview":"max-video-preview:-1"},"canonical":"https:\/\/inzynier.rzeszow.pl\/index.php\/15-podatku\/","og_locale":"pl_PL","og_type":"article","og_title":"1,5 % podatku - Podkarpacka Okregowa Izba Inzynierow Budownictwa","og_description":"Dowiedz si\u0119, jak 1,5% podatku na pomoc mo\u017ce wspiera\u0107 rehabilitacj\u0119 i leczenie os\u00f3b potrzebuj\u0105cych wsparcia.","og_url":"https:\/\/inzynier.rzeszow.pl\/index.php\/15-podatku\/","og_site_name":"Podkarpacka Okregowa Izba Inzynierow Budownictwa","article_modified_time":"2026-04-09T11:41:31+00:00","og_image":[{"url":"https:\/\/inzynier.rzeszow.pl\/wp-content\/uploads\/2025\/12\/close-up-woman-holding-heart-kopia.jpg","type":"","width":"","height":""}],"twitter_card":"summary_large_image","twitter_misc":{"Szacowany czas czytania":"11 minut"},"schema":{"@context":"https:\/\/schema.org","@graph":[{"@type":"WebPage","@id":"https:\/\/inzynier.rzeszow.pl\/index.php\/15-podatku\/","url":"https:\/\/inzynier.rzeszow.pl\/index.php\/15-podatku\/","name":"1,5 % podatku - Podkarpacka Okregowa Izba Inzynierow Budownictwa","isPartOf":{"@id":"https:\/\/inzynier.rzeszow.pl\/#website"},"primaryImageOfPage":{"@id":"https:\/\/inzynier.rzeszow.pl\/index.php\/15-podatku\/#primaryimage"},"image":{"@id":"https:\/\/inzynier.rzeszow.pl\/index.php\/15-podatku\/#primaryimage"},"thumbnailUrl":"https:\/\/inzynier.rzeszow.pl\/wp-content\/uploads\/2025\/12\/close-up-woman-holding-heart-kopia.jpg","datePublished":"2025-12-22T17:53:47+00:00","dateModified":"2026-04-09T11:41:31+00:00","description":"Dowiedz si\u0119, jak 1,5% podatku na pomoc mo\u017ce wspiera\u0107 rehabilitacj\u0119 i leczenie os\u00f3b potrzebuj\u0105cych wsparcia.","breadcrumb":{"@id":"https:\/\/inzynier.rzeszow.pl\/index.php\/15-podatku\/#breadcrumb"},"inLanguage":"pl-PL","potentialAction":[{"@type":"ReadAction","target":["https:\/\/inzynier.rzeszow.pl\/index.php\/15-podatku\/"]}]},{"@type":"ImageObject","inLanguage":"pl-PL","@id":"https:\/\/inzynier.rzeszow.pl\/index.php\/15-podatku\/#primaryimage","url":"https:\/\/inzynier.rzeszow.pl\/wp-content\/uploads\/2025\/12\/close-up-woman-holding-heart-kopia.jpg","contentUrl":"https:\/\/inzynier.rzeszow.pl\/wp-content\/uploads\/2025\/12\/close-up-woman-holding-heart-kopia.jpg","width":1350,"height":900},{"@type":"BreadcrumbList","@id":"https:\/\/inzynier.rzeszow.pl\/index.php\/15-podatku\/#breadcrumb","itemListElement":[{"@type":"ListItem","position":1,"name":"Strona g\u0142\u00f3wna","item":"https:\/\/inzynier.rzeszow.pl\/"},{"@type":"ListItem","position":2,"name":"1,5 % podatku"}]},{"@type":"WebSite","@id":"https:\/\/inzynier.rzeszow.pl\/#website","url":"https:\/\/inzynier.rzeszow.pl\/","name":"Podkarpacka Okregowa Izba Inzynierow Budownictwa","description":"","potentialAction":[{"@type":"SearchAction","target":{"@type":"EntryPoint","urlTemplate":"https:\/\/inzynier.rzeszow.pl\/?s={search_term_string}"},"query-input":{"@type":"PropertyValueSpecification","valueRequired":true,"valueName":"search_term_string"}}],"inLanguage":"pl-PL"}]}},"rttpg_featured_image_url":null,"rttpg_author":{"display_name":"admin","author_link":"https:\/\/inzynier.rzeszow.pl\/index.php\/author\/kwojcik\/"},"rttpg_comment":0,"rttpg_category":null,"rttpg_excerpt":"1,5% podatku na pomoc Strona g\u0142\u00f3wna \/ 1,5% podatku na pomoc Przeka\u017c 1.5% podatku na pomoc naszym cz\u0142onkom i ich [&hellip;]","_links":{"self":[{"href":"https:\/\/inzynier.rzeszow.pl\/index.php\/wp-json\/wp\/v2\/pages\/828","targetHints":{"allow":["GET"]}}],"collection":[{"href":"https:\/\/inzynier.rzeszow.pl\/index.php\/wp-json\/wp\/v2\/pages"}],"about":[{"href":"https:\/\/inzynier.rzeszow.pl\/index.php\/wp-json\/wp\/v2\/types\/page"}],"author":[{"embeddable":true,"href":"https:\/\/inzynier.rzeszow.pl\/index.php\/wp-json\/wp\/v2\/users\/1"}],"replies":[{"embeddable":true,"href":"https:\/\/inzynier.rzeszow.pl\/index.php\/wp-json\/wp\/v2\/comments?post=828"}],"version-history":[{"count":36,"href":"https:\/\/inzynier.rzeszow.pl\/index.php\/wp-json\/wp\/v2\/pages\/828\/revisions"}],"predecessor-version":[{"id":8564,"href":"https:\/\/inzynier.rzeszow.pl\/index.php\/wp-json\/wp\/v2\/pages\/828\/revisions\/8564"}],"wp:attachment":[{"href":"https:\/\/inzynier.rzeszow.pl\/index.php\/wp-json\/wp\/v2\/media?parent=828"}],"curies":[{"name":"wp","href":"https:\/\/api.w.org\/{rel}","templated":true}]}}