{"id":749,"date":"2025-12-22T12:42:28","date_gmt":"2025-12-22T12:42:28","guid":{"rendered":"https:\/\/migracja.inzynier.rzeszow.pl\/?page_id=749"},"modified":"2026-03-15T11:29:26","modified_gmt":"2026-03-15T10:29:26","slug":"wycieczki-integracyjne-rok-2025","status":"publish","type":"page","link":"https:\/\/inzynier.rzeszow.pl\/index.php\/wycieczki-integracyjne-rok-2025\/","title":{"rendered":"Wycieczki integracyjne rok 2025"},"content":{"rendered":"\t\t<div data-elementor-type=\"wp-page\" data-elementor-id=\"749\" class=\"elementor elementor-749\" data-elementor-post-type=\"page\">\n\t\t\t\t<div class=\"elementor-element elementor-element-c6ddcf0 e-flex e-con-boxed e-con e-parent\" data-id=\"c6ddcf0\" data-element_type=\"container\" data-e-type=\"container\" data-settings=\"{&quot;background_background&quot;:&quot;classic&quot;}\">\n\t\t\t\t\t<div class=\"e-con-inner\">\n\t\t<div class=\"elementor-element elementor-element-f90288b e-con-full e-flex e-con e-child\" data-id=\"f90288b\" data-element_type=\"container\" data-e-type=\"container\" data-settings=\"{&quot;background_background&quot;:&quot;classic&quot;}\">\n\t\t\t\t<div class=\"elementor-element elementor-element-63fce6b elementor-widget elementor-widget-heading\" data-id=\"63fce6b\" data-element_type=\"widget\" data-e-type=\"widget\" data-widget_type=\"heading.default\">\n\t\t\t\t\t<h1 class=\"elementor-heading-title elementor-size-default\">Wycieczki integracyjne 2025<\/h1>\t\t\t\t<\/div>\n\t\t\t\t<\/div>\n\t\t\t\t\t<\/div>\n\t\t\t\t<\/div>\n\t\t<div class=\"elementor-element elementor-element-b79ae22 e-flex e-con-boxed e-con e-parent\" data-id=\"b79ae22\" data-element_type=\"container\" data-e-type=\"container\">\n\t\t\t\t\t<div class=\"e-con-inner\">\n\t\t\t\t<div class=\"elementor-element elementor-element-7249e99 elementor-widget elementor-widget-text-editor\" data-id=\"7249e99\" data-element_type=\"widget\" data-e-type=\"widget\" data-widget_type=\"text-editor.default\">\n\t\t\t\t\t\t\t\t\t<p><a href=\"https:\/\/inzynier.rzeszow.pl\">Strona g\u0142\u00f3wna <\/a>\/ <a href=\"https:\/\/inzynier.rzeszow.pl\/index.php\/wycieczki\/\">Wycieczki<\/a> \/ <a href=\"https:\/\/inzynier.rzeszow.pl\/index.php\/wycieczki-integracyjne-rok-2025\/\">Rok 2025<\/a><\/p>\t\t\t\t\t\t\t\t<\/div>\n\t\t\t\t\t<\/div>\n\t\t\t\t<\/div>\n\t\t<div class=\"elementor-element elementor-element-0c4e1b1 e-flex e-con-boxed e-con e-parent\" data-id=\"0c4e1b1\" data-element_type=\"container\" data-e-type=\"container\">\n\t\t\t\t\t<div class=\"e-con-inner\">\n\t\t\t\t<div class=\"elementor-element elementor-element-3870ac3 img_hover_animation_img_no_effect readmore-btn-only-text meta-visibility-show title_position_default title_hover_border_default title-default meta_position_default grid-hover-overlay-type-always tpg-el-box-border-enable tpg-border-bottom-disable elementor-widget elementor-widget-tpg-list-layout\" data-id=\"3870ac3\" data-element_type=\"widget\" data-e-type=\"widget\" data-widget_type=\"tpg-list-layout.default\">\n\t\t\t\t<div class=\"elementor-widget-container\">\n\t\t\t\t\t\n        <div class=\"rt-container-fluid rt-tpg-container tpg-el-main-wrapper list-layout1-main \"\n             data-sc-id=\"elementor\"\n             id=\"rt-tpg-container-777095974\"\n             data-layout=\"list-layout1\"\n             data-grid-style=\"tpg-even\"\n             data-el-settings=''\n             data-el-query=''\n             data-el-path=''\n        >\n\t\t\t            <div class='tpg-header-wrapper '>\n\t\t\t\t            <\/div>\n\n            <div data-title=\"Loading ...\" class=\"rt-row rt-content-loader list-layout1 tpg-even list-behaviour list-layout-wrapper\">\n\t\t\t\t\n<div class=\"rt-col-md-12 rt-col-sm-12 rt-col-xs-12 img_no_effect rt-list-item rt-grid-item\" data-id=\"2806\">\n\t<div class=\"rt-holder tpg-post-holder \">\n\t\t<div class=\"rt-detail rt-el-content-wrapper\">\n\t\t\t\t\t\t\t<div class=\"rt-img-holder tpg-el-image-wrap has-thumbnail\">\n\t\t\t\t\t<a data-id=\"2806\" href=\"https:\/\/inzynier.rzeszow.pl\/index.php\/2025\/09\/30\/wietnam-w-terminie-28-29-11-2025-r-13-12-2025-r\/\" class=\"tpg-post-link\" target=\"_self\">                        <img fetchpriority=\"high\" decoding=\"async\" src=\"https:\/\/inzynier.rzeszow.pl\/wp-content\/uploads\/2025\/09\/obraz_2026-01-25_124823039-768x512.png\"\n                             class=\"rt-img-responsive\"\n                             width=\"768\"\n                             height=\"512\"\n                             alt=\"WIETNAM w terminie 28\/29.11.2025 r. &#8211; 13.12.2025 r.\">\n\t\t\t\t\t\t\n\t\t\t\t\t\t\t\n\t\t<\/a>\n\t\t        <div class=\"overlay grid-hover-content\"><\/div>\n\t\t\t\t\t\t<\/div>\n\t\t\t\n\t\t\t<div class=\"post-right-content\">\n\t\t\t\t<div class=\"entry-title-wrapper\"><h3 class=\"entry-title\"><a data-id=\"2806\" href=\"https:\/\/inzynier.rzeszow.pl\/index.php\/2025\/09\/30\/wietnam-w-terminie-28-29-11-2025-r-13-12-2025-r\/\" class=\"tpg-post-link\" target=\"_self\">WIETNAM w terminie 28\/29.11.2025 r. &#8211; 13.12.2025 r.<\/a><\/h3><\/div>\n\t\t\t\t\t\t\t\t\t<div class=\"post-meta-tags rt-el-post-meta\">\n\t\t\t\t\t\t            <span class='date'>\n\t\t\t\t<i class='far fa-calendar-alt '><\/i>\t\t\t\t                    <a href=\"https:\/\/inzynier.rzeszow.pl\/index.php\/2025\/09\/30\/\">\n\t\t\t\t\t30 wrze\u015bnia, 2025\t\t\t\t<\/a>\n\t\t\t\t\t\t\t<\/span>\n\t\t\t\t\t\t\t\t<\/div>\n\t\t\t\t\n\t\t\t\t\t\t\t\t\t<div class=\"tpg-excerpt tpg-el-excerpt\">\n\t\t\t\t\t\t\t\t\t\t\t\t\t<div class=\"tpg-excerpt-inner\">\n\t\t\t\t\t\t\t\tPodkarpacka Okr\u0119gowa Izba In\u017cynier\u00f3w Budownictwa zaprasza czynnych cz\u0142onk\u00f3w wraz z osobami towarzysz\u0105cymi na wycieczk\u0119 do\u00a0WIETNAMU w terminie 28\/29.11.2025 r. &#8211;...\t\t\t\t\t\t\t<\/div>\n\t\t\t\t\t\t\t\t\t\t\t\t\t\t\t\t\t<\/div>\n\t\t\t\t\n\t\t\t\t        <div class=\"post-footer\">\n            <div class=\"post-footer\">\n                <div class=\"read-more\">\n\t\t\t\t\t<a data-id=\"2806\" href=\"https:\/\/inzynier.rzeszow.pl\/index.php\/2025\/09\/30\/wietnam-w-terminie-28-29-11-2025-r-13-12-2025-r\/\" class=\"tpg-post-link\" target=\"_self\">Czytaj wi\u0119cej<\/a>                <\/div>\n            <\/div>\n        <\/div>\n\t\t\t\t\t<\/div>\n\t\t<\/div>\n\t<\/div>\n<\/div>\n\n<div class=\"rt-col-md-12 rt-col-sm-12 rt-col-xs-12 img_no_effect rt-list-item rt-grid-item\" data-id=\"2800\">\n\t<div class=\"rt-holder tpg-post-holder \">\n\t\t<div class=\"rt-detail rt-el-content-wrapper\">\n\t\t\t\t\t\t\t<div class=\"rt-img-holder tpg-el-image-wrap has-thumbnail\">\n\t\t\t\t\t<a data-id=\"2800\" href=\"https:\/\/inzynier.rzeszow.pl\/index.php\/2025\/09\/28\/wyjazd-szlakiem-winnym-na-wegrzech-w-terminie-18-21-09-2025-r\/\" class=\"tpg-post-link\" target=\"_self\">                        <img decoding=\"async\" src=\"https:\/\/inzynier.rzeszow.pl\/wp-content\/uploads\/2025\/09\/obraz_2026-01-25_124626191-768x402.png\"\n                             class=\"rt-img-responsive\"\n                             width=\"768\"\n                             height=\"402\"\n                             alt=\"Wyjazd SZLAKIEM WINNYM NA W\u0118GRZECH w terminie 18 \u2013 21.09.2025 r.\">\n\t\t\t\t\t\t\n\t\t\t\t\t\t\t\n\t\t<\/a>\n\t\t        <div class=\"overlay grid-hover-content\"><\/div>\n\t\t\t\t\t\t<\/div>\n\t\t\t\n\t\t\t<div class=\"post-right-content\">\n\t\t\t\t<div class=\"entry-title-wrapper\"><h3 class=\"entry-title\"><a data-id=\"2800\" href=\"https:\/\/inzynier.rzeszow.pl\/index.php\/2025\/09\/28\/wyjazd-szlakiem-winnym-na-wegrzech-w-terminie-18-21-09-2025-r\/\" class=\"tpg-post-link\" target=\"_self\">Wyjazd SZLAKIEM WINNYM NA W\u0118GRZECH w terminie 18 \u2013 21.09.2025 r.<\/a><\/h3><\/div>\n\t\t\t\t\t\t\t\t\t<div class=\"post-meta-tags rt-el-post-meta\">\n\t\t\t\t\t\t            <span class='date'>\n\t\t\t\t<i class='far fa-calendar-alt '><\/i>\t\t\t\t                    <a href=\"https:\/\/inzynier.rzeszow.pl\/index.php\/2025\/09\/28\/\">\n\t\t\t\t\t28 wrze\u015bnia, 2025\t\t\t\t<\/a>\n\t\t\t\t\t\t\t<\/span>\n\t\t\t\t\t\t\t\t<\/div>\n\t\t\t\t\n\t\t\t\t\t\t\t\t\t<div class=\"tpg-excerpt tpg-el-excerpt\">\n\t\t\t\t\t\t\t\t\t\t\t\t\t<div class=\"tpg-excerpt-inner\">\n\t\t\t\t\t\t\t\tPodkarpacka Okr\u0119gowa Izba In\u017cynier\u00f3w Budownictwa zaprasza wszystkich cz\u0142onk\u00f3w wraz z osobami towarzysz\u0105cymi na wycieczk\u0119\u00a0SZLAKIEM WINNYM NA W\u0118GRZECH, organizowan\u0105 przez BTP...\t\t\t\t\t\t\t<\/div>\n\t\t\t\t\t\t\t\t\t\t\t\t\t\t\t\t\t<\/div>\n\t\t\t\t\n\t\t\t\t        <div class=\"post-footer\">\n            <div class=\"post-footer\">\n                <div class=\"read-more\">\n\t\t\t\t\t<a data-id=\"2800\" href=\"https:\/\/inzynier.rzeszow.pl\/index.php\/2025\/09\/28\/wyjazd-szlakiem-winnym-na-wegrzech-w-terminie-18-21-09-2025-r\/\" class=\"tpg-post-link\" target=\"_self\">Czytaj wi\u0119cej<\/a>                <\/div>\n            <\/div>\n        <\/div>\n\t\t\t\t\t<\/div>\n\t\t<\/div>\n\t<\/div>\n<\/div>\n\n<div class=\"rt-col-md-12 rt-col-sm-12 rt-col-xs-12 img_no_effect rt-list-item rt-grid-item\" data-id=\"2788\">\n\t<div class=\"rt-holder tpg-post-holder \">\n\t\t<div class=\"rt-detail rt-el-content-wrapper\">\n\t\t\t\t\t\t\t<div class=\"rt-img-holder tpg-el-image-wrap has-thumbnail\">\n\t\t\t\t\t<a data-id=\"2788\" href=\"https:\/\/inzynier.rzeszow.pl\/index.php\/2025\/08\/30\/wyjazd-londyn-zmiana-terminu-04-07-09-2025-r\/\" class=\"tpg-post-link\" target=\"_self\">                        <img decoding=\"async\" src=\"https:\/\/inzynier.rzeszow.pl\/wp-content\/uploads\/2025\/08\/obraz_2026-01-25_124201608-768x402.png\"\n                             class=\"rt-img-responsive\"\n                             width=\"768\"\n                             height=\"402\"\n                             alt=\"Wyjazd LONDYN zmiana terminu 04 &#8211; 07.09.2025 r. (*)\">\n\t\t\t\t\t\t\n\t\t\t\t\t\t\t\n\t\t<\/a>\n\t\t        <div class=\"overlay grid-hover-content\"><\/div>\n\t\t\t\t\t\t<\/div>\n\t\t\t\n\t\t\t<div class=\"post-right-content\">\n\t\t\t\t<div class=\"entry-title-wrapper\"><h3 class=\"entry-title\"><a data-id=\"2788\" href=\"https:\/\/inzynier.rzeszow.pl\/index.php\/2025\/08\/30\/wyjazd-londyn-zmiana-terminu-04-07-09-2025-r\/\" class=\"tpg-post-link\" target=\"_self\">Wyjazd LONDYN zmiana terminu 04 &#8211; 07.09.2025 r. (*)<\/a><\/h3><\/div>\n\t\t\t\t\t\t\t\t\t<div class=\"post-meta-tags rt-el-post-meta\">\n\t\t\t\t\t\t            <span class='date'>\n\t\t\t\t<i class='far fa-calendar-alt '><\/i>\t\t\t\t                    <a href=\"https:\/\/inzynier.rzeszow.pl\/index.php\/2025\/08\/30\/\">\n\t\t\t\t\t30 sierpnia, 2025\t\t\t\t<\/a>\n\t\t\t\t\t\t\t<\/span>\n\t\t\t\t\t\t\t\t<\/div>\n\t\t\t\t\n\t\t\t\t\t\t\t\t\t<div class=\"tpg-excerpt tpg-el-excerpt\">\n\t\t\t\t\t\t\t\t\t\t\t\t\t<div class=\"tpg-excerpt-inner\">\n\t\t\t\t\t\t\t\tPodkarpacka Okr\u0119gowa Izba In\u017cynier\u00f3w Budownictwa zaprasza wszystkich cz\u0142onk\u00f3w wraz z osobami towarzysz\u0105cymi na wycieczk\u0119 do\u00a0LONDYNU, organizowan\u0105 przez BTP Frater. \u00a0...\t\t\t\t\t\t\t<\/div>\n\t\t\t\t\t\t\t\t\t\t\t\t\t\t\t\t\t<\/div>\n\t\t\t\t\n\t\t\t\t        <div class=\"post-footer\">\n            <div class=\"post-footer\">\n                <div class=\"read-more\">\n\t\t\t\t\t<a data-id=\"2788\" href=\"https:\/\/inzynier.rzeszow.pl\/index.php\/2025\/08\/30\/wyjazd-londyn-zmiana-terminu-04-07-09-2025-r\/\" class=\"tpg-post-link\" target=\"_self\">Czytaj wi\u0119cej<\/a>                <\/div>\n            <\/div>\n        <\/div>\n\t\t\t\t\t<\/div>\n\t\t<\/div>\n\t<\/div>\n<\/div>\n\n<div class=\"rt-col-md-12 rt-col-sm-12 rt-col-xs-12 img_no_effect rt-list-item rt-grid-item\" data-id=\"2782\">\n\t<div class=\"rt-holder tpg-post-holder \">\n\t\t<div class=\"rt-detail rt-el-content-wrapper\">\n\t\t\t\t\t\t\t<div class=\"rt-img-holder tpg-el-image-wrap has-thumbnail\">\n\t\t\t\t\t<a data-id=\"2782\" href=\"https:\/\/inzynier.rzeszow.pl\/index.php\/2025\/08\/25\/wyjazd-sanatoryjny-swierkowy-zdroj-medical-spa-w-rymanowie-zdroju-18-09-01-10-2025-r\/\" class=\"tpg-post-link\" target=\"_self\">                        <img loading=\"lazy\" decoding=\"async\" src=\"https:\/\/inzynier.rzeszow.pl\/wp-content\/uploads\/2025\/08\/obraz_2026-01-25_124024050.png\"\n                             class=\"rt-img-responsive\"\n                             width=\"476\"\n                             height=\"317\"\n                             alt=\"Wyjazd sanatoryjny \u015awierkowy Zdr\u00f3j Medical Spa w Rymanowie Zdroju &#8211; 18.09-01.10.2025 r.\">\n\t\t\t\t\t\t\n\t\t\t\t\t\t\t\n\t\t<\/a>\n\t\t        <div class=\"overlay grid-hover-content\"><\/div>\n\t\t\t\t\t\t<\/div>\n\t\t\t\n\t\t\t<div class=\"post-right-content\">\n\t\t\t\t<div class=\"entry-title-wrapper\"><h3 class=\"entry-title\"><a data-id=\"2782\" href=\"https:\/\/inzynier.rzeszow.pl\/index.php\/2025\/08\/25\/wyjazd-sanatoryjny-swierkowy-zdroj-medical-spa-w-rymanowie-zdroju-18-09-01-10-2025-r\/\" class=\"tpg-post-link\" target=\"_self\">Wyjazd sanatoryjny \u015awierkowy Zdr\u00f3j Medical Spa w Rymanowie Zdroju &#8211; 18.09-01.10.2025 r.<\/a><\/h3><\/div>\n\t\t\t\t\t\t\t\t\t<div class=\"post-meta-tags rt-el-post-meta\">\n\t\t\t\t\t\t            <span class='date'>\n\t\t\t\t<i class='far fa-calendar-alt '><\/i>\t\t\t\t                    <a href=\"https:\/\/inzynier.rzeszow.pl\/index.php\/2025\/08\/25\/\">\n\t\t\t\t\t25 sierpnia, 2025\t\t\t\t<\/a>\n\t\t\t\t\t\t\t<\/span>\n\t\t\t\t\t\t\t\t<\/div>\n\t\t\t\t\n\t\t\t\t\t\t\t\t\t<div class=\"tpg-excerpt tpg-el-excerpt\">\n\t\t\t\t\t\t\t\t\t\t\t\t\t<div class=\"tpg-excerpt-inner\">\n\t\t\t\t\t\t\t\tWyjazd sanatoryjny \u015awierkowy Zdr\u00f3j Medical Spa w Rymanowie Zdroju &#8211; 18.09-01.10.2025 r. &#8211; przed\u0142u\u017cony termin sk\u0142adania wniosk\u00f3w do 31.03.2025 r...\t\t\t\t\t\t\t<\/div>\n\t\t\t\t\t\t\t\t\t\t\t\t\t\t\t\t\t<\/div>\n\t\t\t\t\n\t\t\t\t        <div class=\"post-footer\">\n            <div class=\"post-footer\">\n                <div class=\"read-more\">\n\t\t\t\t\t<a data-id=\"2782\" href=\"https:\/\/inzynier.rzeszow.pl\/index.php\/2025\/08\/25\/wyjazd-sanatoryjny-swierkowy-zdroj-medical-spa-w-rymanowie-zdroju-18-09-01-10-2025-r\/\" class=\"tpg-post-link\" target=\"_self\">Czytaj wi\u0119cej<\/a>                <\/div>\n            <\/div>\n        <\/div>\n\t\t\t\t\t<\/div>\n\t\t<\/div>\n\t<\/div>\n<\/div>\n\n<div class=\"rt-col-md-12 rt-col-sm-12 rt-col-xs-12 img_no_effect rt-list-item rt-grid-item\" data-id=\"2815\">\n\t<div class=\"rt-holder tpg-post-holder \">\n\t\t<div class=\"rt-detail rt-el-content-wrapper\">\n\t\t\t\t\t\t\t<div class=\"rt-img-holder tpg-el-image-wrap has-thumbnail\">\n\t\t\t\t\t<a data-id=\"2815\" href=\"https:\/\/inzynier.rzeszow.pl\/index.php\/2025\/08\/17\/wyjazd-techniczny-na-budowe-drogi-ekspresowej-s19-na-odcinku-wezel-babica-jawornik\/\" class=\"tpg-post-link\" target=\"_self\">                        <img loading=\"lazy\" decoding=\"async\" src=\"https:\/\/inzynier.rzeszow.pl\/wp-content\/uploads\/2025\/08\/obraz_2026-01-25_125031564-768x402.png\"\n                             class=\"rt-img-responsive\"\n                             width=\"768\"\n                             height=\"402\"\n                             alt=\"Wyjazd techniczny na budow\u0119 drogi ekspresowej S19 na odcinku w\u0119ze\u0142 Babica \u2013 Jawornik\">\n\t\t\t\t\t\t\n\t\t\t\t\t\t\t\n\t\t<\/a>\n\t\t        <div class=\"overlay grid-hover-content\"><\/div>\n\t\t\t\t\t\t<\/div>\n\t\t\t\n\t\t\t<div class=\"post-right-content\">\n\t\t\t\t<div class=\"entry-title-wrapper\"><h3 class=\"entry-title\"><a data-id=\"2815\" href=\"https:\/\/inzynier.rzeszow.pl\/index.php\/2025\/08\/17\/wyjazd-techniczny-na-budowe-drogi-ekspresowej-s19-na-odcinku-wezel-babica-jawornik\/\" class=\"tpg-post-link\" target=\"_self\">Wyjazd techniczny na budow\u0119 drogi ekspresowej S19 na odcinku w\u0119ze\u0142 Babica \u2013 Jawornik<\/a><\/h3><\/div>\n\t\t\t\t\t\t\t\t\t<div class=\"post-meta-tags rt-el-post-meta\">\n\t\t\t\t\t\t            <span class='date'>\n\t\t\t\t<i class='far fa-calendar-alt '><\/i>\t\t\t\t                    <a href=\"https:\/\/inzynier.rzeszow.pl\/index.php\/2025\/08\/17\/\">\n\t\t\t\t\t17 sierpnia, 2025\t\t\t\t<\/a>\n\t\t\t\t\t\t\t<\/span>\n\t\t\t\t\t\t\t\t<\/div>\n\t\t\t\t\n\t\t\t\t\t\t\t\t\t<div class=\"tpg-excerpt tpg-el-excerpt\">\n\t\t\t\t\t\t\t\t\t\t\t\t\t<div class=\"tpg-excerpt-inner\">\n\t\t\t\t\t\t\t\tPodkarpacka Okr\u0119gowa Izba In\u017cynier\u00f3w Budownictwa\u00a0zaprasza czynnych cz\u0142onk\u00f3w PDK OIIB do udzia\u0142u w wyje\u017adzie technicznym na budow\u0119 drogi ekspresowej S19 na...\t\t\t\t\t\t\t<\/div>\n\t\t\t\t\t\t\t\t\t\t\t\t\t\t\t\t\t<\/div>\n\t\t\t\t\n\t\t\t\t        <div class=\"post-footer\">\n            <div class=\"post-footer\">\n                <div class=\"read-more\">\n\t\t\t\t\t<a data-id=\"2815\" href=\"https:\/\/inzynier.rzeszow.pl\/index.php\/2025\/08\/17\/wyjazd-techniczny-na-budowe-drogi-ekspresowej-s19-na-odcinku-wezel-babica-jawornik\/\" class=\"tpg-post-link\" target=\"_self\">Czytaj wi\u0119cej<\/a>                <\/div>\n            <\/div>\n        <\/div>\n\t\t\t\t\t<\/div>\n\t\t<\/div>\n\t<\/div>\n<\/div>\n\n<div class=\"rt-col-md-12 rt-col-sm-12 rt-col-xs-12 img_no_effect rt-list-item rt-grid-item\" data-id=\"2794\">\n\t<div class=\"rt-holder tpg-post-holder \">\n\t\t<div class=\"rt-detail rt-el-content-wrapper\">\n\t\t\t\t\t\t\t<div class=\"rt-img-holder tpg-el-image-wrap has-thumbnail\">\n\t\t\t\t\t<a data-id=\"2794\" href=\"https:\/\/inzynier.rzeszow.pl\/index.php\/2025\/08\/12\/wyjazd-barcelona-w-terminie-08-12-10-2025-r\/\" class=\"tpg-post-link\" target=\"_self\">                        <img loading=\"lazy\" decoding=\"async\" src=\"https:\/\/inzynier.rzeszow.pl\/wp-content\/uploads\/2025\/08\/obraz_2026-01-25_124411839-768x402.png\"\n                             class=\"rt-img-responsive\"\n                             width=\"768\"\n                             height=\"402\"\n                             alt=\"Wyjazd BARCELONA w terminie 08 \u2013 12.10.2025 r.\">\n\t\t\t\t\t\t\n\t\t\t\t\t\t\t\n\t\t<\/a>\n\t\t        <div class=\"overlay grid-hover-content\"><\/div>\n\t\t\t\t\t\t<\/div>\n\t\t\t\n\t\t\t<div class=\"post-right-content\">\n\t\t\t\t<div class=\"entry-title-wrapper\"><h3 class=\"entry-title\"><a data-id=\"2794\" href=\"https:\/\/inzynier.rzeszow.pl\/index.php\/2025\/08\/12\/wyjazd-barcelona-w-terminie-08-12-10-2025-r\/\" class=\"tpg-post-link\" target=\"_self\">Wyjazd BARCELONA w terminie 08 \u2013 12.10.2025 r.<\/a><\/h3><\/div>\n\t\t\t\t\t\t\t\t\t<div class=\"post-meta-tags rt-el-post-meta\">\n\t\t\t\t\t\t            <span class='date'>\n\t\t\t\t<i class='far fa-calendar-alt '><\/i>\t\t\t\t                    <a href=\"https:\/\/inzynier.rzeszow.pl\/index.php\/2025\/08\/12\/\">\n\t\t\t\t\t12 sierpnia, 2025\t\t\t\t<\/a>\n\t\t\t\t\t\t\t<\/span>\n\t\t\t\t\t\t\t\t<\/div>\n\t\t\t\t\n\t\t\t\t\t\t\t\t\t<div class=\"tpg-excerpt tpg-el-excerpt\">\n\t\t\t\t\t\t\t\t\t\t\t\t\t<div class=\"tpg-excerpt-inner\">\n\t\t\t\t\t\t\t\tPodkarpacka Okr\u0119gowa Izba In\u017cynier\u00f3w Budownictwa zaprasza wszystkich cz\u0142onk\u00f3w wraz z osobami towarzysz\u0105cymi na wycieczk\u0119 do\u00a0BARCELONY, organizowan\u0105 przez BTP Frater. Nab\u00f3r...\t\t\t\t\t\t\t<\/div>\n\t\t\t\t\t\t\t\t\t\t\t\t\t\t\t\t\t<\/div>\n\t\t\t\t\n\t\t\t\t        <div class=\"post-footer\">\n            <div class=\"post-footer\">\n                <div class=\"read-more\">\n\t\t\t\t\t<a data-id=\"2794\" href=\"https:\/\/inzynier.rzeszow.pl\/index.php\/2025\/08\/12\/wyjazd-barcelona-w-terminie-08-12-10-2025-r\/\" class=\"tpg-post-link\" target=\"_self\">Czytaj wi\u0119cej<\/a>                <\/div>\n            <\/div>\n        <\/div>\n\t\t\t\t\t<\/div>\n\t\t<\/div>\n\t<\/div>\n<\/div>\n\n<div class=\"rt-col-md-12 rt-col-sm-12 rt-col-xs-12 img_no_effect rt-list-item rt-grid-item\" data-id=\"2776\">\n\t<div class=\"rt-holder tpg-post-holder \">\n\t\t<div class=\"rt-detail rt-el-content-wrapper\">\n\t\t\t\t\t\t\t<div class=\"rt-img-holder tpg-el-image-wrap has-thumbnail\">\n\t\t\t\t\t<a data-id=\"2776\" href=\"https:\/\/inzynier.rzeszow.pl\/index.php\/2025\/07\/21\/wyjazd-sanatoryjny-osrodek-bristol-art-medical-spa-w-busku-zdroju-5-17-09-2025-r\/\" class=\"tpg-post-link\" target=\"_self\">                        <img loading=\"lazy\" decoding=\"async\" src=\"https:\/\/inzynier.rzeszow.pl\/wp-content\/uploads\/2026\/01\/obraz_2026-01-25_123616828.png\"\n                             class=\"rt-img-responsive\"\n                             width=\"680\"\n                             height=\"453\"\n                             alt=\"Wyjazd sanatoryjny O\u015brodek Bristol Art &#038; Medical Spa w Busku Zdroju &#8211; 5-17.09.2025 r.\">\n\t\t\t\t\t\t\n\t\t\t\t\t\t\t\n\t\t<\/a>\n\t\t        <div class=\"overlay grid-hover-content\"><\/div>\n\t\t\t\t\t\t<\/div>\n\t\t\t\n\t\t\t<div class=\"post-right-content\">\n\t\t\t\t<div class=\"entry-title-wrapper\"><h3 class=\"entry-title\"><a data-id=\"2776\" href=\"https:\/\/inzynier.rzeszow.pl\/index.php\/2025\/07\/21\/wyjazd-sanatoryjny-osrodek-bristol-art-medical-spa-w-busku-zdroju-5-17-09-2025-r\/\" class=\"tpg-post-link\" target=\"_self\">Wyjazd sanatoryjny O\u015brodek Bristol Art &#038; Medical Spa w Busku Zdroju &#8211; 5-17.09.2025 r.<\/a><\/h3><\/div>\n\t\t\t\t\t\t\t\t\t<div class=\"post-meta-tags rt-el-post-meta\">\n\t\t\t\t\t\t            <span class='date'>\n\t\t\t\t<i class='far fa-calendar-alt '><\/i>\t\t\t\t                    <a href=\"https:\/\/inzynier.rzeszow.pl\/index.php\/2025\/07\/21\/\">\n\t\t\t\t\t21 lipca, 2025\t\t\t\t<\/a>\n\t\t\t\t\t\t\t<\/span>\n\t\t\t\t\t\t\t\t<\/div>\n\t\t\t\t\n\t\t\t\t\t\t\t\t\t<div class=\"tpg-excerpt tpg-el-excerpt\">\n\t\t\t\t\t\t\t\t\t\t\t\t\t<div class=\"tpg-excerpt-inner\">\n\t\t\t\t\t\t\t\tWyjazd sanatoryjny O\u015brodek Bristol Art &amp; Medical Spa w Busku Zdroju &#8211; 5-17.09.2025 r. &#8211; przed\u0142u\u017cony termin sk\u0142adania wniosk\u00f3w do...\t\t\t\t\t\t\t<\/div>\n\t\t\t\t\t\t\t\t\t\t\t\t\t\t\t\t\t<\/div>\n\t\t\t\t\n\t\t\t\t        <div class=\"post-footer\">\n            <div class=\"post-footer\">\n                <div class=\"read-more\">\n\t\t\t\t\t<a data-id=\"2776\" href=\"https:\/\/inzynier.rzeszow.pl\/index.php\/2025\/07\/21\/wyjazd-sanatoryjny-osrodek-bristol-art-medical-spa-w-busku-zdroju-5-17-09-2025-r\/\" class=\"tpg-post-link\" target=\"_self\">Czytaj wi\u0119cej<\/a>                <\/div>\n            <\/div>\n        <\/div>\n\t\t\t\t\t<\/div>\n\t\t<\/div>\n\t<\/div>\n<\/div>\n\n<div class=\"rt-col-md-12 rt-col-sm-12 rt-col-xs-12 img_no_effect rt-list-item rt-grid-item\" data-id=\"2756\">\n\t<div class=\"rt-holder tpg-post-holder \">\n\t\t<div class=\"rt-detail rt-el-content-wrapper\">\n\t\t\t\t\t\t\t<div class=\"rt-img-holder tpg-el-image-wrap has-thumbnail\">\n\t\t\t\t\t<a data-id=\"2756\" href=\"https:\/\/inzynier.rzeszow.pl\/index.php\/2025\/02\/02\/rajd-rowerowy-rzeszow-czestochowa-w-terminie-03-06-08-2025-r\/\" class=\"tpg-post-link\" target=\"_self\">                        <img loading=\"lazy\" decoding=\"async\" src=\"https:\/\/inzynier.rzeszow.pl\/wp-content\/uploads\/2025\/02\/obraz_2026-01-25_122909367-768x422.png\"\n                             class=\"rt-img-responsive\"\n                             width=\"768\"\n                             height=\"422\"\n                             alt=\"Rajd rowerowy Rzesz\u00f3w &#8211; Cz\u0119stochowa w terminie 03-06.08.2025 r.\">\n\t\t\t\t\t\t\n\t\t\t\t\t\t\t\n\t\t<\/a>\n\t\t        <div class=\"overlay grid-hover-content\"><\/div>\n\t\t\t\t\t\t<\/div>\n\t\t\t\n\t\t\t<div class=\"post-right-content\">\n\t\t\t\t<div class=\"entry-title-wrapper\"><h3 class=\"entry-title\"><a data-id=\"2756\" href=\"https:\/\/inzynier.rzeszow.pl\/index.php\/2025\/02\/02\/rajd-rowerowy-rzeszow-czestochowa-w-terminie-03-06-08-2025-r\/\" class=\"tpg-post-link\" target=\"_self\">Rajd rowerowy Rzesz\u00f3w &#8211; Cz\u0119stochowa w terminie 03-06.08.2025 r.<\/a><\/h3><\/div>\n\t\t\t\t\t\t\t\t\t<div class=\"post-meta-tags rt-el-post-meta\">\n\t\t\t\t\t\t            <span class='date'>\n\t\t\t\t<i class='far fa-calendar-alt '><\/i>\t\t\t\t                    <a href=\"https:\/\/inzynier.rzeszow.pl\/index.php\/2025\/02\/02\/\">\n\t\t\t\t\t2 lutego, 2025\t\t\t\t<\/a>\n\t\t\t\t\t\t\t<\/span>\n\t\t\t\t\t\t\t\t<\/div>\n\t\t\t\t\n\t\t\t\t\t\t\t\t\t<div class=\"tpg-excerpt tpg-el-excerpt\">\n\t\t\t\t\t\t\t\t\t\t\t\t\t<div class=\"tpg-excerpt-inner\">\n\t\t\t\t\t\t\t\tPodkarpacka Okr\u0119gowa Izba In\u017cynier\u00f3w Budownictwa zaprasza\u00a0czynnych cz\u0142onk\u00f3w PDK OIIB wraz z rodzinami do udzia\u0142u w rajdzie rowerowym Rzesz\u00f3w-Cz\u0119stochowa. Celem nadrz\u0119dnym...\t\t\t\t\t\t\t<\/div>\n\t\t\t\t\t\t\t\t\t\t\t\t\t\t\t\t\t<\/div>\n\t\t\t\t\n\t\t\t\t        <div class=\"post-footer\">\n            <div class=\"post-footer\">\n                <div class=\"read-more\">\n\t\t\t\t\t<a data-id=\"2756\" href=\"https:\/\/inzynier.rzeszow.pl\/index.php\/2025\/02\/02\/rajd-rowerowy-rzeszow-czestochowa-w-terminie-03-06-08-2025-r\/\" class=\"tpg-post-link\" target=\"_self\">Czytaj wi\u0119cej<\/a>                <\/div>\n            <\/div>\n        <\/div>\n\t\t\t\t\t<\/div>\n\t\t<\/div>\n\t<\/div>\n<\/div>\n\n<div class=\"rt-col-md-12 rt-col-sm-12 rt-col-xs-12 img_no_effect rt-list-item rt-grid-item\" data-id=\"2750\">\n\t<div class=\"rt-holder tpg-post-holder \">\n\t\t<div class=\"rt-detail rt-el-content-wrapper\">\n\t\t\t\t\t\t\t<div class=\"rt-img-holder tpg-el-image-wrap has-thumbnail\">\n\t\t\t\t\t<a data-id=\"2750\" href=\"https:\/\/inzynier.rzeszow.pl\/index.php\/2025\/01\/29\/wycieczka-na-narty-wlochy-val-di-sole-autokar-samolot-marzec-2025-r\/\" class=\"tpg-post-link\" target=\"_self\">                        <img loading=\"lazy\" decoding=\"async\" src=\"https:\/\/inzynier.rzeszow.pl\/wp-content\/uploads\/2025\/01\/obraz_2026-01-25_122008644-768x422.png\"\n                             class=\"rt-img-responsive\"\n                             width=\"768\"\n                             height=\"422\"\n                             alt=\"Wycieczka na narty W\u0142ochy &#8211; Val di Sole &#8211; autokar, samolot &#8211; marzec 2025 r.\">\n\t\t\t\t\t\t\n\t\t\t\t\t\t\t\n\t\t<\/a>\n\t\t        <div class=\"overlay grid-hover-content\"><\/div>\n\t\t\t\t\t\t<\/div>\n\t\t\t\n\t\t\t<div class=\"post-right-content\">\n\t\t\t\t<div class=\"entry-title-wrapper\"><h3 class=\"entry-title\"><a data-id=\"2750\" href=\"https:\/\/inzynier.rzeszow.pl\/index.php\/2025\/01\/29\/wycieczka-na-narty-wlochy-val-di-sole-autokar-samolot-marzec-2025-r\/\" class=\"tpg-post-link\" target=\"_self\">Wycieczka na narty W\u0142ochy &#8211; Val di Sole &#8211; autokar, samolot &#8211; marzec 2025 r.<\/a><\/h3><\/div>\n\t\t\t\t\t\t\t\t\t<div class=\"post-meta-tags rt-el-post-meta\">\n\t\t\t\t\t\t            <span class='date'>\n\t\t\t\t<i class='far fa-calendar-alt '><\/i>\t\t\t\t                    <a href=\"https:\/\/inzynier.rzeszow.pl\/index.php\/2025\/01\/29\/\">\n\t\t\t\t\t29 stycznia, 2025\t\t\t\t<\/a>\n\t\t\t\t\t\t\t<\/span>\n\t\t\t\t\t\t\t\t<\/div>\n\t\t\t\t\n\t\t\t\t\t\t\t\t\t<div class=\"tpg-excerpt tpg-el-excerpt\">\n\t\t\t\t\t\t\t\t\t\t\t\t\t<div class=\"tpg-excerpt-inner\">\n\t\t\t\t\t\t\t\tPodkarpacka Okr\u0119gowa Izba In\u017cynier\u00f3w Budownictwa informuje o przed\u0142u\u017ceniu naboru sk\u0142adania wniosk\u00f3w o dofinansowanie na wyjazd na narty &#8211; W\u0142ochy &#8211;...\t\t\t\t\t\t\t<\/div>\n\t\t\t\t\t\t\t\t\t\t\t\t\t\t\t\t\t<\/div>\n\t\t\t\t\n\t\t\t\t        <div class=\"post-footer\">\n            <div class=\"post-footer\">\n                <div class=\"read-more\">\n\t\t\t\t\t<a data-id=\"2750\" href=\"https:\/\/inzynier.rzeszow.pl\/index.php\/2025\/01\/29\/wycieczka-na-narty-wlochy-val-di-sole-autokar-samolot-marzec-2025-r\/\" class=\"tpg-post-link\" target=\"_self\">Czytaj wi\u0119cej<\/a>                <\/div>\n            <\/div>\n        <\/div>\n\t\t\t\t\t<\/div>\n\t\t<\/div>\n\t<\/div>\n<\/div>\n            <\/div>\n\n\t\t\t\n        <\/div>\n\t\t\t\t\t\t<\/div>\n\t\t\t\t<\/div>\n\t\t\t\t\t<\/div>\n\t\t\t\t<\/div>\n\t\t\t\t<\/div>\n\t\t","protected":false},"excerpt":{"rendered":"<p>Wycieczki integracyjne 2025 Strona g\u0142\u00f3wna \/ Wycieczki \/ Rok 2025 WIETNAM w terminie 28\/29.11.2025 r. &#8211; 13.12.2025 r. 30 wrze\u015bnia, [&hellip;]<\/p>\n","protected":false},"author":1,"featured_media":0,"parent":0,"menu_order":0,"comment_status":"closed","ping_status":"closed","template":"","meta":{"site-sidebar-layout":"no-sidebar","site-content-layout":"","ast-site-content-layout":"full-width-container","site-content-style":"default","site-sidebar-style":"default","ast-global-header-display":"","ast-banner-title-visibility":"","ast-main-header-display":"","ast-hfb-above-header-display":"","ast-hfb-below-header-display":"","ast-hfb-mobile-header-display":"","site-post-title":"disabled","ast-breadcrumbs-content":"","ast-featured-img":"disabled","footer-sml-layout":"","ast-disable-related-posts":"","theme-transparent-header-meta":"","adv-header-id-meta":"","stick-header-meta":"","header-above-stick-meta":"","header-main-stick-meta":"","header-below-stick-meta":"","astra-migrate-meta-layouts":"default","ast-page-background-enabled":"default","ast-page-background-meta":{"desktop":{"background-color":"var(--ast-global-color-5)","background-image":"","background-repeat":"repeat","background-position":"center center","background-size":"auto","background-attachment":"scroll","background-type":"","background-media":"","overlay-type":"","overlay-color":"","overlay-opacity":"","overlay-gradient":""},"tablet":{"background-color":"","background-image":"","background-repeat":"repeat","background-position":"center center","background-size":"auto","background-attachment":"scroll","background-type":"","background-media":"","overlay-type":"","overlay-color":"","overlay-opacity":"","overlay-gradient":""},"mobile":{"background-color":"","background-image":"","background-repeat":"repeat","background-position":"center center","background-size":"auto","background-attachment":"scroll","background-type":"","background-media":"","overlay-type":"","overlay-color":"","overlay-opacity":"","overlay-gradient":""}},"ast-content-background-meta":{"desktop":{"background-color":"var(--ast-global-color-4)","background-image":"","background-repeat":"repeat","background-position":"center center","background-size":"auto","background-attachment":"scroll","background-type":"","background-media":"","overlay-type":"","overlay-color":"","overlay-opacity":"","overlay-gradient":""},"tablet":{"background-color":"var(--ast-global-color-4)","background-image":"","background-repeat":"repeat","background-position":"center center","background-size":"auto","background-attachment":"scroll","background-type":"","background-media":"","overlay-type":"","overlay-color":"","overlay-opacity":"","overlay-gradient":""},"mobile":{"background-color":"var(--ast-global-color-4)","background-image":"","background-repeat":"repeat","background-position":"center center","background-size":"auto","background-attachment":"scroll","background-type":"","background-media":"","overlay-type":"","overlay-color":"","overlay-opacity":"","overlay-gradient":""}},"footnotes":""},"class_list":["post-749","page","type-page","status-publish","hentry"],"yoast_head":"<!-- This site is optimized with the Yoast SEO plugin v27.5 - https:\/\/yoast.com\/product\/yoast-seo-wordpress\/ -->\n<title>Wycieczki integracyjne rok 2025 - Podkarpacka Okregowa Izba Inzynierow Budownictwa<\/title>\n<meta name=\"description\" content=\"Wycieczki integracyjne PDK OIIB w 2025 roku \u2013 planowane wydarzenia rekreacyjne dla cz\u0142onk\u00f3w Podkarpackiej Izby In\u017cynier\u00f3w Budownictwa.\" \/>\n<meta name=\"robots\" content=\"index, follow, max-snippet:-1, max-image-preview:large, max-video-preview:-1\" \/>\n<link rel=\"canonical\" href=\"https:\/\/inzynier.rzeszow.pl\/index.php\/wycieczki-integracyjne-rok-2025\/\" \/>\n<meta property=\"og:locale\" content=\"pl_PL\" \/>\n<meta property=\"og:type\" content=\"article\" \/>\n<meta property=\"og:title\" content=\"Wycieczki integracyjne rok 2025 - Podkarpacka Okregowa Izba Inzynierow Budownictwa\" \/>\n<meta property=\"og:description\" content=\"Wycieczki integracyjne PDK OIIB w 2025 roku \u2013 planowane wydarzenia rekreacyjne dla cz\u0142onk\u00f3w Podkarpackiej Izby In\u017cynier\u00f3w Budownictwa.\" \/>\n<meta property=\"og:url\" content=\"https:\/\/inzynier.rzeszow.pl\/index.php\/wycieczki-integracyjne-rok-2025\/\" \/>\n<meta property=\"og:site_name\" content=\"Podkarpacka Okregowa Izba Inzynierow Budownictwa\" \/>\n<meta property=\"article:modified_time\" content=\"2026-03-15T10:29:26+00:00\" \/>\n<meta property=\"og:image\" content=\"https:\/\/inzynier.rzeszow.pl\/wp-content\/uploads\/2025\/09\/obraz_2026-01-25_124823039-768x512.png\" \/>\n<meta name=\"twitter:card\" content=\"summary_large_image\" \/>\n<meta name=\"twitter:label1\" content=\"Szacowany czas czytania\" \/>\n\t<meta name=\"twitter:data1\" content=\"7 minut\" \/>\n<script type=\"application\/ld+json\" class=\"yoast-schema-graph\">{\"@context\":\"https:\\\/\\\/schema.org\",\"@graph\":[{\"@type\":\"WebPage\",\"@id\":\"https:\\\/\\\/inzynier.rzeszow.pl\\\/index.php\\\/wycieczki-integracyjne-rok-2025\\\/\",\"url\":\"https:\\\/\\\/inzynier.rzeszow.pl\\\/index.php\\\/wycieczki-integracyjne-rok-2025\\\/\",\"name\":\"Wycieczki integracyjne rok 2025 - Podkarpacka Okregowa Izba Inzynierow Budownictwa\",\"isPartOf\":{\"@id\":\"https:\\\/\\\/inzynier.rzeszow.pl\\\/#website\"},\"primaryImageOfPage\":{\"@id\":\"https:\\\/\\\/inzynier.rzeszow.pl\\\/index.php\\\/wycieczki-integracyjne-rok-2025\\\/#primaryimage\"},\"image\":{\"@id\":\"https:\\\/\\\/inzynier.rzeszow.pl\\\/index.php\\\/wycieczki-integracyjne-rok-2025\\\/#primaryimage\"},\"thumbnailUrl\":\"https:\\\/\\\/inzynier.rzeszow.pl\\\/wp-content\\\/uploads\\\/2025\\\/09\\\/obraz_2026-01-25_124823039-768x512.png\",\"datePublished\":\"2025-12-22T12:42:28+00:00\",\"dateModified\":\"2026-03-15T10:29:26+00:00\",\"description\":\"Wycieczki integracyjne PDK OIIB w 2025 roku \u2013 planowane wydarzenia rekreacyjne dla cz\u0142onk\u00f3w Podkarpackiej Izby In\u017cynier\u00f3w Budownictwa.\",\"breadcrumb\":{\"@id\":\"https:\\\/\\\/inzynier.rzeszow.pl\\\/index.php\\\/wycieczki-integracyjne-rok-2025\\\/#breadcrumb\"},\"inLanguage\":\"pl-PL\",\"potentialAction\":[{\"@type\":\"ReadAction\",\"target\":[\"https:\\\/\\\/inzynier.rzeszow.pl\\\/index.php\\\/wycieczki-integracyjne-rok-2025\\\/\"]}]},{\"@type\":\"ImageObject\",\"inLanguage\":\"pl-PL\",\"@id\":\"https:\\\/\\\/inzynier.rzeszow.pl\\\/index.php\\\/wycieczki-integracyjne-rok-2025\\\/#primaryimage\",\"url\":\"https:\\\/\\\/inzynier.rzeszow.pl\\\/wp-content\\\/uploads\\\/2025\\\/09\\\/obraz_2026-01-25_124823039.png\",\"contentUrl\":\"https:\\\/\\\/inzynier.rzeszow.pl\\\/wp-content\\\/uploads\\\/2025\\\/09\\\/obraz_2026-01-25_124823039.png\",\"width\":1200,\"height\":800},{\"@type\":\"BreadcrumbList\",\"@id\":\"https:\\\/\\\/inzynier.rzeszow.pl\\\/index.php\\\/wycieczki-integracyjne-rok-2025\\\/#breadcrumb\",\"itemListElement\":[{\"@type\":\"ListItem\",\"position\":1,\"name\":\"Strona g\u0142\u00f3wna\",\"item\":\"https:\\\/\\\/inzynier.rzeszow.pl\\\/\"},{\"@type\":\"ListItem\",\"position\":2,\"name\":\"Wycieczki integracyjne rok 2025\"}]},{\"@type\":\"WebSite\",\"@id\":\"https:\\\/\\\/inzynier.rzeszow.pl\\\/#website\",\"url\":\"https:\\\/\\\/inzynier.rzeszow.pl\\\/\",\"name\":\"Podkarpacka Okregowa Izba Inzynierow Budownictwa\",\"description\":\"\",\"potentialAction\":[{\"@type\":\"SearchAction\",\"target\":{\"@type\":\"EntryPoint\",\"urlTemplate\":\"https:\\\/\\\/inzynier.rzeszow.pl\\\/?s={search_term_string}\"},\"query-input\":{\"@type\":\"PropertyValueSpecification\",\"valueRequired\":true,\"valueName\":\"search_term_string\"}}],\"inLanguage\":\"pl-PL\"}]}<\/script>\n<!-- \/ Yoast SEO plugin. -->","yoast_head_json":{"title":"Wycieczki integracyjne rok 2025 - Podkarpacka Okregowa Izba Inzynierow Budownictwa","description":"Wycieczki integracyjne PDK OIIB w 2025 roku \u2013 planowane wydarzenia rekreacyjne dla cz\u0142onk\u00f3w Podkarpackiej Izby In\u017cynier\u00f3w Budownictwa.","robots":{"index":"index","follow":"follow","max-snippet":"max-snippet:-1","max-image-preview":"max-image-preview:large","max-video-preview":"max-video-preview:-1"},"canonical":"https:\/\/inzynier.rzeszow.pl\/index.php\/wycieczki-integracyjne-rok-2025\/","og_locale":"pl_PL","og_type":"article","og_title":"Wycieczki integracyjne rok 2025 - Podkarpacka Okregowa Izba Inzynierow Budownictwa","og_description":"Wycieczki integracyjne PDK OIIB w 2025 roku \u2013 planowane wydarzenia rekreacyjne dla cz\u0142onk\u00f3w Podkarpackiej Izby In\u017cynier\u00f3w Budownictwa.","og_url":"https:\/\/inzynier.rzeszow.pl\/index.php\/wycieczki-integracyjne-rok-2025\/","og_site_name":"Podkarpacka Okregowa Izba Inzynierow Budownictwa","article_modified_time":"2026-03-15T10:29:26+00:00","og_image":[{"url":"https:\/\/inzynier.rzeszow.pl\/wp-content\/uploads\/2025\/09\/obraz_2026-01-25_124823039-768x512.png","type":"","width":"","height":""}],"twitter_card":"summary_large_image","twitter_misc":{"Szacowany czas czytania":"7 minut"},"schema":{"@context":"https:\/\/schema.org","@graph":[{"@type":"WebPage","@id":"https:\/\/inzynier.rzeszow.pl\/index.php\/wycieczki-integracyjne-rok-2025\/","url":"https:\/\/inzynier.rzeszow.pl\/index.php\/wycieczki-integracyjne-rok-2025\/","name":"Wycieczki integracyjne rok 2025 - Podkarpacka Okregowa Izba Inzynierow Budownictwa","isPartOf":{"@id":"https:\/\/inzynier.rzeszow.pl\/#website"},"primaryImageOfPage":{"@id":"https:\/\/inzynier.rzeszow.pl\/index.php\/wycieczki-integracyjne-rok-2025\/#primaryimage"},"image":{"@id":"https:\/\/inzynier.rzeszow.pl\/index.php\/wycieczki-integracyjne-rok-2025\/#primaryimage"},"thumbnailUrl":"https:\/\/inzynier.rzeszow.pl\/wp-content\/uploads\/2025\/09\/obraz_2026-01-25_124823039-768x512.png","datePublished":"2025-12-22T12:42:28+00:00","dateModified":"2026-03-15T10:29:26+00:00","description":"Wycieczki integracyjne PDK OIIB w 2025 roku \u2013 planowane wydarzenia rekreacyjne dla cz\u0142onk\u00f3w Podkarpackiej Izby In\u017cynier\u00f3w Budownictwa.","breadcrumb":{"@id":"https:\/\/inzynier.rzeszow.pl\/index.php\/wycieczki-integracyjne-rok-2025\/#breadcrumb"},"inLanguage":"pl-PL","potentialAction":[{"@type":"ReadAction","target":["https:\/\/inzynier.rzeszow.pl\/index.php\/wycieczki-integracyjne-rok-2025\/"]}]},{"@type":"ImageObject","inLanguage":"pl-PL","@id":"https:\/\/inzynier.rzeszow.pl\/index.php\/wycieczki-integracyjne-rok-2025\/#primaryimage","url":"https:\/\/inzynier.rzeszow.pl\/wp-content\/uploads\/2025\/09\/obraz_2026-01-25_124823039.png","contentUrl":"https:\/\/inzynier.rzeszow.pl\/wp-content\/uploads\/2025\/09\/obraz_2026-01-25_124823039.png","width":1200,"height":800},{"@type":"BreadcrumbList","@id":"https:\/\/inzynier.rzeszow.pl\/index.php\/wycieczki-integracyjne-rok-2025\/#breadcrumb","itemListElement":[{"@type":"ListItem","position":1,"name":"Strona g\u0142\u00f3wna","item":"https:\/\/inzynier.rzeszow.pl\/"},{"@type":"ListItem","position":2,"name":"Wycieczki integracyjne rok 2025"}]},{"@type":"WebSite","@id":"https:\/\/inzynier.rzeszow.pl\/#website","url":"https:\/\/inzynier.rzeszow.pl\/","name":"Podkarpacka Okregowa Izba Inzynierow Budownictwa","description":"","potentialAction":[{"@type":"SearchAction","target":{"@type":"EntryPoint","urlTemplate":"https:\/\/inzynier.rzeszow.pl\/?s={search_term_string}"},"query-input":{"@type":"PropertyValueSpecification","valueRequired":true,"valueName":"search_term_string"}}],"inLanguage":"pl-PL"}]}},"rttpg_featured_image_url":null,"rttpg_author":{"display_name":"admin","author_link":"https:\/\/inzynier.rzeszow.pl\/index.php\/author\/kwojcik\/"},"rttpg_comment":0,"rttpg_category":"","rttpg_excerpt":"Wycieczki integracyjne 2025 Strona g\u0142\u00f3wna \/ Wycieczki \/ Rok 2025 WIETNAM w terminie 28\/29.11.2025 r. &#8211; 13.12.2025 r. 30 wrze\u015bnia, [&hellip;]","_links":{"self":[{"href":"https:\/\/inzynier.rzeszow.pl\/index.php\/wp-json\/wp\/v2\/pages\/749","targetHints":{"allow":["GET"]}}],"collection":[{"href":"https:\/\/inzynier.rzeszow.pl\/index.php\/wp-json\/wp\/v2\/pages"}],"about":[{"href":"https:\/\/inzynier.rzeszow.pl\/index.php\/wp-json\/wp\/v2\/types\/page"}],"author":[{"embeddable":true,"href":"https:\/\/inzynier.rzeszow.pl\/index.php\/wp-json\/wp\/v2\/users\/1"}],"replies":[{"embeddable":true,"href":"https:\/\/inzynier.rzeszow.pl\/index.php\/wp-json\/wp\/v2\/comments?post=749"}],"version-history":[{"count":10,"href":"https:\/\/inzynier.rzeszow.pl\/index.php\/wp-json\/wp\/v2\/pages\/749\/revisions"}],"predecessor-version":[{"id":6521,"href":"https:\/\/inzynier.rzeszow.pl\/index.php\/wp-json\/wp\/v2\/pages\/749\/revisions\/6521"}],"wp:attachment":[{"href":"https:\/\/inzynier.rzeszow.pl\/index.php\/wp-json\/wp\/v2\/media?parent=749"}],"curies":[{"name":"wp","href":"https:\/\/api.w.org\/{rel}","templated":true}]}}