{"id":7022,"date":"2026-03-17T13:22:48","date_gmt":"2026-03-17T12:22:48","guid":{"rendered":"https:\/\/inzynier.rzeszow.pl\/?page_id=7022"},"modified":"2026-04-09T11:43:50","modified_gmt":"2026-04-09T10:43:50","slug":"wspolpraca-z-dziecmi-i-mlodzieza","status":"publish","type":"page","link":"https:\/\/inzynier.rzeszow.pl\/index.php\/wspolpraca-z-dziecmi-i-mlodzieza\/","title":{"rendered":"Wsp\u00f3\u0142praca z dzie\u0107mi i m\u0142odzie\u017c\u0105"},"content":{"rendered":"\t\t<div data-elementor-type=\"wp-page\" data-elementor-id=\"7022\" class=\"elementor elementor-7022\" data-elementor-post-type=\"page\">\n\t\t\t\t<div class=\"elementor-element elementor-element-c6ddcf0 e-flex e-con-boxed e-con e-parent\" data-id=\"c6ddcf0\" data-element_type=\"container\" data-e-type=\"container\" data-settings=\"{&quot;background_background&quot;:&quot;classic&quot;}\">\n\t\t\t\t\t<div class=\"e-con-inner\">\n\t\t<div class=\"elementor-element elementor-element-f90288b e-con-full e-flex e-con e-child\" data-id=\"f90288b\" data-element_type=\"container\" data-e-type=\"container\" data-settings=\"{&quot;background_background&quot;:&quot;classic&quot;}\">\n\t\t\t\t<div class=\"elementor-element elementor-element-63fce6b elementor-widget elementor-widget-heading\" data-id=\"63fce6b\" data-element_type=\"widget\" data-e-type=\"widget\" data-widget_type=\"heading.default\">\n\t\t\t\t\t<h1 class=\"elementor-heading-title elementor-size-default\">Wsp\u00f3\u0142praca z dzie\u0107mi i m\u0142odzie\u017c\u0105<\/h1>\t\t\t\t<\/div>\n\t\t\t\t<\/div>\n\t\t\t\t\t<\/div>\n\t\t\t\t<\/div>\n\t\t<div class=\"elementor-element elementor-element-b79ae22 e-flex e-con-boxed e-con e-parent\" data-id=\"b79ae22\" data-element_type=\"container\" data-e-type=\"container\">\n\t\t\t\t\t<div class=\"e-con-inner\">\n\t\t\t\t<div class=\"elementor-element elementor-element-7249e99 elementor-widget elementor-widget-text-editor\" data-id=\"7249e99\" data-element_type=\"widget\" data-e-type=\"widget\" data-widget_type=\"text-editor.default\">\n\t\t\t\t\t\t\t\t\t<p><a href=\"https:\/\/inzynier.rzeszow.pl\">Strona g\u0142\u00f3wna <\/a>\/ <a href=\"https:\/\/inzynier.rzeszow.pl\/index.php\/wspolpraca-z-dziecmi-i-mlodzieza\/\">Wsp\u00f3\u0142praca z dzie\u0107mi i m\u0142odzie\u017c\u0105<\/a><\/p>\t\t\t\t\t\t\t\t<\/div>\n\t\t\t\t\t<\/div>\n\t\t\t\t<\/div>\n\t\t<div class=\"elementor-element elementor-element-0c4e1b1 e-flex e-con-boxed e-con e-parent\" data-id=\"0c4e1b1\" data-element_type=\"container\" data-e-type=\"container\">\n\t\t\t\t\t<div class=\"e-con-inner\">\n\t\t\t\t<div class=\"elementor-element elementor-element-3870ac3 img_hover_animation_img_no_effect readmore-btn-only-text meta-visibility-show title_position_default title_hover_border_default title-default meta_position_default grid-hover-overlay-type-always tpg-el-box-border-enable tpg-border-bottom-disable elementor-widget elementor-widget-tpg-list-layout\" data-id=\"3870ac3\" data-element_type=\"widget\" data-e-type=\"widget\" data-widget_type=\"tpg-list-layout.default\">\n\t\t\t\t<div class=\"elementor-widget-container\">\n\t\t\t\t\t\n        <div class=\"rt-container-fluid rt-tpg-container tpg-el-main-wrapper list-layout1-main \"\n             data-sc-id=\"elementor\"\n             id=\"rt-tpg-container-2157478353\"\n             data-layout=\"list-layout1\"\n             data-grid-style=\"tpg-even\"\n             data-el-settings=''\n             data-el-query=''\n             data-el-path=''\n        >\n\t\t\t            <div class='tpg-header-wrapper '>\n\t\t\t\t            <\/div>\n\n            <div data-title=\"Loading ...\" class=\"rt-row rt-content-loader list-layout1 tpg-even list-behaviour list-layout-wrapper\">\n\t\t\t\t\n<div class=\"rt-col-md-12 rt-col-sm-12 rt-col-xs-12 img_no_effect rt-list-item rt-grid-item\" data-id=\"7743\">\n\t<div class=\"rt-holder tpg-post-holder \">\n\t\t<div class=\"rt-detail rt-el-content-wrapper\">\n\t\t\t\t\t\t\t<div class=\"rt-img-holder tpg-el-image-wrap has-thumbnail\">\n\t\t\t\t\t<a data-id=\"7743\" href=\"https:\/\/inzynier.rzeszow.pl\/index.php\/2026\/03\/23\/xvi-edycja-konkursu-najlepsza-praca-magisterska-na-kierunku-budownictwo-wydzialu-budownictwa-inzynierii-srodowiska-i-architektury-politechnika-rzeszowska\/\" class=\"tpg-post-link\" target=\"_self\">                        <img fetchpriority=\"high\" decoding=\"async\" src=\"https:\/\/inzynier.rzeszow.pl\/wp-content\/uploads\/2026\/03\/IMG_5437-768x576.webp\"\n                             class=\"rt-img-responsive\"\n                             width=\"768\"\n                             height=\"576\"\n                             alt=\"XVI edycja konkursu: Najlepsza praca magisterska na kierunku Budownictwo Wydzia\u0142u Budownictwa, In\u017cynierii \u015arodowiska i Architektury Politechnika Rzeszowska\">\n\t\t\t\t\t\t\n\t\t\t\t\t\t\t\n\t\t<\/a>\n\t\t        <div class=\"overlay grid-hover-content\"><\/div>\n\t\t\t\t\t\t<\/div>\n\t\t\t\n\t\t\t<div class=\"post-right-content\">\n\t\t\t\t<div class=\"entry-title-wrapper\"><h3 class=\"entry-title\"><a data-id=\"7743\" href=\"https:\/\/inzynier.rzeszow.pl\/index.php\/2026\/03\/23\/xvi-edycja-konkursu-najlepsza-praca-magisterska-na-kierunku-budownictwo-wydzialu-budownictwa-inzynierii-srodowiska-i-architektury-politechnika-rzeszowska\/\" class=\"tpg-post-link\" target=\"_self\">XVI edycja konkursu: Najlepsza praca magisterska na kierunku Budownictwo Wydzia\u0142u Budownictwa, In\u017cynierii \u015arodowiska i Architektury Politechnika Rzeszowska<\/a><\/h3><\/div>\n\t\t\t\t\t\t\t\t\t<div class=\"post-meta-tags rt-el-post-meta\">\n\t\t\t\t\t\t            <span class='date'>\n\t\t\t\t<i class='far fa-calendar-alt '><\/i>\t\t\t\t                    <a href=\"https:\/\/inzynier.rzeszow.pl\/index.php\/2026\/03\/23\/\">\n\t\t\t\t\t23 marca, 2026\t\t\t\t<\/a>\n\t\t\t\t\t\t\t<\/span>\n\t\t\t\t\t\t\t\t<\/div>\n\t\t\t\t\n\t\t\t\t\t\t\t\t\t<div class=\"tpg-excerpt tpg-el-excerpt\">\n\t\t\t\t\t\t\t\t\t\t\t\t\t<div class=\"tpg-excerpt-inner\">\n\t\t\t\t\t\t\t\tW dniu 20 marca 2026 r. w siedzibie Podkarpackiej Okr\u0119gowej Izby In\u017cynier\u00f3w Budownictwa odby\u0142a si\u0119 XVI edycja konkursu: Najlepsza praca...\t\t\t\t\t\t\t<\/div>\n\t\t\t\t\t\t\t\t\t\t\t\t\t\t\t\t\t<\/div>\n\t\t\t\t\n\t\t\t\t        <div class=\"post-footer\">\n            <div class=\"post-footer\">\n                <div class=\"read-more\">\n\t\t\t\t\t<a data-id=\"7743\" href=\"https:\/\/inzynier.rzeszow.pl\/index.php\/2026\/03\/23\/xvi-edycja-konkursu-najlepsza-praca-magisterska-na-kierunku-budownictwo-wydzialu-budownictwa-inzynierii-srodowiska-i-architektury-politechnika-rzeszowska\/\" class=\"tpg-post-link\" target=\"_self\">Czytaj wi\u0119cej<\/a>                <\/div>\n            <\/div>\n        <\/div>\n\t\t\t\t\t<\/div>\n\t\t<\/div>\n\t<\/div>\n<\/div>\n\n<div class=\"rt-col-md-12 rt-col-sm-12 rt-col-xs-12 img_no_effect rt-list-item rt-grid-item\" data-id=\"6784\">\n\t<div class=\"rt-holder tpg-post-holder \">\n\t\t<div class=\"rt-detail rt-el-content-wrapper\">\n\t\t\t\t\t\t\t<div class=\"rt-img-holder tpg-el-image-wrap has-thumbnail\">\n\t\t\t\t\t<a data-id=\"6784\" href=\"https:\/\/inzynier.rzeszow.pl\/index.php\/2026\/03\/16\/eliminacje-okregowe-xxxix-olimpiady-wiedzy-i-umiejetnosci-budowlanych-w-rzeszowie-2\/\" class=\"tpg-post-link\" target=\"_self\">                        <img decoding=\"async\" src=\"https:\/\/inzynier.rzeszow.pl\/wp-content\/uploads\/2026\/03\/IMG_0187-768x576.webp\"\n                             class=\"rt-img-responsive\"\n                             width=\"768\"\n                             height=\"576\"\n                             alt=\"Eliminacje Okr\u0119gowe XXXIX Olimpiady Wiedzy i Umiej\u0119tno\u015bci Budowlanych w Rzeszowie\">\n\t\t\t\t\t\t\n\t\t\t\t\t\t\t\n\t\t<\/a>\n\t\t        <div class=\"overlay grid-hover-content\"><\/div>\n\t\t\t\t\t\t<\/div>\n\t\t\t\n\t\t\t<div class=\"post-right-content\">\n\t\t\t\t<div class=\"entry-title-wrapper\"><h3 class=\"entry-title\"><a data-id=\"6784\" href=\"https:\/\/inzynier.rzeszow.pl\/index.php\/2026\/03\/16\/eliminacje-okregowe-xxxix-olimpiady-wiedzy-i-umiejetnosci-budowlanych-w-rzeszowie-2\/\" class=\"tpg-post-link\" target=\"_self\">Eliminacje Okr\u0119gowe XXXIX Olimpiady Wiedzy i Umiej\u0119tno\u015bci Budowlanych w Rzeszowie<\/a><\/h3><\/div>\n\t\t\t\t\t\t\t\t\t<div class=\"post-meta-tags rt-el-post-meta\">\n\t\t\t\t\t\t            <span class='date'>\n\t\t\t\t<i class='far fa-calendar-alt '><\/i>\t\t\t\t                    <a href=\"https:\/\/inzynier.rzeszow.pl\/index.php\/2026\/03\/16\/\">\n\t\t\t\t\t16 marca, 2026\t\t\t\t<\/a>\n\t\t\t\t\t\t\t<\/span>\n\t\t\t\t\t\t\t\t<\/div>\n\t\t\t\t\n\t\t\t\t\t\t\t\t\t<div class=\"tpg-excerpt tpg-el-excerpt\">\n\t\t\t\t\t\t\t\t\t\t\t\t\t<div class=\"tpg-excerpt-inner\">\n\t\t\t\t\t\t\t\tW Zespole Szk\u00f3\u0142 Nr 1 im. Ambro\u017cego Towarnickiego w Rzeszowie 7 marca 2026 r. odby\u0142y si\u0119 \u00a0eliminacje okr\u0119gowe XXXIX Olimpiady...\t\t\t\t\t\t\t<\/div>\n\t\t\t\t\t\t\t\t\t\t\t\t\t\t\t\t\t<\/div>\n\t\t\t\t\n\t\t\t\t        <div class=\"post-footer\">\n            <div class=\"post-footer\">\n                <div class=\"read-more\">\n\t\t\t\t\t<a data-id=\"6784\" href=\"https:\/\/inzynier.rzeszow.pl\/index.php\/2026\/03\/16\/eliminacje-okregowe-xxxix-olimpiady-wiedzy-i-umiejetnosci-budowlanych-w-rzeszowie-2\/\" class=\"tpg-post-link\" target=\"_self\">Czytaj wi\u0119cej<\/a>                <\/div>\n            <\/div>\n        <\/div>\n\t\t\t\t\t<\/div>\n\t\t<\/div>\n\t<\/div>\n<\/div>\n\n<div class=\"rt-col-md-12 rt-col-sm-12 rt-col-xs-12 img_no_effect rt-list-item rt-grid-item\" data-id=\"5560\">\n\t<div class=\"rt-holder tpg-post-holder \">\n\t\t<div class=\"rt-detail rt-el-content-wrapper\">\n\t\t\t\t\t\t\t<div class=\"rt-img-holder tpg-el-image-wrap has-thumbnail\">\n\t\t\t\t\t<a data-id=\"5560\" href=\"https:\/\/inzynier.rzeszow.pl\/index.php\/2026\/03\/09\/eliminacje-okregowe-xxxix-olimpiady-wiedzy-i-umiejetnosci-budowlanych-w-rzeszowie\/\" class=\"tpg-post-link\" target=\"_self\">                        <img decoding=\"async\" src=\"https:\/\/inzynier.rzeszow.pl\/wp-content\/uploads\/2026\/03\/2026-03-09_XXXIX_Olimpiada_Wiedzy-768x576.webp\"\n                             class=\"rt-img-responsive\"\n                             width=\"768\"\n                             height=\"576\"\n                             alt=\"Eliminacje Okr\u0119gowe XXXIX Olimpiady Wiedzy i Umiej\u0119tno\u015bci Budowlanych w Rzeszowie\">\n\t\t\t\t\t\t\n\t\t\t\t\t\t\t\n\t\t<\/a>\n\t\t        <div class=\"overlay grid-hover-content\"><\/div>\n\t\t\t\t\t\t<\/div>\n\t\t\t\n\t\t\t<div class=\"post-right-content\">\n\t\t\t\t<div class=\"entry-title-wrapper\"><h3 class=\"entry-title\"><a data-id=\"5560\" href=\"https:\/\/inzynier.rzeszow.pl\/index.php\/2026\/03\/09\/eliminacje-okregowe-xxxix-olimpiady-wiedzy-i-umiejetnosci-budowlanych-w-rzeszowie\/\" class=\"tpg-post-link\" target=\"_self\">Eliminacje Okr\u0119gowe XXXIX Olimpiady Wiedzy i Umiej\u0119tno\u015bci Budowlanych w Rzeszowie<\/a><\/h3><\/div>\n\t\t\t\t\t\t\t\t\t<div class=\"post-meta-tags rt-el-post-meta\">\n\t\t\t\t\t\t            <span class='date'>\n\t\t\t\t<i class='far fa-calendar-alt '><\/i>\t\t\t\t                    <a href=\"https:\/\/inzynier.rzeszow.pl\/index.php\/2026\/03\/09\/\">\n\t\t\t\t\t9 marca, 2026\t\t\t\t<\/a>\n\t\t\t\t\t\t\t<\/span>\n\t\t\t\t\t\t\t\t<\/div>\n\t\t\t\t\n\t\t\t\t\t\t\t\t\t<div class=\"tpg-excerpt tpg-el-excerpt\">\n\t\t\t\t\t\t\t\t\t\t\t\t\t<div class=\"tpg-excerpt-inner\">\n\t\t\t\t\t\t\t\tW Zespole Szk\u00f3\u0142 Nr 1 im. Ambro\u017cego Towarnickiego w Rzeszowie w dniu 07 marca 2026 r. zast\u0119pca przewodnicz\u0105cego Wac\u0142aw Kami\u0144ski...\t\t\t\t\t\t\t<\/div>\n\t\t\t\t\t\t\t\t\t\t\t\t\t\t\t\t\t<\/div>\n\t\t\t\t\n\t\t\t\t        <div class=\"post-footer\">\n            <div class=\"post-footer\">\n                <div class=\"read-more\">\n\t\t\t\t\t<a data-id=\"5560\" href=\"https:\/\/inzynier.rzeszow.pl\/index.php\/2026\/03\/09\/eliminacje-okregowe-xxxix-olimpiady-wiedzy-i-umiejetnosci-budowlanych-w-rzeszowie\/\" class=\"tpg-post-link\" target=\"_self\">Czytaj wi\u0119cej<\/a>                <\/div>\n            <\/div>\n        <\/div>\n\t\t\t\t\t<\/div>\n\t\t<\/div>\n\t<\/div>\n<\/div>\n\n<div class=\"rt-col-md-12 rt-col-sm-12 rt-col-xs-12 img_no_effect rt-list-item rt-grid-item\" data-id=\"5145\">\n\t<div class=\"rt-holder tpg-post-holder \">\n\t\t<div class=\"rt-detail rt-el-content-wrapper\">\n\t\t\t\t\t\t\t<div class=\"rt-img-holder tpg-el-image-wrap has-thumbnail\">\n\t\t\t\t\t<a data-id=\"5145\" href=\"https:\/\/inzynier.rzeszow.pl\/index.php\/2026\/03\/06\/rozstrzygniecie-konkursu-urban-design-organizowanego-przez-podkarpackie-centrum-innowacji-05-03-2026-r\/\" class=\"tpg-post-link\" target=\"_self\">                        <img loading=\"lazy\" decoding=\"async\" src=\"https:\/\/inzynier.rzeszow.pl\/wp-content\/uploads\/2026\/03\/646501830_1542659737863927_1633052848349705292_n-768x550.webp\"\n                             class=\"rt-img-responsive\"\n                             width=\"768\"\n                             height=\"550\"\n                             alt=\"Rozstrzygni\u0119cie konkursu Urban Design organizowanego przez Podkarpackie Centrum Innowacji &#8211; 05.03.2026 r.\">\n\t\t\t\t\t\t\n\t\t\t\t\t\t\t\n\t\t<\/a>\n\t\t        <div class=\"overlay grid-hover-content\"><\/div>\n\t\t\t\t\t\t<\/div>\n\t\t\t\n\t\t\t<div class=\"post-right-content\">\n\t\t\t\t<div class=\"entry-title-wrapper\"><h3 class=\"entry-title\"><a data-id=\"5145\" href=\"https:\/\/inzynier.rzeszow.pl\/index.php\/2026\/03\/06\/rozstrzygniecie-konkursu-urban-design-organizowanego-przez-podkarpackie-centrum-innowacji-05-03-2026-r\/\" class=\"tpg-post-link\" target=\"_self\">Rozstrzygni\u0119cie konkursu Urban Design organizowanego przez Podkarpackie Centrum Innowacji &#8211; 05.03.2026 r.<\/a><\/h3><\/div>\n\t\t\t\t\t\t\t\t\t<div class=\"post-meta-tags rt-el-post-meta\">\n\t\t\t\t\t\t            <span class='date'>\n\t\t\t\t<i class='far fa-calendar-alt '><\/i>\t\t\t\t                    <a href=\"https:\/\/inzynier.rzeszow.pl\/index.php\/2026\/03\/06\/\">\n\t\t\t\t\t6 marca, 2026\t\t\t\t<\/a>\n\t\t\t\t\t\t\t<\/span>\n\t\t\t\t\t\t\t\t<\/div>\n\t\t\t\t\n\t\t\t\t\t\t\t\t\t<div class=\"tpg-excerpt tpg-el-excerpt\">\n\t\t\t\t\t\t\t\t\t\t\t\t\t<div class=\"tpg-excerpt-inner\">\n\t\t\t\t\t\t\t\tW dniu 05 marca 2026 r. przewodnicz\u0105cy OR PDK OIIB Grzegorz Dubik jako cz\u0142onek Jury uczestniczy\u0142 w rozstrzygni\u0119ciu konkursu \u201eUrban...\t\t\t\t\t\t\t<\/div>\n\t\t\t\t\t\t\t\t\t\t\t\t\t\t\t\t\t<\/div>\n\t\t\t\t\n\t\t\t\t        <div class=\"post-footer\">\n            <div class=\"post-footer\">\n                <div class=\"read-more\">\n\t\t\t\t\t<a data-id=\"5145\" href=\"https:\/\/inzynier.rzeszow.pl\/index.php\/2026\/03\/06\/rozstrzygniecie-konkursu-urban-design-organizowanego-przez-podkarpackie-centrum-innowacji-05-03-2026-r\/\" class=\"tpg-post-link\" target=\"_self\">Czytaj wi\u0119cej<\/a>                <\/div>\n            <\/div>\n        <\/div>\n\t\t\t\t\t<\/div>\n\t\t<\/div>\n\t<\/div>\n<\/div>\n\n<div class=\"rt-col-md-12 rt-col-sm-12 rt-col-xs-12 img_no_effect rt-list-item rt-grid-item\" data-id=\"3056\">\n\t<div class=\"rt-holder tpg-post-holder \">\n\t\t<div class=\"rt-detail rt-el-content-wrapper\">\n\t\t\t\t\t\t\t<div class=\"rt-img-holder tpg-el-image-wrap has-thumbnail\">\n\t\t\t\t\t<a data-id=\"3056\" href=\"https:\/\/inzynier.rzeszow.pl\/index.php\/2025\/10\/21\/inzynier-w-szkole-z-wizyta-w-zespole-szkolno-przedszkolnym-nr-10-w-rzeszowie\/\" class=\"tpg-post-link\" target=\"_self\">                        <img loading=\"lazy\" decoding=\"async\" src=\"https:\/\/inzynier.rzeszow.pl\/wp-content\/uploads\/2025\/10\/obraz_2026-01-27_110555465-768x578.png\"\n                             class=\"rt-img-responsive\"\n                             width=\"768\"\n                             height=\"578\"\n                             alt=\"In\u017cynier w szkole &#8211; z wizyt\u0105 w Zespole Szkolno-Przedszkolnym Nr 10 w Rzeszowie\">\n\t\t\t\t\t\t\n\t\t\t\t\t\t\t\n\t\t<\/a>\n\t\t        <div class=\"overlay grid-hover-content\"><\/div>\n\t\t\t\t\t\t<\/div>\n\t\t\t\n\t\t\t<div class=\"post-right-content\">\n\t\t\t\t<div class=\"entry-title-wrapper\"><h3 class=\"entry-title\"><a data-id=\"3056\" href=\"https:\/\/inzynier.rzeszow.pl\/index.php\/2025\/10\/21\/inzynier-w-szkole-z-wizyta-w-zespole-szkolno-przedszkolnym-nr-10-w-rzeszowie\/\" class=\"tpg-post-link\" target=\"_self\">In\u017cynier w szkole &#8211; z wizyt\u0105 w Zespole Szkolno-Przedszkolnym Nr 10 w Rzeszowie<\/a><\/h3><\/div>\n\t\t\t\t\t\t\t\t\t<div class=\"post-meta-tags rt-el-post-meta\">\n\t\t\t\t\t\t            <span class='date'>\n\t\t\t\t<i class='far fa-calendar-alt '><\/i>\t\t\t\t                    <a href=\"https:\/\/inzynier.rzeszow.pl\/index.php\/2025\/10\/21\/\">\n\t\t\t\t\t21 pa\u017adziernika, 2025\t\t\t\t<\/a>\n\t\t\t\t\t\t\t<\/span>\n\t\t\t\t\t\t\t\t<\/div>\n\t\t\t\t\n\t\t\t\t\t\t\t\t\t<div class=\"tpg-excerpt tpg-el-excerpt\">\n\t\t\t\t\t\t\t\t\t\t\t\t\t<div class=\"tpg-excerpt-inner\">\n\t\t\t\t\t\t\t\tin\u017cynier\u00f3w budownictwa. Zainteresowanie by\u0142o ogromne, zwa\u017cywszy na liczne pytania i entuzjazm. Skarbnik PDK OIIB wielokrotnie zaznacza\u0142a, \u017ce zaw\u00f3d in\u017cyniera budownictwa...\t\t\t\t\t\t\t<\/div>\n\t\t\t\t\t\t\t\t\t\t\t\t\t\t\t\t\t<\/div>\n\t\t\t\t\n\t\t\t\t        <div class=\"post-footer\">\n            <div class=\"post-footer\">\n                <div class=\"read-more\">\n\t\t\t\t\t<a data-id=\"3056\" href=\"https:\/\/inzynier.rzeszow.pl\/index.php\/2025\/10\/21\/inzynier-w-szkole-z-wizyta-w-zespole-szkolno-przedszkolnym-nr-10-w-rzeszowie\/\" class=\"tpg-post-link\" target=\"_self\">Czytaj wi\u0119cej<\/a>                <\/div>\n            <\/div>\n        <\/div>\n\t\t\t\t\t<\/div>\n\t\t<\/div>\n\t<\/div>\n<\/div>\n\n<div class=\"rt-col-md-12 rt-col-sm-12 rt-col-xs-12 img_no_effect rt-list-item rt-grid-item\" data-id=\"3213\">\n\t<div class=\"rt-holder tpg-post-holder \">\n\t\t<div class=\"rt-detail rt-el-content-wrapper\">\n\t\t\t\t\t\t\t<div class=\"rt-img-holder tpg-el-image-wrap has-thumbnail\">\n\t\t\t\t\t<a data-id=\"3213\" href=\"https:\/\/inzynier.rzeszow.pl\/index.php\/2025\/06\/22\/spotkanie-z-uczniami-z-publicznej-szkoly-podstawowej-nr-5-im-energetykow-w-stalowej-woli\/\" class=\"tpg-post-link\" target=\"_self\">                        <img loading=\"lazy\" decoding=\"async\" src=\"https:\/\/inzynier.rzeszow.pl\/wp-content\/uploads\/2025\/06\/obraz_2026-01-28_152459419-768x578.png\"\n                             class=\"rt-img-responsive\"\n                             width=\"768\"\n                             height=\"578\"\n                             alt=\"Spotkanie z uczniami z Publicznej Szko\u0142y Podstawowej nr 5 im. Energetyk\u00f3w w Stalowej Woli\">\n\t\t\t\t\t\t\n\t\t\t\t\t\t\t\n\t\t<\/a>\n\t\t        <div class=\"overlay grid-hover-content\"><\/div>\n\t\t\t\t\t\t<\/div>\n\t\t\t\n\t\t\t<div class=\"post-right-content\">\n\t\t\t\t<div class=\"entry-title-wrapper\"><h3 class=\"entry-title\"><a data-id=\"3213\" href=\"https:\/\/inzynier.rzeszow.pl\/index.php\/2025\/06\/22\/spotkanie-z-uczniami-z-publicznej-szkoly-podstawowej-nr-5-im-energetykow-w-stalowej-woli\/\" class=\"tpg-post-link\" target=\"_self\">Spotkanie z uczniami z Publicznej Szko\u0142y Podstawowej nr 5 im. Energetyk\u00f3w w Stalowej Woli<\/a><\/h3><\/div>\n\t\t\t\t\t\t\t\t\t<div class=\"post-meta-tags rt-el-post-meta\">\n\t\t\t\t\t\t            <span class='date'>\n\t\t\t\t<i class='far fa-calendar-alt '><\/i>\t\t\t\t                    <a href=\"https:\/\/inzynier.rzeszow.pl\/index.php\/2025\/06\/22\/\">\n\t\t\t\t\t22 czerwca, 2025\t\t\t\t<\/a>\n\t\t\t\t\t\t\t<\/span>\n\t\t\t\t\t\t\t\t<\/div>\n\t\t\t\t\n\t\t\t\t\t\t\t\t\t<div class=\"tpg-excerpt tpg-el-excerpt\">\n\t\t\t\t\t\t\t\t\t\t\t\t\t<div class=\"tpg-excerpt-inner\">\n\t\t\t\t\t\t\t\tKolejny raz w tym roku spotykamy si\u0119 z uczniami w Stalowej Woli. Tym razem przewodnicz\u0105cy OR PDK OIIB Grzegorz Dubik...\t\t\t\t\t\t\t<\/div>\n\t\t\t\t\t\t\t\t\t\t\t\t\t\t\t\t\t<\/div>\n\t\t\t\t\n\t\t\t\t        <div class=\"post-footer\">\n            <div class=\"post-footer\">\n                <div class=\"read-more\">\n\t\t\t\t\t<a data-id=\"3213\" href=\"https:\/\/inzynier.rzeszow.pl\/index.php\/2025\/06\/22\/spotkanie-z-uczniami-z-publicznej-szkoly-podstawowej-nr-5-im-energetykow-w-stalowej-woli\/\" class=\"tpg-post-link\" target=\"_self\">Czytaj wi\u0119cej<\/a>                <\/div>\n            <\/div>\n        <\/div>\n\t\t\t\t\t<\/div>\n\t\t<\/div>\n\t<\/div>\n<\/div>\n\n<div class=\"rt-col-md-12 rt-col-sm-12 rt-col-xs-12 img_no_effect rt-list-item rt-grid-item\" data-id=\"3411\">\n\t<div class=\"rt-holder tpg-post-holder \">\n\t\t<div class=\"rt-detail rt-el-content-wrapper\">\n\t\t\t\t\t\t\t<div class=\"rt-img-holder tpg-el-image-wrap has-thumbnail\">\n\t\t\t\t\t<a data-id=\"3411\" href=\"https:\/\/inzynier.rzeszow.pl\/index.php\/2025\/04\/24\/xxxviii-olimpiada-wiedzy-i-umiejetnosci-budowlanych-w-rzeszowie\/\" class=\"tpg-post-link\" target=\"_self\">                        <img loading=\"lazy\" decoding=\"async\" src=\"https:\/\/inzynier.rzeszow.pl\/wp-content\/uploads\/2025\/04\/obraz_2026-02-01_195936493-768x576.png\"\n                             class=\"rt-img-responsive\"\n                             width=\"768\"\n                             height=\"576\"\n                             alt=\"XXXVIII Olimpiada Wiedzy i Umiej\u0119tno\u015bci Budowlanych w Rzeszowie\">\n\t\t\t\t\t\t\n\t\t\t\t\t\t\t\n\t\t<\/a>\n\t\t        <div class=\"overlay grid-hover-content\"><\/div>\n\t\t\t\t\t\t<\/div>\n\t\t\t\n\t\t\t<div class=\"post-right-content\">\n\t\t\t\t<div class=\"entry-title-wrapper\"><h3 class=\"entry-title\"><a data-id=\"3411\" href=\"https:\/\/inzynier.rzeszow.pl\/index.php\/2025\/04\/24\/xxxviii-olimpiada-wiedzy-i-umiejetnosci-budowlanych-w-rzeszowie\/\" class=\"tpg-post-link\" target=\"_self\">XXXVIII Olimpiada Wiedzy i Umiej\u0119tno\u015bci Budowlanych w Rzeszowie<\/a><\/h3><\/div>\n\t\t\t\t\t\t\t\t\t<div class=\"post-meta-tags rt-el-post-meta\">\n\t\t\t\t\t\t            <span class='date'>\n\t\t\t\t<i class='far fa-calendar-alt '><\/i>\t\t\t\t                    <a href=\"https:\/\/inzynier.rzeszow.pl\/index.php\/2025\/04\/24\/\">\n\t\t\t\t\t24 kwietnia, 2025\t\t\t\t<\/a>\n\t\t\t\t\t\t\t<\/span>\n\t\t\t\t\t\t\t\t<\/div>\n\t\t\t\t\n\t\t\t\t\t\t\t\t\t<div class=\"tpg-excerpt tpg-el-excerpt\">\n\t\t\t\t\t\t\t\t\t\t\t\t\t<div class=\"tpg-excerpt-inner\">\n\t\t\t\t\t\t\t\tOlimpiada Wiedzy i Umiej\u0119tno\u015bci Budowlanych, kt\u00f3rej organizatorem jest Wydzia\u0142 In\u017cynierii L\u0105dowej Politechniki Warszawskiej od lat cieszy si\u0119 du\u017cym zainteresowaniem w\u015br\u00f3d...\t\t\t\t\t\t\t<\/div>\n\t\t\t\t\t\t\t\t\t\t\t\t\t\t\t\t\t<\/div>\n\t\t\t\t\n\t\t\t\t        <div class=\"post-footer\">\n            <div class=\"post-footer\">\n                <div class=\"read-more\">\n\t\t\t\t\t<a data-id=\"3411\" href=\"https:\/\/inzynier.rzeszow.pl\/index.php\/2025\/04\/24\/xxxviii-olimpiada-wiedzy-i-umiejetnosci-budowlanych-w-rzeszowie\/\" class=\"tpg-post-link\" target=\"_self\">Czytaj wi\u0119cej<\/a>                <\/div>\n            <\/div>\n        <\/div>\n\t\t\t\t\t<\/div>\n\t\t<\/div>\n\t<\/div>\n<\/div>\n\n<div class=\"rt-col-md-12 rt-col-sm-12 rt-col-xs-12 img_no_effect rt-list-item rt-grid-item\" data-id=\"3482\">\n\t<div class=\"rt-holder tpg-post-holder \">\n\t\t<div class=\"rt-detail rt-el-content-wrapper\">\n\t\t\t\t\t\t\t<div class=\"rt-img-holder tpg-el-image-wrap has-thumbnail\">\n\t\t\t\t\t<a data-id=\"3482\" href=\"https:\/\/inzynier.rzeszow.pl\/index.php\/2025\/04\/12\/final-konkursu-sep-najlepsza-praca-wlasna-uczniow-szkol-ponadpodstawowych-edycja-xv\/\" class=\"tpg-post-link\" target=\"_self\">                        <img loading=\"lazy\" decoding=\"async\" src=\"https:\/\/inzynier.rzeszow.pl\/wp-content\/uploads\/2025\/04\/obraz_2026-02-02_180012414-768x352.png\"\n                             class=\"rt-img-responsive\"\n                             width=\"768\"\n                             height=\"352\"\n                             alt=\"Fina\u0142 Konkursu SEP &#8211; Najlepsza praca w\u0142asna uczni\u00f3w szk\u00f3\u0142 ponadpodstawowych &#8211; edycja XV\">\n\t\t\t\t\t\t\n\t\t\t\t\t\t\t\n\t\t<\/a>\n\t\t        <div class=\"overlay grid-hover-content\"><\/div>\n\t\t\t\t\t\t<\/div>\n\t\t\t\n\t\t\t<div class=\"post-right-content\">\n\t\t\t\t<div class=\"entry-title-wrapper\"><h3 class=\"entry-title\"><a data-id=\"3482\" href=\"https:\/\/inzynier.rzeszow.pl\/index.php\/2025\/04\/12\/final-konkursu-sep-najlepsza-praca-wlasna-uczniow-szkol-ponadpodstawowych-edycja-xv\/\" class=\"tpg-post-link\" target=\"_self\">Fina\u0142 Konkursu SEP &#8211; Najlepsza praca w\u0142asna uczni\u00f3w szk\u00f3\u0142 ponadpodstawowych &#8211; edycja XV<\/a><\/h3><\/div>\n\t\t\t\t\t\t\t\t\t<div class=\"post-meta-tags rt-el-post-meta\">\n\t\t\t\t\t\t            <span class='date'>\n\t\t\t\t<i class='far fa-calendar-alt '><\/i>\t\t\t\t                    <a href=\"https:\/\/inzynier.rzeszow.pl\/index.php\/2025\/04\/12\/\">\n\t\t\t\t\t12 kwietnia, 2025\t\t\t\t<\/a>\n\t\t\t\t\t\t\t<\/span>\n\t\t\t\t\t\t\t\t<\/div>\n\t\t\t\t\n\t\t\t\t\t\t\t\t\t<div class=\"tpg-excerpt tpg-el-excerpt\">\n\t\t\t\t\t\t\t\t\t\t\t\t\t<div class=\"tpg-excerpt-inner\">\n\t\t\t\t\t\t\t\tW dniu 10 kwietnia 2025 r. w siedzibie Podkarpackiej Okr\u0119gowej Izbie In\u017cynier\u00f3w Budownictwa odby\u0142 si\u0119 fina\u0142 XV edycja konkursu na...\t\t\t\t\t\t\t<\/div>\n\t\t\t\t\t\t\t\t\t\t\t\t\t\t\t\t\t<\/div>\n\t\t\t\t\n\t\t\t\t        <div class=\"post-footer\">\n            <div class=\"post-footer\">\n                <div class=\"read-more\">\n\t\t\t\t\t<a data-id=\"3482\" href=\"https:\/\/inzynier.rzeszow.pl\/index.php\/2025\/04\/12\/final-konkursu-sep-najlepsza-praca-wlasna-uczniow-szkol-ponadpodstawowych-edycja-xv\/\" class=\"tpg-post-link\" target=\"_self\">Czytaj wi\u0119cej<\/a>                <\/div>\n            <\/div>\n        <\/div>\n\t\t\t\t\t<\/div>\n\t\t<\/div>\n\t<\/div>\n<\/div>\n\n<div class=\"rt-col-md-12 rt-col-sm-12 rt-col-xs-12 img_no_effect rt-list-item rt-grid-item\" data-id=\"3409\">\n\t<div class=\"rt-holder tpg-post-holder \">\n\t\t<div class=\"rt-detail rt-el-content-wrapper\">\n\t\t\t\t\t\t\t<div class=\"rt-img-holder tpg-el-image-wrap has-thumbnail\">\n\t\t\t\t\t<a data-id=\"3409\" href=\"https:\/\/inzynier.rzeszow.pl\/index.php\/2025\/04\/10\/iv-ogolnopolska-olimpiada-wiedzy-o-procesie-inwestycyjno-budowlanym\/\" class=\"tpg-post-link\" target=\"_self\">                        <img loading=\"lazy\" decoding=\"async\" src=\"https:\/\/inzynier.rzeszow.pl\/wp-content\/uploads\/2025\/04\/obraz_2026-02-01_201910860-768x596.png\"\n                             class=\"rt-img-responsive\"\n                             width=\"768\"\n                             height=\"596\"\n                             alt=\"IV Og\u00f3lnopolska Olimpiada Wiedzy o Procesie Inwestycyjno-Budowlanym\">\n\t\t\t\t\t\t\n\t\t\t\t\t\t\t\n\t\t<\/a>\n\t\t        <div class=\"overlay grid-hover-content\"><\/div>\n\t\t\t\t\t\t<\/div>\n\t\t\t\n\t\t\t<div class=\"post-right-content\">\n\t\t\t\t<div class=\"entry-title-wrapper\"><h3 class=\"entry-title\"><a data-id=\"3409\" href=\"https:\/\/inzynier.rzeszow.pl\/index.php\/2025\/04\/10\/iv-ogolnopolska-olimpiada-wiedzy-o-procesie-inwestycyjno-budowlanym\/\" class=\"tpg-post-link\" target=\"_self\">IV Og\u00f3lnopolska Olimpiada Wiedzy o Procesie Inwestycyjno-Budowlanym<\/a><\/h3><\/div>\n\t\t\t\t\t\t\t\t\t<div class=\"post-meta-tags rt-el-post-meta\">\n\t\t\t\t\t\t            <span class='date'>\n\t\t\t\t<i class='far fa-calendar-alt '><\/i>\t\t\t\t                    <a href=\"https:\/\/inzynier.rzeszow.pl\/index.php\/2025\/04\/10\/\">\n\t\t\t\t\t10 kwietnia, 2025\t\t\t\t<\/a>\n\t\t\t\t\t\t\t<\/span>\n\t\t\t\t\t\t\t\t<\/div>\n\t\t\t\t\n\t\t\t\t\t\t\t\t\t<div class=\"tpg-excerpt tpg-el-excerpt\">\n\t\t\t\t\t\t\t\t\t\t\t\t\t<div class=\"tpg-excerpt-inner\">\n\t\t\t\t\t\t\t\tW fina\u0142owej uroczysto\u015bci IV Og\u00f3lnopolskiej Olimpiady Wiedzy o Procesie Inwestycyjno-Budowlanym w Stalowej Woli uczestniczy\u0142a zast\u0119pca przewodnicz\u0105cego OR PDK OIIB Anna...\t\t\t\t\t\t\t<\/div>\n\t\t\t\t\t\t\t\t\t\t\t\t\t\t\t\t\t<\/div>\n\t\t\t\t\n\t\t\t\t        <div class=\"post-footer\">\n            <div class=\"post-footer\">\n                <div class=\"read-more\">\n\t\t\t\t\t<a data-id=\"3409\" href=\"https:\/\/inzynier.rzeszow.pl\/index.php\/2025\/04\/10\/iv-ogolnopolska-olimpiada-wiedzy-o-procesie-inwestycyjno-budowlanym\/\" class=\"tpg-post-link\" target=\"_self\">Czytaj wi\u0119cej<\/a>                <\/div>\n            <\/div>\n        <\/div>\n\t\t\t\t\t<\/div>\n\t\t<\/div>\n\t<\/div>\n<\/div>\n            <\/div>\n\n\t\t\t<div class='rt-pagination-wrap' data-total-pages='2' data-posts-per-page='' data-type='pagination'><div class=\"rt-pagination\"><ul class=\"pagination-list\"><li class=\"active\"><span>1<\/span><\/li><li><a data-paged='2' href='https:\/\/inzynier.rzeszow.pl\/index.php\/wp-json\/wp\/v2\/pages\/7022\/page\/2\/'>2<\/a><\/li><\/ul><\/div><\/div>\n        <\/div>\n\t\t\t\t\t\t<\/div>\n\t\t\t\t<\/div>\n\t\t\t\t\t<\/div>\n\t\t\t\t<\/div>\n\t\t\t\t<\/div>\n\t\t","protected":false},"excerpt":{"rendered":"<p>Wsp\u00f3\u0142praca z dzie\u0107mi i m\u0142odzie\u017c\u0105 Strona g\u0142\u00f3wna \/ Wsp\u00f3\u0142praca z dzie\u0107mi i m\u0142odzie\u017c\u0105 Eliminacje Okr\u0119gowe XXXIX Olimpiady Wiedzy i Umiej\u0119tno\u015bci [&hellip;]<\/p>\n","protected":false},"author":1,"featured_media":0,"parent":0,"menu_order":0,"comment_status":"closed","ping_status":"closed","template":"","meta":{"site-sidebar-layout":"no-sidebar","site-content-layout":"","ast-site-content-layout":"full-width-container","site-content-style":"default","site-sidebar-style":"default","ast-global-header-display":"","ast-banner-title-visibility":"","ast-main-header-display":"","ast-hfb-above-header-display":"","ast-hfb-below-header-display":"","ast-hfb-mobile-header-display":"","site-post-title":"disabled","ast-breadcrumbs-content":"","ast-featured-img":"disabled","footer-sml-layout":"","ast-disable-related-posts":"","theme-transparent-header-meta":"","adv-header-id-meta":"","stick-header-meta":"","header-above-stick-meta":"","header-main-stick-meta":"","header-below-stick-meta":"","astra-migrate-meta-layouts":"default","ast-page-background-enabled":"default","ast-page-background-meta":{"desktop":{"background-color":"var(--ast-global-color-5)","background-image":"","background-repeat":"repeat","background-position":"center center","background-size":"auto","background-attachment":"scroll","background-type":"","background-media":"","overlay-type":"","overlay-color":"","overlay-opacity":"","overlay-gradient":""},"tablet":{"background-color":"","background-image":"","background-repeat":"repeat","background-position":"center center","background-size":"auto","background-attachment":"scroll","background-type":"","background-media":"","overlay-type":"","overlay-color":"","overlay-opacity":"","overlay-gradient":""},"mobile":{"background-color":"","background-image":"","background-repeat":"repeat","background-position":"center center","background-size":"auto","background-attachment":"scroll","background-type":"","background-media":"","overlay-type":"","overlay-color":"","overlay-opacity":"","overlay-gradient":""}},"ast-content-background-meta":{"desktop":{"background-color":"var(--ast-global-color-4)","background-image":"","background-repeat":"repeat","background-position":"center center","background-size":"auto","background-attachment":"scroll","background-type":"","background-media":"","overlay-type":"","overlay-color":"","overlay-opacity":"","overlay-gradient":""},"tablet":{"background-color":"var(--ast-global-color-4)","background-image":"","background-repeat":"repeat","background-position":"center center","background-size":"auto","background-attachment":"scroll","background-type":"","background-media":"","overlay-type":"","overlay-color":"","overlay-opacity":"","overlay-gradient":""},"mobile":{"background-color":"var(--ast-global-color-4)","background-image":"","background-repeat":"repeat","background-position":"center center","background-size":"auto","background-attachment":"scroll","background-type":"","background-media":"","overlay-type":"","overlay-color":"","overlay-opacity":"","overlay-gradient":""}},"footnotes":""},"class_list":["post-7022","page","type-page","status-publish","hentry"],"yoast_head":"<!-- This site is optimized with the Yoast SEO plugin v27.5 - https:\/\/yoast.com\/product\/yoast-seo-wordpress\/ -->\n<title>Wsp\u00f3\u0142praca z dzie\u0107mi i m\u0142odzie\u017c\u0105 - Podkarpacka Okregowa Izba Inzynierow Budownictwa<\/title>\n<meta name=\"description\" content=\"Sprawd\u017a aktualno\u015bci Podkarpackiej Okr\u0119gowej Izby In\u017cynier\u00f3w Budownictwa w Rzeszowie \u2013 szkolenia, konferencje, wydarzenia i informacje dla in\u017cynier\u00f3w.\" \/>\n<meta name=\"robots\" content=\"index, follow, max-snippet:-1, max-image-preview:large, max-video-preview:-1\" \/>\n<link rel=\"canonical\" href=\"https:\/\/inzynier.rzeszow.pl\/index.php\/wspolpraca-z-dziecmi-i-mlodzieza\/\" \/>\n<meta property=\"og:locale\" content=\"pl_PL\" \/>\n<meta property=\"og:type\" content=\"article\" \/>\n<meta property=\"og:title\" content=\"Wsp\u00f3\u0142praca z dzie\u0107mi i m\u0142odzie\u017c\u0105 - Podkarpacka Okregowa Izba Inzynierow Budownictwa\" \/>\n<meta property=\"og:description\" content=\"Sprawd\u017a aktualno\u015bci Podkarpackiej Okr\u0119gowej Izby In\u017cynier\u00f3w Budownictwa w Rzeszowie \u2013 szkolenia, konferencje, wydarzenia i informacje dla in\u017cynier\u00f3w.\" \/>\n<meta property=\"og:url\" content=\"https:\/\/inzynier.rzeszow.pl\/index.php\/wspolpraca-z-dziecmi-i-mlodzieza\/\" \/>\n<meta property=\"og:site_name\" content=\"Podkarpacka Okregowa Izba Inzynierow Budownictwa\" \/>\n<meta property=\"article:modified_time\" content=\"2026-04-09T10:43:50+00:00\" \/>\n<meta property=\"og:image\" content=\"https:\/\/inzynier.rzeszow.pl\/wp-content\/uploads\/2026\/03\/IMG_0187-768x576.webp\" \/>\n<meta name=\"twitter:card\" content=\"summary_large_image\" \/>\n<meta name=\"twitter:label1\" content=\"Szacowany czas czytania\" \/>\n\t<meta name=\"twitter:data1\" content=\"7 minut\" \/>\n<script type=\"application\/ld+json\" class=\"yoast-schema-graph\">{\"@context\":\"https:\\\/\\\/schema.org\",\"@graph\":[{\"@type\":\"WebPage\",\"@id\":\"https:\\\/\\\/inzynier.rzeszow.pl\\\/index.php\\\/wspolpraca-z-dziecmi-i-mlodzieza\\\/\",\"url\":\"https:\\\/\\\/inzynier.rzeszow.pl\\\/index.php\\\/wspolpraca-z-dziecmi-i-mlodzieza\\\/\",\"name\":\"Wsp\u00f3\u0142praca z dzie\u0107mi i m\u0142odzie\u017c\u0105 - Podkarpacka Okregowa Izba Inzynierow Budownictwa\",\"isPartOf\":{\"@id\":\"https:\\\/\\\/inzynier.rzeszow.pl\\\/#website\"},\"primaryImageOfPage\":{\"@id\":\"https:\\\/\\\/inzynier.rzeszow.pl\\\/index.php\\\/wspolpraca-z-dziecmi-i-mlodzieza\\\/#primaryimage\"},\"image\":{\"@id\":\"https:\\\/\\\/inzynier.rzeszow.pl\\\/index.php\\\/wspolpraca-z-dziecmi-i-mlodzieza\\\/#primaryimage\"},\"thumbnailUrl\":\"https:\\\/\\\/inzynier.rzeszow.pl\\\/wp-content\\\/uploads\\\/2026\\\/03\\\/IMG_0187-768x576.webp\",\"datePublished\":\"2026-03-17T12:22:48+00:00\",\"dateModified\":\"2026-04-09T10:43:50+00:00\",\"description\":\"Sprawd\u017a aktualno\u015bci Podkarpackiej Okr\u0119gowej Izby In\u017cynier\u00f3w Budownictwa w Rzeszowie \u2013 szkolenia, konferencje, wydarzenia i informacje dla in\u017cynier\u00f3w.\",\"breadcrumb\":{\"@id\":\"https:\\\/\\\/inzynier.rzeszow.pl\\\/index.php\\\/wspolpraca-z-dziecmi-i-mlodzieza\\\/#breadcrumb\"},\"inLanguage\":\"pl-PL\",\"potentialAction\":[{\"@type\":\"ReadAction\",\"target\":[\"https:\\\/\\\/inzynier.rzeszow.pl\\\/index.php\\\/wspolpraca-z-dziecmi-i-mlodzieza\\\/\"]}]},{\"@type\":\"ImageObject\",\"inLanguage\":\"pl-PL\",\"@id\":\"https:\\\/\\\/inzynier.rzeszow.pl\\\/index.php\\\/wspolpraca-z-dziecmi-i-mlodzieza\\\/#primaryimage\",\"url\":\"https:\\\/\\\/inzynier.rzeszow.pl\\\/wp-content\\\/uploads\\\/2026\\\/03\\\/IMG_0187-768x576.webp\",\"contentUrl\":\"https:\\\/\\\/inzynier.rzeszow.pl\\\/wp-content\\\/uploads\\\/2026\\\/03\\\/IMG_0187-768x576.webp\"},{\"@type\":\"BreadcrumbList\",\"@id\":\"https:\\\/\\\/inzynier.rzeszow.pl\\\/index.php\\\/wspolpraca-z-dziecmi-i-mlodzieza\\\/#breadcrumb\",\"itemListElement\":[{\"@type\":\"ListItem\",\"position\":1,\"name\":\"Strona g\u0142\u00f3wna\",\"item\":\"https:\\\/\\\/inzynier.rzeszow.pl\\\/\"},{\"@type\":\"ListItem\",\"position\":2,\"name\":\"Wsp\u00f3\u0142praca z dzie\u0107mi i m\u0142odzie\u017c\u0105\"}]},{\"@type\":\"WebSite\",\"@id\":\"https:\\\/\\\/inzynier.rzeszow.pl\\\/#website\",\"url\":\"https:\\\/\\\/inzynier.rzeszow.pl\\\/\",\"name\":\"Podkarpacka Okregowa Izba Inzynierow Budownictwa\",\"description\":\"\",\"potentialAction\":[{\"@type\":\"SearchAction\",\"target\":{\"@type\":\"EntryPoint\",\"urlTemplate\":\"https:\\\/\\\/inzynier.rzeszow.pl\\\/?s={search_term_string}\"},\"query-input\":{\"@type\":\"PropertyValueSpecification\",\"valueRequired\":true,\"valueName\":\"search_term_string\"}}],\"inLanguage\":\"pl-PL\"}]}<\/script>\n<!-- \/ Yoast SEO plugin. -->","yoast_head_json":{"title":"Wsp\u00f3\u0142praca z dzie\u0107mi i m\u0142odzie\u017c\u0105 - Podkarpacka Okregowa Izba Inzynierow Budownictwa","description":"Sprawd\u017a aktualno\u015bci Podkarpackiej Okr\u0119gowej Izby In\u017cynier\u00f3w Budownictwa w Rzeszowie \u2013 szkolenia, konferencje, wydarzenia i informacje dla in\u017cynier\u00f3w.","robots":{"index":"index","follow":"follow","max-snippet":"max-snippet:-1","max-image-preview":"max-image-preview:large","max-video-preview":"max-video-preview:-1"},"canonical":"https:\/\/inzynier.rzeszow.pl\/index.php\/wspolpraca-z-dziecmi-i-mlodzieza\/","og_locale":"pl_PL","og_type":"article","og_title":"Wsp\u00f3\u0142praca z dzie\u0107mi i m\u0142odzie\u017c\u0105 - Podkarpacka Okregowa Izba Inzynierow Budownictwa","og_description":"Sprawd\u017a aktualno\u015bci Podkarpackiej Okr\u0119gowej Izby In\u017cynier\u00f3w Budownictwa w Rzeszowie \u2013 szkolenia, konferencje, wydarzenia i informacje dla in\u017cynier\u00f3w.","og_url":"https:\/\/inzynier.rzeszow.pl\/index.php\/wspolpraca-z-dziecmi-i-mlodzieza\/","og_site_name":"Podkarpacka Okregowa Izba Inzynierow Budownictwa","article_modified_time":"2026-04-09T10:43:50+00:00","og_image":[{"url":"https:\/\/inzynier.rzeszow.pl\/wp-content\/uploads\/2026\/03\/IMG_0187-768x576.webp","type":"","width":"","height":""}],"twitter_card":"summary_large_image","twitter_misc":{"Szacowany czas czytania":"7 minut"},"schema":{"@context":"https:\/\/schema.org","@graph":[{"@type":"WebPage","@id":"https:\/\/inzynier.rzeszow.pl\/index.php\/wspolpraca-z-dziecmi-i-mlodzieza\/","url":"https:\/\/inzynier.rzeszow.pl\/index.php\/wspolpraca-z-dziecmi-i-mlodzieza\/","name":"Wsp\u00f3\u0142praca z dzie\u0107mi i m\u0142odzie\u017c\u0105 - Podkarpacka Okregowa Izba Inzynierow Budownictwa","isPartOf":{"@id":"https:\/\/inzynier.rzeszow.pl\/#website"},"primaryImageOfPage":{"@id":"https:\/\/inzynier.rzeszow.pl\/index.php\/wspolpraca-z-dziecmi-i-mlodzieza\/#primaryimage"},"image":{"@id":"https:\/\/inzynier.rzeszow.pl\/index.php\/wspolpraca-z-dziecmi-i-mlodzieza\/#primaryimage"},"thumbnailUrl":"https:\/\/inzynier.rzeszow.pl\/wp-content\/uploads\/2026\/03\/IMG_0187-768x576.webp","datePublished":"2026-03-17T12:22:48+00:00","dateModified":"2026-04-09T10:43:50+00:00","description":"Sprawd\u017a aktualno\u015bci Podkarpackiej Okr\u0119gowej Izby In\u017cynier\u00f3w Budownictwa w Rzeszowie \u2013 szkolenia, konferencje, wydarzenia i informacje dla in\u017cynier\u00f3w.","breadcrumb":{"@id":"https:\/\/inzynier.rzeszow.pl\/index.php\/wspolpraca-z-dziecmi-i-mlodzieza\/#breadcrumb"},"inLanguage":"pl-PL","potentialAction":[{"@type":"ReadAction","target":["https:\/\/inzynier.rzeszow.pl\/index.php\/wspolpraca-z-dziecmi-i-mlodzieza\/"]}]},{"@type":"ImageObject","inLanguage":"pl-PL","@id":"https:\/\/inzynier.rzeszow.pl\/index.php\/wspolpraca-z-dziecmi-i-mlodzieza\/#primaryimage","url":"https:\/\/inzynier.rzeszow.pl\/wp-content\/uploads\/2026\/03\/IMG_0187-768x576.webp","contentUrl":"https:\/\/inzynier.rzeszow.pl\/wp-content\/uploads\/2026\/03\/IMG_0187-768x576.webp"},{"@type":"BreadcrumbList","@id":"https:\/\/inzynier.rzeszow.pl\/index.php\/wspolpraca-z-dziecmi-i-mlodzieza\/#breadcrumb","itemListElement":[{"@type":"ListItem","position":1,"name":"Strona g\u0142\u00f3wna","item":"https:\/\/inzynier.rzeszow.pl\/"},{"@type":"ListItem","position":2,"name":"Wsp\u00f3\u0142praca z dzie\u0107mi i m\u0142odzie\u017c\u0105"}]},{"@type":"WebSite","@id":"https:\/\/inzynier.rzeszow.pl\/#website","url":"https:\/\/inzynier.rzeszow.pl\/","name":"Podkarpacka Okregowa Izba Inzynierow Budownictwa","description":"","potentialAction":[{"@type":"SearchAction","target":{"@type":"EntryPoint","urlTemplate":"https:\/\/inzynier.rzeszow.pl\/?s={search_term_string}"},"query-input":{"@type":"PropertyValueSpecification","valueRequired":true,"valueName":"search_term_string"}}],"inLanguage":"pl-PL"}]}},"rttpg_featured_image_url":null,"rttpg_author":{"display_name":"admin","author_link":"https:\/\/inzynier.rzeszow.pl\/index.php\/author\/kwojcik\/"},"rttpg_comment":0,"rttpg_category":"","rttpg_excerpt":"Wsp\u00f3\u0142praca z dzie\u0107mi i m\u0142odzie\u017c\u0105 Strona g\u0142\u00f3wna \/ Wsp\u00f3\u0142praca z dzie\u0107mi i m\u0142odzie\u017c\u0105 Eliminacje Okr\u0119gowe XXXIX Olimpiady Wiedzy i Umiej\u0119tno\u015bci [&hellip;]","_links":{"self":[{"href":"https:\/\/inzynier.rzeszow.pl\/index.php\/wp-json\/wp\/v2\/pages\/7022","targetHints":{"allow":["GET"]}}],"collection":[{"href":"https:\/\/inzynier.rzeszow.pl\/index.php\/wp-json\/wp\/v2\/pages"}],"about":[{"href":"https:\/\/inzynier.rzeszow.pl\/index.php\/wp-json\/wp\/v2\/types\/page"}],"author":[{"embeddable":true,"href":"https:\/\/inzynier.rzeszow.pl\/index.php\/wp-json\/wp\/v2\/users\/1"}],"replies":[{"embeddable":true,"href":"https:\/\/inzynier.rzeszow.pl\/index.php\/wp-json\/wp\/v2\/comments?post=7022"}],"version-history":[{"count":9,"href":"https:\/\/inzynier.rzeszow.pl\/index.php\/wp-json\/wp\/v2\/pages\/7022\/revisions"}],"predecessor-version":[{"id":8523,"href":"https:\/\/inzynier.rzeszow.pl\/index.php\/wp-json\/wp\/v2\/pages\/7022\/revisions\/8523"}],"wp:attachment":[{"href":"https:\/\/inzynier.rzeszow.pl\/index.php\/wp-json\/wp\/v2\/media?parent=7022"}],"curies":[{"name":"wp","href":"https:\/\/api.w.org\/{rel}","templated":true}]}}