{"id":4252,"date":"2026-04-24T07:06:41","date_gmt":"2026-04-24T06:06:41","guid":{"rendered":"https:\/\/migracja.inzynier.rzeszow.pl\/?page_id=4252"},"modified":"2026-04-24T11:05:14","modified_gmt":"2026-04-24T10:05:14","slug":"organy-pdk-oiib-kadencji-2022-2026","status":"publish","type":"page","link":"https:\/\/inzynier.rzeszow.pl\/index.php\/historia-izby\/organy-pdk-oiib-kadencji-2022-2026\/","title":{"rendered":"Organy PDK OIIB kadencji 2022 &#8211; 2026"},"content":{"rendered":"\t\t<div data-elementor-type=\"wp-page\" data-elementor-id=\"4252\" class=\"elementor elementor-4252\" data-elementor-post-type=\"page\">\n\t\t\t\t<div class=\"elementor-element elementor-element-c6ddcf0 e-flex e-con-boxed e-con e-parent\" data-id=\"c6ddcf0\" data-element_type=\"container\" data-e-type=\"container\" data-settings=\"{&quot;background_background&quot;:&quot;classic&quot;}\">\n\t\t\t\t\t<div class=\"e-con-inner\">\n\t\t<div class=\"elementor-element elementor-element-f90288b e-con-full e-flex e-con e-child\" data-id=\"f90288b\" data-element_type=\"container\" data-e-type=\"container\" data-settings=\"{&quot;background_background&quot;:&quot;classic&quot;}\">\n\t\t\t\t<div class=\"elementor-element elementor-element-63fce6b elementor-widget elementor-widget-heading\" data-id=\"63fce6b\" data-element_type=\"widget\" data-e-type=\"widget\" data-widget_type=\"heading.default\">\n\t\t\t\t\t<h1 class=\"elementor-heading-title elementor-size-default\">Organy PDK OIIB kadencji 2022 - 2026<\/h1>\t\t\t\t<\/div>\n\t\t\t\t<\/div>\n\t\t\t\t\t<\/div>\n\t\t\t\t<\/div>\n\t\t<div class=\"elementor-element elementor-element-b79ae22 e-flex e-con-boxed e-con e-parent\" data-id=\"b79ae22\" data-element_type=\"container\" data-e-type=\"container\">\n\t\t\t\t\t<div class=\"e-con-inner\">\n\t\t\t\t<div class=\"elementor-element elementor-element-7249e99 elementor-widget elementor-widget-text-editor\" data-id=\"7249e99\" data-element_type=\"widget\" data-e-type=\"widget\" data-widget_type=\"text-editor.default\">\n\t\t\t\t\t\t\t\t\t<p><a href=\"https:\/\/inzynier.rzeszow.pl\">Strona g\u0142\u00f3wna <\/a>\/ <a href=\"https:\/\/inzynier.rzeszow.pl\/index.php\/z-zycia-izby\/\">Z \u017cycia izby<\/a>\/ <a href=\"https:\/\/inzynier.rzeszow.pl\/index.php\/historia-izby\/\">Historia izby<\/a> \/ <a href=\"https:\/\/inzynier.rzeszow.pl\/index.php\/organy-pdk-oiib-kadencji-2018-2022\/\" data-wplink-edit=\"true\">Organy PDK OIIB kadencji 2022 &#8211; 2026<\/a><\/p>\t\t\t\t\t\t\t\t<\/div>\n\t\t\t\t\t<\/div>\n\t\t\t\t<\/div>\n\t\t<div class=\"elementor-element elementor-element-1dbc481 e-flex e-con-boxed e-con e-parent\" data-id=\"1dbc481\" data-element_type=\"container\" data-e-type=\"container\">\n\t\t\t\t\t<div class=\"e-con-inner\">\n\t\t<div class=\"elementor-element elementor-element-caacace e-con-full e-flex e-con e-child\" data-id=\"caacace\" data-element_type=\"container\" data-e-type=\"container\" data-settings=\"{&quot;background_background&quot;:&quot;classic&quot;}\">\n\t\t\t\t<div class=\"elementor-element elementor-element-66c1a76 elementor-widget__width-initial elementor-widget elementor-widget-heading\" data-id=\"66c1a76\" data-element_type=\"widget\" data-e-type=\"widget\" data-widget_type=\"heading.default\">\n\t\t\t\t\t<h1 class=\"elementor-heading-title elementor-size-default\">Delegaci na Zjazdy Podkarpackiej Okr\u0119gowej Izby In\u017cynier\u00f3w Budownictwa w kadencji 2022-2026<\/h1>\t\t\t\t<\/div>\n\t\t\t\t<\/div>\n\t\t\t\t\t<\/div>\n\t\t\t\t<\/div>\n\t\t<div class=\"elementor-element elementor-element-f000837 e-flex e-con-boxed e-con e-parent\" data-id=\"f000837\" data-element_type=\"container\" data-e-type=\"container\">\n\t\t\t\t\t<div class=\"e-con-inner\">\n\t\t<div class=\"elementor-element elementor-element-79258f0 e-con-full e-flex e-con e-child\" data-id=\"79258f0\" data-element_type=\"container\" data-e-type=\"container\">\n\t\t\t\t<div class=\"elementor-element elementor-element-28f4914 elementor-widget__width-initial elementor-widget elementor-widget-text-editor\" data-id=\"28f4914\" data-element_type=\"widget\" data-e-type=\"widget\" data-widget_type=\"text-editor.default\">\n\t\t\t\t\t\t\t\t\t<p>1. Anna Krystian PDK\/BD\/1739\/01 Bieszczadzki<br \/>2. Tadeusz Iwanowski PDK\/BO\/0210\/01 Brzozowski<br \/>3. Janusz Le\u0144 ****) PDK\/BO\/0347\/01 Brzozowski<br \/>4. Grzegorz Szabelski PDK\/BO\/0625\/01 Brzozowski<br \/>5. Grzegorz Wojtowicz PDK\/IE\/0673\/03 Brzozowski<br \/>6. Grzegorz Marcin Cie\u015blikowski PDK\/BO\/0222\/16 D\u0119bicki<br \/>7. Bogus\u0142aw Czarnik PDK\/BD\/1651\/01 D\u0119bicki<br \/>8. Pawe\u0142 Majka PDK\/BO\/0141\/11 D\u0119bicki<br \/>9. Krzysztof Mat\u0142ok PDK\/IE\/0056\/04 D\u0119bicki<br \/>10. Piotr Mryczko PDK\/BO\/1381\/03 D\u0119bicki<br \/>11. Dariusz Rodzo\u0144 PDK\/BO\/0404\/05 D\u0119bicki<br \/>12. Pawe\u0142 J\u00f3zef S\u0119kowski PDK\/BO\/0024\/12 D\u0119bicki<br \/>13. Jaros\u0142aw \u015aliwa PDK\/BO\/0776\/03 D\u0119bicki<br \/>14. Bogus\u0142aw Strza\u0142ka PDK\/BO\/0852\/01 D\u0119bicki<br \/>15. Les\u0142aw Bartoszek PDK\/IE\/1324\/03 Jaros\u0142awski<br \/>16. Roman Cu\u017cytek PDK\/BO\/0791\/01 Jaros\u0142awski<br \/>17. Stanis\u0142aw Falkowski PDK\/IS\/0942\/01 Jaros\u0142awski<br \/>18. Grzegorz Halwa PDK\/BO\/0048\/18 Jaros\u0142awski<br \/>19. Piotr Lichtarski PDK\/BO\/0849\/02 Jaros\u0142awski<br \/>20. Stanis\u0142awa Mazur (**) PDK\/BO\/0828\/01 Jaros\u0142awski<br \/>21. Robert Mendyka PDK\/BO\/0084\/08 Jaros\u0142awski<br \/>22. Krzysztof Sopel PDK\/BO\/0145\/07 Jaros\u0142awski<br \/>23. Marian \u017bo\u0142yniak PDK\/IS\/0100\/20 Jaros\u0142awski<br \/>24. Karol Piotr Dziedzic PDK\/BO\/0218\/13 Jasielski<br \/>25. Micha\u0142 Felenczak PDK\/BO\/0079\/19 Jasielski<br \/>26. Wojciech Kras PDK\/IS\/0066\/03 Jasielski<br \/>27. Micha\u0142 Franciszek P\u0119tlak PDK\/BO\/0260\/07 Jasielski<br \/>28. Marek Jan R\u0105czka PDK\/IS\/0131\/17 Jasielski<br \/>29. Robert Rak PDK\/BO\/0109\/15 Jasielski<br \/>30. Pawe\u0142 Zawada PDK\/IS\/1207\/01 Jasielski<br \/>31. Bogus\u0142aw Januszek PDK\/BO\/1617\/03 Kolbuszowski<br \/>32. Liliana Serafin PDK\/BO\/0247\/05 Kolbuszowski<br \/>33. Anna D\u0105browska &#8211; Lasko\u015b PDK\/BO\/0114\/01 Kro\u015bnie\u0144ski<br \/>34. Stanis\u0142aw Do\u0142\u0119gowski (*) PDK\/BO\/0873\/01 Kro\u015bnie\u0144ski<br \/>34. uzup Jacek Gajda (***) PDK\/BO\/0042\/07 Kro\u015bnie\u0144ski<br \/>35. \u0141ukasz Zdzis\u0142aw Janas PDK\/IS\/0186\/12 Kro\u015bnie\u0144ski<br \/>36. Henryk Kalisz PDK\/BD\/1706\/01 Kro\u015bnie\u0144ski<br \/>37. Stanis\u0142aw Kindel PDK\/BO\/0288\/14 Kro\u015bnie\u0144ski<br \/>38. Jacek Adam \u0141ojek PDK\/IS\/0204\/11 Kro\u015bnie\u0144ski<br \/>39. Andrzej P\u00f3\u0142ch\u0142opek PDK\/IE\/1853\/03 Kro\u015bnie\u0144ski<br \/>40. Grzegorz Rachwa\u0142 PDK\/IS\/1120\/01 Kro\u015bnie\u0144ski<br \/>41. Marcin Szmyd PDK\/BO\/0065\/05 Kro\u015bnie\u0144ski<br \/>42. Grzegorz Bieniasz PDK\/BO\/0233\/04 \u0141a\u0144cucki<br \/>43. Wojciech Ku\u017amicz PDK\/BO\/0024\/13 \u0141a\u0144cucki<br \/>44. Wojciech Parys PDK\/BO\/0139\/13 \u0141a\u0144cucki<br \/>45. \u0141ukasz Szajnar PDK\/IE\/0059\/14 \u0141a\u0144cucki<br \/>46. S\u0142awomir Wal PDK\/IE\/0208\/14 \u0141a\u0144cucki<br \/>47. Robert Gawe\u0142 PDK\/BO\/1304\/03 Leski<br \/>48. Arkadiusz Rados\u0142aw Burek PDK\/BM\/0035\/05 Le\u017cajski<br \/>49. Jacek Czop PDK\/IS\/0044\/16 Le\u017cajski<br \/>50. Damian Dec PDK\/IS\/0187\/14 Le\u017cajski<br \/>51. Zbigniew Jerzy M\u0142ynarski PDK\/IS\/0181\/10 Le\u017cajski<br \/>52. Jerzy W\u0142adys\u0142aw Mik\u0142asz PDK\/BO\/0151\/10 Lubaczowski<br \/>53. Feliks Sopel PDK\/BM\/2104\/01 Lubaczowski<br \/>54. Stanis\u0142aw Uszkowski PDK\/BO\/0695\/01 Lubaczowski<br \/>55. J\u00f3zef Bryl PDK\/BO\/0125\/02 Mielecki<br \/>56. Piotr Chmura PDK\/BO\/0210\/09 Mielecki<br \/>57. Agnieszka Kaczkowska PDK\/BD\/0148\/17 Mielecki<br \/>58. Leszek Kaczmarczyk PDK\/IS\/0991\/01 Mielecki<br \/>59. Andrzej Klecha PDK\/BD\/1712\/01 Mielecki<br \/>60. Danuta Pazdro PDK\/BO\/0495\/01 Mielecki<br \/>61. Ewa Wi\u0105cek PDK\/IS\/1188\/01 Mielecki<br \/>62. Grzegorz Hydel PDK\/IE\/0270\/11 Ni\u017ca\u0144ski<br \/>63. Zbigniew Tadeusz Lach PDK\/BD\/0244\/11 Ni\u017ca\u0144ski<br \/>64. Marcin Pawe\u0142 Waszkiewicz PDK\/BD\/0070\/11 Ni\u017ca\u0144ski<br \/>65. Beata Agnieszka Bartocha PDK\/IS\/0078\/11 Przemyski<br \/>66. Marcin Gromala PDK\/IE\/0185\/12 Przemyski<br \/>67.Wojciech Ja\u015bkowski PDK\/BO\/0227\/01 Przemyski<br \/>68. Ryszard Kaliszczak PDK\/BO\/0280\/08 Przemyski<br \/>69. Jerzy Madera PDK\/BO\/0381\/01 Przemyski<br \/>70. Andrzej Maksym PDK\/BO\/0046\/03 Przemyski<br \/>71. Jacek Miko\u0142ajewski PDK\/BO\/0357\/02 Przemyski<br \/>72. Dariusz Nowakowski PDK\/IE\/0243\/13 Przemyski<br \/>73. Adam Bro\u017cbar PDK\/IE\/0069\/17 Przeworski<br \/>74. Jan Micha\u0142 Niemiec PDK\/BK\/0139\/05 Przeworski<br \/>75. Mariusz Panek PDK\/BO\/0207\/18 Przeworski<\/p>\t\t\t\t\t\t\t\t<\/div>\n\t\t\t\t<\/div>\n\t\t\t\t<div class=\"elementor-element elementor-element-87292da elementor-widget elementor-widget-text-editor\" data-id=\"87292da\" data-element_type=\"widget\" data-e-type=\"widget\" data-widget_type=\"text-editor.default\">\n\t\t\t\t\t\t\t\t\t<p>76. Marek Piotr Wasiuta PDK\/BD\/0267\/17 Przeworski<br \/>77. Krzysztof Cyrulik PDK\/BO\/0213\/09 Ropczycko-S\u0119dziszowski<br \/>78. Ma\u0142gorzata Anna Michalska -Bochnak PDK\/BO\/0032\/10 Ropczycko-S\u0119dziszowski<br \/>79. Andrzej Panek PDK\/IS\/0375\/03 Ropczycko-S\u0119dziszowski<br \/>80. \u0141ukasz Marek Amanowicz PDK\/BO\/0102\/09 Rzeszowski<br \/>81. S\u0142awomir Bana\u015b PDK\/IE\/1254\/01 Rzeszowski<br \/>82. Wies\u0142aw Bia\u0142orucki PDK\/BO\/1498\/03 Rzeszowski<br \/>83. Wojciech Bieda PDK\/IE\/1264\/01 Rzeszowski<br \/>84. Krzysztof Borek PDK\/BO\/1488\/03 Rzeszowski<br \/>85. Arkadiusz Dubiel PDK\/BD\/0087\/18 Rzeszowski<br \/>86. Piotr Marcin Dubis PDK\/BO\/0222\/08 Rzeszowski<br \/>87. Witold Duszlak PDK\/IS\/0250\/04 Rzeszowski<br \/>88. Renata Gancarczyk PDK\/IS\/1847\/03 Rzeszowski<br \/>89. Danuta Goszczy\u0144ska-Wojtas PDK\/IS\/0956\/01 Rzeszowski<br \/>90. Grzegorz Ho\u0142ody PDK\/IE\/0062\/06 Rzeszowski<br \/>91. Wac\u0142aw Kami\u0144ski PDK\/BO\/0181\/02 Rzeszowski<br \/>92. Edward Kocur PDK\/IS\/0143\/03 Rzeszowski<br \/>93. Wies\u0142aw Kubiszyn PDK\/BO\/0306\/02 Rzeszowski<br \/>94. Piotr Adam Kuczmenda PDK\/IS\/0254\/09 Rzeszowski<br \/>95. Urszula Kukulska PDK\/BO\/0013\/21 Rzeszowski<br \/>96. El\u017cbieta \u0141ado\u015b PDK\/IS\/1040\/01 Rzeszowski<br \/>97. Grzegorz Liszcz PDK\/BO\/0019\/13 Rzeszowski<br \/>98. Sylwia Karolina Lutak PDK\/BO\/0140\/17 Rzeszowski<br \/>99. Agata Majka PDK\/BO\/0045\/03 Rzeszowski<br \/>100. Andrzej Nowor\u00f3l PDK\/IS\/0830\/02 Rzeszowski<br \/>101.Krzysztof Ostrowski PDK\/BO\/0258\/06 Rzeszowski<br \/>102. Grzegorz O\u017c\u00f3g PDK\/BO\/0226\/03 Rzeszowski<br \/>103. Boles\u0142aw Pa\u0142ac PDK\/IE\/1453\/01 Rzeszowski<br \/>104. Aleksander P\u0119kala PDK\/IE\/1458\/01 Rzeszowski<br \/>105. Zdzis\u0142aw Pisarek PDK\/BO\/0410\/04 Rzeszowski<br \/>106. Zbigniew Plewako PDK\/BO\/0518\/01 Rzeszowski<br \/>107. Tomasz Polek PDK\/BO\/0523\/01 Rzeszowski<br \/>108. Rafa\u0142 Pomianek PDK\/IE\/0121\/15 Rzeszowski<br \/>109. Wac\u0142aw Pyra PDK\/IS\/0822\/02 Rzeszowski<br \/>110. Izabela Skrzypczak PDK\/BO\/0168\/06 Rzeszowski<br \/>111. Zygmunt Sobczyk PDK\/BO\/0032\/11 Rzeszowski<br \/>112. Edyta Maria Starego PDK\/IS\/0041\/12 Rzeszowski<br \/>113. Bogdan Stec PDK\/BO\/0053\/03 Rzeszowski<br \/>114. Bogus\u0142aw Szlachta PDK\/IE\/1537\/01 Rzeszowski<br \/>115. S\u0142awomir Turopolski PDK\/IS\/0040\/14 Rzeszowski<br \/>116. Iwona Patrycja Warzybok PDK\/IS\/0199\/09 Rzeszowski<br \/>117. Tomasz Bo\u017cydar Wi\u0119cek PDK\/IS\/0184\/10 Rzeszowski<br \/>118. Piotr Wilk PDK\/BO\/0221\/08 Rzeszowski<br \/>119. Damian Witnik PDK\/BO\/0084\/16 Rzeszowski<br \/>120. Andrzej W\u00f3jcik PDK\/BO\/0062\/03 Rzeszowski<br \/>121. Krystyna Wr\u00f3bel PDK\/BO\/0307\/02 Rzeszowski<br \/>122. \u0141ukasz Piotr Ze\u0144ko PDK\/IS\/0134\/16 Rzeszowski<br \/>123. Bart\u0142omiej \u017bukowicz PDK\/IS\/1006\/03 Rzeszowski<br \/>124. Artur Tomasz \u017burek PDK\/BO\/0128\/07 Rzeszowski<br \/>125. Jerzy \u017by\u0142a PDK\/IS\/0270\/19 Rzeszowski<br \/>126. Jerzy Lewi\u0144ski PDK\/IE\/1404\/01 Sanocki<br \/>127. Arkadiusz Menio PDK\/IS\/1228\/01 Sanocki<br \/>128. Robert Milczanowski PDK\/BO\/0426\/01 Sanocki<br \/>129. Robert Andrzej Stramecki PDK\/BO\/0138\/12 Sanocki<br \/>130. Jaros\u0142aw Suchora PDK\/BO\/0793\/03 Sanocki<br \/>131. Grzegorz Dubik PDK\/BO\/0416\/02 Stalowowolski<br \/>132. Leszek Piotr Gazda PDK\/BO\/0211\/09 Stalowowolski<br \/>133. Andrzej G\u0142\u0105b PDK\/BO\/0173\/01 Stalowowolski<br \/>134. El\u017cbieta Kosior PDK\/IS\/1011\/01 Stalowowolski<br \/>135. Mariusz Piotrowski PDK\/BD\/0072\/06 Stalowowolski<br \/>136. Andrzej Tarczy\u0144ski PDK\/IS\/1173\/01 Stalowowolski<br \/>137. Ma\u0142gorzata Krajciewicz-\u017burek PDK\/BO\/0151\/04 Strzy\u017cowski<br \/>138. Marek Maczuga PDK\/BD\/0069\/07 Strzy\u017cowski<br \/>139. Tomasz Pawe\u0142 W\u00f3jtowicz PDK\/BD\/0173\/17 Strzy\u017cowski<br \/>140. Pawe\u0142 Jan Dul PDK\/BD\/0170\/17 Tarnobrzeski<br \/>141. Tadeusz Dusak PDK\/BO\/0143\/01 Tarnobrzeski<br \/>142. Ireneusz Dyrda PDK\/IS\/1193\/03 Tarnobrzeski<br \/>143. Jacek Foc PDK\/BO\/0152\/01 Tarnobrzeski<br \/>144. Anna Joanna Malinowska PDK\/IS\/0048\/06 Tarnobrzeski<br \/>145. Marcin Roman Walkiewicz PDK\/BD\/0388\/07 Tarnobrzeski<\/p>\t\t\t\t\t\t\t\t<\/div>\n\t\t\t\t\t<\/div>\n\t\t\t\t<\/div>\n\t\t<div class=\"elementor-element elementor-element-efe04f7 e-flex e-con-boxed e-con e-parent\" data-id=\"efe04f7\" data-element_type=\"container\" data-e-type=\"container\">\n\t\t\t\t\t<div class=\"e-con-inner\">\n\t\t\t\t<div class=\"elementor-element elementor-element-197dde1 elementor-widget elementor-widget-text-editor\" data-id=\"197dde1\" data-element_type=\"widget\" data-e-type=\"widget\" data-widget_type=\"text-editor.default\">\n\t\t\t\t\t\t\t\t\t<table border=\"0\"><tbody><tr><td>*) zmar\u0142 08.09.2023 r.<br \/>**) zawieszona na \u017cyczenie<br \/>***) zmar\u0142 07.06.2024 r.<br \/>****) zmar\u0142 marzec 2026 r.<\/td><\/tr><\/tbody><\/table>\t\t\t\t\t\t\t\t<\/div>\n\t\t\t\t\t<\/div>\n\t\t\t\t<\/div>\n\t\t<div class=\"elementor-element elementor-element-01e904d e-flex e-con-boxed e-con e-parent\" data-id=\"01e904d\" data-element_type=\"container\" data-e-type=\"container\">\n\t\t\t\t\t<div class=\"e-con-inner\">\n\t\t<div class=\"elementor-element elementor-element-2922b82 e-con-full e-flex e-con e-child\" data-id=\"2922b82\" data-element_type=\"container\" data-e-type=\"container\" data-settings=\"{&quot;background_background&quot;:&quot;classic&quot;}\">\n\t\t\t\t<div class=\"elementor-element elementor-element-7361ccb elementor-widget__width-initial elementor-widget elementor-widget-heading\" data-id=\"7361ccb\" data-element_type=\"widget\" data-e-type=\"widget\" data-widget_type=\"heading.default\">\n\t\t\t\t\t<h1 class=\"elementor-heading-title elementor-size-default\">Okr\u0119gowa Rada PDK OIIB<\/h1>\t\t\t\t<\/div>\n\t\t\t\t<\/div>\n\t\t\t\t\t<\/div>\n\t\t\t\t<\/div>\n\t\t<div class=\"elementor-element elementor-element-8a3d4b7 e-flex e-con-boxed e-con e-parent\" data-id=\"8a3d4b7\" data-element_type=\"container\" data-e-type=\"container\">\n\t\t\t\t\t<div class=\"e-con-inner\">\n\t\t\t\t<div class=\"elementor-element elementor-element-fe3c9ec elementor-widget elementor-widget-text-editor\" data-id=\"fe3c9ec\" data-element_type=\"widget\" data-e-type=\"widget\" data-widget_type=\"text-editor.default\">\n\t\t\t\t\t\t\t\t\t<p>1. Grzegorz Dubik PDK\/BO\/0416\/02 przewodnicz\u0105cy Okr\u0119gowej Rady <br \/>2. Wac\u0142aw Kami\u0144ski PDK\/BO\/0181\/02 zast\u0119pca przewodnicz\u0105cego<br \/>3. Anna Malinowska PDK\/IS\/0048\/06 zast\u0119pca przewodnicz\u0105cego<br \/>4. Jaros\u0142aw Suchora PDK\/BO\/0793\/03 zast\u0119pca przewodnicz\u0105cego<br \/>5. Liliana Serafin PDK\/BO\/0247\/05 sekretarz<br \/>6. Iwona Warzybok PDK\/IS\/0199\/09 skarbnik PDK OIIB<br \/>7. \u0141ukasz Ze\u0144ko PDK\/IS\/0134\/16 cz\u0142onek prezydium od 17 czerwca 2024 r. uchwa\u0142a nr PDK\/OR\/0018\/2024<\/p><p>8. \u0141ukasz Amanowicz PDK\/BO\/0102\/09 cz\u0142onek Sk\u0142adu Orzekaj\u0105cego Okr\u0119gowej Rady<br \/>9. S\u0142awomir Bana\u015b PDK\/IE\/1254\/01<br \/>10. Wies\u0142aw Bia\u0142orucki PDK\/BO\/1498\/03<br \/>11. Wojciech Bieda PDK\/IE\/1264\/01 cz\u0142onek Sk\u0142adu Orzekaj\u0105cego Okr\u0119gowej Rady<br \/>12. Arkadiusz Burek PDK\/BM\/0035\/05<br \/>13. Piotr Chmura PDK\/BO\/0210\/09 <br \/>14. Anna D\u0105browska-Lasko\u015b PDK\/BO\/0114\/01<br \/>15. Janusz Le\u0144 PDK\/BO\/0347\/01<br \/>16. Grzegorz Liszcz PDK\/BO\/0019\/13 <br \/>17. Jacek Miko\u0142ajewski PDK\/BO\/0357\/02<br \/>18. Wojciech Parys PDK\/BO\/0139\/13<br \/>19. Zdzis\u0142aw Pisarek PDK\/BO\/0410\/04<br \/>20. Grzegorz Rachwa\u0142 PDK\/IS\/1120\/01<br \/>21. Zygmunt Sobczyk PDK\/BO\/0032\/11<br \/>22. Feliks Sopel PDK\/BM\/2104\/01<br \/>23. Krzysztof Sopel PDK\/BO\/0145\/07 przewodnicz\u0105cy Sk\u0142adu Orzekaj\u0105cego Okr\u0119gowej Rady<br \/>24. Bogdan Stec PDK\/BO\/0053\/03 cz\u0142onek Sk\u0142adu Orzekaj\u0105cego Okr\u0119gowej Rady<br \/>25. Jaros\u0142aw \u015aliwa PDK\/BO\/0776\/03<br \/>26. Marcin Waszkiewicz PDK\/BD\/0070\/11<br \/>27. Tomasz Wi\u0119cek PDK\/IS\/0184\/10<br \/>28. Andrzej W\u00f3jcik PDK\/BO\/0062\/03<br \/>29. Pawe\u0142 Zawada PDK\/IS\/1207\/01<\/p>\t\t\t\t\t\t\t\t<\/div>\n\t\t\t\t\t<\/div>\n\t\t\t\t<\/div>\n\t\t<div class=\"elementor-element elementor-element-ca71325 e-flex e-con-boxed e-con e-parent\" data-id=\"ca71325\" data-element_type=\"container\" data-e-type=\"container\">\n\t\t\t\t\t<div class=\"e-con-inner\">\n\t\t<div class=\"elementor-element elementor-element-24fb53e e-con-full e-flex e-con e-child\" data-id=\"24fb53e\" data-element_type=\"container\" data-e-type=\"container\" data-settings=\"{&quot;background_background&quot;:&quot;classic&quot;}\">\n\t\t\t\t<div class=\"elementor-element elementor-element-3a8ae7a elementor-widget__width-initial elementor-widget elementor-widget-heading\" data-id=\"3a8ae7a\" data-element_type=\"widget\" data-e-type=\"widget\" data-widget_type=\"heading.default\">\n\t\t\t\t\t<h1 class=\"elementor-heading-title elementor-size-default\">Komisja Rewizyjna PDK OIIB<\/h1>\t\t\t\t<\/div>\n\t\t\t\t<\/div>\n\t\t\t\t\t<\/div>\n\t\t\t\t<\/div>\n\t\t<div class=\"elementor-element elementor-element-d583c94 e-flex e-con-boxed e-con e-parent\" data-id=\"d583c94\" data-element_type=\"container\" data-e-type=\"container\">\n\t\t\t\t\t<div class=\"e-con-inner\">\n\t\t\t\t<div class=\"elementor-element elementor-element-30853cf elementor-widget elementor-widget-text-editor\" data-id=\"30853cf\" data-element_type=\"widget\" data-e-type=\"widget\" data-widget_type=\"text-editor.default\">\n\t\t\t\t\t\t\t\t\t<ol><li>Nowakowski Dariusz PDK\/IE\/0243\/13 przewodnicz\u0105cy<\/li><li>Kuczmenda Piotr PDK\/IS\/0254\/09 zast\u0119pca przewodnicz\u0105cego<\/li><li>Bartocha Beata PDK\/IS\/0078\/11 sekretarz<\/li><li>Dyrda Ireneusz PDK\/IS\/1193\/03\u00a0\u00a0\u00a0\u00a0\u00a0\u00a0\u00a0\u00a0\u00a0\u00a0\u00a0\u00a0\u00a0\u00a0\u00a0\u00a0\u00a0\u00a0\u00a0\u00a0\u00a0\u00a0\u00a0\u00a0\u00a0\u00a0\u00a0\u00a0\u00a0\u00a0\u00a0\u00a0\u00a0\u00a0\u00a0\u00a0\u00a0\u00a0\u00a0\u00a0\u00a0\u00a0\u00a0\u00a0<\/li><li>Gazda Leszek PDK\/BO\/0211\/09\u00a0\u00a0\u00a0\u00a0\u00a0\u00a0\u00a0\u00a0\u00a0\u00a0\u00a0\u00a0\u00a0\u00a0\u00a0\u00a0\u00a0\u00a0\u00a0\u00a0\u00a0\u00a0\u00a0\u00a0\u00a0\u00a0\u00a0\u00a0\u00a0\u00a0\u00a0\u00a0\u00a0\u00a0\u00a0\u00a0\u00a0\u00a0\u00a0\u00a0\u00a0<\/li><li>Kras Wojciech PDK\/IS\/0066\/03<\/li><li>Mryczko Piotr PDK\/BO\/1381\/03<\/li><\/ol>\t\t\t\t\t\t\t\t<\/div>\n\t\t\t\t\t<\/div>\n\t\t\t\t<\/div>\n\t\t<div class=\"elementor-element elementor-element-2b189d0 e-flex e-con-boxed e-con e-parent\" data-id=\"2b189d0\" data-element_type=\"container\" data-e-type=\"container\">\n\t\t\t\t\t<div class=\"e-con-inner\">\n\t\t<div class=\"elementor-element elementor-element-ac87b03 e-con-full e-flex e-con e-child\" data-id=\"ac87b03\" data-element_type=\"container\" data-e-type=\"container\" data-settings=\"{&quot;background_background&quot;:&quot;classic&quot;}\">\n\t\t\t\t<div class=\"elementor-element elementor-element-f3c61ae elementor-widget__width-initial elementor-widget elementor-widget-heading\" data-id=\"f3c61ae\" data-element_type=\"widget\" data-e-type=\"widget\" data-widget_type=\"heading.default\">\n\t\t\t\t\t<h1 class=\"elementor-heading-title elementor-size-default\">Komisja Kwalifikacyjna PDK OIIB<\/h1>\t\t\t\t<\/div>\n\t\t\t\t<\/div>\n\t\t\t\t\t<\/div>\n\t\t\t\t<\/div>\n\t\t<div class=\"elementor-element elementor-element-73340f0 e-flex e-con-boxed e-con e-parent\" data-id=\"73340f0\" data-element_type=\"container\" data-e-type=\"container\">\n\t\t\t\t\t<div class=\"e-con-inner\">\n\t\t\t\t<div class=\"elementor-element elementor-element-ae00c96 elementor-widget elementor-widget-text-editor\" data-id=\"ae00c96\" data-element_type=\"widget\" data-e-type=\"widget\" data-widget_type=\"text-editor.default\">\n\t\t\t\t\t\t\t\t\t<ol><li>Plewako Zbigniew PDK\/BO\/0518\/01 przewodnicz\u0105cy<\/li><li>Kalisz Henryk PDK\/BO\/1706\/01 zast\u0119pca przewodnicz\u0105cego<\/li><li>Tarczy\u0144ski Andrzej PDK\/IS\/1173\/01 zast\u0119pca przewodnicz\u0105cego<\/li><li>O\u017c\u00f3g Grzegorz PDK\/BO\/0226\/03 sekretarz<\/li><li>Babiarz Bo\u017cena PDK\/IS\/0325\/07<\/li><li>Bartoszek Les\u0142aw PDK\/IE\/1324\/03 uchwa\u0142a Zjazdu PDK\/OZ\/0020\/2024 z dnia 06.04.2024 r.<\/li><li>Czarnik Bogus\u0142aw PDK\/BD\/1651\/01<\/li><li>Do\u0142\u0119gowski Stanis\u0142aw PDK\/BO\/0873\/01 *) zmar\u0142 08.09.2023 r.<\/li><li>Gardu\u0142a Marek PDK\/BK\/0113\/10 uchwa\u0142a Zjazdu PDK\/OZ\/0020\/2024 z dnia 06.04.2024 r.<\/li><li>Ja\u015bkowski Wojciech PDK\/BO\/0227\/01<\/li><li>Klecha Andrzej PDK\/BO\/1712\/01<\/li><li>Kutryba\u0142a Krzysztof PDK\/BT\/0287\/06<\/li><li>Lach Zbigniew PDK\/BD\/0244\/11<\/li><li>\u0141ado\u015b El\u017cbieta PDK\/IS\/1040\/01 wyga\u015bni\u0119cie mandatu uchwa\u0142a Zjazdu PDK\/OZ\/0018\/2024 z 06.04.2024 r.<\/li><li>Nowor\u00f3l Andrzej PDK\/IS\/0830\/02<\/li><li>Pa\u0142ac Bogus\u0142aw PDK\/IE\/1453\/01<\/li><li>P\u0119kala Aleksander PDK\/IE\/1458\/01<\/li><li>Pyra Wac\u0142aw PDK\/IS\/0822\/02<\/li><li>Starego Edyta PDK\/IS\/0041\/12<\/li><li>Walkiewicz Marcin PDK\/BD\/0388\/07<\/li><li>Wr\u00f3bel Krystyna PDK\/BO\/0307\/02\u00a0\u00a0\u00a0\u00a0\u00a0\u00a0\u00a0\u00a0\u00a0\u00a0\u00a0\u00a0<\/li><\/ol>\t\t\t\t\t\t\t\t<\/div>\n\t\t\t\t\t<\/div>\n\t\t\t\t<\/div>\n\t\t<div class=\"elementor-element elementor-element-f0cfc7b e-flex e-con-boxed e-con e-parent\" data-id=\"f0cfc7b\" data-element_type=\"container\" data-e-type=\"container\">\n\t\t\t\t\t<div class=\"e-con-inner\">\n\t\t<div class=\"elementor-element elementor-element-1e2f225 e-con-full e-flex e-con e-child\" data-id=\"1e2f225\" data-element_type=\"container\" data-e-type=\"container\" data-settings=\"{&quot;background_background&quot;:&quot;classic&quot;}\">\n\t\t\t\t<div class=\"elementor-element elementor-element-389515a elementor-widget__width-initial elementor-widget elementor-widget-heading\" data-id=\"389515a\" data-element_type=\"widget\" data-e-type=\"widget\" data-widget_type=\"heading.default\">\n\t\t\t\t\t<h1 class=\"elementor-heading-title elementor-size-default\">S\u0105d Dyscyplinarny PDK OIIB<\/h1>\t\t\t\t<\/div>\n\t\t\t\t<\/div>\n\t\t\t\t\t<\/div>\n\t\t\t\t<\/div>\n\t\t<div class=\"elementor-element elementor-element-cb76c2f e-flex e-con-boxed e-con e-parent\" data-id=\"cb76c2f\" data-element_type=\"container\" data-e-type=\"container\">\n\t\t\t\t\t<div class=\"e-con-inner\">\n\t\t\t\t<div class=\"elementor-element elementor-element-7c1cf2b elementor-widget elementor-widget-text-editor\" data-id=\"7c1cf2b\" data-element_type=\"widget\" data-e-type=\"widget\" data-widget_type=\"text-editor.default\">\n\t\t\t\t\t\t\t\t\t<ol><li>Jerzy Madera PDK\/BO\/0381\/01 przewodnicz\u0105cy<\/li><li>Falkowski Stanis\u0142aw PDK\/IS\/0942\/01 zast\u0119pca przewodnicz\u0105cego<\/li><li>Mazur Tomasz PDK\/IS\/0446\/04 zast\u0119pca przewodnicz\u0105cego<\/li><li>G\u0142\u0105b Andrzej PDK\/BO\/0173\/01 sekretarz<\/li><li>Bieniasz Grzegorz PDK\/BO\/0233\/04<\/li><li>Bryl J\u00f3zef PDK\/BO\/0125\/02<\/li><li>Goszczy\u0144ska-Wojtas Danuta PDK\/IS\/0956\/01<\/li><li>Majka Pawe\u0142 PDK\/BO\/0141\/11 do 22.04.2023 r. uchwa\u0142a PDK\/010\/OZ\/23<\/li><li>Mat\u0142ok Krzysztof PDK\/IE\/0056\/04<\/li><li>R\u0105czka Marek PDK\/IS\/0131\/17<\/li><li>Strza\u0142ka Bogus\u0142aw PDK\/BO\/0852\/01<\/li><li>Szabelski Grzegorz PDK\/BO\/0625\/01<\/li><li>Szmyd Marcin PDK\/BO\/0065\/05<\/li><\/ol>\t\t\t\t\t\t\t\t<\/div>\n\t\t\t\t\t<\/div>\n\t\t\t\t<\/div>\n\t\t<div class=\"elementor-element elementor-element-dd6c0ac e-flex e-con-boxed e-con e-parent\" data-id=\"dd6c0ac\" data-element_type=\"container\" data-e-type=\"container\">\n\t\t\t\t\t<div class=\"e-con-inner\">\n\t\t<div class=\"elementor-element elementor-element-12ef6f9 e-con-full e-flex e-con e-child\" data-id=\"12ef6f9\" data-element_type=\"container\" data-e-type=\"container\" data-settings=\"{&quot;background_background&quot;:&quot;classic&quot;}\">\n\t\t\t\t<div class=\"elementor-element elementor-element-1c92aba elementor-widget__width-initial elementor-widget elementor-widget-heading\" data-id=\"1c92aba\" data-element_type=\"widget\" data-e-type=\"widget\" data-widget_type=\"heading.default\">\n\t\t\t\t\t<h1 class=\"elementor-heading-title elementor-size-default\">Rzecznicy Odpowiedzialno\u015bci Zawodowej PDK OIIB<\/h1>\t\t\t\t<\/div>\n\t\t\t\t<\/div>\n\t\t\t\t\t<\/div>\n\t\t\t\t<\/div>\n\t\t<div class=\"elementor-element elementor-element-7828175 e-flex e-con-boxed e-con e-parent\" data-id=\"7828175\" data-element_type=\"container\" data-e-type=\"container\">\n\t\t\t\t\t<div class=\"e-con-inner\">\n\t\t\t\t<div class=\"elementor-element elementor-element-50ed15d elementor-widget elementor-widget-text-editor\" data-id=\"50ed15d\" data-element_type=\"widget\" data-e-type=\"widget\" data-widget_type=\"text-editor.default\">\n\t\t\t\t\t\t\t\t\t<ol><li>Kosior El\u017cbieta PDK\/IS\/1011\/01 rzecznik koordynator<\/li><li>Kindel Stanis\u0142aw PDK\/BO\/0288\/14<\/li><li>Krajciewicz-\u017burek Ma\u0142gorzata PDK\/BO\/0151\/04<\/li><li>Lewi\u0144ski Jerzy PDK\/IE\/1404\/01<\/li><li>Panek Andrzej PDK\/IS\/0337\/03<\/li><li>P\u00f3\u0142ch\u0142opek Andrzej PDK\/IE\/1853\/03 PDK\/IE\/1853\/03 rezygnacja uchwa\u0142a Zjazdu PDK\/OZ\/0021\/2024 z dnia 06.04.2024 r.<\/li><li>Rodzo\u0144 Urszula El\u017cbieta PDK\/BO\/0230\/12 uchwa\u0142a Zjazdu PDK\/OZ\/0022\/2024 z dnia 06.04.2024 r.<\/li><li>Rodzo\u0144 Dariusz PDK\/BO\/0404\/05<\/li><li>Wi\u0105cek Ewa PDK\/IS\/0210\/01<\/li><\/ol>\t\t\t\t\t\t\t\t<\/div>\n\t\t\t\t\t<\/div>\n\t\t\t\t<\/div>\n\t\t<div class=\"elementor-element elementor-element-331e17f e-flex e-con-boxed e-con e-parent\" data-id=\"331e17f\" data-element_type=\"container\" data-e-type=\"container\">\n\t\t\t\t\t<div class=\"e-con-inner\">\n\t\t<div class=\"elementor-element elementor-element-6b9c82d e-con-full e-flex e-con e-child\" data-id=\"6b9c82d\" data-element_type=\"container\" data-e-type=\"container\" data-settings=\"{&quot;background_background&quot;:&quot;classic&quot;}\">\n\t\t\t\t<div class=\"elementor-element elementor-element-3432d2d elementor-widget__width-initial elementor-widget elementor-widget-heading\" data-id=\"3432d2d\" data-element_type=\"widget\" data-e-type=\"widget\" data-widget_type=\"heading.default\">\n\t\t\t\t\t<h1 class=\"elementor-heading-title elementor-size-default\">Delegaci PDK OIIB na Zjazdy Krajowe PIIB<\/h1>\t\t\t\t<\/div>\n\t\t\t\t<\/div>\n\t\t\t\t\t<\/div>\n\t\t\t\t<\/div>\n\t\t<div class=\"elementor-element elementor-element-2e72b04 e-flex e-con-boxed e-con e-parent\" data-id=\"2e72b04\" data-element_type=\"container\" data-e-type=\"container\">\n\t\t\t\t\t<div class=\"e-con-inner\">\n\t\t\t\t<div class=\"elementor-element elementor-element-7790465 elementor-widget elementor-widget-text-editor\" data-id=\"7790465\" data-element_type=\"widget\" data-e-type=\"widget\" data-widget_type=\"text-editor.default\">\n\t\t\t\t\t\t\t\t\t<ol><li>D\u0105browska \u2013Lasko\u015b Anna PDK\/BO\/0114\/01<\/li><li>Do\u0142\u0119gowski Stanis\u0142aw PDK\/BO\/0873\/01<\/li><li>Dubik Grzegorz PDK\/BO\/0416\/02<\/li><li>Kami\u0144ski Wac\u0142aw PDK\/BO\/0181\/02<\/li><li>Malinowska Anna PDK\/IS\/0048\/06<\/li><li>Pisarek Zdzis\u0142aw PDK\/BO\/0410\/04<\/li><li>Skrzypczak Izabela PDK\/BO\/0168\/06<\/li><li>Suchora Jaros\u0142aw PDK\/BO\/0793\/03<\/li><li>Warzybok Iwona PDK\/IS\/0199\/09<\/li><li>Ze\u0144ko \u0141ukasz PDK\/IS\/0134\/16<\/li><li>\u017bo\u0142yniak Marian PDK\/IS\/0100\/20<\/li><\/ol>\t\t\t\t\t\t\t\t<\/div>\n\t\t\t\t\t<\/div>\n\t\t\t\t<\/div>\n\t\t<div class=\"elementor-element elementor-element-ac1907d e-flex e-con-boxed e-con e-parent\" data-id=\"ac1907d\" data-element_type=\"container\" data-e-type=\"container\">\n\t\t\t\t\t<div class=\"e-con-inner\">\n\t\t\t\t<div class=\"elementor-element elementor-element-e921e1f elementor-widget elementor-widget-heading\" data-id=\"e921e1f\" data-element_type=\"widget\" data-e-type=\"widget\" data-widget_type=\"heading.default\">\n\t\t\t\t\t<h1 class=\"elementor-heading-title elementor-size-default\">SK\u0141AD KOMISJI I ZESPO\u0141\u00d3W POZASTATUTOWYCH PDK OIIB W KADENCJI 2022 - 2026:<\/h1>\t\t\t\t<\/div>\n\t\t\t\t\t<\/div>\n\t\t\t\t<\/div>\n\t\t<div class=\"elementor-element elementor-element-e7c9ba4 e-flex e-con-boxed e-con e-parent\" data-id=\"e7c9ba4\" data-element_type=\"container\" data-e-type=\"container\">\n\t\t\t\t\t<div class=\"e-con-inner\">\n\t\t<div class=\"elementor-element elementor-element-96d030b e-con-full e-flex e-con e-child\" data-id=\"96d030b\" data-element_type=\"container\" data-e-type=\"container\" data-settings=\"{&quot;background_background&quot;:&quot;classic&quot;}\">\n\t\t\t\t<div class=\"elementor-element elementor-element-d64cef4 elementor-widget__width-initial elementor-widget elementor-widget-heading\" data-id=\"d64cef4\" data-element_type=\"widget\" data-e-type=\"widget\" data-widget_type=\"heading.default\">\n\t\t\t\t\t<h1 class=\"elementor-heading-title elementor-size-default\">Komisja Doskonalenia Zawodowego PDK OIIB<\/h1>\t\t\t\t<\/div>\n\t\t\t\t<\/div>\n\t\t\t\t\t<\/div>\n\t\t\t\t<\/div>\n\t\t<div class=\"elementor-element elementor-element-90a7ab3 e-flex e-con-boxed e-con e-parent\" data-id=\"90a7ab3\" data-element_type=\"container\" data-e-type=\"container\">\n\t\t\t\t\t<div class=\"e-con-inner\">\n\t\t\t\t<div class=\"elementor-element elementor-element-2524a13 elementor-widget elementor-widget-text-editor\" data-id=\"2524a13\" data-element_type=\"widget\" data-e-type=\"widget\" data-widget_type=\"text-editor.default\">\n\t\t\t\t\t\t\t\t\t<ol><li>Malinowska Anna Joanna PDK\/IS\/0048\/06 \u00a0przewodnicz\u0105cy<\/li><li>Gajewski Adam PDK\/BO\/0233\/03 sekretarz<\/li><li>Gromala Marcin PDK\/IE\/0185\/12<\/li><li>Janas \u0141ukasz\u00a0 PDK\/IS\/0186\/12<\/li><li>Kaczkowska Agnieszka PDK\/BD\/0148\/17 zast\u0119pca przewodnicz\u0105cej ds. wyjazd\u00f3w<\/li><li>Kubiszyn Wies\u0142aw PDK\/BO\/0306\/02<\/li><li>Maczuga Marek PDK\/BD\/0069\/07<\/li><li>Polek Tomasz\u00a0 PDK\/BO\/0523\/01<\/li><li>Wal S\u0142awomir PDK\/IE\/0208\/14<\/li><li>Wojtowicz Grzegorz\u00a0 PDK\/IE\/0673\/03<\/li><\/ol>\t\t\t\t\t\t\t\t<\/div>\n\t\t\t\t\t<\/div>\n\t\t\t\t<\/div>\n\t\t<div class=\"elementor-element elementor-element-c7a735a e-flex e-con-boxed e-con e-parent\" data-id=\"c7a735a\" data-element_type=\"container\" data-e-type=\"container\">\n\t\t\t\t\t<div class=\"e-con-inner\">\n\t\t<div class=\"elementor-element elementor-element-988e2ef e-con-full e-flex e-con e-child\" data-id=\"988e2ef\" data-element_type=\"container\" data-e-type=\"container\" data-settings=\"{&quot;background_background&quot;:&quot;classic&quot;}\">\n\t\t\t\t<div class=\"elementor-element elementor-element-9f66698 elementor-widget__width-initial elementor-widget elementor-widget-heading\" data-id=\"9f66698\" data-element_type=\"widget\" data-e-type=\"widget\" data-widget_type=\"heading.default\">\n\t\t\t\t\t<h1 class=\"elementor-heading-title elementor-size-default\">Zesp\u00f3\u0142 Samopomocy Kole\u017ce\u0144skiej PDK OIIB<\/h1>\t\t\t\t<\/div>\n\t\t\t\t<\/div>\n\t\t\t\t\t<\/div>\n\t\t\t\t<\/div>\n\t\t<div class=\"elementor-element elementor-element-d3bef41 e-flex e-con-boxed e-con e-parent\" data-id=\"d3bef41\" data-element_type=\"container\" data-e-type=\"container\">\n\t\t\t\t\t<div class=\"e-con-inner\">\n\t\t\t\t<div class=\"elementor-element elementor-element-36632fe elementor-widget elementor-widget-text-editor\" data-id=\"36632fe\" data-element_type=\"widget\" data-e-type=\"widget\" data-widget_type=\"text-editor.default\">\n\t\t\t\t\t\t\t\t\t<ol><li>Cu\u017cytek Roman PDK\/BO\/0791\/01 przewodnicz\u0105cy<\/li><li>Dusak Tadeusz PDK\/BO\/0143\/01<\/li><li>Ho\u0142ody Grzegorz PDK\/IE\/0062\/06\u00a0\u00a0\u00a0\u00a0\u00a0\u00a0\u00a0\u00a0\u00a0\u00a0\u00a0<\/li><li>Jarz\u0105b Jacek Adam PDK\/BO\/0258\/10<\/li><li>Pasowicz Barbara PDK\/BO\/0449\/03<\/li><li>Warcho\u0142 J\u00f3zef PDK\/IS\/1186\/01<\/li><\/ol>\t\t\t\t\t\t\t\t<\/div>\n\t\t<div class=\"elementor-element elementor-element-7936003 e-con-full e-flex e-con e-child\" data-id=\"7936003\" data-element_type=\"container\" data-e-type=\"container\" data-settings=\"{&quot;background_background&quot;:&quot;classic&quot;}\">\n\t\t\t\t<div class=\"elementor-element elementor-element-bf87424 elementor-widget__width-initial elementor-widget elementor-widget-heading\" data-id=\"bf87424\" data-element_type=\"widget\" data-e-type=\"widget\" data-widget_type=\"heading.default\">\n\t\t\t\t\t<h1 class=\"elementor-heading-title elementor-size-default\">Zesp\u00f3\u0142 ds. Zam\u00f3wie\u0144 PDK OIIB<\/h1>\t\t\t\t<\/div>\n\t\t\t\t<\/div>\n\t\t\t\t<div class=\"elementor-element elementor-element-a94d03a elementor-widget elementor-widget-text-editor\" data-id=\"a94d03a\" data-element_type=\"widget\" data-e-type=\"widget\" data-widget_type=\"text-editor.default\">\n\t\t\t\t\t\t\t\t\t<ol><li>Borek Krzysztof PDK\/BO\/1488\/03 zast\u0119pca przewodnicz\u0105cego<\/li><li>Dubiel Arkadiusz PDK\/BD\/0087\/18<\/li><li>Sobczyk Zygmunt PDK\/BO\/0032\/11 przewodnicz\u0105cy<\/li><li>Szlachta Bogus\u0142aw PDK\/IE\/1537\/01<\/li><li>Warzybok Iwona Patrycja PDK\/IS\/0199\/09 skarbnik PDK OIIB<\/li><li>Witnik Damian PDK\/BO\/0084\/16<\/li><\/ol>\t\t\t\t\t\t\t\t<\/div>\n\t\t<div class=\"elementor-element elementor-element-66d612a e-con-full e-flex e-con e-child\" data-id=\"66d612a\" data-element_type=\"container\" data-e-type=\"container\" data-settings=\"{&quot;background_background&quot;:&quot;classic&quot;}\">\n\t\t\t\t<div class=\"elementor-element elementor-element-eea8652 elementor-widget__width-initial elementor-widget elementor-widget-heading\" data-id=\"eea8652\" data-element_type=\"widget\" data-e-type=\"widget\" data-widget_type=\"heading.default\">\n\t\t\t\t\t<h1 class=\"elementor-heading-title elementor-size-default\">Kapitu\u0142a Odznacze\u0144 Honorowych PDK OIIB<\/h1>\t\t\t\t<\/div>\n\t\t\t\t<\/div>\n\t\t\t\t<div class=\"elementor-element elementor-element-15fc112 elementor-widget elementor-widget-text-editor\" data-id=\"15fc112\" data-element_type=\"widget\" data-e-type=\"widget\" data-widget_type=\"text-editor.default\">\n\t\t\t\t\t\t\t\t\t<ol><li>Bia\u0142orucki Wies\u0142aw PDK\/BO\/1498\/03 zast\u0119pca przewodnicz\u0105cego<\/li><li>Kukulska Urszula PDK\/BO\/0013\/21<\/li><li>Le\u0144 Janusz PDK\/BO\/0347\/01<\/li><li>Olech Pawe\u0142 PDK\/IS\/0260\/12 sekretarz<\/li><li>Stec Bogdan PDK\/BO\/0053\/03 przewodnicz\u0105cy<\/li><li>Uszkowski Stanis\u0142aw PDK\/BO\/0695\/01<\/li><\/ol>\t\t\t\t\t\t\t\t<\/div>\n\t\t\t\t\t<\/div>\n\t\t\t\t<\/div>\n\t\t<div class=\"elementor-element elementor-element-a194f8d e-flex e-con-boxed e-con e-parent\" data-id=\"a194f8d\" data-element_type=\"container\" data-e-type=\"container\">\n\t\t\t\t\t<div class=\"e-con-inner\">\n\t\t<div class=\"elementor-element elementor-element-dde97c1 e-con-full e-flex e-con e-child\" data-id=\"dde97c1\" data-element_type=\"container\" data-e-type=\"container\" data-settings=\"{&quot;background_background&quot;:&quot;classic&quot;}\">\n\t\t\t\t<div class=\"elementor-element elementor-element-a063a41 elementor-widget__width-initial elementor-widget elementor-widget-heading\" data-id=\"a063a41\" data-element_type=\"widget\" data-e-type=\"widget\" data-widget_type=\"heading.default\">\n\t\t\t\t\t<h1 class=\"elementor-heading-title elementor-size-default\">Zesp\u00f3\u0142 Prawno-Regulaminowy PDK OIIB<\/h1>\t\t\t\t<\/div>\n\t\t\t\t<\/div>\n\t\t\t\t<div class=\"elementor-element elementor-element-8f475bb elementor-widget elementor-widget-text-editor\" data-id=\"8f475bb\" data-element_type=\"widget\" data-e-type=\"widget\" data-widget_type=\"text-editor.default\">\n\t\t\t\t\t\t\t\t\t<ol><li>Bana\u015b S\u0142awomir PDK\/IE\/1254\/01 przewodnicz\u0105cy do 26.09.2022 r. rezygnacja uchwa\u0142a nr 7\/P\/22<\/li><li>Cyrulik Krzysztof PDK\/BO\/0213\/09 sekretarz\u00a0\u00a0\u00a0\u00a0\u00a0\u00a0\u00a0\u00a0\u00a0\u00a0\u00a0\u00a0\u00a0\u00a0\u00a0\u00a0\u00a0\u00a0\u00a0\u00a0<\/li><li>Matusik S\u0142awomir PDK\/BO\/0214\/09 przewodnicz\u0105cy PDK\/BO\/0214\/09 uchwa\u0142a nr 7\/P\/22 z dnia 26.09.2022 r. \u00a0\u00a0\u00a0\u00a0\u00a0\u00a0\u00a0\u00a0\u00a0\u00a0\u00a0\u00a0\u00a0<\/li><li>M\u015bcisz Grzegorz PDK\/BO\/0017\/13<\/li><li>\u017by\u0142a Jerzy PDK\/IS\/0270\/19\u00a0\u00a0\u00a0\u00a0\u00a0\u00a0\u00a0\u00a0\u00a0\u00a0<\/li><\/ol>\t\t\t\t\t\t\t\t<\/div>\n\t\t\t\t\t<\/div>\n\t\t\t\t<\/div>\n\t\t<div class=\"elementor-element elementor-element-da246bd e-flex e-con-boxed e-con e-parent\" data-id=\"da246bd\" data-element_type=\"container\" data-e-type=\"container\">\n\t\t\t\t\t<div class=\"e-con-inner\">\n\t\t<div class=\"elementor-element elementor-element-c26b172 e-con-full e-flex e-con e-child\" data-id=\"c26b172\" data-element_type=\"container\" data-e-type=\"container\" data-settings=\"{&quot;background_background&quot;:&quot;classic&quot;}\">\n\t\t\t\t<div class=\"elementor-element elementor-element-9c17dd0 elementor-widget__width-initial elementor-widget elementor-widget-heading\" data-id=\"9c17dd0\" data-element_type=\"widget\" data-e-type=\"widget\" data-widget_type=\"heading.default\">\n\t\t\t\t\t<h1 class=\"elementor-heading-title elementor-size-default\">Zesp\u00f3\u0142 ds. Cyfryzacji i Promocji PDK OIIB<\/h1>\t\t\t\t<\/div>\n\t\t\t\t<\/div>\n\t\t\t\t\t<\/div>\n\t\t\t\t<\/div>\n\t\t<div class=\"elementor-element elementor-element-60d12fa e-flex e-con-boxed e-con e-parent\" data-id=\"60d12fa\" data-element_type=\"container\" data-e-type=\"container\">\n\t\t\t\t\t<div class=\"e-con-inner\">\n\t\t\t\t<div class=\"elementor-element elementor-element-77101ed elementor-widget elementor-widget-text-editor\" data-id=\"77101ed\" data-element_type=\"widget\" data-e-type=\"widget\" data-widget_type=\"text-editor.default\">\n\t\t\t\t\t\t\t\t\t<ol><li>Chmura Piotr PDK\/BO\/0210\/09 przewodnicz\u0105cy<\/li><li>Liszcz Grzegorz PDK\/BO\/0019\/13 zast\u0119pca przewodnicz\u0105cego<\/li><li>Ostrowski Krzysztof PDK\/BO\/0258\/06<\/li><li>Skrodzki Konrad PDK\/BO\/0217\/16 sekretarz<\/li><\/ol>\t\t\t\t\t\t\t\t<\/div>\n\t\t<div class=\"elementor-element elementor-element-3768b3d e-con-full e-flex e-con e-child\" data-id=\"3768b3d\" data-element_type=\"container\" data-e-type=\"container\" data-settings=\"{&quot;background_background&quot;:&quot;classic&quot;}\">\n\t\t\t\t<div class=\"elementor-element elementor-element-612855a elementor-widget__width-initial elementor-widget elementor-widget-heading\" data-id=\"612855a\" data-element_type=\"widget\" data-e-type=\"widget\" data-widget_type=\"heading.default\">\n\t\t\t\t\t<h1 class=\"elementor-heading-title elementor-size-default\">Zesp\u00f3\u0142 ds. Praktyk PDK OIIB <\/h1>\t\t\t\t<\/div>\n\t\t\t\t<\/div>\n\t\t\t\t<div class=\"elementor-element elementor-element-10f8fa0 elementor-widget elementor-widget-text-editor\" data-id=\"10f8fa0\" data-element_type=\"widget\" data-e-type=\"widget\" data-widget_type=\"text-editor.default\">\n\t\t\t\t\t\t\t\t\t<ol><li>Bar Micha\u0142 PDK\/BO\/0017\/16<\/li><li>Bieda Wojciech PDK\/IE\/1264\/01 przewodnicz\u0105cy<\/li><li>Kamel Zakarya PDK\/BO\/0174\/10<\/li><li>Kempa Ryszard \u00a0PDK\/IS\/0346\/08<\/li><li>\u0141ach Grzegorz Jan PDK\/BO\/0162\/10<\/li><li>\u0141ukaszek Maciej PDK\/BD\/0122\/06<\/li><li>M\u0105dro Artur PDK\/BO\/0761\/03<\/li><li>M\u015bcisz Grzegorz PDK\/BO\/0017\/13<\/li><li>Piotrowski Mariusz PDK\/BD\/0072\/06<\/li><li>Pytlowany Tomasz PDK\/BO\/0203\/18<\/li><li>Twardy Walenty PDK\/BO\/0108\/02<\/li><li>W\u00f3jcik Andrzej PDK\/BO\/0062\/03<\/li><li>\u017bukowicz Bart\u0142omiej PDK\/IS\/1006\/03<\/li><\/ol>\t\t\t\t\t\t\t\t<\/div>\n\t\t\t\t\t<\/div>\n\t\t\t\t<\/div>\n\t\t<div class=\"elementor-element elementor-element-b18bf14 e-flex e-con-boxed e-con e-parent\" data-id=\"b18bf14\" data-element_type=\"container\" data-e-type=\"container\">\n\t\t\t\t\t<div class=\"e-con-inner\">\n\t\t<div class=\"elementor-element elementor-element-b1be011 e-con-full e-flex e-con e-child\" data-id=\"b1be011\" data-element_type=\"container\" data-e-type=\"container\" data-settings=\"{&quot;background_background&quot;:&quot;classic&quot;}\">\n\t\t\t\t<div class=\"elementor-element elementor-element-0458d9b elementor-widget__width-initial elementor-widget elementor-widget-heading\" data-id=\"0458d9b\" data-element_type=\"widget\" data-e-type=\"widget\" data-widget_type=\"heading.default\">\n\t\t\t\t\t<h1 class=\"elementor-heading-title elementor-size-default\">Kapitu\u0142a Konkursowa PDK OIIB<\/h1>\t\t\t\t<\/div>\n\t\t\t\t<\/div>\n\t\t\t\t\t<\/div>\n\t\t\t\t<\/div>\n\t\t<div class=\"elementor-element elementor-element-b7d15a0 e-flex e-con-boxed e-con e-parent\" data-id=\"b7d15a0\" data-element_type=\"container\" data-e-type=\"container\">\n\t\t\t\t\t<div class=\"e-con-inner\">\n\t\t\t\t<div class=\"elementor-element elementor-element-5aa04a8 elementor-widget elementor-widget-text-editor\" data-id=\"5aa04a8\" data-element_type=\"widget\" data-e-type=\"widget\" data-widget_type=\"text-editor.default\">\n\t\t\t\t\t\t\t\t\t<ol><li>D\u0105browska-Lasko\u015b Anna PDK\/BO\/0114\/01 przewodnicz\u0105ca<\/li><li>Lutak Sylwia PDK\/BO\/0140\/17<\/li><li>Rachwa\u0142 Grzegorz PDK\/IS\/1120\/01<\/li><li>Sopel Krzysztof PDK\/BO\/0145\/07<\/li><\/ol>\t\t\t\t\t\t\t\t<\/div>\n\t\t<div class=\"elementor-element elementor-element-79999e7 e-con-full e-flex e-con e-child\" data-id=\"79999e7\" data-element_type=\"container\" data-e-type=\"container\" data-settings=\"{&quot;background_background&quot;:&quot;classic&quot;}\">\n\t\t\t\t<div class=\"elementor-element elementor-element-1de1414 elementor-widget__width-initial elementor-widget elementor-widget-heading\" data-id=\"1de1414\" data-element_type=\"widget\" data-e-type=\"widget\" data-widget_type=\"heading.default\">\n\t\t\t\t\t<h1 class=\"elementor-heading-title elementor-size-default\">Zesp\u00f3\u0142 ds Promocji i Integracji PDK OIIB<\/h1>\t\t\t\t<\/div>\n\t\t\t\t<\/div>\n\t\t\t\t<div class=\"elementor-element elementor-element-6d5d4c6 elementor-widget elementor-widget-text-editor\" data-id=\"6d5d4c6\" data-element_type=\"widget\" data-e-type=\"widget\" data-widget_type=\"text-editor.default\">\n\t\t\t\t\t\t\t\t\t<ol><li>Gancarczyk Renata PDK\/IS\/1847\/03 sekretarz<\/li><li>\u0141abudzki Marek PDK\/IE\/0070\/13<\/li><li>Turopolski S\u0142awomir PDK\/IS\/0040\/14<\/li><li>Wasiuta Marek Piotr PDK\/BD\/0267\/17<\/li><li>Wi\u0119cek Tomasz Bo\u017cydar PDK\/IS\/0184\/10 zast\u0119pca przewodnicz\u0105cego<\/li><li>Ze\u0144ko \u0141ukasz Piotr PDK\/IS\/0134\/16 przewodnicz\u0105cy<\/li><li>Kurzeja Marcin PDK\/IS\/0192\/20 uchwa\u0142a nr PDK\/OR\/0038\/2023 z dn. 24.11.2023 r.<\/li><\/ol>\t\t\t\t\t\t\t\t<\/div>\n\t\t<div class=\"elementor-element elementor-element-e096910 e-con-full e-flex e-con e-child\" data-id=\"e096910\" data-element_type=\"container\" data-e-type=\"container\">\n\t\t<div class=\"elementor-element elementor-element-730b461 e-con-full e-flex e-con e-child\" data-id=\"730b461\" data-element_type=\"container\" data-e-type=\"container\" data-settings=\"{&quot;background_background&quot;:&quot;classic&quot;}\">\n\t\t\t\t<div class=\"elementor-element elementor-element-0383311 elementor-widget__width-initial elementor-widget elementor-widget-heading\" data-id=\"0383311\" data-element_type=\"widget\" data-e-type=\"widget\" data-widget_type=\"heading.default\">\n\t\t\t\t\t<h1 class=\"elementor-heading-title elementor-size-default\">Zesp\u00f3\u0142 ds. Utrzymania i Eksploatacji Budynku PDK OIIB <\/h1>\t\t\t\t<\/div>\n\t\t\t\t<\/div>\n\t\t\t\t<div class=\"elementor-element elementor-element-8b6c069 elementor-widget elementor-widget-text-editor\" data-id=\"8b6c069\" data-element_type=\"widget\" data-e-type=\"widget\" data-widget_type=\"text-editor.default\">\n\t\t\t\t\t\t\t\t\t<ol><li>Fus Tomasz PDK\/IE\/0008\/15<\/li><li>Wilk Jolanta PDK\/IS\/0095\/20 zast\u0119pca przewodnicz\u0105cego<\/li><li>Wojtas Sebastian PDK\/IS\/0305\/08 sekretarz\u00a0\u00a0\u00a0\u00a0\u00a0\u00a0<\/li><li>W\u00f3jcik Tomasz\u00a0 PDK\/BO\/0096\/19 \u00a0przewodnicz\u0105cy do dnia 12 czerwca 2023 r. rezygnacja uchwa\u0142a nr PDK\/OR\/0019\/2023<\/li><\/ol>\t\t\t\t\t\t\t\t<\/div>\n\t\t<div class=\"elementor-element elementor-element-14c793d e-con-full e-flex e-con e-child\" data-id=\"14c793d\" data-element_type=\"container\" data-e-type=\"container\" data-settings=\"{&quot;background_background&quot;:&quot;classic&quot;}\">\n\t\t\t\t<div class=\"elementor-element elementor-element-568089c elementor-widget__width-initial elementor-widget elementor-widget-heading\" data-id=\"568089c\" data-element_type=\"widget\" data-e-type=\"widget\" data-widget_type=\"heading.default\">\n\t\t\t\t\t<h1 class=\"elementor-heading-title elementor-size-default\">Zesp\u00f3\u0142 ds. Portalu Internetowego PDK OIIB<\/h1>\t\t\t\t<\/div>\n\t\t\t\t<\/div>\n\t\t\t\t<div class=\"elementor-element elementor-element-eaff79c elementor-widget elementor-widget-text-editor\" data-id=\"eaff79c\" data-element_type=\"widget\" data-e-type=\"widget\" data-widget_type=\"text-editor.default\">\n\t\t\t\t\t\t\t\t\t<ol><li>Dubis Piotr Marcin PDK\/BO\/0222\/08<\/li><li>Dul Pawe\u0142 Jan PDK\/BD\/0170\/17 przewodnicz\u0105cy<\/li><li>Kaduk Ewa PDK\/BO\/0131\/18<\/li><li>Kry\u0144ski Maciej PDK\/IS\/0283\/14\u00a0<\/li><\/ol>\t\t\t\t\t\t\t\t<\/div>\n\t\t\t\t<\/div>\n\t\t\t\t\t<\/div>\n\t\t\t\t<\/div>\n\t\t<div class=\"elementor-element elementor-element-60fbcbd e-flex e-con-boxed e-con e-parent\" data-id=\"60fbcbd\" data-element_type=\"container\" data-e-type=\"container\">\n\t\t\t\t\t<div class=\"e-con-inner\">\n\t\t<div class=\"elementor-element elementor-element-3cd785d e-con-full e-flex e-con e-child\" data-id=\"3cd785d\" data-element_type=\"container\" data-e-type=\"container\" data-settings=\"{&quot;background_background&quot;:&quot;classic&quot;}\">\n\t\t\t\t<div class=\"elementor-element elementor-element-d5e53f6 elementor-widget__width-initial elementor-widget elementor-widget-heading\" data-id=\"d5e53f6\" data-element_type=\"widget\" data-e-type=\"widget\" data-widget_type=\"heading.default\">\n\t\t\t\t\t<h1 class=\"elementor-heading-title elementor-size-default\">Zesp\u00f3\u0142 Redakcji Biuletynu Informacyjnego PDK OIIB<\/h1>\t\t\t\t<\/div>\n\t\t\t\t<\/div>\n\t\t\t\t<div class=\"elementor-element elementor-element-33b85ca elementor-widget elementor-widget-text-editor\" data-id=\"33b85ca\" data-element_type=\"widget\" data-e-type=\"widget\" data-widget_type=\"text-editor.default\">\n\t\t\t\t\t\t\t\t\t<ol><li>Lutak Sylwia Karolina PDK\/BO\/0140\/17<\/li><li>Pisarek Zdzis\u0142aw PDK\/BO\/0410\/04\u00a0\u00a0<\/li><li>Serafin Liliana PDK\/BO\/0247\/05 redaktor naczelna\u00a0<\/li><\/ol><p>Stale wsp\u00f3\u0142pracuj\u0105cy &#8211; stowarzyszenia PZITB, PZITS, SEP, SITK, ZMRP<\/p>\t\t\t\t\t\t\t\t<\/div>\n\t\t<div class=\"elementor-element elementor-element-57601af e-con-full e-flex e-con e-child\" data-id=\"57601af\" data-element_type=\"container\" data-e-type=\"container\" data-settings=\"{&quot;background_background&quot;:&quot;classic&quot;}\">\n\t\t\t\t<div class=\"elementor-element elementor-element-ebe7415 elementor-widget__width-initial elementor-widget elementor-widget-heading\" data-id=\"ebe7415\" data-element_type=\"widget\" data-e-type=\"widget\" data-widget_type=\"heading.default\">\n\t\t\t\t\t<h1 class=\"elementor-heading-title elementor-size-default\">Komisja Wnioskowa PDK OIIB powo\u0142ana uchwa\u0142\u0105 nr PDK\/OR\/0010\/2024 z dnia 17 czerwca 2024 r.<\/h1>\t\t\t\t<\/div>\n\t\t\t\t<\/div>\n\t\t\t\t\t<\/div>\n\t\t\t\t<\/div>\n\t\t<div class=\"elementor-element elementor-element-a2fcbcc e-flex e-con-boxed e-con e-parent\" data-id=\"a2fcbcc\" data-element_type=\"container\" data-e-type=\"container\">\n\t\t\t\t\t<div class=\"e-con-inner\">\n\t\t\t\t<div class=\"elementor-element elementor-element-eb7c094 elementor-widget elementor-widget-text-editor\" data-id=\"eb7c094\" data-element_type=\"widget\" data-e-type=\"widget\" data-widget_type=\"text-editor.default\">\n\t\t\t\t\t\t\t\t\t<ol><li>Pisarek Zdzis\u0142aw PDK\/BO\/0410\/04 przewodnicz\u0105cy<\/li><li>Krystian Anna PDK\/BD\/1739\/01<\/li><li>Duszlak Witold PDK\/IS\/0250\/04\u00a0<\/li><li>Gazda Leszek PDK\/BO\/0211\/09<\/li><\/ol>\t\t\t\t\t\t\t\t<\/div>\n\t\t\t\t\t<\/div>\n\t\t\t\t<\/div>\n\t\t\t\t<\/div>\n\t\t","protected":false},"excerpt":{"rendered":"<p>Organy PDK OIIB kadencji 2022 &#8211; 2026 Strona g\u0142\u00f3wna \/ Z \u017cycia izby\/ Historia izby \/ Organy PDK OIIB kadencji [&hellip;]<\/p>\n","protected":false},"author":5,"featured_media":0,"parent":3850,"menu_order":0,"comment_status":"closed","ping_status":"closed","template":"","meta":{"site-sidebar-layout":"no-sidebar","site-content-layout":"","ast-site-content-layout":"full-width-container","site-content-style":"default","site-sidebar-style":"default","ast-global-header-display":"","ast-banner-title-visibility":"","ast-main-header-display":"","ast-hfb-above-header-display":"","ast-hfb-below-header-display":"","ast-hfb-mobile-header-display":"","site-post-title":"disabled","ast-breadcrumbs-content":"","ast-featured-img":"disabled","footer-sml-layout":"","ast-disable-related-posts":"","theme-transparent-header-meta":"","adv-header-id-meta":"","stick-header-meta":"","header-above-stick-meta":"","header-main-stick-meta":"","header-below-stick-meta":"","astra-migrate-meta-layouts":"default","ast-page-background-enabled":"default","ast-page-background-meta":{"desktop":{"background-color":"var(--ast-global-color-5)","background-image":"","background-repeat":"repeat","background-position":"center center","background-size":"auto","background-attachment":"scroll","background-type":"","background-media":"","overlay-type":"","overlay-color":"","overlay-opacity":"","overlay-gradient":""},"tablet":{"background-color":"","background-image":"","background-repeat":"repeat","background-position":"center center","background-size":"auto","background-attachment":"scroll","background-type":"","background-media":"","overlay-type":"","overlay-color":"","overlay-opacity":"","overlay-gradient":""},"mobile":{"background-color":"","background-image":"","background-repeat":"repeat","background-position":"center center","background-size":"auto","background-attachment":"scroll","background-type":"","background-media":"","overlay-type":"","overlay-color":"","overlay-opacity":"","overlay-gradient":""}},"ast-content-background-meta":{"desktop":{"background-color":"var(--ast-global-color-4)","background-image":"","background-repeat":"repeat","background-position":"center center","background-size":"auto","background-attachment":"scroll","background-type":"","background-media":"","overlay-type":"","overlay-color":"","overlay-opacity":"","overlay-gradient":""},"tablet":{"background-color":"var(--ast-global-color-4)","background-image":"","background-repeat":"repeat","background-position":"center center","background-size":"auto","background-attachment":"scroll","background-type":"","background-media":"","overlay-type":"","overlay-color":"","overlay-opacity":"","overlay-gradient":""},"mobile":{"background-color":"var(--ast-global-color-4)","background-image":"","background-repeat":"repeat","background-position":"center center","background-size":"auto","background-attachment":"scroll","background-type":"","background-media":"","overlay-type":"","overlay-color":"","overlay-opacity":"","overlay-gradient":""}},"footnotes":""},"class_list":["post-4252","page","type-page","status-publish","hentry"],"yoast_head":"<!-- This site is optimized with the Yoast SEO plugin v27.5 - https:\/\/yoast.com\/product\/yoast-seo-wordpress\/ -->\n<title>Organy PDK OIIB kadencji 2022 - 2026 - Podkarpacka Okregowa Izba Inzynierow Budownictwa<\/title>\n<meta name=\"robots\" content=\"index, follow, max-snippet:-1, max-image-preview:large, max-video-preview:-1\" \/>\n<link rel=\"canonical\" href=\"https:\/\/inzynier.rzeszow.pl\/index.php\/historia-izby\/organy-pdk-oiib-kadencji-2022-2026\/\" \/>\n<meta property=\"og:locale\" content=\"pl_PL\" \/>\n<meta property=\"og:type\" content=\"article\" \/>\n<meta property=\"og:title\" content=\"Organy PDK OIIB kadencji 2022 - 2026 - Podkarpacka Okregowa Izba Inzynierow Budownictwa\" \/>\n<meta property=\"og:description\" content=\"Organy PDK OIIB kadencji 2022 &#8211; 2026 Strona g\u0142\u00f3wna \/ Z \u017cycia izby\/ Historia izby \/ Organy PDK OIIB kadencji [&hellip;]\" \/>\n<meta property=\"og:url\" content=\"https:\/\/inzynier.rzeszow.pl\/index.php\/historia-izby\/organy-pdk-oiib-kadencji-2022-2026\/\" \/>\n<meta property=\"og:site_name\" content=\"Podkarpacka Okregowa Izba Inzynierow Budownictwa\" \/>\n<meta property=\"article:modified_time\" content=\"2026-04-24T10:05:14+00:00\" \/>\n<meta name=\"twitter:card\" content=\"summary_large_image\" \/>\n<meta name=\"twitter:label1\" content=\"Szacowany czas czytania\" \/>\n\t<meta name=\"twitter:data1\" content=\"10 minut\" \/>\n<script type=\"application\/ld+json\" class=\"yoast-schema-graph\">{\"@context\":\"https:\\\/\\\/schema.org\",\"@graph\":[{\"@type\":\"WebPage\",\"@id\":\"https:\\\/\\\/inzynier.rzeszow.pl\\\/index.php\\\/historia-izby\\\/organy-pdk-oiib-kadencji-2022-2026\\\/\",\"url\":\"https:\\\/\\\/inzynier.rzeszow.pl\\\/index.php\\\/historia-izby\\\/organy-pdk-oiib-kadencji-2022-2026\\\/\",\"name\":\"Organy PDK OIIB kadencji 2022 - 2026 - Podkarpacka Okregowa Izba Inzynierow Budownictwa\",\"isPartOf\":{\"@id\":\"https:\\\/\\\/inzynier.rzeszow.pl\\\/#website\"},\"datePublished\":\"2026-04-24T06:06:41+00:00\",\"dateModified\":\"2026-04-24T10:05:14+00:00\",\"breadcrumb\":{\"@id\":\"https:\\\/\\\/inzynier.rzeszow.pl\\\/index.php\\\/historia-izby\\\/organy-pdk-oiib-kadencji-2022-2026\\\/#breadcrumb\"},\"inLanguage\":\"pl-PL\",\"potentialAction\":[{\"@type\":\"ReadAction\",\"target\":[\"https:\\\/\\\/inzynier.rzeszow.pl\\\/index.php\\\/historia-izby\\\/organy-pdk-oiib-kadencji-2022-2026\\\/\"]}]},{\"@type\":\"BreadcrumbList\",\"@id\":\"https:\\\/\\\/inzynier.rzeszow.pl\\\/index.php\\\/historia-izby\\\/organy-pdk-oiib-kadencji-2022-2026\\\/#breadcrumb\",\"itemListElement\":[{\"@type\":\"ListItem\",\"position\":1,\"name\":\"Strona g\u0142\u00f3wna\",\"item\":\"https:\\\/\\\/inzynier.rzeszow.pl\\\/\"},{\"@type\":\"ListItem\",\"position\":2,\"name\":\"Historia Izby\",\"item\":\"https:\\\/\\\/inzynier.rzeszow.pl\\\/index.php\\\/historia-izby\\\/\"},{\"@type\":\"ListItem\",\"position\":3,\"name\":\"Organy PDK OIIB kadencji 2022 &#8211; 2026\"}]},{\"@type\":\"WebSite\",\"@id\":\"https:\\\/\\\/inzynier.rzeszow.pl\\\/#website\",\"url\":\"https:\\\/\\\/inzynier.rzeszow.pl\\\/\",\"name\":\"Podkarpacka Okregowa Izba Inzynierow Budownictwa\",\"description\":\"\",\"potentialAction\":[{\"@type\":\"SearchAction\",\"target\":{\"@type\":\"EntryPoint\",\"urlTemplate\":\"https:\\\/\\\/inzynier.rzeszow.pl\\\/?s={search_term_string}\"},\"query-input\":{\"@type\":\"PropertyValueSpecification\",\"valueRequired\":true,\"valueName\":\"search_term_string\"}}],\"inLanguage\":\"pl-PL\"}]}<\/script>\n<!-- \/ Yoast SEO plugin. -->","yoast_head_json":{"title":"Organy PDK OIIB kadencji 2022 - 2026 - Podkarpacka Okregowa Izba Inzynierow Budownictwa","robots":{"index":"index","follow":"follow","max-snippet":"max-snippet:-1","max-image-preview":"max-image-preview:large","max-video-preview":"max-video-preview:-1"},"canonical":"https:\/\/inzynier.rzeszow.pl\/index.php\/historia-izby\/organy-pdk-oiib-kadencji-2022-2026\/","og_locale":"pl_PL","og_type":"article","og_title":"Organy PDK OIIB kadencji 2022 - 2026 - Podkarpacka Okregowa Izba Inzynierow Budownictwa","og_description":"Organy PDK OIIB kadencji 2022 &#8211; 2026 Strona g\u0142\u00f3wna \/ Z \u017cycia izby\/ Historia izby \/ Organy PDK OIIB kadencji [&hellip;]","og_url":"https:\/\/inzynier.rzeszow.pl\/index.php\/historia-izby\/organy-pdk-oiib-kadencji-2022-2026\/","og_site_name":"Podkarpacka Okregowa Izba Inzynierow Budownictwa","article_modified_time":"2026-04-24T10:05:14+00:00","twitter_card":"summary_large_image","twitter_misc":{"Szacowany czas czytania":"10 minut"},"schema":{"@context":"https:\/\/schema.org","@graph":[{"@type":"WebPage","@id":"https:\/\/inzynier.rzeszow.pl\/index.php\/historia-izby\/organy-pdk-oiib-kadencji-2022-2026\/","url":"https:\/\/inzynier.rzeszow.pl\/index.php\/historia-izby\/organy-pdk-oiib-kadencji-2022-2026\/","name":"Organy PDK OIIB kadencji 2022 - 2026 - Podkarpacka Okregowa Izba Inzynierow Budownictwa","isPartOf":{"@id":"https:\/\/inzynier.rzeszow.pl\/#website"},"datePublished":"2026-04-24T06:06:41+00:00","dateModified":"2026-04-24T10:05:14+00:00","breadcrumb":{"@id":"https:\/\/inzynier.rzeszow.pl\/index.php\/historia-izby\/organy-pdk-oiib-kadencji-2022-2026\/#breadcrumb"},"inLanguage":"pl-PL","potentialAction":[{"@type":"ReadAction","target":["https:\/\/inzynier.rzeszow.pl\/index.php\/historia-izby\/organy-pdk-oiib-kadencji-2022-2026\/"]}]},{"@type":"BreadcrumbList","@id":"https:\/\/inzynier.rzeszow.pl\/index.php\/historia-izby\/organy-pdk-oiib-kadencji-2022-2026\/#breadcrumb","itemListElement":[{"@type":"ListItem","position":1,"name":"Strona g\u0142\u00f3wna","item":"https:\/\/inzynier.rzeszow.pl\/"},{"@type":"ListItem","position":2,"name":"Historia Izby","item":"https:\/\/inzynier.rzeszow.pl\/index.php\/historia-izby\/"},{"@type":"ListItem","position":3,"name":"Organy PDK OIIB kadencji 2022 &#8211; 2026"}]},{"@type":"WebSite","@id":"https:\/\/inzynier.rzeszow.pl\/#website","url":"https:\/\/inzynier.rzeszow.pl\/","name":"Podkarpacka Okregowa Izba Inzynierow Budownictwa","description":"","potentialAction":[{"@type":"SearchAction","target":{"@type":"EntryPoint","urlTemplate":"https:\/\/inzynier.rzeszow.pl\/?s={search_term_string}"},"query-input":{"@type":"PropertyValueSpecification","valueRequired":true,"valueName":"search_term_string"}}],"inLanguage":"pl-PL"}]}},"rttpg_featured_image_url":null,"rttpg_author":{"display_name":"Bo\u017cena Baron","author_link":"https:\/\/inzynier.rzeszow.pl\/index.php\/author\/bbaron\/"},"rttpg_comment":0,"rttpg_category":null,"rttpg_excerpt":"Organy PDK OIIB kadencji 2022 &#8211; 2026 Strona g\u0142\u00f3wna \/ Z \u017cycia izby\/ Historia izby \/ Organy PDK OIIB kadencji [&hellip;]","_links":{"self":[{"href":"https:\/\/inzynier.rzeszow.pl\/index.php\/wp-json\/wp\/v2\/pages\/4252","targetHints":{"allow":["GET"]}}],"collection":[{"href":"https:\/\/inzynier.rzeszow.pl\/index.php\/wp-json\/wp\/v2\/pages"}],"about":[{"href":"https:\/\/inzynier.rzeszow.pl\/index.php\/wp-json\/wp\/v2\/types\/page"}],"author":[{"embeddable":true,"href":"https:\/\/inzynier.rzeszow.pl\/index.php\/wp-json\/wp\/v2\/users\/5"}],"replies":[{"embeddable":true,"href":"https:\/\/inzynier.rzeszow.pl\/index.php\/wp-json\/wp\/v2\/comments?post=4252"}],"version-history":[{"count":52,"href":"https:\/\/inzynier.rzeszow.pl\/index.php\/wp-json\/wp\/v2\/pages\/4252\/revisions"}],"predecessor-version":[{"id":9480,"href":"https:\/\/inzynier.rzeszow.pl\/index.php\/wp-json\/wp\/v2\/pages\/4252\/revisions\/9480"}],"up":[{"embeddable":true,"href":"https:\/\/inzynier.rzeszow.pl\/index.php\/wp-json\/wp\/v2\/pages\/3850"}],"wp:attachment":[{"href":"https:\/\/inzynier.rzeszow.pl\/index.php\/wp-json\/wp\/v2\/media?parent=4252"}],"curies":[{"name":"wp","href":"https:\/\/api.w.org\/{rel}","templated":true}]}}