{"id":4163,"date":"2026-02-23T13:58:59","date_gmt":"2026-02-23T13:58:59","guid":{"rendered":"https:\/\/migracja.inzynier.rzeszow.pl\/?page_id=4163"},"modified":"2026-04-09T12:41:20","modified_gmt":"2026-04-09T11:41:20","slug":"nagroda-im-prof-stanislawa-kusia","status":"publish","type":"page","link":"https:\/\/inzynier.rzeszow.pl\/index.php\/nagroda-im-prof-stanislawa-kusia\/","title":{"rendered":"Nagroda im. prof. Stanis\u0142awa Kusia"},"content":{"rendered":"\t\t<div data-elementor-type=\"wp-page\" data-elementor-id=\"4163\" class=\"elementor elementor-4163\" data-elementor-post-type=\"page\">\n\t\t\t\t<div class=\"elementor-element elementor-element-c6ddcf0 e-flex e-con-boxed e-con e-parent\" data-id=\"c6ddcf0\" data-element_type=\"container\" data-e-type=\"container\" data-settings=\"{&quot;background_background&quot;:&quot;classic&quot;}\">\n\t\t\t\t\t<div class=\"e-con-inner\">\n\t\t<div class=\"elementor-element elementor-element-f90288b e-con-full e-flex e-con e-child\" data-id=\"f90288b\" data-element_type=\"container\" data-e-type=\"container\" data-settings=\"{&quot;background_background&quot;:&quot;classic&quot;}\">\n\t\t\t\t<div class=\"elementor-element elementor-element-63fce6b elementor-widget elementor-widget-heading\" data-id=\"63fce6b\" data-element_type=\"widget\" data-e-type=\"widget\" data-widget_type=\"heading.default\">\n\t\t\t\t\t<h1 class=\"elementor-heading-title elementor-size-default\">Nagroda im. prof. Stanis\u0142awa Kusia - 2026<\/h1>\t\t\t\t<\/div>\n\t\t\t\t<\/div>\n\t\t\t\t\t<\/div>\n\t\t\t\t<\/div>\n\t\t<div class=\"elementor-element elementor-element-b79ae22 e-flex e-con-boxed e-con e-parent\" data-id=\"b79ae22\" data-element_type=\"container\" data-e-type=\"container\">\n\t\t\t\t\t<div class=\"e-con-inner\">\n\t\t\t\t<div class=\"elementor-element elementor-element-7249e99 elementor-widget elementor-widget-text-editor\" data-id=\"7249e99\" data-element_type=\"widget\" data-e-type=\"widget\" data-widget_type=\"text-editor.default\">\n\t\t\t\t\t\t\t\t\t<p><a href=\"https:\/\/inzynier.rzeszow.pl\">Strona g\u0142\u00f3wna <\/a>\/ <a href=\"https:\/\/inzynier.rzeszow.pl\/index.php\/nagroda-im-prof-stanislawa-kusia\/\">Nagroda im. prof. Stanis\u0142awa Kusia<\/a><\/p>\t\t\t\t\t\t\t\t<\/div>\n\t\t\t\t\t<\/div>\n\t\t\t\t<\/div>\n\t\t<div class=\"elementor-element elementor-element-d8bb365 e-flex e-con-boxed e-con e-parent\" data-id=\"d8bb365\" data-element_type=\"container\" data-e-type=\"container\">\n\t\t\t\t\t<div class=\"e-con-inner\">\n\t\t<div class=\"elementor-element elementor-element-2328fbd e-con-full e-flex e-con e-child\" data-id=\"2328fbd\" data-element_type=\"container\" data-e-type=\"container\">\n\t\t\t\t<div class=\"elementor-element elementor-element-0878afe elementor-widget elementor-widget-image\" data-id=\"0878afe\" data-element_type=\"widget\" data-e-type=\"widget\" data-widget_type=\"image.default\">\n\t\t\t\t\t\t\t\t\t\t\t\t\t\t\t<img fetchpriority=\"high\" decoding=\"async\" width=\"1024\" height=\"683\" src=\"https:\/\/inzynier.rzeszow.pl\/wp-content\/uploads\/2026\/02\/obraz_2026-02-23_150149758-1024x683.webp\" class=\"attachment-large size-large wp-image-4166\" alt=\"\" srcset=\"https:\/\/inzynier.rzeszow.pl\/wp-content\/uploads\/2026\/02\/obraz_2026-02-23_150149758-1024x683.webp 1024w, https:\/\/inzynier.rzeszow.pl\/wp-content\/uploads\/2026\/02\/obraz_2026-02-23_150149758-300x200.png 300w, https:\/\/inzynier.rzeszow.pl\/wp-content\/uploads\/2026\/02\/obraz_2026-02-23_150149758-768x512.webp 768w, https:\/\/inzynier.rzeszow.pl\/wp-content\/uploads\/2026\/02\/obraz_2026-02-23_150149758.webp 1200w\" sizes=\"(max-width: 1024px) 100vw, 1024px\" \/>\t\t\t\t\t\t\t\t\t\t\t\t\t\t\t<\/div>\n\t\t\t\t<\/div>\n\t\t<div class=\"elementor-element elementor-element-b03ff06 e-con-full e-flex e-con e-child\" data-id=\"b03ff06\" data-element_type=\"container\" data-e-type=\"container\">\n\t\t\t\t<div class=\"elementor-element elementor-element-598142c elementor-widget elementor-widget-text-editor\" data-id=\"598142c\" data-element_type=\"widget\" data-e-type=\"widget\" data-widget_type=\"text-editor.default\">\n\t\t\t\t\t\t\t\t\t<p data-start=\"218\" data-end=\"511\">Rozpocz\u0105\u0142 si\u0119 nowy nab\u00f3r zg\u0142osze\u0144 do <strong data-start=\"255\" data-end=\"312\">og\u00f3lnopolskiej Nagrody im. profesora Stanis\u0142awa Kusia<\/strong>. Tegoroczna edycja konkursu zako\u0144czy si\u0119 uroczystym wr\u0119czeniem nagrody podczas XXV Krajowego Zjazdu Izby In\u017cynier\u00f3w Budownictwa, kt\u00f3ry odb\u0119dzie si\u0119 w Warszawie w dniach 19\u201320 czerwca 2026 r.<\/p><p data-start=\"218\" data-end=\"511\">Zapraszamy do zg\u0142aszania os\u00f3b, lub zespo\u0142\u00f3w, wykazuj\u0105cych si\u0119 tw\u00f3rczymi, innowacyjnymi oraz nieszablonowymi osi\u0105gni\u0119ciami w dziedzinie budownictwa, a tak\u017ce dzia\u0142alno\u015bci\u0105 na rzecz budowania autorytetu \u015brodowiska in\u017cynier\u00f3w budownictwa.<\/p><p data-start=\"548\" data-end=\"584\">Kandydat\u00f3w do nagrody mog\u0105 zg\u0142asza\u0107:<\/p><ul data-start=\"585\" data-end=\"681\"><li data-start=\"585\" data-end=\"607\"><p data-start=\"587\" data-end=\"607\">cz\u0142onkowie Kapitu\u0142y,<\/p><\/li><li data-start=\"608\" data-end=\"641\"><p data-start=\"610\" data-end=\"641\">regionalne Komisje Nauki PZITB,<\/p><\/li><li data-start=\"642\" data-end=\"681\"><p data-start=\"644\" data-end=\"681\">Okr\u0119gowe Izby In\u017cynier\u00f3w Budownictwa<\/p><\/li><\/ul>\t\t\t\t\t\t\t\t<\/div>\n\t\t\t\t<\/div>\n\t\t\t\t\t<\/div>\n\t\t\t\t<\/div>\n\t\t<div class=\"elementor-element elementor-element-d88fa75 e-flex e-con-boxed e-con e-parent\" data-id=\"d88fa75\" data-element_type=\"container\" data-e-type=\"container\">\n\t\t\t\t\t<div class=\"e-con-inner\">\n\t\t\t\t<div class=\"elementor-element elementor-element-4a5cc03 elementor-widget elementor-widget-text-editor\" data-id=\"4a5cc03\" data-element_type=\"widget\" data-e-type=\"widget\" data-widget_type=\"text-editor.default\">\n\t\t\t\t\t\t\t\t\t<p data-start=\"714\" data-end=\"739\">Wnioski powinny zawiera\u0107:<\/p><ul data-start=\"740\" data-end=\"848\"><li data-start=\"740\" data-end=\"816\"><p data-start=\"742\" data-end=\"816\">opis osi\u0105gni\u0119\u0107 Kandydatki\/Kandydata (lub Kandydat\u00f3w) wraz z uzasadnieniem,<\/p><\/li><li data-start=\"817\" data-end=\"828\"><p data-start=\"819\" data-end=\"828\">\u017cyciorys,<\/p><\/li><li data-start=\"829\" data-end=\"848\"><p data-start=\"831\" data-end=\"848\">dorobek zawodowy.<\/p><\/li><\/ul><p data-start=\"850\" data-end=\"1118\">Komplet dokument\u00f3w nale\u017cy przes\u0142a\u0107 w formie elektronicznej do Podkarpackiej Okr\u0119gowej Izby In\u017cynier\u00f3w Budownictwa<strong data-start=\"916\" data-end=\"971\"> \u2013 <\/strong><a href=\"mailto:sekretariat@inzynier.rzeszow.pl\" target=\"_blank\" rel=\"noopener\">sekretariat@inzynier.rzeszow.pl<\/a><strong data-start=\"916\" data-end=\"971\">\u00a0\u2013 <\/strong>w nieprzekraczalnym terminie do 30 marca 2026r.\u00a0 z kopi\u0105 do Przewodnicz\u0105cego Kapitu\u0142y dr hab. in\u017c. Lucjana \u015al\u0119czki \u2013 \u00a0<em data-start=\"1098\" data-end=\"1118\"><a class=\"decorated-link\" href=\"mailto:sleczka@prz.edu.pl\" rel=\"noopener\" data-start=\"1099\" data-end=\"1117\">sleczka@prz.edu.pl<\/a><\/em><\/p><p data-start=\"1144\" data-end=\"1309\">Szczeg\u00f3lnie zach\u0119camy do ponownego zg\u0142aszania Kandydat\u00f3w wysoko ocenionych przez Kapitu\u0142\u0119 Konkursu w poprzedniej edycji, kt\u00f3rzy nie uzyskali nagrody w roku 2025.<\/p>\t\t\t\t\t\t\t\t<\/div>\n\t\t\t\t<div class=\"elementor-element elementor-element-03630bb elementor-icon-list--layout-traditional elementor-list-item-link-full_width elementor-widget elementor-widget-icon-list\" data-id=\"03630bb\" data-element_type=\"widget\" data-e-type=\"widget\" data-widget_type=\"icon-list.default\">\n\t\t\t\t\t\t\t<ul class=\"elementor-icon-list-items\">\n\t\t\t\t\t\t\t<li class=\"elementor-icon-list-item\">\n\t\t\t\t\t\t\t\t\t\t\t<a href=\"https:\/\/pzitb.rzeszow.pl\/wp-content\/uploads\/2026\/01\/Nagroda-im.-prof.St_.-Kusia-regulamin-2026-1.pdf\">\n\n\t\t\t\t\t\t\t\t\t\t\t\t<span class=\"elementor-icon-list-icon\">\n\t\t\t\t\t\t\t<svg aria-hidden=\"true\" class=\"e-font-icon-svg e-fas-arrow-circle-right\" viewBox=\"0 0 512 512\" xmlns=\"http:\/\/www.w3.org\/2000\/svg\"><path d=\"M256 8c137 0 248 111 248 248S393 504 256 504 8 393 8 256 119 8 256 8zm-28.9 143.6l75.5 72.4H120c-13.3 0-24 10.7-24 24v16c0 13.3 10.7 24 24 24h182.6l-75.5 72.4c-9.7 9.3-9.9 24.8-.4 34.3l11 10.9c9.4 9.4 24.6 9.4 33.9 0L404.3 273c9.4-9.4 9.4-24.6 0-33.9L271.6 106.3c-9.4-9.4-24.6-9.4-33.9 0l-11 10.9c-9.5 9.6-9.3 25.1.4 34.4z\"><\/path><\/svg>\t\t\t\t\t\t<\/span>\n\t\t\t\t\t\t\t\t\t\t<span class=\"elementor-icon-list-text\">Regulamin przyznawania nagrody imienia prof. Stanis\u0142awa Kusia<\/span>\n\t\t\t\t\t\t\t\t\t\t\t<\/a>\n\t\t\t\t\t\t\t\t\t<\/li>\n\t\t\t\t\t\t<\/ul>\n\t\t\t\t\t\t<\/div>\n\t\t\t\t\t<\/div>\n\t\t\t\t<\/div>\n\t\t<div class=\"elementor-element elementor-element-9d1da9b e-flex e-con-boxed e-con e-parent\" data-id=\"9d1da9b\" data-element_type=\"container\" data-e-type=\"container\" data-settings=\"{&quot;background_background&quot;:&quot;classic&quot;}\">\n\t\t\t\t\t<div class=\"e-con-inner\">\n\t\t<div class=\"elementor-element elementor-element-74121e4 e-con-full e-flex e-con e-child\" data-id=\"74121e4\" data-element_type=\"container\" data-e-type=\"container\" data-settings=\"{&quot;background_background&quot;:&quot;classic&quot;}\">\n\t\t\t\t<div class=\"elementor-element elementor-element-39af99b elementor-widget elementor-widget-heading\" data-id=\"39af99b\" data-element_type=\"widget\" data-e-type=\"widget\" data-widget_type=\"heading.default\">\n\t\t\t\t\t<h1 class=\"elementor-heading-title elementor-size-default\">Nagroda im. prof. Stanis\u0142awa Kusia - 2025<\/h1>\t\t\t\t<\/div>\n\t\t\t\t<\/div>\n\t\t\t\t\t<\/div>\n\t\t\t\t<\/div>\n\t\t<div class=\"elementor-element elementor-element-4fb3e0e e-flex e-con-boxed e-con e-parent\" data-id=\"4fb3e0e\" data-element_type=\"container\" data-e-type=\"container\">\n\t\t\t\t\t<div class=\"e-con-inner\">\n\t\t<div class=\"elementor-element elementor-element-74bb4aa e-con-full e-flex e-con e-child\" data-id=\"74bb4aa\" data-element_type=\"container\" data-e-type=\"container\">\n\t\t\t\t<div class=\"elementor-element elementor-element-97026fe elementor-widget elementor-widget-image\" data-id=\"97026fe\" data-element_type=\"widget\" data-e-type=\"widget\" data-widget_type=\"image.default\">\n\t\t\t\t\t\t\t\t\t\t\t\t\t\t\t<img fetchpriority=\"high\" decoding=\"async\" width=\"1024\" height=\"683\" src=\"https:\/\/inzynier.rzeszow.pl\/wp-content\/uploads\/2026\/02\/obraz_2026-02-23_150149758-1024x683.webp\" class=\"attachment-large size-large wp-image-4166\" alt=\"\" srcset=\"https:\/\/inzynier.rzeszow.pl\/wp-content\/uploads\/2026\/02\/obraz_2026-02-23_150149758-1024x683.webp 1024w, https:\/\/inzynier.rzeszow.pl\/wp-content\/uploads\/2026\/02\/obraz_2026-02-23_150149758-300x200.png 300w, https:\/\/inzynier.rzeszow.pl\/wp-content\/uploads\/2026\/02\/obraz_2026-02-23_150149758-768x512.webp 768w, https:\/\/inzynier.rzeszow.pl\/wp-content\/uploads\/2026\/02\/obraz_2026-02-23_150149758.webp 1200w\" sizes=\"(max-width: 1024px) 100vw, 1024px\" \/>\t\t\t\t\t\t\t\t\t\t\t\t\t\t\t<\/div>\n\t\t\t\t<\/div>\n\t\t<div class=\"elementor-element elementor-element-f321c7e e-con-full e-flex e-con e-child\" data-id=\"f321c7e\" data-element_type=\"container\" data-e-type=\"container\">\n\t\t\t\t<div class=\"elementor-element elementor-element-6a616f9 elementor-widget elementor-widget-text-editor\" data-id=\"6a616f9\" data-element_type=\"widget\" data-e-type=\"widget\" data-widget_type=\"text-editor.default\">\n\t\t\t\t\t\t\t\t\t<p>Celem uhonorowania pami\u0119ci wybitnego in\u017cyniera budownictwa i naukowca prof. Stanis\u0142awa Kusia utworzona zosta\u0142a nagroda Jego imienia. Jest to wsp\u00f3lna inicjatywa Podkarpackiej Okr\u0119gowej Izby In\u017cynier\u00f3w Budownictwa oraz rzeszowskiego oddzia\u0142u Polskiego Zwi\u0105zku In\u017cynier\u00f3w i Technik\u00f3w Budownictwa, z kt\u00f3rych dzia\u0142alno\u015bci\u0105 prof. Stanis\u0142aw Ku\u015b by\u0142 \u015bci\u015ble zwi\u0105zany.<\/p><p>Nagroda ma charakter og\u00f3lnokrajowy, b\u0119dzie przyznawana corocznie osobie, lub zespo\u0142om, wykazuj\u0105cym si\u0119 tw\u00f3rczymi, innowacyjnymi oraz nieszablonowymi osi\u0105gni\u0119ciami w dziedzinie budownictwa, szczeg\u00f3lnie w zakresie kszta\u0142towania, projektowania oraz realizacji konstrukcji budowlanych, opartymi na g\u0142\u0119bokiej wiedzy teoretycznej. Nagroda mo\u017ce r\u00f3wnie\u017c zosta\u0107 przyznana osobie wykazuj\u0105cej si\u0119 wyr\u00f3\u017cniaj\u0105c\u0105 dzia\u0142alno\u015bci\u0105 na rzecz budowania autorytetu \u015brodowiska in\u017cynier\u00f3w budownictwa.<\/p>\t\t\t\t\t\t\t\t<\/div>\n\t\t\t\t<\/div>\n\t\t\t\t\t<\/div>\n\t\t\t\t<\/div>\n\t\t<div class=\"elementor-element elementor-element-f5ed0f0 e-flex e-con-boxed e-con e-parent\" data-id=\"f5ed0f0\" data-element_type=\"container\" data-e-type=\"container\">\n\t\t\t\t\t<div class=\"e-con-inner\">\n\t\t\t\t<div class=\"elementor-element elementor-element-e4c0e32 elementor-widget__width-inherit elementor-icon-list--layout-traditional elementor-list-item-link-full_width elementor-widget elementor-widget-icon-list\" data-id=\"e4c0e32\" data-element_type=\"widget\" data-e-type=\"widget\" data-widget_type=\"icon-list.default\">\n\t\t\t\t\t\t\t<ul class=\"elementor-icon-list-items\">\n\t\t\t\t\t\t\t<li class=\"elementor-icon-list-item\">\n\t\t\t\t\t\t\t\t\t\t\t<a href=\"https:\/\/archiwalna.inzynier.rzeszow.pl\/download\/z_zycia\/Regulamin-Nagrody-im.-prof.St_.-Kusia.pdf\" target=\"_blank\">\n\n\t\t\t\t\t\t\t\t\t\t\t\t<span class=\"elementor-icon-list-icon\">\n\t\t\t\t\t\t\t<svg aria-hidden=\"true\" class=\"e-font-icon-svg e-fas-arrow-circle-right\" viewBox=\"0 0 512 512\" xmlns=\"http:\/\/www.w3.org\/2000\/svg\"><path d=\"M256 8c137 0 248 111 248 248S393 504 256 504 8 393 8 256 119 8 256 8zm-28.9 143.6l75.5 72.4H120c-13.3 0-24 10.7-24 24v16c0 13.3 10.7 24 24 24h182.6l-75.5 72.4c-9.7 9.3-9.9 24.8-.4 34.3l11 10.9c9.4 9.4 24.6 9.4 33.9 0L404.3 273c9.4-9.4 9.4-24.6 0-33.9L271.6 106.3c-9.4-9.4-24.6-9.4-33.9 0l-11 10.9c-9.5 9.6-9.3 25.1.4 34.4z\"><\/path><\/svg>\t\t\t\t\t\t<\/span>\n\t\t\t\t\t\t\t\t\t\t<span class=\"elementor-icon-list-text\">Szczeg\u00f3\u0142owy Regulamin przyznawania nagrody imienia prof. Stanis\u0142awa Kusia &gt;&gt;<\/span>\n\t\t\t\t\t\t\t\t\t\t\t<\/a>\n\t\t\t\t\t\t\t\t\t<\/li>\n\t\t\t\t\t\t\t\t<li class=\"elementor-icon-list-item\">\n\t\t\t\t\t\t\t\t\t\t\t<a href=\"https:\/\/archiwalna.inzynier.rzeszow.pl\/download\/z_zycia\/O-Profesorze-Kusiu-2.pdf\" target=\"_blank\">\n\n\t\t\t\t\t\t\t\t\t\t\t\t<span class=\"elementor-icon-list-icon\">\n\t\t\t\t\t\t\t<svg aria-hidden=\"true\" class=\"e-font-icon-svg e-fas-arrow-circle-right\" viewBox=\"0 0 512 512\" xmlns=\"http:\/\/www.w3.org\/2000\/svg\"><path d=\"M256 8c137 0 248 111 248 248S393 504 256 504 8 393 8 256 119 8 256 8zm-28.9 143.6l75.5 72.4H120c-13.3 0-24 10.7-24 24v16c0 13.3 10.7 24 24 24h182.6l-75.5 72.4c-9.7 9.3-9.9 24.8-.4 34.3l11 10.9c9.4 9.4 24.6 9.4 33.9 0L404.3 273c9.4-9.4 9.4-24.6 0-33.9L271.6 106.3c-9.4-9.4-24.6-9.4-33.9 0l-11 10.9c-9.5 9.6-9.3 25.1.4 34.4z\"><\/path><\/svg>\t\t\t\t\t\t<\/span>\n\t\t\t\t\t\t\t\t\t\t<span class=\"elementor-icon-list-text\">Regulamin konkursu na projekt statuetki i tablicy upami\u0119tniaj\u0105cej prof. Stanis\u0142awa Kusia<\/span>\n\t\t\t\t\t\t\t\t\t\t\t<\/a>\n\t\t\t\t\t\t\t\t\t<\/li>\n\t\t\t\t\t\t<\/ul>\n\t\t\t\t\t\t<\/div>\n\t\t\t\t\t<\/div>\n\t\t\t\t<\/div>\n\t\t<div class=\"elementor-element elementor-element-3ebd4e2 e-flex e-con-boxed e-con e-parent\" data-id=\"3ebd4e2\" data-element_type=\"container\" data-e-type=\"container\">\n\t\t\t\t\t<div class=\"e-con-inner\">\n\t\t\t\t<div class=\"elementor-element elementor-element-396dec3 elementor-widget elementor-widget-text-editor\" data-id=\"396dec3\" data-element_type=\"widget\" data-e-type=\"widget\" data-widget_type=\"text-editor.default\">\n\t\t\t\t\t\t\t\t\t<p><span style=\"color: #ff0000; font-size: small;\"><strong>Sesja otwieraj\u0105ca po\u015bwi\u0119cona Prof. Stanis\u0142awowi Kusiowi &#8211; X Konferencja Naukowo-Techniczna Kszta\u0142towanie Konstrukcji i Budowli 2025<\/strong>\u00a0<br \/><\/span>( 04-06-2025 )<\/p>\t\t\t\t\t\t\t\t<\/div>\n\t\t\t\t\t<\/div>\n\t\t\t\t<\/div>\n\t\t<div class=\"elementor-element elementor-element-9ac1bce e-flex e-con-boxed e-con e-parent\" data-id=\"9ac1bce\" data-element_type=\"container\" data-e-type=\"container\">\n\t\t\t\t\t<div class=\"e-con-inner\">\n\t\t<div class=\"elementor-element elementor-element-69abac4 e-con-full e-flex e-con e-child\" data-id=\"69abac4\" data-element_type=\"container\" data-e-type=\"container\">\n\t\t\t\t<div class=\"elementor-element elementor-element-8181f2e elementor-widget elementor-widget-image\" data-id=\"8181f2e\" data-element_type=\"widget\" data-e-type=\"widget\" data-widget_type=\"image.default\">\n\t\t\t\t\t\t\t\t\t\t\t\t\t\t\t<img decoding=\"async\" width=\"1024\" height=\"682\" src=\"https:\/\/inzynier.rzeszow.pl\/wp-content\/uploads\/2026\/02\/obraz_2026-02-23_161215040-1024x682.webp\" class=\"attachment-large size-large wp-image-4167\" alt=\"\" srcset=\"https:\/\/inzynier.rzeszow.pl\/wp-content\/uploads\/2026\/02\/obraz_2026-02-23_161215040-1024x682.webp 1024w, https:\/\/inzynier.rzeszow.pl\/wp-content\/uploads\/2026\/02\/obraz_2026-02-23_161215040-300x200.png 300w, https:\/\/inzynier.rzeszow.pl\/wp-content\/uploads\/2026\/02\/obraz_2026-02-23_161215040-768x512.webp 768w, https:\/\/inzynier.rzeszow.pl\/wp-content\/uploads\/2026\/02\/obraz_2026-02-23_161215040-1536x1024.webp 1536w, https:\/\/inzynier.rzeszow.pl\/wp-content\/uploads\/2026\/02\/obraz_2026-02-23_161215040.webp 1920w\" sizes=\"(max-width: 1024px) 100vw, 1024px\" \/>\t\t\t\t\t\t\t\t\t\t\t\t\t\t\t<\/div>\n\t\t\t\t<\/div>\n\t\t<div class=\"elementor-element elementor-element-d35f867 e-con-full e-flex e-con e-child\" data-id=\"d35f867\" data-element_type=\"container\" data-e-type=\"container\">\n\t\t\t\t<div class=\"elementor-element elementor-element-49e7283 elementor-widget elementor-widget-text-editor\" data-id=\"49e7283\" data-element_type=\"widget\" data-e-type=\"widget\" data-widget_type=\"text-editor.default\">\n\t\t\t\t\t\t\t\t\t<p>W dniach 04 -06 czerwca 2025 r. w siedzibie PDK OIIB oraz budynku P Wydzia\u0142u Budownictwa, In\u017cynierii \u015arodowiska i Architektury Politechniki Rzeszowskiej odby\u0142a si\u0119 X Konferencja Naukowo-Techniczna Kszta\u0142towanie Konstrukcji i Budowli 2025 wraz z sesj\u0105 otwieraj\u0105c\u0105 po\u015bwi\u0119con\u0105 Profesorowi Stanis\u0142awowi Kusiowi, kt\u00f3rej organizatorami byli Katedra Konstrukcji Budowlanych PRz wraz z PZITB oddzia\u0142 Rzesz\u00f3w oraz Podkarpacka Okr\u0119gowa Izba In\u017cynier\u00f3w Budownictwa.<\/p><p><strong><br \/>SESJA OTWIERAJ\u0104CA PO\u015aWI\u0118CONA PROFESOROWI STANIS\u0141AWOWI KUSIOWI\u00a0<\/strong><strong>ORAZ WR\u0118CZENIE NAGRODY IMIENIA PROFESORA STANIS\u0141AWA KUSIA<\/strong><br \/>W dniu 04 czerwca 2025 r. w siedzibie Podkarpackiej OIIB mia\u0142a miejsce sesja otwieraj\u0105ca po\u015bwi\u0119cona Prof. Stanis\u0142awowi Kusiowi, kt\u00f3r\u0105 poprowadzi\u0142 przewodnicz\u0105cy OR PDK OIIB Grzegorz Dubik.<\/p>\t\t\t\t\t\t\t\t<\/div>\n\t\t\t\t<div class=\"elementor-element elementor-element-d401cf7 elementor-widget__width-inherit elementor-icon-list--layout-traditional elementor-list-item-link-full_width elementor-widget elementor-widget-icon-list\" data-id=\"d401cf7\" data-element_type=\"widget\" data-e-type=\"widget\" data-widget_type=\"icon-list.default\">\n\t\t\t\t\t\t\t<ul class=\"elementor-icon-list-items\">\n\t\t\t\t\t\t\t<li class=\"elementor-icon-list-item\">\n\t\t\t\t\t\t\t\t\t\t\t<a href=\"https:\/\/inzynier.rzeszow.pl\/index.php\/2025\/06\/07\/sesja-otwierajaca-poswiecona-prof-stanislawowi-kusiowi-x-konferencja-naukowo-techniczna-ksztaltowanie-konstrukcji-i-budowli-2025\/\">\n\n\t\t\t\t\t\t\t\t\t\t\t\t<span class=\"elementor-icon-list-icon\">\n\t\t\t\t\t\t\t<svg aria-hidden=\"true\" class=\"e-font-icon-svg e-fas-arrow-circle-right\" viewBox=\"0 0 512 512\" xmlns=\"http:\/\/www.w3.org\/2000\/svg\"><path d=\"M256 8c137 0 248 111 248 248S393 504 256 504 8 393 8 256 119 8 256 8zm-28.9 143.6l75.5 72.4H120c-13.3 0-24 10.7-24 24v16c0 13.3 10.7 24 24 24h182.6l-75.5 72.4c-9.7 9.3-9.9 24.8-.4 34.3l11 10.9c9.4 9.4 24.6 9.4 33.9 0L404.3 273c9.4-9.4 9.4-24.6 0-33.9L271.6 106.3c-9.4-9.4-24.6-9.4-33.9 0l-11 10.9c-9.5 9.6-9.3 25.1.4 34.4z\"><\/path><\/svg>\t\t\t\t\t\t<\/span>\n\t\t\t\t\t\t\t\t\t\t<span class=\"elementor-icon-list-text\">Wi\u0119cej<\/span>\n\t\t\t\t\t\t\t\t\t\t\t<\/a>\n\t\t\t\t\t\t\t\t\t<\/li>\n\t\t\t\t\t\t<\/ul>\n\t\t\t\t\t\t<\/div>\n\t\t\t\t<\/div>\n\t\t\t\t\t<\/div>\n\t\t\t\t<\/div>\n\t\t<div class=\"elementor-element elementor-element-a099709 e-flex e-con-boxed e-con e-parent\" data-id=\"a099709\" data-element_type=\"container\" data-e-type=\"container\">\n\t\t\t\t\t<div class=\"e-con-inner\">\n\t\t\t\t<div class=\"elementor-element elementor-element-3a1f398 elementor-widget elementor-widget-text-editor\" data-id=\"3a1f398\" data-element_type=\"widget\" data-e-type=\"widget\" data-widget_type=\"text-editor.default\">\n\t\t\t\t\t\t\t\t\t<p><strong><span style=\"color: #ff0000;\"><span style=\"font-size: small;\">Konkurs na projekt statuetki i tablicy upami\u0119tniaj\u0105cej prof. Stanis\u0142awa Kusia<br \/><\/span><\/span><\/strong>( 21-11-2024 )<\/p>\t\t\t\t\t\t\t\t<\/div>\n\t\t\t\t\t<\/div>\n\t\t\t\t<\/div>\n\t\t<div class=\"elementor-element elementor-element-daf4694 e-flex e-con-boxed e-con e-parent\" data-id=\"daf4694\" data-element_type=\"container\" data-e-type=\"container\">\n\t\t\t\t\t<div class=\"e-con-inner\">\n\t\t<div class=\"elementor-element elementor-element-a2989be e-con-full e-flex e-con e-child\" data-id=\"a2989be\" data-element_type=\"container\" data-e-type=\"container\">\n\t\t\t\t<div class=\"elementor-element elementor-element-8cb7e11 elementor-widget elementor-widget-image\" data-id=\"8cb7e11\" data-element_type=\"widget\" data-e-type=\"widget\" data-widget_type=\"image.default\">\n\t\t\t\t\t\t\t\t\t\t\t\t\t\t\t<img decoding=\"async\" width=\"1024\" height=\"683\" src=\"https:\/\/inzynier.rzeszow.pl\/wp-content\/uploads\/2026\/02\/obraz_2026-02-23_161520973-1024x683.webp\" class=\"attachment-large size-large wp-image-4168\" alt=\"\" srcset=\"https:\/\/inzynier.rzeszow.pl\/wp-content\/uploads\/2026\/02\/obraz_2026-02-23_161520973-1024x683.webp 1024w, https:\/\/inzynier.rzeszow.pl\/wp-content\/uploads\/2026\/02\/obraz_2026-02-23_161520973-300x200.png 300w, https:\/\/inzynier.rzeszow.pl\/wp-content\/uploads\/2026\/02\/obraz_2026-02-23_161520973-768x512.webp 768w, https:\/\/inzynier.rzeszow.pl\/wp-content\/uploads\/2026\/02\/obraz_2026-02-23_161520973.webp 1200w\" sizes=\"(max-width: 1024px) 100vw, 1024px\" \/>\t\t\t\t\t\t\t\t\t\t\t\t\t\t\t<\/div>\n\t\t\t\t<\/div>\n\t\t<div class=\"elementor-element elementor-element-1aee0c6 e-con-full e-flex e-con e-child\" data-id=\"1aee0c6\" data-element_type=\"container\" data-e-type=\"container\">\n\t\t\t\t<div class=\"elementor-element elementor-element-e58eaae elementor-widget elementor-widget-text-editor\" data-id=\"e58eaae\" data-element_type=\"widget\" data-e-type=\"widget\" data-widget_type=\"text-editor.default\">\n\t\t\t\t\t\t\t\t\t<p>Serdecznie zapraszamy do udzia\u0142u w konkursie na projekt statuetki i tablicy upami\u0119tniaj\u0105cejprof. Stanis\u0142awa Kusia, przewodnicz\u0105cego Komitetu Za\u0142o\u017cycielskiego\u00a0<span class=\"html-span xdj266r x11i5rnm xat24cr x1mh8g0r xexx8yu x4uap5 x18d9i69 xkhd6sd x1hl2dhg x16tdsg8 x1vvkbs\"><span class=\"xt0psk2\">Polskiej Izby In\u017cynier\u00f3w Budownictwa<\/span><\/span>.<\/p><p>Wy\u0142onienie projektu tablicy upami\u0119tniaj\u0105cej prof. Stanis\u0142awa Kusia, kt\u00f3ra zostanie wmurowana w auli Podkarpackiej Okr\u0119gowej Izby In\u017cynier\u00f3w Budownictwa.<\/p>\t\t\t\t\t\t\t\t<\/div>\n\t\t\t\t<div class=\"elementor-element elementor-element-bb06e08 elementor-widget__width-inherit elementor-icon-list--layout-traditional elementor-list-item-link-full_width elementor-widget elementor-widget-icon-list\" data-id=\"bb06e08\" data-element_type=\"widget\" data-e-type=\"widget\" data-widget_type=\"icon-list.default\">\n\t\t\t\t\t\t\t<ul class=\"elementor-icon-list-items\">\n\t\t\t\t\t\t\t<li class=\"elementor-icon-list-item\">\n\t\t\t\t\t\t\t\t\t\t\t<a href=\"https:\/\/wbisia.prz.edu.pl\/aktualnosci\/konkurs-na-projekt-statuetki-i-tablicy-upamietniajacej-prof-stanislawa-kusia-872.html\" target=\"_blank\">\n\n\t\t\t\t\t\t\t\t\t\t\t\t<span class=\"elementor-icon-list-icon\">\n\t\t\t\t\t\t\t<svg aria-hidden=\"true\" class=\"e-font-icon-svg e-fas-arrow-circle-right\" viewBox=\"0 0 512 512\" xmlns=\"http:\/\/www.w3.org\/2000\/svg\"><path d=\"M256 8c137 0 248 111 248 248S393 504 256 504 8 393 8 256 119 8 256 8zm-28.9 143.6l75.5 72.4H120c-13.3 0-24 10.7-24 24v16c0 13.3 10.7 24 24 24h182.6l-75.5 72.4c-9.7 9.3-9.9 24.8-.4 34.3l11 10.9c9.4 9.4 24.6 9.4 33.9 0L404.3 273c9.4-9.4 9.4-24.6 0-33.9L271.6 106.3c-9.4-9.4-24.6-9.4-33.9 0l-11 10.9c-9.5 9.6-9.3 25.1.4 34.4z\"><\/path><\/svg>\t\t\t\t\t\t<\/span>\n\t\t\t\t\t\t\t\t\t\t<span class=\"elementor-icon-list-text\">Wi\u0119cej<\/span>\n\t\t\t\t\t\t\t\t\t\t\t<\/a>\n\t\t\t\t\t\t\t\t\t<\/li>\n\t\t\t\t\t\t\t\t<li class=\"elementor-icon-list-item\">\n\t\t\t\t\t\t\t\t\t\t\t<a href=\"\" target=\"_blank\">\n\n\t\t\t\t\t\t\t\t\t\t\t\t<span class=\"elementor-icon-list-icon\">\n\t\t\t\t\t\t\t<svg aria-hidden=\"true\" class=\"e-font-icon-svg e-fas-arrow-circle-right\" viewBox=\"0 0 512 512\" xmlns=\"http:\/\/www.w3.org\/2000\/svg\"><path d=\"M256 8c137 0 248 111 248 248S393 504 256 504 8 393 8 256 119 8 256 8zm-28.9 143.6l75.5 72.4H120c-13.3 0-24 10.7-24 24v16c0 13.3 10.7 24 24 24h182.6l-75.5 72.4c-9.7 9.3-9.9 24.8-.4 34.3l11 10.9c9.4 9.4 24.6 9.4 33.9 0L404.3 273c9.4-9.4 9.4-24.6 0-33.9L271.6 106.3c-9.4-9.4-24.6-9.4-33.9 0l-11 10.9c-9.5 9.6-9.3 25.1.4 34.4z\"><\/path><\/svg>\t\t\t\t\t\t<\/span>\n\t\t\t\t\t\t\t\t\t\t<span class=\"elementor-icon-list-text\">Regulamin konkursu na projekt statuetki i tablicy upami\u0119tniaj\u0105cej prof. Stanis\u0142awa Kusia<\/span>\n\t\t\t\t\t\t\t\t\t\t\t<\/a>\n\t\t\t\t\t\t\t\t\t<\/li>\n\t\t\t\t\t\t<\/ul>\n\t\t\t\t\t\t<\/div>\n\t\t\t\t<\/div>\n\t\t\t\t\t<\/div>\n\t\t\t\t<\/div>\n\t\t<div class=\"elementor-element elementor-element-e732208 e-flex e-con-boxed e-con e-parent\" data-id=\"e732208\" data-element_type=\"container\" data-e-type=\"container\">\n\t\t\t\t\t<div class=\"e-con-inner\">\n\t\t\t\t<div class=\"elementor-element elementor-element-1756b70 elementor-widget elementor-widget-text-editor\" data-id=\"1756b70\" data-element_type=\"widget\" data-e-type=\"widget\" data-widget_type=\"text-editor.default\">\n\t\t\t\t\t\t\t\t\t<p><strong><span style=\"color: #ff0000; font-size: small;\">Rozstrzygni\u0119cie Konkursu na projekt statuetki i tablicy upami\u0119tniaj\u0105cej prof. Stanis\u0142awa Kusia<br \/><\/span><\/strong>( 04-03-2025 )<\/p>\t\t\t\t\t\t\t\t<\/div>\n\t\t\t\t\t<\/div>\n\t\t\t\t<\/div>\n\t\t<div class=\"elementor-element elementor-element-ce11d36 e-flex e-con-boxed e-con e-parent\" data-id=\"ce11d36\" data-element_type=\"container\" data-e-type=\"container\">\n\t\t\t\t\t<div class=\"e-con-inner\">\n\t\t<div class=\"elementor-element elementor-element-3932644 e-con-full e-flex e-con e-child\" data-id=\"3932644\" data-element_type=\"container\" data-e-type=\"container\">\n\t\t\t\t<div class=\"elementor-element elementor-element-da0af05 elementor-widget elementor-widget-image\" data-id=\"da0af05\" data-element_type=\"widget\" data-e-type=\"widget\" data-widget_type=\"image.default\">\n\t\t\t\t\t\t\t\t\t\t\t\t\t\t\t<img loading=\"lazy\" decoding=\"async\" width=\"1024\" height=\"680\" src=\"https:\/\/inzynier.rzeszow.pl\/wp-content\/uploads\/2026\/02\/obraz_2026-02-23_161900990-1024x680.webp\" class=\"attachment-large size-large wp-image-4169\" alt=\"\" srcset=\"https:\/\/inzynier.rzeszow.pl\/wp-content\/uploads\/2026\/02\/obraz_2026-02-23_161900990-1024x680.webp 1024w, https:\/\/inzynier.rzeszow.pl\/wp-content\/uploads\/2026\/02\/obraz_2026-02-23_161900990-300x199.png 300w, https:\/\/inzynier.rzeszow.pl\/wp-content\/uploads\/2026\/02\/obraz_2026-02-23_161900990-768x510.webp 768w, https:\/\/inzynier.rzeszow.pl\/wp-content\/uploads\/2026\/02\/obraz_2026-02-23_161900990-1536x1020.webp 1536w, https:\/\/inzynier.rzeszow.pl\/wp-content\/uploads\/2026\/02\/obraz_2026-02-23_161900990.webp 1920w\" sizes=\"(max-width: 1024px) 100vw, 1024px\" \/>\t\t\t\t\t\t\t\t\t\t\t\t\t\t\t<\/div>\n\t\t\t\t<\/div>\n\t\t<div class=\"elementor-element elementor-element-2275b78 e-con-full e-flex e-con e-child\" data-id=\"2275b78\" data-element_type=\"container\" data-e-type=\"container\">\n\t\t\t\t<div class=\"elementor-element elementor-element-e0ed583 elementor-widget elementor-widget-text-editor\" data-id=\"e0ed583\" data-element_type=\"widget\" data-e-type=\"widget\" data-widget_type=\"text-editor.default\">\n\t\t\t\t\t\t\t\t\t<p>W dniu 03 marca 2025 r. w siedzibie PDK OIIB odby\u0142o rozstrzygni\u0119cie Konkursu na projekt statuetki i tablicy upami\u0119tniaj\u0105cej prof. Stanis\u0142awa Kusia. Zgromadzonych laureat\u00f3w konkursu oraz cz\u0142onk\u00f3w S\u0105du Konkursowego powita\u0142 przewodnicz\u0105cy OR PDK OIIB Grzegorz Dubik.<br \/>Organizatorami konkursu byli:<br \/>&#8211; Podkarpacka Okr\u0119gowa Izba In\u017cynier\u00f3w Budownictwa,<br \/>&#8211; Wydzia\u0142 Budownictwa, In\u017cynierii \u015arodowiska i Architektury\u00a0Politechniki Rzeszowskiej Ignacego \u0141ukasiewicza,<br \/>&#8211; Rzeszowski Oddzia\u0142 Polskiego Zwi\u0105zku In\u017cynier\u00f3w i Technik\u00f3w Budownictwa.\u00a0<\/p>\t\t\t\t\t\t\t\t<\/div>\n\t\t\t\t<div class=\"elementor-element elementor-element-2f65e5d elementor-widget__width-inherit elementor-icon-list--layout-traditional elementor-list-item-link-full_width elementor-widget elementor-widget-icon-list\" data-id=\"2f65e5d\" data-element_type=\"widget\" data-e-type=\"widget\" data-widget_type=\"icon-list.default\">\n\t\t\t\t\t\t\t<ul class=\"elementor-icon-list-items\">\n\t\t\t\t\t\t\t<li class=\"elementor-icon-list-item\">\n\t\t\t\t\t\t\t\t\t\t\t<a href=\"https:\/\/inzynier.rzeszow.pl\/index.php\/2025\/03\/04\/rozstrzygniecie-konkursu-na-projekt-statuetki-i-tablicy-upamietniajacej-prof-stanislawa-kusia\/\">\n\n\t\t\t\t\t\t\t\t\t\t\t\t<span class=\"elementor-icon-list-icon\">\n\t\t\t\t\t\t\t<svg aria-hidden=\"true\" class=\"e-font-icon-svg e-fas-arrow-circle-right\" viewBox=\"0 0 512 512\" xmlns=\"http:\/\/www.w3.org\/2000\/svg\"><path d=\"M256 8c137 0 248 111 248 248S393 504 256 504 8 393 8 256 119 8 256 8zm-28.9 143.6l75.5 72.4H120c-13.3 0-24 10.7-24 24v16c0 13.3 10.7 24 24 24h182.6l-75.5 72.4c-9.7 9.3-9.9 24.8-.4 34.3l11 10.9c9.4 9.4 24.6 9.4 33.9 0L404.3 273c9.4-9.4 9.4-24.6 0-33.9L271.6 106.3c-9.4-9.4-24.6-9.4-33.9 0l-11 10.9c-9.5 9.6-9.3 25.1.4 34.4z\"><\/path><\/svg>\t\t\t\t\t\t<\/span>\n\t\t\t\t\t\t\t\t\t\t<span class=\"elementor-icon-list-text\">Wi\u0119cej<\/span>\n\t\t\t\t\t\t\t\t\t\t\t<\/a>\n\t\t\t\t\t\t\t\t\t<\/li>\n\t\t\t\t\t\t<\/ul>\n\t\t\t\t\t\t<\/div>\n\t\t\t\t<\/div>\n\t\t\t\t\t<\/div>\n\t\t\t\t<\/div>\n\t\t\t\t<\/div>\n\t\t","protected":false},"excerpt":{"rendered":"<p>Nagroda im. prof. Stanis\u0142awa Kusia &#8211; 2026 Strona g\u0142\u00f3wna \/ Nagroda im. prof. Stanis\u0142awa Kusia Rozpocz\u0105\u0142 si\u0119 nowy nab\u00f3r zg\u0142osze\u0144 [&hellip;]<\/p>\n","protected":false},"author":1,"featured_media":0,"parent":0,"menu_order":0,"comment_status":"closed","ping_status":"closed","template":"","meta":{"site-sidebar-layout":"no-sidebar","site-content-layout":"","ast-site-content-layout":"full-width-container","site-content-style":"default","site-sidebar-style":"default","ast-global-header-display":"","ast-banner-title-visibility":"","ast-main-header-display":"","ast-hfb-above-header-display":"","ast-hfb-below-header-display":"","ast-hfb-mobile-header-display":"","site-post-title":"disabled","ast-breadcrumbs-content":"","ast-featured-img":"disabled","footer-sml-layout":"","ast-disable-related-posts":"","theme-transparent-header-meta":"","adv-header-id-meta":"","stick-header-meta":"","header-above-stick-meta":"","header-main-stick-meta":"","header-below-stick-meta":"","astra-migrate-meta-layouts":"default","ast-page-background-enabled":"default","ast-page-background-meta":{"desktop":{"background-color":"var(--ast-global-color-5)","background-image":"","background-repeat":"repeat","background-position":"center center","background-size":"auto","background-attachment":"scroll","background-type":"","background-media":"","overlay-type":"","overlay-color":"","overlay-opacity":"","overlay-gradient":""},"tablet":{"background-color":"","background-image":"","background-repeat":"repeat","background-position":"center center","background-size":"auto","background-attachment":"scroll","background-type":"","background-media":"","overlay-type":"","overlay-color":"","overlay-opacity":"","overlay-gradient":""},"mobile":{"background-color":"","background-image":"","background-repeat":"repeat","background-position":"center center","background-size":"auto","background-attachment":"scroll","background-type":"","background-media":"","overlay-type":"","overlay-color":"","overlay-opacity":"","overlay-gradient":""}},"ast-content-background-meta":{"desktop":{"background-color":"var(--ast-global-color-4)","background-image":"","background-repeat":"repeat","background-position":"center center","background-size":"auto","background-attachment":"scroll","background-type":"","background-media":"","overlay-type":"","overlay-color":"","overlay-opacity":"","overlay-gradient":""},"tablet":{"background-color":"var(--ast-global-color-4)","background-image":"","background-repeat":"repeat","background-position":"center center","background-size":"auto","background-attachment":"scroll","background-type":"","background-media":"","overlay-type":"","overlay-color":"","overlay-opacity":"","overlay-gradient":""},"mobile":{"background-color":"var(--ast-global-color-4)","background-image":"","background-repeat":"repeat","background-position":"center center","background-size":"auto","background-attachment":"scroll","background-type":"","background-media":"","overlay-type":"","overlay-color":"","overlay-opacity":"","overlay-gradient":""}},"footnotes":""},"class_list":["post-4163","page","type-page","status-publish","hentry"],"yoast_head":"<!-- This site is optimized with the Yoast SEO plugin v27.5 - https:\/\/yoast.com\/product\/yoast-seo-wordpress\/ -->\n<title>Nagroda im. prof. Stanis\u0142awa Kusia - Podkarpacka Okregowa Izba Inzynierow Budownictwa<\/title>\n<meta name=\"description\" content=\"Nagroda im. prof. Stanis\u0142awa Kusia \u2013 wyr\u00f3\u017cnienie przyznawane za osi\u0105gni\u0119cia w dziedzinie budownictwa i dzia\u0142alno\u015b\u0107 in\u017cyniersk\u0105.\" \/>\n<meta name=\"robots\" content=\"index, follow, max-snippet:-1, max-image-preview:large, max-video-preview:-1\" \/>\n<link rel=\"canonical\" href=\"https:\/\/inzynier.rzeszow.pl\/index.php\/nagroda-im-prof-stanislawa-kusia\/\" \/>\n<meta property=\"og:locale\" content=\"pl_PL\" \/>\n<meta property=\"og:type\" content=\"article\" \/>\n<meta property=\"og:title\" content=\"Nagroda im. prof. Stanis\u0142awa Kusia - Podkarpacka Okregowa Izba Inzynierow Budownictwa\" \/>\n<meta property=\"og:description\" content=\"Nagroda im. prof. Stanis\u0142awa Kusia \u2013 wyr\u00f3\u017cnienie przyznawane za osi\u0105gni\u0119cia w dziedzinie budownictwa i dzia\u0142alno\u015b\u0107 in\u017cyniersk\u0105.\" \/>\n<meta property=\"og:url\" content=\"https:\/\/inzynier.rzeszow.pl\/index.php\/nagroda-im-prof-stanislawa-kusia\/\" \/>\n<meta property=\"og:site_name\" content=\"Podkarpacka Okregowa Izba Inzynierow Budownictwa\" \/>\n<meta property=\"article:modified_time\" content=\"2026-04-09T11:41:20+00:00\" \/>\n<meta property=\"og:image\" content=\"https:\/\/inzynier.rzeszow.pl\/wp-content\/uploads\/2026\/02\/obraz_2026-02-23_150149758-1024x683.webp\" \/>\n<meta name=\"twitter:card\" content=\"summary_large_image\" \/>\n<meta name=\"twitter:label1\" content=\"Szacowany czas czytania\" \/>\n\t<meta name=\"twitter:data1\" content=\"4 minuty\" \/>\n<script type=\"application\/ld+json\" class=\"yoast-schema-graph\">{\"@context\":\"https:\\\/\\\/schema.org\",\"@graph\":[{\"@type\":\"WebPage\",\"@id\":\"https:\\\/\\\/inzynier.rzeszow.pl\\\/index.php\\\/nagroda-im-prof-stanislawa-kusia\\\/\",\"url\":\"https:\\\/\\\/inzynier.rzeszow.pl\\\/index.php\\\/nagroda-im-prof-stanislawa-kusia\\\/\",\"name\":\"Nagroda im. prof. Stanis\u0142awa Kusia - Podkarpacka Okregowa Izba Inzynierow Budownictwa\",\"isPartOf\":{\"@id\":\"https:\\\/\\\/inzynier.rzeszow.pl\\\/#website\"},\"primaryImageOfPage\":{\"@id\":\"https:\\\/\\\/inzynier.rzeszow.pl\\\/index.php\\\/nagroda-im-prof-stanislawa-kusia\\\/#primaryimage\"},\"image\":{\"@id\":\"https:\\\/\\\/inzynier.rzeszow.pl\\\/index.php\\\/nagroda-im-prof-stanislawa-kusia\\\/#primaryimage\"},\"thumbnailUrl\":\"https:\\\/\\\/inzynier.rzeszow.pl\\\/wp-content\\\/uploads\\\/2026\\\/02\\\/obraz_2026-02-23_150149758-1024x683.webp\",\"datePublished\":\"2026-02-23T13:58:59+00:00\",\"dateModified\":\"2026-04-09T11:41:20+00:00\",\"description\":\"Nagroda im. prof. Stanis\u0142awa Kusia \u2013 wyr\u00f3\u017cnienie przyznawane za osi\u0105gni\u0119cia w dziedzinie budownictwa i dzia\u0142alno\u015b\u0107 in\u017cyniersk\u0105.\",\"breadcrumb\":{\"@id\":\"https:\\\/\\\/inzynier.rzeszow.pl\\\/index.php\\\/nagroda-im-prof-stanislawa-kusia\\\/#breadcrumb\"},\"inLanguage\":\"pl-PL\",\"potentialAction\":[{\"@type\":\"ReadAction\",\"target\":[\"https:\\\/\\\/inzynier.rzeszow.pl\\\/index.php\\\/nagroda-im-prof-stanislawa-kusia\\\/\"]}]},{\"@type\":\"ImageObject\",\"inLanguage\":\"pl-PL\",\"@id\":\"https:\\\/\\\/inzynier.rzeszow.pl\\\/index.php\\\/nagroda-im-prof-stanislawa-kusia\\\/#primaryimage\",\"url\":\"https:\\\/\\\/inzynier.rzeszow.pl\\\/wp-content\\\/uploads\\\/2026\\\/02\\\/obraz_2026-02-23_150149758-1024x683.webp\",\"contentUrl\":\"https:\\\/\\\/inzynier.rzeszow.pl\\\/wp-content\\\/uploads\\\/2026\\\/02\\\/obraz_2026-02-23_150149758-1024x683.webp\"},{\"@type\":\"BreadcrumbList\",\"@id\":\"https:\\\/\\\/inzynier.rzeszow.pl\\\/index.php\\\/nagroda-im-prof-stanislawa-kusia\\\/#breadcrumb\",\"itemListElement\":[{\"@type\":\"ListItem\",\"position\":1,\"name\":\"Strona g\u0142\u00f3wna\",\"item\":\"https:\\\/\\\/inzynier.rzeszow.pl\\\/\"},{\"@type\":\"ListItem\",\"position\":2,\"name\":\"Nagroda im. prof. Stanis\u0142awa Kusia\"}]},{\"@type\":\"WebSite\",\"@id\":\"https:\\\/\\\/inzynier.rzeszow.pl\\\/#website\",\"url\":\"https:\\\/\\\/inzynier.rzeszow.pl\\\/\",\"name\":\"Podkarpacka Okregowa Izba Inzynierow Budownictwa\",\"description\":\"\",\"potentialAction\":[{\"@type\":\"SearchAction\",\"target\":{\"@type\":\"EntryPoint\",\"urlTemplate\":\"https:\\\/\\\/inzynier.rzeszow.pl\\\/?s={search_term_string}\"},\"query-input\":{\"@type\":\"PropertyValueSpecification\",\"valueRequired\":true,\"valueName\":\"search_term_string\"}}],\"inLanguage\":\"pl-PL\"}]}<\/script>\n<!-- \/ Yoast SEO plugin. -->","yoast_head_json":{"title":"Nagroda im. prof. Stanis\u0142awa Kusia - Podkarpacka Okregowa Izba Inzynierow Budownictwa","description":"Nagroda im. prof. Stanis\u0142awa Kusia \u2013 wyr\u00f3\u017cnienie przyznawane za osi\u0105gni\u0119cia w dziedzinie budownictwa i dzia\u0142alno\u015b\u0107 in\u017cyniersk\u0105.","robots":{"index":"index","follow":"follow","max-snippet":"max-snippet:-1","max-image-preview":"max-image-preview:large","max-video-preview":"max-video-preview:-1"},"canonical":"https:\/\/inzynier.rzeszow.pl\/index.php\/nagroda-im-prof-stanislawa-kusia\/","og_locale":"pl_PL","og_type":"article","og_title":"Nagroda im. prof. Stanis\u0142awa Kusia - Podkarpacka Okregowa Izba Inzynierow Budownictwa","og_description":"Nagroda im. prof. Stanis\u0142awa Kusia \u2013 wyr\u00f3\u017cnienie przyznawane za osi\u0105gni\u0119cia w dziedzinie budownictwa i dzia\u0142alno\u015b\u0107 in\u017cyniersk\u0105.","og_url":"https:\/\/inzynier.rzeszow.pl\/index.php\/nagroda-im-prof-stanislawa-kusia\/","og_site_name":"Podkarpacka Okregowa Izba Inzynierow Budownictwa","article_modified_time":"2026-04-09T11:41:20+00:00","og_image":[{"url":"https:\/\/inzynier.rzeszow.pl\/wp-content\/uploads\/2026\/02\/obraz_2026-02-23_150149758-1024x683.webp","type":"","width":"","height":""}],"twitter_card":"summary_large_image","twitter_misc":{"Szacowany czas czytania":"4 minuty"},"schema":{"@context":"https:\/\/schema.org","@graph":[{"@type":"WebPage","@id":"https:\/\/inzynier.rzeszow.pl\/index.php\/nagroda-im-prof-stanislawa-kusia\/","url":"https:\/\/inzynier.rzeszow.pl\/index.php\/nagroda-im-prof-stanislawa-kusia\/","name":"Nagroda im. prof. Stanis\u0142awa Kusia - Podkarpacka Okregowa Izba Inzynierow Budownictwa","isPartOf":{"@id":"https:\/\/inzynier.rzeszow.pl\/#website"},"primaryImageOfPage":{"@id":"https:\/\/inzynier.rzeszow.pl\/index.php\/nagroda-im-prof-stanislawa-kusia\/#primaryimage"},"image":{"@id":"https:\/\/inzynier.rzeszow.pl\/index.php\/nagroda-im-prof-stanislawa-kusia\/#primaryimage"},"thumbnailUrl":"https:\/\/inzynier.rzeszow.pl\/wp-content\/uploads\/2026\/02\/obraz_2026-02-23_150149758-1024x683.webp","datePublished":"2026-02-23T13:58:59+00:00","dateModified":"2026-04-09T11:41:20+00:00","description":"Nagroda im. prof. Stanis\u0142awa Kusia \u2013 wyr\u00f3\u017cnienie przyznawane za osi\u0105gni\u0119cia w dziedzinie budownictwa i dzia\u0142alno\u015b\u0107 in\u017cyniersk\u0105.","breadcrumb":{"@id":"https:\/\/inzynier.rzeszow.pl\/index.php\/nagroda-im-prof-stanislawa-kusia\/#breadcrumb"},"inLanguage":"pl-PL","potentialAction":[{"@type":"ReadAction","target":["https:\/\/inzynier.rzeszow.pl\/index.php\/nagroda-im-prof-stanislawa-kusia\/"]}]},{"@type":"ImageObject","inLanguage":"pl-PL","@id":"https:\/\/inzynier.rzeszow.pl\/index.php\/nagroda-im-prof-stanislawa-kusia\/#primaryimage","url":"https:\/\/inzynier.rzeszow.pl\/wp-content\/uploads\/2026\/02\/obraz_2026-02-23_150149758-1024x683.webp","contentUrl":"https:\/\/inzynier.rzeszow.pl\/wp-content\/uploads\/2026\/02\/obraz_2026-02-23_150149758-1024x683.webp"},{"@type":"BreadcrumbList","@id":"https:\/\/inzynier.rzeszow.pl\/index.php\/nagroda-im-prof-stanislawa-kusia\/#breadcrumb","itemListElement":[{"@type":"ListItem","position":1,"name":"Strona g\u0142\u00f3wna","item":"https:\/\/inzynier.rzeszow.pl\/"},{"@type":"ListItem","position":2,"name":"Nagroda im. prof. Stanis\u0142awa Kusia"}]},{"@type":"WebSite","@id":"https:\/\/inzynier.rzeszow.pl\/#website","url":"https:\/\/inzynier.rzeszow.pl\/","name":"Podkarpacka Okregowa Izba Inzynierow Budownictwa","description":"","potentialAction":[{"@type":"SearchAction","target":{"@type":"EntryPoint","urlTemplate":"https:\/\/inzynier.rzeszow.pl\/?s={search_term_string}"},"query-input":{"@type":"PropertyValueSpecification","valueRequired":true,"valueName":"search_term_string"}}],"inLanguage":"pl-PL"}]}},"rttpg_featured_image_url":null,"rttpg_author":{"display_name":"admin","author_link":"https:\/\/inzynier.rzeszow.pl\/index.php\/author\/kwojcik\/"},"rttpg_comment":0,"rttpg_category":null,"rttpg_excerpt":"Nagroda im. prof. Stanis\u0142awa Kusia &#8211; 2026 Strona g\u0142\u00f3wna \/ Nagroda im. prof. Stanis\u0142awa Kusia Rozpocz\u0105\u0142 si\u0119 nowy nab\u00f3r zg\u0142osze\u0144 [&hellip;]","_links":{"self":[{"href":"https:\/\/inzynier.rzeszow.pl\/index.php\/wp-json\/wp\/v2\/pages\/4163","targetHints":{"allow":["GET"]}}],"collection":[{"href":"https:\/\/inzynier.rzeszow.pl\/index.php\/wp-json\/wp\/v2\/pages"}],"about":[{"href":"https:\/\/inzynier.rzeszow.pl\/index.php\/wp-json\/wp\/v2\/types\/page"}],"author":[{"embeddable":true,"href":"https:\/\/inzynier.rzeszow.pl\/index.php\/wp-json\/wp\/v2\/users\/1"}],"replies":[{"embeddable":true,"href":"https:\/\/inzynier.rzeszow.pl\/index.php\/wp-json\/wp\/v2\/comments?post=4163"}],"version-history":[{"count":65,"href":"https:\/\/inzynier.rzeszow.pl\/index.php\/wp-json\/wp\/v2\/pages\/4163\/revisions"}],"predecessor-version":[{"id":8562,"href":"https:\/\/inzynier.rzeszow.pl\/index.php\/wp-json\/wp\/v2\/pages\/4163\/revisions\/8562"}],"wp:attachment":[{"href":"https:\/\/inzynier.rzeszow.pl\/index.php\/wp-json\/wp\/v2\/media?parent=4163"}],"curies":[{"name":"wp","href":"https:\/\/api.w.org\/{rel}","templated":true}]}}