{"id":3816,"date":"2026-02-04T14:08:17","date_gmt":"2026-02-04T14:08:17","guid":{"rendered":"https:\/\/migracja.inzynier.rzeszow.pl\/?page_id=3816"},"modified":"2026-03-15T11:39:26","modified_gmt":"2026-03-15T10:39:26","slug":"xxiv-okregowy-zjazd-sprawozdawczy-pdk-oiib","status":"publish","type":"page","link":"https:\/\/inzynier.rzeszow.pl\/index.php\/xxiv-okregowy-zjazd-sprawozdawczy-pdk-oiib\/","title":{"rendered":"XXIV Okr\u0119gowy Zjazd Sprawozdawczy PDK OIIB"},"content":{"rendered":"\t\t<div data-elementor-type=\"wp-page\" data-elementor-id=\"3816\" class=\"elementor elementor-3816\" data-elementor-post-type=\"page\">\n\t\t\t\t<div class=\"elementor-element elementor-element-c6ddcf0 e-flex e-con-boxed e-con e-parent\" data-id=\"c6ddcf0\" data-element_type=\"container\" data-e-type=\"container\" data-settings=\"{&quot;background_background&quot;:&quot;classic&quot;}\">\n\t\t\t\t\t<div class=\"e-con-inner\">\n\t\t<div class=\"elementor-element elementor-element-f90288b e-con-full e-flex e-con e-child\" data-id=\"f90288b\" data-element_type=\"container\" data-e-type=\"container\" data-settings=\"{&quot;background_background&quot;:&quot;classic&quot;}\">\n\t\t\t\t<div class=\"elementor-element elementor-element-63fce6b elementor-widget elementor-widget-heading\" data-id=\"63fce6b\" data-element_type=\"widget\" data-e-type=\"widget\" data-widget_type=\"heading.default\">\n\t\t\t\t\t<h1 class=\"elementor-heading-title elementor-size-default\">XXIV Okr\u0119gowy Zjazd Sprawozdawczy PDK OIIB<\/h1>\t\t\t\t<\/div>\n\t\t\t\t<\/div>\n\t\t\t\t\t<\/div>\n\t\t\t\t<\/div>\n\t\t<div class=\"elementor-element elementor-element-91bdabd e-flex e-con-boxed e-con e-parent\" data-id=\"91bdabd\" data-element_type=\"container\" data-e-type=\"container\">\n\t\t\t\t\t<div class=\"e-con-inner\">\n\t\t\t\t<div class=\"elementor-element elementor-element-679e4d9 elementor-widget elementor-widget-text-editor\" data-id=\"679e4d9\" data-element_type=\"widget\" data-e-type=\"widget\" data-widget_type=\"text-editor.default\">\n\t\t\t\t\t\t\t\t\t<p><a href=\"https:\/\/inzynier.rzeszow.pl\">Strona g\u0142\u00f3wna <\/a>\/ <a href=\"https:\/\/inzynier.rzeszow.pl\/index.php\/zjazdy-pdk-oiib\/\">Zjazdy PDK OIIB<\/a> \/\u00a0<a href=\"https:\/\/inzynier.rzeszow.pl\/index.php\/xxiv-okregowy-zjazd-sprawozdawczy-pdk-oiib\/\">XXIV Okr\u0119gowy Zjazd Sprawozdawczy PDK OIIB<\/a><\/p>\t\t\t\t\t\t\t\t<\/div>\n\t\t\t\t\t<\/div>\n\t\t\t\t<\/div>\n\t\t<div class=\"elementor-element elementor-element-795be1e e-flex e-con-boxed e-con e-parent\" data-id=\"795be1e\" data-element_type=\"container\" data-e-type=\"container\">\n\t\t\t\t\t<div class=\"e-con-inner\">\n\t\t<div class=\"elementor-element elementor-element-d017f39 e-con-full e-flex e-con e-child\" data-id=\"d017f39\" data-element_type=\"container\" data-e-type=\"container\">\n\t\t\t\t<div class=\"elementor-element elementor-element-0b4f834 elementor-widget elementor-widget-image\" data-id=\"0b4f834\" data-element_type=\"widget\" data-e-type=\"widget\" data-widget_type=\"image.default\">\n\t\t\t\t\t\t\t\t\t\t\t\t\t\t\t<img fetchpriority=\"high\" decoding=\"async\" width=\"1024\" height=\"576\" src=\"https:\/\/inzynier.rzeszow.pl\/wp-content\/uploads\/2026\/02\/obraz_2026-02-04_151255973-1024x576.png\" class=\"attachment-large size-large wp-image-3826\" alt=\"\" srcset=\"https:\/\/inzynier.rzeszow.pl\/wp-content\/uploads\/2026\/02\/obraz_2026-02-04_151255973-1024x576.png 1024w, https:\/\/inzynier.rzeszow.pl\/wp-content\/uploads\/2026\/02\/obraz_2026-02-04_151255973-300x169.png 300w, https:\/\/inzynier.rzeszow.pl\/wp-content\/uploads\/2026\/02\/obraz_2026-02-04_151255973-768x432.png 768w, https:\/\/inzynier.rzeszow.pl\/wp-content\/uploads\/2026\/02\/obraz_2026-02-04_151255973-1536x864.png 1536w, https:\/\/inzynier.rzeszow.pl\/wp-content\/uploads\/2026\/02\/obraz_2026-02-04_151255973.png 1920w\" sizes=\"(max-width: 1024px) 100vw, 1024px\" \/>\t\t\t\t\t\t\t\t\t\t\t\t\t\t\t<\/div>\n\t\t\t\t<\/div>\n\t\t<div class=\"elementor-element elementor-element-df7ff60 e-con-full e-flex e-con e-child\" data-id=\"df7ff60\" data-element_type=\"container\" data-e-type=\"container\">\n\t\t\t\t<div class=\"elementor-element elementor-element-1fcb979 elementor-widget elementor-widget-text-editor\" data-id=\"1fcb979\" data-element_type=\"widget\" data-e-type=\"widget\" data-widget_type=\"text-editor.default\">\n\t\t\t\t\t\t\t\t\t<p>W dniu 5 kwietnia 2025 r. odby\u0142 si\u0119 XXIV Okr\u0119gowy Zjazd Sprawozdawczy PDK OIIB. Wydarzenie zgromadzi\u0142o 108 delegat\u00f3w z 141 delegat\u00f3w oraz liczne grono zaproszonych go\u015bci. Obrady otworzy\u0142 przewodnicz\u0105cy OR PDK OIIB Grzegorz Dubik, kt\u00f3ry powita\u0142 przyby\u0142ych delegat\u00f3w i go\u015bci, w\u015br\u00f3d kt\u00f3rych znale\u017ali si\u0119 m.in. przedstawiciele Krajowej Rady PIIB, \u015bwiata nauki, administracji samorz\u0105dowej oraz stowarzysze\u0144 naukowo-technicznych.\u00a0<br \/>Po oficjalnym otwarciu delegaci wybrali prezydium Zjazdu, w sk\u0142ad kt\u00f3rego weszli: Jaros\u0142aw Suchora &#8211; przewodnicz\u0105cy, Wac\u0142aw Kami\u0144ski &#8211; wiceprzewodnicz\u0105cy oraz Liliana Serafin &#8211; sekretarz.<br \/>Jako pierwszy z zaproszonych go\u015bci wyst\u0105pi\u0142 wiceprezes Krajowej Rady PIIB Mieczys\u0142aw Grodzki, kt\u00f3ry podsumowa\u0142 najwa\u017cniejsze inicjatywy podejmowane przez PIIB w ostatnim czasie, w tym dzia\u0142ania legislacyjne, promocj\u0119 zawodu, akcj\u0119 \u201eIn\u017cynierowie Budownictwa w walce ze skutkami powodzi&#8221;, oraz podkre\u015bli\u0142 ogromne znaczenie m\u0142odych in\u017cynier\u00f3w w rozwoju budownictwa i samorz\u0105du. Podzi\u0119kowa\u0142 cz\u0142onkom PDK OIIB za nieszablonowe dzia\u0142ania, \u00a0za zaanga\u017cowanie w pracy w organach PIIB oraz dotychczasow\u0105 bardzo dobr\u0105 wsp\u00f3\u0142prac\u0119 i \u017cyczy\u0142 owocnych obrad.<\/p>\t\t\t\t\t\t\t\t<\/div>\n\t\t\t\t<\/div>\n\t\t\t\t\t<\/div>\n\t\t\t\t<\/div>\n\t\t<div class=\"elementor-element elementor-element-44ad121 e-flex e-con-boxed e-con e-parent\" data-id=\"44ad121\" data-element_type=\"container\" data-e-type=\"container\">\n\t\t\t\t\t<div class=\"e-con-inner\">\n\t\t\t\t<div class=\"elementor-element elementor-element-679c1f2 elementor-widget elementor-widget-text-editor\" data-id=\"679c1f2\" data-element_type=\"widget\" data-e-type=\"widget\" data-widget_type=\"text-editor.default\">\n\t\t\t\t\t\t\t\t\t<p>Renata Knap, wiceprzewodnicz\u0105ca Sejmiku Wojew\u00f3dztwa Podkarpackiego przybli\u017cy\u0142a dzia\u0142alno\u015b\u0107 organizacji Spo\u0142eczna Inicjatywa Mieszkaniowa Stalowa Wola oraz pogratulowa\u0142a aktywnej dzia\u0142alno\u015bci PDK OIIB w \u017cyciu mieszka\u0144c\u00f3w Podkarpacia.<\/p><p>G\u0142os zabra\u0142 r\u00f3wnie\u017c dr in\u017c. Piotr Nazarko, prodziekan ds. rozwoju Wydzia\u0142u Budownictwa, In\u017cynierii \u015arodowiska i Architektury PRz, kt\u00f3ry w imieniu prof. dr hab. Piotra Koszelnika Rektora PRz podzi\u0119kowa\u0142 za wzorow\u0105 wsp\u00f3\u0142prac\u0119 uczelni z Izb\u0105. Zwr\u00f3ci\u0142 uwag\u0119 na nowe wyzwania Politechniki Rzeszowskiej zwi\u0105zane ze zmian\u0105 procesu kszta\u0142cenia, w tym na du\u017ce znaczenie AI w procesie kszta\u0142cenia nowej kadry. Na koniec zaprosi\u0142 do kontynuacji dzia\u0142a\u0144 i wsp\u00f3\u0142pracy na rzecz kszta\u0142cenia nowej kadry rzetelnych in\u017cynier\u00f3w budownictwa.<\/p><p>Podczas wyst\u0105pie\u0144 nie zabrak\u0142o r\u00f3wnie\u017c g\u0142osu przedstawicieli stowarzysze\u0144 naukowo-technicznych. Lidia Buda-O\u017c\u00f3g, przewodnicz\u0105ca Rzeszowskiego Oddzia\u0142u PZITB, podzi\u0119kowa\u0142a za wsp\u00f3\u0142prac\u0119 i podkre\u015bli\u0142a wsparcie PDK OIIB w organizacji X Konferencji Naukowo-Technicznej \u201eKszta\u0142towanie konstrukcji i budowli&#8221;. Zbigniew Stycze\u0144, prezes SEP O\/Rzesz\u00f3w, oraz Leszek Kaczmarczyk, prezes Podkarpackiego Oddzia\u0142u PZITS, wyrazili uznanie dla dotychczasowej wsp\u00f3\u0142pracy oraz wsp\u00f3lnych inicjatyw na rzecz \u015brodowiska in\u017cynierskiego.<\/p><p>Podczas Zjazdu wr\u0119czono Odznaki Honorowe PIIB.<\/p><p>Srebrne odznaki honorowe PIIB otrzymali:<br \/>&#8211; kol. Grzegorz O\u017c\u00f3g &#8211; PDK\/BO\/0226\/03<br \/>&#8211; kol. Jan Majcher &#8211; PDK\/BO\/0083\/15<br \/>&#8211; kol. Zygmunt Sobczyk &#8211; PDK\/BO\/0032\/11<br \/>&#8211; kol. Tomasz Mazur &#8211; PDK\/IS\/0446\/04<br \/>&#8211; kol. Stanis\u0142aw Kindel &#8211; PDK\/BO\/0288\/14<br \/>&#8211; kol. Andrzej Nowor\u00f3l &#8211; PDK\/IS\/0830\/02<br \/>&#8211; kol. Krzysztof Kutryba\u0142a &#8211; PDK\/BT\/0287\/06<br \/>&#8211; kol. Wojciech Bieda &#8211; PDK\/IE\/1264\/01<br \/>&#8211; kol. Bogus\u0142aw Czarnik &#8211; PDK\/BD\/1651\/01<\/p><p>Z\u0142ote Odznaki Honorowe PIIB otrzymali:<br \/>&#8211; kol. Piotr Chmura &#8211; PDK\/BO\/0210\/09<br \/>&#8211; kol. Marek Gardu\u0142a &#8211; PDK\/BK\/0113\/10<br \/>&#8211; kol. Andrzej Klecha &#8211; PDK\/BD\/1712\/01<br \/>&#8211; kol. Andrzej Panek &#8211; PDK\/IS\/0375\/03<br \/>&#8211; kol. Danuta Goszczy\u0144ska-Wojtas &#8211; PDK\/IS\/0956\/01<br \/>&#8211; kol. Zbigniew Jajuga &#8211; PDK\/BM\/0214\/03<br \/>&#8211; kol. Bogus\u0142aw Strza\u0142ka &#8211; PDK\/BO\/0852\/01<br \/>&#8211; kol. Marcin Szmyd &#8211; PDK\/BO\/0065\/05<br \/>&#8211; kol. Les\u0142aw Bartoszek &#8211; PDK\/IE\/1324\/03<br \/>&#8211; kol. El\u017cbieta \u0141ado\u015b &#8211; PDK\/IS\/1040\/01<\/p><p>Odznaczenia wr\u0119czyli: wiceprezes Krajowej Rady PIIB Mieczys\u0142aw Grodzki, przewodnicz\u0105cy Okr\u0119gowej Rady PDK OIIB Grzegorz Dubik oraz zast\u0119pca przewodnicz\u0105cego Okr\u0119gowej Rady PDK OIIB Wac\u0142aw Kami\u0144ski.<\/p><p>Minut\u0105 ciszy uczczono pami\u0119\u0107 kole\u017canek i koleg\u00f3w, kt\u00f3rzy odeszli w ostatnim czasie, oddaj\u0105c im ho\u0142d za ich wk\u0142ad w rozw\u00f3j budownictwa oraz dzia\u0142alno\u015b\u0107 na rzecz samorz\u0105du zawodowego.<\/p><p>Po wys\u0142uchaniu przewodnicz\u0105cych organ\u00f3w statutowych PDK OIIB relacjonuj\u0105cych dzia\u0142ania swoich organ\u00f3w w 2024 r.<\/p><p>&#8211; z dzia\u0142alno\u015bci Okr\u0119gowej Rady PDK OIIB &#8211; przewodnicz\u0105cy Grzegorz Dubik,<br \/>&#8211; sprawozdanie finansowe &#8211; skarbnik PDK OIIB Iwona Warzybok,<br \/>&#8211; sprawozdanie z dzia\u0142alno\u015bci OKK PDK OIIB &#8211; przewodnicz\u0105cy Zbigniew Plewako,<br \/>&#8211; sprawozdanie OSD PDK OIIB &#8211; przewodnicz\u0105cy Jerzy Madera,<br \/>&#8211; sprawozdanie OROZ PDK OIIB &#8211; rzecznik koordynator El\u017cbieta Kosior,<br \/>&#8211; sprawozdanie OKR PDK OIIB &#8211; przewodnicz\u0105cy Dariusz Nowakowski,<\/p><p>i kr\u00f3tkiej dyskusji delegaci podj\u0119li uchwa\u0142y o ich przyj\u0119ciu oraz udzielili Okr\u0119gowej Radzie PDK OIIB absolutorium.<\/p><p>Delegaci wi\u0119kszo\u015bci\u0105 g\u0142os\u00f3w podj\u0119li uchwa\u0142y w sprawie utworzenia Funduszy Celowych i ich regulamin\u00f3w.<\/p><p>Zjazd podj\u0105\u0142 r\u00f3wnie\u017c uchwa\u0142\u0119 o przeznaczeniu nadwy\u017cki przychod\u00f3w nad kosztami za 2024 r. na dzia\u0142alno\u015b\u0107 statutow\u0105 PDK OIIB oraz uchwali\u0142 bud\u017cet na 2025 r.<em><br \/><\/em><br \/>Ko\u0144cz\u0105c Zjazd przewodnicz\u0105cy OR PDK OIIB Grzegorz Dubik podzi\u0119kowa\u0142 wszystkim delegatom za zaanga\u017cowanie i prac\u0119 w mijaj\u0105cej kadencji. Poinformowa\u0142 r\u00f3wnie\u017c, \u017ce nie mo\u017ce ju\u017c kandydowa\u0107 na funkcj\u0119 przewodnicz\u0105cego OR PDK OIIB na kadencj\u0119 2026-2030. Jednocze\u015bnie wyrazi\u0142 pe\u0142ne poparcie dla swojego dotychczasowego zast\u0119pcy Wac\u0142awa Kami\u0144skiego, z kt\u00f3rym od pocz\u0105tku blisko wsp\u00f3\u0142pracowa\u0142. Podkre\u015bli\u0142, \u017ce to najlepsza kandydatura, gwarantuj\u0105ca kontynuacj\u0119 dzia\u0142a\u0144. S\u0142owa te spotka\u0142y si\u0119 z aprobat\u0105 delegat\u00f3w, kt\u00f3rzy nagrodzili je gromkimi oklaskami.<\/p><p>Mi\u0142\u0105 niespodziank\u0105 dla wszystkich delegat\u00f3w Zjazdu by\u0142o wr\u0119czenie pami\u0105tkowych medali, kt\u00f3re stanowi\u0142y symbol uznania i podzi\u0119kowania za pe\u0142nienie funkcji delegata w kadencji 2022-2026. To wyj\u0105tkowe wyr\u00f3\u017cnienie podkre\u015bla zaanga\u017cowanie oraz wk\u0142ad w rozw\u00f3j samorz\u0105du in\u017cynier\u00f3w budownictwa.<\/p><p align=\"right\">Liliana Serafin<br \/>sekretarz Okr\u0119gowej Rady PDK OIIB\u00a0<\/p>\t\t\t\t\t\t\t\t<\/div>\n\t\t\t\t\t<\/div>\n\t\t\t\t<\/div>\n\t\t<div class=\"elementor-element elementor-element-4a5388a e-flex e-con-boxed e-con e-parent\" data-id=\"4a5388a\" data-element_type=\"container\" data-e-type=\"container\">\n\t\t\t\t\t<div class=\"e-con-inner\">\n\t\t\t\t<div class=\"elementor-element elementor-element-0662796 elementor-widget__width-inherit elementor-icon-list--layout-traditional elementor-list-item-link-full_width elementor-widget elementor-widget-icon-list\" data-id=\"0662796\" data-element_type=\"widget\" data-e-type=\"widget\" data-widget_type=\"icon-list.default\">\n\t\t\t\t\t\t\t<ul class=\"elementor-icon-list-items\">\n\t\t\t\t\t\t\t<li class=\"elementor-icon-list-item\">\n\t\t\t\t\t\t\t\t\t\t\t<a href=\"https:\/\/www.facebook.com\/media\/set\/?set=a.1097109859120747&#038;type=3\" target=\"_blank\">\n\n\t\t\t\t\t\t\t\t\t\t\t\t<span class=\"elementor-icon-list-icon\">\n\t\t\t\t\t\t\t<svg aria-hidden=\"true\" class=\"e-font-icon-svg e-fas-arrow-circle-right\" viewBox=\"0 0 512 512\" xmlns=\"http:\/\/www.w3.org\/2000\/svg\"><path d=\"M256 8c137 0 248 111 248 248S393 504 256 504 8 393 8 256 119 8 256 8zm-28.9 143.6l75.5 72.4H120c-13.3 0-24 10.7-24 24v16c0 13.3 10.7 24 24 24h182.6l-75.5 72.4c-9.7 9.3-9.9 24.8-.4 34.3l11 10.9c9.4 9.4 24.6 9.4 33.9 0L404.3 273c9.4-9.4 9.4-24.6 0-33.9L271.6 106.3c-9.4-9.4-24.6-9.4-33.9 0l-11 10.9c-9.5 9.6-9.3 25.1.4 34.4z\"><\/path><\/svg>\t\t\t\t\t\t<\/span>\n\t\t\t\t\t\t\t\t\t\t<span class=\"elementor-icon-list-text\">Galeria fotograficzna z XXIV Okr\u0119gowego Zjazdu Sprawozdawczego PDK OIIB - 05.04.2025 r.<\/span>\n\t\t\t\t\t\t\t\t\t\t\t<\/a>\n\t\t\t\t\t\t\t\t\t<\/li>\n\t\t\t\t\t\t<\/ul>\n\t\t\t\t\t\t<\/div>\n\t\t\t\t\t<\/div>\n\t\t\t\t<\/div>\n\t\t<div class=\"elementor-element elementor-element-beaa86d e-flex e-con-boxed e-con e-parent\" data-id=\"beaa86d\" data-element_type=\"container\" data-e-type=\"container\">\n\t\t\t\t\t<div class=\"e-con-inner\">\n\t\t\t\t<div class=\"elementor-element elementor-element-f974f00 elementor-widget elementor-widget-gallery\" data-id=\"f974f00\" data-element_type=\"widget\" data-e-type=\"widget\" data-settings=\"{&quot;columns&quot;:3,&quot;lazyload&quot;:&quot;yes&quot;,&quot;gallery_layout&quot;:&quot;grid&quot;,&quot;columns_tablet&quot;:2,&quot;columns_mobile&quot;:1,&quot;gap&quot;:{&quot;unit&quot;:&quot;px&quot;,&quot;size&quot;:10,&quot;sizes&quot;:[]},&quot;gap_tablet&quot;:{&quot;unit&quot;:&quot;px&quot;,&quot;size&quot;:10,&quot;sizes&quot;:[]},&quot;gap_mobile&quot;:{&quot;unit&quot;:&quot;px&quot;,&quot;size&quot;:10,&quot;sizes&quot;:[]},&quot;link_to&quot;:&quot;file&quot;,&quot;aspect_ratio&quot;:&quot;3:2&quot;,&quot;overlay_background&quot;:&quot;yes&quot;,&quot;content_hover_animation&quot;:&quot;fade-in&quot;}\" data-widget_type=\"gallery.default\">\n\t\t\t\t\t\t\t<div class=\"elementor-gallery__container\">\n\t\t\t\t\t\t\t<a class=\"e-gallery-item elementor-gallery-item elementor-animated-content\" href=\"https:\/\/inzynier.rzeszow.pl\/wp-content\/uploads\/2026\/02\/obraz_2026-02-04_151742639.png\" data-elementor-open-lightbox=\"yes\" data-elementor-lightbox-slideshow=\"f974f00\" data-e-action-hash=\"#elementor-action%3Aaction%3Dlightbox%26settings%3DeyJpZCI6MzgyNywidXJsIjoiaHR0cHM6XC9cL2luenluaWVyLnJ6ZXN6b3cucGxcL3dwLWNvbnRlbnRcL3VwbG9hZHNcLzIwMjZcLzAyXC9vYnJhel8yMDI2LTAyLTA0XzE1MTc0MjYzOS5wbmciLCJzbGlkZXNob3ciOiJmOTc0ZjAwIn0%3D\">\n\t\t\t\t\t<div class=\"e-gallery-image elementor-gallery-item__image\" data-thumbnail=\"https:\/\/inzynier.rzeszow.pl\/wp-content\/uploads\/2026\/02\/obraz_2026-02-04_151742639-768x510.png\" data-width=\"768\" data-height=\"510\" aria-label=\"\" role=\"img\" ><\/div>\n\t\t\t\t\t\t\t\t\t\t\t<div class=\"elementor-gallery-item__overlay\"><\/div>\n\t\t\t\t\t\t\t\t\t\t\t\t\t\t<\/a>\n\t\t\t\t\t\t\t<a class=\"e-gallery-item elementor-gallery-item elementor-animated-content\" href=\"https:\/\/inzynier.rzeszow.pl\/wp-content\/uploads\/2026\/02\/obraz_2026-02-04_151751524.png\" data-elementor-open-lightbox=\"yes\" data-elementor-lightbox-slideshow=\"f974f00\" data-e-action-hash=\"#elementor-action%3Aaction%3Dlightbox%26settings%3DeyJpZCI6MzgyOCwidXJsIjoiaHR0cHM6XC9cL2luenluaWVyLnJ6ZXN6b3cucGxcL3dwLWNvbnRlbnRcL3VwbG9hZHNcLzIwMjZcLzAyXC9vYnJhel8yMDI2LTAyLTA0XzE1MTc1MTUyNC5wbmciLCJzbGlkZXNob3ciOiJmOTc0ZjAwIn0%3D\">\n\t\t\t\t\t<div class=\"e-gallery-image elementor-gallery-item__image\" data-thumbnail=\"https:\/\/inzynier.rzeszow.pl\/wp-content\/uploads\/2026\/02\/obraz_2026-02-04_151751524-768x510.png\" data-width=\"768\" data-height=\"510\" aria-label=\"\" role=\"img\" ><\/div>\n\t\t\t\t\t\t\t\t\t\t\t<div class=\"elementor-gallery-item__overlay\"><\/div>\n\t\t\t\t\t\t\t\t\t\t\t\t\t\t<\/a>\n\t\t\t\t\t\t\t<a class=\"e-gallery-item elementor-gallery-item elementor-animated-content\" href=\"https:\/\/inzynier.rzeszow.pl\/wp-content\/uploads\/2026\/02\/obraz_2026-02-04_151801169.webp\" data-elementor-open-lightbox=\"yes\" data-elementor-lightbox-slideshow=\"f974f00\" data-e-action-hash=\"#elementor-action%3Aaction%3Dlightbox%26settings%3DeyJpZCI6MzgyOSwidXJsIjoiaHR0cHM6XC9cL2luenluaWVyLnJ6ZXN6b3cucGxcL3dwLWNvbnRlbnRcL3VwbG9hZHNcLzIwMjZcLzAyXC9vYnJhel8yMDI2LTAyLTA0XzE1MTgwMTE2OS53ZWJwIiwic2xpZGVzaG93IjoiZjk3NGYwMCJ9\">\n\t\t\t\t\t<div class=\"e-gallery-image elementor-gallery-item__image\" data-thumbnail=\"https:\/\/inzynier.rzeszow.pl\/wp-content\/uploads\/2026\/02\/obraz_2026-02-04_151801169-768x510.png\" data-width=\"768\" data-height=\"510\" aria-label=\"\" role=\"img\" ><\/div>\n\t\t\t\t\t\t\t\t\t\t\t<div class=\"elementor-gallery-item__overlay\"><\/div>\n\t\t\t\t\t\t\t\t\t\t\t\t\t\t<\/a>\n\t\t\t\t\t\t\t<a class=\"e-gallery-item elementor-gallery-item elementor-animated-content\" href=\"https:\/\/inzynier.rzeszow.pl\/wp-content\/uploads\/2026\/02\/obraz_2026-02-04_151808835.webp\" data-elementor-open-lightbox=\"yes\" data-elementor-lightbox-slideshow=\"f974f00\" data-e-action-hash=\"#elementor-action%3Aaction%3Dlightbox%26settings%3DeyJpZCI6MzgzMCwidXJsIjoiaHR0cHM6XC9cL2luenluaWVyLnJ6ZXN6b3cucGxcL3dwLWNvbnRlbnRcL3VwbG9hZHNcLzIwMjZcLzAyXC9vYnJhel8yMDI2LTAyLTA0XzE1MTgwODgzNS53ZWJwIiwic2xpZGVzaG93IjoiZjk3NGYwMCJ9\">\n\t\t\t\t\t<div class=\"e-gallery-image elementor-gallery-item__image\" data-thumbnail=\"https:\/\/inzynier.rzeszow.pl\/wp-content\/uploads\/2026\/02\/obraz_2026-02-04_151808835-768x510.webp\" data-width=\"768\" data-height=\"510\" aria-label=\"\" role=\"img\" ><\/div>\n\t\t\t\t\t\t\t\t\t\t\t<div class=\"elementor-gallery-item__overlay\"><\/div>\n\t\t\t\t\t\t\t\t\t\t\t\t\t\t<\/a>\n\t\t\t\t\t\t\t<a class=\"e-gallery-item elementor-gallery-item elementor-animated-content\" href=\"https:\/\/inzynier.rzeszow.pl\/wp-content\/uploads\/2026\/02\/obraz_2026-02-04_151818251.webp\" data-elementor-open-lightbox=\"yes\" data-elementor-lightbox-slideshow=\"f974f00\" data-e-action-hash=\"#elementor-action%3Aaction%3Dlightbox%26settings%3DeyJpZCI6MzgzMSwidXJsIjoiaHR0cHM6XC9cL2luenluaWVyLnJ6ZXN6b3cucGxcL3dwLWNvbnRlbnRcL3VwbG9hZHNcLzIwMjZcLzAyXC9vYnJhel8yMDI2LTAyLTA0XzE1MTgxODI1MS53ZWJwIiwic2xpZGVzaG93IjoiZjk3NGYwMCJ9\">\n\t\t\t\t\t<div class=\"e-gallery-image elementor-gallery-item__image\" data-thumbnail=\"https:\/\/inzynier.rzeszow.pl\/wp-content\/uploads\/2026\/02\/obraz_2026-02-04_151818251-768x510.webp\" data-width=\"768\" data-height=\"510\" aria-label=\"\" role=\"img\" ><\/div>\n\t\t\t\t\t\t\t\t\t\t\t<div class=\"elementor-gallery-item__overlay\"><\/div>\n\t\t\t\t\t\t\t\t\t\t\t\t\t\t<\/a>\n\t\t\t\t\t\t\t<a class=\"e-gallery-item elementor-gallery-item elementor-animated-content\" href=\"https:\/\/inzynier.rzeszow.pl\/wp-content\/uploads\/2026\/02\/obraz_2026-02-04_151824816.webp\" data-elementor-open-lightbox=\"yes\" data-elementor-lightbox-slideshow=\"f974f00\" data-e-action-hash=\"#elementor-action%3Aaction%3Dlightbox%26settings%3DeyJpZCI6MzgzMiwidXJsIjoiaHR0cHM6XC9cL2luenluaWVyLnJ6ZXN6b3cucGxcL3dwLWNvbnRlbnRcL3VwbG9hZHNcLzIwMjZcLzAyXC9vYnJhel8yMDI2LTAyLTA0XzE1MTgyNDgxNi53ZWJwIiwic2xpZGVzaG93IjoiZjk3NGYwMCJ9\">\n\t\t\t\t\t<div class=\"e-gallery-image elementor-gallery-item__image\" data-thumbnail=\"https:\/\/inzynier.rzeszow.pl\/wp-content\/uploads\/2026\/02\/obraz_2026-02-04_151824816-768x510.webp\" data-width=\"768\" data-height=\"510\" aria-label=\"\" role=\"img\" ><\/div>\n\t\t\t\t\t\t\t\t\t\t\t<div class=\"elementor-gallery-item__overlay\"><\/div>\n\t\t\t\t\t\t\t\t\t\t\t\t\t\t<\/a>\n\t\t\t\t\t<\/div>\n\t\t\t\t\t<\/div>\n\t\t\t\t\t<\/div>\n\t\t\t\t<\/div>\n\t\t\t\t<\/div>\n\t\t","protected":false},"excerpt":{"rendered":"<p>XXIV Okr\u0119gowy Zjazd Sprawozdawczy PDK OIIB Strona g\u0142\u00f3wna \/ Zjazdy PDK OIIB \/\u00a0XXIV Okr\u0119gowy Zjazd Sprawozdawczy PDK OIIB W dniu [&hellip;]<\/p>\n","protected":false},"author":1,"featured_media":0,"parent":0,"menu_order":0,"comment_status":"closed","ping_status":"closed","template":"","meta":{"site-sidebar-layout":"no-sidebar","site-content-layout":"","ast-site-content-layout":"full-width-container","site-content-style":"default","site-sidebar-style":"default","ast-global-header-display":"","ast-banner-title-visibility":"","ast-main-header-display":"","ast-hfb-above-header-display":"","ast-hfb-below-header-display":"","ast-hfb-mobile-header-display":"","site-post-title":"disabled","ast-breadcrumbs-content":"","ast-featured-img":"disabled","footer-sml-layout":"","ast-disable-related-posts":"","theme-transparent-header-meta":"","adv-header-id-meta":"","stick-header-meta":"","header-above-stick-meta":"","header-main-stick-meta":"","header-below-stick-meta":"","astra-migrate-meta-layouts":"default","ast-page-background-enabled":"default","ast-page-background-meta":{"desktop":{"background-color":"var(--ast-global-color-5)","background-image":"","background-repeat":"repeat","background-position":"center center","background-size":"auto","background-attachment":"scroll","background-type":"","background-media":"","overlay-type":"","overlay-color":"","overlay-opacity":"","overlay-gradient":""},"tablet":{"background-color":"","background-image":"","background-repeat":"repeat","background-position":"center center","background-size":"auto","background-attachment":"scroll","background-type":"","background-media":"","overlay-type":"","overlay-color":"","overlay-opacity":"","overlay-gradient":""},"mobile":{"background-color":"","background-image":"","background-repeat":"repeat","background-position":"center center","background-size":"auto","background-attachment":"scroll","background-type":"","background-media":"","overlay-type":"","overlay-color":"","overlay-opacity":"","overlay-gradient":""}},"ast-content-background-meta":{"desktop":{"background-color":"var(--ast-global-color-4)","background-image":"","background-repeat":"repeat","background-position":"center center","background-size":"auto","background-attachment":"scroll","background-type":"","background-media":"","overlay-type":"","overlay-color":"","overlay-opacity":"","overlay-gradient":""},"tablet":{"background-color":"var(--ast-global-color-4)","background-image":"","background-repeat":"repeat","background-position":"center center","background-size":"auto","background-attachment":"scroll","background-type":"","background-media":"","overlay-type":"","overlay-color":"","overlay-opacity":"","overlay-gradient":""},"mobile":{"background-color":"var(--ast-global-color-4)","background-image":"","background-repeat":"repeat","background-position":"center center","background-size":"auto","background-attachment":"scroll","background-type":"","background-media":"","overlay-type":"","overlay-color":"","overlay-opacity":"","overlay-gradient":""}},"footnotes":""},"class_list":["post-3816","page","type-page","status-publish","hentry"],"yoast_head":"<!-- This site is optimized with the Yoast SEO plugin v27.5 - https:\/\/yoast.com\/product\/yoast-seo-wordpress\/ -->\n<title>XXIV Okr\u0119gowy Zjazd Sprawozdawczy PDK OIIB - Podkarpacka Okregowa Izba Inzynierow Budownictwa<\/title>\n<meta name=\"description\" content=\"XXIV Okr\u0119gowy Zjazd Sprawozdawczy PDK OIIB \u2013 wydarzenie podsumowuj\u0105ce dzia\u0142alno\u015b\u0107 Podkarpackiej Okr\u0119gowej Izby In\u017cynier\u00f3w Budownictwa.\" \/>\n<meta name=\"robots\" content=\"index, follow, max-snippet:-1, max-image-preview:large, max-video-preview:-1\" \/>\n<link rel=\"canonical\" href=\"https:\/\/inzynier.rzeszow.pl\/index.php\/xxiv-okregowy-zjazd-sprawozdawczy-pdk-oiib\/\" \/>\n<meta property=\"og:locale\" content=\"pl_PL\" \/>\n<meta property=\"og:type\" content=\"article\" \/>\n<meta property=\"og:title\" content=\"XXIV Okr\u0119gowy Zjazd Sprawozdawczy PDK OIIB - Podkarpacka Okregowa Izba Inzynierow Budownictwa\" \/>\n<meta property=\"og:description\" content=\"XXIV Okr\u0119gowy Zjazd Sprawozdawczy PDK OIIB \u2013 wydarzenie podsumowuj\u0105ce dzia\u0142alno\u015b\u0107 Podkarpackiej Okr\u0119gowej Izby In\u017cynier\u00f3w Budownictwa.\" \/>\n<meta property=\"og:url\" content=\"https:\/\/inzynier.rzeszow.pl\/index.php\/xxiv-okregowy-zjazd-sprawozdawczy-pdk-oiib\/\" \/>\n<meta property=\"og:site_name\" content=\"Podkarpacka Okregowa Izba Inzynierow Budownictwa\" \/>\n<meta property=\"article:modified_time\" content=\"2026-03-15T10:39:26+00:00\" \/>\n<meta property=\"og:image\" content=\"https:\/\/migracja.inzynier.rzeszow.pl\/wp-content\/uploads\/2026\/02\/obraz_2026-02-04_151255973-1024x576.png\" \/>\n<meta name=\"twitter:card\" content=\"summary_large_image\" \/>\n<meta name=\"twitter:label1\" content=\"Szacowany czas czytania\" \/>\n\t<meta name=\"twitter:data1\" content=\"5 minut\" \/>\n<script type=\"application\/ld+json\" class=\"yoast-schema-graph\">{\"@context\":\"https:\\\/\\\/schema.org\",\"@graph\":[{\"@type\":\"WebPage\",\"@id\":\"https:\\\/\\\/inzynier.rzeszow.pl\\\/index.php\\\/xxiv-okregowy-zjazd-sprawozdawczy-pdk-oiib\\\/\",\"url\":\"https:\\\/\\\/inzynier.rzeszow.pl\\\/index.php\\\/xxiv-okregowy-zjazd-sprawozdawczy-pdk-oiib\\\/\",\"name\":\"XXIV Okr\u0119gowy Zjazd Sprawozdawczy PDK OIIB - Podkarpacka Okregowa Izba Inzynierow Budownictwa\",\"isPartOf\":{\"@id\":\"https:\\\/\\\/inzynier.rzeszow.pl\\\/#website\"},\"primaryImageOfPage\":{\"@id\":\"https:\\\/\\\/inzynier.rzeszow.pl\\\/index.php\\\/xxiv-okregowy-zjazd-sprawozdawczy-pdk-oiib\\\/#primaryimage\"},\"image\":{\"@id\":\"https:\\\/\\\/inzynier.rzeszow.pl\\\/index.php\\\/xxiv-okregowy-zjazd-sprawozdawczy-pdk-oiib\\\/#primaryimage\"},\"thumbnailUrl\":\"https:\\\/\\\/migracja.inzynier.rzeszow.pl\\\/wp-content\\\/uploads\\\/2026\\\/02\\\/obraz_2026-02-04_151255973-1024x576.png\",\"datePublished\":\"2026-02-04T14:08:17+00:00\",\"dateModified\":\"2026-03-15T10:39:26+00:00\",\"description\":\"XXIV Okr\u0119gowy Zjazd Sprawozdawczy PDK OIIB \u2013 wydarzenie podsumowuj\u0105ce dzia\u0142alno\u015b\u0107 Podkarpackiej Okr\u0119gowej Izby In\u017cynier\u00f3w Budownictwa.\",\"breadcrumb\":{\"@id\":\"https:\\\/\\\/inzynier.rzeszow.pl\\\/index.php\\\/xxiv-okregowy-zjazd-sprawozdawczy-pdk-oiib\\\/#breadcrumb\"},\"inLanguage\":\"pl-PL\",\"potentialAction\":[{\"@type\":\"ReadAction\",\"target\":[\"https:\\\/\\\/inzynier.rzeszow.pl\\\/index.php\\\/xxiv-okregowy-zjazd-sprawozdawczy-pdk-oiib\\\/\"]}]},{\"@type\":\"ImageObject\",\"inLanguage\":\"pl-PL\",\"@id\":\"https:\\\/\\\/inzynier.rzeszow.pl\\\/index.php\\\/xxiv-okregowy-zjazd-sprawozdawczy-pdk-oiib\\\/#primaryimage\",\"url\":\"https:\\\/\\\/migracja.inzynier.rzeszow.pl\\\/wp-content\\\/uploads\\\/2026\\\/02\\\/obraz_2026-02-04_151255973-1024x576.png\",\"contentUrl\":\"https:\\\/\\\/migracja.inzynier.rzeszow.pl\\\/wp-content\\\/uploads\\\/2026\\\/02\\\/obraz_2026-02-04_151255973-1024x576.png\"},{\"@type\":\"BreadcrumbList\",\"@id\":\"https:\\\/\\\/inzynier.rzeszow.pl\\\/index.php\\\/xxiv-okregowy-zjazd-sprawozdawczy-pdk-oiib\\\/#breadcrumb\",\"itemListElement\":[{\"@type\":\"ListItem\",\"position\":1,\"name\":\"Strona g\u0142\u00f3wna\",\"item\":\"https:\\\/\\\/inzynier.rzeszow.pl\\\/\"},{\"@type\":\"ListItem\",\"position\":2,\"name\":\"XXIV Okr\u0119gowy Zjazd Sprawozdawczy PDK OIIB\"}]},{\"@type\":\"WebSite\",\"@id\":\"https:\\\/\\\/inzynier.rzeszow.pl\\\/#website\",\"url\":\"https:\\\/\\\/inzynier.rzeszow.pl\\\/\",\"name\":\"Podkarpacka Okregowa Izba Inzynierow Budownictwa\",\"description\":\"\",\"potentialAction\":[{\"@type\":\"SearchAction\",\"target\":{\"@type\":\"EntryPoint\",\"urlTemplate\":\"https:\\\/\\\/inzynier.rzeszow.pl\\\/?s={search_term_string}\"},\"query-input\":{\"@type\":\"PropertyValueSpecification\",\"valueRequired\":true,\"valueName\":\"search_term_string\"}}],\"inLanguage\":\"pl-PL\"}]}<\/script>\n<!-- \/ Yoast SEO plugin. -->","yoast_head_json":{"title":"XXIV Okr\u0119gowy Zjazd Sprawozdawczy PDK OIIB - Podkarpacka Okregowa Izba Inzynierow Budownictwa","description":"XXIV Okr\u0119gowy Zjazd Sprawozdawczy PDK OIIB \u2013 wydarzenie podsumowuj\u0105ce dzia\u0142alno\u015b\u0107 Podkarpackiej Okr\u0119gowej Izby In\u017cynier\u00f3w Budownictwa.","robots":{"index":"index","follow":"follow","max-snippet":"max-snippet:-1","max-image-preview":"max-image-preview:large","max-video-preview":"max-video-preview:-1"},"canonical":"https:\/\/inzynier.rzeszow.pl\/index.php\/xxiv-okregowy-zjazd-sprawozdawczy-pdk-oiib\/","og_locale":"pl_PL","og_type":"article","og_title":"XXIV Okr\u0119gowy Zjazd Sprawozdawczy PDK OIIB - Podkarpacka Okregowa Izba Inzynierow Budownictwa","og_description":"XXIV Okr\u0119gowy Zjazd Sprawozdawczy PDK OIIB \u2013 wydarzenie podsumowuj\u0105ce dzia\u0142alno\u015b\u0107 Podkarpackiej Okr\u0119gowej Izby In\u017cynier\u00f3w Budownictwa.","og_url":"https:\/\/inzynier.rzeszow.pl\/index.php\/xxiv-okregowy-zjazd-sprawozdawczy-pdk-oiib\/","og_site_name":"Podkarpacka Okregowa Izba Inzynierow Budownictwa","article_modified_time":"2026-03-15T10:39:26+00:00","og_image":[{"url":"https:\/\/migracja.inzynier.rzeszow.pl\/wp-content\/uploads\/2026\/02\/obraz_2026-02-04_151255973-1024x576.png","type":"","width":"","height":""}],"twitter_card":"summary_large_image","twitter_misc":{"Szacowany czas czytania":"5 minut"},"schema":{"@context":"https:\/\/schema.org","@graph":[{"@type":"WebPage","@id":"https:\/\/inzynier.rzeszow.pl\/index.php\/xxiv-okregowy-zjazd-sprawozdawczy-pdk-oiib\/","url":"https:\/\/inzynier.rzeszow.pl\/index.php\/xxiv-okregowy-zjazd-sprawozdawczy-pdk-oiib\/","name":"XXIV Okr\u0119gowy Zjazd Sprawozdawczy PDK OIIB - Podkarpacka Okregowa Izba Inzynierow Budownictwa","isPartOf":{"@id":"https:\/\/inzynier.rzeszow.pl\/#website"},"primaryImageOfPage":{"@id":"https:\/\/inzynier.rzeszow.pl\/index.php\/xxiv-okregowy-zjazd-sprawozdawczy-pdk-oiib\/#primaryimage"},"image":{"@id":"https:\/\/inzynier.rzeszow.pl\/index.php\/xxiv-okregowy-zjazd-sprawozdawczy-pdk-oiib\/#primaryimage"},"thumbnailUrl":"https:\/\/migracja.inzynier.rzeszow.pl\/wp-content\/uploads\/2026\/02\/obraz_2026-02-04_151255973-1024x576.png","datePublished":"2026-02-04T14:08:17+00:00","dateModified":"2026-03-15T10:39:26+00:00","description":"XXIV Okr\u0119gowy Zjazd Sprawozdawczy PDK OIIB \u2013 wydarzenie podsumowuj\u0105ce dzia\u0142alno\u015b\u0107 Podkarpackiej Okr\u0119gowej Izby In\u017cynier\u00f3w Budownictwa.","breadcrumb":{"@id":"https:\/\/inzynier.rzeszow.pl\/index.php\/xxiv-okregowy-zjazd-sprawozdawczy-pdk-oiib\/#breadcrumb"},"inLanguage":"pl-PL","potentialAction":[{"@type":"ReadAction","target":["https:\/\/inzynier.rzeszow.pl\/index.php\/xxiv-okregowy-zjazd-sprawozdawczy-pdk-oiib\/"]}]},{"@type":"ImageObject","inLanguage":"pl-PL","@id":"https:\/\/inzynier.rzeszow.pl\/index.php\/xxiv-okregowy-zjazd-sprawozdawczy-pdk-oiib\/#primaryimage","url":"https:\/\/migracja.inzynier.rzeszow.pl\/wp-content\/uploads\/2026\/02\/obraz_2026-02-04_151255973-1024x576.png","contentUrl":"https:\/\/migracja.inzynier.rzeszow.pl\/wp-content\/uploads\/2026\/02\/obraz_2026-02-04_151255973-1024x576.png"},{"@type":"BreadcrumbList","@id":"https:\/\/inzynier.rzeszow.pl\/index.php\/xxiv-okregowy-zjazd-sprawozdawczy-pdk-oiib\/#breadcrumb","itemListElement":[{"@type":"ListItem","position":1,"name":"Strona g\u0142\u00f3wna","item":"https:\/\/inzynier.rzeszow.pl\/"},{"@type":"ListItem","position":2,"name":"XXIV Okr\u0119gowy Zjazd Sprawozdawczy PDK OIIB"}]},{"@type":"WebSite","@id":"https:\/\/inzynier.rzeszow.pl\/#website","url":"https:\/\/inzynier.rzeszow.pl\/","name":"Podkarpacka Okregowa Izba Inzynierow Budownictwa","description":"","potentialAction":[{"@type":"SearchAction","target":{"@type":"EntryPoint","urlTemplate":"https:\/\/inzynier.rzeszow.pl\/?s={search_term_string}"},"query-input":{"@type":"PropertyValueSpecification","valueRequired":true,"valueName":"search_term_string"}}],"inLanguage":"pl-PL"}]}},"rttpg_featured_image_url":null,"rttpg_author":{"display_name":"admin","author_link":"https:\/\/inzynier.rzeszow.pl\/index.php\/author\/kwojcik\/"},"rttpg_comment":0,"rttpg_category":null,"rttpg_excerpt":"XXIV Okr\u0119gowy Zjazd Sprawozdawczy PDK OIIB Strona g\u0142\u00f3wna \/ Zjazdy PDK OIIB \/\u00a0XXIV Okr\u0119gowy Zjazd Sprawozdawczy PDK OIIB W dniu [&hellip;]","_links":{"self":[{"href":"https:\/\/inzynier.rzeszow.pl\/index.php\/wp-json\/wp\/v2\/pages\/3816","targetHints":{"allow":["GET"]}}],"collection":[{"href":"https:\/\/inzynier.rzeszow.pl\/index.php\/wp-json\/wp\/v2\/pages"}],"about":[{"href":"https:\/\/inzynier.rzeszow.pl\/index.php\/wp-json\/wp\/v2\/types\/page"}],"author":[{"embeddable":true,"href":"https:\/\/inzynier.rzeszow.pl\/index.php\/wp-json\/wp\/v2\/users\/1"}],"replies":[{"embeddable":true,"href":"https:\/\/inzynier.rzeszow.pl\/index.php\/wp-json\/wp\/v2\/comments?post=3816"}],"version-history":[{"count":10,"href":"https:\/\/inzynier.rzeszow.pl\/index.php\/wp-json\/wp\/v2\/pages\/3816\/revisions"}],"predecessor-version":[{"id":5626,"href":"https:\/\/inzynier.rzeszow.pl\/index.php\/wp-json\/wp\/v2\/pages\/3816\/revisions\/5626"}],"wp:attachment":[{"href":"https:\/\/inzynier.rzeszow.pl\/index.php\/wp-json\/wp\/v2\/media?parent=3816"}],"curies":[{"name":"wp","href":"https:\/\/api.w.org\/{rel}","templated":true}]}}