{"id":3703,"date":"2026-02-04T09:28:30","date_gmt":"2026-02-04T09:28:30","guid":{"rendered":"https:\/\/migracja.inzynier.rzeszow.pl\/?page_id=3703"},"modified":"2026-04-09T12:29:44","modified_gmt":"2026-04-09T11:29:44","slug":"galeria-integracyjna-pdk-oiib-2026","status":"publish","type":"page","link":"https:\/\/inzynier.rzeszow.pl\/index.php\/galeria-integracyjna-pdk-oiib-2026\/","title":{"rendered":"Galeria Integracyjna PDK OIIB &#8211; 2026"},"content":{"rendered":"\t\t<div data-elementor-type=\"wp-page\" data-elementor-id=\"3703\" class=\"elementor elementor-3703\" data-elementor-post-type=\"page\">\n\t\t\t\t<div class=\"elementor-element elementor-element-c6ddcf0 e-flex e-con-boxed e-con e-parent\" data-id=\"c6ddcf0\" data-element_type=\"container\" data-e-type=\"container\" data-settings=\"{&quot;background_background&quot;:&quot;classic&quot;}\">\n\t\t\t\t\t<div class=\"e-con-inner\">\n\t\t<div class=\"elementor-element elementor-element-f90288b e-con-full e-flex e-con e-child\" data-id=\"f90288b\" data-element_type=\"container\" data-e-type=\"container\" data-settings=\"{&quot;background_background&quot;:&quot;classic&quot;}\">\n\t\t\t\t<div class=\"elementor-element elementor-element-63fce6b elementor-widget elementor-widget-heading\" data-id=\"63fce6b\" data-element_type=\"widget\" data-e-type=\"widget\" data-widget_type=\"heading.default\">\n\t\t\t\t\t<h1 class=\"elementor-heading-title elementor-size-default\">Galeria Integracyjna PDK OIIB - 2026<\/h1>\t\t\t\t<\/div>\n\t\t\t\t<\/div>\n\t\t\t\t\t<\/div>\n\t\t\t\t<\/div>\n\t\t<div class=\"elementor-element elementor-element-3836b9f e-flex e-con-boxed e-con e-parent\" data-id=\"3836b9f\" data-element_type=\"container\" data-e-type=\"container\">\n\t\t\t\t\t<div class=\"e-con-inner\">\n\t\t\t\t<div class=\"elementor-element elementor-element-cb22a99 elementor-widget elementor-widget-text-editor\" data-id=\"cb22a99\" data-element_type=\"widget\" data-e-type=\"widget\" data-widget_type=\"text-editor.default\">\n\t\t\t\t\t\t\t\t\t<p><a href=\"https:\/\/inzynier.rzeszow.pl\">Strona g\u0142\u00f3wna <\/a>\/ <a href=\"https:\/\/inzynier.rzeszow.pl\/index.php\/galeria-integracyjna\/\">Galeria Integracyjna PDK OIIB<\/a> \/ <a href=\"https:\/\/inzynier.rzeszow.pl\/index.php\/galeria-integracyjna-pdk-oiib-2026\/\">Rok 2026<\/a><\/p>\t\t\t\t\t\t\t\t<\/div>\n\t\t\t\t\t<\/div>\n\t\t\t\t<\/div>\n\t\t<div class=\"elementor-element elementor-element-4a3ccf2 e-flex e-con-boxed e-con e-parent\" data-id=\"4a3ccf2\" data-element_type=\"container\" data-e-type=\"container\">\n\t\t\t\t\t<div class=\"e-con-inner\">\n\t\t\t\t<div class=\"elementor-element elementor-element-69c36cc elementor-widget elementor-widget-heading\" data-id=\"69c36cc\" data-element_type=\"widget\" data-e-type=\"widget\" data-widget_type=\"heading.default\">\n\t\t\t\t\t<h2 class=\"elementor-heading-title elementor-size-default\">Galeria Integracyjna - CHROMESTEZJA - J\u00f3zef Jan Kruzel - 23.01.2026 r.<\/h2>\t\t\t\t<\/div>\n\t\t\t\t\t<\/div>\n\t\t\t\t<\/div>\n\t\t<div class=\"elementor-element elementor-element-43a2281 e-flex e-con-boxed e-con e-parent\" data-id=\"43a2281\" data-element_type=\"container\" data-e-type=\"container\">\n\t\t\t\t\t<div class=\"e-con-inner\">\n\t\t<div class=\"elementor-element elementor-element-db7ac2c e-con-full e-flex e-con e-child\" data-id=\"db7ac2c\" data-element_type=\"container\" data-e-type=\"container\">\n\t\t\t\t<div class=\"elementor-element elementor-element-bfcdf64 elementor-widget elementor-widget-image\" data-id=\"bfcdf64\" data-element_type=\"widget\" data-e-type=\"widget\" data-widget_type=\"image.default\">\n\t\t\t\t\t\t\t\t\t\t\t\t\t\t\t<img fetchpriority=\"high\" decoding=\"async\" width=\"1024\" height=\"582\" src=\"https:\/\/inzynier.rzeszow.pl\/wp-content\/uploads\/2026\/02\/obraz_2026-02-04_103247866-1024x582.png\" class=\"attachment-large size-large wp-image-3709\" alt=\"\" srcset=\"https:\/\/inzynier.rzeszow.pl\/wp-content\/uploads\/2026\/02\/obraz_2026-02-04_103247866-1024x582.png 1024w, https:\/\/inzynier.rzeszow.pl\/wp-content\/uploads\/2026\/02\/obraz_2026-02-04_103247866-300x171.png 300w, https:\/\/inzynier.rzeszow.pl\/wp-content\/uploads\/2026\/02\/obraz_2026-02-04_103247866-768x437.png 768w, https:\/\/inzynier.rzeszow.pl\/wp-content\/uploads\/2026\/02\/obraz_2026-02-04_103247866-1536x873.png 1536w, https:\/\/inzynier.rzeszow.pl\/wp-content\/uploads\/2026\/02\/obraz_2026-02-04_103247866.png 1900w\" sizes=\"(max-width: 1024px) 100vw, 1024px\" \/>\t\t\t\t\t\t\t\t\t\t\t\t\t\t\t<\/div>\n\t\t\t\t<\/div>\n\t\t<div class=\"elementor-element elementor-element-7d108a3 e-con-full e-flex e-con e-child\" data-id=\"7d108a3\" data-element_type=\"container\" data-e-type=\"container\">\n\t\t\t\t<div class=\"elementor-element elementor-element-73a6536 elementor-widget elementor-widget-text-editor\" data-id=\"73a6536\" data-element_type=\"widget\" data-e-type=\"widget\" data-widget_type=\"text-editor.default\">\n\t\t\t\t\t\t\t\t\t<p>W dniu 23 stycznia 2026 r. o godz. 18:00 odby\u0142o si\u0119 otwarcie wystawy interdyscyplinarnej J\u00f3zefa Jana Kru\u017cla pt. \u201eCHROMESTEZJA&#8221; w Galerii Integracyjnej mieszcz\u0105cej si\u0119 w siedzibie Podkarpackiej Okr\u0119gowej Izby In\u017cynier\u00f3w Budownictwa w Rzeszowie, ul Krakowska 289.<\/p><p>Wernisa\u017c w Galerii Integracyjnej rozpocz\u0105\u0142 si\u0119 od filmowego zaproszenia w podr\u00f3\u017c z artyst\u0105, zwiastun b\u0119d\u0105cy zarazem progiem i obrazem przed obrazem, zaproszeniem do ciszy, w kt\u00f3rej kolor zaczyna brzmie\u0107. Kulminacj\u0105 by\u0142o opadni\u0119cie kurtyny, ods\u0142aniaj\u0105ce niespodziank\u0119: samego artyst\u0119 w zabytkowej karocy, ze swym wiernym psem-towarzyszem. Ten teatralny, \u017cywy obraz, kt\u00f3remu od pierwszej chwili towarzyszy\u0142y pot\u0119\u017cne tony organ\u00f3w, umieszczonych w holu sta\u0142 si\u0119 bram\u0105, przez kt\u00f3r\u0105 wkroczyli\u015bmy w przestrze\u0144 jego dzie\u0142. W ten w\u0142a\u015bnie spos\u00f3b J\u00f3zef Jan Kru\u017cla powita\u0142 zgromadzonych go\u015bci i rozpocz\u0119li\u015bmy wsp\u00f3ln\u0105 w\u0119dr\u00f3wk\u0119 po \u015bwiatach tej wyj\u0105tkowej wystawy.<\/p>\t\t\t\t\t\t\t\t<\/div>\n\t\t\t\t<\/div>\n\t\t\t\t\t<\/div>\n\t\t\t\t<\/div>\n\t\t<div class=\"elementor-element elementor-element-bcd42bd e-flex e-con-boxed e-con e-parent\" data-id=\"bcd42bd\" data-element_type=\"container\" data-e-type=\"container\">\n\t\t\t\t\t<div class=\"e-con-inner\">\n\t\t\t\t<div class=\"elementor-element elementor-element-e4ee6ac elementor-widget elementor-widget-text-editor\" data-id=\"e4ee6ac\" data-element_type=\"widget\" data-e-type=\"widget\" data-widget_type=\"text-editor.default\">\n\t\t\t\t\t\t\t\t\t<p>Kurator wystawy, dr hab. Anna Baran, powita\u0142a przyby\u0142ych go\u015bci w imieniu przewodnicz\u0105cego OR PDK OIIB, Grzegorza Dubika, oraz obecnej na wernisa\u017cu sekretarz OR PDK OIIB, Liliany Serafin. Nast\u0119pnie odczyta\u0142a oficjalny list gratulacyjny od Prezydenta Miasta Rzeszowa, adresowany do artysty. List zawiera\u0142 s\u0142owa podzi\u0119kowania z\u0142o\u017cone na r\u0119ce przewodnicz\u0105cego OR PDK OIIB, Grzegorza Dubika, wraz z wyrazami uznania dla pomys\u0142u i realizacji ca\u0142ego przedsi\u0119wzi\u0119cia.<br \/>Otwarcie wystawy uatrakcyjni\u0142 wyst\u0119p zespo\u0142u muzycznego, w barwnych historycznych strojach, z Pa\u0144stwowej Szko\u0142y Muzycznej im. M. Kar\u0142owicza w Mielcu.<\/p><p>Prezentowana ekspozycja obejmuje malarstwo oraz obiekty rze\u017abiarskie, w kt\u00f3rych artysta podejmuje refleksj\u0119 nad relacj\u0105 koloru, d\u017awi\u0119ku i do\u015bwiadczenia transcendentalnego. \u201eChromestezja&#8221; jest pr\u00f3b\u0105 poszerzenia pola percepcji &#8211; przestrzeni\u0105, w kt\u00f3rej barwa funkcjonuje jako no\u015bnik napi\u0119cia, rytmu i ciszy, a materia zostaje poddana procesowi symbolicznej transformacji.<br \/>Prezentowana ekspozycja obejmuje malarstwo oraz obiekty rze\u017abiarskie, w kt\u00f3rych artysta podejmuje refleksj\u0119 nad relacj\u0105 koloru, d\u017awi\u0119ku i do\u015bwiadczenia transcendentalnego. \u201eChromestezja&#8221; jest pr\u00f3b\u0105 poszerzenia pola percepcji &#8211; przestrzeni\u0105, w kt\u00f3rej barwa funkcjonuje jako no\u015bnik napi\u0119cia, rytmu i ciszy, a materia zostaje poddana procesowi symbolicznej transformacji.\u00a0<br \/><br \/><em>&#8230;Moj\u0105 Ojczyzn\u0105 jest sztuka. Z niej wyrastam i w niej jestem osadzony.<br \/>Nie jest ona dla mnie \u015brodkiem ekspresji ani estetycznym gestem &#8211; jest przestrzeni\u0105 istnienia.<br \/>Sztuka otwiera dost\u0119p do rzeczywisto\u015bci duchowej, przekraczaj\u0105cej ludzk\u0105 miar\u0119, czas i j\u0119zyk, do porz\u0105dku bytu trwalszego i pe\u0142niejszego ni\u017c krucha, chwiejna i nieustannie zagro\u017cona rozpadem rzeczywisto\u015b\u0107 ziemska.<br \/>W do\u015bwiadczeniu chromestezji barwa przekracza sw\u00f3j widzialny wymiar, d\u017awi\u0119k staje si\u0119 obecno\u015bci\u0105, a forma no\u015bnikiem sensu, kt\u00f3ry nie domaga si\u0119 obja\u015bnienia.<br \/>Akt tw\u00f3rczy jest dla mnie aktem uobecnienia &#8211; spotkaniem z tym, co niewidzialne, a realne, z Bytem Transcendentalnym, kt\u00f3ry trwa poza czasem \u00a1rozpadem.<br \/>Sztuka przynosi cisz\u0119, porz\u0105dkuje chaos, przywraca \u015bwiatu utracony wymiar sacrum i odnawia wiar\u0119 w sens istnienia.<\/em><br \/><em>Nie tworz\u0119, aby opisywa\u0107 \u015bwiat.<br \/>Tworz\u0119, aby go ocali\u0107<\/em>\u00a0&#8222;.<br \/><br \/><\/p><div align=\"right\">J\u00f3zef Jan Kruzel<br \/><div align=\"left\">Kolor mo\u017ce by\u0107 s\u0142yszany. D\u017awi\u0119k mo\u017ce posiada\u0107 ci\u0119\u017car.<\/div><br \/><div align=\"left\">\u015awiat\u0142o mo\u017ce sta\u0107 si\u0119 form\u0105 ciszy.<br \/>Prezentowane prace nie ilustruj\u0105 idei &#8211; s\u0105 ich no\u015bnikiem. Funkcjonuj\u0105 jako autonomiczne byty, w kt\u00f3rych materia i sens pozostaj\u0105 w stanie sta\u0142ego napi\u0119cia.<\/div><\/div><p>Film wprowadzaj\u0105cy do wystawy:<br \/>Zwiastun jest progiem. Obrazem przed obrazem. Zaproszeniem do ciszy, w kt\u00f3rej kolor zaczyna brzmie\u0107.<\/p><p align=\"right\">przewodnicz\u0105cy OR PDK OIIB<br \/>Grzegorz Dubik<\/p>\t\t\t\t\t\t\t\t<\/div>\n\t\t\t\t\t<\/div>\n\t\t\t\t<\/div>\n\t\t<div class=\"elementor-element elementor-element-d220ed8 e-flex e-con-boxed e-con e-parent\" data-id=\"d220ed8\" data-element_type=\"container\" data-e-type=\"container\">\n\t\t\t\t\t<div class=\"e-con-inner\">\n\t\t<div class=\"elementor-element elementor-element-fe49107 e-con-full e-flex e-con e-child\" data-id=\"fe49107\" data-element_type=\"container\" data-e-type=\"container\">\n\t\t\t\t<div class=\"elementor-element elementor-element-f4496fb elementor-widget elementor-widget-image\" data-id=\"f4496fb\" data-element_type=\"widget\" data-e-type=\"widget\" data-widget_type=\"image.default\">\n\t\t\t\t\t\t\t\t\t\t\t\t\t\t\t<img decoding=\"async\" width=\"401\" height=\"450\" src=\"https:\/\/inzynier.rzeszow.pl\/wp-content\/uploads\/2026\/02\/obraz_2026-02-04_103409689.png\" class=\"attachment-large size-large wp-image-3710\" alt=\"\" srcset=\"https:\/\/inzynier.rzeszow.pl\/wp-content\/uploads\/2026\/02\/obraz_2026-02-04_103409689.png 401w, https:\/\/inzynier.rzeszow.pl\/wp-content\/uploads\/2026\/02\/obraz_2026-02-04_103409689-267x300.png 267w\" sizes=\"(max-width: 401px) 100vw, 401px\" \/>\t\t\t\t\t\t\t\t\t\t\t\t\t\t\t<\/div>\n\t\t\t\t<\/div>\n\t\t<div class=\"elementor-element elementor-element-c6ac6b9 e-con-full e-flex e-con e-child\" data-id=\"c6ac6b9\" data-element_type=\"container\" data-e-type=\"container\">\n\t\t\t\t<div class=\"elementor-element elementor-element-e9ec1fb elementor-widget elementor-widget-text-editor\" data-id=\"e9ec1fb\" data-element_type=\"widget\" data-e-type=\"widget\" data-widget_type=\"text-editor.default\">\n\t\t\t\t\t\t\t\t\t<p style=\"text-align: center;\"><strong>J\u00f3zef Jan Kruzel<\/strong><\/p><p>Urodzony 26 czerwca 1960 roku w Trzcianie ko\u0142o Mielca, jest artyst\u0105, kt\u00f3ry w swojej tw\u00f3rczo\u015bci nie dzieli \u015bwiata na materi\u0119 i ducha, lecz poszukuje ich harmonii w przestrzeni koloru i \u015bwiat\u0142a. Malarz, rze\u017abiarz, scenograf, designer \u00a1fotografik, kt\u00f3rego dzie\u0142a s\u0105 medytacj\u0105 nad tym, co niewidzialne, a jednak odczuwalne, wra\u017cliwym \u015bwiadectwem chromestezji &#8211; zjawiska, w kt\u00f3rym barwa staje si\u0119 d\u017awi\u0119kiem, a \u015bwiat\u0142o przemienia si\u0119 w j\u0119zyk sacrum.<br \/>W 1985 roku uko\u0144czy\u0142 Akademi\u0119 Sztuk Pi\u0119knych w Krakowie na Wydziale Malarstwa, w pracowni profesora Jerzego Nowosielskiego, od kt\u00f3rego przej\u0105\u0142 zmys\u0142 duchowej transcendencji w sztuce. Lata 1985-1986 przynios\u0142y mu stypendium Ministra Kultury i Sztuki, czas zg\u0142\u0119biania tajemnicy barwy i jej rezonansu z dusz\u0105.<br \/>Od 1990 roku mieszka i tworzy we Francji, gdzie jego tw\u00f3rczo\u015b\u0107 staje si\u0119 przestrzeni\u0105 sakraln\u0105, w kt\u00f3rej ka\u017cda linia, ka\u017cdy kolor i ka\u017cda forma splataj\u0105si\u0119 w symfoni\u0119 \u015bwiat\u0142a. W jego pracach kolor nie jest jedynie pigmentem, lecz d\u017awi\u0119kiem istnienia, a forma &#8211; modlitw\u0105, w kt\u00f3rej widz mo\u017ce odnale\u017a\u0107 w\u0142asne echo duchowej wra\u017cliwo\u015bci.<br \/>Tw\u00f3rczo\u015b\u0107 KRU\u017bLA to podr\u00f3\u017c ku synestezyjnemu do\u015bwiadczeniu rzeczywisto\u015bci: ku \u015bwiatu, w kt\u00f3rym patrzenie staje si\u0119 s\u0142uchaniem, a ogl\u0105danie &#8211; kontemplacj\u0105. Chromestezja jest tu nie tylko nazw\u0105 zjawiska, lecz przestrzeni\u0105, w kt\u00f3rej sztuka staje si\u0119 sakramentem, a ka\u017cdy obraz &#8211; liturgi\u0105 barwy i \u015bwiat\u0142a.<\/p>\t\t\t\t\t\t\t\t<\/div>\n\t\t\t\t<\/div>\n\t\t\t\t\t<\/div>\n\t\t\t\t<\/div>\n\t\t<div class=\"elementor-element elementor-element-db66860 e-flex e-con-boxed e-con e-parent\" data-id=\"db66860\" data-element_type=\"container\" data-e-type=\"container\">\n\t\t\t\t\t<div class=\"e-con-inner\">\n\t\t<div class=\"elementor-element elementor-element-1e893bf e-con-full e-flex e-con e-child\" data-id=\"1e893bf\" data-element_type=\"container\" data-e-type=\"container\">\n\t\t\t\t<div class=\"elementor-element elementor-element-f165314 elementor-widget elementor-widget-heading\" data-id=\"f165314\" data-element_type=\"widget\" data-e-type=\"widget\" data-widget_type=\"heading.default\">\n\t\t\t\t\t<h2 class=\"elementor-heading-title elementor-size-default\">Serwis informacyjny Urz\u0119du Miasta Rzeszowa\nzaprasza do Galerii Integracyjnej PDK OIIB<\/h2>\t\t\t\t<\/div>\n\t\t\t\t<div class=\"elementor-element elementor-element-7ef079a elementor-widget elementor-widget-image\" data-id=\"7ef079a\" data-element_type=\"widget\" data-e-type=\"widget\" data-widget_type=\"image.default\">\n\t\t\t\t\t\t\t\t\t\t\t\t\t\t\t\t<a href=\"https:\/\/erzeszow.pl\/41-miasto-rzeszow\/6241-kalendarz-imprez\/138225-galeria-integracyjna-pdk-oiib-chromestezja-jozef-jan-kruzel-23012026-r.html\" target=\"_blank\">\n\t\t\t\t\t\t\t<img decoding=\"async\" width=\"1024\" height=\"683\" src=\"https:\/\/inzynier.rzeszow.pl\/wp-content\/uploads\/2026\/02\/obraz_2026-02-04_103811303-1024x683.png\" class=\"attachment-large size-large wp-image-3711\" alt=\"\" srcset=\"https:\/\/inzynier.rzeszow.pl\/wp-content\/uploads\/2026\/02\/obraz_2026-02-04_103811303-1024x683.png 1024w, https:\/\/inzynier.rzeszow.pl\/wp-content\/uploads\/2026\/02\/obraz_2026-02-04_103811303-300x200.png 300w, https:\/\/inzynier.rzeszow.pl\/wp-content\/uploads\/2026\/02\/obraz_2026-02-04_103811303-768x512.png 768w, https:\/\/inzynier.rzeszow.pl\/wp-content\/uploads\/2026\/02\/obraz_2026-02-04_103811303.png 1200w\" sizes=\"(max-width: 1024px) 100vw, 1024px\" \/>\t\t\t\t\t\t\t\t<\/a>\n\t\t\t\t\t\t\t\t\t\t\t\t\t\t\t<\/div>\n\t\t\t\t<\/div>\n\t\t<div class=\"elementor-element elementor-element-8d81ec9 e-con-full e-flex e-con e-child\" data-id=\"8d81ec9\" data-element_type=\"container\" data-e-type=\"container\">\n\t\t\t\t<div class=\"elementor-element elementor-element-97a2957 elementor-widget elementor-widget-heading\" data-id=\"97a2957\" data-element_type=\"widget\" data-e-type=\"widget\" data-widget_type=\"heading.default\">\n\t\t\t\t\t<h2 class=\"elementor-heading-title elementor-size-default\">Kultura w Rzeszowie zaprasza\ndo Galerii Integracyjnej PDK OIIB<\/h2>\t\t\t\t<\/div>\n\t\t\t\t<div class=\"elementor-element elementor-element-f0389d1 elementor-widget elementor-widget-image\" data-id=\"f0389d1\" data-element_type=\"widget\" data-e-type=\"widget\" data-widget_type=\"image.default\">\n\t\t\t\t\t\t\t\t\t\t\t\t\t\t\t\t<a href=\"https:\/\/www.facebook.com\/kulturawrzeszowie\/posts\/pfbid0AUGCxpFPJnLom9wxNoDFP3fzUY2yLzTz8ZAvFyx3pU4T66Q3ofUJ8VwwpvKwiNBol\" target=\"_blank\">\n\t\t\t\t\t\t\t<img loading=\"lazy\" decoding=\"async\" width=\"675\" height=\"600\" src=\"https:\/\/inzynier.rzeszow.pl\/wp-content\/uploads\/2026\/02\/obraz_2026-02-04_103824402.png\" class=\"attachment-large size-large wp-image-3712\" alt=\"\" srcset=\"https:\/\/inzynier.rzeszow.pl\/wp-content\/uploads\/2026\/02\/obraz_2026-02-04_103824402.png 675w, https:\/\/inzynier.rzeszow.pl\/wp-content\/uploads\/2026\/02\/obraz_2026-02-04_103824402-300x267.png 300w\" sizes=\"(max-width: 675px) 100vw, 675px\" \/>\t\t\t\t\t\t\t\t<\/a>\n\t\t\t\t\t\t\t\t\t\t\t\t\t\t\t<\/div>\n\t\t\t\t<\/div>\n\t\t<div class=\"elementor-element elementor-element-659a5fe e-con-full e-flex e-con e-child\" data-id=\"659a5fe\" data-element_type=\"container\" data-e-type=\"container\">\n\t\t\t\t<div class=\"elementor-element elementor-element-e83ea30 elementor-widget elementor-widget-heading\" data-id=\"e83ea30\" data-element_type=\"widget\" data-e-type=\"widget\" data-widget_type=\"heading.default\">\n\t\t\t\t\t<h2 class=\"elementor-heading-title elementor-size-default\">List gratulacyjny\nod Prezydenta Miasta Rzeszowa<\/h2>\t\t\t\t<\/div>\n\t\t\t\t<div class=\"elementor-element elementor-element-2312c4b elementor-widget elementor-widget-image\" data-id=\"2312c4b\" data-element_type=\"widget\" data-e-type=\"widget\" data-widget_type=\"image.default\">\n\t\t\t\t\t\t\t\t\t\t\t\t\t\t\t\t<a href=\"https:\/\/inzynier.rzeszow.pl\/wp-content\/uploads\/2026\/02\/list_gratulacyjny_chromestezja_26.pdf\" target=\"_blank\">\n\t\t\t\t\t\t\t<img loading=\"lazy\" decoding=\"async\" width=\"724\" height=\"1024\" src=\"https:\/\/inzynier.rzeszow.pl\/wp-content\/uploads\/2026\/02\/obraz_2026-02-04_103839457-724x1024.png\" class=\"attachment-large size-large wp-image-3713\" alt=\"\" srcset=\"https:\/\/inzynier.rzeszow.pl\/wp-content\/uploads\/2026\/02\/obraz_2026-02-04_103839457-724x1024.png 724w, https:\/\/inzynier.rzeszow.pl\/wp-content\/uploads\/2026\/02\/obraz_2026-02-04_103839457-212x300.png 212w, https:\/\/inzynier.rzeszow.pl\/wp-content\/uploads\/2026\/02\/obraz_2026-02-04_103839457-768x1086.png 768w, https:\/\/inzynier.rzeszow.pl\/wp-content\/uploads\/2026\/02\/obraz_2026-02-04_103839457-1086x1536.png 1086w, https:\/\/inzynier.rzeszow.pl\/wp-content\/uploads\/2026\/02\/obraz_2026-02-04_103839457.png 1414w\" sizes=\"(max-width: 724px) 100vw, 724px\" \/>\t\t\t\t\t\t\t\t<\/a>\n\t\t\t\t\t\t\t\t\t\t\t\t\t\t\t<\/div>\n\t\t\t\t<\/div>\n\t\t\t\t\t<\/div>\n\t\t\t\t<\/div>\n\t\t<div class=\"elementor-element elementor-element-41c4db5 e-flex e-con-boxed e-con e-parent\" data-id=\"41c4db5\" data-element_type=\"container\" data-e-type=\"container\" data-settings=\"{&quot;background_background&quot;:&quot;gradient&quot;}\">\n\t\t\t\t\t<div class=\"e-con-inner\">\n\t\t\t\t<div class=\"elementor-element elementor-element-60bb79a elementor-widget elementor-widget-heading\" data-id=\"60bb79a\" data-element_type=\"widget\" data-e-type=\"widget\" data-widget_type=\"heading.default\">\n\t\t\t\t\t<h2 class=\"elementor-heading-title elementor-size-default\">Zobacz wszystkie prace (kliknij w obraz, aby rozwin\u0105\u0107)<\/h2>\t\t\t\t<\/div>\n\t\t\t\t\t<\/div>\n\t\t\t\t<\/div>\n\t\t<div class=\"elementor-element elementor-element-11b50bf e-flex e-con-boxed e-con e-parent\" data-id=\"11b50bf\" data-element_type=\"container\" data-e-type=\"container\">\n\t\t\t\t\t<div class=\"e-con-inner\">\n\t\t\t\t<div class=\"elementor-element elementor-element-d2e73de elementor-widget elementor-widget-foogallery\" data-id=\"d2e73de\" data-element_type=\"widget\" data-e-type=\"widget\" data-widget_type=\"foogallery.default\">\n\t\t\t\t<div class=\"elementor-widget-container\">\n\t\t\t\t\t<style type=\"text\/css\">\n#foogallery-gallery-4400.fg-justified .fg-item { margin-right: 10px; margin-bottom: 10px; }\n#foogallery-gallery-4400.fg-justified .fg-image { height: 200px; }<\/style>\n\t\t\t<div class=\"foogallery foogallery-container foogallery-justified foogallery-lightbox-foogallery fg-justified fg-ready fg-light fg-shadow-outline fg-loading-default fg-loaded-fade-in fg-caption-always fg-hover-fade fg-hover-zoom2\" id=\"foogallery-gallery-4400\" data-foogallery=\"{&quot;item&quot;:{&quot;showCaptionTitle&quot;:false,&quot;showCaptionDescription&quot;:false},&quot;lazy&quot;:true,&quot;paging&quot;:{&quot;type&quot;:&quot;dots&quot;,&quot;size&quot;:6,&quot;position&quot;:&quot;&quot;,&quot;scrollToTop&quot;:true,&quot;output&quot;:&quot;&quot;},&quot;template&quot;:{&quot;rowHeight&quot;:200,&quot;maxRowHeight&quot;:300,&quot;margins&quot;:10,&quot;align&quot;:&quot;center&quot;,&quot;lastRow&quot;:&quot;smart&quot;}}\" data-foogallery-lightbox=\"{&quot;thumbs&quot;:&quot;bottom&quot;,&quot;thumbsCaptions&quot;:false,&quot;thumbsBestFit&quot;:false,&quot;thumbsSmall&quot;:false,&quot;thumbsCaptionsAlign&quot;:&quot;default&quot;,&quot;info&quot;:&quot;bottom&quot;,&quot;infoVisible&quot;:true,&quot;infoOverlay&quot;:true,&quot;infoAlign&quot;:&quot;default&quot;,&quot;transition&quot;:&quot;fade&quot;,&quot;hoverButtons&quot;:false,&quot;fitMedia&quot;:false,&quot;noScrollbars&quot;:true,&quot;preserveButtonSpace&quot;:true,&quot;buttons&quot;:{&quot;fullscreen&quot;:true,&quot;info&quot;:true,&quot;thumbs&quot;:false},&quot;video&quot;:{&quot;autoPlay&quot;:true}}\" style=\"--fg-title-line-clamp: 1; --fg-description-line-clamp: 2;\" >\n\t<div class=\"fg-item fg-type-image fg-idle\"><figure class=\"fg-item-inner\"><a href=\"https:\/\/inzynier.rzeszow.pl\/wp-content\/uploads\/2026\/02\/2026-01-23_wernisaz_chromostezja-20.webp\" data-attachment-id=\"4420\" data-e-disable-page-transition=\"true\" data-type=\"image\" class=\"fg-thumb\"><span class=\"fg-image-wrap\"><img decoding=\"async\" height=\"300\" width=\"452\" class=\"skip-lazy fg-image\" data-src-fg=\"https:\/\/inzynier.rzeszow.pl\/wp-content\/uploads\/cache\/2026\/02\/2026-01-23_wernisaz_chromostezja-20\/1901977826.webp\" src=\"data:image\/svg+xml,%3Csvg%20xmlns%3D%22http%3A%2F%2Fwww.w3.org%2F2000%2Fsvg%22%20width%3D%22452%22%20height%3D%22300%22%20viewBox%3D%220%200%20452%20300%22%3E%3C%2Fsvg%3E\" loading=\"eager\"><\/span><span class=\"fg-image-overlay\"><\/span><\/a><\/figure><div class=\"fg-loader\"><\/div><\/div><div class=\"fg-item fg-type-image fg-idle\"><figure class=\"fg-item-inner\"><a href=\"https:\/\/inzynier.rzeszow.pl\/wp-content\/uploads\/2026\/02\/2026-01-23_wernisaz_chromostezja-25.webp\" data-attachment-id=\"4425\" data-e-disable-page-transition=\"true\" data-type=\"image\" class=\"fg-thumb\"><span class=\"fg-image-wrap\"><img decoding=\"async\" height=\"300\" width=\"452\" class=\"skip-lazy fg-image\" data-src-fg=\"https:\/\/inzynier.rzeszow.pl\/wp-content\/uploads\/cache\/2026\/02\/2026-01-23_wernisaz_chromostezja-25\/190579335.webp\" src=\"data:image\/svg+xml,%3Csvg%20xmlns%3D%22http%3A%2F%2Fwww.w3.org%2F2000%2Fsvg%22%20width%3D%22452%22%20height%3D%22300%22%20viewBox%3D%220%200%20452%20300%22%3E%3C%2Fsvg%3E\" loading=\"eager\"><\/span><span class=\"fg-image-overlay\"><\/span><\/a><\/figure><div class=\"fg-loader\"><\/div><\/div><div class=\"fg-item fg-type-image fg-idle\"><figure class=\"fg-item-inner\"><a href=\"https:\/\/inzynier.rzeszow.pl\/wp-content\/uploads\/2026\/02\/2026-01-23_wernisaz_chromostezja-24.webp\" data-attachment-id=\"4424\" data-e-disable-page-transition=\"true\" data-type=\"image\" class=\"fg-thumb\"><span class=\"fg-image-wrap\"><img decoding=\"async\" height=\"300\" width=\"452\" class=\"skip-lazy fg-image\" data-src-fg=\"https:\/\/inzynier.rzeszow.pl\/wp-content\/uploads\/cache\/2026\/02\/2026-01-23_wernisaz_chromostezja-24\/2770744665.webp\" src=\"data:image\/svg+xml,%3Csvg%20xmlns%3D%22http%3A%2F%2Fwww.w3.org%2F2000%2Fsvg%22%20width%3D%22452%22%20height%3D%22300%22%20viewBox%3D%220%200%20452%20300%22%3E%3C%2Fsvg%3E\" loading=\"eager\"><\/span><span class=\"fg-image-overlay\"><\/span><\/a><\/figure><div class=\"fg-loader\"><\/div><\/div><div class=\"fg-item fg-type-image fg-idle\"><figure class=\"fg-item-inner\"><a href=\"https:\/\/inzynier.rzeszow.pl\/wp-content\/uploads\/2026\/02\/2026-01-23_wernisaz_chromostezja-35.webp\" data-attachment-id=\"4435\" data-e-disable-page-transition=\"true\" data-type=\"image\" class=\"fg-thumb\"><span class=\"fg-image-wrap\"><img decoding=\"async\" height=\"300\" width=\"452\" class=\"skip-lazy fg-image\" data-src-fg=\"https:\/\/inzynier.rzeszow.pl\/wp-content\/uploads\/cache\/2026\/02\/2026-01-23_wernisaz_chromostezja-35\/1788446563.webp\" src=\"data:image\/svg+xml,%3Csvg%20xmlns%3D%22http%3A%2F%2Fwww.w3.org%2F2000%2Fsvg%22%20width%3D%22452%22%20height%3D%22300%22%20viewBox%3D%220%200%20452%20300%22%3E%3C%2Fsvg%3E\" loading=\"eager\"><\/span><span class=\"fg-image-overlay\"><\/span><\/a><\/figure><div class=\"fg-loader\"><\/div><\/div><div class=\"fg-item fg-type-image fg-idle\"><figure class=\"fg-item-inner\"><a href=\"https:\/\/inzynier.rzeszow.pl\/wp-content\/uploads\/2026\/02\/2026-01-23_wernisaz_chromostezja-27.webp\" data-attachment-id=\"4427\" data-e-disable-page-transition=\"true\" data-type=\"image\" class=\"fg-thumb\"><span class=\"fg-image-wrap\"><img decoding=\"async\" height=\"300\" width=\"452\" class=\"skip-lazy fg-image\" data-src-fg=\"https:\/\/inzynier.rzeszow.pl\/wp-content\/uploads\/cache\/2026\/02\/2026-01-23_wernisaz_chromostezja-27\/2363059066.webp\" src=\"data:image\/svg+xml,%3Csvg%20xmlns%3D%22http%3A%2F%2Fwww.w3.org%2F2000%2Fsvg%22%20width%3D%22452%22%20height%3D%22300%22%20viewBox%3D%220%200%20452%20300%22%3E%3C%2Fsvg%3E\" loading=\"eager\"><\/span><span class=\"fg-image-overlay\"><\/span><\/a><\/figure><div class=\"fg-loader\"><\/div><\/div><div class=\"fg-item fg-type-image fg-idle\"><figure class=\"fg-item-inner\"><a href=\"https:\/\/inzynier.rzeszow.pl\/wp-content\/uploads\/2026\/02\/2026-01-23_wernisaz_chromostezja-44.webp\" data-attachment-id=\"4444\" data-e-disable-page-transition=\"true\" data-type=\"image\" class=\"fg-thumb\"><span class=\"fg-image-wrap\"><img decoding=\"async\" height=\"300\" width=\"452\" class=\"skip-lazy fg-image\" data-src-fg=\"https:\/\/inzynier.rzeszow.pl\/wp-content\/uploads\/cache\/2026\/02\/2026-01-23_wernisaz_chromostezja-44\/986328896.webp\" src=\"data:image\/svg+xml,%3Csvg%20xmlns%3D%22http%3A%2F%2Fwww.w3.org%2F2000%2Fsvg%22%20width%3D%22452%22%20height%3D%22300%22%20viewBox%3D%220%200%20452%20300%22%3E%3C%2Fsvg%3E\" loading=\"eager\"><\/span><span class=\"fg-image-overlay\"><\/span><\/a><\/figure><div class=\"fg-loader\"><\/div><\/div><\/div>\n<script type=\"text\/javascript\">  window[\"foogallery-gallery-4400_items\"] = [{\"href\":\"https:\/\/inzynier.rzeszow.pl\/wp-content\/uploads\/2026\/02\/2026-01-23_wernisaz_chromostezja-16.webp\",\"type\":\"image\",\"src\":\"https:\/\/inzynier.rzeszow.pl\/wp-content\/uploads\/cache\/2026\/02\/2026-01-23_wernisaz_chromostezja-16\/2163069576.webp\",\"width\":452,\"height\":300,\"alt\":\"\",\"id\":4416,\"attr\":{\"anchor\":{\"data-attachment-id\":4416,\"data-e-disable-page-transition\":\"true\",\"class\":\"fg-thumb\"}}}, {\"href\":\"https:\/\/inzynier.rzeszow.pl\/wp-content\/uploads\/2026\/02\/2026-01-23_wernisaz_chromostezja-2.webp\",\"type\":\"image\",\"src\":\"https:\/\/inzynier.rzeszow.pl\/wp-content\/uploads\/cache\/2026\/02\/2026-01-23_wernisaz_chromostezja-2\/1121545375.webp\",\"width\":452,\"height\":300,\"alt\":\"\",\"id\":4402,\"attr\":{\"anchor\":{\"data-attachment-id\":4402,\"data-e-disable-page-transition\":\"true\",\"class\":\"fg-thumb\"}}}, {\"href\":\"https:\/\/inzynier.rzeszow.pl\/wp-content\/uploads\/2026\/02\/2026-01-23_wernisaz_chromostezja-3.webp\",\"type\":\"image\",\"src\":\"https:\/\/inzynier.rzeszow.pl\/wp-content\/uploads\/cache\/2026\/02\/2026-01-23_wernisaz_chromostezja-3\/844491946.webp\",\"width\":452,\"height\":300,\"alt\":\"\",\"id\":4403,\"attr\":{\"anchor\":{\"data-attachment-id\":4403,\"data-e-disable-page-transition\":\"true\",\"class\":\"fg-thumb\"}}}, {\"href\":\"https:\/\/inzynier.rzeszow.pl\/wp-content\/uploads\/2026\/02\/2026-01-23_wernisaz_chromostezja-1.webp\",\"type\":\"image\",\"src\":\"https:\/\/inzynier.rzeszow.pl\/wp-content\/uploads\/cache\/2026\/02\/2026-01-23_wernisaz_chromostezja-1\/3545033920.webp\",\"width\":452,\"height\":300,\"alt\":\"\",\"id\":4401,\"attr\":{\"anchor\":{\"data-attachment-id\":4401,\"data-e-disable-page-transition\":\"true\",\"class\":\"fg-thumb\"}}}, {\"href\":\"https:\/\/inzynier.rzeszow.pl\/wp-content\/uploads\/2026\/02\/2026-01-23_wernisaz_chromostezja-4.webp\",\"type\":\"image\",\"src\":\"https:\/\/inzynier.rzeszow.pl\/wp-content\/uploads\/cache\/2026\/02\/2026-01-23_wernisaz_chromostezja-4\/3129174624.webp\",\"width\":452,\"height\":300,\"alt\":\"\",\"id\":4404,\"attr\":{\"anchor\":{\"data-attachment-id\":4404,\"data-e-disable-page-transition\":\"true\",\"class\":\"fg-thumb\"}}}, {\"href\":\"https:\/\/inzynier.rzeszow.pl\/wp-content\/uploads\/2026\/02\/2026-01-23_wernisaz_chromostezja-5.webp\",\"type\":\"image\",\"src\":\"https:\/\/inzynier.rzeszow.pl\/wp-content\/uploads\/cache\/2026\/02\/2026-01-23_wernisaz_chromostezja-5\/3390040661.webp\",\"width\":452,\"height\":300,\"alt\":\"\",\"id\":4405,\"attr\":{\"anchor\":{\"data-attachment-id\":4405,\"data-e-disable-page-transition\":\"true\",\"class\":\"fg-thumb\"}}}, {\"href\":\"https:\/\/inzynier.rzeszow.pl\/wp-content\/uploads\/2026\/02\/2026-01-23_wernisaz_chromostezja-6.webp\",\"type\":\"image\",\"src\":\"https:\/\/inzynier.rzeszow.pl\/wp-content\/uploads\/cache\/2026\/02\/2026-01-23_wernisaz_chromostezja-6\/1536846346.webp\",\"width\":452,\"height\":300,\"alt\":\"\",\"id\":4406,\"attr\":{\"anchor\":{\"data-attachment-id\":4406,\"data-e-disable-page-transition\":\"true\",\"class\":\"fg-thumb\"}}}, {\"href\":\"https:\/\/inzynier.rzeszow.pl\/wp-content\/uploads\/2026\/02\/2026-01-23_wernisaz_chromostezja-7.webp\",\"type\":\"image\",\"src\":\"https:\/\/inzynier.rzeszow.pl\/wp-content\/uploads\/cache\/2026\/02\/2026-01-23_wernisaz_chromostezja-7\/722922047.webp\",\"width\":452,\"height\":300,\"alt\":\"\",\"id\":4407,\"attr\":{\"anchor\":{\"data-attachment-id\":4407,\"data-e-disable-page-transition\":\"true\",\"class\":\"fg-thumb\"}}}, {\"href\":\"https:\/\/inzynier.rzeszow.pl\/wp-content\/uploads\/2026\/02\/2026-01-23_wernisaz_chromostezja-21.webp\",\"type\":\"image\",\"src\":\"https:\/\/inzynier.rzeszow.pl\/wp-content\/uploads\/cache\/2026\/02\/2026-01-23_wernisaz_chromostezja-21\/3743930172.webp\",\"width\":452,\"height\":300,\"alt\":\"\",\"id\":4421,\"attr\":{\"anchor\":{\"data-attachment-id\":4421,\"data-e-disable-page-transition\":\"true\",\"class\":\"fg-thumb\"}}}, {\"href\":\"https:\/\/inzynier.rzeszow.pl\/wp-content\/uploads\/2026\/02\/2026-01-23_wernisaz_chromostezja-8.webp\",\"type\":\"image\",\"src\":\"https:\/\/inzynier.rzeszow.pl\/wp-content\/uploads\/cache\/2026\/02\/2026-01-23_wernisaz_chromostezja-8\/2437308895.webp\",\"width\":452,\"height\":300,\"alt\":\"\",\"id\":4408,\"attr\":{\"anchor\":{\"data-attachment-id\":4408,\"data-e-disable-page-transition\":\"true\",\"class\":\"fg-thumb\"}}}, {\"href\":\"https:\/\/inzynier.rzeszow.pl\/wp-content\/uploads\/2026\/02\/2026-01-23_wernisaz_chromostezja-9.webp\",\"type\":\"image\",\"src\":\"https:\/\/inzynier.rzeszow.pl\/wp-content\/uploads\/cache\/2026\/02\/2026-01-23_wernisaz_chromostezja-9\/3788169706.webp\",\"width\":452,\"height\":300,\"alt\":\"\",\"id\":4409,\"attr\":{\"anchor\":{\"data-attachment-id\":4409,\"data-e-disable-page-transition\":\"true\",\"class\":\"fg-thumb\"}}}, {\"href\":\"https:\/\/inzynier.rzeszow.pl\/wp-content\/uploads\/2026\/02\/2026-01-23_wernisaz_chromostezja-57.webp\",\"type\":\"image\",\"src\":\"https:\/\/inzynier.rzeszow.pl\/wp-content\/uploads\/cache\/2026\/02\/2026-01-23_wernisaz_chromostezja-57\/1928393863.webp\",\"width\":452,\"height\":300,\"alt\":\"\",\"id\":4457,\"attr\":{\"anchor\":{\"data-attachment-id\":4457,\"data-e-disable-page-transition\":\"true\",\"class\":\"fg-thumb\"}}}, {\"href\":\"https:\/\/inzynier.rzeszow.pl\/wp-content\/uploads\/2026\/02\/2026-01-23_wernisaz_chromostezja-29.webp\",\"type\":\"image\",\"src\":\"https:\/\/inzynier.rzeszow.pl\/wp-content\/uploads\/cache\/2026\/02\/2026-01-23_wernisaz_chromostezja-29\/2896263691.webp\",\"width\":452,\"height\":300,\"alt\":\"\",\"id\":4429,\"attr\":{\"anchor\":{\"data-attachment-id\":4429,\"data-e-disable-page-transition\":\"true\",\"class\":\"fg-thumb\"}}}, {\"href\":\"https:\/\/inzynier.rzeszow.pl\/wp-content\/uploads\/2026\/02\/2026-01-23_wernisaz_chromostezja-10.webp\",\"type\":\"image\",\"src\":\"https:\/\/inzynier.rzeszow.pl\/wp-content\/uploads\/cache\/2026\/02\/2026-01-23_wernisaz_chromostezja-10\/3541266126.webp\",\"width\":452,\"height\":300,\"alt\":\"\",\"id\":4410,\"attr\":{\"anchor\":{\"data-attachment-id\":4410,\"data-e-disable-page-transition\":\"true\",\"class\":\"fg-thumb\"}}}, {\"href\":\"https:\/\/inzynier.rzeszow.pl\/wp-content\/uploads\/2026\/02\/2026-01-23_wernisaz_chromostezja-11.webp\",\"type\":\"image\",\"src\":\"https:\/\/inzynier.rzeszow.pl\/wp-content\/uploads\/cache\/2026\/02\/2026-01-23_wernisaz_chromostezja-11\/2104056080.webp\",\"width\":199,\"height\":300,\"alt\":\"\",\"id\":4411,\"attr\":{\"anchor\":{\"data-attachment-id\":4411,\"data-e-disable-page-transition\":\"true\",\"class\":\"fg-thumb\"}}}, {\"href\":\"https:\/\/inzynier.rzeszow.pl\/wp-content\/uploads\/2026\/02\/2026-01-23_wernisaz_chromostezja-12.webp\",\"type\":\"image\",\"src\":\"https:\/\/inzynier.rzeszow.pl\/wp-content\/uploads\/cache\/2026\/02\/2026-01-23_wernisaz_chromostezja-12\/1419118387.webp\",\"width\":452,\"height\":300,\"alt\":\"\",\"id\":4412,\"attr\":{\"anchor\":{\"data-attachment-id\":4412,\"data-e-disable-page-transition\":\"true\",\"class\":\"fg-thumb\"}}}, {\"href\":\"https:\/\/inzynier.rzeszow.pl\/wp-content\/uploads\/2026\/02\/2026-01-23_wernisaz_chromostezja-13.webp\",\"type\":\"image\",\"src\":\"https:\/\/inzynier.rzeszow.pl\/wp-content\/uploads\/cache\/2026\/02\/2026-01-23_wernisaz_chromostezja-13\/4209783021.webp\",\"width\":452,\"height\":300,\"alt\":\"\",\"id\":4413,\"attr\":{\"anchor\":{\"data-attachment-id\":4413,\"data-e-disable-page-transition\":\"true\",\"class\":\"fg-thumb\"}}}, {\"href\":\"https:\/\/inzynier.rzeszow.pl\/wp-content\/uploads\/2026\/02\/2026-01-23_wernisaz_chromostezja-14.webp\",\"type\":\"image\",\"src\":\"https:\/\/inzynier.rzeszow.pl\/wp-content\/uploads\/cache\/2026\/02\/2026-01-23_wernisaz_chromostezja-14\/124304245.webp\",\"width\":452,\"height\":300,\"alt\":\"\",\"id\":4414,\"attr\":{\"anchor\":{\"data-attachment-id\":4414,\"data-e-disable-page-transition\":\"true\",\"class\":\"fg-thumb\"}}}, {\"href\":\"https:\/\/inzynier.rzeszow.pl\/wp-content\/uploads\/2026\/02\/2026-01-23_wernisaz_chromostezja-15.webp\",\"type\":\"image\",\"src\":\"https:\/\/inzynier.rzeszow.pl\/wp-content\/uploads\/cache\/2026\/02\/2026-01-23_wernisaz_chromostezja-15\/2836565163.webp\",\"width\":452,\"height\":300,\"alt\":\"\",\"id\":4415,\"attr\":{\"anchor\":{\"data-attachment-id\":4415,\"data-e-disable-page-transition\":\"true\",\"class\":\"fg-thumb\"}}}, {\"href\":\"https:\/\/inzynier.rzeszow.pl\/wp-content\/uploads\/2026\/02\/2026-01-23_wernisaz_chromostezja-17.webp\",\"type\":\"image\",\"src\":\"https:\/\/inzynier.rzeszow.pl\/wp-content\/uploads\/cache\/2026\/02\/2026-01-23_wernisaz_chromostezja-17\/781706582.webp\",\"width\":452,\"height\":300,\"alt\":\"\",\"id\":4417,\"attr\":{\"anchor\":{\"data-attachment-id\":4417,\"data-e-disable-page-transition\":\"true\",\"class\":\"fg-thumb\"}}}, {\"href\":\"https:\/\/inzynier.rzeszow.pl\/wp-content\/uploads\/2026\/02\/2026-01-23_wernisaz_chromostezja-18.webp\",\"type\":\"image\",\"src\":\"https:\/\/inzynier.rzeszow.pl\/wp-content\/uploads\/cache\/2026\/02\/2026-01-23_wernisaz_chromostezja-18\/2694169593.webp\",\"width\":452,\"height\":300,\"alt\":\"\",\"id\":4418,\"attr\":{\"anchor\":{\"data-attachment-id\":4418,\"data-e-disable-page-transition\":\"true\",\"class\":\"fg-thumb\"}}}, {\"href\":\"https:\/\/inzynier.rzeszow.pl\/wp-content\/uploads\/2026\/02\/2026-01-23_wernisaz_chromostezja-19.webp\",\"type\":\"image\",\"src\":\"https:\/\/inzynier.rzeszow.pl\/wp-content\/uploads\/cache\/2026\/02\/2026-01-23_wernisaz_chromostezja-19\/250606631.webp\",\"width\":452,\"height\":300,\"alt\":\"\",\"id\":4419,\"attr\":{\"anchor\":{\"data-attachment-id\":4419,\"data-e-disable-page-transition\":\"true\",\"class\":\"fg-thumb\"}}}, {\"href\":\"https:\/\/inzynier.rzeszow.pl\/wp-content\/uploads\/2026\/02\/2026-01-23_wernisaz_chromostezja-22.webp\",\"type\":\"image\",\"src\":\"https:\/\/inzynier.rzeszow.pl\/wp-content\/uploads\/cache\/2026\/02\/2026-01-23_wernisaz_chromostezja-22\/4141386015.webp\",\"width\":452,\"height\":300,\"alt\":\"\",\"id\":4422,\"attr\":{\"anchor\":{\"data-attachment-id\":4422,\"data-e-disable-page-transition\":\"true\",\"class\":\"fg-thumb\"}}}, {\"href\":\"https:\/\/inzynier.rzeszow.pl\/wp-content\/uploads\/2026\/02\/2026-01-23_wernisaz_chromostezja-23.webp\",\"type\":\"image\",\"src\":\"https:\/\/inzynier.rzeszow.pl\/wp-content\/uploads\/cache\/2026\/02\/2026-01-23_wernisaz_chromostezja-23\/1487060673.webp\",\"width\":452,\"height\":300,\"alt\":\"\",\"id\":4423,\"attr\":{\"anchor\":{\"data-attachment-id\":4423,\"data-e-disable-page-transition\":\"true\",\"class\":\"fg-thumb\"}}}, {\"href\":\"https:\/\/inzynier.rzeszow.pl\/wp-content\/uploads\/2026\/02\/2026-01-23_wernisaz_chromostezja-26.webp\",\"type\":\"image\",\"src\":\"https:\/\/inzynier.rzeszow.pl\/wp-content\/uploads\/cache\/2026\/02\/2026-01-23_wernisaz_chromostezja-26\/581131428.webp\",\"width\":452,\"height\":300,\"alt\":\"W dniu 23 stycznia 2026 r. odby\u0142o si\u0119 otwarcie wystawy interdyscyplinarnej J\u00f3zefa Jana Kru\u017cla pt. \u201eCHROMESTEZJA\u201d w Galerii Integracyjnej PDK OIIB. Wernisa\u017c rozpocz\u0105\u0142 si\u0119 od filmowego zaproszenia w podr\u00f3\u017c z artyst\u0105, zwiastun b\u0119d\u0105cy zarazem progiem i obrazem przed obrazem, zaproszeniem do ciszy, w kt\u00f3rej kolor zaczyna brzmie\u0107. Kulminacj\u0105 by\u0142o opadni\u0119cie kurtyny, ods\u0142aniaj\u0105ce niespodziank\u0119: samego artyst\u0119 w zabytkowej karocy, ze swym wiernym psem-towarzyszem.\",\"id\":4426,\"attr\":{\"anchor\":{\"data-attachment-id\":4426,\"data-e-disable-page-transition\":\"true\",\"class\":\"fg-thumb\"}}}, {\"href\":\"https:\/\/inzynier.rzeszow.pl\/wp-content\/uploads\/2026\/02\/2026-01-23_wernisaz_chromostezja-28.webp\",\"type\":\"image\",\"src\":\"https:\/\/inzynier.rzeszow.pl\/wp-content\/uploads\/cache\/2026\/02\/2026-01-23_wernisaz_chromostezja-28\/47926741.webp\",\"width\":452,\"height\":300,\"alt\":\"\",\"id\":4428,\"attr\":{\"anchor\":{\"data-attachment-id\":4428,\"data-e-disable-page-transition\":\"true\",\"class\":\"fg-thumb\"}}}, {\"href\":\"https:\/\/inzynier.rzeszow.pl\/wp-content\/uploads\/2026\/02\/2026-01-23_wernisaz_chromostezja-30.webp\",\"type\":\"image\",\"src\":\"https:\/\/inzynier.rzeszow.pl\/wp-content\/uploads\/cache\/2026\/02\/2026-01-23_wernisaz_chromostezja-30\/278422790.webp\",\"width\":452,\"height\":300,\"alt\":\"\",\"id\":4430,\"attr\":{\"anchor\":{\"data-attachment-id\":4430,\"data-e-disable-page-transition\":\"true\",\"class\":\"fg-thumb\"}}}, {\"href\":\"https:\/\/inzynier.rzeszow.pl\/wp-content\/uploads\/2026\/02\/2026-01-23_wernisaz_chromostezja-31.webp\",\"type\":\"image\",\"src\":\"https:\/\/inzynier.rzeszow.pl\/wp-content\/uploads\/cache\/2026\/02\/2026-01-23_wernisaz_chromostezja-31\/3202503384.webp\",\"width\":452,\"height\":300,\"alt\":\"\",\"id\":4431,\"attr\":{\"anchor\":{\"data-attachment-id\":4431,\"data-e-disable-page-transition\":\"true\",\"class\":\"fg-thumb\"}}}, {\"href\":\"https:\/\/inzynier.rzeszow.pl\/wp-content\/uploads\/2026\/02\/2026-01-23_wernisaz_chromostezja-32.webp\",\"type\":\"image\",\"src\":\"https:\/\/inzynier.rzeszow.pl\/wp-content\/uploads\/cache\/2026\/02\/2026-01-23_wernisaz_chromostezja-32\/2535263483.webp\",\"width\":452,\"height\":300,\"alt\":\"\",\"id\":4432,\"attr\":{\"anchor\":{\"data-attachment-id\":4432,\"data-e-disable-page-transition\":\"true\",\"class\":\"fg-thumb\"}}}, {\"href\":\"https:\/\/inzynier.rzeszow.pl\/wp-content\/uploads\/2026\/02\/2026-01-23_wernisaz_chromostezja-33.webp\",\"type\":\"image\",\"src\":\"https:\/\/inzynier.rzeszow.pl\/wp-content\/uploads\/cache\/2026\/02\/2026-01-23_wernisaz_chromostezja-33\/963066661.webp\",\"width\":452,\"height\":300,\"alt\":\"\",\"id\":4433,\"attr\":{\"anchor\":{\"data-attachment-id\":4433,\"data-e-disable-page-transition\":\"true\",\"class\":\"fg-thumb\"}}}, {\"href\":\"https:\/\/inzynier.rzeszow.pl\/wp-content\/uploads\/2026\/02\/2026-01-23_wernisaz_chromostezja-36.webp\",\"type\":\"image\",\"src\":\"https:\/\/inzynier.rzeszow.pl\/wp-content\/uploads\/cache\/2026\/02\/2026-01-23_wernisaz_chromostezja-36\/1130813760.webp\",\"width\":452,\"height\":300,\"alt\":\"\",\"id\":4436,\"attr\":{\"anchor\":{\"data-attachment-id\":4436,\"data-e-disable-page-transition\":\"true\",\"class\":\"fg-thumb\"}}}, {\"href\":\"https:\/\/inzynier.rzeszow.pl\/wp-content\/uploads\/2026\/02\/2026-01-23_wernisaz_chromostezja-37.webp\",\"type\":\"image\",\"src\":\"https:\/\/inzynier.rzeszow.pl\/wp-content\/uploads\/cache\/2026\/02\/2026-01-23_wernisaz_chromostezja-37\/3978096286.webp\",\"width\":452,\"height\":300,\"alt\":\"\",\"id\":4437,\"attr\":{\"anchor\":{\"data-attachment-id\":4437,\"data-e-disable-page-transition\":\"true\",\"class\":\"fg-thumb\"}}}, {\"href\":\"https:\/\/inzynier.rzeszow.pl\/wp-content\/uploads\/2026\/02\/2026-01-23_wernisaz_chromostezja-38.webp\",\"type\":\"image\",\"src\":\"https:\/\/inzynier.rzeszow.pl\/wp-content\/uploads\/cache\/2026\/02\/2026-01-23_wernisaz_chromostezja-38\/1662961713.webp\",\"width\":452,\"height\":300,\"alt\":\"\",\"id\":4438,\"attr\":{\"anchor\":{\"data-attachment-id\":4438,\"data-e-disable-page-transition\":\"true\",\"class\":\"fg-thumb\"}}}, {\"href\":\"https:\/\/inzynier.rzeszow.pl\/wp-content\/uploads\/2026\/02\/2026-01-23_wernisaz_chromostezja-39.webp\",\"type\":\"image\",\"src\":\"https:\/\/inzynier.rzeszow.pl\/wp-content\/uploads\/cache\/2026\/02\/2026-01-23_wernisaz_chromostezja-39\/3445948399.webp\",\"width\":452,\"height\":300,\"alt\":\"\",\"id\":4439,\"attr\":{\"anchor\":{\"data-attachment-id\":4439,\"data-e-disable-page-transition\":\"true\",\"class\":\"fg-thumb\"}}}, {\"href\":\"https:\/\/inzynier.rzeszow.pl\/wp-content\/uploads\/2026\/02\/2026-01-23_wernisaz_chromostezja-40.webp\",\"type\":\"image\",\"src\":\"https:\/\/inzynier.rzeszow.pl\/wp-content\/uploads\/cache\/2026\/02\/2026-01-23_wernisaz_chromostezja-40\/4004641531.webp\",\"width\":452,\"height\":300,\"alt\":\"\",\"id\":4440,\"attr\":{\"anchor\":{\"data-attachment-id\":4440,\"data-e-disable-page-transition\":\"true\",\"class\":\"fg-thumb\"}}}, {\"href\":\"https:\/\/inzynier.rzeszow.pl\/wp-content\/uploads\/2026\/02\/2026-01-23_wernisaz_chromostezja-41.webp\",\"type\":\"image\",\"src\":\"https:\/\/inzynier.rzeszow.pl\/wp-content\/uploads\/cache\/2026\/02\/2026-01-23_wernisaz_chromostezja-41\/1087098149.webp\",\"width\":452,\"height\":300,\"alt\":\"\",\"id\":4441,\"attr\":{\"anchor\":{\"data-attachment-id\":4441,\"data-e-disable-page-transition\":\"true\",\"class\":\"fg-thumb\"}}}, {\"href\":\"https:\/\/inzynier.rzeszow.pl\/wp-content\/uploads\/2026\/02\/2026-01-23_wernisaz_chromostezja-46.webp\",\"type\":\"image\",\"src\":\"https:\/\/inzynier.rzeszow.pl\/wp-content\/uploads\/cache\/2026\/02\/2026-01-23_wernisaz_chromostezja-46\/3176089277.webp\",\"width\":452,\"height\":300,\"alt\":\"\",\"id\":4446,\"attr\":{\"anchor\":{\"data-attachment-id\":4446,\"data-e-disable-page-transition\":\"true\",\"class\":\"fg-thumb\"}}}, {\"href\":\"https:\/\/inzynier.rzeszow.pl\/wp-content\/uploads\/2026\/02\/2026-01-23_wernisaz_chromostezja-47.webp\",\"type\":\"image\",\"src\":\"https:\/\/inzynier.rzeszow.pl\/wp-content\/uploads\/cache\/2026\/02\/2026-01-23_wernisaz_chromostezja-47\/322269539.webp\",\"width\":452,\"height\":300,\"alt\":\"\",\"id\":4447,\"attr\":{\"anchor\":{\"data-attachment-id\":4447,\"data-e-disable-page-transition\":\"true\",\"class\":\"fg-thumb\"}}}, {\"href\":\"https:\/\/inzynier.rzeszow.pl\/wp-content\/uploads\/2026\/02\/2026-01-23_wernisaz_chromostezja-48.webp\",\"type\":\"image\",\"src\":\"https:\/\/inzynier.rzeszow.pl\/wp-content\/uploads\/cache\/2026\/02\/2026-01-23_wernisaz_chromostezja-48\/2637649868.webp\",\"width\":452,\"height\":300,\"alt\":\"\",\"id\":4448,\"attr\":{\"anchor\":{\"data-attachment-id\":4448,\"data-e-disable-page-transition\":\"true\",\"class\":\"fg-thumb\"}}}, {\"href\":\"https:\/\/inzynier.rzeszow.pl\/wp-content\/uploads\/2026\/02\/2026-01-23_wernisaz_chromostezja-49.webp\",\"type\":\"image\",\"src\":\"https:\/\/inzynier.rzeszow.pl\/wp-content\/uploads\/cache\/2026\/02\/2026-01-23_wernisaz_chromostezja-49\/860708882.webp\",\"width\":452,\"height\":300,\"alt\":\"\",\"id\":4449,\"attr\":{\"anchor\":{\"data-attachment-id\":4449,\"data-e-disable-page-transition\":\"true\",\"class\":\"fg-thumb\"}}}, {\"href\":\"https:\/\/inzynier.rzeszow.pl\/wp-content\/uploads\/2026\/02\/2026-01-23_wernisaz_chromostezja-50.webp\",\"type\":\"image\",\"src\":\"https:\/\/inzynier.rzeszow.pl\/wp-content\/uploads\/cache\/2026\/02\/2026-01-23_wernisaz_chromostezja-50\/2406776607.webp\",\"width\":452,\"height\":300,\"alt\":\"\",\"id\":4450,\"attr\":{\"anchor\":{\"data-attachment-id\":4450,\"data-e-disable-page-transition\":\"true\",\"class\":\"fg-thumb\"}}}, {\"href\":\"https:\/\/inzynier.rzeszow.pl\/wp-content\/uploads\/2026\/02\/2026-01-23_wernisaz_chromostezja-51.webp\",\"type\":\"image\",\"src\":\"https:\/\/inzynier.rzeszow.pl\/wp-content\/uploads\/cache\/2026\/02\/2026-01-23_wernisaz_chromostezja-51\/554584257.webp\",\"width\":452,\"height\":300,\"alt\":\"\",\"id\":4451,\"attr\":{\"anchor\":{\"data-attachment-id\":4451,\"data-e-disable-page-transition\":\"true\",\"class\":\"fg-thumb\"}}}, {\"href\":\"https:\/\/inzynier.rzeszow.pl\/wp-content\/uploads\/2026\/02\/2026-01-23_wernisaz_chromostezja-52.webp\",\"type\":\"image\",\"src\":\"https:\/\/inzynier.rzeszow.pl\/wp-content\/uploads\/cache\/2026\/02\/2026-01-23_wernisaz_chromostezja-52\/150017762.webp\",\"width\":452,\"height\":300,\"alt\":\"\",\"id\":4452,\"attr\":{\"anchor\":{\"data-attachment-id\":4452,\"data-e-disable-page-transition\":\"true\",\"class\":\"fg-thumb\"}}}, {\"href\":\"https:\/\/inzynier.rzeszow.pl\/wp-content\/uploads\/2026\/02\/2026-01-23_wernisaz_chromostezja-53.webp\",\"type\":\"image\",\"src\":\"https:\/\/inzynier.rzeszow.pl\/wp-content\/uploads\/cache\/2026\/02\/2026-01-23_wernisaz_chromostezja-53\/2794135868.webp\",\"width\":452,\"height\":300,\"alt\":\"\",\"id\":4453,\"attr\":{\"anchor\":{\"data-attachment-id\":4453,\"data-e-disable-page-transition\":\"true\",\"class\":\"fg-thumb\"}}}, {\"href\":\"https:\/\/inzynier.rzeszow.pl\/wp-content\/uploads\/2026\/02\/2026-01-23_wernisaz_chromostezja-54.webp\",\"type\":\"image\",\"src\":\"https:\/\/inzynier.rzeszow.pl\/wp-content\/uploads\/cache\/2026\/02\/2026-01-23_wernisaz_chromostezja-54\/1527753380.webp\",\"width\":452,\"height\":300,\"alt\":\"\",\"id\":4454,\"attr\":{\"anchor\":{\"data-attachment-id\":4454,\"data-e-disable-page-transition\":\"true\",\"class\":\"fg-thumb\"}}}, {\"href\":\"https:\/\/inzynier.rzeszow.pl\/wp-content\/uploads\/2026\/02\/2026-01-23_wernisaz_chromostezja-55.webp\",\"type\":\"image\",\"src\":\"https:\/\/inzynier.rzeszow.pl\/wp-content\/uploads\/cache\/2026\/02\/2026-01-23_wernisaz_chromostezja-55\/4118125946.webp\",\"width\":452,\"height\":300,\"alt\":\"\",\"id\":4455,\"attr\":{\"anchor\":{\"data-attachment-id\":4455,\"data-e-disable-page-transition\":\"true\",\"class\":\"fg-thumb\"}}}, {\"href\":\"https:\/\/inzynier.rzeszow.pl\/wp-content\/uploads\/2026\/02\/2026-01-23_wernisaz_chromostezja-56.webp\",\"type\":\"image\",\"src\":\"https:\/\/inzynier.rzeszow.pl\/wp-content\/uploads\/cache\/2026\/02\/2026-01-23_wernisaz_chromostezja-56\/3700081497.webp\",\"width\":452,\"height\":300,\"alt\":\"\",\"id\":4456,\"attr\":{\"anchor\":{\"data-attachment-id\":4456,\"data-e-disable-page-transition\":\"true\",\"class\":\"fg-thumb\"}}}, {\"href\":\"https:\/\/inzynier.rzeszow.pl\/wp-content\/uploads\/2026\/02\/2026-01-23_wernisaz_chromostezja-100.webp\",\"type\":\"image\",\"src\":\"https:\/\/inzynier.rzeszow.pl\/wp-content\/uploads\/cache\/2026\/02\/2026-01-23_wernisaz_chromostezja-100\/1734744098.webp\",\"width\":452,\"height\":300,\"alt\":\"\",\"id\":4458,\"attr\":{\"anchor\":{\"data-attachment-id\":4458,\"data-e-disable-page-transition\":\"true\",\"class\":\"fg-thumb\"}}}, {\"href\":\"https:\/\/inzynier.rzeszow.pl\/wp-content\/uploads\/2026\/02\/2026-01-23_wernisaz_chromostezja-101.webp\",\"type\":\"image\",\"src\":\"https:\/\/inzynier.rzeszow.pl\/wp-content\/uploads\/cache\/2026\/02\/2026-01-23_wernisaz_chromostezja-101\/4263174843.webp\",\"width\":452,\"height\":300,\"alt\":\"\",\"id\":4459,\"attr\":{\"anchor\":{\"data-attachment-id\":4459,\"data-e-disable-page-transition\":\"true\",\"class\":\"fg-thumb\"}}}, {\"href\":\"https:\/\/inzynier.rzeszow.pl\/wp-content\/uploads\/2026\/02\/2026-01-23_wernisaz_chromostezja-103.webp\",\"type\":\"image\",\"src\":\"https:\/\/inzynier.rzeszow.pl\/wp-content\/uploads\/cache\/2026\/02\/2026-01-23_wernisaz_chromostezja-103\/3496865031.webp\",\"width\":452,\"height\":300,\"alt\":\"\",\"id\":4461,\"attr\":{\"anchor\":{\"data-attachment-id\":4461,\"data-e-disable-page-transition\":\"true\",\"class\":\"fg-thumb\"}}}, {\"href\":\"https:\/\/inzynier.rzeszow.pl\/wp-content\/uploads\/2026\/02\/2026-01-23_wernisaz_chromostezja-105.webp\",\"type\":\"image\",\"src\":\"https:\/\/inzynier.rzeszow.pl\/wp-content\/uploads\/cache\/2026\/02\/2026-01-23_wernisaz_chromostezja-105\/3926827426.webp\",\"width\":452,\"height\":300,\"alt\":\"\",\"id\":4462,\"attr\":{\"anchor\":{\"data-attachment-id\":4462,\"data-e-disable-page-transition\":\"true\",\"class\":\"fg-thumb\"}}}, {\"href\":\"https:\/\/inzynier.rzeszow.pl\/wp-content\/uploads\/2026\/02\/2026-01-23_wernisaz_chromostezja-106.webp\",\"type\":\"image\",\"src\":\"https:\/\/inzynier.rzeszow.pl\/wp-content\/uploads\/cache\/2026\/02\/2026-01-23_wernisaz_chromostezja-106\/1568961469.webp\",\"width\":199,\"height\":300,\"alt\":\"\",\"id\":4463,\"attr\":{\"anchor\":{\"data-attachment-id\":4463,\"data-e-disable-page-transition\":\"true\",\"class\":\"fg-thumb\"}}}, {\"href\":\"https:\/\/inzynier.rzeszow.pl\/wp-content\/uploads\/2026\/02\/list_gratulacyjny_chromestezja_26.webp\",\"type\":\"image\",\"src\":\"https:\/\/inzynier.rzeszow.pl\/wp-content\/uploads\/cache\/2026\/02\/list_gratulacyjny_chromestezja_26\/2818440915.webp\",\"width\":212,\"height\":300,\"alt\":\"\",\"id\":4464,\"attr\":{\"anchor\":{\"data-attachment-id\":4464,\"data-e-disable-page-transition\":\"true\",\"class\":\"fg-thumb\"}}}  ];<\/script>\t\t\t\t<\/div>\n\t\t\t\t<\/div>\n\t\t\t\t\t<\/div>\n\t\t\t\t<\/div>\n\t\t<div class=\"elementor-element elementor-element-ddeb401 e-flex e-con-boxed e-con e-parent\" data-id=\"ddeb401\" data-element_type=\"container\" data-e-type=\"container\">\n\t\t\t\t\t<div class=\"e-con-inner\">\n\t\t\t\t<div class=\"elementor-element elementor-element-7f77a53 elementor-widget elementor-widget-text-editor\" data-id=\"7f77a53\" data-element_type=\"widget\" data-e-type=\"widget\" data-widget_type=\"text-editor.default\">\n\t\t\t\t\t\t\t\t\t<div align=\"right\"><span class=\"x4k7w5x x1h91t0o x1h9r5lt xv2umb2 x1beo9mf xaigb6o x12ejxvf x3igimt xarpa2k xedcshv x1lytzrv x1t2pt76 x7ja8zs x1qrby5j x1jfb8zj\">Galeria Integracyjna PDK OIIB czynna jest<\/span><\/div><div align=\"right\"><span class=\"x4k7w5x x1h91t0o x1h9r5lt xv2umb2 x1beo9mf xaigb6o x12ejxvf x3igimt xarpa2k xedcshv x1lytzrv x1t2pt76 x7ja8zs x1qrby5j x1jfb8zj\">dla zwiedzaj\u0105cych w godzinach pracy biura PDK OIIB<\/span><\/div><div style=\"text-align: right;\" align=\"right\"><span class=\"x4k7w5x x1h91t0o x1h9r5lt xv2umb2 x1beo9mf xaigb6o x12ejxvf x3igimt xarpa2k xedcshv x1lytzrv x1t2pt76 x7ja8zs x1qrby5j x1jfb8zj\">lub po wcze\u015bniejszym um\u00f3wieniu telefonicznym.<\/span><\/div>\t\t\t\t\t\t\t\t<\/div>\n\t\t\t\t\t<\/div>\n\t\t\t\t<\/div>\n\t\t<div class=\"elementor-element elementor-element-29b1a37 e-flex e-con-boxed e-con e-parent\" data-id=\"29b1a37\" data-element_type=\"container\" data-e-type=\"container\">\n\t\t\t\t\t<div class=\"e-con-inner\">\n\t\t\t\t<div class=\"elementor-element elementor-element-9ce767d elementor-widget elementor-widget-text-editor\" data-id=\"9ce767d\" data-element_type=\"widget\" data-e-type=\"widget\" data-widget_type=\"text-editor.default\">\n\t\t\t\t\t\t\t\t\t<table border=\"0\"><tbody><tr><td colspan=\"3\"><strong>Patroni Galerii Integracyjnej<\/strong><\/td><\/tr><tr><td colspan=\"3\">\u00a0<\/td><\/tr><tr><td colspan=\"3\">\u00a0<img loading=\"lazy\" decoding=\"async\" src=\"https:\/\/archiwalna.inzynier.rzeszow.pl\/download\/z_zycia\/patronaty\/logo_marszalka_wojewodztwa.png\" width=\"42\" height=\"50\" border=\"0\" \/>\u00a0\u00a0\u00a0\u00a0\u00a0<img loading=\"lazy\" decoding=\"async\" src=\"https:\/\/archiwalna.inzynier.rzeszow.pl\/download\/z_zycia\/patronaty\/logo_rz_pl.jpg\" width=\"163\" height=\"50\" border=\"0\" \/>\u00a0\u00a0 \u00a0\u00a0<img loading=\"lazy\" decoding=\"async\" src=\"https:\/\/archiwalna.inzynier.rzeszow.pl\/download\/z_zycia\/patronaty\/logo-piib.svg\" width=\"107\" height=\"50\" border=\"0\" \/>\u00a0 \u00a0\u00a0<img loading=\"lazy\" decoding=\"async\" src=\"https:\/\/archiwalna.inzynier.rzeszow.pl\/download\/z_zycia\/patronaty\/prz_pl.jpg\" width=\"126\" height=\"50\" border=\"0\" \/>\u00a0\u00a0<img loading=\"lazy\" decoding=\"async\" src=\"https:\/\/archiwalna.inzynier.rzeszow.pl\/download\/z_zycia\/patronaty\/logo_not.jpg\" width=\"50\" height=\"50\" border=\"0\" \/>\u00a0\u00a0\u00a0<img loading=\"lazy\" decoding=\"async\" src=\"https:\/\/archiwalna.inzynier.rzeszow.pl\/download\/z_zycia\/patronaty\/BWA-logo.jpg\" width=\"50\" height=\"51\" border=\"0\" \/><br \/><br \/><img loading=\"lazy\" decoding=\"async\" src=\"https:\/\/archiwalna.inzynier.rzeszow.pl\/download\/z_zycia\/patronaty\/tvp_3_niebieskie.jpg\" width=\"74\" height=\"50\" border=\"0\" \/>\u00a0 \u00a0\u00a0\u00a0<img loading=\"lazy\" decoding=\"async\" src=\"https:\/\/archiwalna.inzynier.rzeszow.pl\/download\/z_zycia\/patronaty\/logo_rrz.jpg\" width=\"105\" height=\"45\" border=\"0\" \/>\u00a0\u00a0\u00a0<img loading=\"lazy\" decoding=\"async\" src=\"https:\/\/archiwalna.inzynier.rzeszow.pl\/download\/z_zycia\/patronaty\/nowiny_logo.jpg\" width=\"101\" height=\"30\" border=\"0\" \/>\u00a0\u00a0\u00a0<img loading=\"lazy\" decoding=\"async\" src=\"https:\/\/archiwalna.inzynier.rzeszow.pl\/download\/z_zycia\/patronaty\/nowiny24_logo.jpg\" width=\"139\" height=\"30\" border=\"0\" \/>\u00a0\u00a0\u00a0<img loading=\"lazy\" decoding=\"async\" src=\"https:\/\/archiwalna.inzynier.rzeszow.pl\/download\/z_zycia\/patronaty\/biznesistyl_logo.JPG\" width=\"129\" height=\"30\" border=\"0\" \/>\u00a0<\/td><\/tr><\/tbody><\/table>\t\t\t\t\t\t\t\t<\/div>\n\t\t\t\t\t<\/div>\n\t\t\t\t<\/div>\n\t\t\t\t<\/div>\n\t\t","protected":false},"excerpt":{"rendered":"<p>Galeria Integracyjna PDK OIIB &#8211; 2026 Strona g\u0142\u00f3wna \/ Galeria Integracyjna PDK OIIB \/ Rok 2026 Galeria Integracyjna &#8211; CHROMESTEZJA [&hellip;]<\/p>\n","protected":false},"author":1,"featured_media":0,"parent":0,"menu_order":0,"comment_status":"closed","ping_status":"closed","template":"","meta":{"site-sidebar-layout":"no-sidebar","site-content-layout":"","ast-site-content-layout":"full-width-container","site-content-style":"default","site-sidebar-style":"default","ast-global-header-display":"","ast-banner-title-visibility":"","ast-main-header-display":"","ast-hfb-above-header-display":"","ast-hfb-below-header-display":"","ast-hfb-mobile-header-display":"","site-post-title":"disabled","ast-breadcrumbs-content":"","ast-featured-img":"disabled","footer-sml-layout":"","ast-disable-related-posts":"","theme-transparent-header-meta":"","adv-header-id-meta":"","stick-header-meta":"","header-above-stick-meta":"","header-main-stick-meta":"","header-below-stick-meta":"","astra-migrate-meta-layouts":"default","ast-page-background-enabled":"default","ast-page-background-meta":{"desktop":{"background-color":"var(--ast-global-color-5)","background-image":"","background-repeat":"repeat","background-position":"center center","background-size":"auto","background-attachment":"scroll","background-type":"","background-media":"","overlay-type":"","overlay-color":"","overlay-opacity":"","overlay-gradient":""},"tablet":{"background-color":"","background-image":"","background-repeat":"repeat","background-position":"center center","background-size":"auto","background-attachment":"scroll","background-type":"","background-media":"","overlay-type":"","overlay-color":"","overlay-opacity":"","overlay-gradient":""},"mobile":{"background-color":"","background-image":"","background-repeat":"repeat","background-position":"center center","background-size":"auto","background-attachment":"scroll","background-type":"","background-media":"","overlay-type":"","overlay-color":"","overlay-opacity":"","overlay-gradient":""}},"ast-content-background-meta":{"desktop":{"background-color":"var(--ast-global-color-4)","background-image":"","background-repeat":"repeat","background-position":"center center","background-size":"auto","background-attachment":"scroll","background-type":"","background-media":"","overlay-type":"","overlay-color":"","overlay-opacity":"","overlay-gradient":""},"tablet":{"background-color":"var(--ast-global-color-4)","background-image":"","background-repeat":"repeat","background-position":"center center","background-size":"auto","background-attachment":"scroll","background-type":"","background-media":"","overlay-type":"","overlay-color":"","overlay-opacity":"","overlay-gradient":""},"mobile":{"background-color":"var(--ast-global-color-4)","background-image":"","background-repeat":"repeat","background-position":"center center","background-size":"auto","background-attachment":"scroll","background-type":"","background-media":"","overlay-type":"","overlay-color":"","overlay-opacity":"","overlay-gradient":""}},"footnotes":""},"class_list":["post-3703","page","type-page","status-publish","hentry"],"yoast_head":"<!-- This site is optimized with the Yoast SEO plugin v27.5 - https:\/\/yoast.com\/product\/yoast-seo-wordpress\/ -->\n<title>Galeria Integracyjna PDK OIIB - 2026 - Podkarpacka Okregowa Izba Inzynierow Budownictwa<\/title>\n<meta name=\"description\" content=\"Zapraszamy na wyj\u0105tkowe otwarcie wystawy w Galerii Integracyjnej Rzesz\u00f3w 2026, pe\u0142nej sztuki i emocji.\" \/>\n<meta name=\"robots\" content=\"index, follow, max-snippet:-1, max-image-preview:large, max-video-preview:-1\" \/>\n<link rel=\"canonical\" href=\"https:\/\/inzynier.rzeszow.pl\/index.php\/galeria-integracyjna-pdk-oiib-2026\/\" \/>\n<meta property=\"og:locale\" content=\"pl_PL\" \/>\n<meta property=\"og:type\" content=\"article\" \/>\n<meta property=\"og:title\" content=\"Galeria Integracyjna PDK OIIB - 2026 - Podkarpacka Okregowa Izba Inzynierow Budownictwa\" \/>\n<meta property=\"og:description\" content=\"Zapraszamy na wyj\u0105tkowe otwarcie wystawy w Galerii Integracyjnej Rzesz\u00f3w 2026, pe\u0142nej sztuki i emocji.\" \/>\n<meta property=\"og:url\" content=\"https:\/\/inzynier.rzeszow.pl\/index.php\/galeria-integracyjna-pdk-oiib-2026\/\" \/>\n<meta property=\"og:site_name\" content=\"Podkarpacka Okregowa Izba Inzynierow Budownictwa\" \/>\n<meta property=\"article:modified_time\" content=\"2026-04-09T11:29:44+00:00\" \/>\n<meta property=\"og:image\" content=\"https:\/\/inzynier.rzeszow.pl\/wp-content\/uploads\/2026\/02\/obraz_2026-02-04_103247866-1024x582.png\" \/>\n\t<meta property=\"og:image:width\" content=\"1024\" \/>\n\t<meta property=\"og:image:height\" content=\"582\" \/>\n\t<meta property=\"og:image:type\" content=\"image\/png\" \/>\n<meta name=\"twitter:card\" content=\"summary_large_image\" \/>\n<meta name=\"twitter:label1\" content=\"Szacowany czas czytania\" \/>\n\t<meta name=\"twitter:data1\" content=\"2 minuty\" \/>\n<script type=\"application\/ld+json\" class=\"yoast-schema-graph\">{\"@context\":\"https:\\\/\\\/schema.org\",\"@graph\":[{\"@type\":\"WebPage\",\"@id\":\"https:\\\/\\\/inzynier.rzeszow.pl\\\/index.php\\\/galeria-integracyjna-pdk-oiib-2026\\\/\",\"url\":\"https:\\\/\\\/inzynier.rzeszow.pl\\\/index.php\\\/galeria-integracyjna-pdk-oiib-2026\\\/\",\"name\":\"Galeria Integracyjna PDK OIIB - 2026 - Podkarpacka Okregowa Izba Inzynierow Budownictwa\",\"isPartOf\":{\"@id\":\"https:\\\/\\\/inzynier.rzeszow.pl\\\/#website\"},\"primaryImageOfPage\":{\"@id\":\"https:\\\/\\\/inzynier.rzeszow.pl\\\/index.php\\\/galeria-integracyjna-pdk-oiib-2026\\\/#primaryimage\"},\"image\":{\"@id\":\"https:\\\/\\\/inzynier.rzeszow.pl\\\/index.php\\\/galeria-integracyjna-pdk-oiib-2026\\\/#primaryimage\"},\"thumbnailUrl\":\"https:\\\/\\\/inzynier.rzeszow.pl\\\/wp-content\\\/uploads\\\/2026\\\/02\\\/obraz_2026-02-04_103247866-1024x582.png\",\"datePublished\":\"2026-02-04T09:28:30+00:00\",\"dateModified\":\"2026-04-09T11:29:44+00:00\",\"description\":\"Zapraszamy na wyj\u0105tkowe otwarcie wystawy w Galerii Integracyjnej Rzesz\u00f3w 2026, pe\u0142nej sztuki i emocji.\",\"breadcrumb\":{\"@id\":\"https:\\\/\\\/inzynier.rzeszow.pl\\\/index.php\\\/galeria-integracyjna-pdk-oiib-2026\\\/#breadcrumb\"},\"inLanguage\":\"pl-PL\",\"potentialAction\":[{\"@type\":\"ReadAction\",\"target\":[\"https:\\\/\\\/inzynier.rzeszow.pl\\\/index.php\\\/galeria-integracyjna-pdk-oiib-2026\\\/\"]}]},{\"@type\":\"ImageObject\",\"inLanguage\":\"pl-PL\",\"@id\":\"https:\\\/\\\/inzynier.rzeszow.pl\\\/index.php\\\/galeria-integracyjna-pdk-oiib-2026\\\/#primaryimage\",\"url\":\"https:\\\/\\\/inzynier.rzeszow.pl\\\/wp-content\\\/uploads\\\/2026\\\/02\\\/obraz_2026-02-04_103247866.png\",\"contentUrl\":\"https:\\\/\\\/inzynier.rzeszow.pl\\\/wp-content\\\/uploads\\\/2026\\\/02\\\/obraz_2026-02-04_103247866.png\",\"width\":1900,\"height\":1080},{\"@type\":\"BreadcrumbList\",\"@id\":\"https:\\\/\\\/inzynier.rzeszow.pl\\\/index.php\\\/galeria-integracyjna-pdk-oiib-2026\\\/#breadcrumb\",\"itemListElement\":[{\"@type\":\"ListItem\",\"position\":1,\"name\":\"Strona g\u0142\u00f3wna\",\"item\":\"https:\\\/\\\/inzynier.rzeszow.pl\\\/\"},{\"@type\":\"ListItem\",\"position\":2,\"name\":\"Galeria Integracyjna PDK OIIB &#8211; 2026\"}]},{\"@type\":\"WebSite\",\"@id\":\"https:\\\/\\\/inzynier.rzeszow.pl\\\/#website\",\"url\":\"https:\\\/\\\/inzynier.rzeszow.pl\\\/\",\"name\":\"Podkarpacka Okregowa Izba Inzynierow Budownictwa\",\"description\":\"\",\"potentialAction\":[{\"@type\":\"SearchAction\",\"target\":{\"@type\":\"EntryPoint\",\"urlTemplate\":\"https:\\\/\\\/inzynier.rzeszow.pl\\\/?s={search_term_string}\"},\"query-input\":{\"@type\":\"PropertyValueSpecification\",\"valueRequired\":true,\"valueName\":\"search_term_string\"}}],\"inLanguage\":\"pl-PL\"}]}<\/script>\n<!-- \/ Yoast SEO plugin. -->","yoast_head_json":{"title":"Galeria Integracyjna PDK OIIB - 2026 - Podkarpacka Okregowa Izba Inzynierow Budownictwa","description":"Zapraszamy na wyj\u0105tkowe otwarcie wystawy w Galerii Integracyjnej Rzesz\u00f3w 2026, pe\u0142nej sztuki i emocji.","robots":{"index":"index","follow":"follow","max-snippet":"max-snippet:-1","max-image-preview":"max-image-preview:large","max-video-preview":"max-video-preview:-1"},"canonical":"https:\/\/inzynier.rzeszow.pl\/index.php\/galeria-integracyjna-pdk-oiib-2026\/","og_locale":"pl_PL","og_type":"article","og_title":"Galeria Integracyjna PDK OIIB - 2026 - Podkarpacka Okregowa Izba Inzynierow Budownictwa","og_description":"Zapraszamy na wyj\u0105tkowe otwarcie wystawy w Galerii Integracyjnej Rzesz\u00f3w 2026, pe\u0142nej sztuki i emocji.","og_url":"https:\/\/inzynier.rzeszow.pl\/index.php\/galeria-integracyjna-pdk-oiib-2026\/","og_site_name":"Podkarpacka Okregowa Izba Inzynierow Budownictwa","article_modified_time":"2026-04-09T11:29:44+00:00","og_image":[{"width":1024,"height":582,"url":"https:\/\/inzynier.rzeszow.pl\/wp-content\/uploads\/2026\/02\/obraz_2026-02-04_103247866-1024x582.png","type":"image\/png"}],"twitter_card":"summary_large_image","twitter_misc":{"Szacowany czas czytania":"2 minuty"},"schema":{"@context":"https:\/\/schema.org","@graph":[{"@type":"WebPage","@id":"https:\/\/inzynier.rzeszow.pl\/index.php\/galeria-integracyjna-pdk-oiib-2026\/","url":"https:\/\/inzynier.rzeszow.pl\/index.php\/galeria-integracyjna-pdk-oiib-2026\/","name":"Galeria Integracyjna PDK OIIB - 2026 - Podkarpacka Okregowa Izba Inzynierow Budownictwa","isPartOf":{"@id":"https:\/\/inzynier.rzeszow.pl\/#website"},"primaryImageOfPage":{"@id":"https:\/\/inzynier.rzeszow.pl\/index.php\/galeria-integracyjna-pdk-oiib-2026\/#primaryimage"},"image":{"@id":"https:\/\/inzynier.rzeszow.pl\/index.php\/galeria-integracyjna-pdk-oiib-2026\/#primaryimage"},"thumbnailUrl":"https:\/\/inzynier.rzeszow.pl\/wp-content\/uploads\/2026\/02\/obraz_2026-02-04_103247866-1024x582.png","datePublished":"2026-02-04T09:28:30+00:00","dateModified":"2026-04-09T11:29:44+00:00","description":"Zapraszamy na wyj\u0105tkowe otwarcie wystawy w Galerii Integracyjnej Rzesz\u00f3w 2026, pe\u0142nej sztuki i emocji.","breadcrumb":{"@id":"https:\/\/inzynier.rzeszow.pl\/index.php\/galeria-integracyjna-pdk-oiib-2026\/#breadcrumb"},"inLanguage":"pl-PL","potentialAction":[{"@type":"ReadAction","target":["https:\/\/inzynier.rzeszow.pl\/index.php\/galeria-integracyjna-pdk-oiib-2026\/"]}]},{"@type":"ImageObject","inLanguage":"pl-PL","@id":"https:\/\/inzynier.rzeszow.pl\/index.php\/galeria-integracyjna-pdk-oiib-2026\/#primaryimage","url":"https:\/\/inzynier.rzeszow.pl\/wp-content\/uploads\/2026\/02\/obraz_2026-02-04_103247866.png","contentUrl":"https:\/\/inzynier.rzeszow.pl\/wp-content\/uploads\/2026\/02\/obraz_2026-02-04_103247866.png","width":1900,"height":1080},{"@type":"BreadcrumbList","@id":"https:\/\/inzynier.rzeszow.pl\/index.php\/galeria-integracyjna-pdk-oiib-2026\/#breadcrumb","itemListElement":[{"@type":"ListItem","position":1,"name":"Strona g\u0142\u00f3wna","item":"https:\/\/inzynier.rzeszow.pl\/"},{"@type":"ListItem","position":2,"name":"Galeria Integracyjna PDK OIIB &#8211; 2026"}]},{"@type":"WebSite","@id":"https:\/\/inzynier.rzeszow.pl\/#website","url":"https:\/\/inzynier.rzeszow.pl\/","name":"Podkarpacka Okregowa Izba Inzynierow Budownictwa","description":"","potentialAction":[{"@type":"SearchAction","target":{"@type":"EntryPoint","urlTemplate":"https:\/\/inzynier.rzeszow.pl\/?s={search_term_string}"},"query-input":{"@type":"PropertyValueSpecification","valueRequired":true,"valueName":"search_term_string"}}],"inLanguage":"pl-PL"}]}},"rttpg_featured_image_url":null,"rttpg_author":{"display_name":"admin","author_link":"https:\/\/inzynier.rzeszow.pl\/index.php\/author\/kwojcik\/"},"rttpg_comment":0,"rttpg_category":null,"rttpg_excerpt":"Galeria Integracyjna PDK OIIB &#8211; 2026 Strona g\u0142\u00f3wna \/ Galeria Integracyjna PDK OIIB \/ Rok 2026 Galeria Integracyjna &#8211; CHROMESTEZJA [&hellip;]","_links":{"self":[{"href":"https:\/\/inzynier.rzeszow.pl\/index.php\/wp-json\/wp\/v2\/pages\/3703","targetHints":{"allow":["GET"]}}],"collection":[{"href":"https:\/\/inzynier.rzeszow.pl\/index.php\/wp-json\/wp\/v2\/pages"}],"about":[{"href":"https:\/\/inzynier.rzeszow.pl\/index.php\/wp-json\/wp\/v2\/types\/page"}],"author":[{"embeddable":true,"href":"https:\/\/inzynier.rzeszow.pl\/index.php\/wp-json\/wp\/v2\/users\/1"}],"replies":[{"embeddable":true,"href":"https:\/\/inzynier.rzeszow.pl\/index.php\/wp-json\/wp\/v2\/comments?post=3703"}],"version-history":[{"count":28,"href":"https:\/\/inzynier.rzeszow.pl\/index.php\/wp-json\/wp\/v2\/pages\/3703\/revisions"}],"predecessor-version":[{"id":8541,"href":"https:\/\/inzynier.rzeszow.pl\/index.php\/wp-json\/wp\/v2\/pages\/3703\/revisions\/8541"}],"wp:attachment":[{"href":"https:\/\/inzynier.rzeszow.pl\/index.php\/wp-json\/wp\/v2\/media?parent=3703"}],"curies":[{"name":"wp","href":"https:\/\/api.w.org\/{rel}","templated":true}]}}