{"id":1809,"date":"2025-12-29T15:26:37","date_gmt":"2025-12-29T15:26:37","guid":{"rendered":"https:\/\/migracja.inzynier.rzeszow.pl\/?page_id=1809"},"modified":"2026-03-15T13:23:25","modified_gmt":"2026-03-15T12:23:25","slug":"kartka-swiateczna-wielkanocna","status":"publish","type":"page","link":"https:\/\/inzynier.rzeszow.pl\/index.php\/kartka-swiateczna-wielkanocna\/","title":{"rendered":"Kartka \u015bwi\u0105teczna Wielkanocna"},"content":{"rendered":"\t\t<div data-elementor-type=\"wp-page\" data-elementor-id=\"1809\" class=\"elementor elementor-1809\" data-elementor-post-type=\"page\">\n\t\t\t\t<div class=\"elementor-element elementor-element-c6ddcf0 e-flex e-con-boxed e-con e-parent\" data-id=\"c6ddcf0\" data-element_type=\"container\" data-e-type=\"container\" data-settings=\"{&quot;background_background&quot;:&quot;classic&quot;}\">\n\t\t\t\t\t<div class=\"e-con-inner\">\n\t\t<div class=\"elementor-element elementor-element-f90288b e-con-full e-flex e-con e-child\" data-id=\"f90288b\" data-element_type=\"container\" data-e-type=\"container\" data-settings=\"{&quot;background_background&quot;:&quot;classic&quot;}\">\n\t\t\t\t<div class=\"elementor-element elementor-element-63fce6b elementor-widget elementor-widget-heading\" data-id=\"63fce6b\" data-element_type=\"widget\" data-e-type=\"widget\" data-widget_type=\"heading.default\">\n\t\t\t\t\t<h1 class=\"elementor-heading-title elementor-size-default\">Kartka \u015bwi\u0105teczna Wielkanocna<\/h1>\t\t\t\t<\/div>\n\t\t\t\t<\/div>\n\t\t\t\t\t<\/div>\n\t\t\t\t<\/div>\n\t\t<div class=\"elementor-element elementor-element-b79ae22 e-flex e-con-boxed e-con e-parent\" data-id=\"b79ae22\" data-element_type=\"container\" data-e-type=\"container\">\n\t\t\t\t\t<div class=\"e-con-inner\">\n\t\t\t\t<div class=\"elementor-element elementor-element-7249e99 elementor-widget elementor-widget-text-editor\" data-id=\"7249e99\" data-element_type=\"widget\" data-e-type=\"widget\" data-widget_type=\"text-editor.default\">\n\t\t\t\t\t\t\t\t\t<p><a href=\"https:\/\/inzynier.rzeszow.pl\/\">Strona g\u0142\u00f3wna <\/a><a href=\"https:\/\/inzynier.rzeszow.pl\">\/ <\/a><a href=\"https:\/\/inzynier.rzeszow.pl\/index.php\/konkursy\/\">Konkursy, Wydarzenia<\/a> \u00a0\/<a href=\"https:\/\/inzynier.rzeszow.pl\/index.php\/kartka-swiateczna-wielkanocna\/\"> Kartka \u015bwi\u0105teczna Wielkanocna<\/a><\/p>\t\t\t\t\t\t\t\t<\/div>\n\t\t\t\t\t<\/div>\n\t\t\t\t<\/div>\n\t\t<div class=\"elementor-element elementor-element-0c4e1b1 e-flex e-con-boxed e-con e-parent\" data-id=\"0c4e1b1\" data-element_type=\"container\" data-e-type=\"container\">\n\t\t\t\t\t<div class=\"e-con-inner\">\n\t\t\t\t<div class=\"elementor-element elementor-element-3870ac3 tpg-wrapper-align-left img_hover_animation_img_no_effect readmore-btn-only-text meta-visibility-show title_position_default title_hover_border_default title-default meta_position_default grid-hover-overlay-type-always tpg-el-box-border-enable tpg-border-bottom-disable elementor-widget elementor-widget-tpg-list-layout\" data-id=\"3870ac3\" data-element_type=\"widget\" data-e-type=\"widget\" data-widget_type=\"tpg-list-layout.default\">\n\t\t\t\t<div class=\"elementor-widget-container\">\n\t\t\t\t\t\n        <div class=\"rt-container-fluid rt-tpg-container tpg-el-main-wrapper list-layout1-main \"\n             data-sc-id=\"elementor\"\n             id=\"rt-tpg-container-3615353644\"\n             data-layout=\"list-layout1\"\n             data-grid-style=\"tpg-even\"\n             data-el-settings=''\n             data-el-query=''\n             data-el-path=''\n        >\n\t\t\t            <div class='tpg-header-wrapper '>\n\t\t\t\t            <\/div>\n\n            <div data-title=\"Loading ...\" class=\"rt-row rt-content-loader list-layout1 tpg-even list-behaviour list-layout-wrapper\">\n\t\t\t\t\n<div class=\"rt-col-md-12 rt-col-sm-12 rt-col-xs-12 img_no_effect rt-list-item rt-grid-item\" data-id=\"8148\">\n\t<div class=\"rt-holder tpg-post-holder \">\n\t\t<div class=\"rt-detail rt-el-content-wrapper\">\n\t\t\t\t\t\t\t<div class=\"rt-img-holder tpg-el-image-wrap has-thumbnail\">\n\t\t\t\t\t<a data-id=\"8148\" href=\"https:\/\/inzynier.rzeszow.pl\/index.php\/2026\/03\/27\/rozstrzygniecie-konkursu-plastycznego-pt-kartka-swiateczna-wielkanocna-2026\/\" class=\"tpg-post-link\" target=\"_self\">                        <img fetchpriority=\"high\" decoding=\"async\" src=\"https:\/\/inzynier.rzeszow.pl\/wp-content\/uploads\/2026\/03\/Kartka-swiateczna-768x512.webp\"\n                             class=\"rt-img-responsive\"\n                             width=\"768\"\n                             height=\"512\"\n                             alt=\"Rozstrzygni\u0119cie konkursu plastycznego pt. &#8222;Kartka \u015bwi\u0105teczna Wielkanocna&#8221; &#8211; 2026\">\n\t\t\t\t\t\t\n\t\t\t\t\t\t\t\n\t\t<\/a>\n\t\t        <div class=\"overlay grid-hover-content\"><\/div>\n\t\t\t\t\t\t<\/div>\n\t\t\t\n\t\t\t<div class=\"post-right-content\">\n\t\t\t\t<div class=\"entry-title-wrapper\"><h3 class=\"entry-title\"><a data-id=\"8148\" href=\"https:\/\/inzynier.rzeszow.pl\/index.php\/2026\/03\/27\/rozstrzygniecie-konkursu-plastycznego-pt-kartka-swiateczna-wielkanocna-2026\/\" class=\"tpg-post-link\" target=\"_self\">Rozstrzygni\u0119cie konkursu plastycznego pt. &#8222;Kartka \u015bwi\u0105teczna Wielkanocna&#8221; &#8211; 2026<\/a><\/h3><\/div>\n\t\t\t\t\t\t\t\t\t<div class=\"post-meta-tags rt-el-post-meta\">\n\t\t\t\t\t\t            <span class='date'>\n\t\t\t\t<i class='far fa-calendar-alt '><\/i>\t\t\t\t                    <a href=\"https:\/\/inzynier.rzeszow.pl\/index.php\/2026\/03\/27\/\">\n\t\t\t\t\t27 marca, 2026\t\t\t\t<\/a>\n\t\t\t\t\t\t\t<\/span>\n\t\t\t\t\t\t\t\t<\/div>\n\t\t\t\t\n\t\t\t\t\t\t\t\t\t<div class=\"tpg-excerpt tpg-el-excerpt\">\n\t\t\t\t\t\t\t\t\t\t\t\t\t<div class=\"tpg-excerpt-inner\">\n\t\t\t\t\t\t\t\tTegoroczna edycja konkursu plastycznego pt. \u201eKartka \u015awi\u0105teczna Wielkanocna\u201d, zorganizowanego przez Podkarpack\u0105 Okr\u0119gow\u0105 Izb\u0119 In\u017cynier\u00f3w Budownictwa, cieszy\u0142a si\u0119 bardzo du\u017cym zainteresowaniem...\t\t\t\t\t\t\t<\/div>\n\t\t\t\t\t\t\t\t\t\t\t\t\t\t\t\t\t<\/div>\n\t\t\t\t\n\t\t\t\t        <div class=\"post-footer\">\n            <div class=\"post-footer\">\n                <div class=\"read-more\">\n\t\t\t\t\t<a data-id=\"8148\" href=\"https:\/\/inzynier.rzeszow.pl\/index.php\/2026\/03\/27\/rozstrzygniecie-konkursu-plastycznego-pt-kartka-swiateczna-wielkanocna-2026\/\" class=\"tpg-post-link\" target=\"_self\">Czytaj wi\u0119cej<\/a>                <\/div>\n            <\/div>\n        <\/div>\n\t\t\t\t\t<\/div>\n\t\t<\/div>\n\t<\/div>\n<\/div>\n\n<div class=\"rt-col-md-12 rt-col-sm-12 rt-col-xs-12 img_no_effect rt-list-item rt-grid-item\" data-id=\"3752\">\n\t<div class=\"rt-holder tpg-post-holder \">\n\t\t<div class=\"rt-detail rt-el-content-wrapper\">\n\t\t\t\t\t\t\t<div class=\"rt-img-holder tpg-el-image-wrap has-thumbnail\">\n\t\t\t\t\t<a data-id=\"3752\" href=\"https:\/\/inzynier.rzeszow.pl\/index.php\/2026\/02\/03\/konkurs-plastyczny-pt-kartka-swiateczna-wielkanocna-2026\/\" class=\"tpg-post-link\" target=\"_self\">                        <img decoding=\"async\" src=\"https:\/\/inzynier.rzeszow.pl\/wp-content\/uploads\/2026\/02\/obraz_2026-02-04_114235328-768x512.png\"\n                             class=\"rt-img-responsive\"\n                             width=\"768\"\n                             height=\"512\"\n                             alt=\"Konkurs plastyczny pt. Kartka \u015bwi\u0105teczna Wielkanocna &#8211; 2026\">\n\t\t\t\t\t\t\n\t\t\t\t\t\t\t\n\t\t<\/a>\n\t\t        <div class=\"overlay grid-hover-content\"><\/div>\n\t\t\t\t\t\t<\/div>\n\t\t\t\n\t\t\t<div class=\"post-right-content\">\n\t\t\t\t<div class=\"entry-title-wrapper\"><h3 class=\"entry-title\"><a data-id=\"3752\" href=\"https:\/\/inzynier.rzeszow.pl\/index.php\/2026\/02\/03\/konkurs-plastyczny-pt-kartka-swiateczna-wielkanocna-2026\/\" class=\"tpg-post-link\" target=\"_self\">Konkurs plastyczny pt. Kartka \u015bwi\u0105teczna Wielkanocna &#8211; 2026<\/a><\/h3><\/div>\n\t\t\t\t\t\t\t\t\t<div class=\"post-meta-tags rt-el-post-meta\">\n\t\t\t\t\t\t            <span class='date'>\n\t\t\t\t<i class='far fa-calendar-alt '><\/i>\t\t\t\t                    <a href=\"https:\/\/inzynier.rzeszow.pl\/index.php\/2026\/02\/03\/\">\n\t\t\t\t\t3 lutego, 2026\t\t\t\t<\/a>\n\t\t\t\t\t\t\t<\/span>\n\t\t\t\t\t\t\t\t<\/div>\n\t\t\t\t\n\t\t\t\t\t\t\t\t\t<div class=\"tpg-excerpt tpg-el-excerpt\">\n\t\t\t\t\t\t\t\t\t\t\t\t\t<div class=\"tpg-excerpt-inner\">\n\t\t\t\t\t\t\t\tZapraszamy wszystkie dzieci i wnucz\u0119ta cz\u0142onk\u00f3w Podkarpackiej Okr\u0119gowej Izby In\u017cynier\u00f3w Budownictwa do udzia\u0142u w wyj\u0105tkowym konkursie plastycznym pt. \u201eKartka \u015bwi\u0105teczna Wielkanocna\u201d! To doskona\u0142a okazja, aby wyrazi\u0107 swoj\u0105 kreatywno\u015b\u0107 i uczci\u0107 radosne \u015bwi\u0119ta Wielkanocy. Prace powinny by\u0107 samodzielnie namalowane przez dzieci w wieku od 3 do 12 lat, a najlepsza z nich otrzyma nagrod\u0119 rzeczow\u0105! Nie przegapcie szansy na wspania\u0142\u0105 zabaw\u0119 i artystyczne wyzwanie. Szczeg\u00f3\u0142y dotycz\u0105ce wymaga\u0144 i terminu...\t\t\t\t\t\t\t<\/div>\n\t\t\t\t\t\t\t\t\t\t\t\t\t\t\t\t\t<\/div>\n\t\t\t\t\n\t\t\t\t        <div class=\"post-footer\">\n            <div class=\"post-footer\">\n                <div class=\"read-more\">\n\t\t\t\t\t<a data-id=\"3752\" href=\"https:\/\/inzynier.rzeszow.pl\/index.php\/2026\/02\/03\/konkurs-plastyczny-pt-kartka-swiateczna-wielkanocna-2026\/\" class=\"tpg-post-link\" target=\"_self\">Czytaj wi\u0119cej<\/a>                <\/div>\n            <\/div>\n        <\/div>\n\t\t\t\t\t<\/div>\n\t\t<\/div>\n\t<\/div>\n<\/div>\n\n<div class=\"rt-col-md-12 rt-col-sm-12 rt-col-xs-12 img_no_effect rt-list-item rt-grid-item\" data-id=\"1547\">\n\t<div class=\"rt-holder tpg-post-holder \">\n\t\t<div class=\"rt-detail rt-el-content-wrapper\">\n\t\t\t\t\t\t\t<div class=\"rt-img-holder tpg-el-image-wrap has-thumbnail\">\n\t\t\t\t\t<a data-id=\"1547\" href=\"https:\/\/inzynier.rzeszow.pl\/index.php\/2025\/12\/29\/rozstrzygniecie-konkursu-plastycznego-kartka-swiateczna-wielkanocna-2025-2\/\" class=\"tpg-post-link\" target=\"_self\">                        <img decoding=\"async\" src=\"https:\/\/inzynier.rzeszow.pl\/wp-content\/uploads\/2025\/12\/2025-04-11_Anna_kartka_wielkanoc_25-768x1086.jpg\"\n                             class=\"rt-img-responsive\"\n                             width=\"768\"\n                             height=\"1086\"\n                             alt=\"Rozstrzygni\u0119cie konkursu plastycznego Kartka \u015bwi\u0105teczna Wielkanocna &#8211; 2025\">\n\t\t\t\t\t\t\n\t\t\t\t\t\t\t\n\t\t<\/a>\n\t\t        <div class=\"overlay grid-hover-content\"><\/div>\n\t\t\t\t\t\t<\/div>\n\t\t\t\n\t\t\t<div class=\"post-right-content\">\n\t\t\t\t<div class=\"entry-title-wrapper\"><h3 class=\"entry-title\"><a data-id=\"1547\" href=\"https:\/\/inzynier.rzeszow.pl\/index.php\/2025\/12\/29\/rozstrzygniecie-konkursu-plastycznego-kartka-swiateczna-wielkanocna-2025-2\/\" class=\"tpg-post-link\" target=\"_self\">Rozstrzygni\u0119cie konkursu plastycznego Kartka \u015bwi\u0105teczna Wielkanocna &#8211; 2025<\/a><\/h3><\/div>\n\t\t\t\t\t\t\t\t\t<div class=\"post-meta-tags rt-el-post-meta\">\n\t\t\t\t\t\t            <span class='date'>\n\t\t\t\t<i class='far fa-calendar-alt '><\/i>\t\t\t\t                    <a href=\"https:\/\/inzynier.rzeszow.pl\/index.php\/2025\/12\/29\/\">\n\t\t\t\t\t29 grudnia, 2025\t\t\t\t<\/a>\n\t\t\t\t\t\t\t<\/span>\n\t\t\t\t\t\t\t\t<\/div>\n\t\t\t\t\n\t\t\t\t\t\t\t\t\t<div class=\"tpg-excerpt tpg-el-excerpt\">\n\t\t\t\t\t\t\t\t\t\t\t\t\t<div class=\"tpg-excerpt-inner\">\n\t\t\t\t\t\t\t\tZapraszamy wszystkie dzieci i wnucz\u0119ta cz\u0142onk\u00f3w Podkarpackiej Okr\u0119gowej Izby In\u017cynier\u00f3w Budownictwa do udzia\u0142u w tegorocznej edycji konkursu plastycznego pt. \u201eKartka \u015bwi\u0105teczna Wielkanocna \u2013 2025\u201d! To wspania\u0142a okazja, by rozwija\u0107 artystyczne pasje i wsp\u00f3lnie wprowadzi\u0107 si\u0119 w radosny klimat nadchodz\u0105cej Wielkanocy. Czekamy na prace wykonane samodzielnie przez m\u0142odych tw\u00f3rc\u00f3w w wieku od 3 do 12 lat, a na autora najpi\u0119kniejszego dzie\u0142a czeka atrakcyjna nagroda rzeczowa! Zach\u0119camy do kreatywnej...\t\t\t\t\t\t\t<\/div>\n\t\t\t\t\t\t\t\t\t\t\t\t\t\t\t\t\t<\/div>\n\t\t\t\t\n\t\t\t\t        <div class=\"post-footer\">\n            <div class=\"post-footer\">\n                <div class=\"read-more\">\n\t\t\t\t\t<a data-id=\"1547\" href=\"https:\/\/inzynier.rzeszow.pl\/index.php\/2025\/12\/29\/rozstrzygniecie-konkursu-plastycznego-kartka-swiateczna-wielkanocna-2025-2\/\" class=\"tpg-post-link\" target=\"_self\">Czytaj wi\u0119cej<\/a>                <\/div>\n            <\/div>\n        <\/div>\n\t\t\t\t\t<\/div>\n\t\t<\/div>\n\t<\/div>\n<\/div>\n            <\/div>\n\n\t\t\t\n        <\/div>\n\t\t\t\t\t\t<\/div>\n\t\t\t\t<\/div>\n\t\t\t\t\t<\/div>\n\t\t\t\t<\/div>\n\t\t<div class=\"elementor-element elementor-element-bb569af e-flex e-con-boxed e-con e-parent\" data-id=\"bb569af\" data-element_type=\"container\" data-e-type=\"container\">\n\t\t\t\t\t<div class=\"e-con-inner\">\n\t\t\t\t<div class=\"elementor-element elementor-element-1556553 elementor-widget elementor-widget-heading\" data-id=\"1556553\" data-element_type=\"widget\" data-e-type=\"widget\" data-widget_type=\"heading.default\">\n\t\t\t\t\t<h2 class=\"elementor-heading-title elementor-size-default\">Poprzednie edycje<\/h2>\t\t\t\t<\/div>\n\t\t\t\t<div class=\"elementor-element elementor-element-b713ae3 elementor-widget__width-inherit elementor-icon-list--layout-traditional elementor-list-item-link-full_width elementor-widget elementor-widget-icon-list\" data-id=\"b713ae3\" data-element_type=\"widget\" data-e-type=\"widget\" data-widget_type=\"icon-list.default\">\n\t\t\t\t\t\t\t<ul class=\"elementor-icon-list-items\">\n\t\t\t\t\t\t\t<li class=\"elementor-icon-list-item\">\n\t\t\t\t\t\t\t\t\t\t\t<a href=\"https:\/\/archiwalna.inzynier.rzeszow.pl\/index.php?&#038;sRC=N&#038;pageTarget=article&#038;AIndex=RKKWL_24&#038;menId=93&#038;mId=284&#038;sMId=629\" target=\"_blank\">\n\n\t\t\t\t\t\t\t\t\t\t\t\t<span class=\"elementor-icon-list-icon\">\n\t\t\t\t\t\t\t<svg aria-hidden=\"true\" class=\"e-font-icon-svg e-fas-arrow-circle-right\" viewBox=\"0 0 512 512\" xmlns=\"http:\/\/www.w3.org\/2000\/svg\"><path d=\"M256 8c137 0 248 111 248 248S393 504 256 504 8 393 8 256 119 8 256 8zm-28.9 143.6l75.5 72.4H120c-13.3 0-24 10.7-24 24v16c0 13.3 10.7 24 24 24h182.6l-75.5 72.4c-9.7 9.3-9.9 24.8-.4 34.3l11 10.9c9.4 9.4 24.6 9.4 33.9 0L404.3 273c9.4-9.4 9.4-24.6 0-33.9L271.6 106.3c-9.4-9.4-24.6-9.4-33.9 0l-11 10.9c-9.5 9.6-9.3 25.1.4 34.4z\"><\/path><\/svg>\t\t\t\t\t\t<\/span>\n\t\t\t\t\t\t\t\t\t\t<span class=\"elementor-icon-list-text\">Kartka \u015bwi\u0105teczna Wielkanocna - 2024<\/span>\n\t\t\t\t\t\t\t\t\t\t\t<\/a>\n\t\t\t\t\t\t\t\t\t<\/li>\n\t\t\t\t\t\t\t\t<li class=\"elementor-icon-list-item\">\n\t\t\t\t\t\t\t\t\t\t\t<a href=\"https:\/\/archiwalna.inzynier.rzeszow.pl\/index.php?&#038;sRC=N&#038;pageTarget=article&#038;AIndex=RKKWL_23&#038;menId=93&#038;mId=284&#038;sMId=557\" target=\"_blank\">\n\n\t\t\t\t\t\t\t\t\t\t\t\t<span class=\"elementor-icon-list-icon\">\n\t\t\t\t\t\t\t<svg aria-hidden=\"true\" class=\"e-font-icon-svg e-fas-arrow-circle-right\" viewBox=\"0 0 512 512\" xmlns=\"http:\/\/www.w3.org\/2000\/svg\"><path d=\"M256 8c137 0 248 111 248 248S393 504 256 504 8 393 8 256 119 8 256 8zm-28.9 143.6l75.5 72.4H120c-13.3 0-24 10.7-24 24v16c0 13.3 10.7 24 24 24h182.6l-75.5 72.4c-9.7 9.3-9.9 24.8-.4 34.3l11 10.9c9.4 9.4 24.6 9.4 33.9 0L404.3 273c9.4-9.4 9.4-24.6 0-33.9L271.6 106.3c-9.4-9.4-24.6-9.4-33.9 0l-11 10.9c-9.5 9.6-9.3 25.1.4 34.4z\"><\/path><\/svg>\t\t\t\t\t\t<\/span>\n\t\t\t\t\t\t\t\t\t\t<span class=\"elementor-icon-list-text\">Kartka \u015bwi\u0105teczna Wielkanocna - 2023<\/span>\n\t\t\t\t\t\t\t\t\t\t\t<\/a>\n\t\t\t\t\t\t\t\t\t<\/li>\n\t\t\t\t\t\t\t\t<li class=\"elementor-icon-list-item\">\n\t\t\t\t\t\t\t\t\t\t\t<a href=\"https:\/\/archiwalna.inzynier.rzeszow.pl\/index.php?&#038;sRC=N&#038;pageTarget=article&#038;AIndex=RKKWL_22&#038;menId=93&#038;mId=284&#038;sMId=503\" target=\"_blank\">\n\n\t\t\t\t\t\t\t\t\t\t\t\t<span class=\"elementor-icon-list-icon\">\n\t\t\t\t\t\t\t<svg aria-hidden=\"true\" class=\"e-font-icon-svg e-fas-arrow-circle-right\" viewBox=\"0 0 512 512\" xmlns=\"http:\/\/www.w3.org\/2000\/svg\"><path d=\"M256 8c137 0 248 111 248 248S393 504 256 504 8 393 8 256 119 8 256 8zm-28.9 143.6l75.5 72.4H120c-13.3 0-24 10.7-24 24v16c0 13.3 10.7 24 24 24h182.6l-75.5 72.4c-9.7 9.3-9.9 24.8-.4 34.3l11 10.9c9.4 9.4 24.6 9.4 33.9 0L404.3 273c9.4-9.4 9.4-24.6 0-33.9L271.6 106.3c-9.4-9.4-24.6-9.4-33.9 0l-11 10.9c-9.5 9.6-9.3 25.1.4 34.4z\"><\/path><\/svg>\t\t\t\t\t\t<\/span>\n\t\t\t\t\t\t\t\t\t\t<span class=\"elementor-icon-list-text\">Kartka \u015bwi\u0105teczna Wielkanocna - 2022<\/span>\n\t\t\t\t\t\t\t\t\t\t\t<\/a>\n\t\t\t\t\t\t\t\t\t<\/li>\n\t\t\t\t\t\t\t\t<li class=\"elementor-icon-list-item\">\n\t\t\t\t\t\t\t\t\t\t\t<a href=\"https:\/\/archiwalna.inzynier.rzeszow.pl\/index.php?&#038;sRC=N&#038;pageTarget=article&#038;AIndex=RKKWL_21&#038;menId=93&#038;mId=284&#038;sMId=467\" target=\"_blank\">\n\n\t\t\t\t\t\t\t\t\t\t\t\t<span class=\"elementor-icon-list-icon\">\n\t\t\t\t\t\t\t<svg aria-hidden=\"true\" class=\"e-font-icon-svg e-fas-arrow-circle-right\" viewBox=\"0 0 512 512\" xmlns=\"http:\/\/www.w3.org\/2000\/svg\"><path d=\"M256 8c137 0 248 111 248 248S393 504 256 504 8 393 8 256 119 8 256 8zm-28.9 143.6l75.5 72.4H120c-13.3 0-24 10.7-24 24v16c0 13.3 10.7 24 24 24h182.6l-75.5 72.4c-9.7 9.3-9.9 24.8-.4 34.3l11 10.9c9.4 9.4 24.6 9.4 33.9 0L404.3 273c9.4-9.4 9.4-24.6 0-33.9L271.6 106.3c-9.4-9.4-24.6-9.4-33.9 0l-11 10.9c-9.5 9.6-9.3 25.1.4 34.4z\"><\/path><\/svg>\t\t\t\t\t\t<\/span>\n\t\t\t\t\t\t\t\t\t\t<span class=\"elementor-icon-list-text\">Kartka \u015bwi\u0105teczna Wielkanocna - 2021<\/span>\n\t\t\t\t\t\t\t\t\t\t\t<\/a>\n\t\t\t\t\t\t\t\t\t<\/li>\n\t\t\t\t\t\t\t\t<li class=\"elementor-icon-list-item\">\n\t\t\t\t\t\t\t\t\t\t\t<a href=\"https:\/\/archiwalna.inzynier.rzeszow.pl\/index.php?&#038;sRC=N&#038;pageTarget=article&#038;AIndex=RKKWL_20&#038;menId=93&#038;mId=284&#038;sMId=445\" target=\"_blank\">\n\n\t\t\t\t\t\t\t\t\t\t\t\t<span class=\"elementor-icon-list-icon\">\n\t\t\t\t\t\t\t<svg aria-hidden=\"true\" class=\"e-font-icon-svg e-fas-arrow-circle-right\" viewBox=\"0 0 512 512\" xmlns=\"http:\/\/www.w3.org\/2000\/svg\"><path d=\"M256 8c137 0 248 111 248 248S393 504 256 504 8 393 8 256 119 8 256 8zm-28.9 143.6l75.5 72.4H120c-13.3 0-24 10.7-24 24v16c0 13.3 10.7 24 24 24h182.6l-75.5 72.4c-9.7 9.3-9.9 24.8-.4 34.3l11 10.9c9.4 9.4 24.6 9.4 33.9 0L404.3 273c9.4-9.4 9.4-24.6 0-33.9L271.6 106.3c-9.4-9.4-24.6-9.4-33.9 0l-11 10.9c-9.5 9.6-9.3 25.1.4 34.4z\"><\/path><\/svg>\t\t\t\t\t\t<\/span>\n\t\t\t\t\t\t\t\t\t\t<span class=\"elementor-icon-list-text\">Kartka \u015bwi\u0105teczna Wielkanocna - 2020<\/span>\n\t\t\t\t\t\t\t\t\t\t\t<\/a>\n\t\t\t\t\t\t\t\t\t<\/li>\n\t\t\t\t\t\t\t\t<li class=\"elementor-icon-list-item\">\n\t\t\t\t\t\t\t\t\t\t\t<a href=\"https:\/\/archiwalna.inzynier.rzeszow.pl\/index.php?&#038;sRC=N&#038;pageTarget=article&#038;AIndex=RKKWL_19&#038;menId=93&#038;mId=284&#038;sMId=402\" target=\"_blank\">\n\n\t\t\t\t\t\t\t\t\t\t\t\t<span class=\"elementor-icon-list-icon\">\n\t\t\t\t\t\t\t<svg aria-hidden=\"true\" class=\"e-font-icon-svg e-fas-arrow-circle-right\" viewBox=\"0 0 512 512\" xmlns=\"http:\/\/www.w3.org\/2000\/svg\"><path d=\"M256 8c137 0 248 111 248 248S393 504 256 504 8 393 8 256 119 8 256 8zm-28.9 143.6l75.5 72.4H120c-13.3 0-24 10.7-24 24v16c0 13.3 10.7 24 24 24h182.6l-75.5 72.4c-9.7 9.3-9.9 24.8-.4 34.3l11 10.9c9.4 9.4 24.6 9.4 33.9 0L404.3 273c9.4-9.4 9.4-24.6 0-33.9L271.6 106.3c-9.4-9.4-24.6-9.4-33.9 0l-11 10.9c-9.5 9.6-9.3 25.1.4 34.4z\"><\/path><\/svg>\t\t\t\t\t\t<\/span>\n\t\t\t\t\t\t\t\t\t\t<span class=\"elementor-icon-list-text\">Kartka \u015bwi\u0105teczna Wielkanocna - 2019<\/span>\n\t\t\t\t\t\t\t\t\t\t\t<\/a>\n\t\t\t\t\t\t\t\t\t<\/li>\n\t\t\t\t\t\t<\/ul>\n\t\t\t\t\t\t<\/div>\n\t\t\t\t\t<\/div>\n\t\t\t\t<\/div>\n\t\t\t\t<\/div>\n\t\t","protected":false},"excerpt":{"rendered":"<p>Kartka \u015bwi\u0105teczna Wielkanocna Strona g\u0142\u00f3wna \/ Konkursy, Wydarzenia \u00a0\/ Kartka \u015bwi\u0105teczna Wielkanocna Konkurs plastyczny pt. Kartka \u015bwi\u0105teczna Wielkanocna &#8211; 2026 [&hellip;]<\/p>\n","protected":false},"author":1,"featured_media":0,"parent":0,"menu_order":0,"comment_status":"closed","ping_status":"closed","template":"","meta":{"site-sidebar-layout":"no-sidebar","site-content-layout":"","ast-site-content-layout":"full-width-container","site-content-style":"default","site-sidebar-style":"default","ast-global-header-display":"","ast-banner-title-visibility":"","ast-main-header-display":"","ast-hfb-above-header-display":"","ast-hfb-below-header-display":"","ast-hfb-mobile-header-display":"","site-post-title":"disabled","ast-breadcrumbs-content":"","ast-featured-img":"disabled","footer-sml-layout":"","ast-disable-related-posts":"","theme-transparent-header-meta":"","adv-header-id-meta":"","stick-header-meta":"","header-above-stick-meta":"","header-main-stick-meta":"","header-below-stick-meta":"","astra-migrate-meta-layouts":"default","ast-page-background-enabled":"default","ast-page-background-meta":{"desktop":{"background-color":"var(--ast-global-color-5)","background-image":"","background-repeat":"repeat","background-position":"center center","background-size":"auto","background-attachment":"scroll","background-type":"","background-media":"","overlay-type":"","overlay-color":"","overlay-opacity":"","overlay-gradient":""},"tablet":{"background-color":"","background-image":"","background-repeat":"repeat","background-position":"center center","background-size":"auto","background-attachment":"scroll","background-type":"","background-media":"","overlay-type":"","overlay-color":"","overlay-opacity":"","overlay-gradient":""},"mobile":{"background-color":"","background-image":"","background-repeat":"repeat","background-position":"center center","background-size":"auto","background-attachment":"scroll","background-type":"","background-media":"","overlay-type":"","overlay-color":"","overlay-opacity":"","overlay-gradient":""}},"ast-content-background-meta":{"desktop":{"background-color":"var(--ast-global-color-4)","background-image":"","background-repeat":"repeat","background-position":"center center","background-size":"auto","background-attachment":"scroll","background-type":"","background-media":"","overlay-type":"","overlay-color":"","overlay-opacity":"","overlay-gradient":""},"tablet":{"background-color":"var(--ast-global-color-4)","background-image":"","background-repeat":"repeat","background-position":"center center","background-size":"auto","background-attachment":"scroll","background-type":"","background-media":"","overlay-type":"","overlay-color":"","overlay-opacity":"","overlay-gradient":""},"mobile":{"background-color":"var(--ast-global-color-4)","background-image":"","background-repeat":"repeat","background-position":"center center","background-size":"auto","background-attachment":"scroll","background-type":"","background-media":"","overlay-type":"","overlay-color":"","overlay-opacity":"","overlay-gradient":""}},"footnotes":""},"class_list":["post-1809","page","type-page","status-publish","hentry"],"yoast_head":"<!-- This site is optimized with the Yoast SEO plugin v27.5 - https:\/\/yoast.com\/product\/yoast-seo-wordpress\/ -->\n<title>Kartka \u015bwi\u0105teczna Wielkanocna - Podkarpacka Okregowa Izba Inzynierow Budownictwa<\/title>\n<meta name=\"description\" content=\"Kartka wielkanocna PDK OIIB \u2013 \u017cyczenia i projekty \u015bwi\u0105teczne przygotowane przez Podkarpack\u0105 Okr\u0119gow\u0105 Izb\u0119 In\u017cynier\u00f3w Budownictwa.\" \/>\n<meta name=\"robots\" content=\"index, follow, max-snippet:-1, max-image-preview:large, max-video-preview:-1\" \/>\n<link rel=\"canonical\" href=\"https:\/\/inzynier.rzeszow.pl\/index.php\/kartka-swiateczna-wielkanocna\/\" \/>\n<meta property=\"og:locale\" content=\"pl_PL\" \/>\n<meta property=\"og:type\" content=\"article\" \/>\n<meta property=\"og:title\" content=\"Kartka \u015bwi\u0105teczna Wielkanocna - Podkarpacka Okregowa Izba Inzynierow Budownictwa\" \/>\n<meta property=\"og:description\" content=\"Kartka wielkanocna PDK OIIB \u2013 \u017cyczenia i projekty \u015bwi\u0105teczne przygotowane przez Podkarpack\u0105 Okr\u0119gow\u0105 Izb\u0119 In\u017cynier\u00f3w Budownictwa.\" \/>\n<meta property=\"og:url\" content=\"https:\/\/inzynier.rzeszow.pl\/index.php\/kartka-swiateczna-wielkanocna\/\" \/>\n<meta property=\"og:site_name\" content=\"Podkarpacka Okregowa Izba Inzynierow Budownictwa\" \/>\n<meta property=\"article:modified_time\" content=\"2026-03-15T12:23:25+00:00\" \/>\n<meta property=\"og:image\" content=\"https:\/\/inzynier.rzeszow.pl\/wp-content\/uploads\/2026\/02\/obraz_2026-02-04_114235328-768x512.png\" \/>\n<meta name=\"twitter:card\" content=\"summary_large_image\" \/>\n<meta name=\"twitter:label1\" content=\"Szacowany czas czytania\" \/>\n\t<meta name=\"twitter:data1\" content=\"2 minuty\" \/>\n<script type=\"application\/ld+json\" class=\"yoast-schema-graph\">{\"@context\":\"https:\\\/\\\/schema.org\",\"@graph\":[{\"@type\":\"WebPage\",\"@id\":\"https:\\\/\\\/inzynier.rzeszow.pl\\\/index.php\\\/kartka-swiateczna-wielkanocna\\\/\",\"url\":\"https:\\\/\\\/inzynier.rzeszow.pl\\\/index.php\\\/kartka-swiateczna-wielkanocna\\\/\",\"name\":\"Kartka \u015bwi\u0105teczna Wielkanocna - Podkarpacka Okregowa Izba Inzynierow Budownictwa\",\"isPartOf\":{\"@id\":\"https:\\\/\\\/inzynier.rzeszow.pl\\\/#website\"},\"primaryImageOfPage\":{\"@id\":\"https:\\\/\\\/inzynier.rzeszow.pl\\\/index.php\\\/kartka-swiateczna-wielkanocna\\\/#primaryimage\"},\"image\":{\"@id\":\"https:\\\/\\\/inzynier.rzeszow.pl\\\/index.php\\\/kartka-swiateczna-wielkanocna\\\/#primaryimage\"},\"thumbnailUrl\":\"https:\\\/\\\/inzynier.rzeszow.pl\\\/wp-content\\\/uploads\\\/2026\\\/02\\\/obraz_2026-02-04_114235328-768x512.png\",\"datePublished\":\"2025-12-29T15:26:37+00:00\",\"dateModified\":\"2026-03-15T12:23:25+00:00\",\"description\":\"Kartka wielkanocna PDK OIIB \u2013 \u017cyczenia i projekty \u015bwi\u0105teczne przygotowane przez Podkarpack\u0105 Okr\u0119gow\u0105 Izb\u0119 In\u017cynier\u00f3w Budownictwa.\",\"breadcrumb\":{\"@id\":\"https:\\\/\\\/inzynier.rzeszow.pl\\\/index.php\\\/kartka-swiateczna-wielkanocna\\\/#breadcrumb\"},\"inLanguage\":\"pl-PL\",\"potentialAction\":[{\"@type\":\"ReadAction\",\"target\":[\"https:\\\/\\\/inzynier.rzeszow.pl\\\/index.php\\\/kartka-swiateczna-wielkanocna\\\/\"]}]},{\"@type\":\"ImageObject\",\"inLanguage\":\"pl-PL\",\"@id\":\"https:\\\/\\\/inzynier.rzeszow.pl\\\/index.php\\\/kartka-swiateczna-wielkanocna\\\/#primaryimage\",\"url\":\"https:\\\/\\\/inzynier.rzeszow.pl\\\/wp-content\\\/uploads\\\/2026\\\/02\\\/obraz_2026-02-04_114235328.png\",\"contentUrl\":\"https:\\\/\\\/inzynier.rzeszow.pl\\\/wp-content\\\/uploads\\\/2026\\\/02\\\/obraz_2026-02-04_114235328.png\",\"width\":1200,\"height\":800},{\"@type\":\"BreadcrumbList\",\"@id\":\"https:\\\/\\\/inzynier.rzeszow.pl\\\/index.php\\\/kartka-swiateczna-wielkanocna\\\/#breadcrumb\",\"itemListElement\":[{\"@type\":\"ListItem\",\"position\":1,\"name\":\"Strona g\u0142\u00f3wna\",\"item\":\"https:\\\/\\\/inzynier.rzeszow.pl\\\/\"},{\"@type\":\"ListItem\",\"position\":2,\"name\":\"Kartka \u015bwi\u0105teczna Wielkanocna\"}]},{\"@type\":\"WebSite\",\"@id\":\"https:\\\/\\\/inzynier.rzeszow.pl\\\/#website\",\"url\":\"https:\\\/\\\/inzynier.rzeszow.pl\\\/\",\"name\":\"Podkarpacka Okregowa Izba Inzynierow Budownictwa\",\"description\":\"\",\"potentialAction\":[{\"@type\":\"SearchAction\",\"target\":{\"@type\":\"EntryPoint\",\"urlTemplate\":\"https:\\\/\\\/inzynier.rzeszow.pl\\\/?s={search_term_string}\"},\"query-input\":{\"@type\":\"PropertyValueSpecification\",\"valueRequired\":true,\"valueName\":\"search_term_string\"}}],\"inLanguage\":\"pl-PL\"}]}<\/script>\n<!-- \/ Yoast SEO plugin. -->","yoast_head_json":{"title":"Kartka \u015bwi\u0105teczna Wielkanocna - Podkarpacka Okregowa Izba Inzynierow Budownictwa","description":"Kartka wielkanocna PDK OIIB \u2013 \u017cyczenia i projekty \u015bwi\u0105teczne przygotowane przez Podkarpack\u0105 Okr\u0119gow\u0105 Izb\u0119 In\u017cynier\u00f3w Budownictwa.","robots":{"index":"index","follow":"follow","max-snippet":"max-snippet:-1","max-image-preview":"max-image-preview:large","max-video-preview":"max-video-preview:-1"},"canonical":"https:\/\/inzynier.rzeszow.pl\/index.php\/kartka-swiateczna-wielkanocna\/","og_locale":"pl_PL","og_type":"article","og_title":"Kartka \u015bwi\u0105teczna Wielkanocna - Podkarpacka Okregowa Izba Inzynierow Budownictwa","og_description":"Kartka wielkanocna PDK OIIB \u2013 \u017cyczenia i projekty \u015bwi\u0105teczne przygotowane przez Podkarpack\u0105 Okr\u0119gow\u0105 Izb\u0119 In\u017cynier\u00f3w Budownictwa.","og_url":"https:\/\/inzynier.rzeszow.pl\/index.php\/kartka-swiateczna-wielkanocna\/","og_site_name":"Podkarpacka Okregowa Izba Inzynierow Budownictwa","article_modified_time":"2026-03-15T12:23:25+00:00","og_image":[{"url":"https:\/\/inzynier.rzeszow.pl\/wp-content\/uploads\/2026\/02\/obraz_2026-02-04_114235328-768x512.png","type":"","width":"","height":""}],"twitter_card":"summary_large_image","twitter_misc":{"Szacowany czas czytania":"2 minuty"},"schema":{"@context":"https:\/\/schema.org","@graph":[{"@type":"WebPage","@id":"https:\/\/inzynier.rzeszow.pl\/index.php\/kartka-swiateczna-wielkanocna\/","url":"https:\/\/inzynier.rzeszow.pl\/index.php\/kartka-swiateczna-wielkanocna\/","name":"Kartka \u015bwi\u0105teczna Wielkanocna - Podkarpacka Okregowa Izba Inzynierow Budownictwa","isPartOf":{"@id":"https:\/\/inzynier.rzeszow.pl\/#website"},"primaryImageOfPage":{"@id":"https:\/\/inzynier.rzeszow.pl\/index.php\/kartka-swiateczna-wielkanocna\/#primaryimage"},"image":{"@id":"https:\/\/inzynier.rzeszow.pl\/index.php\/kartka-swiateczna-wielkanocna\/#primaryimage"},"thumbnailUrl":"https:\/\/inzynier.rzeszow.pl\/wp-content\/uploads\/2026\/02\/obraz_2026-02-04_114235328-768x512.png","datePublished":"2025-12-29T15:26:37+00:00","dateModified":"2026-03-15T12:23:25+00:00","description":"Kartka wielkanocna PDK OIIB \u2013 \u017cyczenia i projekty \u015bwi\u0105teczne przygotowane przez Podkarpack\u0105 Okr\u0119gow\u0105 Izb\u0119 In\u017cynier\u00f3w Budownictwa.","breadcrumb":{"@id":"https:\/\/inzynier.rzeszow.pl\/index.php\/kartka-swiateczna-wielkanocna\/#breadcrumb"},"inLanguage":"pl-PL","potentialAction":[{"@type":"ReadAction","target":["https:\/\/inzynier.rzeszow.pl\/index.php\/kartka-swiateczna-wielkanocna\/"]}]},{"@type":"ImageObject","inLanguage":"pl-PL","@id":"https:\/\/inzynier.rzeszow.pl\/index.php\/kartka-swiateczna-wielkanocna\/#primaryimage","url":"https:\/\/inzynier.rzeszow.pl\/wp-content\/uploads\/2026\/02\/obraz_2026-02-04_114235328.png","contentUrl":"https:\/\/inzynier.rzeszow.pl\/wp-content\/uploads\/2026\/02\/obraz_2026-02-04_114235328.png","width":1200,"height":800},{"@type":"BreadcrumbList","@id":"https:\/\/inzynier.rzeszow.pl\/index.php\/kartka-swiateczna-wielkanocna\/#breadcrumb","itemListElement":[{"@type":"ListItem","position":1,"name":"Strona g\u0142\u00f3wna","item":"https:\/\/inzynier.rzeszow.pl\/"},{"@type":"ListItem","position":2,"name":"Kartka \u015bwi\u0105teczna Wielkanocna"}]},{"@type":"WebSite","@id":"https:\/\/inzynier.rzeszow.pl\/#website","url":"https:\/\/inzynier.rzeszow.pl\/","name":"Podkarpacka Okregowa Izba Inzynierow Budownictwa","description":"","potentialAction":[{"@type":"SearchAction","target":{"@type":"EntryPoint","urlTemplate":"https:\/\/inzynier.rzeszow.pl\/?s={search_term_string}"},"query-input":{"@type":"PropertyValueSpecification","valueRequired":true,"valueName":"search_term_string"}}],"inLanguage":"pl-PL"}]}},"rttpg_featured_image_url":null,"rttpg_author":{"display_name":"admin","author_link":"https:\/\/inzynier.rzeszow.pl\/index.php\/author\/kwojcik\/"},"rttpg_comment":0,"rttpg_category":"","rttpg_excerpt":"Kartka \u015bwi\u0105teczna Wielkanocna Strona g\u0142\u00f3wna \/ Konkursy, Wydarzenia \u00a0\/ Kartka \u015bwi\u0105teczna Wielkanocna Konkurs plastyczny pt. Kartka \u015bwi\u0105teczna Wielkanocna &#8211; 2026 [&hellip;]","_links":{"self":[{"href":"https:\/\/inzynier.rzeszow.pl\/index.php\/wp-json\/wp\/v2\/pages\/1809","targetHints":{"allow":["GET"]}}],"collection":[{"href":"https:\/\/inzynier.rzeszow.pl\/index.php\/wp-json\/wp\/v2\/pages"}],"about":[{"href":"https:\/\/inzynier.rzeszow.pl\/index.php\/wp-json\/wp\/v2\/types\/page"}],"author":[{"embeddable":true,"href":"https:\/\/inzynier.rzeszow.pl\/index.php\/wp-json\/wp\/v2\/users\/1"}],"replies":[{"embeddable":true,"href":"https:\/\/inzynier.rzeszow.pl\/index.php\/wp-json\/wp\/v2\/comments?post=1809"}],"version-history":[{"count":28,"href":"https:\/\/inzynier.rzeszow.pl\/index.php\/wp-json\/wp\/v2\/pages\/1809\/revisions"}],"predecessor-version":[{"id":6625,"href":"https:\/\/inzynier.rzeszow.pl\/index.php\/wp-json\/wp\/v2\/pages\/1809\/revisions\/6625"}],"wp:attachment":[{"href":"https:\/\/inzynier.rzeszow.pl\/index.php\/wp-json\/wp\/v2\/media?parent=1809"}],"curies":[{"name":"wp","href":"https:\/\/api.w.org\/{rel}","templated":true}]}}