{"id":1475,"date":"2025-12-27T15:04:24","date_gmt":"2025-12-27T15:04:24","guid":{"rendered":"https:\/\/migracja.inzynier.rzeszow.pl\/?page_id=1475"},"modified":"2026-03-15T09:58:44","modified_gmt":"2026-03-15T08:58:44","slug":"organy-pdk-oiib-kadencji-2018-2022","status":"publish","type":"page","link":"https:\/\/inzynier.rzeszow.pl\/index.php\/organy-pdk-oiib-kadencji-2018-2022\/","title":{"rendered":"Organy PDK OIIB kadencji 2018 &#8211; 2022"},"content":{"rendered":"\t\t<div data-elementor-type=\"wp-page\" data-elementor-id=\"1475\" class=\"elementor elementor-1475\" data-elementor-post-type=\"page\">\n\t\t\t\t<div class=\"elementor-element elementor-element-c6ddcf0 e-flex e-con-boxed e-con e-parent\" data-id=\"c6ddcf0\" data-element_type=\"container\" data-e-type=\"container\" data-settings=\"{&quot;background_background&quot;:&quot;classic&quot;}\">\n\t\t\t\t\t<div class=\"e-con-inner\">\n\t\t<div class=\"elementor-element elementor-element-f90288b e-con-full e-flex e-con e-child\" data-id=\"f90288b\" data-element_type=\"container\" data-e-type=\"container\" data-settings=\"{&quot;background_background&quot;:&quot;classic&quot;}\">\n\t\t\t\t<div class=\"elementor-element elementor-element-63fce6b elementor-widget elementor-widget-heading\" data-id=\"63fce6b\" data-element_type=\"widget\" data-e-type=\"widget\" data-widget_type=\"heading.default\">\n\t\t\t\t\t<h1 class=\"elementor-heading-title elementor-size-default\">Organy PDK OIIB kadencji 2018 - 2022<\/h1>\t\t\t\t<\/div>\n\t\t\t\t<\/div>\n\t\t\t\t\t<\/div>\n\t\t\t\t<\/div>\n\t\t<div class=\"elementor-element elementor-element-b79ae22 e-flex e-con-boxed e-con e-parent\" data-id=\"b79ae22\" data-element_type=\"container\" data-e-type=\"container\">\n\t\t\t\t\t<div class=\"e-con-inner\">\n\t\t\t\t<div class=\"elementor-element elementor-element-7249e99 elementor-widget elementor-widget-text-editor\" data-id=\"7249e99\" data-element_type=\"widget\" data-e-type=\"widget\" data-widget_type=\"text-editor.default\">\n\t\t\t\t\t\t\t\t\t<p><a href=\"https:\/\/inzynier.rzeszow.pl\">Strona g\u0142\u00f3wna <\/a>\/ <a href=\"https:\/\/inzynier.rzeszow.pl\/index.php\/z-zycia-izby\/\">Z \u017cycia izby<\/a>\/ <a href=\"https:\/\/inzynier.rzeszow.pl\/index.php\/historia-izby\/\">Historia izby<\/a> \/ <a href=\"https:\/\/inzynier.rzeszow.pl\/index.php\/organy-pdk-oiib-kadencji-2018-2022\/\">Organy PDK OIIB kadencji 2018 &#8211; 2022<\/a><\/p>\t\t\t\t\t\t\t\t<\/div>\n\t\t\t\t\t<\/div>\n\t\t\t\t<\/div>\n\t\t<div class=\"elementor-element elementor-element-1dbc481 e-flex e-con-boxed e-con e-parent\" data-id=\"1dbc481\" data-element_type=\"container\" data-e-type=\"container\">\n\t\t\t\t\t<div class=\"e-con-inner\">\n\t\t<div class=\"elementor-element elementor-element-caacace e-con-full e-flex e-con e-child\" data-id=\"caacace\" data-element_type=\"container\" data-e-type=\"container\" data-settings=\"{&quot;background_background&quot;:&quot;classic&quot;}\">\n\t\t\t\t<div class=\"elementor-element elementor-element-66c1a76 elementor-widget__width-initial elementor-widget elementor-widget-heading\" data-id=\"66c1a76\" data-element_type=\"widget\" data-e-type=\"widget\" data-widget_type=\"heading.default\">\n\t\t\t\t\t<h1 class=\"elementor-heading-title elementor-size-default\">Delegaci na Zjazdy Podkarpackiej Okr\u0119gowej Izby In\u017cynier\u00f3w Budownictwa w kadencji 2018-2022<\/h1>\t\t\t\t<\/div>\n\t\t\t\t<\/div>\n\t\t\t\t\t<\/div>\n\t\t\t\t<\/div>\n\t\t<div class=\"elementor-element elementor-element-f000837 e-flex e-con-boxed e-con e-parent\" data-id=\"f000837\" data-element_type=\"container\" data-e-type=\"container\">\n\t\t\t\t\t<div class=\"e-con-inner\">\n\t\t<div class=\"elementor-element elementor-element-79258f0 e-con-full e-flex e-con e-child\" data-id=\"79258f0\" data-element_type=\"container\" data-e-type=\"container\">\n\t\t\t\t<div class=\"elementor-element elementor-element-28f4914 elementor-widget__width-initial elementor-widget elementor-widget-text-editor\" data-id=\"28f4914\" data-element_type=\"widget\" data-e-type=\"widget\" data-widget_type=\"text-editor.default\">\n\t\t\t\t\t\t\t\t\t<p>1. \u0141ukasz Chlebu\u015b (*) \/BM\/<br \/>2. Edward Kruk \/BO\/<br \/>3. Jan Micha\u0142 Niemiec \/BK\/<br \/>4. Bogdan Skupie\u0144 \/BO\/<br \/>5. Jerzy Mi\u0105so \/IS\/<br \/>6. Ma\u0142gorzata Anna Michalska -Bochnak \/BO\/<br \/>7. Andrzej Panek \/IS\/<br \/>8. \u0141ukasz Marek Amanowicz \/BO\/<br \/>9. Grzegorz Bajorek \/BO\/<br \/>10. Wies\u0142aw Baran \/BO\/<br \/>11. Wies\u0142aw Bia\u0142orucki \/BO\/<br \/>12. Wojciech Bieda \/IE\/<br \/>13. Krzysztof Borek \/BO\/<br \/>14. Maria Darowska-Anusik \/IE\/<br \/>15. Przemys\u0142aw Duma\u0144ski \/BD\/<br \/>16. Witold Duszlak \/IS\/<br \/>17. Jan Fara \/BO\/<br \/>18. Renata Gancarczyk \/IS\/<br \/>19. Danuta Goszczy\u0144ska-Wojtas \/IS\/<br \/>20. Jacek Adam Jarz\u0105b \/BO\/<br \/>21. Wac\u0142aw Kami\u0144ski \/BO\/<br \/>22. Marcin Kaniuczak \/BO\/<br \/>23. Edward Kocur \/IS\/<br \/>24. Ewa Krzyszto\u0144 \/BO\/<br \/>25. Piotr Adam Kuczmenda \/IS\/<br \/>26. Daniel Kura\u015b \/BO\/<br \/>27. Marcin Maksymilian Ku\u017ama \/IS\/<br \/>28. El\u017cbieta \u0141ado\u015b \/IS\/<br \/>29. Marek \u0141osiewicz (***) \/BO\/<br \/>30. Agata Majka \/BO\/<br \/>31. Tomasz Adam Mazur \/IS\/<br \/>32. Andrzej Nowor\u00f3l \/IS\/<br \/>33. Grzegorz O\u017c\u00f3g \/BO\/<br \/>34. Boles\u0142aw Pa\u0142ac \/IE\/<br \/>35. Aleksander P\u0119kala \/IE\/<br \/>36. Zdzis\u0142aw Pisarek \/BO\/<br \/>37. Zbigniew Plewako \/BO\/<br \/>38. Marcin Zenon Pra\u017cmowski \/BO\/<br \/>39. Artur Sitarz \/BO\/<br \/>40. Zygmunt Sobczyk \/BO\/<br \/>41. Bogdan Stec \/BO\/<br \/>42. Bogumi\u0142 Surmiak \/BO\/<br \/>43. Bogus\u0142aw Szlachta \/IE\/<br \/>44. J\u00f3zef \u015al\u0105czka \/BO\/<br \/>45. Iwona Patrycja Warzybok \/IS\/<br \/>46. Tomasz Bo\u017cydar Wi\u0119cek \/IS\/<br \/>47. Piotr Wilk \/BO\/<br \/>48. Andrzej W\u00f3jcik \/BO\/<br \/>49. Krystyna Wr\u00f3bel \/BO\/<br \/>50. \u0141ukasz Piotr Ze\u0144ko \/IS\/<br \/>51. Jerzy Lewi\u0144ski \/IE\/<br \/>52. Arkadiusz Menio \/IS\/<br \/>53. Robert Milczanowski \/BO\/<br \/>54. Andrzej Ostrowski \/BO\/<br \/>55. Jaros\u0142aw Suchora \/BO\/<br \/>56. Grzegorz Dubik \/BO\/<br \/>57. Leszek Piotr Gazda \/BO\/<br \/>58. Andrzej G\u0142\u0105b \/BO\/<br \/>59. Edyta Korkosz -Fus \/IS\/<br \/>60. El\u017cbieta Kosior \/IS\/<br \/>61. Andrzej Tarczy\u0144ski \/IS\/<br \/>62. Edmund G\u0105tarski \/BO\/<br \/>63. Mieczys\u0142aw R\u0105czka (***) \/BO\/<br \/>64. Grzegorz Sarna \/BO\/<br \/>65. Pawe\u0142 Jan Dul \/BD\/<br \/>66. Tadeusz Dusak \/BO\/<br \/>67. Ireneusz Dyrda \/IS\/<br \/>68. Jacek Foc \/BO\/<br \/>69. Anna Joanna Malinowska \/IS\/<br \/>70. Wojciech Rawski \/BO\/<\/p>\t\t\t\t\t\t\t\t<\/div>\n\t\t\t\t<\/div>\n\t\t\t\t<div class=\"elementor-element elementor-element-87292da elementor-widget elementor-widget-text-editor\" data-id=\"87292da\" data-element_type=\"widget\" data-e-type=\"widget\" data-widget_type=\"text-editor.default\">\n\t\t\t\t\t\t\t\t\t<p>71. \u0141ukasz Chlebu\u015b (*) \/BM\/<br \/>72. Edward Kruk \/BO\/<br \/>73. Jan Micha\u0142 Niemiec \/BK\/<br \/>74. Bogdan Skupie\u0144 \/BO\/<br \/>75. Jerzy Mi\u0105so \/IS\/<br \/>76. Ma\u0142gorzata Anna Michalska -Bochnak \/BO\/<br \/>77. Andrzej Panek \/IS\/<br \/>78. \u0141ukasz Marek Amanowicz \/BO\/<br \/>79. Grzegorz Bajorek \/BO\/<br \/>80. Wies\u0142aw Baran \/BO\/<br \/>81. Wies\u0142aw Bia\u0142orucki \/BO\/<br \/>82. Wojciech Bieda \/IE\/<br \/>83. Krzysztof Borek \/BO\/<br \/>84. Maria Darowska-Anusik \/IE\/<br \/>85. Przemys\u0142aw Duma\u0144ski \/BD\/<br \/>86. Witold Duszlak \/IS\/<br \/>87. Jan Fara \/BO\/<br \/>88. Renata Gancarczyk \/IS\/<br \/>89. Danuta Goszczy\u0144ska-Wojtas \/IS\/<br \/>90. Jacek Adam Jarz\u0105b \/BO\/<br \/>91. Wac\u0142aw Kami\u0144ski \/BO\/<br \/>92. Marcin Kaniuczak \/BO\/<br \/>93. Edward Kocur \/IS\/<br \/>94. Ewa Krzyszto\u0144 \/BO\/<br \/>95. Piotr Adam Kuczmenda \/IS\/<br \/>96. Daniel Kura\u015b \/BO\/<br \/>97. Marcin Maksymilian Ku\u017ama \/IS\/<br \/>98. El\u017cbieta \u0141ado\u015b \/IS\/<br \/>99. Marek \u0141osiewicz (***) \/BO\/<br \/>100. Agata Majka \/BO\/<br \/>101. Tomasz Adam Mazur \/IS\/<br \/>102. Andrzej Nowor\u00f3l \/IS\/<br \/>103. Grzegorz O\u017c\u00f3g \/BO\/<br \/>104. Boles\u0142aw Pa\u0142ac \/IE\/<br \/>105. Aleksander P\u0119kala \/IE\/<br \/>106. Zdzis\u0142aw Pisarek \/BO\/<br \/>107. Zbigniew Plewako \/BO\/<br \/>108. Marcin Zenon Pra\u017cmowski \/BO\/<br \/>109. Artur Sitarz \/BO\/<br \/>110. Zygmunt Sobczyk \/BO\/<br \/>111. Bogdan Stec \/BO\/<br \/>112. Bogumi\u0142 Surmiak \/BO\/<br \/>113. Bogus\u0142aw Szlachta \/IE\/<br \/>114. J\u00f3zef \u015al\u0105czka \/BO\/<br \/>115. Iwona Patrycja Warzybok \/IS\/<br \/>116. Tomasz Bo\u017cydar Wi\u0119cek \/IS\/<br \/>117. Piotr Wilk \/BO\/<br \/>118. Andrzej W\u00f3jcik \/BO\/<br \/>119. Krystyna Wr\u00f3bel \/BO\/<br \/>120. \u0141ukasz Piotr Ze\u0144ko \/IS\/<br \/>121. Jerzy Lewi\u0144ski \/IE\/<br \/>122. Arkadiusz Menio \/IS\/<br \/>123. Robert Milczanowski \/BO\/<br \/>124. Andrzej Ostrowski \/BO\/<br \/>125. Jaros\u0142aw Suchora \/BO\/<br \/>126. Grzegorz Dubik \/BO\/<br \/>127. Leszek Piotr Gazda \/BO\/<br \/>128. Andrzej G\u0142\u0105b \/BO\/<br \/>129. Edyta Korkosz -Fus \/IS\/<br \/>130. El\u017cbieta Kosior \/IS\/<br \/>131. Andrzej Tarczy\u0144ski \/IS\/<br \/>132. Edmund G\u0105tarski \/BO\/<br \/>133. Mieczys\u0142aw R\u0105czka (***) \/BO\/<br \/>134. Grzegorz Sarna \/BO\/<br \/>135. Pawe\u0142 Jan Dul \/BD\/<br \/>136. Tadeusz Dusak \/BO\/<br \/>137. Ireneusz Dyrda \/IS\/<br \/>138. Jacek Foc \/BO\/<br \/>139. Anna Joanna Malinowska \/IS\/<br \/>140. Wojciech Rawski \/BO\/<\/p>\t\t\t\t\t\t\t\t<\/div>\n\t\t\t\t\t<\/div>\n\t\t\t\t<\/div>\n\t\t<div class=\"elementor-element elementor-element-efe04f7 e-flex e-con-boxed e-con e-parent\" data-id=\"efe04f7\" data-element_type=\"container\" data-e-type=\"container\">\n\t\t\t\t\t<div class=\"e-con-inner\">\n\t\t\t\t<div class=\"elementor-element elementor-element-197dde1 elementor-widget elementor-widget-text-editor\" data-id=\"197dde1\" data-element_type=\"widget\" data-e-type=\"widget\" data-widget_type=\"text-editor.default\">\n\t\t\t\t\t\t\t\t\t<table border=\"0\"><tbody><tr><td>*) zawieszony na \u017cyczenie<br \/>**) 18.03.2019 r. &#8211; skre\u015blony, zmar\u0142<br \/>***) 17.06.2019 r. &#8211; skre\u015blony, zmar\u0142<\/td><\/tr><\/tbody><\/table>\t\t\t\t\t\t\t\t<\/div>\n\t\t\t\t\t<\/div>\n\t\t\t\t<\/div>\n\t\t<div class=\"elementor-element elementor-element-01e904d e-flex e-con-boxed e-con e-parent\" data-id=\"01e904d\" data-element_type=\"container\" data-e-type=\"container\">\n\t\t\t\t\t<div class=\"e-con-inner\">\n\t\t<div class=\"elementor-element elementor-element-2922b82 e-con-full e-flex e-con e-child\" data-id=\"2922b82\" data-element_type=\"container\" data-e-type=\"container\" data-settings=\"{&quot;background_background&quot;:&quot;classic&quot;}\">\n\t\t\t\t<div class=\"elementor-element elementor-element-7361ccb elementor-widget__width-initial elementor-widget elementor-widget-heading\" data-id=\"7361ccb\" data-element_type=\"widget\" data-e-type=\"widget\" data-widget_type=\"heading.default\">\n\t\t\t\t\t<h1 class=\"elementor-heading-title elementor-size-default\">Rada PDK OIIB<\/h1>\t\t\t\t<\/div>\n\t\t\t\t<\/div>\n\t\t\t\t\t<\/div>\n\t\t\t\t<\/div>\n\t\t<div class=\"elementor-element elementor-element-8a3d4b7 e-flex e-con-boxed e-con e-parent\" data-id=\"8a3d4b7\" data-element_type=\"container\" data-e-type=\"container\">\n\t\t\t\t\t<div class=\"e-con-inner\">\n\t\t\t\t<div class=\"elementor-element elementor-element-fe3c9ec elementor-widget elementor-widget-text-editor\" data-id=\"fe3c9ec\" data-element_type=\"widget\" data-e-type=\"widget\" data-widget_type=\"text-editor.default\">\n\t\t\t\t\t\t\t\t\t<p>1. Grzegorz Dubik (BO) &#8211; przewodnicz\u0105cy Rady<br \/>2. Wac\u0142aw Kami\u0144ski (BO) &#8211; I zast\u0119pca przewodnicz\u0105cego<strong><br \/><\/strong>3. Marcin Kaniuczak (BO) &#8211; II zast\u0119pca przewodnicz\u0105cego do dnia 18.06.2020 r.<br \/>4. Liliana Serafin (BO) &#8211; sekretarz<br \/>5. Iwona Patrycja Warzybok (IS) &#8211; skarbnik<br \/>6. Anna Joanna Malinowska (IS) &#8211; cz\u0142onek prezydium<br \/>7. Jaros\u0142aw Suchora (BO) &#8211; cz\u0142onek prezydium<br \/>8. \u0141ukasz Marek Amanowicz (BO)<br \/>9. Wojciech Bieda (IE)<br \/>10. Piotr Chmura (BO)<br \/>11. Roman Cu\u017cytek (BO)<br \/>12. Anna D\u0105browska &#8211; Lasko\u015b (BO)<br \/>13. Przemys\u0142aw Duma\u0144ski (BD)<br \/>14. Jacek Adam Jarz\u0105b<br \/>15. Janusz Le\u0144<strong>\u00a0<\/strong>(BO)<br \/>16. Grzegorz Liszcz (BO)<br \/>17. Andrzej Maksym (BO)<br \/>18 Agata Majka (BO)<br \/>19. Janusz Or\u0142owski (BO)<br \/>20. Zdzis\u0142aw Pisarek (BO)<br \/>21. Grzegorz Rachwa\u0142 (IS)<br \/>22. Krzysztof Sopel (BO)<br \/>23. Bogdan Stec (BO)<br \/>24. Tomasz Bo\u017cydar Wi\u0119cek (IS)<br \/>25. Piotr Wilk (BO)<\/p>\t\t\t\t\t\t\t\t<\/div>\n\t\t\t\t\t<\/div>\n\t\t\t\t<\/div>\n\t\t<div class=\"elementor-element elementor-element-ca71325 e-flex e-con-boxed e-con e-parent\" data-id=\"ca71325\" data-element_type=\"container\" data-e-type=\"container\">\n\t\t\t\t\t<div class=\"e-con-inner\">\n\t\t<div class=\"elementor-element elementor-element-24fb53e e-con-full e-flex e-con e-child\" data-id=\"24fb53e\" data-element_type=\"container\" data-e-type=\"container\" data-settings=\"{&quot;background_background&quot;:&quot;classic&quot;}\">\n\t\t\t\t<div class=\"elementor-element elementor-element-3a8ae7a elementor-widget__width-initial elementor-widget elementor-widget-heading\" data-id=\"3a8ae7a\" data-element_type=\"widget\" data-e-type=\"widget\" data-widget_type=\"heading.default\">\n\t\t\t\t\t<h1 class=\"elementor-heading-title elementor-size-default\">Komisja Rewizyjna PDK OIIB<\/h1>\t\t\t\t<\/div>\n\t\t\t\t<\/div>\n\t\t\t\t\t<\/div>\n\t\t\t\t<\/div>\n\t\t<div class=\"elementor-element elementor-element-d583c94 e-flex e-con-boxed e-con e-parent\" data-id=\"d583c94\" data-element_type=\"container\" data-e-type=\"container\">\n\t\t\t\t\t<div class=\"e-con-inner\">\n\t\t\t\t<div class=\"elementor-element elementor-element-30853cf elementor-widget elementor-widget-text-editor\" data-id=\"30853cf\" data-element_type=\"widget\" data-e-type=\"widget\" data-widget_type=\"text-editor.default\">\n\t\t\t\t\t\t\t\t\t<p>1. Stanis\u0142awa Mazur (IS) &#8211; przewodnicz\u0105ca<br \/>2. Marek \u0141osiewicz (BO) &#8211; zast\u0119pca przewodnicz\u0105cego *)<br \/>\u00a0\u00a0\u00a0 Piotr Mryczko (BO) &#8211; zast\u0119pca przewodnicz\u0105cego\u00a0<span style=\"color: #ff0000;\"><span style=\"color: #000000;\">od 26.07.2019 r.<br \/>2.\u00a0<\/span><\/span><span style=\"color: #ff0000;\"><span style=\"color: #000000;\">Ireneusz Dyrda (IS) &#8211;\u00a0sekretarz do 06.12.2019 r.<br \/>\u00a0\u00a0\u00a0 Dariusz Nowakowski (IE) &#8211; sekretarz\u00a0<\/span><\/span><span style=\"color: #ff0000;\"><span style=\"color: #000000;\">od 06.12.2019 r.<\/span><\/span><span style=\"color: #ff0000;\"><span style=\"color: #000000;\"><br \/>3. Wojciech Kras (IS)<br \/><\/span><\/span><span style=\"color: #ff0000;\"><span style=\"color: #000000;\">4. Piotr Kuczmenda )IS)<\/span><\/span><\/p><p>*) zmar\u0142 01.03.2019 r.<\/p>\t\t\t\t\t\t\t\t<\/div>\n\t\t\t\t\t<\/div>\n\t\t\t\t<\/div>\n\t\t<div class=\"elementor-element elementor-element-2b189d0 e-flex e-con-boxed e-con e-parent\" data-id=\"2b189d0\" data-element_type=\"container\" data-e-type=\"container\">\n\t\t\t\t\t<div class=\"e-con-inner\">\n\t\t<div class=\"elementor-element elementor-element-ac87b03 e-con-full e-flex e-con e-child\" data-id=\"ac87b03\" data-element_type=\"container\" data-e-type=\"container\" data-settings=\"{&quot;background_background&quot;:&quot;classic&quot;}\">\n\t\t\t\t<div class=\"elementor-element elementor-element-f3c61ae elementor-widget__width-initial elementor-widget elementor-widget-heading\" data-id=\"f3c61ae\" data-element_type=\"widget\" data-e-type=\"widget\" data-widget_type=\"heading.default\">\n\t\t\t\t\t<h1 class=\"elementor-heading-title elementor-size-default\">Komisja Kwalifikacyjna PDK OIIB<\/h1>\t\t\t\t<\/div>\n\t\t\t\t<\/div>\n\t\t\t\t\t<\/div>\n\t\t\t\t<\/div>\n\t\t<div class=\"elementor-element elementor-element-73340f0 e-flex e-con-boxed e-con e-parent\" data-id=\"73340f0\" data-element_type=\"container\" data-e-type=\"container\">\n\t\t\t\t\t<div class=\"e-con-inner\">\n\t\t\t\t<div class=\"elementor-element elementor-element-ae00c96 elementor-widget elementor-widget-text-editor\" data-id=\"ae00c96\" data-element_type=\"widget\" data-e-type=\"widget\" data-widget_type=\"text-editor.default\">\n\t\t\t\t\t\t\t\t\t<p>1. Zbigniew Plewako (BO) &#8211; przewodnicz\u0105cy<br \/>2. Wojciech Ja\u015bkowski (BO) &#8211; zast\u0119pca przewodnicz\u0105cego<br \/>3. Andrzej Tarczy\u0144ski (IS) &#8211; zast\u0119pca przewodnicz\u0105cego<br \/>4. Grzegorz O\u017c\u00f3g (BO) &#8211; sekretarz<br \/>5. Bogus\u0142aw Czarnik (BD)<br \/>6. Stanis\u0142aw Do\u0142\u0119gowski (BO)<br \/>7. Henryk Kalisz (BD)<br \/>8<strong>.\u00a0<\/strong>Krzysztof Kutryba\u0142a (BT)<strong><br \/><\/strong>9. El\u017cbieta \u0141ado\u015b (IS)<br \/>10. Andrzej Nowor\u00f3l (IS)<br \/>11. Boles\u0142aw Pa\u0142ac (IE)<strong><br \/><\/strong>12. Aleksander P\u0119kala (IE)<\/p>\t\t\t\t\t\t\t\t<\/div>\n\t\t\t\t\t<\/div>\n\t\t\t\t<\/div>\n\t\t<div class=\"elementor-element elementor-element-f0cfc7b e-flex e-con-boxed e-con e-parent\" data-id=\"f0cfc7b\" data-element_type=\"container\" data-e-type=\"container\">\n\t\t\t\t\t<div class=\"e-con-inner\">\n\t\t<div class=\"elementor-element elementor-element-1e2f225 e-con-full e-flex e-con e-child\" data-id=\"1e2f225\" data-element_type=\"container\" data-e-type=\"container\" data-settings=\"{&quot;background_background&quot;:&quot;classic&quot;}\">\n\t\t\t\t<div class=\"elementor-element elementor-element-389515a elementor-widget__width-initial elementor-widget elementor-widget-heading\" data-id=\"389515a\" data-element_type=\"widget\" data-e-type=\"widget\" data-widget_type=\"heading.default\">\n\t\t\t\t\t<h1 class=\"elementor-heading-title elementor-size-default\">S\u0105d Dyscyplinarny PDK OIIB<\/h1>\t\t\t\t<\/div>\n\t\t\t\t<\/div>\n\t\t\t\t\t<\/div>\n\t\t\t\t<\/div>\n\t\t<div class=\"elementor-element elementor-element-cb76c2f e-flex e-con-boxed e-con e-parent\" data-id=\"cb76c2f\" data-element_type=\"container\" data-e-type=\"container\">\n\t\t\t\t\t<div class=\"e-con-inner\">\n\t\t\t\t<div class=\"elementor-element elementor-element-7c1cf2b elementor-widget elementor-widget-text-editor\" data-id=\"7c1cf2b\" data-element_type=\"widget\" data-e-type=\"widget\" data-widget_type=\"text-editor.default\">\n\t\t\t\t\t\t\t\t\t<p>1. Jerzy Madera (BO) &#8211; przewodnicz\u0105cy<br \/>2. Stanis\u0142aw Falkowski (IS) &#8211; zast\u0119pca przewodnicz\u0105cego<br \/>3.<strong>\u00a0<\/strong>El\u017cbieta Kosior (IS) &#8211; zast\u0119pca przewodnicz\u0105cego<br \/>4. Andrzej G\u0142\u0105b (BO) &#8211; sekretarz<br \/>5. J\u00f3zef Bryl (BO)<br \/>6. Danuta Goszczy\u0144ska-Wojtas (IS)<br \/>7. Zbigniew Lach (BD)<br \/>8. Tomasz Adam\u00a0Mazur (IS)<br \/>9. Maria Ewa Skr\u0119t (IS)<br \/>10. Bogus\u0142aw Strza\u0142ka (BO)<br \/>11. Marcin Szmyd (BO)<\/p>\t\t\t\t\t\t\t\t<\/div>\n\t\t\t\t\t<\/div>\n\t\t\t\t<\/div>\n\t\t<div class=\"elementor-element elementor-element-dd6c0ac e-flex e-con-boxed e-con e-parent\" data-id=\"dd6c0ac\" data-element_type=\"container\" data-e-type=\"container\">\n\t\t\t\t\t<div class=\"e-con-inner\">\n\t\t<div class=\"elementor-element elementor-element-12ef6f9 e-con-full e-flex e-con e-child\" data-id=\"12ef6f9\" data-element_type=\"container\" data-e-type=\"container\" data-settings=\"{&quot;background_background&quot;:&quot;classic&quot;}\">\n\t\t\t\t<div class=\"elementor-element elementor-element-1c92aba elementor-widget__width-initial elementor-widget elementor-widget-heading\" data-id=\"1c92aba\" data-element_type=\"widget\" data-e-type=\"widget\" data-widget_type=\"heading.default\">\n\t\t\t\t\t<h1 class=\"elementor-heading-title elementor-size-default\">Rzecznicy Odpowiedzialno\u015bci Zawodowej PDK OIIB<\/h1>\t\t\t\t<\/div>\n\t\t\t\t<\/div>\n\t\t\t\t\t<\/div>\n\t\t\t\t<\/div>\n\t\t<div class=\"elementor-element elementor-element-7828175 e-flex e-con-boxed e-con e-parent\" data-id=\"7828175\" data-element_type=\"container\" data-e-type=\"container\">\n\t\t\t\t\t<div class=\"e-con-inner\">\n\t\t\t\t<div class=\"elementor-element elementor-element-50ed15d elementor-widget elementor-widget-text-editor\" data-id=\"50ed15d\" data-element_type=\"widget\" data-e-type=\"widget\" data-widget_type=\"text-editor.default\">\n\t\t\t\t\t\t\t\t\t<p>1. Ewa Krzyszto\u0144 (BO) &#8211; rzecznik koordynator\u00a0\u00a0\u00a0\u00a0\u00a0\u00a0\u00a0<br \/>2. Stanis\u0142aw Kindel (BO)<br \/>3. Ma\u0142gorzata Krajciewicz-\u017burek (BO)<br \/>4. Jerzy Lewi\u0144ski (IE)<br \/>6. Andrzej Panek (IS)<br \/>7. Henryk \u017begle\u0144 (BO) *)<br \/><br \/>*) zmar\u0142 02.05.2019 r.<\/p>\t\t\t\t\t\t\t\t<\/div>\n\t\t\t\t\t<\/div>\n\t\t\t\t<\/div>\n\t\t<div class=\"elementor-element elementor-element-331e17f e-flex e-con-boxed e-con e-parent\" data-id=\"331e17f\" data-element_type=\"container\" data-e-type=\"container\">\n\t\t\t\t\t<div class=\"e-con-inner\">\n\t\t<div class=\"elementor-element elementor-element-6b9c82d e-con-full e-flex e-con e-child\" data-id=\"6b9c82d\" data-element_type=\"container\" data-e-type=\"container\" data-settings=\"{&quot;background_background&quot;:&quot;classic&quot;}\">\n\t\t\t\t<div class=\"elementor-element elementor-element-3432d2d elementor-widget__width-initial elementor-widget elementor-widget-heading\" data-id=\"3432d2d\" data-element_type=\"widget\" data-e-type=\"widget\" data-widget_type=\"heading.default\">\n\t\t\t\t\t<h1 class=\"elementor-heading-title elementor-size-default\">Delegaci PDK OIIB na Zjazdy Krajowe PIIB<\/h1>\t\t\t\t<\/div>\n\t\t\t\t<\/div>\n\t\t\t\t\t<\/div>\n\t\t\t\t<\/div>\n\t\t<div class=\"elementor-element elementor-element-2e72b04 e-flex e-con-boxed e-con e-parent\" data-id=\"2e72b04\" data-element_type=\"container\" data-e-type=\"container\">\n\t\t\t\t\t<div class=\"e-con-inner\">\n\t\t\t\t<div class=\"elementor-element elementor-element-7790465 elementor-widget elementor-widget-text-editor\" data-id=\"7790465\" data-element_type=\"widget\" data-e-type=\"widget\" data-widget_type=\"text-editor.default\">\n\t\t\t\t\t\t\t\t\t<p>1. Anna D\u0105browska &#8211; Lasko\u015b (BO)\u00a0\u00a0\u00a0\u00a0\u00a0\u00a0\u00a0\u00a0\u00a0\u00a0\u00a0\u00a0\u00a0\u00a0\u00a0\u00a0\u00a0\u00a0\u00a0\u00a0\u00a0\u00a0<br \/>2. Stanis\u0142aw Do\u0142\u0119gowski (BO)<br \/>3. Grzegorz Dubik (BO)<br \/>4. Wac\u0142aw Kami\u0144ski (BO)<br \/>5. Marcin Kaniuczak (BO)<br \/>6. Anna Malinowska (IS)<br \/>7. Zdzis\u0142aw Pisarek (BO)<br \/>8. Liliana Serafin (BO)<br \/>9. Jaros\u0142aw Suchora (BO)<br \/>10. Iwona Warzybok (IS)<\/p>\t\t\t\t\t\t\t\t<\/div>\n\t\t\t\t\t<\/div>\n\t\t\t\t<\/div>\n\t\t<div class=\"elementor-element elementor-element-ac1907d e-flex e-con-boxed e-con e-parent\" data-id=\"ac1907d\" data-element_type=\"container\" data-e-type=\"container\">\n\t\t\t\t\t<div class=\"e-con-inner\">\n\t\t\t\t<div class=\"elementor-element elementor-element-e921e1f elementor-widget elementor-widget-heading\" data-id=\"e921e1f\" data-element_type=\"widget\" data-e-type=\"widget\" data-widget_type=\"heading.default\">\n\t\t\t\t\t<h1 class=\"elementor-heading-title elementor-size-default\">SK\u0141AD KOMISJI I ZESPO\u0141\u00d3W POZASTATUTOWYCH PDK OIIB W KADENCJI 2018 - 2022:\n\n<\/h1>\t\t\t\t<\/div>\n\t\t\t\t\t<\/div>\n\t\t\t\t<\/div>\n\t\t<div class=\"elementor-element elementor-element-e7c9ba4 e-flex e-con-boxed e-con e-parent\" data-id=\"e7c9ba4\" data-element_type=\"container\" data-e-type=\"container\">\n\t\t\t\t\t<div class=\"e-con-inner\">\n\t\t<div class=\"elementor-element elementor-element-96d030b e-con-full e-flex e-con e-child\" data-id=\"96d030b\" data-element_type=\"container\" data-e-type=\"container\" data-settings=\"{&quot;background_background&quot;:&quot;classic&quot;}\">\n\t\t\t\t<div class=\"elementor-element elementor-element-d64cef4 elementor-widget__width-initial elementor-widget elementor-widget-heading\" data-id=\"d64cef4\" data-element_type=\"widget\" data-e-type=\"widget\" data-widget_type=\"heading.default\">\n\t\t\t\t\t<h1 class=\"elementor-heading-title elementor-size-default\">Komisja Doskonalenia Zawodowego PDK OIIB<\/h1>\t\t\t\t<\/div>\n\t\t\t\t<\/div>\n\t\t\t\t\t<\/div>\n\t\t\t\t<\/div>\n\t\t<div class=\"elementor-element elementor-element-90a7ab3 e-flex e-con-boxed e-con e-parent\" data-id=\"90a7ab3\" data-element_type=\"container\" data-e-type=\"container\">\n\t\t\t\t\t<div class=\"e-con-inner\">\n\t\t\t\t<div class=\"elementor-element elementor-element-2524a13 elementor-widget elementor-widget-text-editor\" data-id=\"2524a13\" data-element_type=\"widget\" data-e-type=\"widget\" data-widget_type=\"text-editor.default\">\n\t\t\t\t\t\t\t\t\t<p>1. Anna Malinowska (IS) &#8211; przewodnicz\u0105ca<br \/>2. Renata Gancarczyk (IS) &#8211; zast\u0119pca przewodnicz\u0105cej do 07.03.2021 r.<br \/>3. Adam Gajewski &#8211; sekretarz (BO)<br \/>4. Witold Duszlak (IS)<br \/>5. Leszek Gazda (BO)<br \/>6. Marcin Gromala (IE)<br \/>7. \u0141ukasz Janas (IS)<br \/>8. Eugeniusz \u0141opatkiewicz (IE)<br \/>7. Bogdan \u0141ukaszek (IS)<br \/>8. Robert Mendyka (BO)<br \/>9. Janusz Mitek (IS)<br \/>10. Anna Pich-Przewrocka (BD) do 08.03.2021 r.<br \/>11. Magdalena Walkiewicz (BD)<br \/>12. Krystyna Wr\u00f3bel (BO)<br \/>13. Grzegorz Wojtowicz (IE)<\/p>\t\t\t\t\t\t\t\t<\/div>\n\t\t\t\t\t<\/div>\n\t\t\t\t<\/div>\n\t\t<div class=\"elementor-element elementor-element-c7a735a e-flex e-con-boxed e-con e-parent\" data-id=\"c7a735a\" data-element_type=\"container\" data-e-type=\"container\">\n\t\t\t\t\t<div class=\"e-con-inner\">\n\t\t<div class=\"elementor-element elementor-element-988e2ef e-con-full e-flex e-con e-child\" data-id=\"988e2ef\" data-element_type=\"container\" data-e-type=\"container\" data-settings=\"{&quot;background_background&quot;:&quot;classic&quot;}\">\n\t\t\t\t<div class=\"elementor-element elementor-element-9f66698 elementor-widget__width-initial elementor-widget elementor-widget-heading\" data-id=\"9f66698\" data-element_type=\"widget\" data-e-type=\"widget\" data-widget_type=\"heading.default\">\n\t\t\t\t\t<h1 class=\"elementor-heading-title elementor-size-default\">Zesp\u00f3\u0142 Samopomocy Kole\u017ce\u0144skiej PDK OIIB<\/h1>\t\t\t\t<\/div>\n\t\t\t\t<\/div>\n\t\t\t\t\t<\/div>\n\t\t\t\t<\/div>\n\t\t<div class=\"elementor-element elementor-element-d3bef41 e-flex e-con-boxed e-con e-parent\" data-id=\"d3bef41\" data-element_type=\"container\" data-e-type=\"container\">\n\t\t\t\t\t<div class=\"e-con-inner\">\n\t\t\t\t<div class=\"elementor-element elementor-element-36632fe elementor-widget elementor-widget-text-editor\" data-id=\"36632fe\" data-element_type=\"widget\" data-e-type=\"widget\" data-widget_type=\"text-editor.default\">\n\t\t\t\t\t\t\t\t\t<p>1. Roman Cu\u017cytek (BO) &#8211; przewodnicz\u0105cy\u00a0\u00a0\u00a0\u00a0\u00a0\u00a0\u00a0\u00a0\u00a0\u00a0\u00a0\u00a0\u00a0\u00a0\u00a0\u00a0\u00a0\u00a0\u00a0\u00a0<br \/>2. Tadeusz Dusak (BO)<br \/>3. Barbara Pasowicz (BO)<br \/>4. J\u00f3zef Warcho\u0142 (IS)<\/p>\t\t\t\t\t\t\t\t<\/div>\n\t\t\t\t\t<\/div>\n\t\t\t\t<\/div>\n\t\t<div class=\"elementor-element elementor-element-a5908ff e-flex e-con-boxed e-con e-parent\" data-id=\"a5908ff\" data-element_type=\"container\" data-e-type=\"container\">\n\t\t\t\t\t<div class=\"e-con-inner\">\n\t\t<div class=\"elementor-element elementor-element-cb5ad22 e-con-full e-flex e-con e-child\" data-id=\"cb5ad22\" data-element_type=\"container\" data-e-type=\"container\" data-settings=\"{&quot;background_background&quot;:&quot;classic&quot;}\">\n\t\t\t\t<div class=\"elementor-element elementor-element-f9490f2 elementor-widget__width-initial elementor-widget elementor-widget-heading\" data-id=\"f9490f2\" data-element_type=\"widget\" data-e-type=\"widget\" data-widget_type=\"heading.default\">\n\t\t\t\t\t<h1 class=\"elementor-heading-title elementor-size-default\">Zesp\u00f3\u0142 Prawno - Regulaminowy PDK OIIB<\/h1>\t\t\t\t<\/div>\n\t\t\t\t<\/div>\n\t\t\t\t\t<\/div>\n\t\t\t\t<\/div>\n\t\t<div class=\"elementor-element elementor-element-89d4e92 e-flex e-con-boxed e-con e-parent\" data-id=\"89d4e92\" data-element_type=\"container\" data-e-type=\"container\">\n\t\t\t\t\t<div class=\"e-con-inner\">\n\t\t\t\t<div class=\"elementor-element elementor-element-baec209 elementor-widget elementor-widget-text-editor\" data-id=\"baec209\" data-element_type=\"widget\" data-e-type=\"widget\" data-widget_type=\"text-editor.default\">\n\t\t\t\t\t\t\t\t\t<p>1. Agata Majka (BO) &#8211; przewodnicz\u0105ca<br \/>2. Jacek Jarz\u0105b (BO)<br \/>3. Andrzej Ostrowski (BO)<br \/>4. Andrzej P\u00f3\u0142ch\u0142opek (IE)<\/p>\t\t\t\t\t\t\t\t<\/div>\n\t\t\t\t\t<\/div>\n\t\t\t\t<\/div>\n\t\t<div class=\"elementor-element elementor-element-e148969 e-flex e-con-boxed e-con e-parent\" data-id=\"e148969\" data-element_type=\"container\" data-e-type=\"container\">\n\t\t\t\t\t<div class=\"e-con-inner\">\n\t\t<div class=\"elementor-element elementor-element-7936003 e-con-full e-flex e-con e-child\" data-id=\"7936003\" data-element_type=\"container\" data-e-type=\"container\" data-settings=\"{&quot;background_background&quot;:&quot;classic&quot;}\">\n\t\t\t\t<div class=\"elementor-element elementor-element-bf87424 elementor-widget__width-initial elementor-widget elementor-widget-heading\" data-id=\"bf87424\" data-element_type=\"widget\" data-e-type=\"widget\" data-widget_type=\"heading.default\">\n\t\t\t\t\t<h1 class=\"elementor-heading-title elementor-size-default\">Zesp\u00f3\u0142 ds. Zam\u00f3wie\u0144 PDK OIIB<\/h1>\t\t\t\t<\/div>\n\t\t\t\t<\/div>\n\t\t\t\t\t<\/div>\n\t\t\t\t<\/div>\n\t\t<div class=\"elementor-element elementor-element-7dbb0c6 e-flex e-con-boxed e-con e-parent\" data-id=\"7dbb0c6\" data-element_type=\"container\" data-e-type=\"container\">\n\t\t\t\t\t<div class=\"e-con-inner\">\n\t\t\t\t<div class=\"elementor-element elementor-element-a94d03a elementor-widget elementor-widget-text-editor\" data-id=\"a94d03a\" data-element_type=\"widget\" data-e-type=\"widget\" data-widget_type=\"text-editor.default\">\n\t\t\t\t\t\t\t\t\t<p>1. Tomasz Wi\u0119cek (IS) &#8211; przewodnicz\u0105cy\u00a0\u00a0\u00a0\u00a0\u00a0\u00a0\u00a0\u00a0\u00a0\u00a0\u00a0\u00a0\u00a0\u00a0\u00a0\u00a0\u00a0\u00a0<br \/>2. Krzysztof Borek (BO)<br \/>3. Zygmunt Sobczyk (BO)<br \/>4. Bogus\u0142aw Szlachta (IE)<br \/>5. \u0141ukasz Ze\u0144ko (IS)<br \/>6. Iwona Warzybok (IS) &#8211; skarbnik PDK OIIB<\/p>\t\t\t\t\t\t\t\t<\/div>\n\t\t\t\t\t<\/div>\n\t\t\t\t<\/div>\n\t\t<div class=\"elementor-element elementor-element-1a43e2a e-flex e-con-boxed e-con e-parent\" data-id=\"1a43e2a\" data-element_type=\"container\" data-e-type=\"container\">\n\t\t\t\t\t<div class=\"e-con-inner\">\n\t\t<div class=\"elementor-element elementor-element-66d612a e-con-full e-flex e-con e-child\" data-id=\"66d612a\" data-element_type=\"container\" data-e-type=\"container\" data-settings=\"{&quot;background_background&quot;:&quot;classic&quot;}\">\n\t\t\t\t<div class=\"elementor-element elementor-element-eea8652 elementor-widget__width-initial elementor-widget elementor-widget-heading\" data-id=\"eea8652\" data-element_type=\"widget\" data-e-type=\"widget\" data-widget_type=\"heading.default\">\n\t\t\t\t\t<h1 class=\"elementor-heading-title elementor-size-default\">Kapitu\u0142a Odznacze\u0144 Honorowych PDK OIIB<\/h1>\t\t\t\t<\/div>\n\t\t\t\t<\/div>\n\t\t\t\t\t<\/div>\n\t\t\t\t<\/div>\n\t\t<div class=\"elementor-element elementor-element-a194f8d e-flex e-con-boxed e-con e-parent\" data-id=\"a194f8d\" data-element_type=\"container\" data-e-type=\"container\">\n\t\t\t\t\t<div class=\"e-con-inner\">\n\t\t\t\t<div class=\"elementor-element elementor-element-15fc112 elementor-widget elementor-widget-text-editor\" data-id=\"15fc112\" data-element_type=\"widget\" data-e-type=\"widget\" data-widget_type=\"text-editor.default\">\n\t\t\t\t\t\t\t\t\t<p>1. Andrzej W\u00f3jcik (BO) &#8211; przewodnicz\u0105cy do 27.01.2020 r.\u00a0<br \/>\u00a0\u00a0\u00a0 Piotr Wilk (BO) &#8211; przewodnicz\u0105cy od 27.01.2020 r.<br \/>2. Danuta Pazdro (BO) &#8211; sekretarz do 27.01.2020 r.<br \/>3. Marian Baran (IS)\u00a0\u00a0\u00a0\u00a0\u00a0<br \/>2. Janusz Le\u0144 (BO)<br \/>3. Andrzej Maksym (BO)<\/p>\t\t\t\t\t\t\t\t<\/div>\n\t\t\t\t\t<\/div>\n\t\t\t\t<\/div>\n\t\t<div class=\"elementor-element elementor-element-da246bd e-flex e-con-boxed e-con e-parent\" data-id=\"da246bd\" data-element_type=\"container\" data-e-type=\"container\">\n\t\t\t\t\t<div class=\"e-con-inner\">\n\t\t<div class=\"elementor-element elementor-element-c26b172 e-con-full e-flex e-con e-child\" data-id=\"c26b172\" data-element_type=\"container\" data-e-type=\"container\" data-settings=\"{&quot;background_background&quot;:&quot;classic&quot;}\">\n\t\t\t\t<div class=\"elementor-element elementor-element-9c17dd0 elementor-widget__width-initial elementor-widget elementor-widget-heading\" data-id=\"9c17dd0\" data-element_type=\"widget\" data-e-type=\"widget\" data-widget_type=\"heading.default\">\n\t\t\t\t\t<h1 class=\"elementor-heading-title elementor-size-default\">Zesp\u00f3\u0142 ds. Cyfryzacji i Promocji PDK OIIB<\/h1>\t\t\t\t<\/div>\n\t\t\t\t<\/div>\n\t\t\t\t\t<\/div>\n\t\t\t\t<\/div>\n\t\t<div class=\"elementor-element elementor-element-60d12fa e-flex e-con-boxed e-con e-parent\" data-id=\"60d12fa\" data-element_type=\"container\" data-e-type=\"container\">\n\t\t\t\t\t<div class=\"e-con-inner\">\n\t\t\t\t<div class=\"elementor-element elementor-element-77101ed elementor-widget elementor-widget-text-editor\" data-id=\"77101ed\" data-element_type=\"widget\" data-e-type=\"widget\" data-widget_type=\"text-editor.default\">\n\t\t\t\t\t\t\t\t\t<p>1. Piotr Chmura (BO) &#8211; przewodnicz\u0105cy\u00a0\u00a0\u00a0\u00a0\u00a0\u00a0\u00a0\u00a0\u00a0\u00a0\u00a0\u00a0\u00a0\u00a0\u00a0\u00a0\u00a0\u00a0\u00a0\u00a0\u00a0\u00a0\u00a0\u00a0\u00a0\u00a0\u00a0<br \/>2. Pawe\u0142 Dul (BD) &#8211; zast\u0119pca przewodnicz\u0105cego<br \/>3. Wojciech Parys (BO) &#8211; sekretarz<br \/>4. Wojciech Ku\u017amicz (BO)<br \/>5. Grzegorz Liszcz (BO)<\/p>\t\t\t\t\t\t\t\t<\/div>\n\t\t\t\t\t<\/div>\n\t\t\t\t<\/div>\n\t\t<div class=\"elementor-element elementor-element-b18bf14 e-flex e-con-boxed e-con e-parent\" data-id=\"b18bf14\" data-element_type=\"container\" data-e-type=\"container\">\n\t\t\t\t\t<div class=\"e-con-inner\">\n\t\t<div class=\"elementor-element elementor-element-b1be011 e-con-full e-flex e-con e-child\" data-id=\"b1be011\" data-element_type=\"container\" data-e-type=\"container\" data-settings=\"{&quot;background_background&quot;:&quot;classic&quot;}\">\n\t\t\t\t<div class=\"elementor-element elementor-element-0458d9b elementor-widget__width-initial elementor-widget elementor-widget-heading\" data-id=\"0458d9b\" data-element_type=\"widget\" data-e-type=\"widget\" data-widget_type=\"heading.default\">\n\t\t\t\t\t<h1 class=\"elementor-heading-title elementor-size-default\">Kapitu\u0142a Konkursowa PDK OIIB<\/h1>\t\t\t\t<\/div>\n\t\t\t\t<\/div>\n\t\t\t\t\t<\/div>\n\t\t\t\t<\/div>\n\t\t<div class=\"elementor-element elementor-element-b7d15a0 e-flex e-con-boxed e-con e-parent\" data-id=\"b7d15a0\" data-element_type=\"container\" data-e-type=\"container\">\n\t\t\t\t\t<div class=\"e-con-inner\">\n\t\t\t\t<div class=\"elementor-element elementor-element-5aa04a8 elementor-widget elementor-widget-text-editor\" data-id=\"5aa04a8\" data-element_type=\"widget\" data-e-type=\"widget\" data-widget_type=\"text-editor.default\">\n\t\t\t\t\t\t\t\t\t<p>1. Anna D\u0105browska-Lasko\u015b (BO)- przewodnicz\u0105ca<br \/>2. Piotr Wilk (BO)<br \/>3. Krzysztof Sopel (BO)<\/p>\t\t\t\t\t\t\t\t<\/div>\n\t\t\t\t\t<\/div>\n\t\t\t\t<\/div>\n\t\t<div class=\"elementor-element elementor-element-60fbcbd e-flex e-con-boxed e-con e-parent\" data-id=\"60fbcbd\" data-element_type=\"container\" data-e-type=\"container\">\n\t\t\t\t\t<div class=\"e-con-inner\">\n\t\t<div class=\"elementor-element elementor-element-01d0cda e-con-full e-flex e-con e-child\" data-id=\"01d0cda\" data-element_type=\"container\" data-e-type=\"container\" data-settings=\"{&quot;background_background&quot;:&quot;classic&quot;}\">\n\t\t\t\t<div class=\"elementor-element elementor-element-32bd6ca elementor-widget__width-initial elementor-widget elementor-widget-heading\" data-id=\"32bd6ca\" data-element_type=\"widget\" data-e-type=\"widget\" data-widget_type=\"heading.default\">\n\t\t\t\t\t<h1 class=\"elementor-heading-title elementor-size-default\">Zesp\u00f3\u0142 Redakcji Biuletynu Informacyjnego PDK OIIB<\/h1>\t\t\t\t<\/div>\n\t\t\t\t<\/div>\n\t\t\t\t\t<\/div>\n\t\t\t\t<\/div>\n\t\t<div class=\"elementor-element elementor-element-a2fcbcc e-flex e-con-boxed e-con e-parent\" data-id=\"a2fcbcc\" data-element_type=\"container\" data-e-type=\"container\">\n\t\t\t\t\t<div class=\"e-con-inner\">\n\t\t\t\t<div class=\"elementor-element elementor-element-eb7c094 elementor-widget elementor-widget-text-editor\" data-id=\"eb7c094\" data-element_type=\"widget\" data-e-type=\"widget\" data-widget_type=\"text-editor.default\">\n\t\t\t\t\t\t\t\t\t<p>1. Liliana Serafin (IS)- redaktor naczelna<br \/>2. Zdzis\u0142aw Pisarek (BO) -cz\u0142onek Zespo\u0142u<br \/>3. Stale wsp\u00f3\u0142pracuj\u0105cy &#8211; stowarzyszenia PZITB, PZITS, SEP, SITK, ZMRP<\/p>\t\t\t\t\t\t\t\t<\/div>\n\t\t\t\t\t<\/div>\n\t\t\t\t<\/div>\n\t\t\t\t<\/div>\n\t\t","protected":false},"excerpt":{"rendered":"<p>Organy PDK OIIB kadencji 2018 &#8211; 2022 Strona g\u0142\u00f3wna \/ Z \u017cycia izby\/ Historia izby \/ Organy PDK OIIB kadencji [&hellip;]<\/p>\n","protected":false},"author":1,"featured_media":0,"parent":0,"menu_order":0,"comment_status":"closed","ping_status":"closed","template":"","meta":{"site-sidebar-layout":"no-sidebar","site-content-layout":"","ast-site-content-layout":"full-width-container","site-content-style":"default","site-sidebar-style":"default","ast-global-header-display":"","ast-banner-title-visibility":"","ast-main-header-display":"","ast-hfb-above-header-display":"","ast-hfb-below-header-display":"","ast-hfb-mobile-header-display":"","site-post-title":"disabled","ast-breadcrumbs-content":"","ast-featured-img":"disabled","footer-sml-layout":"","ast-disable-related-posts":"","theme-transparent-header-meta":"","adv-header-id-meta":"","stick-header-meta":"","header-above-stick-meta":"","header-main-stick-meta":"","header-below-stick-meta":"","astra-migrate-meta-layouts":"default","ast-page-background-enabled":"default","ast-page-background-meta":{"desktop":{"background-color":"var(--ast-global-color-5)","background-image":"","background-repeat":"repeat","background-position":"center center","background-size":"auto","background-attachment":"scroll","background-type":"","background-media":"","overlay-type":"","overlay-color":"","overlay-opacity":"","overlay-gradient":""},"tablet":{"background-color":"","background-image":"","background-repeat":"repeat","background-position":"center center","background-size":"auto","background-attachment":"scroll","background-type":"","background-media":"","overlay-type":"","overlay-color":"","overlay-opacity":"","overlay-gradient":""},"mobile":{"background-color":"","background-image":"","background-repeat":"repeat","background-position":"center center","background-size":"auto","background-attachment":"scroll","background-type":"","background-media":"","overlay-type":"","overlay-color":"","overlay-opacity":"","overlay-gradient":""}},"ast-content-background-meta":{"desktop":{"background-color":"var(--ast-global-color-4)","background-image":"","background-repeat":"repeat","background-position":"center center","background-size":"auto","background-attachment":"scroll","background-type":"","background-media":"","overlay-type":"","overlay-color":"","overlay-opacity":"","overlay-gradient":""},"tablet":{"background-color":"var(--ast-global-color-4)","background-image":"","background-repeat":"repeat","background-position":"center center","background-size":"auto","background-attachment":"scroll","background-type":"","background-media":"","overlay-type":"","overlay-color":"","overlay-opacity":"","overlay-gradient":""},"mobile":{"background-color":"var(--ast-global-color-4)","background-image":"","background-repeat":"repeat","background-position":"center center","background-size":"auto","background-attachment":"scroll","background-type":"","background-media":"","overlay-type":"","overlay-color":"","overlay-opacity":"","overlay-gradient":""}},"footnotes":""},"class_list":["post-1475","page","type-page","status-publish","hentry"],"yoast_head":"<!-- This site is optimized with the Yoast SEO plugin v27.5 - https:\/\/yoast.com\/product\/yoast-seo-wordpress\/ -->\n<title>Organy PDK OIIB kadencji 2018 - 2022 - Podkarpacka Okregowa Izba Inzynierow Budownictwa<\/title>\n<meta name=\"description\" content=\"Poznaj sk\u0142ad organ\u00f3w Podkarpackiej Okr\u0119gowej Izby In\u017cynier\u00f3w Budownictwa w kadencji 2018\u20132022 oraz informacje o ich dzia\u0142alno\u015bci.\" \/>\n<meta name=\"robots\" content=\"index, follow, max-snippet:-1, max-image-preview:large, max-video-preview:-1\" \/>\n<link rel=\"canonical\" href=\"https:\/\/inzynier.rzeszow.pl\/index.php\/organy-pdk-oiib-kadencji-2018-2022\/\" \/>\n<meta property=\"og:locale\" content=\"pl_PL\" \/>\n<meta property=\"og:type\" content=\"article\" \/>\n<meta property=\"og:title\" content=\"Organy PDK OIIB kadencji 2018 - 2022 - Podkarpacka Okregowa Izba Inzynierow Budownictwa\" \/>\n<meta property=\"og:description\" content=\"Poznaj sk\u0142ad organ\u00f3w Podkarpackiej Okr\u0119gowej Izby In\u017cynier\u00f3w Budownictwa w kadencji 2018\u20132022 oraz informacje o ich dzia\u0142alno\u015bci.\" \/>\n<meta property=\"og:url\" content=\"https:\/\/inzynier.rzeszow.pl\/index.php\/organy-pdk-oiib-kadencji-2018-2022\/\" \/>\n<meta property=\"og:site_name\" content=\"Podkarpacka Okregowa Izba Inzynierow Budownictwa\" \/>\n<meta property=\"article:modified_time\" content=\"2026-03-15T08:58:44+00:00\" \/>\n<meta name=\"twitter:card\" content=\"summary_large_image\" \/>\n<meta name=\"twitter:label1\" content=\"Szacowany czas czytania\" \/>\n\t<meta name=\"twitter:data1\" content=\"8 minut\" \/>\n<script type=\"application\/ld+json\" class=\"yoast-schema-graph\">{\"@context\":\"https:\\\/\\\/schema.org\",\"@graph\":[{\"@type\":\"WebPage\",\"@id\":\"https:\\\/\\\/inzynier.rzeszow.pl\\\/index.php\\\/organy-pdk-oiib-kadencji-2018-2022\\\/\",\"url\":\"https:\\\/\\\/inzynier.rzeszow.pl\\\/index.php\\\/organy-pdk-oiib-kadencji-2018-2022\\\/\",\"name\":\"Organy PDK OIIB kadencji 2018 - 2022 - Podkarpacka Okregowa Izba Inzynierow Budownictwa\",\"isPartOf\":{\"@id\":\"https:\\\/\\\/inzynier.rzeszow.pl\\\/#website\"},\"datePublished\":\"2025-12-27T15:04:24+00:00\",\"dateModified\":\"2026-03-15T08:58:44+00:00\",\"description\":\"Poznaj sk\u0142ad organ\u00f3w Podkarpackiej Okr\u0119gowej Izby In\u017cynier\u00f3w Budownictwa w kadencji 2018\u20132022 oraz informacje o ich dzia\u0142alno\u015bci.\",\"breadcrumb\":{\"@id\":\"https:\\\/\\\/inzynier.rzeszow.pl\\\/index.php\\\/organy-pdk-oiib-kadencji-2018-2022\\\/#breadcrumb\"},\"inLanguage\":\"pl-PL\",\"potentialAction\":[{\"@type\":\"ReadAction\",\"target\":[\"https:\\\/\\\/inzynier.rzeszow.pl\\\/index.php\\\/organy-pdk-oiib-kadencji-2018-2022\\\/\"]}]},{\"@type\":\"BreadcrumbList\",\"@id\":\"https:\\\/\\\/inzynier.rzeszow.pl\\\/index.php\\\/organy-pdk-oiib-kadencji-2018-2022\\\/#breadcrumb\",\"itemListElement\":[{\"@type\":\"ListItem\",\"position\":1,\"name\":\"Strona g\u0142\u00f3wna\",\"item\":\"https:\\\/\\\/inzynier.rzeszow.pl\\\/\"},{\"@type\":\"ListItem\",\"position\":2,\"name\":\"Organy PDK OIIB kadencji 2018 &#8211; 2022\"}]},{\"@type\":\"WebSite\",\"@id\":\"https:\\\/\\\/inzynier.rzeszow.pl\\\/#website\",\"url\":\"https:\\\/\\\/inzynier.rzeszow.pl\\\/\",\"name\":\"Podkarpacka Okregowa Izba Inzynierow Budownictwa\",\"description\":\"\",\"potentialAction\":[{\"@type\":\"SearchAction\",\"target\":{\"@type\":\"EntryPoint\",\"urlTemplate\":\"https:\\\/\\\/inzynier.rzeszow.pl\\\/?s={search_term_string}\"},\"query-input\":{\"@type\":\"PropertyValueSpecification\",\"valueRequired\":true,\"valueName\":\"search_term_string\"}}],\"inLanguage\":\"pl-PL\"}]}<\/script>\n<!-- \/ Yoast SEO plugin. -->","yoast_head_json":{"title":"Organy PDK OIIB kadencji 2018 - 2022 - Podkarpacka Okregowa Izba Inzynierow Budownictwa","description":"Poznaj sk\u0142ad organ\u00f3w Podkarpackiej Okr\u0119gowej Izby In\u017cynier\u00f3w Budownictwa w kadencji 2018\u20132022 oraz informacje o ich dzia\u0142alno\u015bci.","robots":{"index":"index","follow":"follow","max-snippet":"max-snippet:-1","max-image-preview":"max-image-preview:large","max-video-preview":"max-video-preview:-1"},"canonical":"https:\/\/inzynier.rzeszow.pl\/index.php\/organy-pdk-oiib-kadencji-2018-2022\/","og_locale":"pl_PL","og_type":"article","og_title":"Organy PDK OIIB kadencji 2018 - 2022 - Podkarpacka Okregowa Izba Inzynierow Budownictwa","og_description":"Poznaj sk\u0142ad organ\u00f3w Podkarpackiej Okr\u0119gowej Izby In\u017cynier\u00f3w Budownictwa w kadencji 2018\u20132022 oraz informacje o ich dzia\u0142alno\u015bci.","og_url":"https:\/\/inzynier.rzeszow.pl\/index.php\/organy-pdk-oiib-kadencji-2018-2022\/","og_site_name":"Podkarpacka Okregowa Izba Inzynierow Budownictwa","article_modified_time":"2026-03-15T08:58:44+00:00","twitter_card":"summary_large_image","twitter_misc":{"Szacowany czas czytania":"8 minut"},"schema":{"@context":"https:\/\/schema.org","@graph":[{"@type":"WebPage","@id":"https:\/\/inzynier.rzeszow.pl\/index.php\/organy-pdk-oiib-kadencji-2018-2022\/","url":"https:\/\/inzynier.rzeszow.pl\/index.php\/organy-pdk-oiib-kadencji-2018-2022\/","name":"Organy PDK OIIB kadencji 2018 - 2022 - Podkarpacka Okregowa Izba Inzynierow Budownictwa","isPartOf":{"@id":"https:\/\/inzynier.rzeszow.pl\/#website"},"datePublished":"2025-12-27T15:04:24+00:00","dateModified":"2026-03-15T08:58:44+00:00","description":"Poznaj sk\u0142ad organ\u00f3w Podkarpackiej Okr\u0119gowej Izby In\u017cynier\u00f3w Budownictwa w kadencji 2018\u20132022 oraz informacje o ich dzia\u0142alno\u015bci.","breadcrumb":{"@id":"https:\/\/inzynier.rzeszow.pl\/index.php\/organy-pdk-oiib-kadencji-2018-2022\/#breadcrumb"},"inLanguage":"pl-PL","potentialAction":[{"@type":"ReadAction","target":["https:\/\/inzynier.rzeszow.pl\/index.php\/organy-pdk-oiib-kadencji-2018-2022\/"]}]},{"@type":"BreadcrumbList","@id":"https:\/\/inzynier.rzeszow.pl\/index.php\/organy-pdk-oiib-kadencji-2018-2022\/#breadcrumb","itemListElement":[{"@type":"ListItem","position":1,"name":"Strona g\u0142\u00f3wna","item":"https:\/\/inzynier.rzeszow.pl\/"},{"@type":"ListItem","position":2,"name":"Organy PDK OIIB kadencji 2018 &#8211; 2022"}]},{"@type":"WebSite","@id":"https:\/\/inzynier.rzeszow.pl\/#website","url":"https:\/\/inzynier.rzeszow.pl\/","name":"Podkarpacka Okregowa Izba Inzynierow Budownictwa","description":"","potentialAction":[{"@type":"SearchAction","target":{"@type":"EntryPoint","urlTemplate":"https:\/\/inzynier.rzeszow.pl\/?s={search_term_string}"},"query-input":{"@type":"PropertyValueSpecification","valueRequired":true,"valueName":"search_term_string"}}],"inLanguage":"pl-PL"}]}},"rttpg_featured_image_url":null,"rttpg_author":{"display_name":"admin","author_link":"https:\/\/inzynier.rzeszow.pl\/index.php\/author\/kwojcik\/"},"rttpg_comment":0,"rttpg_category":null,"rttpg_excerpt":"Organy PDK OIIB kadencji 2018 &#8211; 2022 Strona g\u0142\u00f3wna \/ Z \u017cycia izby\/ Historia izby \/ Organy PDK OIIB kadencji [&hellip;]","_links":{"self":[{"href":"https:\/\/inzynier.rzeszow.pl\/index.php\/wp-json\/wp\/v2\/pages\/1475","targetHints":{"allow":["GET"]}}],"collection":[{"href":"https:\/\/inzynier.rzeszow.pl\/index.php\/wp-json\/wp\/v2\/pages"}],"about":[{"href":"https:\/\/inzynier.rzeszow.pl\/index.php\/wp-json\/wp\/v2\/types\/page"}],"author":[{"embeddable":true,"href":"https:\/\/inzynier.rzeszow.pl\/index.php\/wp-json\/wp\/v2\/users\/1"}],"replies":[{"embeddable":true,"href":"https:\/\/inzynier.rzeszow.pl\/index.php\/wp-json\/wp\/v2\/comments?post=1475"}],"version-history":[{"count":4,"href":"https:\/\/inzynier.rzeszow.pl\/index.php\/wp-json\/wp\/v2\/pages\/1475\/revisions"}],"predecessor-version":[{"id":1481,"href":"https:\/\/inzynier.rzeszow.pl\/index.php\/wp-json\/wp\/v2\/pages\/1475\/revisions\/1481"}],"wp:attachment":[{"href":"https:\/\/inzynier.rzeszow.pl\/index.php\/wp-json\/wp\/v2\/media?parent=1475"}],"curies":[{"name":"wp","href":"https:\/\/api.w.org\/{rel}","templated":true}]}}