{"id":1444,"date":"2025-12-27T14:45:35","date_gmt":"2025-12-27T14:45:35","guid":{"rendered":"https:\/\/migracja.inzynier.rzeszow.pl\/?page_id=1444"},"modified":"2026-03-31T12:56:11","modified_gmt":"2026-03-31T11:56:11","slug":"pozostaja-w-pamieci","status":"publish","type":"page","link":"https:\/\/inzynier.rzeszow.pl\/index.php\/pozostaja-w-pamieci\/","title":{"rendered":"Pozostaj\u0105 w pami\u0119ci"},"content":{"rendered":"\t\t<div data-elementor-type=\"wp-page\" data-elementor-id=\"1444\" class=\"elementor elementor-1444\" data-elementor-post-type=\"page\">\n\t\t\t\t<div class=\"elementor-element elementor-element-c6ddcf0 e-flex e-con-boxed e-con e-parent\" data-id=\"c6ddcf0\" data-element_type=\"container\" data-e-type=\"container\" data-settings=\"{&quot;background_background&quot;:&quot;classic&quot;}\">\n\t\t\t\t\t<div class=\"e-con-inner\">\n\t\t<div class=\"elementor-element elementor-element-f90288b e-con-full e-flex e-con e-child\" data-id=\"f90288b\" data-element_type=\"container\" data-e-type=\"container\" data-settings=\"{&quot;background_background&quot;:&quot;classic&quot;}\">\n\t\t\t\t<div class=\"elementor-element elementor-element-63fce6b elementor-widget elementor-widget-heading\" data-id=\"63fce6b\" data-element_type=\"widget\" data-e-type=\"widget\" data-widget_type=\"heading.default\">\n\t\t\t\t\t<h1 class=\"elementor-heading-title elementor-size-default\">Pozostaj\u0105 w naszej pami\u0119ci<\/h1>\t\t\t\t<\/div>\n\t\t\t\t<\/div>\n\t\t\t\t\t<\/div>\n\t\t\t\t<\/div>\n\t\t<div class=\"elementor-element elementor-element-b79ae22 e-flex e-con-boxed e-con e-parent\" data-id=\"b79ae22\" data-element_type=\"container\" data-e-type=\"container\">\n\t\t\t\t\t<div class=\"e-con-inner\">\n\t\t\t\t<div class=\"elementor-element elementor-element-7249e99 elementor-widget elementor-widget-text-editor\" data-id=\"7249e99\" data-element_type=\"widget\" data-e-type=\"widget\" data-widget_type=\"text-editor.default\">\n\t\t\t\t\t\t\t\t\t<p><a href=\"https:\/\/inzynier.rzeszow.pl\">Strona g\u0142\u00f3wna <\/a>\/ \u00a0<a href=\"https:\/\/inzynier.rzeszow.pl\/index.php\/historia-izby\/\">Historia Izby<\/a> \/ <a href=\"https:\/\/inzynier.rzeszow.pl\/index.php\/pozostaja-w-pamieci\/\">Pozostaj\u0105 w pami\u0119ci<\/a><\/p>\t\t\t\t\t\t\t\t<\/div>\n\t\t\t\t\t<\/div>\n\t\t\t\t<\/div>\n\t\t<div class=\"elementor-element elementor-element-266636d e-flex e-con-boxed e-con e-parent\" data-id=\"266636d\" data-element_type=\"container\" data-e-type=\"container\">\n\t\t\t\t\t<div class=\"e-con-inner\">\n\t\t\t\t<div class=\"elementor-element elementor-element-d66e3b4 elementor-widget elementor-widget-heading\" data-id=\"d66e3b4\" data-element_type=\"widget\" data-e-type=\"widget\" data-widget_type=\"heading.default\">\n\t\t\t\t\t<h2 class=\"elementor-heading-title elementor-size-default\">Zapraszamy do przekazywania informacji dotycz\u0105cej Kole\u017canek i Koleg\u00f3w, kt\u00f3rzy odeszli.<\/h2>\t\t\t\t<\/div>\n\t\t\t\t\t<\/div>\n\t\t\t\t<\/div>\n\t\t<div class=\"elementor-element elementor-element-c5f260b e-flex e-con-boxed e-con e-parent\" data-id=\"c5f260b\" data-element_type=\"container\" data-e-type=\"container\">\n\t\t\t\t\t<div class=\"e-con-inner\">\n\t\t<div class=\"elementor-element elementor-element-dd81762 e-con-full e-flex e-con e-child\" data-id=\"dd81762\" data-element_type=\"container\" data-e-type=\"container\">\n\t\t<div class=\"elementor-element elementor-element-ac74356 e-con-full e-flex e-con e-child\" data-id=\"ac74356\" data-element_type=\"container\" data-e-type=\"container\">\n\t\t<div class=\"elementor-element elementor-element-46e7046 e-con-full e-flex e-con e-child\" data-id=\"46e7046\" data-element_type=\"container\" data-e-type=\"container\" data-settings=\"{&quot;background_background&quot;:&quot;classic&quot;}\">\n\t\t\t\t<div class=\"elementor-element elementor-element-404f235 elementor-widget__width-initial elementor-widget elementor-widget-heading\" data-id=\"404f235\" data-element_type=\"widget\" data-e-type=\"widget\" data-widget_type=\"heading.default\">\n\t\t\t\t\t<h1 class=\"elementor-heading-title elementor-size-default\">GRZEGORZ CIOCH (1955 - 2024)<\/h1>\t\t\t\t<\/div>\n\t\t\t\t<\/div>\n\t\t\t\t<\/div>\n\t\t<div class=\"elementor-element elementor-element-817a070 e-con-full e-flex e-con e-child\" data-id=\"817a070\" data-element_type=\"container\" data-e-type=\"container\">\n\t\t<div class=\"elementor-element elementor-element-e068384 e-con-full e-flex e-con e-child\" data-id=\"e068384\" data-element_type=\"container\" data-e-type=\"container\">\n\t\t<div class=\"elementor-element elementor-element-7260682 e-con-full e-flex e-con e-child\" data-id=\"7260682\" data-element_type=\"container\" data-e-type=\"container\">\n\t\t\t\t<div class=\"elementor-element elementor-element-8b0fd03 elementor-widget elementor-widget-image\" data-id=\"8b0fd03\" data-element_type=\"widget\" data-e-type=\"widget\" data-widget_type=\"image.default\">\n\t\t\t\t\t\t\t\t\t\t\t\t\t\t\t<img fetchpriority=\"high\" decoding=\"async\" width=\"450\" height=\"654\" src=\"https:\/\/inzynier.rzeszow.pl\/wp-content\/uploads\/2025\/12\/G_Cioch-1.png\" class=\"attachment-large size-large wp-image-1446\" alt=\"\" srcset=\"https:\/\/inzynier.rzeszow.pl\/wp-content\/uploads\/2025\/12\/G_Cioch-1.png 450w, https:\/\/inzynier.rzeszow.pl\/wp-content\/uploads\/2025\/12\/G_Cioch-1-206x300.png 206w\" sizes=\"(max-width: 450px) 100vw, 450px\" \/>\t\t\t\t\t\t\t\t\t\t\t\t\t\t\t<\/div>\n\t\t\t\t<\/div>\n\t\t<div class=\"elementor-element elementor-element-c9e6306 e-con-full e-flex e-con e-child\" data-id=\"c9e6306\" data-element_type=\"container\" data-e-type=\"container\">\n\t\t\t\t<div class=\"elementor-element elementor-element-a99bffd elementor-widget elementor-widget-text-editor\" data-id=\"a99bffd\" data-element_type=\"widget\" data-e-type=\"widget\" data-widget_type=\"text-editor.default\">\n\t\t\t\t\t\t\t\t\t<p>Z \u017calem informujemy, \u017ce w dniu 20 lipca 2024 roku zmar\u0142 mgr in\u017c. Grzegorz Cioch &#8211; PDK\/BK\/0154\/05.<br \/>Urodzi\u0142 si\u0119 12 marca 1955 roku w Trzcianie niedaleko Rzeszowa. Ca\u0142e swoje \u017cycie zawodowe zwi\u0105za\u0142 z kolejnictwem pracuj\u0105c na r\u00f3\u017cnych stanowiskach zwi\u0105zanych z budow\u0105 i utrzymaniem linii kolejowych, a ostatnio na stanowisku naczelnika dzia\u0142u w PKP Polskie Linie Kolejowe S.A. Czynny zawodowo, \u0142\u0105czy\u0142 prac\u0119 z aktywn\u0105 dzia\u0142alno\u015bci\u0105 na rzecz samorz\u0105du zawodowego i Stowarzyszenia In\u017cynier\u00f3w i Technik\u00f3w Komunikacji.<br \/>W kadencji 2010-2014 powo\u0142ywany do zespo\u0142\u00f3w egzaminacyjnych w PDK OIIB z rekomendacji SITK w Rzeszowie. Delegat na zjazdy okr\u0119gowe w latach: 2014-2018, cz\u0142onek OKK PDK OIIB w kadencji 2014-2018, W kadencjach 2018-2022 oraz 2022-2026 przewodniczy zespo\u0142om egzaminacyjnym w bran\u017cy kolejowej. Bra\u0142 aktywny udzia\u0142 w\u00a0pracach komisji przy weryfikowaniu i kwalifikowaniu wniosk\u00f3w, opracowaniu pyta\u0144 oraz egzaminowaniu. Koordynowa\u0142 prace zespo\u0142u w specjalno\u015bciach in\u017cynieryjnych kolejowych w zakresie:<br \/>&#8211; kolejowych obiekt\u00f3w budowlanych,<br \/>&#8211; sterowania ruchem kolejowym.<br \/>W trakcie swojej pracy zawodowej by\u0142 wielokrotnie nagradzany. M.in.: Srebrn\u0105 i Z\u0142ot\u0105 Odznak\u0105 &#8222;Przoduj\u0105cy Kolejarz&#8221;.; honorow\u0105 odznak\u0105 Ministra Infrastruktury: &#8222;Zas\u0142u\u017cony dla Kolejnictwa&#8221; (2010 r.) i Zas\u0142u\u017cony dla Transportu Rzeczypospolitej Polskiej&#8221; (2019 r.); odznaka &#8222;Zas\u0142u\u017cony dla PKP Polskie Linie Kolejowe S.A.&#8221; nadana przez Prezesa Zarz\u0105du (2017 r.).<br \/>Przez Prezydenta RP zosta\u0142 odznaczony Br\u0105zowym Krzy\u017cem Zas\u0142ugi (1997 r.).<br \/>By\u0142 tak\u017ce odznaczony Srebrn\u0105 (2001r.), Z\u0142ot\u0105 (2006 r.) i Z\u0142ot\u0105 z Diamentem Honorow\u0105 Odznak\u0105 SITK.W 2021 roku zosta\u0142 odznaczony Srebrn\u0105 Odznak\u0105 Honorow\u0105 Polskiej Izby in\u017cynier\u00f3w Budownictwa.<br \/>Lubi\u0142 czyta\u0107 ksi\u0105\u017cki, zw\u0142aszcza powie\u015bci historyczne. By\u0142 fanem siatk\u00f3wki, od 2009 roku kibicowa\u0142 Resovii Rzesz\u00f3w. Bardzo lubi\u0142\u00a0 s\u0142ucha\u0107 muzyki. Anga\u017cowa\u0142 si\u0119 na rzecz tradycji i kultury lokalnej b\u0119d\u0105c cz\u0142onkiem Grupy Obrz\u0119dowej im. Marii i J\u00f3zefa Dziedzic\u00f3w dzia\u0142aj\u0105cej przy Gminnym Centrum Kultury Sportu i Rekreacji w \u015awilczy z siedzib\u0105 w Trzcianie.<br \/>By\u0142 \u017cyczliw\u0105 osob\u0105 g\u0142\u0119bokiej wiary, o pogodnym usposobieniu zawsze ch\u0119tnym do pomocy Lubi\u0142 podr\u00f3\u017ce i wsp\u00f3lny czas z rodzin\u0105.W grudniu 2023 roku zdiagnozowano u Niego pierwszy nowotw\u00f3r, a w marcu 2024 roku kolejny. Pomimo ch\u0119ci \u017cycia i podj\u0119tej walki, nie uda\u0142o si\u0119 pokona\u0107 choroby.<br \/>Mgr in\u017c. Grzegorz Cioch<strong>\u00a0<\/strong>pozostanie w naszej pami\u0119ci jako ceniony fachowiec, dobry kolega, ch\u0119tnie dziel\u0105cy si\u0119 wiedz\u0105 z m\u0142odszymi pokoleniami.<\/p>\t\t\t\t\t\t\t\t<\/div>\n\t\t\t\t<\/div>\n\t\t\t\t<\/div>\n\t\t\t\t<\/div>\n\t\t\t\t<\/div>\n\t\t<div class=\"elementor-element elementor-element-30afa2a e-con-full e-flex e-con e-child\" data-id=\"30afa2a\" data-element_type=\"container\" data-e-type=\"container\">\n\t\t\t\t<div class=\"elementor-element elementor-element-8f31fe2 elementor-widget elementor-widget-text-editor\" data-id=\"8f31fe2\" data-element_type=\"widget\" data-e-type=\"widget\" data-widget_type=\"text-editor.default\">\n\t\t\t\t\t\t\t\t\t<p style=\"text-align: right;\">Katarzyna Broda, c\u00f3rka<br \/>Mateusz Cioch, syn<\/p>\t\t\t\t\t\t\t\t<\/div>\n\t\t\t\t<\/div>\n\t\t\t\t\t<\/div>\n\t\t\t\t<\/div>\n\t\t<div class=\"elementor-element elementor-element-40db570 e-flex e-con-boxed e-con e-parent\" data-id=\"40db570\" data-element_type=\"container\" data-e-type=\"container\">\n\t\t\t\t\t<div class=\"e-con-inner\">\n\t\t<div class=\"elementor-element elementor-element-47b8e9c e-con-full e-flex e-con e-child\" data-id=\"47b8e9c\" data-element_type=\"container\" data-e-type=\"container\">\n\t\t<div class=\"elementor-element elementor-element-a576414 e-con-full e-flex e-con e-child\" data-id=\"a576414\" data-element_type=\"container\" data-e-type=\"container\">\n\t\t<div class=\"elementor-element elementor-element-8a7a7ad e-con-full e-flex e-con e-child\" data-id=\"8a7a7ad\" data-element_type=\"container\" data-e-type=\"container\">\n\t\t<div class=\"elementor-element elementor-element-3fc5302 e-con-full e-flex e-con e-child\" data-id=\"3fc5302\" data-element_type=\"container\" data-e-type=\"container\" data-settings=\"{&quot;background_background&quot;:&quot;classic&quot;}\">\n\t\t\t\t<div class=\"elementor-element elementor-element-32f0c10 elementor-widget__width-initial elementor-widget elementor-widget-heading\" data-id=\"32f0c10\" data-element_type=\"widget\" data-e-type=\"widget\" data-widget_type=\"heading.default\">\n\t\t\t\t\t<h1 class=\"elementor-heading-title elementor-size-default\">GRZEGORZ BAJOREK (1959- 2024)<\/h1>\t\t\t\t<\/div>\n\t\t\t\t<\/div>\n\t\t\t\t<\/div>\n\t\t<div class=\"elementor-element elementor-element-77150cf e-con-full e-flex e-con e-child\" data-id=\"77150cf\" data-element_type=\"container\" data-e-type=\"container\">\n\t\t<div class=\"elementor-element elementor-element-8c4f219 e-con-full e-flex e-con e-child\" data-id=\"8c4f219\" data-element_type=\"container\" data-e-type=\"container\">\n\t\t<div class=\"elementor-element elementor-element-56db7b5 e-con-full e-flex e-con e-child\" data-id=\"56db7b5\" data-element_type=\"container\" data-e-type=\"container\">\n\t\t\t\t<div class=\"elementor-element elementor-element-c1c8d83 elementor-widget elementor-widget-image\" data-id=\"c1c8d83\" data-element_type=\"widget\" data-e-type=\"widget\" data-widget_type=\"image.default\">\n\t\t\t\t\t\t\t\t\t\t\t\t\t\t\t<img decoding=\"async\" width=\"599\" height=\"771\" src=\"https:\/\/inzynier.rzeszow.pl\/wp-content\/uploads\/2025\/12\/G_Bajorek-1.jpg\" class=\"attachment-large size-large wp-image-1447\" alt=\"\" srcset=\"https:\/\/inzynier.rzeszow.pl\/wp-content\/uploads\/2025\/12\/G_Bajorek-1.jpg 599w, https:\/\/inzynier.rzeszow.pl\/wp-content\/uploads\/2025\/12\/G_Bajorek-1-233x300.jpg 233w\" sizes=\"(max-width: 599px) 100vw, 599px\" \/>\t\t\t\t\t\t\t\t\t\t\t\t\t\t\t<\/div>\n\t\t\t\t<\/div>\n\t\t<div class=\"elementor-element elementor-element-f06b42c e-con-full e-flex e-con e-child\" data-id=\"f06b42c\" data-element_type=\"container\" data-e-type=\"container\">\n\t\t\t\t<div class=\"elementor-element elementor-element-7828ea9 elementor-widget elementor-widget-text-editor\" data-id=\"7828ea9\" data-element_type=\"widget\" data-e-type=\"widget\" data-widget_type=\"text-editor.default\">\n\t\t\t\t\t\t\t\t\t<p>Grzegorz Bajorek urodzi\u0142 si\u0119 w 1959 r. w Ja\u015ble. Uko\u0144czy\u0142 Politechnik\u0119 Rzeszowsk\u0105, a nast\u0119pnie uzyska\u0142 tytu\u0142 doktora nauk technicznych w dyscyplinie: budownictwo, w specjalno\u015bci: technologia betonu &#8211; Instytut Techniki Budowlanej. Posiada\u0142 uprawnienia budowlane w specjalno\u015bci konstrukcyjno-budowlanej oraz tytu\u0142 Rzeczoznawcy Budowlanego. Od pocz\u0105tku zwi\u0105zany z Politechnik\u0105 Rzeszowsk\u0105 jako naukowiec i wyk\u0142adowca . Od listopada 2019 roku mianowany na stanowisko profesora uczelni w Politechnice Rzeszowskiej w Katedrze Konstrukcji Budowlanych. Pe\u0142ni\u0142 funkcj\u0119 dyrektora ds. jako\u015bci oraz dyrektora ds. certyfikacji w Centrum Technologicznym.<br \/>Prowadzi\u0142 dzia\u0142alno\u015b\u0107 dydaktyczn\u0105 w zakresie przedmiot\u00f3w \u201eKonstrukcje betonowe&#8221;, \u201eNaprawy, remonty i modernizacje konstrukcji budowlanych&#8221;. By\u0142 promotorem prac dyplomowych i praktyk studenckich.<br \/>Jako cz\u0142onek Zespo\u0142u Ekspert\u00f3w Stowarzyszenia Producent\u00f3w Cementu audytuj\u0105cych producent\u00f3w cementu w ramach znaku \u201ePewny Cement&#8221; w latach 2008-2018 by\u0142 audytorem kampanii \u201eDobry Beton&#8221;<br \/>Przez wiele lat by\u0142 cz\u0142onkiem Komitetu Nauki PZITB, Komisji Normalizacji przy Stowarzyszeniu Producent\u00f3w Betonu Towarowego w Polsce oraz Komitetu Technicznego nr 274 ds. Betonu przy Polskim Komitecie Normalizacyjnym.<br \/>Kol. Grzegorz Bajorek by\u0142 przedstawicielem jednego z pierwszych laboratori\u00f3w, kt\u00f3re przy\u0142\u0105czy\u0142y si\u0119 do powstaj\u0105cej w 2019 roku przy Podkarpackim Centrum Innowacji Sieci Laboratori\u00f3w .W latach 2020-2024 sprawowa\u0142 funkcj\u0119 przewodnicz\u0105cego Rady Podkarpackiej Sieci Laboratori\u00f3w Badawczych<br \/>i Wzorcuj\u0105cych przy Podkarpackim Centrum Innowacji.<br \/>W 2022 r. G\u0142\u00f3wny Inspektor Nadzoru Budowlanego powo\u0142a\u0142 kol. Grzegorza Bajorka na cz\u0142onka Rady Wyrob\u00f3w Budowlanych.<br \/>Jako specjalista technologii betonu by\u0142 autorem i wsp\u00f3\u0142autorem wielu projekt\u00f3w, ekspertyz i opinii z zakresu budownictwa, doradztwa w zakresie zagadnie\u0144 technologicznych budownictwa, prelegentem w wielu konferencjach naukowo-technicznych z zakresu budownictwa oraz wykonawc\u0105 projekt\u00f3w badawczych dotycz\u0105cych betonu i jego sk\u0142adnik\u00f3w.<br \/>By\u0142 tak\u017ce autorem 1 monografii, wsp\u00f3\u0142autorem 4 monografii, autorem lub wsp\u00f3\u0142autorem 9 rozdzia\u0142\u00f3w w monografiach, ponad stu publikacjach naukowych lub naukowo-technicznych z zakresu budownictwa zw\u0142aszcza technologii betonu, technologii rob\u00f3t budowlanych, kontroli i zapewnienia jako\u015bci.<br \/>Z Podkarpack\u0105 OIIB zwi\u0105zany by\u0142 od pocz\u0105tku jej powstania: delegat na Okr\u0119gowe Zjazdy PDK OIIB pi\u0119ciu kadencji w latach 2002-2022, delegat na Zjazdy Krajowe PIIB, cz\u0142onek Okr\u0119gowej Rady PDK OIIB trzech kadencji w latach 2006-2018, cz\u0142onek Komisji Doskonalenia Zawodowego PDK OIIB i cz\u0142onek Zespo\u0142u d\/s Portalu trzech kadencji w latach 2002-2014.<br \/>W kadencji 2014-2018 pe\u0142ni\u0142 funkcj\u0119 Przewodnicz\u0105cego Komisji ds. Wyrob\u00f3w Budowlanych przy Radzie Krajowej Polskiej Izby In\u017cynier\u00f3w Budownictwa. Uczestniczy\u0142 z ramienia Rady Krajowej PIIB w posiedzeniach Podkomisji Infrastruktury Sejmu RP przy pracach dotycz\u0105cych nowelizacji Ustawy o wyrobach budowlanych.<br \/>Prowadzi\u0142 wyk\u0142ady w ramach szkole\u0144 organizowanych m.in. przez Podkarpack\u0105 OIIB oraz \u0141\u00f3dzk\u0105 , Ma\u0142opolsk\u0105 i Opolsk\u0105 OIIB,<br \/>Kolega Grzegorz Bajorek by\u0142 dla naszego \u015brodowiska Osob\u0105 wyj\u0105tkow\u0105. Z Jego odej\u015bciem tracimy nie tylko cenionego i szanowanego in\u017cyniera budownictwa, autorytet w dziedzinie technologii betonu, ale przede wszystkim \u017cyczliwego koleg\u0119, cz\u0142owieka z pasj\u0105 i ch\u0119ci\u0105 \u017cycia.<br \/>Za lata wsp\u00f3lnej pracy na rzecz \u015brodowiska in\u017cynier\u00f3w budownictwa dzi\u0119kuj\u0105 kole\u017canki i koledzy z PDK OIIB.<\/p>\t\t\t\t\t\t\t\t<\/div>\n\t\t\t\t<\/div>\n\t\t\t\t<\/div>\n\t\t\t\t<\/div>\n\t\t\t\t<\/div>\n\t\t\t\t<\/div>\n\t\t\t\t\t<\/div>\n\t\t\t\t<\/div>\n\t\t<div class=\"elementor-element elementor-element-b2e26de e-flex e-con-boxed e-con e-parent\" data-id=\"b2e26de\" data-element_type=\"container\" data-e-type=\"container\">\n\t\t\t\t\t<div class=\"e-con-inner\">\n\t\t<div class=\"elementor-element elementor-element-fba2df7 e-con-full e-flex e-con e-child\" data-id=\"fba2df7\" data-element_type=\"container\" data-e-type=\"container\">\n\t\t<div class=\"elementor-element elementor-element-eda717c e-con-full e-flex e-con e-child\" data-id=\"eda717c\" data-element_type=\"container\" data-e-type=\"container\">\n\t\t<div class=\"elementor-element elementor-element-c954bec e-con-full e-flex e-con e-child\" data-id=\"c954bec\" data-element_type=\"container\" data-e-type=\"container\">\n\t\t<div class=\"elementor-element elementor-element-a7a56d0 e-con-full e-flex e-con e-child\" data-id=\"a7a56d0\" data-element_type=\"container\" data-e-type=\"container\" data-settings=\"{&quot;background_background&quot;:&quot;classic&quot;}\">\n\t\t\t\t<div class=\"elementor-element elementor-element-64042a1 elementor-widget__width-initial elementor-widget elementor-widget-heading\" data-id=\"64042a1\" data-element_type=\"widget\" data-e-type=\"widget\" data-widget_type=\"heading.default\">\n\t\t\t\t\t<h1 class=\"elementor-heading-title elementor-size-default\">STANIS\u0141AW DO\u0141\u0118GOWSKI  (1955 - 2023)<\/h1>\t\t\t\t<\/div>\n\t\t\t\t<\/div>\n\t\t\t\t<\/div>\n\t\t\t\t<div class=\"elementor-element elementor-element-37c7cde elementor-widget elementor-widget-text-editor\" data-id=\"37c7cde\" data-element_type=\"widget\" data-e-type=\"widget\" data-widget_type=\"text-editor.default\">\n\t\t\t\t\t\t\t\t\t<p style=\"text-align: left;\"><em>&#8222;Im ja\u015bniej cz\u0142owiek p\u0142on\u0105\u0142 za \u017cycia, tym mocniej jego gwiazda \u015bwieci w ciemno\u015bci.&#8221;<\/em><br \/><em>George R.R.Martin<\/em><\/p>\t\t\t\t\t\t\t\t<\/div>\n\t\t<div class=\"elementor-element elementor-element-7bc1965 e-con-full e-flex e-con e-child\" data-id=\"7bc1965\" data-element_type=\"container\" data-e-type=\"container\">\n\t\t<div class=\"elementor-element elementor-element-e2e9155 e-con-full e-flex e-con e-child\" data-id=\"e2e9155\" data-element_type=\"container\" data-e-type=\"container\">\n\t\t<div class=\"elementor-element elementor-element-607ef5f e-con-full e-flex e-con e-child\" data-id=\"607ef5f\" data-element_type=\"container\" data-e-type=\"container\">\n\t\t\t\t<div class=\"elementor-element elementor-element-e1e612c elementor-widget elementor-widget-image\" data-id=\"e1e612c\" data-element_type=\"widget\" data-e-type=\"widget\" data-widget_type=\"image.default\">\n\t\t\t\t\t\t\t\t\t\t\t\t\t\t\t<img decoding=\"async\" width=\"353\" height=\"461\" src=\"https:\/\/inzynier.rzeszow.pl\/wp-content\/uploads\/2025\/12\/S_Dolegowski-1.jpg\" class=\"attachment-large size-large wp-image-1448\" alt=\"\" srcset=\"https:\/\/inzynier.rzeszow.pl\/wp-content\/uploads\/2025\/12\/S_Dolegowski-1.jpg 353w, https:\/\/inzynier.rzeszow.pl\/wp-content\/uploads\/2025\/12\/S_Dolegowski-1-230x300.jpg 230w\" sizes=\"(max-width: 353px) 100vw, 353px\" \/>\t\t\t\t\t\t\t\t\t\t\t\t\t\t\t<\/div>\n\t\t\t\t<\/div>\n\t\t<div class=\"elementor-element elementor-element-f5905ce e-con-full e-flex e-con e-child\" data-id=\"f5905ce\" data-element_type=\"container\" data-e-type=\"container\">\n\t\t\t\t<div class=\"elementor-element elementor-element-d12a4d8 elementor-widget elementor-widget-text-editor\" data-id=\"d12a4d8\" data-element_type=\"widget\" data-e-type=\"widget\" data-widget_type=\"text-editor.default\">\n\t\t\t\t\t\t\t\t\t<p>Stanis\u0142aw Do\u0142\u0119gowski urodzi\u0142 si\u0119 w dniu 22.10.1955 r. w Lubat\u00f3wce, urokliwej wiosce po\u0142o\u017conej na Podkarpaciu, w s\u0105siedztwie uzdrowiska Iwonicz Zdr\u00f3j. Uko\u0144czy\u0142 Technikum Budowlane Pa\u0144stwowych Szk\u00f3\u0142 Budownictwa w Rzeszowie, z tytu\u0142em technik budowlany o specjalno\u015bci konstrukcje stalowe w budownictwie. W 1984 r. uko\u0144czy\u0142 studia zaoczne na Politechnice Rzeszowskiej im. Ignacego \u0141ukasiewicza w Rzeszowie na Wydziale Budownictwa i In\u017cynierii \u015arodowiska (zakres: Budownictwo, specjalno\u015b\u0107: Technologia i Organizacja Budownictwa).<br \/>Od 01.09.1975 r. do 14.04.1978 r. by\u0142 zatrudniony w Rzeszowskim Przedsi\u0119biorstwie Budownictwa Przemys\u0142owego w Rzeszowie w Zarz\u0105dzie Bud\u00f3w nr 1 w Sanoku, na stanowisku technik budowy. W tym okresie od 26.04.1976 r. do 14.04.1978 r. odby\u0142 zasadnicz\u0105 s\u0142u\u017cb\u0119 wojskow\u0105. W latach od 15.05.1978 r. do 01.01.1981 r. pracowa\u0142 w Wojew\u00f3dzkiej Dyrekcji Inwestycji w Kro\u015bnie na stanowisku Starszy Referent. Nast\u0119pnie do 30.VI.1984 r. by\u0142 Inspektorem ds. Budownictwa w Podkarpackim Biurze Planowania Przestrzennego w Rzeszowie, Oddziale Zamiejscowym w Kro\u015bnie. Od 01.07.1984 r. do 1998 r. pracowa\u0142 w Urz\u0119dzie Wojew\u00f3dzkim w Kro\u015bnie, jako Starszy Inspektor Wojew\u00f3dzki, a od 1998 r. do 29.12.2020 r. w Urz\u0119dzie Wojew\u00f3dzkim w Rzeszowie, Delegaturze w Kro\u015bnie, Wydziale Infrastruktury, na stanowisku Starszy Inspektor Wojew\u00f3dzki, nast\u0119pnie G\u0142\u00f3wny Specjalista.<br \/>W 2021 roku przeszed\u0142 na emerytur\u0119 i od 04.01.2021 r. do 08.09.2023 r. by\u0142 zatrudniony na p\u00f3\u0142 etatu nadal w Podkarpackim Urz\u0119dzie Wojew\u00f3dzkim w Rzeszowie, Delegaturze w Kro\u015bnie, na stanowisku Ekspert.<br \/>Posiada\u0142 nast\u0119puj\u0105ce uprawnienia budowlane:<br \/>od 1985 r. &#8211; uprawnienia projektowe i wykonawcze bez ogranicze\u0144 w specjalno\u015bci konstrukcyjno-budowlanej;<br \/>od 1986 r. &#8211; uprawnienia projektowe (ograniczone) w specjalno\u015bci architektonicznej;<br \/>od 1993 r. &#8211; uprawnienia projektowe i wykonawcze (ograniczone) w specjalno\u015bci instalacyjno-in\u017cynieryjnej.<br \/>Przez lata pe\u0142ni\u0142 funkcje kierownika budowy, inspektora nadzoru oraz projektanta.<br \/>Stanis\u0142aw Do\u0142\u0119gowski zwi\u0105zany by\u0142 z Podkarpack\u0105 OIIB od pocz\u0105tku jej powstania: delegat na Okr\u0119gowe Zjazdy PDK OIIB, cz\u0142onek Zespo\u0142u Samopomocy Kole\u017ce\u0144skiej PDK OIIB, cz\u0142onek i wiceprzewodnicz\u0105cy Okr\u0119gowej Komisji Kwalifikacyjnej PDK OIIB, delegat na Krajowe Zjazdy PIIB. W obecnej kadencji cz\u0142onek OKK PDK OIIB oraz delegat na Okr\u0119gowe Zjazdy PDK OIIB i Krajowe Zjazdy PIIB, cz\u0142onek Krajowego S\u0105du Dyscyplinarnego.<br \/>W pi\u0105tkowy poranek 08.09.2023 r. dotar\u0142a do nas smutna wiadomo\u015b\u0107 o jego niespodziewanej \u015bmierci.<br \/>By\u0142 cz\u0142owiekiem zawsze uczynnym, gotowym by s\u0142u\u017cy\u0107 rad\u0105 innym i dobrym koleg\u0105. Bardzo trudno jest pisa\u0107 o koledze w czasie przesz\u0142ym. Trudno jest powiedzie\u0107: \u017begnaj Kolego.<\/p>\t\t\t\t\t\t\t\t<\/div>\n\t\t\t\t<\/div>\n\t\t\t\t<\/div>\n\t\t\t\t<\/div>\n\t\t\t\t<\/div>\n\t\t<div class=\"elementor-element elementor-element-4082bac e-con-full e-flex e-con e-child\" data-id=\"4082bac\" data-element_type=\"container\" data-e-type=\"container\">\n\t\t\t\t<div class=\"elementor-element elementor-element-187ab91 elementor-widget elementor-widget-text-editor\" data-id=\"187ab91\" data-element_type=\"widget\" data-e-type=\"widget\" data-widget_type=\"text-editor.default\">\n\t\t\t\t\t\t\t\t\t<p style=\"text-align: right;\">Anna D\u0105browska-Lasko\u015b<\/p>\t\t\t\t\t\t\t\t<\/div>\n\t\t\t\t<\/div>\n\t\t\t\t<\/div>\n\t\t\t\t\t<\/div>\n\t\t\t\t<\/div>\n\t\t<div class=\"elementor-element elementor-element-f71f431 e-flex e-con-boxed e-con e-parent\" data-id=\"f71f431\" data-element_type=\"container\" data-e-type=\"container\">\n\t\t\t\t\t<div class=\"e-con-inner\">\n\t\t<div class=\"elementor-element elementor-element-0feccc4 e-con-full e-flex e-con e-child\" data-id=\"0feccc4\" data-element_type=\"container\" data-e-type=\"container\">\n\t\t<div class=\"elementor-element elementor-element-6865172 e-con-full e-flex e-con e-child\" data-id=\"6865172\" data-element_type=\"container\" data-e-type=\"container\">\n\t\t<div class=\"elementor-element elementor-element-08325cd e-con-full e-flex e-con e-child\" data-id=\"08325cd\" data-element_type=\"container\" data-e-type=\"container\">\n\t\t<div class=\"elementor-element elementor-element-8fe955d e-con-full e-flex e-con e-child\" data-id=\"8fe955d\" data-element_type=\"container\" data-e-type=\"container\" data-settings=\"{&quot;background_background&quot;:&quot;classic&quot;}\">\n\t\t\t\t<div class=\"elementor-element elementor-element-40f9c98 elementor-widget__width-initial elementor-widget elementor-widget-heading\" data-id=\"40f9c98\" data-element_type=\"widget\" data-e-type=\"widget\" data-widget_type=\"heading.default\">\n\t\t\t\t\t<h1 class=\"elementor-heading-title elementor-size-default\">JERZY LECHWACKI (1948 - 2020)<\/h1>\t\t\t\t<\/div>\n\t\t\t\t<\/div>\n\t\t\t\t<\/div>\n\t\t<div class=\"elementor-element elementor-element-38531de e-con-full e-flex e-con e-child\" data-id=\"38531de\" data-element_type=\"container\" data-e-type=\"container\">\n\t\t<div class=\"elementor-element elementor-element-7c27a00 e-con-full e-flex e-con e-child\" data-id=\"7c27a00\" data-element_type=\"container\" data-e-type=\"container\">\n\t\t<div class=\"elementor-element elementor-element-f440f56 e-con-full e-flex e-con e-child\" data-id=\"f440f56\" data-element_type=\"container\" data-e-type=\"container\">\n\t\t\t\t<div class=\"elementor-element elementor-element-d8c834a elementor-widget elementor-widget-image\" data-id=\"d8c834a\" data-element_type=\"widget\" data-e-type=\"widget\" data-widget_type=\"image.default\">\n\t\t\t\t\t\t\t\t\t\t\t\t\t\t\t<img loading=\"lazy\" decoding=\"async\" width=\"795\" height=\"1024\" src=\"https:\/\/inzynier.rzeszow.pl\/wp-content\/uploads\/2026\/03\/foto-JLechwacki-1-795x1024.webp\" class=\"attachment-large size-large wp-image-8283\" alt=\"\" srcset=\"https:\/\/inzynier.rzeszow.pl\/wp-content\/uploads\/2026\/03\/foto-JLechwacki-1-795x1024.webp 795w, https:\/\/inzynier.rzeszow.pl\/wp-content\/uploads\/2026\/03\/foto-JLechwacki-1-233x300.jpg 233w, https:\/\/inzynier.rzeszow.pl\/wp-content\/uploads\/2026\/03\/foto-JLechwacki-1-768x989.webp 768w, https:\/\/inzynier.rzeszow.pl\/wp-content\/uploads\/2026\/03\/foto-JLechwacki-1-1193x1536.webp 1193w, https:\/\/inzynier.rzeszow.pl\/wp-content\/uploads\/2026\/03\/foto-JLechwacki-1-1591x2048.webp 1492w, https:\/\/inzynier.rzeszow.pl\/wp-content\/uploads\/2026\/03\/foto-JLechwacki-1.webp 1491w\" sizes=\"(max-width: 795px) 100vw, 795px\" \/>\t\t\t\t\t\t\t\t\t\t\t\t\t\t\t<\/div>\n\t\t\t\t<\/div>\n\t\t<div class=\"elementor-element elementor-element-60c0729 e-con-full e-flex e-con e-child\" data-id=\"60c0729\" data-element_type=\"container\" data-e-type=\"container\">\n\t\t\t\t<div class=\"elementor-element elementor-element-4b9c9de elementor-widget elementor-widget-text-editor\" data-id=\"4b9c9de\" data-element_type=\"widget\" data-e-type=\"widget\" data-widget_type=\"text-editor.default\">\n\t\t\t\t\t\t\t\t\t<p>Urodzi\u0142 si\u0119 13 sierpnia 1948 r. w Przemy\u015blu, jako syn ludzi ze Wschodu, kt\u00f3rzy uciekaj\u0105c przed rzezi\u0105 ukrai\u0144sk\u0105 zatrzymali si\u0119 w Przemy\u015blu. Ca\u0142ym ich maj\u0105tkiem by\u0142y rzeczy, kt\u00f3re mieli na sobie oraz godno\u015b\u0107 i honor.<br \/>Uko\u0144czy\u0142 II Liceum Og\u00f3lnokszta\u0142c\u0105ce w Przemy\u015blu, po maturze kontynuowa\u0142 nauk\u0119 uzyskuj\u0105c tytu\u0142 in\u017cyniera.<br \/>Ca\u0142e swoje \u017cycie zawodowe po\u015bwieci\u0142 budowie oraz utrzymaniu dr\u00f3g na terenie Podkarpacia, szczeg\u00f3lnie rejonu Przemy\u015bla i okolic.<br \/>Swoj\u0105 prac\u0119 zawodow\u0105 rozpocz\u0105\u0142 na stanowisku kierownika obwodu w Rejonie Dr\u00f3g Publicznych w Przemy\u015blu, nast\u0119pnie zast\u0119pcy dyrektora. Po reformie administracyjnej w 1999 roku pe\u0142ni\u0142 funkcj\u0119 kierownika rejonu dr\u00f3g krajowych w Przemy\u015blu GDDKiA Oddzia\u0142 w Rzeszowie, a\u017c do przej\u015bcia na emerytur\u0119 w 2017 roku.<br \/>Zaanga\u017cowany by\u0142 zar\u00f3wno w modernizacj\u0119 istniej\u0105cych, jak r\u00f3wnie\u017c w budow\u0119 nowych dr\u00f3g szybkiego ruchu, w tym autostrady A4 na odcinku od Rzeszowa do granicy pa\u0144stwa w Korczowej oraz obwodnic miast Radymna, Jaros\u0142awia oraz Le\u017cajska.<br \/>W ca\u0142ej swojej pracy zawodowej stara\u0142 si\u0119 utrzymywa\u0107 dobre relacje mi\u0119dzyludzkie z podleg\u0142ymi Mu pracownikami, wykonawcami, jak r\u00f3wnie\u017c ze wsp\u00f3\u0142pracuj\u0105cymi jednostkami samorz\u0105dowymi &#8211; w\u00f3jtami, burmistrzami miast oraz jednostkami policji i stra\u017cy po\u017carnej.<br \/>Zaanga\u017cowa\u0142 si\u0119 tak\u017ce w tworzenie samorz\u0105du zawodowego, jakim jest Podkarpacka Okr\u0119gowa Izba In\u017cynier\u00f3w Budownictwa, ju\u017c od pierwszej kadencji dzia\u0142a\u0142 w imieniu \u015brodowiska in\u017cynier\u00f3w z rejonu przemyskiego. By\u0142 delegatem na Zjazd PDK OIIB w latach 2002-2014, cz\u0142onkiem Okr\u0119gowej Komisji Rewizyjnej w kadencji 2002-2006, wiceprzewodnicz\u0105cym Okr\u0119gowej Komisji Rewizyjnej w kadencjach 2006-2010 oraz 2010- 2014. Za swoj\u0105 aktywn\u0105 dzia\u0142alno\u015b\u0107 samorz\u0105dow\u0105 oraz liczne zas\u0142ugi dla szeroko rozumianego budownictwa, w 2011 r. zosta\u0142 odznaczony srebrn\u0105 Odznak\u0105 Honorow\u0105 PIIB.<br \/>Prywatnie r\u00f3wnie\u017c by\u0142 \u201ecz\u0142owiekiem drogi&#8221;. Drogownictwo by\u0142o jego wielk\u0105 pasj\u0105. Jad\u0105c samochodem cz\u0119sto t\u0142umaczy\u0142 zastosowane rozwi\u0105zania komunikacyjne na danym odcinku, opowiada\u0142 o technologii, o materia\u0142ach i maszynach budowlanych. Budowa\u0142 trasy szybkiego ruchu, ale uwielbia\u0142 je\u017adzi\u0107 drogami pobocznymi. Wtedy m\u00f3g\u0142 obserwowa\u0107 przyrod\u0119, ukszta\u0142towanie terenu, to Go bardzo odpr\u0119\u017ca\u0142o. Interesowa\u0142o Go wszystko, co ma zwi\u0105zek z natur\u0105, kocha\u0142 drewno i wyroby ze sk\u00f3ry.<br \/>Kocha\u0142 ludzi, w g\u0142\u00f3wnej mierze my\u015bla\u0142 o potrzebach innych. Zawsze by\u0142 gotowy nie\u015b\u0107 pomoc. By\u0142 u\u015bmiechni\u0119ty i serdeczny. W jego s\u0142ownictwie nie by\u0142o okre\u015blenia \u201enie dam rady&#8221;, \u201enie pomog\u0119&#8221;. Rozdawa\u0142 poczucie bezpiecze\u0144stwa. Mo\u017cna by\u0142o na Nim polega\u0107 w ka\u017cdej sytuacji.<br \/>Kocha\u0142 zwierz\u0119ta, zw\u0142aszcza te porzucone, okaleczone, potr\u0105cone przez samochody. Wszystkimi si\u0119 opiekowa\u0142, leczy\u0142, karmi\u0142, znajdowa\u0142 nowy dom czy schronienie.<br \/>By\u0142 bardzo rzetelny w tym, czego si\u0119 podejmowa\u0142. Bra\u0142 ogromn\u0105 odpowiedzialno\u015b\u0107 za s\u0142owo, kt\u00f3re dawa\u0142.<br \/>Na wniosek Ministra Transportu i Gospodarki Morskiej, w 1999 r. zosta\u0142 odznaczony Srebrnym Krzy\u017cem Zas\u0142ugi za wzorowe, wyj\u0105tkowo sumienne wykonywanie obowi\u0105zk\u00f3w wynikaj\u0105cych z pracy zawodowej.<br \/>By\u0142 bardzo wierz\u0105cy. Wszystkie sprawy i ludzi powierza\u0142 Panu Bogu, zw\u0142aszcza Matce Boskiej Cz\u0119stochowskiej. Do Klasztoru w Cz\u0119stochowie pielgrzymowa\u0142 ka\u017cdego roku, od ponad 50 lat. Od czas\u00f3w licealnych, co roku prosi\u0142 Pani\u0105 Jasnog\u00f3rsk\u0105, aby dane Mu by\u0142o znowu przyjecha\u0107.<br \/>We wrze\u015bniu 2020 roku zdiagnozowano chorob\u0119 nowotworow\u0105. Do ko\u0144ca swoich dni nie chcia\u0142 si\u0119 podda\u0107 i wierzy\u0142, \u017ce pokona raka&#8230; 5 grudnia zmar\u0142. Na kilka dni przed \u015bmierci\u0105 by\u0142 jeszcze w pracy, kt\u00f3r\u0105 tymczasowo podj\u0105\u0142. Swoj\u0105 postaw\u0105 da\u0142 nam \u015bwiadectwo, \u017ce mimo trudnych okoliczno\u015bci nale\u017cy walczy\u0107 i mie\u0107 nadziej\u0119 do ostatniej chwili.<br \/>Jako c\u00f3rka czuj\u0119 ogromne dziedzictwo, jakie pozostawi\u0142 mi Tatu\u015b w spadku, bynajmniej nie materialne. Bardzo t\u0119skni\u0119.<\/p>\t\t\t\t\t\t\t\t<\/div>\n\t\t\t\t<\/div>\n\t\t\t\t<\/div>\n\t\t\t\t<\/div>\n\t\t\t\t<\/div>\n\t\t<div class=\"elementor-element elementor-element-846dbb5 e-con-full e-flex e-con e-child\" data-id=\"846dbb5\" data-element_type=\"container\" data-e-type=\"container\">\n\t\t\t\t<div class=\"elementor-element elementor-element-fba8e86 elementor-widget elementor-widget-text-editor\" data-id=\"fba8e86\" data-element_type=\"widget\" data-e-type=\"widget\" data-widget_type=\"text-editor.default\">\n\t\t\t\t\t\t\t\t\t<p style=\"text-align: right;\">Agnieszka Dymek, c\u00f3rka<\/p>\t\t\t\t\t\t\t\t<\/div>\n\t\t\t\t<\/div>\n\t\t\t\t<\/div>\n\t\t\t\t\t<\/div>\n\t\t\t\t<\/div>\n\t\t<div class=\"elementor-element elementor-element-f4f4557 e-flex e-con-boxed e-con e-parent\" data-id=\"f4f4557\" data-element_type=\"container\" data-e-type=\"container\">\n\t\t\t\t\t<div class=\"e-con-inner\">\n\t\t<div class=\"elementor-element elementor-element-3dc02ac e-con-full e-flex e-con e-child\" data-id=\"3dc02ac\" data-element_type=\"container\" data-e-type=\"container\">\n\t\t<div class=\"elementor-element elementor-element-b6a4d6f e-con-full e-flex e-con e-child\" data-id=\"b6a4d6f\" data-element_type=\"container\" data-e-type=\"container\">\n\t\t<div class=\"elementor-element elementor-element-99a55a2 e-con-full e-flex e-con e-child\" data-id=\"99a55a2\" data-element_type=\"container\" data-e-type=\"container\">\n\t\t<div class=\"elementor-element elementor-element-9d3a016 e-con-full e-flex e-con e-child\" data-id=\"9d3a016\" data-element_type=\"container\" data-e-type=\"container\" data-settings=\"{&quot;background_background&quot;:&quot;classic&quot;}\">\n\t\t\t\t<div class=\"elementor-element elementor-element-6e382ad elementor-widget__width-initial elementor-widget elementor-widget-heading\" data-id=\"6e382ad\" data-element_type=\"widget\" data-e-type=\"widget\" data-widget_type=\"heading.default\">\n\t\t\t\t\t<h1 class=\"elementor-heading-title elementor-size-default\">KAZIMIERZ REJMAN (1940 - 2020)<\/h1>\t\t\t\t<\/div>\n\t\t\t\t<\/div>\n\t\t\t\t<\/div>\n\t\t<div class=\"elementor-element elementor-element-ca54b47 e-con-full e-flex e-con e-child\" data-id=\"ca54b47\" data-element_type=\"container\" data-e-type=\"container\">\n\t\t<div class=\"elementor-element elementor-element-0271674 e-con-full e-flex e-con e-child\" data-id=\"0271674\" data-element_type=\"container\" data-e-type=\"container\">\n\t\t<div class=\"elementor-element elementor-element-6ba81d4 e-con-full e-flex e-con e-child\" data-id=\"6ba81d4\" data-element_type=\"container\" data-e-type=\"container\">\n\t\t\t\t<div class=\"elementor-element elementor-element-acc1b38 elementor-widget elementor-widget-image\" data-id=\"acc1b38\" data-element_type=\"widget\" data-e-type=\"widget\" data-widget_type=\"image.default\">\n\t\t\t\t\t\t\t\t\t\t\t\t\t\t\t<img loading=\"lazy\" decoding=\"async\" width=\"564\" height=\"712\" src=\"https:\/\/inzynier.rzeszow.pl\/wp-content\/uploads\/2026\/03\/K.Rejman.webp\" class=\"attachment-large size-large wp-image-8289\" alt=\"\" srcset=\"https:\/\/inzynier.rzeszow.pl\/wp-content\/uploads\/2026\/03\/K.Rejman.webp 564w, https:\/\/inzynier.rzeszow.pl\/wp-content\/uploads\/2026\/03\/K.Rejman-238x300.jpg 238w\" sizes=\"(max-width: 564px) 100vw, 564px\" \/>\t\t\t\t\t\t\t\t\t\t\t\t\t\t\t<\/div>\n\t\t\t\t<\/div>\n\t\t<div class=\"elementor-element elementor-element-8772f88 e-con-full e-flex e-con e-child\" data-id=\"8772f88\" data-element_type=\"container\" data-e-type=\"container\">\n\t\t\t\t<div class=\"elementor-element elementor-element-c6cbb5d elementor-widget elementor-widget-text-editor\" data-id=\"c6cbb5d\" data-element_type=\"widget\" data-e-type=\"widget\" data-widget_type=\"text-editor.default\">\n\t\t\t\t\t\t\t\t\t<p>Kazimierz Rejman urodzi\u0142 si\u0119 w G\u0142uchowie w powiecie \u0142a\u0144cuckim 24 pa\u017adziernika 1940 r. W 1958 roku uko\u0144czy\u0142 szko\u0142\u0119 \u015bredni\u0105 w Rzeszowie- tzw. \u201eBudowlank\u0119&#8221;. Zaraz po maturze bez okresu wakacji rozpocz\u0105\u0142 prac\u0119 w dzisiejszym Urz\u0119dzie Wojew\u00f3dzkim w Rzeszowie, w\u00f3wczas w Wydziale Architektury Budownictwa i Urbanistyki.<br \/>W 1970 roku uzyska\u0142 uprawnienia budowlane w specjalno\u015bci architektonicznej i konstrukcyjno- in\u017cynieryjnej do kierowania robotami budowlanymi, kt\u00f3re nast\u0119pnie rozszerzy\u0142 w 1994 roku o mo\u017cliwo\u015b\u0107 sporz\u0105dzania projekt\u00f3w w zakresie rozwi\u0105za\u0144 architektonicznych.<br \/>By\u0142 \u201erasowym urz\u0119dnikiem&#8221;, a z racji przydzielonych obowi\u0105zk\u00f3w specjalizowa\u0142 si\u0119 w uprawnieniach budowlanych, przez jego r\u0119ce przesz\u0142y tysi\u0105ce wniosk\u00f3w o nadanie uprawnie\u0144 budowlanych, kt\u00f3re sprawdza\u0142 pod wzgl\u0119dem kompletno\u015bci, prawid\u0142owo\u015bci i terminowo\u015bci z\u0142o\u017cenia. Rzesze os\u00f3b, a obecnie naszych cz\u0142onk\u00f3w, kt\u00f3rym nadano uprawnienia w urz\u0119dzie mia\u0142o styczno\u015b\u0107 z Panem Kazimierzem. W urz\u0119dzie przepracowa\u0142 ponad 40 lat.<br \/>Na mocy przepis\u00f3w &#8222;Ustawy o samorz\u0105dach zawodowych architekt\u00f3w oraz in\u017cynier\u00f3w budownictwa&#8221; z dnia 15 grudnia 2000 r., kiedy do \u017cycia powo\u0142ano nasz samorz\u0105d zawodowy i izby przej\u0119\u0142y z urz\u0119d\u00f3w kompetencje zwi\u0105zane z nadawaniem uprawie\u0144 budowlanych, Kazimierz Rejman przeszed\u0142 niejako automatycznie do pracy w Podkarpackiej Okr\u0119gowej Izbie In\u017cynier\u00f3w Budownictwa. Na postawie umowy o prac\u0119, zawartej od 1 stycznia 2003 r. z \u00f3wczesnym Przewodnicz\u0105cym Rady &#8211; dr. in\u017c. Jerzym Kerste, pracowa\u0142 na stanowisku Kierownika Biura, a\u017c do przej\u015bcia na emerytur\u0119 w 2006 roku.<br \/>Pe\u0142ni\u0105c funkcj\u0119 kierownika, sprawowa\u0142 te\u017c obowi\u0105zki zwi\u0105zanie z przebiegiem procesu nadawania decyzji w zakresie uprawnie\u0144, a tak\u017ce ich interpretacji. By\u0142 tak\u017ce wyk\u0142adowc\u0105 na kursach organizowanych przez PZITB w Rzeszowie, przygotowuj\u0105c kandydat\u00f3w do egzaminu.<br \/>Jako Kierownik Biura i przede wszystkim urz\u0119dnik \u017cyj\u0105cy prac\u0105, musia\u0142 si\u0119 niejednokrotnie zmierzy\u0107 z problemami organizacyjnymi nowo utworzonego samorz\u0105du zawodowego. Wsp\u00f3\u0142organizowa\u0142 i koordynowa\u0142 powstanie Biura PDK OIIB, wsp\u00f3\u0142przygotowa\u0142 pierwszy Zjazd Delegat\u00f3w, a tak\u017ce prac\u0119 organ\u00f3w i komisji, kt\u00f3re stworzono w ramach struktur izby. P\u00f3\u017aniej odpowiada\u0142 tak\u017ce za wydawanie naszego periodyku -\u201eBiuletynu Informacyjnego&#8221;, zbieraj\u0105c i kompletuj\u0105c materia\u0142y i wsp\u00f3\u0142pracuj\u0105c w tym zakresie z wydawnictwem.<br \/>By\u0142 cz\u0142owiekiem niezwykle rodzinnym, pomocnym, sympatycznym, towarzyskim z poczuciem humoru. Ponadto pracowitym i przestrzegaj\u0105cym norm i zasad. Charakteryzowa\u0142a Go wysoka kultura osobista, konsekwencja dzia\u0142ania i dok\u0142adno\u015b\u0107. Po prostu praca sta\u0142a si\u0119 jego \u017cyciem i pasj\u0105.<br \/>Jako osoba posiadaj\u0105ca uprawnienia budowlane by\u0142 tak\u017ce cz\u0142onkiem naszej izby. Pocz\u0105tkowo zawieszonym w prawach cz\u0142onka na w\u0142asny wniosek (w zwi\u0105zku z pe\u0142nieniem funkcji Kierownika Biura, aby wyeliminowa\u0107 mo\u017cliwy konflikt interes\u00f3w). Po przej\u015bciu na emerytur\u0119 odnowi\u0142 cz\u0142onkostwo by m\u00f3c wykonywa\u0107 samodzielne funkcje techniczne w budownictwie, wynikaj\u0105ce z tre\u015bci posiadanych uprawnie\u0144.<br \/>Ka\u017cdy dzie\u0144 zaczyna\u0142 od szklanki napoju Cola Cao, gdy\u017c jak m\u00f3wi\u0142 to dodaje mu energii do dzia\u0142ania i werwy do pracy. Pozazawodowo bardzo lubi\u0142 prac\u0119 na dzia\u0142ce, to zaj\u0119cie by\u0142o swoistym odpr\u0119\u017ceniem i form\u0105 odreagowania i odstresowania. Uwielbia\u0142 otaczaj\u0105c\u0105 przyrod\u0119 i kwiaty, kt\u00f3re osobi\u015bcie na tej dzia\u0142ce sadzi\u0142 i piel\u0119gnowa\u0142.<br \/>Zmar\u0142 4 grudnia 2020 roku, pozostawiaj\u0105c pogr\u0105\u017con\u0105 w smutku Rodzin\u0119 &#8211; \u017con\u0119 Zofi\u0119, dw\u00f3ch syn\u00f3w oraz 3 wnuk\u00f3w. Zosta\u0142 pochowany w dniu 10 grudnia na Cmentarzu Komunalnym Wilkowyja w Rzeszowie.<\/p>\t\t\t\t\t\t\t\t<\/div>\n\t\t\t\t<\/div>\n\t\t\t\t<\/div>\n\t\t\t\t<\/div>\n\t\t\t\t<\/div>\n\t\t<div class=\"elementor-element elementor-element-42a1280 e-con-full e-flex e-con e-child\" data-id=\"42a1280\" data-element_type=\"container\" data-e-type=\"container\">\n\t\t\t\t<div class=\"elementor-element elementor-element-94ecaa2 elementor-widget elementor-widget-text-editor\" data-id=\"94ecaa2\" data-element_type=\"widget\" data-e-type=\"widget\" data-widget_type=\"text-editor.default\">\n\t\t\t\t\t\t\t\t\t<p style=\"text-align: right;\">Wspomnienie przygotowano dzi\u0119ki uprzejmo\u015bci Pani Zofii Rejman<\/p>\t\t\t\t\t\t\t\t<\/div>\n\t\t\t\t<\/div>\n\t\t\t\t<\/div>\n\t\t\t\t\t<\/div>\n\t\t\t\t<\/div>\n\t\t<div class=\"elementor-element elementor-element-e40f26a e-flex e-con-boxed e-con e-parent\" data-id=\"e40f26a\" data-element_type=\"container\" data-e-type=\"container\">\n\t\t\t\t\t<div class=\"e-con-inner\">\n\t\t<div class=\"elementor-element elementor-element-ca8822d e-con-full e-flex e-con e-child\" data-id=\"ca8822d\" data-element_type=\"container\" data-e-type=\"container\">\n\t\t<div class=\"elementor-element elementor-element-3d678a2 e-con-full e-flex e-con e-child\" data-id=\"3d678a2\" data-element_type=\"container\" data-e-type=\"container\">\n\t\t<div class=\"elementor-element elementor-element-3a4ed99 e-con-full e-flex e-con e-child\" data-id=\"3a4ed99\" data-element_type=\"container\" data-e-type=\"container\">\n\t\t<div class=\"elementor-element elementor-element-817b510 e-con-full e-flex e-con e-child\" data-id=\"817b510\" data-element_type=\"container\" data-e-type=\"container\" data-settings=\"{&quot;background_background&quot;:&quot;classic&quot;}\">\n\t\t\t\t<div class=\"elementor-element elementor-element-4c12ffe elementor-widget__width-initial elementor-widget elementor-widget-heading\" data-id=\"4c12ffe\" data-element_type=\"widget\" data-e-type=\"widget\" data-widget_type=\"heading.default\">\n\t\t\t\t\t<h1 class=\"elementor-heading-title elementor-size-default\">ADAM SZALWA (1944-2020)<\/h1>\t\t\t\t<\/div>\n\t\t\t\t<\/div>\n\t\t\t\t<\/div>\n\t\t<div class=\"elementor-element elementor-element-44d16d1 e-con-full e-flex e-con e-child\" data-id=\"44d16d1\" data-element_type=\"container\" data-e-type=\"container\">\n\t\t<div class=\"elementor-element elementor-element-266036e e-con-full e-flex e-con e-child\" data-id=\"266036e\" data-element_type=\"container\" data-e-type=\"container\">\n\t\t<div class=\"elementor-element elementor-element-b649449 e-con-full e-flex e-con e-child\" data-id=\"b649449\" data-element_type=\"container\" data-e-type=\"container\">\n\t\t\t\t<div class=\"elementor-element elementor-element-728231c elementor-widget elementor-widget-image\" data-id=\"728231c\" data-element_type=\"widget\" data-e-type=\"widget\" data-widget_type=\"image.default\">\n\t\t\t\t\t\t\t\t\t\t\t\t\t\t\t<img loading=\"lazy\" decoding=\"async\" width=\"346\" height=\"482\" src=\"https:\/\/inzynier.rzeszow.pl\/wp-content\/uploads\/2025\/12\/aszalwa-1.jpg\" class=\"attachment-large size-large wp-image-1451\" alt=\"\" srcset=\"https:\/\/inzynier.rzeszow.pl\/wp-content\/uploads\/2025\/12\/aszalwa-1.jpg 346w, https:\/\/inzynier.rzeszow.pl\/wp-content\/uploads\/2025\/12\/aszalwa-1-215x300.jpg 215w\" sizes=\"(max-width: 346px) 100vw, 346px\" \/>\t\t\t\t\t\t\t\t\t\t\t\t\t\t\t<\/div>\n\t\t\t\t<\/div>\n\t\t<div class=\"elementor-element elementor-element-343e95e e-con-full e-flex e-con e-child\" data-id=\"343e95e\" data-element_type=\"container\" data-e-type=\"container\">\n\t\t\t\t<div class=\"elementor-element elementor-element-faf9817 elementor-widget elementor-widget-text-editor\" data-id=\"faf9817\" data-element_type=\"widget\" data-e-type=\"widget\" data-widget_type=\"text-editor.default\">\n\t\t\t\t\t\t\t\t\t<p>4 pa\u017adziernika 2020 roku odszed\u0142 od nas, w wieku 76 lat, kolega Adam Szalwa. D\u0142ugoletni cz\u0142onek Stowarzyszenia Elektryk\u00f3w Polskich w Oddziale Rzeszowskim.<\/p><p>Dzia\u0142alno\u015b\u0107 w SEP rozpocz\u0105\u0142 po uko\u0144czeniu Wydzia\u0142u Elektrycznego w Wy\u017cszej Szko\u0142y In\u017cynierskiej, od za\u0142o\u017cenia Ko\u0142a w Przedsi\u0119biorstwie Instalacji Budowlanych w 1970 roku. W obecnym roku mija 50 lat\u00a0 dzia\u0142alno\u015bci\u00a0 kolegi Adama w Stowarzyszeniu. Z jego inicjatywy jako prezesa Ko\u0142a w latach 70-80 ubieg\u0142ego stulecia, by\u0142 wydawany Kwartalnik informacyjny SEP, zawieraj\u0105cy nowo\u015bci techniczne dotycz\u0105ce\u00a0 szeroko poj\u0119tej elektryczno\u015bci. W 1995 roku zostaje powo\u0142any do Komisji Egzaminacyjnej do spraw nadawania uprawnie\u0144 elektrycznych, uczestniczy w zespole opracowuj\u0105cym program szkolenia przygotowuj\u0105cego kandydat\u00f3w ubiegaj\u0105cych si\u0119 o uprawnienia elektryczne i zestawy pyta\u0144 egzaminacyjnych. Jako d\u0142ugoletni dyrektor Elektromonta\u017cu Rzesz\u00f3w wspiera\u0142 dzia\u0142alno\u015b\u0107 Stowarzyszenia.<\/p><p>Dzia\u0142alno\u015b\u0107 w Zarz\u0105dzie Oddzia\u0142u Rzeszowskiego SEP rozpocz\u0105\u0142 w 1975 roku i jako cz\u0142onek Zarz\u0105du\u00a0 pracowa\u0142\u00a0 do roku 2010, w mi\u0119dzyczasie pe\u0142ni\u0105c przez trzy kadencje funkcj\u0119 prezesa Oddzia\u0142u w latach 1981-84: 1994 &#8211; 2002. Funkcje cz\u0142onka Sekcji ds. szkole\u0144, norm i przepis\u00f3w oraz uprawnie\u0144 pe\u0142ni\u0142 w latach 2010-2014. Do ko\u0144ca przewodniczy\u0142 Komisji Kwalifikacyjnej 048.<\/p><p>Za ogromny wk\u0142ad pracy w \u00a0stowarzyszeniu zosta\u0142 odznaczony odznakami honorowymi SEP: srebrn\u0105 , z\u0142ot\u0105 i szafirow\u0105 oraz odznaki NOT: srebrn\u0105, z\u0142ot\u0105 i diamentow\u0105.<\/p><p>Adam Szalwa &#8211; wiceprzewodnicz\u0105cy Rady PDK OIIB w kadencji 2002 &#8211; 2006, delegat na Zjazdy Krajowe PIIB, delegat na Zjazdy Okr\u0119gowe PDK OIIB w kadencji 2002 &#8211; 2006, 2006 &#8211; 2010.<\/p><p>Odszed\u0142 prawy cz\u0142owiek o ogromnej wiedzy i do\u015bwiadczeniu.<\/p>\t\t\t\t\t\t\t\t<\/div>\n\t\t\t\t<\/div>\n\t\t\t\t<\/div>\n\t\t\t\t<\/div>\n\t\t\t\t<\/div>\n\t\t<div class=\"elementor-element elementor-element-d0f6f63 e-con-full e-flex e-con e-child\" data-id=\"d0f6f63\" data-element_type=\"container\" data-e-type=\"container\">\n\t\t\t\t<div class=\"elementor-element elementor-element-6574e29 elementor-widget elementor-widget-text-editor\" data-id=\"6574e29\" data-element_type=\"widget\" data-e-type=\"widget\" data-widget_type=\"text-editor.default\">\n\t\t\t\t\t\t\t\t\t<p style=\"text-align: right;\">Barbara Kope\u0107<br \/>Prezes Oddzia\u0142u Rzeszowskiego Stowarzyszenia Elektryk\u00f3w Polskich<\/p>\t\t\t\t\t\t\t\t<\/div>\n\t\t\t\t<\/div>\n\t\t\t\t<\/div>\n\t\t\t\t\t<\/div>\n\t\t\t\t<\/div>\n\t\t<div class=\"elementor-element elementor-element-dc2a261 e-flex e-con-boxed e-con e-parent\" data-id=\"dc2a261\" data-element_type=\"container\" data-e-type=\"container\">\n\t\t\t\t\t<div class=\"e-con-inner\">\n\t\t<div class=\"elementor-element elementor-element-8d39c86 e-con-full e-flex e-con e-child\" data-id=\"8d39c86\" data-element_type=\"container\" data-e-type=\"container\">\n\t\t<div class=\"elementor-element elementor-element-aac36df e-con-full e-flex e-con e-child\" data-id=\"aac36df\" data-element_type=\"container\" data-e-type=\"container\">\n\t\t<div class=\"elementor-element elementor-element-f544dba e-con-full e-flex e-con e-child\" data-id=\"f544dba\" data-element_type=\"container\" data-e-type=\"container\">\n\t\t<div class=\"elementor-element elementor-element-dab62f0 e-con-full e-flex e-con e-child\" data-id=\"dab62f0\" data-element_type=\"container\" data-e-type=\"container\" data-settings=\"{&quot;background_background&quot;:&quot;classic&quot;}\">\n\t\t\t\t<div class=\"elementor-element elementor-element-d1b3e5f elementor-widget__width-initial elementor-widget elementor-widget-heading\" data-id=\"d1b3e5f\" data-element_type=\"widget\" data-e-type=\"widget\" data-widget_type=\"heading.default\">\n\t\t\t\t\t<h1 class=\"elementor-heading-title elementor-size-default\">HENRYK \u017bEGLE\u0143 (1949 - 2019)<\/h1>\t\t\t\t<\/div>\n\t\t\t\t<\/div>\n\t\t\t\t<\/div>\n\t\t<div class=\"elementor-element elementor-element-e48e93d e-con-full e-flex e-con e-child\" data-id=\"e48e93d\" data-element_type=\"container\" data-e-type=\"container\">\n\t\t<div class=\"elementor-element elementor-element-cb7845f e-con-full e-flex e-con e-child\" data-id=\"cb7845f\" data-element_type=\"container\" data-e-type=\"container\">\n\t\t<div class=\"elementor-element elementor-element-3295463 e-con-full e-flex e-con e-child\" data-id=\"3295463\" data-element_type=\"container\" data-e-type=\"container\">\n\t\t\t\t<div class=\"elementor-element elementor-element-daafb64 elementor-widget elementor-widget-image\" data-id=\"daafb64\" data-element_type=\"widget\" data-e-type=\"widget\" data-widget_type=\"image.default\">\n\t\t\t\t\t\t\t\t\t\t\t\t\t\t\t<img loading=\"lazy\" decoding=\"async\" width=\"419\" height=\"543\" src=\"https:\/\/inzynier.rzeszow.pl\/wp-content\/uploads\/2026\/03\/H.Zeglen-kopia.webp\" class=\"attachment-large size-large wp-image-8279\" alt=\"\" srcset=\"https:\/\/inzynier.rzeszow.pl\/wp-content\/uploads\/2026\/03\/H.Zeglen-kopia.webp 419w, https:\/\/inzynier.rzeszow.pl\/wp-content\/uploads\/2026\/03\/H.Zeglen-kopia-231x300.png 231w\" sizes=\"(max-width: 419px) 100vw, 419px\" \/>\t\t\t\t\t\t\t\t\t\t\t\t\t\t\t<\/div>\n\t\t\t\t<\/div>\n\t\t<div class=\"elementor-element elementor-element-07f7a9d e-con-full e-flex e-con e-child\" data-id=\"07f7a9d\" data-element_type=\"container\" data-e-type=\"container\">\n\t\t\t\t<div class=\"elementor-element elementor-element-38ea2dc elementor-widget elementor-widget-text-editor\" data-id=\"38ea2dc\" data-element_type=\"widget\" data-e-type=\"widget\" data-widget_type=\"text-editor.default\">\n\t\t\t\t\t\t\t\t\t<p>W dniu 2 maja 2019 r. odszed\u0142 od nas na wieczny spoczynek in\u017c. budownictwa l\u0105dowego \u015ap. Henryk \u017begle\u0144. Urodzi\u0142 si\u0119 w Bieczu 01 stycznia 1949 r. Po uko\u0144czeniu w 1968 r. Technikum Budowlanego w Rzeszowie podj\u0105\u0142 studia na Wydziale Budownictwa L\u0105dowego, zakres studi\u00f3w &#8211; Budownictwo Miejskie i Przemys\u0142owe \/specjalizacja: konstrukcje budowlane \/ w Wy\u017cszej Szkole In\u017cynierskiej w Opolu. Studia uko\u0144czy\u0142 w 1972 r. Otrzyma\u0142 w 1990r. uprawnienia budowlane nr GP-2-8346 &#8211; 55\/90, nadane przez Urz\u0105d Wojew\u00f3dzki w Kro\u015bnie w zakresie kierowania, nadzorowania i kontrolowania budowy i rob\u00f3t, kierowania i kontrolowania wytwarzania konstrukcyjnych element\u00f3w budowlanych, oceniania i badania stanu technicznego wszelkich budynk\u00f3w oraz innych budowli, sporz\u0105dzania wszelkich projekt\u00f3w w zakresie rozwi\u0105za\u0144 konstrukcyjno &#8211; budowlanych. By\u0142 specjalist\u0105 z zakresu szacowania nieruchomo\u015bci.<br \/>Swoje pierwsze do\u015bwiadczenie zawodowe rozpocz\u0105\u0142 w roku 1972 jako sta\u017cysta, in\u017cynier budowy, kierownik budowy, kierownik zespo\u0142u bud\u00f3w w Opolskim Przedsi\u0119biorstwie Budownictwa Miejskiego w Opolu. W latach 1975 &#8211; 1977 &#8211; pracowa\u0142 w Pa\u0144stwowym Przedsi\u0119biorstwie Rolnym w Krempnej, nast\u0119pnie w 1977-1978 w Rolniczej Sp\u00f3\u0142dzielni Produkcyjnej w Grudnej K\u0119pskiej i Bieczu na stanowiskach kierownika zak\u0142adu budowlanego. Od 1978 do 1988 r. pracowa\u0142 w Wojew\u00f3dzkim Zwi\u0105zku Rolniczych Sp\u00f3\u0142dzielni Produkcyjnych w Kro\u015bnie na stanowisku kierownika dzia\u0142u inwestycji, wiceprezesa zarz\u0105du ds. inwestycji i produkcji pozarolniczej. Od 1988 &#8211; 1991 &#8211; Przedsi\u0119biorstwo Handlowo &#8211; Us\u0142ugowe INTERPROD Sp\u00f3\u0142ka z o.o. w Kro\u015bnie &#8211; kierownik produkcji budowlanej i pomocniczej. W latach 1991 &#8211; 1997 pe\u0142ni funkcj\u0119 prezesa zarz\u0105du w Sp\u00f3\u0142dzielni Pracy HYDROBUD w Kro\u015bnie. 1998 &#8211; 2011 &#8211; Urz\u0105d Gminy Osiek Jasielski- inspektor ds. budownictwa i gospodarki komunalnej, zam\u00f3wie\u0144 publicznych, nieruchomo\u015bci. Prowadzi\u0142 jednocze\u015bnie od 1994 r. w\u0142asn\u0105 dzia\u0142alno\u015b\u0107 gospodarcz\u0105 w zakresie projektowania budowlanego, nadzor\u00f3w budowlanych, ekspertyz i opinii budowlanych, kosztorysowania rob\u00f3t budowlanych i szacowania nieruchomo\u015bci. In\u017c.. Henryk \u017begle\u0144 w latach 1991 &#8211; 2005 by\u0142 bieg\u0142ym s\u0105dowym S\u0105du Wojew\u00f3dzkiego w Kro\u015bnie i S\u0105du Okr\u0119gowego w Kro\u015bnie ds. budownictwa i szacowania nieruchomo\u015bci. W roku 2018, w wyborach bezpo\u015brednich, zosta\u0142 wybrany na delegata Powiatu jasielskiego na Zjazdy Podkarpackiej Okr\u0119gowej Izby In\u017cynier\u00f3w Budownictwa w Rzeszowie.<br \/>W trakcie Zjazdu Delegat\u00f3w kadencji 2018 &#8211; 2022, zosta\u0142 powo\u0142any do pe\u0142nienia funkcji Okr\u0119gowego Rzecznika Odpowiedzialno\u015bci Zawodowej PDK OIIB w Rzeszowie. W zmar\u0142ym tracimy \u015bwietnego fachowca, niezwykle prawego, wspania\u0142ego Koleg\u0119 i Przyjaciela.<\/p>\t\t\t\t\t\t\t\t<\/div>\n\t\t\t\t<\/div>\n\t\t\t\t<\/div>\n\t\t\t\t<\/div>\n\t\t\t\t<\/div>\n\t\t\t\t<\/div>\n\t\t\t\t\t<\/div>\n\t\t\t\t<\/div>\n\t\t<div class=\"elementor-element elementor-element-378492d e-flex e-con-boxed e-con e-parent\" data-id=\"378492d\" data-element_type=\"container\" data-e-type=\"container\">\n\t\t\t\t\t<div class=\"e-con-inner\">\n\t\t<div class=\"elementor-element elementor-element-69d7d9a e-con-full e-flex e-con e-child\" data-id=\"69d7d9a\" data-element_type=\"container\" data-e-type=\"container\">\n\t\t<div class=\"elementor-element elementor-element-54956e1 e-con-full e-flex e-con e-child\" data-id=\"54956e1\" data-element_type=\"container\" data-e-type=\"container\">\n\t\t<div class=\"elementor-element elementor-element-72738a9 e-con-full e-flex e-con e-child\" data-id=\"72738a9\" data-element_type=\"container\" data-e-type=\"container\">\n\t\t<div class=\"elementor-element elementor-element-1afc167 e-con-full e-flex e-con e-child\" data-id=\"1afc167\" data-element_type=\"container\" data-e-type=\"container\" data-settings=\"{&quot;background_background&quot;:&quot;classic&quot;}\">\n\t\t\t\t<div class=\"elementor-element elementor-element-b9dcc1a elementor-widget__width-initial elementor-widget elementor-widget-heading\" data-id=\"b9dcc1a\" data-element_type=\"widget\" data-e-type=\"widget\" data-widget_type=\"heading.default\">\n\t\t\t\t\t<h1 class=\"elementor-heading-title elementor-size-default\">MAREK \u0141OSIEWICZ (1951-2019)<\/h1>\t\t\t\t<\/div>\n\t\t\t\t<\/div>\n\t\t\t\t<\/div>\n\t\t<div class=\"elementor-element elementor-element-53684fe e-con-full e-flex e-con e-child\" data-id=\"53684fe\" data-element_type=\"container\" data-e-type=\"container\">\n\t\t<div class=\"elementor-element elementor-element-4039515 e-con-full e-flex e-con e-child\" data-id=\"4039515\" data-element_type=\"container\" data-e-type=\"container\">\n\t\t<div class=\"elementor-element elementor-element-cfbb1db e-con-full e-flex e-con e-child\" data-id=\"cfbb1db\" data-element_type=\"container\" data-e-type=\"container\">\n\t\t\t\t<div class=\"elementor-element elementor-element-69240fc elementor-widget elementor-widget-image\" data-id=\"69240fc\" data-element_type=\"widget\" data-e-type=\"widget\" data-widget_type=\"image.default\">\n\t\t\t\t\t\t\t\t\t\t\t\t\t\t\t<img loading=\"lazy\" decoding=\"async\" width=\"472\" height=\"651\" src=\"https:\/\/inzynier.rzeszow.pl\/wp-content\/uploads\/2026\/03\/Losiewiczkopia.webp\" class=\"attachment-large size-large wp-image-8280\" alt=\"\" srcset=\"https:\/\/inzynier.rzeszow.pl\/wp-content\/uploads\/2026\/03\/Losiewiczkopia.webp 472w, https:\/\/inzynier.rzeszow.pl\/wp-content\/uploads\/2026\/03\/Losiewiczkopia-218x300.png 218w\" sizes=\"(max-width: 472px) 100vw, 472px\" \/>\t\t\t\t\t\t\t\t\t\t\t\t\t\t\t<\/div>\n\t\t\t\t<\/div>\n\t\t<div class=\"elementor-element elementor-element-d71b06e e-con-full e-flex e-con e-child\" data-id=\"d71b06e\" data-element_type=\"container\" data-e-type=\"container\">\n\t\t\t\t<div class=\"elementor-element elementor-element-dfbb74c elementor-widget elementor-widget-text-editor\" data-id=\"dfbb74c\" data-element_type=\"widget\" data-e-type=\"widget\" data-widget_type=\"text-editor.default\">\n\t\t\t\t\t\t\t\t\t<p>Dnia 1- go marca 2019 r. odszed\u0142 od nas in\u017c. Marek \u0141osiewicz cz\u0142onek PDK OIIB, Delegat na Zjazd Okr\u0119gowy, Zast\u0119pca Przewodnicz\u0105cego Komisji Rewizyjnej.<br \/>Marek \u0141osiewicz, urodzony 25 kwietnia 1951 roku w Rzeszowie uko\u0144czy\u0142 I Liceum Og\u00f3lnokszta\u0142c\u0105ce w Rzeszowie i studia in\u017cynierskie na \u00f3wczesnej WSI &#8211; obecnej Politechnice Rzeszowskiej.<\/p><p>Od lat 80-tych zwi\u0105zany by\u0142 z prac\u0105 w dziedzinie budownictwa w kraju i za granic\u0105, wyje\u017cd\u017caj\u0105c w 1989 roku do Melbourne w\u00a0 Australii, \u00a0a w 1992 roku do niemieckiego Frankfurtu. Po powrocie do Polski podj\u0105\u0142 prac\u0119 w sp\u00f3\u0142dzielczo\u015bci mieszkaniowej, gdzie pracowa\u0142 do emerytury, przez ostatnie 25 lat, jako wiceprezes Sp\u00f3\u0142dzielni Zodiak w Rzeszowie (wcze\u015bniejsza nazwa Sp\u00f3\u0142dzielnia Mieszkaniowa Lokatorsko-W\u0142asno\u015bciowa), wcze\u015bniej w Rzeszowskiej Sp\u00f3\u0142dzielni Mieszkaniowej. Przez te lata uczestniczy\u0142 w dziesi\u0105tkach szkole\u0144 i kurs\u00f3w zyskuj\u0105c dodatkowe uprawnienia, kt\u00f3re bezpo\u015brednio m\u00f3g\u0142 wykorzysta\u0107 w pracy zawodowej. By\u0142 wsp\u00f3\u0142tw\u00f3rc\u0105 powstania najwi\u0119kszych rzeszowskich osiedli tj. Osiedla Nowe Miasto, Pobitno, Paderewskiego, Kr\u00f3la Augusta, Jab\u0142o\u0144skiego czy ostatnio powsta\u0142e Staromie\u015bcie Ogrody. W latach aktywnej pracy w Sp\u00f3\u0142dzielni otrzyma\u0142 kilka nagr\u00f3d budowlanych, jedna z najwa\u017cniejszych to Nagroda Budowa Podkarpacia &#8211; najwi\u0119ksza wtedy instalacja solarna na budynku mieszkalnym w kraju.<\/p><p>Nale\u017ca\u0142 do organizacji zwi\u0105zanych z budownictwem mi\u0119dzy innymi do Ma\u0142opolskiego Zwi\u0105zku Rewizyjnego Sp\u00f3\u0142dzielni Mieszkaniowych, Porozumienia Sp\u00f3\u0142dzielni Mieszkaniowych czy Podkarpackiej Okr\u0119gowej Izby In\u017cynier\u00f3w Budownictwa, gdzie pe\u0142ni\u0142 funkcj\u0119 Zast\u0119pcy Przewodnicz\u0105cego Komisji Rewizyjnej.<\/p><p>\u017byciow\u0105 pasj\u0105 Marka by\u0142a muzyka, a ukochanym instrumentem gitara. Wyst\u0119powa\u0142 na scenach bluesowych, w roku 1997 nagra\u0142 p\u0142yt\u0119 ze swoim zespo\u0142em, gra\u0142 r\u00f3wnie\u017c, jako muzyk etatowy w rzeszowskiej Klubowej i Piekie\u0142ku. Czas wolny sp\u0119dza\u0142 aktywnie- du\u017co p\u0142ywa\u0142 i je\u017adzi\u0142 na nartach. Bardzo interesowa\u0142 si\u0119 sportem, a jego ulubione dyscypliny to \u017cu\u017cel i boks. Zawsze u\u015bmiechni\u0119ty, gotowy na bezinteresown\u0105 pomoc innym, w bardzo dobrych relacjach z lud\u017ami.<\/p><p>Tak Go zapami\u0119tamy.<\/p>\t\t\t\t\t\t\t\t<\/div>\n\t\t\t\t<\/div>\n\t\t\t\t<\/div>\n\t\t\t\t<\/div>\n\t\t\t\t<\/div>\n\t\t<div class=\"elementor-element elementor-element-1f70ec2 e-con-full e-flex e-con e-child\" data-id=\"1f70ec2\" data-element_type=\"container\" data-e-type=\"container\">\n\t\t\t\t<div class=\"elementor-element elementor-element-c3fe7e0 elementor-widget elementor-widget-text-editor\" data-id=\"c3fe7e0\" data-element_type=\"widget\" data-e-type=\"widget\" data-widget_type=\"text-editor.default\">\n\t\t\t\t\t\t\t\t\t<p style=\"text-align: right;\">Autor: Maciej \u0141osiewicz<\/p>\t\t\t\t\t\t\t\t<\/div>\n\t\t\t\t<\/div>\n\t\t\t\t<\/div>\n\t\t\t\t\t<\/div>\n\t\t\t\t<\/div>\n\t\t<div class=\"elementor-element elementor-element-641074d e-flex e-con-boxed e-con e-parent\" data-id=\"641074d\" data-element_type=\"container\" data-e-type=\"container\">\n\t\t\t\t\t<div class=\"e-con-inner\">\n\t\t<div class=\"elementor-element elementor-element-071b8f7 e-con-full e-flex e-con e-child\" data-id=\"071b8f7\" data-element_type=\"container\" data-e-type=\"container\">\n\t\t<div class=\"elementor-element elementor-element-5fa46c7 e-con-full e-flex e-con e-child\" data-id=\"5fa46c7\" data-element_type=\"container\" data-e-type=\"container\">\n\t\t<div class=\"elementor-element elementor-element-8108b9b e-con-full e-flex e-con e-child\" data-id=\"8108b9b\" data-element_type=\"container\" data-e-type=\"container\">\n\t\t<div class=\"elementor-element elementor-element-cc10522 e-con-full e-flex e-con e-child\" data-id=\"cc10522\" data-element_type=\"container\" data-e-type=\"container\" data-settings=\"{&quot;background_background&quot;:&quot;classic&quot;}\">\n\t\t\t\t<div class=\"elementor-element elementor-element-e5a9d35 elementor-widget__width-initial elementor-widget elementor-widget-heading\" data-id=\"e5a9d35\" data-element_type=\"widget\" data-e-type=\"widget\" data-widget_type=\"heading.default\">\n\t\t\t\t\t<h1 class=\"elementor-heading-title elementor-size-default\">WIES\u0141AW KANIA (1970-2019)<\/h1>\t\t\t\t<\/div>\n\t\t\t\t<\/div>\n\t\t\t\t<\/div>\n\t\t<div class=\"elementor-element elementor-element-93b87d7 e-con-full e-flex e-con e-child\" data-id=\"93b87d7\" data-element_type=\"container\" data-e-type=\"container\">\n\t\t<div class=\"elementor-element elementor-element-438a6e6 e-con-full e-flex e-con e-child\" data-id=\"438a6e6\" data-element_type=\"container\" data-e-type=\"container\">\n\t\t<div class=\"elementor-element elementor-element-a37760e e-con-full e-flex e-con e-child\" data-id=\"a37760e\" data-element_type=\"container\" data-e-type=\"container\">\n\t\t\t\t<div class=\"elementor-element elementor-element-b19d04a elementor-widget elementor-widget-image\" data-id=\"b19d04a\" data-element_type=\"widget\" data-e-type=\"widget\" data-widget_type=\"image.default\">\n\t\t\t\t\t\t\t\t\t\t\t\t\t\t\t<img loading=\"lazy\" decoding=\"async\" width=\"787\" height=\"1024\" src=\"https:\/\/inzynier.rzeszow.pl\/wp-content\/uploads\/2026\/03\/W_Kania_kopia-787x1024.webp\" class=\"attachment-large size-large wp-image-8281\" alt=\"\" srcset=\"https:\/\/inzynier.rzeszow.pl\/wp-content\/uploads\/2026\/03\/W_Kania_kopia-787x1024.webp 787w, https:\/\/inzynier.rzeszow.pl\/wp-content\/uploads\/2026\/03\/W_Kania_kopia-230x300.jpg 230w, https:\/\/inzynier.rzeszow.pl\/wp-content\/uploads\/2026\/03\/W_Kania_kopia-768x1000.webp 768w, https:\/\/inzynier.rzeszow.pl\/wp-content\/uploads\/2026\/03\/W_Kania_kopia-1180x1536.webp 1180w, https:\/\/inzynier.rzeszow.pl\/wp-content\/uploads\/2026\/03\/W_Kania_kopia.webp 1475w\" sizes=\"(max-width: 787px) 100vw, 787px\" \/>\t\t\t\t\t\t\t\t\t\t\t\t\t\t\t<\/div>\n\t\t\t\t<\/div>\n\t\t<div class=\"elementor-element elementor-element-b1952b4 e-con-full e-flex e-con e-child\" data-id=\"b1952b4\" data-element_type=\"container\" data-e-type=\"container\">\n\t\t\t\t<div class=\"elementor-element elementor-element-caa6059 elementor-widget elementor-widget-text-editor\" data-id=\"caa6059\" data-element_type=\"widget\" data-e-type=\"widget\" data-widget_type=\"text-editor.default\">\n\t\t\t\t\t\t\t\t\t<p>Urodzi\u0142 si\u0119 16 maja 1970 r. w D\u0119bicy. Dzieci\u0144stwo i m\u0142odo\u015b\u0107 sp\u0119dzi\u0142 w Zawadzie k. D\u0119bicy. W roku 1990 sko\u0144czy\u0142 Technikum Ch\u0142odnicze w D\u0119bicy i podj\u0105\u0142 dalsz\u0105 nauk\u0119 na wydziale Budownictwa Politechniki Rzeszowskiej. Po uko\u0144czeniu studi\u00f3w w 1995 roku pr\u00f3bowa\u0142 swoich si\u0142 w ma\u0142ych firmach, jako projektant. W roku 1997 utworzy\u0142 biuro projektowe, przez d\u0142ugie lata we wsp\u00f3\u0142pracy z przyjacielem ze studi\u00f3w, p\u00f3\u017aniej w pojedynk\u0119. Firma dzia\u0142a do dzi\u015b. Projektowa\u0142 m.in. Galeri\u0119 D\u0119bick\u0105, Galeri\u0119 Rynek w Tomaszowie Lubelskim, a ostatnio kompleks uzdrowiskowy Latoszyn-Zdr\u00f3j. Od roku 2013 piastowa\u0142 stanowisko Dyrektora Wydzia\u0142u Architektury i Budownictwa w Starostwie Powiatowym w D\u0119bicy. By\u0142 r\u00f3wnie\u017c Prezesem Ruchu Integracji Spo\u0142ecznej, dzia\u0142aj\u0105cego na rzecz mieszka\u0144c\u00f3w powiatu d\u0119bickiego. Dzia\u0142a\u0142 te\u017c na rzecz samorz\u0105du zawodowego, jako delegat z powiatu d\u0119bickiego na Zjazd Okr\u0119gowy i cz\u0142onek Rady PDK OIIB. Prywatnie by\u0142 bardzo dobrym cz\u0142owiekiem, uwielbia\u0142 podr\u00f3\u017ce i g\u00f3ry. Bieszczady to jego pasja, a Tatry ma\u0142e wyzwania. By\u0142 bardzo weso\u0142ym cz\u0142owiekiem, du\u017co \u015bpiewa\u0142, gra\u0142 na gitarze basowej. Mia\u0142 mn\u00f3stwo r\u00f3\u017cnych zainteresowa\u0144 i bardzo du\u017co przyjaci\u00f3\u0142 i znajomych. Interesowa\u0142 si\u0119 histori\u0105, szczeg\u00f3lnie okresem II wojny \u015bwiatowej. Lubi\u0142 te\u017c gotowa\u0107. Bardzo kocha\u0142 \u017cycie.<\/p>\t\t\t\t\t\t\t\t<\/div>\n\t\t\t\t<\/div>\n\t\t\t\t<\/div>\n\t\t\t\t<\/div>\n\t\t\t\t<\/div>\n\t\t<div class=\"elementor-element elementor-element-8f01a1e e-con-full e-flex e-con e-child\" data-id=\"8f01a1e\" data-element_type=\"container\" data-e-type=\"container\">\n\t\t\t\t<div class=\"elementor-element elementor-element-de04893 elementor-widget elementor-widget-text-editor\" data-id=\"de04893\" data-element_type=\"widget\" data-e-type=\"widget\" data-widget_type=\"text-editor.default\">\n\t\t\t\t\t\t\t\t\t<p style=\"text-align: right;\">Agnieszka Kania\u00a0<\/p>\t\t\t\t\t\t\t\t<\/div>\n\t\t\t\t<\/div>\n\t\t\t\t<\/div>\n\t\t\t\t\t<\/div>\n\t\t\t\t<\/div>\n\t\t<div class=\"elementor-element elementor-element-9aa8afa e-flex e-con-boxed e-con e-parent\" data-id=\"9aa8afa\" data-element_type=\"container\" data-e-type=\"container\">\n\t\t\t\t\t<div class=\"e-con-inner\">\n\t\t<div class=\"elementor-element elementor-element-d647a0e e-con-full e-flex e-con e-child\" data-id=\"d647a0e\" data-element_type=\"container\" data-e-type=\"container\">\n\t\t<div class=\"elementor-element elementor-element-8fd2a98 e-con-full e-flex e-con e-child\" data-id=\"8fd2a98\" data-element_type=\"container\" data-e-type=\"container\">\n\t\t<div class=\"elementor-element elementor-element-1d53b08 e-con-full e-flex e-con e-child\" data-id=\"1d53b08\" data-element_type=\"container\" data-e-type=\"container\">\n\t\t<div class=\"elementor-element elementor-element-798321d e-con-full e-flex e-con e-child\" data-id=\"798321d\" data-element_type=\"container\" data-e-type=\"container\" data-settings=\"{&quot;background_background&quot;:&quot;classic&quot;}\">\n\t\t\t\t<div class=\"elementor-element elementor-element-90e129e elementor-widget__width-initial elementor-widget elementor-widget-heading\" data-id=\"90e129e\" data-element_type=\"widget\" data-e-type=\"widget\" data-widget_type=\"heading.default\">\n\t\t\t\t\t<h1 class=\"elementor-heading-title elementor-size-default\">LEON MAZUR (1948 -2019)<\/h1>\t\t\t\t<\/div>\n\t\t\t\t<\/div>\n\t\t\t\t<\/div>\n\t\t<div class=\"elementor-element elementor-element-e183481 e-con-full e-flex e-con e-child\" data-id=\"e183481\" data-element_type=\"container\" data-e-type=\"container\">\n\t\t<div class=\"elementor-element elementor-element-6816123 e-con-full e-flex e-con e-child\" data-id=\"6816123\" data-element_type=\"container\" data-e-type=\"container\">\n\t\t<div class=\"elementor-element elementor-element-5b38dfa e-con-full e-flex e-con e-child\" data-id=\"5b38dfa\" data-element_type=\"container\" data-e-type=\"container\">\n\t\t\t\t<div class=\"elementor-element elementor-element-0aeac07 elementor-widget elementor-widget-image\" data-id=\"0aeac07\" data-element_type=\"widget\" data-e-type=\"widget\" data-widget_type=\"image.default\">\n\t\t\t\t\t\t\t\t\t\t\t\t\t\t\t<img loading=\"lazy\" decoding=\"async\" width=\"792\" height=\"1024\" src=\"https:\/\/inzynier.rzeszow.pl\/wp-content\/uploads\/2026\/03\/Mazur_Leon-792x1024.webp\" class=\"attachment-large size-large wp-image-8291\" alt=\"\" srcset=\"https:\/\/inzynier.rzeszow.pl\/wp-content\/uploads\/2026\/03\/Mazur_Leon-792x1024.webp 792w, https:\/\/inzynier.rzeszow.pl\/wp-content\/uploads\/2026\/03\/Mazur_Leon-232x300.jpg 232w, https:\/\/inzynier.rzeszow.pl\/wp-content\/uploads\/2026\/03\/Mazur_Leon-768x993.webp 768w, https:\/\/inzynier.rzeszow.pl\/wp-content\/uploads\/2026\/03\/Mazur_Leon.webp 819w\" sizes=\"(max-width: 792px) 100vw, 792px\" \/>\t\t\t\t\t\t\t\t\t\t\t\t\t\t\t<\/div>\n\t\t\t\t<\/div>\n\t\t<div class=\"elementor-element elementor-element-ffb1355 e-con-full e-flex e-con e-child\" data-id=\"ffb1355\" data-element_type=\"container\" data-e-type=\"container\">\n\t\t\t\t<div class=\"elementor-element elementor-element-d087104 elementor-widget elementor-widget-text-editor\" data-id=\"d087104\" data-element_type=\"widget\" data-e-type=\"widget\" data-widget_type=\"text-editor.default\">\n\t\t\t\t\t\t\t\t\t<p>W dniu 06.02.2019 r. odszed\u0142 od nas na wieczn\u0105 s\u0142u\u017cb\u0119 Kolega in\u017cynier budownictwa l\u0105dowego Leon Mazur.<br \/>Urodzony 29.09.1948 r. w Mielcu. Po uko\u0144czeniu Technikum Mechanicznego jako absolwent podj\u0105\u0142 prac\u0119 w WSK-PZL Mielec na stanowisku konstruktora przy wdra\u017caniu do produkcji samolotu rolniczego M-15. By\u0142 cenionym pracownikiem &#8211; wsp\u00f3\u0142autorem wielu wniosk\u00f3w racjonalizatorskich.<br \/>R\u00f3wnocze\u015bnie jako m\u0142ody cz\u0142owiek anga\u017cowa\u0142 si\u0119 w \u017cyciu miejscowej spo\u0142eczno\u015bci, by\u0142 inspiratorem i organizatorem wielu spotka\u0144 i imprez m\u0142odzie\u017cowych w gminie Cyranka i powiecie mieleckim. Sprawdzi\u0142 si\u0119 tak\u017ce jako oddany i aktywny stra\u017cak, cz\u0142onek Ochotniczej Stra\u017cy Po\u017carnej w miejscowo\u015bci Cyranka \/obecnie jedna z dzielnic Mielca\/.Pracuj\u0105c jako inspektor nadzoru budowlanego w Dziale Inwestycji Przemys\u0142owych WSK-PZL Mielec, studiowa\u0142 zaocznie i uko\u0144czy\u0142 studia wy\u017csze \/zawodowe\/ w zakresie Budownictwa L\u0105dowego-specjalno\u015b\u0107: Budownictwo Miejskie i Przemys\u0142owe na Wydziale Budownictwa L\u0105dowego Politechniki Krakowskiej. Dyplom-In\u017cyniera Budownictwa L\u0105dowego uzyska\u0142 5 pa\u017adziernika 1977r. W tym okresie uczestniczy\u0142 w pracach projektowych sztucznego o\u015bwietlenia p\u0142yty g\u0142\u00f3wnej na stadionie sportowym FKS PZL \u201eStal&#8221; Mielec.<br \/>Od roku 1979 prowadzi\u0142 rozbudow\u0119 Huty Szk\u0142a Sandomierz, a po zako\u0144czeniu rozbudowy, zosta\u0142 przyj\u0119ty do PSS-Mielec \/Powszechna Sp\u00f3\u0142dzielnia Spo\u017cywc\u00f3w\/ gdzie decyzj\u0105 Zarz\u0105du powo\u0142any zosta\u0142 na stanowisko wiceprezesa d\/s budownictwa. Funkcj\u0119 t\u0119 piastowa\u0142 przez wiele lat &#8211; przyczyni\u0142 si\u0119 w tym czasie do budowy obiekt\u00f3w: masarnia, piekarnia, ciastkarnia, obiekty handlowe.<br \/>Nast\u0119pnym etapem jego \u017cycia zawodowego by\u0142a praca w Urz\u0119dzie Gminy i Miasta Baran\u00f3w Sandomierski na stanowisku z-cy burmistrza d\/s Inwestycji. Sprawdzi\u0142 si\u0119 tak\u017ce na tym stanowisku. Mi\u0119dzy innymi wprowadzi\u0142 w \u00f3wczesnym czasie tak\u017ce komputeryzacj\u0119 niekt\u00f3rych prac w urz\u0119dzie.<br \/>Po utworzeniu SSE Mielec \/Specjalna Strefa Ekonomiczna\/ pracowa\u0142 jako inspektor nadzoru budowlanego w jednej z pierwszych zarejestrowanych firm w SSE Mielec -firma Melnox, potem Melnox-Kronowood, sk\u0105d w okresie transformacji naszego pa\u0144stwa zosta\u0142 powo\u0142any na Powiatowego Inspektora Nadzoru Budowlanego w Mielcu. Urz\u0105d ten tworzy\u0142, organizowa\u0142 oraz by\u0142 jego kierownikiem a\u017c do przej\u015bcia na rent\u0119 i emerytur\u0119. B\u0119d\u0105c na rencie-emeryturze projektowa\u0142 i prowadzi\u0142 jako prace zlecone wiele bud\u00f3w na terenie Mielca i powiatu mieleckiego. Wed\u0142ug jego projekt\u00f3w powsta\u0142y hale produkcyjne i magazynowe. Najwa\u017cniejsze z nich to: hale Autopart, Stamet, Stalmax, Eko-Bogdan i inne. Zaprojektowa\u0142 wiele obiekt\u00f3w u\u017cyteczno\u015bci handlowej i publicznej na terenie powiatu mieleckiego: przedszkola, sklepy, stadiony, boiska sportowe. Opracowywa\u0142 i prowadzi\u0142 budow\u0119 budynk\u00f3w indywidualnych na terenie naszego i s\u0105siednich powiat\u00f3w.<br \/>Jako cz\u0142onek LOK \/Liga Obrony Kraju\/, by\u0142 przez wiele lat instruktorem nauki jazdy. Bra\u0142 udzia\u0142 w projektowaniu Strzelnicy Sportowej w Mielcu, jednej z niewielu w wojew\u00f3dztwie podkarpackim o d\u0142ugo\u015bci 100 metr\u00f3w.<br \/>Odszed\u0142 zatem z naszego grona tw\u00f3rczy, prawy, pracowity, wspania\u0142y Kolega i Przyjaciel wielu z nas. Znakomity fachowiec, in\u017cynier Budownictwa L\u0105dowego. Cze\u015b\u0107 Jego pami\u0119ci.<\/p>\t\t\t\t\t\t\t\t<\/div>\n\t\t\t\t<\/div>\n\t\t\t\t<\/div>\n\t\t\t\t<\/div>\n\t\t\t\t<\/div>\n\t\t<div class=\"elementor-element elementor-element-b4ee233 e-con-full e-flex e-con e-child\" data-id=\"b4ee233\" data-element_type=\"container\" data-e-type=\"container\">\n\t\t\t\t<div class=\"elementor-element elementor-element-6f1a521 elementor-widget elementor-widget-text-editor\" data-id=\"6f1a521\" data-element_type=\"widget\" data-e-type=\"widget\" data-widget_type=\"text-editor.default\">\n\t\t\t\t\t\t\t\t\t<p style=\"text-align: right;\">Wspomnienie napisa\u0142 J\u00f3zef Bryl.<\/p>\t\t\t\t\t\t\t\t<\/div>\n\t\t\t\t<\/div>\n\t\t\t\t<\/div>\n\t\t\t\t\t<\/div>\n\t\t\t\t<\/div>\n\t\t<div class=\"elementor-element elementor-element-da833ab e-flex e-con-boxed e-con e-parent\" data-id=\"da833ab\" data-element_type=\"container\" data-e-type=\"container\">\n\t\t\t\t\t<div class=\"e-con-inner\">\n\t\t<div class=\"elementor-element elementor-element-bffb59a e-con-full e-flex e-con e-child\" data-id=\"bffb59a\" data-element_type=\"container\" data-e-type=\"container\">\n\t\t<div class=\"elementor-element elementor-element-b7cf6fa e-con-full e-flex e-con e-child\" data-id=\"b7cf6fa\" data-element_type=\"container\" data-e-type=\"container\">\n\t\t<div class=\"elementor-element elementor-element-e7103fd e-con-full e-flex e-con e-child\" data-id=\"e7103fd\" data-element_type=\"container\" data-e-type=\"container\">\n\t\t<div class=\"elementor-element elementor-element-f12b474 e-con-full e-flex e-con e-child\" data-id=\"f12b474\" data-element_type=\"container\" data-e-type=\"container\" data-settings=\"{&quot;background_background&quot;:&quot;classic&quot;}\">\n\t\t\t\t<div class=\"elementor-element elementor-element-75b886c elementor-widget__width-initial elementor-widget elementor-widget-heading\" data-id=\"75b886c\" data-element_type=\"widget\" data-e-type=\"widget\" data-widget_type=\"heading.default\">\n\t\t\t\t\t<h1 class=\"elementor-heading-title elementor-size-default\">STANIS\u0141AW KWIECIE\u0143 (1934 - 2019)<\/h1>\t\t\t\t<\/div>\n\t\t\t\t<\/div>\n\t\t\t\t<\/div>\n\t\t<div class=\"elementor-element elementor-element-02392d0 e-con-full e-flex e-con e-child\" data-id=\"02392d0\" data-element_type=\"container\" data-e-type=\"container\">\n\t\t<div class=\"elementor-element elementor-element-33e16c8 e-con-full e-flex e-con e-child\" data-id=\"33e16c8\" data-element_type=\"container\" data-e-type=\"container\">\n\t\t<div class=\"elementor-element elementor-element-cc1dfff e-con-full e-flex e-con e-child\" data-id=\"cc1dfff\" data-element_type=\"container\" data-e-type=\"container\">\n\t\t\t\t<div class=\"elementor-element elementor-element-962426d elementor-widget elementor-widget-image\" data-id=\"962426d\" data-element_type=\"widget\" data-e-type=\"widget\" data-widget_type=\"image.default\">\n\t\t\t\t\t\t\t\t\t\t\t\t\t\t\t<img loading=\"lazy\" decoding=\"async\" width=\"428\" height=\"612\" src=\"https:\/\/inzynier.rzeszow.pl\/wp-content\/uploads\/2026\/03\/Stanislaw-Kwiecien.webp\" class=\"attachment-large size-large wp-image-8292\" alt=\"\" srcset=\"https:\/\/inzynier.rzeszow.pl\/wp-content\/uploads\/2026\/03\/Stanislaw-Kwiecien.webp 428w, https:\/\/inzynier.rzeszow.pl\/wp-content\/uploads\/2026\/03\/Stanislaw-Kwiecien-210x300.jpg 210w\" sizes=\"(max-width: 428px) 100vw, 428px\" \/>\t\t\t\t\t\t\t\t\t\t\t\t\t\t\t<\/div>\n\t\t\t\t<\/div>\n\t\t<div class=\"elementor-element elementor-element-6f3d986 e-con-full e-flex e-con e-child\" data-id=\"6f3d986\" data-element_type=\"container\" data-e-type=\"container\">\n\t\t\t\t<div class=\"elementor-element elementor-element-b170dc9 elementor-widget elementor-widget-text-editor\" data-id=\"b170dc9\" data-element_type=\"widget\" data-e-type=\"widget\" data-widget_type=\"text-editor.default\">\n\t\t\t\t\t\t\t\t\t<p>Stanis\u0142aw Kwiecie\u0144 urodzony 14.09.1934 r. w Pi\u0105tkowcu, powiat mielecki, syn Jana i Franciszki z domu Lonczak. Absolwent Pa\u0144stwowej Koedukacyjnej Szko\u0142y Stopnia Licealnego im. S. Konarskiego w Mielcu, matur\u0119 zda\u0142 w 1953 r. Studia na Wydziale In\u017cynierii Sanitarnej Politechniki Wroc\u0142awskiej uko\u0144czy\u0142 w 1957 r., uzyskuj\u0105c tytu\u0142 in\u017cyniera urz\u0105dze\u0144 sanitarnych.<br \/>W latach 1958-1959 pracowa\u0142 w Rzeszowskim Przedsi\u0119biorstwie Instalacji Budownictwa &#8211; Kierownictwo Rob\u00f3t w Mielcu na stanowisku in\u017cyniera budowy, a w latach 1960-1961 by\u0142 inspektorem do spraw opiniowania dokumentacji w Wojew\u00f3dzkiej Stacji Sanitarno-Epidemiologicznej w Rzeszowie. W 1962 r. zosta\u0142 zatrudniony w Prezydium Wojew\u00f3dzkiej Rady Narodowej w Rzeszowie na stanowisku kierownika Oddzia\u0142u Wojew\u00f3dzkiej Inspekcji Ochrony W\u00f3d. Od 1968 r. pracowa\u0142 w Biurze Projekt\u00f3w Gospodarki Wodnej i \u015aciekowej \u201eBiprowod&#8221; Warszawa Pracownia Projektowa w Rzeszowie, kolejno na stanowiskach: starszego projektanta, kierownika zespo\u0142u, kierownika pracowni i g\u0142\u00f3wnego projektanta. Zajmowa\u0142 si\u0119 projektowaniem obiekt\u00f3w gospodarki wodnej i \u015bciekowej, g\u0142\u00f3wnie w zak\u0142adach przemys\u0142owych i komunalnych. R\u00f3wnocze\u015bnie dokszta\u0142ca\u0142 si\u0119 i uzyska\u0142 m.in. uprawnienia budowlane w specjalno\u015bci in\u017cynierii sanitarnej uprawniania rzeczoznawcy w specjalno\u015bci wodoci\u0105gi i kanalizacja, uprawnienia rzeczoznawcy budowlanego w specjalno\u015bci in\u017cynierii sanitarnej i uprawnienia bieg\u0142ego do sporz\u0105dzania ocen oddzia\u0142ywania na \u015brodowisko.<br \/>W 2003 r. przeszed\u0142 na emerytur\u0119, ale pozosta\u0142 na stanowisku g\u0142\u00f3wnego projektanta. M.in. dla Mielca wykona\u0142 dokumentacje na budow\u0119 kolektora zakole z przepompowni\u0105 \u015bciek\u00f3w i uk\u0142adem przelew\u00f3w burzowych doprowadzaj\u0105cy \u015bcieki do oczyszczalni oraz kolektor \u201eB&#8221; z przepompowni\u0105.<br \/>Poza zatrudnieniem w firmie \u201eBiprowod&#8221; pracowa\u0142 w niepe\u0142nym wymiarze godzin w Biurze Projekt\u00f3w Kopalnictwa i Surowc\u00f3w Chemicznych \u201eBiprokop&#8221; w Chorzowie Zesp\u00f3\u0142 Projektowy w Tarnobrzegu (m.in. projekty dla KIZTS w Machowie, 1961-1962) i Biurze Projekt\u00f3w Budownictwa Og\u00f3lnego \u201eMiastoprojekt&#8221; w Rzeszowie. W latach 1984-1987 by\u0142 urlopowany i delegowany na budow\u0119 eksportow\u0105 w NRD i wykonywa\u0142 tam projekty dla budowanej elektrowni atomowej. Ponadto w latach 1993-1995 pracowa\u0142 jako starszy wyk\u0142adowca na Wydziale Budownictwa Politechniki Rzeszowskiej w Rzeszowie. Jest wsp\u00f3\u0142autorem patentu \u201eSzybowa oczyszczalnia \u015bciek\u00f3w&#8221; (\u015bwiadectwo autorskie w 1990 r.).<br \/>Dzia\u0142a\u0142 spo\u0142ecznie w Podkarpackiej Okr\u0119gowej Izbie In\u017cynier\u00f3w Budownictwa (wiceprzewodnicz\u0105cy w kadencji 2002-2006) i w stowarzyszeniach Naukowo-Technicznych NOT, g\u0142\u00f3wnie w Polskim Zrzeszeniu In\u017cynier\u00f3w i Technik\u00f3w Sanitarnych (dwukrotnie wiceprezes Zarz\u0105du Oddzia\u0142u). Wyr\u00f3\u017cniony m.in. Srebrnym Krzy\u017cem Zas\u0142ugi, Srebrn\u0105 Odznak\u0105 \u201eZa Zas\u0142ugi dla Ochrony \u015arodowiska i Gospodarki Wodnej&#8221;, Z\u0142ot\u0105 i Srebrn\u0105 Odznak\u0105 Honorow\u0105 PZITS oraz Srebrn\u0105 Odznak\u0105 Honorow\u0105 NOT.<br \/>Stanis\u0142aw Kwiecie\u0144 zmar\u0142 17 stycznia 2019 r.<\/p>\t\t\t\t\t\t\t\t<\/div>\n\t\t\t\t<\/div>\n\t\t\t\t<\/div>\n\t\t\t\t<\/div>\n\t\t\t\t<\/div>\n\t\t\t\t<\/div>\n\t\t\t\t\t<\/div>\n\t\t\t\t<\/div>\n\t\t<div class=\"elementor-element elementor-element-6431104 e-flex e-con-boxed e-con e-parent\" data-id=\"6431104\" data-element_type=\"container\" data-e-type=\"container\">\n\t\t\t\t\t<div class=\"e-con-inner\">\n\t\t<div class=\"elementor-element elementor-element-75bfbab e-con-full e-flex e-con e-child\" data-id=\"75bfbab\" data-element_type=\"container\" data-e-type=\"container\">\n\t\t<div class=\"elementor-element elementor-element-d5a9a58 e-con-full e-flex e-con e-child\" data-id=\"d5a9a58\" data-element_type=\"container\" data-e-type=\"container\">\n\t\t<div class=\"elementor-element elementor-element-c5b1f8c e-con-full e-flex e-con e-child\" data-id=\"c5b1f8c\" data-element_type=\"container\" data-e-type=\"container\">\n\t\t<div class=\"elementor-element elementor-element-df86c59 e-con-full e-flex e-con e-child\" data-id=\"df86c59\" data-element_type=\"container\" data-e-type=\"container\" data-settings=\"{&quot;background_background&quot;:&quot;classic&quot;}\">\n\t\t\t\t<div class=\"elementor-element elementor-element-eef711e elementor-widget__width-initial elementor-widget elementor-widget-heading\" data-id=\"eef711e\" data-element_type=\"widget\" data-e-type=\"widget\" data-widget_type=\"heading.default\">\n\t\t\t\t\t<h1 class=\"elementor-heading-title elementor-size-default\">EDWARD \u0141UKAWSKI (1939 - 2018)<\/h1>\t\t\t\t<\/div>\n\t\t\t\t<\/div>\n\t\t\t\t<\/div>\n\t\t<div class=\"elementor-element elementor-element-51b9a2c e-con-full e-flex e-con e-child\" data-id=\"51b9a2c\" data-element_type=\"container\" data-e-type=\"container\">\n\t\t<div class=\"elementor-element elementor-element-6d3a31a e-con-full e-flex e-con e-child\" data-id=\"6d3a31a\" data-element_type=\"container\" data-e-type=\"container\">\n\t\t<div class=\"elementor-element elementor-element-c2d0b7f e-con-full e-flex e-con e-child\" data-id=\"c2d0b7f\" data-element_type=\"container\" data-e-type=\"container\">\n\t\t\t\t<div class=\"elementor-element elementor-element-52d787f elementor-widget elementor-widget-image\" data-id=\"52d787f\" data-element_type=\"widget\" data-e-type=\"widget\" data-widget_type=\"image.default\">\n\t\t\t\t\t\t\t\t\t\t\t\t\t\t\t<img loading=\"lazy\" decoding=\"async\" width=\"413\" height=\"504\" src=\"https:\/\/inzynier.rzeszow.pl\/wp-content\/uploads\/2026\/03\/Lukawski_Edward.webp\" class=\"attachment-large size-large wp-image-8293\" alt=\"\" srcset=\"https:\/\/inzynier.rzeszow.pl\/wp-content\/uploads\/2026\/03\/Lukawski_Edward.webp 413w, https:\/\/inzynier.rzeszow.pl\/wp-content\/uploads\/2026\/03\/Lukawski_Edward-246x300.jpg 246w\" sizes=\"(max-width: 413px) 100vw, 413px\" \/>\t\t\t\t\t\t\t\t\t\t\t\t\t\t\t<\/div>\n\t\t\t\t<\/div>\n\t\t<div class=\"elementor-element elementor-element-8fb3203 e-con-full e-flex e-con e-child\" data-id=\"8fb3203\" data-element_type=\"container\" data-e-type=\"container\">\n\t\t\t\t<div class=\"elementor-element elementor-element-c33ab63 elementor-widget elementor-widget-text-editor\" data-id=\"c33ab63\" data-element_type=\"widget\" data-e-type=\"widget\" data-widget_type=\"text-editor.default\">\n\t\t\t\t\t\t\t\t\t<p>Odszed\u0142 od nas nieod\u017ca\u0142owany Kolega, jeden z najbardziej zas\u0142u\u017conych dla drogownictwa Polski po\u0142udniowo &#8211; wschodniej mgr in\u017c. Edward \u0141ukawski.<br \/>Edward \u0141ukawski (popularnie Edziu) urodzi\u0142 si\u0119 12 kwietnia 1939 r.w Kielcach. Po uko\u0144czeniu kieleckiej szko\u0142y podstawowej im. Stanis\u0142awa Staszica oraz I Liceum Og\u00f3lnokszta\u0142c\u0105cego im. Stefana \u017beromskiego w Kielcach, w roku 1957 rozpocz\u0105\u0142 studia w Politechnice Krakowskiej na Wydziale Budownictwa L\u0105dowego. Od pocz\u0105tku wybra\u0142 sobie specjalizacj\u0119 &#8211; komunikacja. Ju\u017c w czasie studi\u00f3w zapowiada\u0142 si\u0119 dobrze. Nale\u017ca\u0142 do grupy pi\u0119ciu student\u00f3w komunikacji, kt\u00f3ry w przewidywanym okresie pi\u0119ciu lat, z liczby pi\u0119\u0107dziesi\u0119ciu sze\u015bciu student\u00f3w tej specjalno\u015bci uko\u0144czyli studia w planowanym terminie.<br \/>Udziela\u0142 si\u0119 tak\u017ce jako sportowiec, reprezentuj\u0105c barwy Politechniki Krakowskiej w Akademickim Zwi\u0105zku Sportowym i to z sukcesami w siatk\u00f3wce m\u0119\u017cczyzn oraz w pi\u0142ce no\u017cnej.<br \/>Po uko\u0144czeniu studi\u00f3w, w 1962 r. powr\u00f3ci\u0142 do Kielc, gdzie podj\u0105\u0142 prac\u0119 w kieleckim Przedsi\u0119biorstwie Rob\u00f3t In\u017cynieryjnych (potocznie \u201ekapri&#8221;).<br \/>W mi\u0119dzyczasie poznaje sw\u0105 przysz\u0142\u0105 \u017con\u0119, rzeszowiank\u0119 ze Staroniwy i za g\u0142osem serca przenosi si\u0119 do Rzeszowa. Tam, od 1967 r. rozpoczyna prac\u0119 i karier\u0119 zawodow\u0105 w rzeszowskim Biurze Projekt\u00f3w Budownictwa Komunalnego jako: pocz\u0105tkowo starszy asystent projektanta, projektant, p\u00f3\u017aniej starszy projektant i w ko\u0144cu kierownik zespo\u0142u drogowego. Trudno by\u0142oby znale\u017a\u0107 w \u00f3wczesnym wojew\u00f3dztwie rzeszowskim powiat, w kt\u00f3rym by nie zaprojektowa\u0142 jakiej\u015b drogi b\u0105d\u017a ulicy. By\u0142 autorem wielu projekt\u00f3w ulic miasta Rzeszowa, w tym g\u0142\u00f3wnie wszystkich wylot\u00f3w z miasta oraz trasy g\u0142\u00f3wnej przez Rzesz\u00f3w. Uczestniczy\u0142 w wielu opracowaniach konkursowych i koncepcyjnych, z kt\u00f3rych ponad osiemdziesi\u0105t procent zosta\u0142o zrealizowanych albo bezpo\u015brednio przez Edzia albo wed\u0142ug Jego koncepcji przez koleg\u00f3w z bran\u017cy.<br \/>Rzesz\u00f3w rozwija\u0142 si\u0119 w szybkim tempie i z ma\u0142ego \u201egrajdo\u0142ka&#8221; stawa\u0142 si\u0119 prawdziwie wojew\u00f3dzkim miastem, a jak wiemy, uk\u0142ad komunikacyjny stanowi rdze\u0144 miasta. Opr\u00f3cz Rzeszowa, Kolega Edward \u201epolubi\u0142&#8221; takie miasta jak np.: Stalowa Wola, Mielec, Sanok, Kolbuszowa i Jaros\u0142aw i tam zaprojektowa\u0142 wiele budowli drogowych. Specjalizowa\u0142 si\u0119 g\u0142\u00f3wnie w ulicach, ale i drogi pozamiejskie nie by\u0142y Mu obce.<br \/>Poza prac\u0105 w Biurze Komunalnym (zwyczajowa nazwa Biura Projekt\u00f3w Budownictwa Komunalnego) udziela\u0142 si\u0119 jako weryfikator projekt\u00f3w w Biurze Projekt\u00f3w Budownictwa Og\u00f3lnego \u201eMiastoprojekt&#8221;, w Biurze \u201eInwestprojekt&#8221; oraz wsp\u00f3\u0142pracowa\u0142 z wieloma innymi pracowniami projektowymi poza Rzeszowem. Wsp\u00f3\u0142dzia\u0142a\u0142 tak\u017ce z wieloma rzeszowskimi (i nie tylko) architektami w zakresie rozwi\u0105zywania problem\u00f3w komunikacyjnych na projektowanych przez nich osiedlach. W latach 1992 &#8211; 1998 by\u0142 aktywnym cz\u0142onkiem Wojew\u00f3dzkiej Komisji Urbanistyczno &#8211; Architektonicznej w Urz\u0119dzie Wojew\u00f3dzkim w Rzeszowie.<br \/>Zawsze ch\u0119tny do wsp\u00f3\u0142pracy, pomocny w rozwi\u0105zywaniu problem\u00f3w, kompetentny w podejmowaniu przez siebie decyzji zawodowych. Niezale\u017cnie od tego, kole\u017ce\u0144ski, sympatyczny w obyciu zdo\u0142a\u0142 obdarzy\u0107 wszystkich koleg\u00f3w swoja pogod\u0105 ducha a gdy pojawia\u0142y si\u0119 problemy, zawsze znajdowa\u0142 ich owocne rozwi\u0105zanie.<br \/>W 2004 r. przeszed\u0142 na emerytur\u0119, ale swojej pracy zawodowej nie przerwa\u0142 i praktycznie do 2015 r. by\u0142 czynnym drogowcem. Potem choroba uniemo\u017cliwi\u0142a Mu dalsze wykonywanie zawodu.<br \/>Opr\u00f3cz absorbuj\u0105cego \u017cycia zawodowego, z wielkim zaanga\u017cowaniem udziela\u0142 si\u0119 spo\u0142ecznie. By\u0142 aktywnym cz\u0142onkiem rzeszowskiego oddzia\u0142u Stowarzyszenia In\u017cynier\u00f3w i Technik\u00f3w Komunikacji Rzeczpospolitej Polskiej. Od 1985 roku czynny Rzeczoznawca SITK w specjalno\u015bci \u201eUk\u0142ady komunikacyjne w miastach&#8221;, w ramach dzia\u0142alno\u015bci gospodarczej SITK, wykona\u0142 wiele projekt\u00f3w, ekspertyz, opinii a tak\u017ce je weryfikowa\u0142.<br \/>Po przej\u015bciu na emerytur\u0119 dzia\u0142a\u0142 w Klubie Senior\u00f3w. By\u0142 jego dusz\u0105, a tak\u017ce inspiratorem i organizatorem corocznych spotka\u0144 senior\u00f3w. Anga\u017cowa\u0142 si\u0119 w te imprezy osobi\u015bcie, cho\u0107by przez w\u0142asne wyst\u0119py wokalne, w\u015br\u00f3d kt\u00f3rych niezapomniana zostanie Jego \u201eNinon&#8221;. W uznaniu Jego zas\u0142ug w pracy na niwie Stowarzyszenia, w 2006 r. uhonorowany zosta\u0142 przez Zarz\u0105d Krajowy SITK godno\u015bci\u0105 Zas\u0142u\u017conego Seniora SITK.<br \/>Od pocz\u0105tku istnienia Podkarpackiej Okr\u0119gowej Izby In\u017cynier\u00f3w Budownictwa, jako cz\u0142onek PDK OIIB uczestniczy\u0142 aktywnie w jej pracach, np. w ramach dzia\u0142alno\u015bci S\u0105du Dyscyplinarnego Izby.<br \/>Swoje \u017cycie zawodowe po\u015bwi\u0119ci\u0142 ziemi rzeszowskiej. By\u0142 znanym i lubianym in\u017cynierem.<br \/>Bardzo d\u0142ugo i dzielnie zmaga\u0142 si\u0119 z problemami kardiologicznymi (przeszed\u0142 trzy zawa\u0142y). Niestety, nawet wszczepiony niedawno rozrusznik nie by\u0142 w stanie pokona\u0107 pogarszaj\u0105cego si\u0119 stanu serca. Zmar\u0142 20 kwietnia 2018 r., pozostawiaj\u0105c w \u017ca\u0142obie rodzin\u0119 oraz liczne grono koleg\u00f3w i przyjaci\u00f3\u0142.<br \/>Wszyscy, kt\u00f3rzy mieli mo\u017cliwo\u015b\u0107 pozna\u0107 Edzia i z Nim wsp\u00f3\u0142pracowa\u0107, zachowaj\u0105 Go we wdzi\u0119cznej pami\u0119ci, nie tylko jako wybitnego drogowca, ale r\u00f3wnie\u017c dobrego i m\u0105drego Cz\u0142owieka.<br \/>Cze\u015b\u0107 Jego pami\u0119ci! Odpoczywaj w spokoju, nied\u0142ugo si\u0119 spotkamy&#8230;<\/p>\t\t\t\t\t\t\t\t<\/div>\n\t\t\t\t<\/div>\n\t\t\t\t<\/div>\n\t\t\t\t<\/div>\n\t\t\t\t<\/div>\n\t\t<div class=\"elementor-element elementor-element-4fb59c0 e-con-full e-flex e-con e-child\" data-id=\"4fb59c0\" data-element_type=\"container\" data-e-type=\"container\">\n\t\t\t\t<div class=\"elementor-element elementor-element-2497d75 elementor-widget elementor-widget-text-editor\" data-id=\"2497d75\" data-element_type=\"widget\" data-e-type=\"widget\" data-widget_type=\"text-editor.default\">\n\t\t\t\t\t\t\t\t\t<p style=\"text-align: right;\">Wspomnienie napisa\u0142 Zbigniew Chrobak<br \/>Edward \u0141ukawski by\u0142 delegatem na zjazdy okr\u0119gowe PDK OIIB i cz\u0142onek S\u0105du Dyscyplinarnego PDK OIIB w kadencji 2002 &#8211; 2006 oraz w kadencji 2006-2010.<\/p>\t\t\t\t\t\t\t\t<\/div>\n\t\t\t\t<\/div>\n\t\t\t\t<\/div>\n\t\t\t\t\t<\/div>\n\t\t\t\t<\/div>\n\t\t<div class=\"elementor-element elementor-element-774b367 e-flex e-con-boxed e-con e-parent\" data-id=\"774b367\" data-element_type=\"container\" data-e-type=\"container\">\n\t\t\t\t\t<div class=\"e-con-inner\">\n\t\t<div class=\"elementor-element elementor-element-26fa4d6 e-con-full e-flex e-con e-child\" data-id=\"26fa4d6\" data-element_type=\"container\" data-e-type=\"container\">\n\t\t<div class=\"elementor-element elementor-element-93087d8 e-con-full e-flex e-con e-child\" data-id=\"93087d8\" data-element_type=\"container\" data-e-type=\"container\">\n\t\t<div class=\"elementor-element elementor-element-0fad157 e-con-full e-flex e-con e-child\" data-id=\"0fad157\" data-element_type=\"container\" data-e-type=\"container\">\n\t\t<div class=\"elementor-element elementor-element-0fe33d2 e-con-full e-flex e-con e-child\" data-id=\"0fe33d2\" data-element_type=\"container\" data-e-type=\"container\" data-settings=\"{&quot;background_background&quot;:&quot;classic&quot;}\">\n\t\t\t\t<div class=\"elementor-element elementor-element-528b76a elementor-widget__width-initial elementor-widget elementor-widget-heading\" data-id=\"528b76a\" data-element_type=\"widget\" data-e-type=\"widget\" data-widget_type=\"heading.default\">\n\t\t\t\t\t<h1 class=\"elementor-heading-title elementor-size-default\">APOLINARY BERNARD RZADKOWSKI (1940 - 2011)<\/h1>\t\t\t\t<\/div>\n\t\t\t\t<\/div>\n\t\t\t\t<\/div>\n\t\t<div class=\"elementor-element elementor-element-7e95464 e-con-full e-flex e-con e-child\" data-id=\"7e95464\" data-element_type=\"container\" data-e-type=\"container\">\n\t\t<div class=\"elementor-element elementor-element-b2448f3 e-con-full e-flex e-con e-child\" data-id=\"b2448f3\" data-element_type=\"container\" data-e-type=\"container\">\n\t\t<div class=\"elementor-element elementor-element-14a4bbb e-con-full e-flex e-con e-child\" data-id=\"14a4bbb\" data-element_type=\"container\" data-e-type=\"container\">\n\t\t\t\t<div class=\"elementor-element elementor-element-6931339 elementor-widget elementor-widget-image\" data-id=\"6931339\" data-element_type=\"widget\" data-e-type=\"widget\" data-widget_type=\"image.default\">\n\t\t\t\t\t\t\t\t\t\t\t\t\t\t\t<img loading=\"lazy\" decoding=\"async\" width=\"554\" height=\"704\" src=\"https:\/\/inzynier.rzeszow.pl\/wp-content\/uploads\/2026\/03\/Rzadkowski.webp\" class=\"attachment-large size-large wp-image-8294\" alt=\"\" srcset=\"https:\/\/inzynier.rzeszow.pl\/wp-content\/uploads\/2026\/03\/Rzadkowski.webp 554w, https:\/\/inzynier.rzeszow.pl\/wp-content\/uploads\/2026\/03\/Rzadkowski-236x300.jpg 236w\" sizes=\"(max-width: 554px) 100vw, 554px\" \/>\t\t\t\t\t\t\t\t\t\t\t\t\t\t\t<\/div>\n\t\t\t\t<\/div>\n\t\t<div class=\"elementor-element elementor-element-b4f46f9 e-con-full e-flex e-con e-child\" data-id=\"b4f46f9\" data-element_type=\"container\" data-e-type=\"container\">\n\t\t\t\t<div class=\"elementor-element elementor-element-98da028 elementor-widget elementor-widget-text-editor\" data-id=\"98da028\" data-element_type=\"widget\" data-e-type=\"widget\" data-widget_type=\"text-editor.default\">\n\t\t\t\t\t\t\t\t\t<p>Odszed\u0142 jeden z budowniczych Mielca<br \/>W po\u0142udnie 3 lutego 2011 r. w ko\u015bciele Matki Bo\u017cej Nieustaj\u0105cej Pomocy, a nast\u0119pnie na cmentarzu parafialnym przy ul. Sienkiewicza odby\u0142y si\u0119 uroczysto\u015bci pogrzebowe \u015bp. Apolinarego Rzadkowskiego &#8211; cz\u0142owieka, kt\u00f3ry \u017cycie zawodowe po\u015bwi\u0119ci\u0142 budownictwu, a szczeg\u00f3lnie budowaniu Mielca.<br \/>Apolinary Bernard Rzadkowski urodzi\u0142 si\u0119 23 lipca 1940 r. w Pu\u0142tusku. Jego rodzicami byli Bonifacy i Stanis\u0142awa z Zakrzewskich. W rodzinnym mie\u015bcie ucz\u0119szcza\u0142 do szko\u0142y podstawowej i liceum og\u00f3lnokszta\u0142c\u0105cego oraz nale\u017ca\u0142 do Klubu Wodnego LP\u017b. Studia na Wydziale In\u017cynierii Sanitarnej i Wodnej Politechniki Warszawskiej uko\u0144czy\u0142 w 1964 r. i uzyska\u0142 tytu\u0142 magistra in\u017cyniera budownictwa wodnego. W czasie studi\u00f3w by\u0142 cz\u0142onkiem Zrzeszenia Student\u00f3w Polskich i Akademickiego Zwi\u0105zku Sportowego. 26 IV 1965 r. zosta\u0142 zatrudniony w Wytw\u00f3rni Sprz\u0119tu Komunikacyjnego w Mielcu na stanowisku konstruktora. Z dniem 1 X 1967 r. przeszed\u0142 do zespo\u0142u projektant\u00f3w w Przedsi\u0119biorstwie Projektowo-Technologicznym Przemys\u0142u Silnik\u00f3w Spalinowych \u201eDelpor&#8221; Krak\u00f3w &#8211; Pracownia Terenowa w Mielcu. Od 16 VI 1968 r. do 30 VI 1990 r. pracowa\u0142 w Mieleckim Przedsi\u0119biorstwie Budowlanym, pe\u0142ni\u0105c szereg odpowiedzialnych funkcji, m.in.: g\u0142\u00f3wnego in\u017cyniera, g\u0142\u00f3wnego in\u017cyniera ds. rejonu tarnobrzeskiego, kierownika &#8211; g\u0142\u00f3wnego projektanta pracowni projektowej (1971-1976), kierownika dzia\u0142u przygotowania produkcji, pierwszego zast\u0119pcy dyrektora przedsi\u0119biorstwa i dyrektora przedsi\u0119biorstwa (1985-1990). Wni\u00f3s\u0142 istotny wk\u0142ad w przygotowanie i realizacj\u0119 niemal wszystkich wa\u017cniejszych zada\u0144 MPB w Mielcu, m.in. w budow\u0119 osiedli: M. Kopernika, S. \u017beromskiego, J. Krasickiego (p\u00f3\u017aniej Lotnik\u00f3w), W. Szafera i Smoczka. Wspiera\u0142 te\u017c budow\u0119 mieleckich ko\u015bcio\u0142\u00f3w: Matki Bo\u017cej Nieustaj\u0105cej Pomocy i Ducha \u015awi\u0119tego. Innymi wi\u0119kszymi przedsi\u0119wzi\u0119ciami, w kt\u00f3re by\u0142 zaanga\u017cowany, by\u0142y budowy: Huty Katowice oraz r\u00f3\u017cnych obiekt\u00f3w w NRD, ZSRR i Libii. W latach 1990-1992 prowadzi\u0142 w\u0142asn\u0105 dzia\u0142alno\u015b\u0107 gospodarcz\u0105 w Radomy\u015blu Wielkim, nast\u0119pnie by\u0142 kierownikiem kontraktu w PUW \u201eEnergopol-Wsch\u00f3d&#8221; Sp. z o.o. w Lublinie, a w latach 1996-1997 pe\u0142ni\u0142 funkcj\u0119 wiceprezesa ds. inwestycyjnych CHU \u201ePasa\u017c&#8221; Sp. z o.o. w Mielcu. W maju 1997 r. obj\u0105\u0142 stanowisko kierownika Oddzia\u0142u Architektury i Nadzoru Budowlanego w Urz\u0119dzie Rejonowym w Mielcu, a w 1999 r. zosta\u0142 dyrektorem Wydzia\u0142u Architektury i Budownictwa w Starostwie Powiatowym w Mielcu. Na emerytur\u0119 przeszed\u0142 z dniem 31 VII 2005 r. Otrzyma\u0142 liczne wyr\u00f3\u017cnienia, m.in. Srebrny Krzy\u017c Zas\u0142ugi, Medal 40-lecia Polski Ludowej, Srebrny Medal za Zas\u0142ugi dla Obronno\u015bci Kraju, Srebrny Medal za Zas\u0142ugi dla Po\u017carnictwa oraz odznaki resortowe: Polskiego Zwi\u0105zku In\u017cynier\u00f3w i Technik\u00f3w, Zas\u0142u\u017cony dla Budownictwa i Przemys\u0142u Materia\u0142\u00f3w Budowlanych, Przoduj\u0105cy Drogowiec i Budowniczy Huty Katowice. By\u0142 porucznikiem rezerwy Wojska Polskiego i cz\u0142onkiem Rejonowego Klubu Strzeleckiego LOK w Mielcu. Zmar\u0142 31 stycznia 2011 r. Spoczywa na cmentarzu parafialnym w Mielcu przy ul. H. Sienkiewicza.<br \/>Postscriptum<br \/>Taki b\u0119dzie biogram Apolinarego Bernarda Rzadkowskiego w IV tomie \u201eEncyklopedii miasta Mielca&#8221;. Ale pozw\u00f3l, Drogi Czytelniku, \u017ce poza oficjalnym \u017cyciorysem do\u0142o\u017c\u0119 co\u015b \u201eod serca&#8221;. By\u0142y starosta powiatu mieleckiego J\u00f3zef Smaczny stwierdzi\u0142, \u017ce dyrektor Rzadkowski \u201eby\u0142 powszechnie szanowany i doceniany za kompetencj\u0119 i \u017cyczliwo\u015b\u0107.&#8221; A przypadkowo napotkany m\u00f3j znajomy, s\u0105siad rodziny Zmar\u0142ego, powiedzia\u0142: \u201ezna\u0142em Poldka wiele lat i dlatego prosz\u0119 ci\u0119, napisz koniecznie, \u017ce by\u0142 to dobry cz\u0142owiek&#8221;.<\/p>\t\t\t\t\t\t\t\t<\/div>\n\t\t\t\t<\/div>\n\t\t\t\t<\/div>\n\t\t\t\t<\/div>\n\t\t\t\t<\/div>\n\t\t<div class=\"elementor-element elementor-element-3c5d982 e-con-full e-flex e-con e-child\" data-id=\"3c5d982\" data-element_type=\"container\" data-e-type=\"container\">\n\t\t\t\t<div class=\"elementor-element elementor-element-303f912 elementor-widget elementor-widget-text-editor\" data-id=\"303f912\" data-element_type=\"widget\" data-e-type=\"widget\" data-widget_type=\"text-editor.default\">\n\t\t\t\t\t\t\t\t\t<p style=\"text-align: right;\">J\u00f3zef Witek<br \/>Apolinary Rzadkowski by\u0142 delegatem na zjazdy okr\u0119gowe PDK OIIB w kadencji 2006-2010.<\/p>\t\t\t\t\t\t\t\t<\/div>\n\t\t\t\t<\/div>\n\t\t\t\t<\/div>\n\t\t\t\t\t<\/div>\n\t\t\t\t<\/div>\n\t\t<div class=\"elementor-element elementor-element-7c9f008 e-flex e-con-boxed e-con e-parent\" data-id=\"7c9f008\" data-element_type=\"container\" data-e-type=\"container\">\n\t\t\t\t\t<div class=\"e-con-inner\">\n\t\t<div class=\"elementor-element elementor-element-159859b e-con-full e-flex e-con e-child\" data-id=\"159859b\" data-element_type=\"container\" data-e-type=\"container\">\n\t\t<div class=\"elementor-element elementor-element-387b167 e-con-full e-flex e-con e-child\" data-id=\"387b167\" data-element_type=\"container\" data-e-type=\"container\">\n\t\t<div class=\"elementor-element elementor-element-fa4989a e-con-full e-flex e-con e-child\" data-id=\"fa4989a\" data-element_type=\"container\" data-e-type=\"container\">\n\t\t<div class=\"elementor-element elementor-element-6a5ca15 e-con-full e-flex e-con e-child\" data-id=\"6a5ca15\" data-element_type=\"container\" data-e-type=\"container\" data-settings=\"{&quot;background_background&quot;:&quot;classic&quot;}\">\n\t\t\t\t<div class=\"elementor-element elementor-element-9e7e001 elementor-widget__width-initial elementor-widget elementor-widget-heading\" data-id=\"9e7e001\" data-element_type=\"widget\" data-e-type=\"widget\" data-widget_type=\"heading.default\">\n\t\t\t\t\t<h1 class=\"elementor-heading-title elementor-size-default\">ADAM TARNAWSKI (1937 - 2007)<\/h1>\t\t\t\t<\/div>\n\t\t\t\t<\/div>\n\t\t\t\t<\/div>\n\t\t<div class=\"elementor-element elementor-element-bbb5ba9 e-con-full e-flex e-con e-child\" data-id=\"bbb5ba9\" data-element_type=\"container\" data-e-type=\"container\">\n\t\t<div class=\"elementor-element elementor-element-3b27cc3 e-con-full e-flex e-con e-child\" data-id=\"3b27cc3\" data-element_type=\"container\" data-e-type=\"container\">\n\t\t<div class=\"elementor-element elementor-element-5d2b33b e-con-full e-flex e-con e-child\" data-id=\"5d2b33b\" data-element_type=\"container\" data-e-type=\"container\">\n\t\t\t\t<div class=\"elementor-element elementor-element-7317ee2 elementor-widget elementor-widget-image\" data-id=\"7317ee2\" data-element_type=\"widget\" data-e-type=\"widget\" data-widget_type=\"image.default\">\n\t\t\t\t\t\t\t\t\t\t\t\t\t\t\t<img loading=\"lazy\" decoding=\"async\" width=\"300\" height=\"359\" src=\"https:\/\/inzynier.rzeszow.pl\/wp-content\/uploads\/2026\/03\/adam_Tarnawski.webp\" class=\"attachment-large size-large wp-image-8299\" alt=\"\" srcset=\"https:\/\/inzynier.rzeszow.pl\/wp-content\/uploads\/2026\/03\/adam_Tarnawski.webp 300w, https:\/\/inzynier.rzeszow.pl\/wp-content\/uploads\/2026\/03\/adam_Tarnawski-251x300.jpg 251w\" sizes=\"(max-width: 300px) 100vw, 300px\" \/>\t\t\t\t\t\t\t\t\t\t\t\t\t\t\t<\/div>\n\t\t\t\t<\/div>\n\t\t<div class=\"elementor-element elementor-element-0801344 e-con-full e-flex e-con e-child\" data-id=\"0801344\" data-element_type=\"container\" data-e-type=\"container\">\n\t\t\t\t<div class=\"elementor-element elementor-element-1e99a6c elementor-widget elementor-widget-text-editor\" data-id=\"1e99a6c\" data-element_type=\"widget\" data-e-type=\"widget\" data-widget_type=\"text-editor.default\">\n\t\t\t\t\t\t\t\t\t<p>Magister in\u017cynier Adam Tarnawski urodzi\u0142 si\u0119 w 1937 r. w Zarudziu &#8211; w \u00f3wczesnym wojew\u00f3dztwie Tarnopolskim. Po \u015bmierci ojca, nauczyciela i porucznika Wojska Polskiego &#8211; straconego w Starobielsku, wraz z matk\u0105 i nieco starsz\u0105 siostr\u0105 zosta\u0142 zes\u0142any do Kazachstanu w roku 1940. Do Polski powr\u00f3ci\u0142 w 1946 r. Od 1989 r. by\u0142 cz\u0142onkiem Zwi\u0105zku Sybirak\u00f3w.<br \/>Po uko\u0144czeniu studi\u00f3w na Wydziale Budownictwa Politechniki Krakowskiej osiedli\u0142 si\u0119 w Rzeszowie w 1961 r., gdzie kolejno pracowa\u0142 w Rzeszowskim Przedsi\u0119biorstwie Budowlanym (jako: majster, kierownik obiektu, kierownik rob\u00f3t) a p\u00f3\u017aniej w BPBO \u201eMiastoprojekt &#8211; Rzesz\u00f3w&#8221; (na stanowiskach: st. asystenta, projektanta, st. projektanta). W 1991 r. przeszed\u0142 na wcze\u015bniejsz\u0105 emerytur\u0119.<br \/>Posiada\u0142 uprawnienia budowlane bez ogranicze\u0144: do wykonawstwa (od 1965 r.), do projektowania (od 1967 r.) i rzeczoznawcy budowlanego (od 1974 r.). By\u0142 autorem wielu projekt\u00f3w i ekspertyz budowlanych.<br \/>Od 1962 r. by\u0142 cz\u0142onkiem PZITB. Przez wiele lat by\u0142 przewodnicz\u0105cym ko\u0142a PZITB w \u201eMiastoprojekcie &#8211; Rzesz\u00f3w&#8221;. W kadencji 1993 &#8211; 1996 i obecnej by\u0142 wiceprzewodnicz\u0105cym, a w kadencjach (1996 &#8211; 1999 i 1999 &#8211; 2002) przewodnicz\u0105cym Zarz\u0105du Oddzia\u0142u PZITB w Rzeszowie.<br \/>Z Podkarpack\u0105 Okr\u0119gow\u0105 Izb\u0105 In\u017cynier\u00f3w Budownictwa zwi\u0105za\u0142 si\u0119 od momentu jej tworzenia, pocz\u0105tkowo jako cz\u0142onek Zespo\u0142u Organizacynego a nast\u0119pnie jako przewodnicz\u0105cy Okr\u0119gowej Komisji Kwalifikacyjnej w kadencji 2002 &#8211; 2006. W tej\u017ce kadencji by\u0142 tak\u017ce delegatem izby podkarpackiej na zjazdy Polskiej Izby In\u017cynier\u00f3w Budownictwa. Natomiast w bie\u017c\u0105cej kadencji by\u0142 delegatem na zjazdy naszej izby okr\u0119gowej.<br \/>Zmar\u0142 4 i zosta\u0142 pochowany na cmentarzu w Rzeszowie 10 kwietnia 2007 r. Stracili\u015bmy w Nim zapalonego dzia\u0142acza spo\u0142ecznego i zawsze pe\u0142nego humoru koleg\u0119.<br \/>Cze\u015b\u0107 Twej Pami\u0119ci, Adamie!<\/p>\t\t\t\t\t\t\t\t<\/div>\n\t\t\t\t<\/div>\n\t\t\t\t<\/div>\n\t\t\t\t<\/div>\n\t\t\t\t<\/div>\n\t\t<div class=\"elementor-element elementor-element-f04f61c e-con-full e-flex e-con e-child\" data-id=\"f04f61c\" data-element_type=\"container\" data-e-type=\"container\">\n\t\t\t\t<div class=\"elementor-element elementor-element-7721313 elementor-widget elementor-widget-text-editor\" data-id=\"7721313\" data-element_type=\"widget\" data-e-type=\"widget\" data-widget_type=\"text-editor.default\">\n\t\t\t\t\t\t\t\t\t<p style=\"text-align: right;\">Jerzy Kerste<br \/>Przewodnicz\u0105cy PDK OIIB<\/p>\t\t\t\t\t\t\t\t<\/div>\n\t\t\t\t<\/div>\n\t\t\t\t<\/div>\n\t\t\t\t\t<\/div>\n\t\t\t\t<\/div>\n\t\t<div class=\"elementor-element elementor-element-70fcb75 e-flex e-con-boxed e-con e-parent\" data-id=\"70fcb75\" data-element_type=\"container\" data-e-type=\"container\">\n\t\t\t\t\t<div class=\"e-con-inner\">\n\t\t<div class=\"elementor-element elementor-element-f261348 e-con-full e-flex e-con e-child\" data-id=\"f261348\" data-element_type=\"container\" data-e-type=\"container\">\n\t\t<div class=\"elementor-element elementor-element-6de01fd e-con-full e-flex e-con e-child\" data-id=\"6de01fd\" data-element_type=\"container\" data-e-type=\"container\">\n\t\t<div class=\"elementor-element elementor-element-8c86de2 e-con-full e-flex e-con e-child\" data-id=\"8c86de2\" data-element_type=\"container\" data-e-type=\"container\">\n\t\t<div class=\"elementor-element elementor-element-4ea0975 e-con-full e-flex e-con e-child\" data-id=\"4ea0975\" data-element_type=\"container\" data-e-type=\"container\" data-settings=\"{&quot;background_background&quot;:&quot;classic&quot;}\">\n\t\t\t\t<div class=\"elementor-element elementor-element-e7ebb84 elementor-widget__width-initial elementor-widget elementor-widget-heading\" data-id=\"e7ebb84\" data-element_type=\"widget\" data-e-type=\"widget\" data-widget_type=\"heading.default\">\n\t\t\t\t\t<h1 class=\"elementor-heading-title elementor-size-default\">TADEUSZ WINNICKI (1934 - 2005)<\/h1>\t\t\t\t<\/div>\n\t\t\t\t<\/div>\n\t\t\t\t<\/div>\n\t\t<div class=\"elementor-element elementor-element-e100d89 e-con-full e-flex e-con e-child\" data-id=\"e100d89\" data-element_type=\"container\" data-e-type=\"container\">\n\t\t<div class=\"elementor-element elementor-element-0e1e2e1 e-con-full e-flex e-con e-child\" data-id=\"0e1e2e1\" data-element_type=\"container\" data-e-type=\"container\">\n\t\t<div class=\"elementor-element elementor-element-706f693 e-con-full e-flex e-con e-child\" data-id=\"706f693\" data-element_type=\"container\" data-e-type=\"container\">\n\t\t\t\t<div class=\"elementor-element elementor-element-47bdb27 elementor-widget elementor-widget-image\" data-id=\"47bdb27\" data-element_type=\"widget\" data-e-type=\"widget\" data-widget_type=\"image.default\">\n\t\t\t\t\t\t\t\t\t\t\t\t\t\t\t<img loading=\"lazy\" decoding=\"async\" width=\"742\" height=\"1024\" src=\"https:\/\/inzynier.rzeszow.pl\/wp-content\/uploads\/2026\/03\/Winnicki_Tadeusz-742x1024.webp\" class=\"attachment-large size-large wp-image-8295\" alt=\"\" srcset=\"https:\/\/inzynier.rzeszow.pl\/wp-content\/uploads\/2026\/03\/Winnicki_Tadeusz-742x1024.webp 742w, https:\/\/inzynier.rzeszow.pl\/wp-content\/uploads\/2026\/03\/Winnicki_Tadeusz-218x300.jpg 218w, https:\/\/inzynier.rzeszow.pl\/wp-content\/uploads\/2026\/03\/Winnicki_Tadeusz-768x1059.webp 768w, https:\/\/inzynier.rzeszow.pl\/wp-content\/uploads\/2026\/03\/Winnicki_Tadeusz-1114x1536.webp 1114w, https:\/\/inzynier.rzeszow.pl\/wp-content\/uploads\/2026\/03\/Winnicki_Tadeusz-scaled.webp 1392w\" sizes=\"(max-width: 742px) 100vw, 742px\" \/>\t\t\t\t\t\t\t\t\t\t\t\t\t\t\t<\/div>\n\t\t\t\t<\/div>\n\t\t<div class=\"elementor-element elementor-element-d108b9c e-con-full e-flex e-con e-child\" data-id=\"d108b9c\" data-element_type=\"container\" data-e-type=\"container\">\n\t\t\t\t<div class=\"elementor-element elementor-element-fbd6d0d elementor-widget elementor-widget-text-editor\" data-id=\"fbd6d0d\" data-element_type=\"widget\" data-e-type=\"widget\" data-widget_type=\"text-editor.default\">\n\t\t\t\t\t\t\t\t\t<p>Magister in\u017cynier Tadeusz Winnicki urodzi\u0142 si\u0119 30 pa\u017adziernika 1934r. w Krystynopolu, obecnie Czerwonogradzie, mie\u015bcie po\u0142o\u017conym oko\u0142o 70 km na p\u00f3\u0142noc od Lwowa.<br \/>Egzamin maturalny zda\u0142 w 1952r. w Technikum Budowlanym w Jaros\u0142awiu. W latach 1952-1957 studiowa\u0142 na Wydziale Budownictwa L\u0105dowego Politechniki Krakowskiej, uzyskuj\u0105c dyplom magistra in\u017cyniera budownictwa l\u0105dowego.<br \/>Prac\u0119 zawodow\u0105 rozpocz\u0105\u0142 zaraz po studiach, w przedsi\u0119biorstwie budowlanym w Krakowie &#8211; Nowej Hucie. Nast\u0119pnie przeprowadzi\u0142 si\u0119 do Rzeszowa, gdzie pocz\u0105tkowo pracowa\u0142 w Wydziale Architektury i Gospodarki Komunalnej. Od 1968r. do przej\u015bcia na emerytur\u0119 zajmowa\u0142 si\u0119 projektowaniem konstrukcji budowlanych, pracuj\u0105c w Biurze Projekt\u00f3w Budownictwa Przemys\u0142owego i &#8222;Miastoprojekcie &#8211; Rzesz\u00f3w&#8221;.<br \/>Uprawnienia budowlane w specjalno\u015bci konstrukcyjno-in\u017cynieryjnej do projektowania zosta\u0142y Jemu nadane w dniu 19 wrze\u015bnia 1968r.<br \/>R\u00f3wnolegle z prac\u0105 projektanta prowadzi\u0142 w latach 1971-1982 zaj\u0119cia dydaktyczne z konstrukcji betonowych i budownictwa przemys\u0142owego w Politechnice Rzeszowskiej. Wypromowa\u0142 oko\u0142o 70 in\u017cynier\u00f3w i magistr\u00f3w in\u017cynier\u00f3w budownictwa.<br \/>Od 1959r. by\u0142 cz\u0142onkiem Polskiego Zwi\u0105zku In\u017cynier\u00f3w i Technik\u00f3w Budownictwa, gdzie dzia\u0142a\u0142 czynnie pe\u0142ni\u0105c nast\u0119puj\u0105ce funkcje:<br \/>&#8211; zast\u0119pcy cz\u0142onka zarz\u0105du oddzia\u0142u w Rzeszowie; 1978-1981,<br \/>&#8211; przewodnicz\u0105cego zarz\u0105du oddzia\u0142u w Rzeszowie oraz cz\u0142onka zarz\u0105du g\u0142\u00f3wnego; 1981-1987,<br \/>&#8211; zast\u0119pcy cz\u0142onka zarz\u0105du g\u0142\u00f3wnego; 1987-1990,<br \/>&#8211; cz\u0142onka zarz\u0105du oddzia\u0142u w Rzeszowie; 1990-1993 &#8211; w tym od 23 stycznia 1992r.<br \/>&#8211; wiceprzewodnicz\u0105cego, pe\u0142nomocnika ds. inwestycji oraz przewodnicz\u0105cego komisji dzia\u0142alno\u015bci gospodarczej,<br \/>&#8211; cz\u0142onka g\u0142\u00f3wnej komisji rewizyjnej; 1993-1997,<br \/>&#8211; przewodnicz\u0105cego komisji rewizyjnej oddzia\u0142u w Rzeszowie; 1997-1999.<br \/>By\u0142 jednym z inicjator\u00f3w budowy siedziby oddzia\u0142u przy ul. PCK 2 w Rzeszowie i aktywnym uczestnikiem komitetu budowy tego obiektu.<br \/>Ostatnie lata \u017cycia po\u015bwi\u0119ci\u0142 dzia\u0142alno\u015bci w naszym samorz\u0105dzie zawodowym. By\u0142 jednym z 2106 za\u0142o\u017cycieli Podkarpackiej Okr\u0119gowej Izby In\u017cynier\u00f3w Budownictwa. Na I Zje\u017adzie naszej Izby zosta\u0142 wybrany do okr\u0119gowej komisji kwalifikacyjnej, w kt\u00f3rej pe\u0142ni\u0142 funkcj\u0119 zast\u0119pcy przewodnicz\u0105cego. By\u0142 przewodnicz\u0105cym komisji ds. doskonalenia zawodowego izby podkarpackiej oraz do ko\u0144ca 2004r. przedstawicielem Podkarpacia w komisji prawno-regulaminowej Polskiej Izby In\u017cynier\u00f3w Budownictwa.<br \/>Tragicznego w skutkach zawa\u0142u serca dozna\u0142 28 listopada, w kilkana\u015bcie minut po opuszczeniu biura naszej izby i nie odzyskawszy ju\u017c przytomno\u015bci zmar\u0142 2 grudnia 2005r.<br \/>By\u0142 cz\u0142owiekiem prawym, systematycznym i obowi\u0105zkowym. Nigdy nie uchylaj\u0105cym si\u0119 od trudnej i cz\u0119sto \u017cmudnej pracy. Wszystkie Jego dzia\u0142ania wyr\u00f3\u017cnia\u0142y si\u0119 g\u0142\u0119bok\u0105 analiz\u0105 problemu, obiektywizmem i trafno\u015bci\u0105 spostrze\u017ce\u0144.<br \/>Na szczeg\u00f3lne podkre\u015blenie zas\u0142uguje wielka skromno\u015b\u0107 in\u017cyniera Tadeusza Winnickiego. Sw\u0105 pe\u0142n\u0105 po\u015bwi\u0119cenia prac\u0119 traktowa\u0142 jako powinno\u015b\u0107 dla spo\u0142ecze\u0144stwa. Podczas wielu lat wsp\u00f3lnych dzia\u0142a\u0144 nigdy nie zetkn\u0105\u0142em si\u0119 z jak\u0105kolwiek sugesti\u0105 z jego strony szczeg\u00f3lnego wyr\u00f3\u017cnienia tej pracy.<br \/>Cze\u015b\u0107 Twej pami\u0119ci Tadeuszu! I b\u0105d\u017a dla nas przyk\u0142adem ze wszech miar godnym na\u015bladowania.<\/p>\t\t\t\t\t\t\t\t<\/div>\n\t\t\t\t<\/div>\n\t\t\t\t<\/div>\n\t\t\t\t<\/div>\n\t\t\t\t<\/div>\n\t\t<div class=\"elementor-element elementor-element-6a025e8 e-con-full e-flex e-con e-child\" data-id=\"6a025e8\" data-element_type=\"container\" data-e-type=\"container\">\n\t\t\t\t<div class=\"elementor-element elementor-element-3911d55 elementor-widget elementor-widget-text-editor\" data-id=\"3911d55\" data-element_type=\"widget\" data-e-type=\"widget\" data-widget_type=\"text-editor.default\">\n\t\t\t\t\t\t\t\t\t<p style=\"text-align: right;\">Jerzy Kerste<br \/>Przewodnicz\u0105cy PDK OIIB<\/p>\t\t\t\t\t\t\t\t<\/div>\n\t\t\t\t<\/div>\n\t\t\t\t<\/div>\n\t\t\t\t\t<\/div>\n\t\t\t\t<\/div>\n\t\t\t\t<\/div>\n\t\t","protected":false},"excerpt":{"rendered":"<p>Pozostaj\u0105 w naszej pami\u0119ci Strona g\u0142\u00f3wna \/ \u00a0Historia Izby \/ Pozostaj\u0105 w pami\u0119ci Zapraszamy do przekazywania informacji dotycz\u0105cej Kole\u017canek i [&hellip;]<\/p>\n","protected":false},"author":1,"featured_media":0,"parent":0,"menu_order":0,"comment_status":"closed","ping_status":"closed","template":"","meta":{"site-sidebar-layout":"no-sidebar","site-content-layout":"","ast-site-content-layout":"full-width-container","site-content-style":"default","site-sidebar-style":"default","ast-global-header-display":"","ast-banner-title-visibility":"","ast-main-header-display":"","ast-hfb-above-header-display":"","ast-hfb-below-header-display":"","ast-hfb-mobile-header-display":"","site-post-title":"disabled","ast-breadcrumbs-content":"","ast-featured-img":"disabled","footer-sml-layout":"","ast-disable-related-posts":"","theme-transparent-header-meta":"","adv-header-id-meta":"","stick-header-meta":"","header-above-stick-meta":"","header-main-stick-meta":"","header-below-stick-meta":"","astra-migrate-meta-layouts":"default","ast-page-background-enabled":"default","ast-page-background-meta":{"desktop":{"background-color":"var(--ast-global-color-5)","background-image":"","background-repeat":"repeat","background-position":"center center","background-size":"auto","background-attachment":"scroll","background-type":"","background-media":"","overlay-type":"","overlay-color":"","overlay-opacity":"","overlay-gradient":""},"tablet":{"background-color":"","background-image":"","background-repeat":"repeat","background-position":"center center","background-size":"auto","background-attachment":"scroll","background-type":"","background-media":"","overlay-type":"","overlay-color":"","overlay-opacity":"","overlay-gradient":""},"mobile":{"background-color":"","background-image":"","background-repeat":"repeat","background-position":"center center","background-size":"auto","background-attachment":"scroll","background-type":"","background-media":"","overlay-type":"","overlay-color":"","overlay-opacity":"","overlay-gradient":""}},"ast-content-background-meta":{"desktop":{"background-color":"var(--ast-global-color-4)","background-image":"","background-repeat":"repeat","background-position":"center center","background-size":"auto","background-attachment":"scroll","background-type":"","background-media":"","overlay-type":"","overlay-color":"","overlay-opacity":"","overlay-gradient":""},"tablet":{"background-color":"var(--ast-global-color-4)","background-image":"","background-repeat":"repeat","background-position":"center center","background-size":"auto","background-attachment":"scroll","background-type":"","background-media":"","overlay-type":"","overlay-color":"","overlay-opacity":"","overlay-gradient":""},"mobile":{"background-color":"var(--ast-global-color-4)","background-image":"","background-repeat":"repeat","background-position":"center center","background-size":"auto","background-attachment":"scroll","background-type":"","background-media":"","overlay-type":"","overlay-color":"","overlay-opacity":"","overlay-gradient":""}},"footnotes":""},"class_list":["post-1444","page","type-page","status-publish","hentry"],"yoast_head":"<!-- This site is optimized with the Yoast SEO plugin v27.5 - https:\/\/yoast.com\/product\/yoast-seo-wordpress\/ -->\n<title>Pozostaj\u0105 w pami\u0119ci - Podkarpacka Okregowa Izba Inzynierow Budownictwa<\/title>\n<meta name=\"description\" content=\"Pozostaj\u0105 w pami\u0119ci \u2013 wspomnienia o osobach zas\u0142u\u017conych dla \u015brodowiska in\u017cynier\u00f3w budownictwa i Podkarpackiej Izby.\" \/>\n<meta name=\"robots\" content=\"index, follow, max-snippet:-1, max-image-preview:large, max-video-preview:-1\" \/>\n<link rel=\"canonical\" href=\"https:\/\/inzynier.rzeszow.pl\/index.php\/pozostaja-w-pamieci\/\" \/>\n<meta property=\"og:locale\" content=\"pl_PL\" \/>\n<meta property=\"og:type\" content=\"article\" \/>\n<meta property=\"og:title\" content=\"Pozostaj\u0105 w pami\u0119ci - Podkarpacka Okregowa Izba Inzynierow Budownictwa\" \/>\n<meta property=\"og:description\" content=\"Pozostaj\u0105 w pami\u0119ci \u2013 wspomnienia o osobach zas\u0142u\u017conych dla \u015brodowiska in\u017cynier\u00f3w budownictwa i Podkarpackiej Izby.\" \/>\n<meta property=\"og:url\" content=\"https:\/\/inzynier.rzeszow.pl\/index.php\/pozostaja-w-pamieci\/\" \/>\n<meta property=\"og:site_name\" content=\"Podkarpacka Okregowa Izba Inzynierow Budownictwa\" \/>\n<meta property=\"article:modified_time\" content=\"2026-03-31T11:56:11+00:00\" \/>\n<meta property=\"og:image\" content=\"https:\/\/inzynier.rzeszow.pl\/wp-content\/uploads\/2025\/12\/G_Cioch-1.png\" \/>\n\t<meta property=\"og:image:width\" content=\"450\" \/>\n\t<meta property=\"og:image:height\" content=\"654\" \/>\n\t<meta property=\"og:image:type\" content=\"image\/png\" \/>\n<meta name=\"twitter:card\" content=\"summary_large_image\" \/>\n<meta name=\"twitter:label1\" content=\"Szacowany czas czytania\" \/>\n\t<meta name=\"twitter:data1\" content=\"36 minut\" \/>\n<script type=\"application\/ld+json\" class=\"yoast-schema-graph\">{\"@context\":\"https:\\\/\\\/schema.org\",\"@graph\":[{\"@type\":\"WebPage\",\"@id\":\"https:\\\/\\\/inzynier.rzeszow.pl\\\/index.php\\\/pozostaja-w-pamieci\\\/\",\"url\":\"https:\\\/\\\/inzynier.rzeszow.pl\\\/index.php\\\/pozostaja-w-pamieci\\\/\",\"name\":\"Pozostaj\u0105 w pami\u0119ci - Podkarpacka Okregowa Izba Inzynierow Budownictwa\",\"isPartOf\":{\"@id\":\"https:\\\/\\\/inzynier.rzeszow.pl\\\/#website\"},\"primaryImageOfPage\":{\"@id\":\"https:\\\/\\\/inzynier.rzeszow.pl\\\/index.php\\\/pozostaja-w-pamieci\\\/#primaryimage\"},\"image\":{\"@id\":\"https:\\\/\\\/inzynier.rzeszow.pl\\\/index.php\\\/pozostaja-w-pamieci\\\/#primaryimage\"},\"thumbnailUrl\":\"https:\\\/\\\/inzynier.rzeszow.pl\\\/wp-content\\\/uploads\\\/2025\\\/12\\\/G_Cioch-1.png\",\"datePublished\":\"2025-12-27T14:45:35+00:00\",\"dateModified\":\"2026-03-31T11:56:11+00:00\",\"description\":\"Pozostaj\u0105 w pami\u0119ci \u2013 wspomnienia o osobach zas\u0142u\u017conych dla \u015brodowiska in\u017cynier\u00f3w budownictwa i Podkarpackiej Izby.\",\"breadcrumb\":{\"@id\":\"https:\\\/\\\/inzynier.rzeszow.pl\\\/index.php\\\/pozostaja-w-pamieci\\\/#breadcrumb\"},\"inLanguage\":\"pl-PL\",\"potentialAction\":[{\"@type\":\"ReadAction\",\"target\":[\"https:\\\/\\\/inzynier.rzeszow.pl\\\/index.php\\\/pozostaja-w-pamieci\\\/\"]}]},{\"@type\":\"ImageObject\",\"inLanguage\":\"pl-PL\",\"@id\":\"https:\\\/\\\/inzynier.rzeszow.pl\\\/index.php\\\/pozostaja-w-pamieci\\\/#primaryimage\",\"url\":\"https:\\\/\\\/inzynier.rzeszow.pl\\\/wp-content\\\/uploads\\\/2025\\\/12\\\/G_Cioch-1.png\",\"contentUrl\":\"https:\\\/\\\/inzynier.rzeszow.pl\\\/wp-content\\\/uploads\\\/2025\\\/12\\\/G_Cioch-1.png\",\"width\":450,\"height\":654},{\"@type\":\"BreadcrumbList\",\"@id\":\"https:\\\/\\\/inzynier.rzeszow.pl\\\/index.php\\\/pozostaja-w-pamieci\\\/#breadcrumb\",\"itemListElement\":[{\"@type\":\"ListItem\",\"position\":1,\"name\":\"Strona g\u0142\u00f3wna\",\"item\":\"https:\\\/\\\/inzynier.rzeszow.pl\\\/\"},{\"@type\":\"ListItem\",\"position\":2,\"name\":\"Pozostaj\u0105 w pami\u0119ci\"}]},{\"@type\":\"WebSite\",\"@id\":\"https:\\\/\\\/inzynier.rzeszow.pl\\\/#website\",\"url\":\"https:\\\/\\\/inzynier.rzeszow.pl\\\/\",\"name\":\"Podkarpacka Okregowa Izba Inzynierow Budownictwa\",\"description\":\"\",\"potentialAction\":[{\"@type\":\"SearchAction\",\"target\":{\"@type\":\"EntryPoint\",\"urlTemplate\":\"https:\\\/\\\/inzynier.rzeszow.pl\\\/?s={search_term_string}\"},\"query-input\":{\"@type\":\"PropertyValueSpecification\",\"valueRequired\":true,\"valueName\":\"search_term_string\"}}],\"inLanguage\":\"pl-PL\"}]}<\/script>\n<!-- \/ Yoast SEO plugin. -->","yoast_head_json":{"title":"Pozostaj\u0105 w pami\u0119ci - Podkarpacka Okregowa Izba Inzynierow Budownictwa","description":"Pozostaj\u0105 w pami\u0119ci \u2013 wspomnienia o osobach zas\u0142u\u017conych dla \u015brodowiska in\u017cynier\u00f3w budownictwa i Podkarpackiej Izby.","robots":{"index":"index","follow":"follow","max-snippet":"max-snippet:-1","max-image-preview":"max-image-preview:large","max-video-preview":"max-video-preview:-1"},"canonical":"https:\/\/inzynier.rzeszow.pl\/index.php\/pozostaja-w-pamieci\/","og_locale":"pl_PL","og_type":"article","og_title":"Pozostaj\u0105 w pami\u0119ci - Podkarpacka Okregowa Izba Inzynierow Budownictwa","og_description":"Pozostaj\u0105 w pami\u0119ci \u2013 wspomnienia o osobach zas\u0142u\u017conych dla \u015brodowiska in\u017cynier\u00f3w budownictwa i Podkarpackiej Izby.","og_url":"https:\/\/inzynier.rzeszow.pl\/index.php\/pozostaja-w-pamieci\/","og_site_name":"Podkarpacka Okregowa Izba Inzynierow Budownictwa","article_modified_time":"2026-03-31T11:56:11+00:00","og_image":[{"width":450,"height":654,"url":"https:\/\/inzynier.rzeszow.pl\/wp-content\/uploads\/2025\/12\/G_Cioch-1.png","type":"image\/png"}],"twitter_card":"summary_large_image","twitter_misc":{"Szacowany czas czytania":"36 minut"},"schema":{"@context":"https:\/\/schema.org","@graph":[{"@type":"WebPage","@id":"https:\/\/inzynier.rzeszow.pl\/index.php\/pozostaja-w-pamieci\/","url":"https:\/\/inzynier.rzeszow.pl\/index.php\/pozostaja-w-pamieci\/","name":"Pozostaj\u0105 w pami\u0119ci - Podkarpacka Okregowa Izba Inzynierow Budownictwa","isPartOf":{"@id":"https:\/\/inzynier.rzeszow.pl\/#website"},"primaryImageOfPage":{"@id":"https:\/\/inzynier.rzeszow.pl\/index.php\/pozostaja-w-pamieci\/#primaryimage"},"image":{"@id":"https:\/\/inzynier.rzeszow.pl\/index.php\/pozostaja-w-pamieci\/#primaryimage"},"thumbnailUrl":"https:\/\/inzynier.rzeszow.pl\/wp-content\/uploads\/2025\/12\/G_Cioch-1.png","datePublished":"2025-12-27T14:45:35+00:00","dateModified":"2026-03-31T11:56:11+00:00","description":"Pozostaj\u0105 w pami\u0119ci \u2013 wspomnienia o osobach zas\u0142u\u017conych dla \u015brodowiska in\u017cynier\u00f3w budownictwa i Podkarpackiej Izby.","breadcrumb":{"@id":"https:\/\/inzynier.rzeszow.pl\/index.php\/pozostaja-w-pamieci\/#breadcrumb"},"inLanguage":"pl-PL","potentialAction":[{"@type":"ReadAction","target":["https:\/\/inzynier.rzeszow.pl\/index.php\/pozostaja-w-pamieci\/"]}]},{"@type":"ImageObject","inLanguage":"pl-PL","@id":"https:\/\/inzynier.rzeszow.pl\/index.php\/pozostaja-w-pamieci\/#primaryimage","url":"https:\/\/inzynier.rzeszow.pl\/wp-content\/uploads\/2025\/12\/G_Cioch-1.png","contentUrl":"https:\/\/inzynier.rzeszow.pl\/wp-content\/uploads\/2025\/12\/G_Cioch-1.png","width":450,"height":654},{"@type":"BreadcrumbList","@id":"https:\/\/inzynier.rzeszow.pl\/index.php\/pozostaja-w-pamieci\/#breadcrumb","itemListElement":[{"@type":"ListItem","position":1,"name":"Strona g\u0142\u00f3wna","item":"https:\/\/inzynier.rzeszow.pl\/"},{"@type":"ListItem","position":2,"name":"Pozostaj\u0105 w pami\u0119ci"}]},{"@type":"WebSite","@id":"https:\/\/inzynier.rzeszow.pl\/#website","url":"https:\/\/inzynier.rzeszow.pl\/","name":"Podkarpacka Okregowa Izba Inzynierow Budownictwa","description":"","potentialAction":[{"@type":"SearchAction","target":{"@type":"EntryPoint","urlTemplate":"https:\/\/inzynier.rzeszow.pl\/?s={search_term_string}"},"query-input":{"@type":"PropertyValueSpecification","valueRequired":true,"valueName":"search_term_string"}}],"inLanguage":"pl-PL"}]}},"rttpg_featured_image_url":null,"rttpg_author":{"display_name":"admin","author_link":"https:\/\/inzynier.rzeszow.pl\/index.php\/author\/kwojcik\/"},"rttpg_comment":0,"rttpg_category":null,"rttpg_excerpt":"Pozostaj\u0105 w naszej pami\u0119ci Strona g\u0142\u00f3wna \/ \u00a0Historia Izby \/ Pozostaj\u0105 w pami\u0119ci Zapraszamy do przekazywania informacji dotycz\u0105cej Kole\u017canek i [&hellip;]","_links":{"self":[{"href":"https:\/\/inzynier.rzeszow.pl\/index.php\/wp-json\/wp\/v2\/pages\/1444","targetHints":{"allow":["GET"]}}],"collection":[{"href":"https:\/\/inzynier.rzeszow.pl\/index.php\/wp-json\/wp\/v2\/pages"}],"about":[{"href":"https:\/\/inzynier.rzeszow.pl\/index.php\/wp-json\/wp\/v2\/types\/page"}],"author":[{"embeddable":true,"href":"https:\/\/inzynier.rzeszow.pl\/index.php\/wp-json\/wp\/v2\/users\/1"}],"replies":[{"embeddable":true,"href":"https:\/\/inzynier.rzeszow.pl\/index.php\/wp-json\/wp\/v2\/comments?post=1444"}],"version-history":[{"count":22,"href":"https:\/\/inzynier.rzeszow.pl\/index.php\/wp-json\/wp\/v2\/pages\/1444\/revisions"}],"predecessor-version":[{"id":8303,"href":"https:\/\/inzynier.rzeszow.pl\/index.php\/wp-json\/wp\/v2\/pages\/1444\/revisions\/8303"}],"wp:attachment":[{"href":"https:\/\/inzynier.rzeszow.pl\/index.php\/wp-json\/wp\/v2\/media?parent=1444"}],"curies":[{"name":"wp","href":"https:\/\/api.w.org\/{rel}","templated":true}]}}