{"id":1408,"date":"2025-12-27T14:01:48","date_gmt":"2025-12-27T14:01:48","guid":{"rendered":"https:\/\/migracja.inzynier.rzeszow.pl\/?page_id=1408"},"modified":"2026-03-15T11:40:14","modified_gmt":"2026-03-15T10:40:14","slug":"z-zycia-izby-2026","status":"publish","type":"page","link":"https:\/\/inzynier.rzeszow.pl\/index.php\/z-zycia-izby-2026\/","title":{"rendered":"Z \u017cycia Izby 2026"},"content":{"rendered":"\t\t<div data-elementor-type=\"wp-page\" data-elementor-id=\"1408\" class=\"elementor elementor-1408\" data-elementor-post-type=\"page\">\n\t\t\t\t<div class=\"elementor-element elementor-element-c6ddcf0 e-flex e-con-boxed e-con e-parent\" data-id=\"c6ddcf0\" data-element_type=\"container\" data-e-type=\"container\" data-settings=\"{&quot;background_background&quot;:&quot;classic&quot;}\">\n\t\t\t\t\t<div class=\"e-con-inner\">\n\t\t<div class=\"elementor-element elementor-element-f90288b e-con-full e-flex e-con e-child\" data-id=\"f90288b\" data-element_type=\"container\" data-e-type=\"container\" data-settings=\"{&quot;background_background&quot;:&quot;classic&quot;}\">\n\t\t\t\t<div class=\"elementor-element elementor-element-63fce6b elementor-widget elementor-widget-heading\" data-id=\"63fce6b\" data-element_type=\"widget\" data-e-type=\"widget\" data-widget_type=\"heading.default\">\n\t\t\t\t\t<h1 class=\"elementor-heading-title elementor-size-default\">Z \u017cycia Izby 2026<\/h1>\t\t\t\t<\/div>\n\t\t\t\t<\/div>\n\t\t\t\t\t<\/div>\n\t\t\t\t<\/div>\n\t\t<div class=\"elementor-element elementor-element-b79ae22 e-flex e-con-boxed e-con e-parent\" data-id=\"b79ae22\" data-element_type=\"container\" data-e-type=\"container\">\n\t\t\t\t\t<div class=\"e-con-inner\">\n\t\t\t\t<div class=\"elementor-element elementor-element-7249e99 elementor-widget elementor-widget-text-editor\" data-id=\"7249e99\" data-element_type=\"widget\" data-e-type=\"widget\" data-widget_type=\"text-editor.default\">\n\t\t\t\t\t\t\t\t\t<p><a href=\"https:\/\/inzynier.rzeszow.pl\">Strona g\u0142\u00f3wna <\/a>\/ <a href=\"https:\/\/inzynier.rzeszow.pl\/index.php\/z-zycia-izby\/\">Z \u017cycia Izby<\/a> \/ <a href=\"https:\/\/inzynier.rzeszow.pl\/index.php\/z-zycia-izby-2026\/\">Rok 2026<\/a><\/p>\t\t\t\t\t\t\t\t<\/div>\n\t\t\t\t\t<\/div>\n\t\t\t\t<\/div>\n\t\t<div class=\"elementor-element elementor-element-0c4e1b1 e-flex e-con-boxed e-con e-parent\" data-id=\"0c4e1b1\" data-element_type=\"container\" data-e-type=\"container\">\n\t\t\t\t\t<div class=\"e-con-inner\">\n\t\t\t\t<div class=\"elementor-element elementor-element-3870ac3 img_hover_animation_img_no_effect tpg-wrapper-align-left readmore-btn-only-text meta-visibility-show title_position_default title_hover_border_default title-default meta_position_default grid-hover-overlay-type-always tpg-el-box-border-enable tpg-border-bottom-disable elementor-widget elementor-widget-tpg-list-layout\" data-id=\"3870ac3\" data-element_type=\"widget\" data-e-type=\"widget\" data-widget_type=\"tpg-list-layout.default\">\n\t\t\t\t<div class=\"elementor-widget-container\">\n\t\t\t\t\t\n        <div class=\"rt-container-fluid rt-tpg-container tpg-el-main-wrapper list-layout1-main \"\n             data-sc-id=\"elementor\"\n             id=\"rt-tpg-container-3833492569\"\n             data-layout=\"list-layout1\"\n             data-grid-style=\"tpg-even\"\n             data-el-settings=''\n             data-el-query=''\n             data-el-path=''\n        >\n\t\t\t            <div class='tpg-header-wrapper '>\n\t\t\t\t            <\/div>\n\n            <div data-title=\"Loading ...\" class=\"rt-row rt-content-loader list-layout1 tpg-even list-behaviour list-layout-wrapper\">\n\t\t\t\t\n<div class=\"rt-col-md-12 rt-col-sm-12 rt-col-xs-12 img_no_effect rt-list-item rt-grid-item\" data-id=\"9673\">\n\t<div class=\"rt-holder tpg-post-holder \">\n\t\t<div class=\"rt-detail rt-el-content-wrapper\">\n\t\t\t\t\t\t\t<div class=\"rt-img-holder tpg-el-image-wrap has-thumbnail\">\n\t\t\t\t\t<a data-id=\"9673\" href=\"https:\/\/inzynier.rzeszow.pl\/index.php\/2026\/04\/29\/wyniki-konkursu-pzits-2025-na-najlepsza-prace-dyplomowa-absolwentow-studiow-ii-stopnia-kierunkow-inzynieria-srodowiska-i-energetyka\/\" class=\"tpg-post-link\" target=\"_self\">                        <img fetchpriority=\"high\" decoding=\"async\" src=\"https:\/\/inzynier.rzeszow.pl\/wp-content\/uploads\/2026\/04\/2026-04-24_wreczenie_PZITS-1-768x510.webp\"\n                             class=\"rt-img-responsive\"\n                             width=\"768\"\n                             height=\"510\"\n                             alt=\"WYNIKI KONKURSU PZITS 2025 na najlepsz\u0105 prac\u0119 dyplomow\u0105 absolwent\u00f3w studi\u00f3w II stopnia kierunk\u00f3w: in\u017cynieria \u015brodowiska i energetyka\">\n\t\t\t\t\t\t\n\t\t\t\t\t\t\t\n\t\t<\/a>\n\t\t        <div class=\"overlay grid-hover-content\"><\/div>\n\t\t\t\t\t\t<\/div>\n\t\t\t\n\t\t\t<div class=\"post-right-content\">\n\t\t\t\t<div class=\"entry-title-wrapper\"><h3 class=\"entry-title\"><a data-id=\"9673\" href=\"https:\/\/inzynier.rzeszow.pl\/index.php\/2026\/04\/29\/wyniki-konkursu-pzits-2025-na-najlepsza-prace-dyplomowa-absolwentow-studiow-ii-stopnia-kierunkow-inzynieria-srodowiska-i-energetyka\/\" class=\"tpg-post-link\" target=\"_self\">WYNIKI KONKURSU PZITS 2025 na najlepsz\u0105 prac\u0119 dyplomow\u0105 absolwent\u00f3w studi\u00f3w II stopnia kierunk\u00f3w: in\u017cynieria \u015brodowiska i energetyka<\/a><\/h3><\/div>\n\t\t\t\t\t\t\t\t\t<div class=\"post-meta-tags rt-el-post-meta\">\n\t\t\t\t\t\t            <span class='date'>\n\t\t\t\t<i class='far fa-calendar-alt '><\/i>\t\t\t\t                    <a href=\"https:\/\/inzynier.rzeszow.pl\/index.php\/2026\/04\/29\/\">\n\t\t\t\t\t29 kwietnia, 2026\t\t\t\t<\/a>\n\t\t\t\t\t\t\t<\/span>\n\t\t\t\t\t\t\t\t<\/div>\n\t\t\t\t\n\t\t\t\t\t\t\t\t\t<div class=\"tpg-excerpt tpg-el-excerpt\">\n\t\t\t\t\t\t\t\t\t\t\t\t\t<div class=\"tpg-excerpt-inner\">\n\t\t\t\t\t\t\t\tW dniu 24 kwietnia 2026 r. przewodnicz\u0105cy OR PDK OIIB Wac\u0142aw Kami\u0144ski powita\u0142 zgromadzonych go\u015bci i laureat\u00f3w na rozstrzygni\u0119ciu konkursu...\t\t\t\t\t\t\t<\/div>\n\t\t\t\t\t\t\t\t\t\t\t\t\t\t\t\t\t<\/div>\n\t\t\t\t\n\t\t\t\t        <div class=\"post-footer\">\n            <div class=\"post-footer\">\n                <div class=\"read-more\">\n\t\t\t\t\t<a data-id=\"9673\" href=\"https:\/\/inzynier.rzeszow.pl\/index.php\/2026\/04\/29\/wyniki-konkursu-pzits-2025-na-najlepsza-prace-dyplomowa-absolwentow-studiow-ii-stopnia-kierunkow-inzynieria-srodowiska-i-energetyka\/\" class=\"tpg-post-link\" target=\"_self\">Czytaj wi\u0119cej<\/a>                <\/div>\n            <\/div>\n        <\/div>\n\t\t\t\t\t<\/div>\n\t\t<\/div>\n\t<\/div>\n<\/div>\n\n<div class=\"rt-col-md-12 rt-col-sm-12 rt-col-xs-12 img_no_effect rt-list-item rt-grid-item\" data-id=\"9541\">\n\t<div class=\"rt-holder tpg-post-holder \">\n\t\t<div class=\"rt-detail rt-el-content-wrapper\">\n\t\t\t\t\t\t\t<div class=\"rt-img-holder tpg-el-image-wrap has-thumbnail\">\n\t\t\t\t\t<a data-id=\"9541\" href=\"https:\/\/inzynier.rzeszow.pl\/index.php\/2026\/04\/27\/zaproszenie-na-spotkanie-informacyjno-integracyjne-powiatu-rzeszowskiego-29-05-2026-r\/\" class=\"tpg-post-link\" target=\"_self\">                        <img decoding=\"async\" src=\"https:\/\/inzynier.rzeszow.pl\/wp-content\/uploads\/2026\/04\/integracja_2026-3-e1777289171605-768x467.webp\"\n                             class=\"rt-img-responsive\"\n                             width=\"768\"\n                             height=\"467\"\n                             alt=\"Zaproszenie na spotkanie informacyjno-integracyjne powiatu rzeszowskiego \u2013 29.05.2026 r.\">\n\t\t\t\t\t\t\n\t\t\t\t\t\t\t\n\t\t<\/a>\n\t\t        <div class=\"overlay grid-hover-content\"><\/div>\n\t\t\t\t\t\t<\/div>\n\t\t\t\n\t\t\t<div class=\"post-right-content\">\n\t\t\t\t<div class=\"entry-title-wrapper\"><h3 class=\"entry-title\"><a data-id=\"9541\" href=\"https:\/\/inzynier.rzeszow.pl\/index.php\/2026\/04\/27\/zaproszenie-na-spotkanie-informacyjno-integracyjne-powiatu-rzeszowskiego-29-05-2026-r\/\" class=\"tpg-post-link\" target=\"_self\">Zaproszenie na spotkanie informacyjno-integracyjne powiatu rzeszowskiego \u2013 29.05.2026 r.<\/a><\/h3><\/div>\n\t\t\t\t\t\t\t\t\t<div class=\"post-meta-tags rt-el-post-meta\">\n\t\t\t\t\t\t            <span class='date'>\n\t\t\t\t<i class='far fa-calendar-alt '><\/i>\t\t\t\t                    <a href=\"https:\/\/inzynier.rzeszow.pl\/index.php\/2026\/04\/27\/\">\n\t\t\t\t\t27 kwietnia, 2026\t\t\t\t<\/a>\n\t\t\t\t\t\t\t<\/span>\n\t\t\t\t\t\t\t\t<\/div>\n\t\t\t\t\n\t\t\t\t\t\t\t\t\t<div class=\"tpg-excerpt tpg-el-excerpt\">\n\t\t\t\t\t\t\t\t\t\t\t\t\t<div class=\"tpg-excerpt-inner\">\n\t\t\t\t\t\t\t\tSerdecznie zapraszamy na spotkanie informacyjno-integracyjne czynnych cz\u0142onk\u00f3w PDK\u00a0OIIB powiatu rzeszowskiego, kt\u00f3re odb\u0119dzie si\u0119 w dniu 29 maja 2026 r. (pi\u0105tek)...\t\t\t\t\t\t\t<\/div>\n\t\t\t\t\t\t\t\t\t\t\t\t\t\t\t\t\t<\/div>\n\t\t\t\t\n\t\t\t\t        <div class=\"post-footer\">\n            <div class=\"post-footer\">\n                <div class=\"read-more\">\n\t\t\t\t\t<a data-id=\"9541\" href=\"https:\/\/inzynier.rzeszow.pl\/index.php\/2026\/04\/27\/zaproszenie-na-spotkanie-informacyjno-integracyjne-powiatu-rzeszowskiego-29-05-2026-r\/\" class=\"tpg-post-link\" target=\"_self\">Czytaj wi\u0119cej<\/a>                <\/div>\n            <\/div>\n        <\/div>\n\t\t\t\t\t<\/div>\n\t\t<\/div>\n\t<\/div>\n<\/div>\n\n<div class=\"rt-col-md-12 rt-col-sm-12 rt-col-xs-12 img_no_effect rt-list-item rt-grid-item\" data-id=\"9461\">\n\t<div class=\"rt-holder tpg-post-holder \">\n\t\t<div class=\"rt-detail rt-el-content-wrapper\">\n\t\t\t\t\t\t\t<div class=\"rt-img-holder tpg-el-image-wrap has-thumbnail\">\n\t\t\t\t\t<a data-id=\"9461\" href=\"https:\/\/inzynier.rzeszow.pl\/index.php\/2026\/04\/24\/rada-ds-bezpieczenstwa-i-higieny-pracy-w-budownictwie\/\" class=\"tpg-post-link\" target=\"_self\">                        <img decoding=\"async\" src=\"https:\/\/inzynier.rzeszow.pl\/wp-content\/uploads\/2026\/04\/20260417-lead_p23475-768x327.webp\"\n                             class=\"rt-img-responsive\"\n                             width=\"768\"\n                             height=\"327\"\n                             alt=\"Rada ds. bezpiecze\u0144stwa i higieny pracy w budownictwie\">\n\t\t\t\t\t\t\n\t\t\t\t\t\t\t\n\t\t<\/a>\n\t\t        <div class=\"overlay grid-hover-content\"><\/div>\n\t\t\t\t\t\t<\/div>\n\t\t\t\n\t\t\t<div class=\"post-right-content\">\n\t\t\t\t<div class=\"entry-title-wrapper\"><h3 class=\"entry-title\"><a data-id=\"9461\" href=\"https:\/\/inzynier.rzeszow.pl\/index.php\/2026\/04\/24\/rada-ds-bezpieczenstwa-i-higieny-pracy-w-budownictwie\/\" class=\"tpg-post-link\" target=\"_self\">Rada ds. bezpiecze\u0144stwa i higieny pracy w budownictwie<\/a><\/h3><\/div>\n\t\t\t\t\t\t\t\t\t<div class=\"post-meta-tags rt-el-post-meta\">\n\t\t\t\t\t\t            <span class='date'>\n\t\t\t\t<i class='far fa-calendar-alt '><\/i>\t\t\t\t                    <a href=\"https:\/\/inzynier.rzeszow.pl\/index.php\/2026\/04\/24\/\">\n\t\t\t\t\t24 kwietnia, 2026\t\t\t\t<\/a>\n\t\t\t\t\t\t\t<\/span>\n\t\t\t\t\t\t\t\t<\/div>\n\t\t\t\t\n\t\t\t\t\t\t\t\t\t<div class=\"tpg-excerpt tpg-el-excerpt\">\n\t\t\t\t\t\t\t\t\t\t\t\t\t<div class=\"tpg-excerpt-inner\">\n\t\t\t\t\t\t\t\tW dniu 16 kwietnia 2026 r. skarbnik PDK OIIB Iwona Warzybok uczestniczy\u0142a w posiedzeniu Rady ds. bezpiecze\u0144stwa i higieny pracy...\t\t\t\t\t\t\t<\/div>\n\t\t\t\t\t\t\t\t\t\t\t\t\t\t\t\t\t<\/div>\n\t\t\t\t\n\t\t\t\t        <div class=\"post-footer\">\n            <div class=\"post-footer\">\n                <div class=\"read-more\">\n\t\t\t\t\t<a data-id=\"9461\" href=\"https:\/\/inzynier.rzeszow.pl\/index.php\/2026\/04\/24\/rada-ds-bezpieczenstwa-i-higieny-pracy-w-budownictwie\/\" class=\"tpg-post-link\" target=\"_self\">Czytaj wi\u0119cej<\/a>                <\/div>\n            <\/div>\n        <\/div>\n\t\t\t\t\t<\/div>\n\t\t<\/div>\n\t<\/div>\n<\/div>\n\n<div class=\"rt-col-md-12 rt-col-sm-12 rt-col-xs-12 img_no_effect rt-list-item rt-grid-item\" data-id=\"9260\">\n\t<div class=\"rt-holder tpg-post-holder \">\n\t\t<div class=\"rt-detail rt-el-content-wrapper\">\n\t\t\t\t\t\t\t<div class=\"rt-img-holder tpg-el-image-wrap has-thumbnail\">\n\t\t\t\t\t<a data-id=\"9260\" href=\"https:\/\/inzynier.rzeszow.pl\/index.php\/2026\/04\/22\/posiedzenie-okregowej-rady-pdk-oiib-20-04-2026-r\/\" class=\"tpg-post-link\" target=\"_self\">                        <img loading=\"lazy\" decoding=\"async\" src=\"https:\/\/inzynier.rzeszow.pl\/wp-content\/uploads\/2026\/04\/rada_20_04_2026-768x512.webp\"\n                             class=\"rt-img-responsive\"\n                             width=\"768\"\n                             height=\"512\"\n                             alt=\"Posiedzenie Okr\u0119gowej Rady PDK OIIB &#8211; 20.04.2026 r.\">\n\t\t\t\t\t\t\n\t\t\t\t\t\t\t\n\t\t<\/a>\n\t\t        <div class=\"overlay grid-hover-content\"><\/div>\n\t\t\t\t\t\t<\/div>\n\t\t\t\n\t\t\t<div class=\"post-right-content\">\n\t\t\t\t<div class=\"entry-title-wrapper\"><h3 class=\"entry-title\"><a data-id=\"9260\" href=\"https:\/\/inzynier.rzeszow.pl\/index.php\/2026\/04\/22\/posiedzenie-okregowej-rady-pdk-oiib-20-04-2026-r\/\" class=\"tpg-post-link\" target=\"_self\">Posiedzenie Okr\u0119gowej Rady PDK OIIB &#8211; 20.04.2026 r.<\/a><\/h3><\/div>\n\t\t\t\t\t\t\t\t\t<div class=\"post-meta-tags rt-el-post-meta\">\n\t\t\t\t\t\t            <span class='date'>\n\t\t\t\t<i class='far fa-calendar-alt '><\/i>\t\t\t\t                    <a href=\"https:\/\/inzynier.rzeszow.pl\/index.php\/2026\/04\/22\/\">\n\t\t\t\t\t22 kwietnia, 2026\t\t\t\t<\/a>\n\t\t\t\t\t\t\t<\/span>\n\t\t\t\t\t\t\t\t<\/div>\n\t\t\t\t\n\t\t\t\t\t\t\t\t\t<div class=\"tpg-excerpt tpg-el-excerpt\">\n\t\t\t\t\t\t\t\t\t\t\t\t\t<div class=\"tpg-excerpt-inner\">\n\t\t\t\t\t\t\t\tW dniu 20 kwietnia 2026 r. mia\u0142o miejsce pierwsze posiedzenie Okr\u0119gowej Rady PDK OIIB kadencji 2026-2030. W posiedzeniu wzi\u0119li udzia\u0142...\t\t\t\t\t\t\t<\/div>\n\t\t\t\t\t\t\t\t\t\t\t\t\t\t\t\t\t<\/div>\n\t\t\t\t\n\t\t\t\t        <div class=\"post-footer\">\n            <div class=\"post-footer\">\n                <div class=\"read-more\">\n\t\t\t\t\t<a data-id=\"9260\" href=\"https:\/\/inzynier.rzeszow.pl\/index.php\/2026\/04\/22\/posiedzenie-okregowej-rady-pdk-oiib-20-04-2026-r\/\" class=\"tpg-post-link\" target=\"_self\">Czytaj wi\u0119cej<\/a>                <\/div>\n            <\/div>\n        <\/div>\n\t\t\t\t\t<\/div>\n\t\t<\/div>\n\t<\/div>\n<\/div>\n\n<div class=\"rt-col-md-12 rt-col-sm-12 rt-col-xs-12 img_no_effect rt-list-item rt-grid-item\" data-id=\"9126\">\n\t<div class=\"rt-holder tpg-post-holder \">\n\t\t<div class=\"rt-detail rt-el-content-wrapper\">\n\t\t\t\t\t\t\t<div class=\"rt-img-holder tpg-el-image-wrap has-thumbnail\">\n\t\t\t\t\t<a data-id=\"9126\" href=\"https:\/\/inzynier.rzeszow.pl\/index.php\/2026\/04\/20\/ogloszenia-okregowej-komisji-kwalifikacyjnej-2-2\/\" class=\"tpg-post-link\" target=\"_self\">                        <img loading=\"lazy\" decoding=\"async\" src=\"https:\/\/inzynier.rzeszow.pl\/wp-content\/uploads\/2026\/04\/ogl_OKK_ustne_1_2026-1-768x512.webp\"\n                             class=\"rt-img-responsive\"\n                             width=\"768\"\n                             height=\"512\"\n                             alt=\"Og\u0142oszenia Okr\u0119gowej Komisji Kwalifikacyjnej\">\n\t\t\t\t\t\t\n\t\t\t\t\t\t\t\n\t\t<\/a>\n\t\t        <div class=\"overlay grid-hover-content\"><\/div>\n\t\t\t\t\t\t<\/div>\n\t\t\t\n\t\t\t<div class=\"post-right-content\">\n\t\t\t\t<div class=\"entry-title-wrapper\"><h3 class=\"entry-title\"><a data-id=\"9126\" href=\"https:\/\/inzynier.rzeszow.pl\/index.php\/2026\/04\/20\/ogloszenia-okregowej-komisji-kwalifikacyjnej-2-2\/\" class=\"tpg-post-link\" target=\"_self\">Og\u0142oszenia Okr\u0119gowej Komisji Kwalifikacyjnej<\/a><\/h3><\/div>\n\t\t\t\t\t\t\t\t\t<div class=\"post-meta-tags rt-el-post-meta\">\n\t\t\t\t\t\t            <span class='date'>\n\t\t\t\t<i class='far fa-calendar-alt '><\/i>\t\t\t\t                    <a href=\"https:\/\/inzynier.rzeszow.pl\/index.php\/2026\/04\/20\/\">\n\t\t\t\t\t20 kwietnia, 2026\t\t\t\t<\/a>\n\t\t\t\t\t\t\t<\/span>\n\t\t\t\t\t\t\t\t<\/div>\n\t\t\t\t\n\t\t\t\t\t\t\t\t\t<div class=\"tpg-excerpt tpg-el-excerpt\">\n\t\t\t\t\t\t\t\t\t\t\t\t\t<div class=\"tpg-excerpt-inner\">\n\t\t\t\t\t\t\t\tOg\u0142oszenia Okr\u0119gowej Komisji Kwalifikacyjnej - sesja 1\/2026 - przybli\u017cone terminy egzamin\u00f3w ustnych...\t\t\t\t\t\t\t<\/div>\n\t\t\t\t\t\t\t\t\t\t\t\t\t\t\t\t\t<\/div>\n\t\t\t\t\n\t\t\t\t        <div class=\"post-footer\">\n            <div class=\"post-footer\">\n                <div class=\"read-more\">\n\t\t\t\t\t<a data-id=\"9126\" href=\"https:\/\/inzynier.rzeszow.pl\/index.php\/2026\/04\/20\/ogloszenia-okregowej-komisji-kwalifikacyjnej-2-2\/\" class=\"tpg-post-link\" target=\"_self\">Czytaj wi\u0119cej<\/a>                <\/div>\n            <\/div>\n        <\/div>\n\t\t\t\t\t<\/div>\n\t\t<\/div>\n\t<\/div>\n<\/div>\n\n<div class=\"rt-col-md-12 rt-col-sm-12 rt-col-xs-12 img_no_effect rt-list-item rt-grid-item\" data-id=\"8996\">\n\t<div class=\"rt-holder tpg-post-holder \">\n\t\t<div class=\"rt-detail rt-el-content-wrapper\">\n\t\t\t\t\t\t\t<div class=\"rt-img-holder tpg-el-image-wrap has-thumbnail\">\n\t\t\t\t\t<a data-id=\"8996\" href=\"https:\/\/inzynier.rzeszow.pl\/index.php\/2026\/04\/20\/ii-piknik-rodzinny-i-iii-regaty-zeglarskie-podkarpackiej-okregowej-izby-inzynierow-budownictwa-na-jeziorze-tarnobrzeskim-2026\/\" class=\"tpg-post-link\" target=\"_self\">                        <img loading=\"lazy\" decoding=\"async\" src=\"https:\/\/inzynier.rzeszow.pl\/wp-content\/uploads\/2026\/04\/piknik_tarnobrzeg_26-1-768x512.webp\"\n                             class=\"rt-img-responsive\"\n                             width=\"768\"\n                             height=\"512\"\n                             alt=\"II Piknik Rodzinny i III Regaty \u017beglarskie Podkarpackiej Okr\u0119gowej Izby In\u017cynier\u00f3w Budownictwa na Jeziorze Tarnobrzeskim &#8211; 13.06.2026 r.\">\n\t\t\t\t\t\t\n\t\t\t\t\t\t\t\n\t\t<\/a>\n\t\t        <div class=\"overlay grid-hover-content\"><\/div>\n\t\t\t\t\t\t<\/div>\n\t\t\t\n\t\t\t<div class=\"post-right-content\">\n\t\t\t\t<div class=\"entry-title-wrapper\"><h3 class=\"entry-title\"><a data-id=\"8996\" href=\"https:\/\/inzynier.rzeszow.pl\/index.php\/2026\/04\/20\/ii-piknik-rodzinny-i-iii-regaty-zeglarskie-podkarpackiej-okregowej-izby-inzynierow-budownictwa-na-jeziorze-tarnobrzeskim-2026\/\" class=\"tpg-post-link\" target=\"_self\">II Piknik Rodzinny i III Regaty \u017beglarskie Podkarpackiej Okr\u0119gowej Izby In\u017cynier\u00f3w Budownictwa na Jeziorze Tarnobrzeskim &#8211; 13.06.2026 r.<\/a><\/h3><\/div>\n\t\t\t\t\t\t\t\t\t<div class=\"post-meta-tags rt-el-post-meta\">\n\t\t\t\t\t\t            <span class='date'>\n\t\t\t\t<i class='far fa-calendar-alt '><\/i>\t\t\t\t                    <a href=\"https:\/\/inzynier.rzeszow.pl\/index.php\/2026\/04\/20\/\">\n\t\t\t\t\t20 kwietnia, 2026\t\t\t\t<\/a>\n\t\t\t\t\t\t\t<\/span>\n\t\t\t\t\t\t\t\t<\/div>\n\t\t\t\t\n\t\t\t\t\t\t\t\t\t<div class=\"tpg-excerpt tpg-el-excerpt\">\n\t\t\t\t\t\t\t\t\t\t\t\t\t<div class=\"tpg-excerpt-inner\">\n\t\t\t\t\t\t\t\tPodkarpacka Okr\u0119gowa Izba In\u017cynier\u00f3w Budownictwa zaprasza czynnych cz\u0142onk\u00f3w PDK OIIB wraz z rodzinami na II Piknik Rodzinny oraz do udzia\u0142u...\t\t\t\t\t\t\t<\/div>\n\t\t\t\t\t\t\t\t\t\t\t\t\t\t\t\t\t<\/div>\n\t\t\t\t\n\t\t\t\t        <div class=\"post-footer\">\n            <div class=\"post-footer\">\n                <div class=\"read-more\">\n\t\t\t\t\t<a data-id=\"8996\" href=\"https:\/\/inzynier.rzeszow.pl\/index.php\/2026\/04\/20\/ii-piknik-rodzinny-i-iii-regaty-zeglarskie-podkarpackiej-okregowej-izby-inzynierow-budownictwa-na-jeziorze-tarnobrzeskim-2026\/\" class=\"tpg-post-link\" target=\"_self\">Czytaj wi\u0119cej<\/a>                <\/div>\n            <\/div>\n        <\/div>\n\t\t\t\t\t<\/div>\n\t\t<\/div>\n\t<\/div>\n<\/div>\n\n<div class=\"rt-col-md-12 rt-col-sm-12 rt-col-xs-12 img_no_effect rt-list-item rt-grid-item\" data-id=\"8978\">\n\t<div class=\"rt-holder tpg-post-holder \">\n\t\t<div class=\"rt-detail rt-el-content-wrapper\">\n\t\t\t\t\t\t\t<div class=\"rt-img-holder tpg-el-image-wrap has-thumbnail\">\n\t\t\t\t\t<a data-id=\"8978\" href=\"https:\/\/inzynier.rzeszow.pl\/index.php\/2026\/04\/20\/szkolenie-tup-wielka-reforma-planowania-przestrzennego-odszkodowania-planistyczne\/\" class=\"tpg-post-link\" target=\"_self\">                        <img loading=\"lazy\" decoding=\"async\" src=\"https:\/\/inzynier.rzeszow.pl\/wp-content\/uploads\/2026\/04\/IMG_20260416_091743357_HDR-scaled-e1776662103865-768x530.webp\"\n                             class=\"rt-img-responsive\"\n                             width=\"768\"\n                             height=\"530\"\n                             alt=\"Szkolenie TUP: Wielka reforma planowania przestrzennego. Odszkodowania planistyczne\">\n\t\t\t\t\t\t\n\t\t\t\t\t\t\t\n\t\t<\/a>\n\t\t        <div class=\"overlay grid-hover-content\"><\/div>\n\t\t\t\t\t\t<\/div>\n\t\t\t\n\t\t\t<div class=\"post-right-content\">\n\t\t\t\t<div class=\"entry-title-wrapper\"><h3 class=\"entry-title\"><a data-id=\"8978\" href=\"https:\/\/inzynier.rzeszow.pl\/index.php\/2026\/04\/20\/szkolenie-tup-wielka-reforma-planowania-przestrzennego-odszkodowania-planistyczne\/\" class=\"tpg-post-link\" target=\"_self\">Szkolenie TUP: Wielka reforma planowania przestrzennego. Odszkodowania planistyczne<\/a><\/h3><\/div>\n\t\t\t\t\t\t\t\t\t<div class=\"post-meta-tags rt-el-post-meta\">\n\t\t\t\t\t\t            <span class='date'>\n\t\t\t\t<i class='far fa-calendar-alt '><\/i>\t\t\t\t                    <a href=\"https:\/\/inzynier.rzeszow.pl\/index.php\/2026\/04\/20\/\">\n\t\t\t\t\t20 kwietnia, 2026\t\t\t\t<\/a>\n\t\t\t\t\t\t\t<\/span>\n\t\t\t\t\t\t\t\t<\/div>\n\t\t\t\t\n\t\t\t\t\t\t\t\t\t<div class=\"tpg-excerpt tpg-el-excerpt\">\n\t\t\t\t\t\t\t\t\t\t\t\t\t<div class=\"tpg-excerpt-inner\">\n\t\t\t\t\t\t\t\tW dniu 16 kwietnia 2026 r. przewodnicz\u0105cy OR PDK OIIB Wac\u0142aw Kami\u0144ski powita\u0142 uczestnik\u00f3w szkolenia \u201dWielka reforma planowania przestrzennego. Odszkodowania...\t\t\t\t\t\t\t<\/div>\n\t\t\t\t\t\t\t\t\t\t\t\t\t\t\t\t\t<\/div>\n\t\t\t\t\n\t\t\t\t        <div class=\"post-footer\">\n            <div class=\"post-footer\">\n                <div class=\"read-more\">\n\t\t\t\t\t<a data-id=\"8978\" href=\"https:\/\/inzynier.rzeszow.pl\/index.php\/2026\/04\/20\/szkolenie-tup-wielka-reforma-planowania-przestrzennego-odszkodowania-planistyczne\/\" class=\"tpg-post-link\" target=\"_self\">Czytaj wi\u0119cej<\/a>                <\/div>\n            <\/div>\n        <\/div>\n\t\t\t\t\t<\/div>\n\t\t<\/div>\n\t<\/div>\n<\/div>\n\n<div class=\"rt-col-md-12 rt-col-sm-12 rt-col-xs-12 img_no_effect rt-list-item rt-grid-item\" data-id=\"8972\">\n\t<div class=\"rt-holder tpg-post-holder \">\n\t\t<div class=\"rt-detail rt-el-content-wrapper\">\n\t\t\t\t\t\t\t<div class=\"rt-img-holder tpg-el-image-wrap has-thumbnail\">\n\t\t\t\t\t<a data-id=\"8972\" href=\"https:\/\/inzynier.rzeszow.pl\/index.php\/2026\/04\/17\/zaproszenie-na-spotkanie-informacyjno-integracyjne-powiatu-lezajskiego-22-05-2026-r\/\" class=\"tpg-post-link\" target=\"_self\">                        <img loading=\"lazy\" decoding=\"async\" src=\"https:\/\/inzynier.rzeszow.pl\/wp-content\/uploads\/2026\/04\/integracja_2026-2-e1776421642135-768x454.webp\"\n                             class=\"rt-img-responsive\"\n                             width=\"768\"\n                             height=\"454\"\n                             alt=\"Zaproszenie na spotkanie informacyjno-integracyjne powiatu le\u017cajskiego \u2013 22.05.2026 r.\">\n\t\t\t\t\t\t\n\t\t\t\t\t\t\t\n\t\t<\/a>\n\t\t        <div class=\"overlay grid-hover-content\"><\/div>\n\t\t\t\t\t\t<\/div>\n\t\t\t\n\t\t\t<div class=\"post-right-content\">\n\t\t\t\t<div class=\"entry-title-wrapper\"><h3 class=\"entry-title\"><a data-id=\"8972\" href=\"https:\/\/inzynier.rzeszow.pl\/index.php\/2026\/04\/17\/zaproszenie-na-spotkanie-informacyjno-integracyjne-powiatu-lezajskiego-22-05-2026-r\/\" class=\"tpg-post-link\" target=\"_self\">Zaproszenie na spotkanie informacyjno-integracyjne powiatu le\u017cajskiego \u2013 22.05.2026 r.<\/a><\/h3><\/div>\n\t\t\t\t\t\t\t\t\t<div class=\"post-meta-tags rt-el-post-meta\">\n\t\t\t\t\t\t            <span class='date'>\n\t\t\t\t<i class='far fa-calendar-alt '><\/i>\t\t\t\t                    <a href=\"https:\/\/inzynier.rzeszow.pl\/index.php\/2026\/04\/17\/\">\n\t\t\t\t\t17 kwietnia, 2026\t\t\t\t<\/a>\n\t\t\t\t\t\t\t<\/span>\n\t\t\t\t\t\t\t\t<\/div>\n\t\t\t\t\n\t\t\t\t\t\t\t\t\t<div class=\"tpg-excerpt tpg-el-excerpt\">\n\t\t\t\t\t\t\t\t\t\t\t\t\t<div class=\"tpg-excerpt-inner\">\n\t\t\t\t\t\t\t\tSerdecznie zapraszamy na spotkanie informacyjno-integracyjne czynnych cz\u0142onk\u00f3w PDK\u00a0OIIB powiatu le\u017cajskiego, kt\u00f3re odb\u0119dzie si\u0119 w dniu 22 maja 2026 r. (pi\u0105tek)...\t\t\t\t\t\t\t<\/div>\n\t\t\t\t\t\t\t\t\t\t\t\t\t\t\t\t\t<\/div>\n\t\t\t\t\n\t\t\t\t        <div class=\"post-footer\">\n            <div class=\"post-footer\">\n                <div class=\"read-more\">\n\t\t\t\t\t<a data-id=\"8972\" href=\"https:\/\/inzynier.rzeszow.pl\/index.php\/2026\/04\/17\/zaproszenie-na-spotkanie-informacyjno-integracyjne-powiatu-lezajskiego-22-05-2026-r\/\" class=\"tpg-post-link\" target=\"_self\">Czytaj wi\u0119cej<\/a>                <\/div>\n            <\/div>\n        <\/div>\n\t\t\t\t\t<\/div>\n\t\t<\/div>\n\t<\/div>\n<\/div>\n\n<div class=\"rt-col-md-12 rt-col-sm-12 rt-col-xs-12 img_no_effect rt-list-item rt-grid-item\" data-id=\"8888\">\n\t<div class=\"rt-holder tpg-post-holder \">\n\t\t<div class=\"rt-detail rt-el-content-wrapper\">\n\t\t\t\t\t\t\t<div class=\"rt-img-holder tpg-el-image-wrap has-thumbnail\">\n\t\t\t\t\t<a data-id=\"8888\" href=\"https:\/\/inzynier.rzeszow.pl\/index.php\/2026\/04\/15\/rozpoczela-sie-kadencja-pdk-oiib-na-lata-2026-2030\/\" class=\"tpg-post-link\" target=\"_self\">                        <img loading=\"lazy\" decoding=\"async\" src=\"https:\/\/inzynier.rzeszow.pl\/wp-content\/uploads\/2026\/04\/IMG_2247-Niestandardowy-768x512.webp\"\n                             class=\"rt-img-responsive\"\n                             width=\"768\"\n                             height=\"512\"\n                             alt=\"Rozpocz\u0119\u0142a si\u0119 kadencja PDK OIIB na lata 2026\u20132030\">\n\t\t\t\t\t\t\n\t\t\t\t\t\t\t\n\t\t<\/a>\n\t\t        <div class=\"overlay grid-hover-content\"><\/div>\n\t\t\t\t\t\t<\/div>\n\t\t\t\n\t\t\t<div class=\"post-right-content\">\n\t\t\t\t<div class=\"entry-title-wrapper\"><h3 class=\"entry-title\"><a data-id=\"8888\" href=\"https:\/\/inzynier.rzeszow.pl\/index.php\/2026\/04\/15\/rozpoczela-sie-kadencja-pdk-oiib-na-lata-2026-2030\/\" class=\"tpg-post-link\" target=\"_self\">Rozpocz\u0119\u0142a si\u0119 kadencja PDK OIIB na lata 2026\u20132030<\/a><\/h3><\/div>\n\t\t\t\t\t\t\t\t\t<div class=\"post-meta-tags rt-el-post-meta\">\n\t\t\t\t\t\t            <span class='date'>\n\t\t\t\t<i class='far fa-calendar-alt '><\/i>\t\t\t\t                    <a href=\"https:\/\/inzynier.rzeszow.pl\/index.php\/2026\/04\/15\/\">\n\t\t\t\t\t15 kwietnia, 2026\t\t\t\t<\/a>\n\t\t\t\t\t\t\t<\/span>\n\t\t\t\t\t\t\t\t<\/div>\n\t\t\t\t\n\t\t\t\t\t\t\t\t\t<div class=\"tpg-excerpt tpg-el-excerpt\">\n\t\t\t\t\t\t\t\t\t\t\t\t\t<div class=\"tpg-excerpt-inner\">\n\t\t\t\t\t\t\t\tPodczas XXV Zjazdu Sprawozdawczo-Wyborczego PDK OIIB wybrano przewodnicz\u0105cego OR PDK OIIB oraz sk\u0142ady osobowe organ\u00f3w statutowych. W trakcie pierwszych posiedze\u0144...\t\t\t\t\t\t\t<\/div>\n\t\t\t\t\t\t\t\t\t\t\t\t\t\t\t\t\t<\/div>\n\t\t\t\t\n\t\t\t\t        <div class=\"post-footer\">\n            <div class=\"post-footer\">\n                <div class=\"read-more\">\n\t\t\t\t\t<a data-id=\"8888\" href=\"https:\/\/inzynier.rzeszow.pl\/index.php\/2026\/04\/15\/rozpoczela-sie-kadencja-pdk-oiib-na-lata-2026-2030\/\" class=\"tpg-post-link\" target=\"_self\">Czytaj wi\u0119cej<\/a>                <\/div>\n            <\/div>\n        <\/div>\n\t\t\t\t\t<\/div>\n\t\t<\/div>\n\t<\/div>\n<\/div>\n            <\/div>\n\n\t\t\t<div class='rt-pagination-wrap' data-total-pages='5' data-posts-per-page='' data-type='pagination'><div class=\"rt-pagination\"><ul class=\"pagination-list\"><li class=\"active\"><span>1<\/span><\/li><li><a data-paged='2' href='https:\/\/inzynier.rzeszow.pl\/index.php\/wp-json\/wp\/v2\/pages\/1408\/page\/2\/'>2<\/a><\/li><li><a data-paged='3' href='https:\/\/inzynier.rzeszow.pl\/index.php\/wp-json\/wp\/v2\/pages\/1408\/page\/3\/'>3<\/a><\/li><li><a data-paged='4' href='https:\/\/inzynier.rzeszow.pl\/index.php\/wp-json\/wp\/v2\/pages\/1408\/page\/4\/'>4<\/a><\/li><li><a data-paged='5' href='https:\/\/inzynier.rzeszow.pl\/index.php\/wp-json\/wp\/v2\/pages\/1408\/page\/5\/'>5<\/a><\/li><\/ul><\/div><\/div>\n        <\/div>\n\t\t\t\t\t\t<\/div>\n\t\t\t\t<\/div>\n\t\t\t\t\t<\/div>\n\t\t\t\t<\/div>\n\t\t\t\t<\/div>\n\t\t","protected":false},"excerpt":{"rendered":"<p>Z \u017cycia Izby 2026 Strona g\u0142\u00f3wna \/ Z \u017cycia Izby \/ Rok 2026 Z \u017cycia stowarzysze\u0144 &#8211; SEP Oddzia\u0142 Rzeszowski [&hellip;]<\/p>\n","protected":false},"author":1,"featured_media":0,"parent":0,"menu_order":0,"comment_status":"closed","ping_status":"closed","template":"","meta":{"site-sidebar-layout":"no-sidebar","site-content-layout":"","ast-site-content-layout":"full-width-container","site-content-style":"default","site-sidebar-style":"default","ast-global-header-display":"","ast-banner-title-visibility":"","ast-main-header-display":"","ast-hfb-above-header-display":"","ast-hfb-below-header-display":"","ast-hfb-mobile-header-display":"","site-post-title":"disabled","ast-breadcrumbs-content":"","ast-featured-img":"disabled","footer-sml-layout":"","ast-disable-related-posts":"","theme-transparent-header-meta":"","adv-header-id-meta":"","stick-header-meta":"","header-above-stick-meta":"","header-main-stick-meta":"","header-below-stick-meta":"","astra-migrate-meta-layouts":"default","ast-page-background-enabled":"default","ast-page-background-meta":{"desktop":{"background-color":"var(--ast-global-color-5)","background-image":"","background-repeat":"repeat","background-position":"center center","background-size":"auto","background-attachment":"scroll","background-type":"","background-media":"","overlay-type":"","overlay-color":"","overlay-opacity":"","overlay-gradient":""},"tablet":{"background-color":"","background-image":"","background-repeat":"repeat","background-position":"center center","background-size":"auto","background-attachment":"scroll","background-type":"","background-media":"","overlay-type":"","overlay-color":"","overlay-opacity":"","overlay-gradient":""},"mobile":{"background-color":"","background-image":"","background-repeat":"repeat","background-position":"center center","background-size":"auto","background-attachment":"scroll","background-type":"","background-media":"","overlay-type":"","overlay-color":"","overlay-opacity":"","overlay-gradient":""}},"ast-content-background-meta":{"desktop":{"background-color":"var(--ast-global-color-4)","background-image":"","background-repeat":"repeat","background-position":"center center","background-size":"auto","background-attachment":"scroll","background-type":"","background-media":"","overlay-type":"","overlay-color":"","overlay-opacity":"","overlay-gradient":""},"tablet":{"background-color":"var(--ast-global-color-4)","background-image":"","background-repeat":"repeat","background-position":"center center","background-size":"auto","background-attachment":"scroll","background-type":"","background-media":"","overlay-type":"","overlay-color":"","overlay-opacity":"","overlay-gradient":""},"mobile":{"background-color":"var(--ast-global-color-4)","background-image":"","background-repeat":"repeat","background-position":"center center","background-size":"auto","background-attachment":"scroll","background-type":"","background-media":"","overlay-type":"","overlay-color":"","overlay-opacity":"","overlay-gradient":""}},"footnotes":""},"class_list":["post-1408","page","type-page","status-publish","hentry"],"yoast_head":"<!-- This site is optimized with the Yoast SEO plugin v27.5 - https:\/\/yoast.com\/product\/yoast-seo-wordpress\/ -->\n<title>Z \u017cycia Izby 2026 - Podkarpacka Okregowa Izba Inzynierow Budownictwa<\/title>\n<meta name=\"description\" content=\"Z \u017cycia PDK OIIB w 2026 roku \u2013 relacje i aktualno\u015bci z wydarze\u0144 organizowanych przez Podkarpack\u0105 Okr\u0119gow\u0105 Izb\u0119 In\u017cynier\u00f3w Budownictwa.\" \/>\n<meta name=\"robots\" content=\"index, follow, max-snippet:-1, max-image-preview:large, max-video-preview:-1\" \/>\n<link rel=\"canonical\" href=\"https:\/\/inzynier.rzeszow.pl\/index.php\/z-zycia-izby-2026\/\" \/>\n<meta property=\"og:locale\" content=\"pl_PL\" \/>\n<meta property=\"og:type\" content=\"article\" \/>\n<meta property=\"og:title\" content=\"Z \u017cycia Izby 2026 - Podkarpacka Okregowa Izba Inzynierow Budownictwa\" \/>\n<meta property=\"og:description\" content=\"Z \u017cycia PDK OIIB w 2026 roku \u2013 relacje i aktualno\u015bci z wydarze\u0144 organizowanych przez Podkarpack\u0105 Okr\u0119gow\u0105 Izb\u0119 In\u017cynier\u00f3w Budownictwa.\" \/>\n<meta property=\"og:url\" content=\"https:\/\/inzynier.rzeszow.pl\/index.php\/z-zycia-izby-2026\/\" \/>\n<meta property=\"og:site_name\" content=\"Podkarpacka Okregowa Izba Inzynierow Budownictwa\" \/>\n<meta property=\"article:modified_time\" content=\"2026-03-15T10:40:14+00:00\" \/>\n<meta property=\"og:image\" content=\"https:\/\/migracja.inzynier.rzeszow.pl\/wp-content\/uploads\/2026\/03\/SEP_nowe_wladze_26-768x512.png\" \/>\n<meta name=\"twitter:card\" content=\"summary_large_image\" \/>\n<meta name=\"twitter:label1\" content=\"Szacowany czas czytania\" \/>\n\t<meta name=\"twitter:data1\" content=\"7 minut\" \/>\n<script type=\"application\/ld+json\" class=\"yoast-schema-graph\">{\"@context\":\"https:\\\/\\\/schema.org\",\"@graph\":[{\"@type\":\"WebPage\",\"@id\":\"https:\\\/\\\/inzynier.rzeszow.pl\\\/index.php\\\/z-zycia-izby-2026\\\/\",\"url\":\"https:\\\/\\\/inzynier.rzeszow.pl\\\/index.php\\\/z-zycia-izby-2026\\\/\",\"name\":\"Z \u017cycia Izby 2026 - Podkarpacka Okregowa Izba Inzynierow Budownictwa\",\"isPartOf\":{\"@id\":\"https:\\\/\\\/inzynier.rzeszow.pl\\\/#website\"},\"primaryImageOfPage\":{\"@id\":\"https:\\\/\\\/inzynier.rzeszow.pl\\\/index.php\\\/z-zycia-izby-2026\\\/#primaryimage\"},\"image\":{\"@id\":\"https:\\\/\\\/inzynier.rzeszow.pl\\\/index.php\\\/z-zycia-izby-2026\\\/#primaryimage\"},\"thumbnailUrl\":\"https:\\\/\\\/migracja.inzynier.rzeszow.pl\\\/wp-content\\\/uploads\\\/2026\\\/03\\\/SEP_nowe_wladze_26-768x512.png\",\"datePublished\":\"2025-12-27T14:01:48+00:00\",\"dateModified\":\"2026-03-15T10:40:14+00:00\",\"description\":\"Z \u017cycia PDK OIIB w 2026 roku \u2013 relacje i aktualno\u015bci z wydarze\u0144 organizowanych przez Podkarpack\u0105 Okr\u0119gow\u0105 Izb\u0119 In\u017cynier\u00f3w Budownictwa.\",\"breadcrumb\":{\"@id\":\"https:\\\/\\\/inzynier.rzeszow.pl\\\/index.php\\\/z-zycia-izby-2026\\\/#breadcrumb\"},\"inLanguage\":\"pl-PL\",\"potentialAction\":[{\"@type\":\"ReadAction\",\"target\":[\"https:\\\/\\\/inzynier.rzeszow.pl\\\/index.php\\\/z-zycia-izby-2026\\\/\"]}]},{\"@type\":\"ImageObject\",\"inLanguage\":\"pl-PL\",\"@id\":\"https:\\\/\\\/inzynier.rzeszow.pl\\\/index.php\\\/z-zycia-izby-2026\\\/#primaryimage\",\"url\":\"https:\\\/\\\/migracja.inzynier.rzeszow.pl\\\/wp-content\\\/uploads\\\/2026\\\/03\\\/SEP_nowe_wladze_26-768x512.png\",\"contentUrl\":\"https:\\\/\\\/migracja.inzynier.rzeszow.pl\\\/wp-content\\\/uploads\\\/2026\\\/03\\\/SEP_nowe_wladze_26-768x512.png\"},{\"@type\":\"BreadcrumbList\",\"@id\":\"https:\\\/\\\/inzynier.rzeszow.pl\\\/index.php\\\/z-zycia-izby-2026\\\/#breadcrumb\",\"itemListElement\":[{\"@type\":\"ListItem\",\"position\":1,\"name\":\"Strona g\u0142\u00f3wna\",\"item\":\"https:\\\/\\\/inzynier.rzeszow.pl\\\/\"},{\"@type\":\"ListItem\",\"position\":2,\"name\":\"Z \u017cycia Izby 2026\"}]},{\"@type\":\"WebSite\",\"@id\":\"https:\\\/\\\/inzynier.rzeszow.pl\\\/#website\",\"url\":\"https:\\\/\\\/inzynier.rzeszow.pl\\\/\",\"name\":\"Podkarpacka Okregowa Izba Inzynierow Budownictwa\",\"description\":\"\",\"potentialAction\":[{\"@type\":\"SearchAction\",\"target\":{\"@type\":\"EntryPoint\",\"urlTemplate\":\"https:\\\/\\\/inzynier.rzeszow.pl\\\/?s={search_term_string}\"},\"query-input\":{\"@type\":\"PropertyValueSpecification\",\"valueRequired\":true,\"valueName\":\"search_term_string\"}}],\"inLanguage\":\"pl-PL\"}]}<\/script>\n<!-- \/ Yoast SEO plugin. -->","yoast_head_json":{"title":"Z \u017cycia Izby 2026 - Podkarpacka Okregowa Izba Inzynierow Budownictwa","description":"Z \u017cycia PDK OIIB w 2026 roku \u2013 relacje i aktualno\u015bci z wydarze\u0144 organizowanych przez Podkarpack\u0105 Okr\u0119gow\u0105 Izb\u0119 In\u017cynier\u00f3w Budownictwa.","robots":{"index":"index","follow":"follow","max-snippet":"max-snippet:-1","max-image-preview":"max-image-preview:large","max-video-preview":"max-video-preview:-1"},"canonical":"https:\/\/inzynier.rzeszow.pl\/index.php\/z-zycia-izby-2026\/","og_locale":"pl_PL","og_type":"article","og_title":"Z \u017cycia Izby 2026 - Podkarpacka Okregowa Izba Inzynierow Budownictwa","og_description":"Z \u017cycia PDK OIIB w 2026 roku \u2013 relacje i aktualno\u015bci z wydarze\u0144 organizowanych przez Podkarpack\u0105 Okr\u0119gow\u0105 Izb\u0119 In\u017cynier\u00f3w Budownictwa.","og_url":"https:\/\/inzynier.rzeszow.pl\/index.php\/z-zycia-izby-2026\/","og_site_name":"Podkarpacka Okregowa Izba Inzynierow Budownictwa","article_modified_time":"2026-03-15T10:40:14+00:00","og_image":[{"url":"https:\/\/migracja.inzynier.rzeszow.pl\/wp-content\/uploads\/2026\/03\/SEP_nowe_wladze_26-768x512.png","type":"","width":"","height":""}],"twitter_card":"summary_large_image","twitter_misc":{"Szacowany czas czytania":"7 minut"},"schema":{"@context":"https:\/\/schema.org","@graph":[{"@type":"WebPage","@id":"https:\/\/inzynier.rzeszow.pl\/index.php\/z-zycia-izby-2026\/","url":"https:\/\/inzynier.rzeszow.pl\/index.php\/z-zycia-izby-2026\/","name":"Z \u017cycia Izby 2026 - Podkarpacka Okregowa Izba Inzynierow Budownictwa","isPartOf":{"@id":"https:\/\/inzynier.rzeszow.pl\/#website"},"primaryImageOfPage":{"@id":"https:\/\/inzynier.rzeszow.pl\/index.php\/z-zycia-izby-2026\/#primaryimage"},"image":{"@id":"https:\/\/inzynier.rzeszow.pl\/index.php\/z-zycia-izby-2026\/#primaryimage"},"thumbnailUrl":"https:\/\/migracja.inzynier.rzeszow.pl\/wp-content\/uploads\/2026\/03\/SEP_nowe_wladze_26-768x512.png","datePublished":"2025-12-27T14:01:48+00:00","dateModified":"2026-03-15T10:40:14+00:00","description":"Z \u017cycia PDK OIIB w 2026 roku \u2013 relacje i aktualno\u015bci z wydarze\u0144 organizowanych przez Podkarpack\u0105 Okr\u0119gow\u0105 Izb\u0119 In\u017cynier\u00f3w Budownictwa.","breadcrumb":{"@id":"https:\/\/inzynier.rzeszow.pl\/index.php\/z-zycia-izby-2026\/#breadcrumb"},"inLanguage":"pl-PL","potentialAction":[{"@type":"ReadAction","target":["https:\/\/inzynier.rzeszow.pl\/index.php\/z-zycia-izby-2026\/"]}]},{"@type":"ImageObject","inLanguage":"pl-PL","@id":"https:\/\/inzynier.rzeszow.pl\/index.php\/z-zycia-izby-2026\/#primaryimage","url":"https:\/\/migracja.inzynier.rzeszow.pl\/wp-content\/uploads\/2026\/03\/SEP_nowe_wladze_26-768x512.png","contentUrl":"https:\/\/migracja.inzynier.rzeszow.pl\/wp-content\/uploads\/2026\/03\/SEP_nowe_wladze_26-768x512.png"},{"@type":"BreadcrumbList","@id":"https:\/\/inzynier.rzeszow.pl\/index.php\/z-zycia-izby-2026\/#breadcrumb","itemListElement":[{"@type":"ListItem","position":1,"name":"Strona g\u0142\u00f3wna","item":"https:\/\/inzynier.rzeszow.pl\/"},{"@type":"ListItem","position":2,"name":"Z \u017cycia Izby 2026"}]},{"@type":"WebSite","@id":"https:\/\/inzynier.rzeszow.pl\/#website","url":"https:\/\/inzynier.rzeszow.pl\/","name":"Podkarpacka Okregowa Izba Inzynierow Budownictwa","description":"","potentialAction":[{"@type":"SearchAction","target":{"@type":"EntryPoint","urlTemplate":"https:\/\/inzynier.rzeszow.pl\/?s={search_term_string}"},"query-input":{"@type":"PropertyValueSpecification","valueRequired":true,"valueName":"search_term_string"}}],"inLanguage":"pl-PL"}]}},"rttpg_featured_image_url":null,"rttpg_author":{"display_name":"admin","author_link":"https:\/\/inzynier.rzeszow.pl\/index.php\/author\/kwojcik\/"},"rttpg_comment":0,"rttpg_category":"","rttpg_excerpt":"Z \u017cycia Izby 2026 Strona g\u0142\u00f3wna \/ Z \u017cycia Izby \/ Rok 2026 Z \u017cycia stowarzysze\u0144 &#8211; SEP Oddzia\u0142 Rzeszowski [&hellip;]","_links":{"self":[{"href":"https:\/\/inzynier.rzeszow.pl\/index.php\/wp-json\/wp\/v2\/pages\/1408","targetHints":{"allow":["GET"]}}],"collection":[{"href":"https:\/\/inzynier.rzeszow.pl\/index.php\/wp-json\/wp\/v2\/pages"}],"about":[{"href":"https:\/\/inzynier.rzeszow.pl\/index.php\/wp-json\/wp\/v2\/types\/page"}],"author":[{"embeddable":true,"href":"https:\/\/inzynier.rzeszow.pl\/index.php\/wp-json\/wp\/v2\/users\/1"}],"replies":[{"embeddable":true,"href":"https:\/\/inzynier.rzeszow.pl\/index.php\/wp-json\/wp\/v2\/comments?post=1408"}],"version-history":[{"count":35,"href":"https:\/\/inzynier.rzeszow.pl\/index.php\/wp-json\/wp\/v2\/pages\/1408\/revisions"}],"predecessor-version":[{"id":6283,"href":"https:\/\/inzynier.rzeszow.pl\/index.php\/wp-json\/wp\/v2\/pages\/1408\/revisions\/6283"}],"wp:attachment":[{"href":"https:\/\/inzynier.rzeszow.pl\/index.php\/wp-json\/wp\/v2\/media?parent=1408"}],"curies":[{"name":"wp","href":"https:\/\/api.w.org\/{rel}","templated":true}]}}