{"id":1187,"date":"2025-12-23T18:46:27","date_gmt":"2025-12-23T18:46:27","guid":{"rendered":"https:\/\/migracja.inzynier.rzeszow.pl\/?page_id=1187"},"modified":"2026-04-09T11:31:15","modified_gmt":"2026-04-09T10:31:15","slug":"galeria-integracyjna-pdk-oiib-2025","status":"publish","type":"page","link":"https:\/\/inzynier.rzeszow.pl\/index.php\/galeria-integracyjna-pdk-oiib-2025\/","title":{"rendered":"Galeria Integracyjna PDK OIIB &#8211; 2025"},"content":{"rendered":"\t\t<div data-elementor-type=\"wp-page\" data-elementor-id=\"1187\" class=\"elementor elementor-1187\" data-elementor-post-type=\"page\">\n\t\t\t\t<div class=\"elementor-element elementor-element-c6ddcf0 e-flex e-con-boxed e-con e-parent\" data-id=\"c6ddcf0\" data-element_type=\"container\" data-e-type=\"container\" data-settings=\"{&quot;background_background&quot;:&quot;classic&quot;}\">\n\t\t\t\t\t<div class=\"e-con-inner\">\n\t\t<div class=\"elementor-element elementor-element-f90288b e-con-full e-flex e-con e-child\" data-id=\"f90288b\" data-element_type=\"container\" data-e-type=\"container\" data-settings=\"{&quot;background_background&quot;:&quot;classic&quot;}\">\n\t\t\t\t<div class=\"elementor-element elementor-element-63fce6b elementor-widget elementor-widget-heading\" data-id=\"63fce6b\" data-element_type=\"widget\" data-e-type=\"widget\" data-widget_type=\"heading.default\">\n\t\t\t\t\t<h1 class=\"elementor-heading-title elementor-size-default\">Galeria Integracyjna PDK OIIB - 2025<\/h1>\t\t\t\t<\/div>\n\t\t\t\t<\/div>\n\t\t\t\t\t<\/div>\n\t\t\t\t<\/div>\n\t\t<div class=\"elementor-element elementor-element-b79ae22 e-flex e-con-boxed e-con e-parent\" data-id=\"b79ae22\" data-element_type=\"container\" data-e-type=\"container\">\n\t\t\t\t\t<div class=\"e-con-inner\">\n\t\t\t\t<div class=\"elementor-element elementor-element-7249e99 elementor-widget elementor-widget-text-editor\" data-id=\"7249e99\" data-element_type=\"widget\" data-e-type=\"widget\" data-widget_type=\"text-editor.default\">\n\t\t\t\t\t\t\t\t\t<p><a href=\"https:\/\/inzynier.rzeszow.pl\">Strona g\u0142\u00f3wna <\/a>\/ <a href=\"https:\/\/inzynier.rzeszow.pl\/index.php\/galeria-integracyjna\/\">Galeria Integracyjna PDK OIIB<\/a> \/ <a href=\"https:\/\/inzynier.rzeszow.pl\/index.php\/galeria-integracyjna-pdk-oiib-2025\/\">Rok 2025<\/a><\/p>\t\t\t\t\t\t\t\t<\/div>\n\t\t\t\t\t<\/div>\n\t\t\t\t<\/div>\n\t\t<div class=\"elementor-element elementor-element-d3a2f00 e-flex e-con-boxed e-con e-parent\" data-id=\"d3a2f00\" data-element_type=\"container\" data-e-type=\"container\">\n\t\t\t\t\t<div class=\"e-con-inner\">\n\t\t<div class=\"elementor-element elementor-element-2a792dc e-con-full e-flex e-con e-child\" data-id=\"2a792dc\" data-element_type=\"container\" data-e-type=\"container\" data-settings=\"{&quot;background_background&quot;:&quot;classic&quot;}\">\n\t\t<div class=\"elementor-element elementor-element-283899d e-con-full e-flex e-con e-child\" data-id=\"283899d\" data-element_type=\"container\" data-e-type=\"container\" data-settings=\"{&quot;background_background&quot;:&quot;classic&quot;}\">\n\t\t\t\t<div class=\"elementor-element elementor-element-11f0b42 elementor-widget elementor-widget-heading\" data-id=\"11f0b42\" data-element_type=\"widget\" data-e-type=\"widget\" data-widget_type=\"heading.default\">\n\t\t\t\t\t<h1 class=\"elementor-heading-title elementor-size-default\">Galeria Integracyjna - Znaki Geometrii - Abstrakcja Dyskursywna - 07.11.2025 r.<\/h1>\t\t\t\t<\/div>\n\t\t\t\t<\/div>\n\t\t\t\t<\/div>\n\t\t<div class=\"elementor-element elementor-element-cb1a785 e-con-full e-flex e-con e-child\" data-id=\"cb1a785\" data-element_type=\"container\" data-e-type=\"container\">\n\t\t<div class=\"elementor-element elementor-element-3d44710 e-con-full e-flex e-con e-child\" data-id=\"3d44710\" data-element_type=\"container\" data-e-type=\"container\">\n\t\t<div class=\"elementor-element elementor-element-66be012 e-con-full e-flex e-con e-child\" data-id=\"66be012\" data-element_type=\"container\" data-e-type=\"container\">\n\t\t<div class=\"elementor-element elementor-element-58976eb e-con-full e-flex e-con e-child\" data-id=\"58976eb\" data-element_type=\"container\" data-e-type=\"container\">\n\t\t<div class=\"elementor-element elementor-element-a7d27e1 e-con-full e-flex e-con e-child\" data-id=\"a7d27e1\" data-element_type=\"container\" data-e-type=\"container\">\n\t\t<div class=\"elementor-element elementor-element-9cd81bb e-con-full e-flex e-con e-child\" data-id=\"9cd81bb\" data-element_type=\"container\" data-e-type=\"container\">\n\t\t\t\t<div class=\"elementor-element elementor-element-59e446c elementor-widget elementor-widget-image\" data-id=\"59e446c\" data-element_type=\"widget\" data-e-type=\"widget\" data-widget_type=\"image.default\">\n\t\t\t\t\t\t\t\t\t\t\t\t\t\t\t<img fetchpriority=\"high\" decoding=\"async\" width=\"1024\" height=\"582\" src=\"https:\/\/inzynier.rzeszow.pl\/wp-content\/uploads\/2026\/01\/Gal_Integr_abstakcja_07_11_25-1024x582.png\" class=\"attachment-large size-large wp-image-3387\" alt=\"\" srcset=\"https:\/\/inzynier.rzeszow.pl\/wp-content\/uploads\/2026\/01\/Gal_Integr_abstakcja_07_11_25-1024x582.png 1024w, https:\/\/inzynier.rzeszow.pl\/wp-content\/uploads\/2026\/01\/Gal_Integr_abstakcja_07_11_25-300x171.png 300w, https:\/\/inzynier.rzeszow.pl\/wp-content\/uploads\/2026\/01\/Gal_Integr_abstakcja_07_11_25-768x437.png 768w, https:\/\/inzynier.rzeszow.pl\/wp-content\/uploads\/2026\/01\/Gal_Integr_abstakcja_07_11_25-1536x873.png 1536w, https:\/\/inzynier.rzeszow.pl\/wp-content\/uploads\/2026\/01\/Gal_Integr_abstakcja_07_11_25.png 1900w\" sizes=\"(max-width: 1024px) 100vw, 1024px\" \/>\t\t\t\t\t\t\t\t\t\t\t\t\t\t\t<\/div>\n\t\t\t\t<\/div>\n\t\t<div class=\"elementor-element elementor-element-4a3b191 e-con-full e-flex e-con e-child\" data-id=\"4a3b191\" data-element_type=\"container\" data-e-type=\"container\">\n\t\t\t\t<div class=\"elementor-element elementor-element-5eb7e49 elementor-widget elementor-widget-text-editor\" data-id=\"5eb7e49\" data-element_type=\"widget\" data-e-type=\"widget\" data-widget_type=\"text-editor.default\">\n\t\t\t\t\t\t\t\t\t<p>W dniu 07 listopada 2025 r. o godz.18.00 odby\u0142 si\u0119 wernisa\u017c Mi\u0119dzynarodowej\u00a0 Wystawy Malarstwa, Grafiki, Rze\u017aby zatytu\u0142owanej: ZNAKI GEOMETRII &#8211; ABSTRAKCJA DYSKURSYWNA<strong>\u00a0<\/strong>w artystycznej Galerii Integracyjnej w siedzibie Podkarpackiej Okr\u0119gowej Izby In\u017cynier\u00f3w Budownictwa w Rzeszowie przy ulicy Krakowskiej 289.<\/p><p><em>W sztuce artyst\u00f3w pos\u0142uguj\u0105cych si\u0119 j\u0119zykiem geometrii zawsze by\u0142y, s\u0105 i pozostan\u0105 warto\u015bciami podstawowymi i niezmiennymi: \u0142ad, jako odbicie porz\u0105dku praw rz\u0105dz\u0105cych uniwersum, pi\u0119kno jako emanacja duchowo\u015bci &#8211; harmonia form i barw, oraz metafizyczna, niedefiniowalna si\u0142a sk\u0142aniaj\u0105ca do medytacji.<\/em><\/p><p><em>Bo\u017cena Kowalska<\/em><\/p>\t\t\t\t\t\t\t\t<\/div>\n\t\t\t\t<\/div>\n\t\t\t\t<\/div>\n\t\t\t\t<div class=\"elementor-element elementor-element-2a895cc elementor-widget elementor-widget-text-editor\" data-id=\"2a895cc\" data-element_type=\"widget\" data-e-type=\"widget\" data-widget_type=\"text-editor.default\">\n\t\t\t\t\t\t\t\t\t<p><strong>Arty\u015bci, kt\u00f3rych prace prezentuje wystawa<\/strong><\/p>\t\t\t\t\t\t\t\t<\/div>\n\t\t\t\t<\/div>\n\t\t\t\t<\/div>\n\t\t\t\t<\/div>\n\t\t<div class=\"elementor-element elementor-element-37ac042 e-con-full e-flex e-con e-child\" data-id=\"37ac042\" data-element_type=\"container\" data-e-type=\"container\">\n\t\t<div class=\"elementor-element elementor-element-8e93e84 e-con-full e-flex e-con e-child\" data-id=\"8e93e84\" data-element_type=\"container\" data-e-type=\"container\">\n\t\t<div class=\"elementor-element elementor-element-35b1586 e-con-full e-flex e-con e-child\" data-id=\"35b1586\" data-element_type=\"container\" data-e-type=\"container\">\n\t\t<div class=\"elementor-element elementor-element-f958914 e-con-full e-flex e-con e-child\" data-id=\"f958914\" data-element_type=\"container\" data-e-type=\"container\">\n\t\t\t\t<div class=\"elementor-element elementor-element-6820eca elementor-widget elementor-widget-text-editor\" data-id=\"6820eca\" data-element_type=\"widget\" data-e-type=\"widget\" data-widget_type=\"text-editor.default\">\n\t\t\t\t\t\t\t\t\t<p>1. Agnieszka WASIAK (PL), <br \/>2. Carol-Ann BRAUN (FR),<br \/>3. Gabriel DE GAUDI (IT),<br \/>4. Grzegorz MROCZKOWSKI (PL),<br \/>5. J\u00e1nos Sz\u00e1sz SAXON (HU),<br \/>6. Jean-Luc MANGUIN (FR),<br \/>7. Jesus GALVAN (MEX),<br \/>8. Joa ZAK (PL),<br \/>9. Jose Antonio PICAZO (ES),<br \/>10. Judith DUQUEMIN (AUS),<br \/>11. J\u00fcrgen WOLFF (DE),<br \/>12. Katharina FISCHBORN (DE),\u00a0 \u00a0 \u00a0 \u00a0<br \/>13. Kleopatra MOURSELA (GR),\u00a0 \u00a0 \u00a0 \u00a0 \u00a0<br \/>14. Magdalena GRYSKA (PL),<\/p>\t\t\t\t\t\t\t\t<\/div>\n\t\t\t\t<\/div>\n\t\t<div class=\"elementor-element elementor-element-3e724de e-con-full e-flex e-con e-child\" data-id=\"3e724de\" data-element_type=\"container\" data-e-type=\"container\">\n\t\t\t\t<div class=\"elementor-element elementor-element-9436e98 elementor-widget elementor-widget-text-editor\" data-id=\"9436e98\" data-element_type=\"widget\" data-e-type=\"widget\" data-widget_type=\"text-editor.default\">\n\t\t\t\t\t\t\t\t\t<p>15. Magdalena SNARSKA (PL),<br \/>16. Marcin LUBERA (PL),<br \/>17. Maria CUEVAS (ES),<br \/>18. Mariusz DRZEWI\u0143SKI (PL),<br \/>19. Mark STAREL (PL),<br \/>20. Michel CALEMBERT (BE),<br \/>21. Moniek VOULON (NL),<br \/>22. Przemys\u0142aw SULIGA (PL),<br \/>23. Rados\u0142aw CZARKOWSKI (PL),<br \/>24. Renate BORGEN (DK),<br \/>25. Roman LANG (DE),<br \/>26. S\u0142awomir PLEWKO (PL),<br \/>27. \u0160tefan BAL\u00c1ZS (SK),<br \/>28. Xenia MIRANDA (IT)<\/p>\t\t\t\t\t\t\t\t<\/div>\n\t\t\t\t<\/div>\n\t\t\t\t<\/div>\n\t\t\t\t<\/div>\n\t\t<div class=\"elementor-element elementor-element-0380919 e-con-full e-flex e-con e-child\" data-id=\"0380919\" data-element_type=\"container\" data-e-type=\"container\">\n\t\t\t\t<div class=\"elementor-element elementor-element-5a1b2a3 elementor-widget elementor-widget-image\" data-id=\"5a1b2a3\" data-element_type=\"widget\" data-e-type=\"widget\" data-widget_type=\"image.default\">\n\t\t\t\t\t\t\t\t\t\t\t\t\t\t\t<img decoding=\"async\" width=\"212\" height=\"300\" src=\"https:\/\/inzynier.rzeszow.pl\/wp-content\/uploads\/2026\/01\/list_gratulacyjny_abstrakcja_25-212x300.jpg\" class=\"attachment-medium size-medium wp-image-3388\" alt=\"\" srcset=\"https:\/\/inzynier.rzeszow.pl\/wp-content\/uploads\/2026\/01\/list_gratulacyjny_abstrakcja_25-212x300.jpg 212w, https:\/\/inzynier.rzeszow.pl\/wp-content\/uploads\/2026\/01\/list_gratulacyjny_abstrakcja_25-724x1024.jpg 724w, https:\/\/inzynier.rzeszow.pl\/wp-content\/uploads\/2026\/01\/list_gratulacyjny_abstrakcja_25-768x1086.jpg 768w, https:\/\/inzynier.rzeszow.pl\/wp-content\/uploads\/2026\/01\/list_gratulacyjny_abstrakcja_25-1086x1536.jpg 1086w, https:\/\/inzynier.rzeszow.pl\/wp-content\/uploads\/2026\/01\/list_gratulacyjny_abstrakcja_25-1448x2048.jpg 1448w, https:\/\/inzynier.rzeszow.pl\/wp-content\/uploads\/2026\/01\/list_gratulacyjny_abstrakcja_25-scaled.jpg 1810w\" sizes=\"(max-width: 212px) 100vw, 212px\" \/>\t\t\t\t\t\t\t\t\t\t\t\t\t\t\t<\/div>\n\t\t\t\t<\/div>\n\t\t\t\t<\/div>\n\t\t\t\t<\/div>\n\t\t\t\t\t<\/div>\n\t\t\t\t<\/div>\n\t\t<div class=\"elementor-element elementor-element-06a293e e-flex e-con-boxed e-con e-parent\" data-id=\"06a293e\" data-element_type=\"container\" data-e-type=\"container\">\n\t\t\t\t\t<div class=\"e-con-inner\">\n\t\t\t\t<div class=\"elementor-element elementor-element-cb28ab6 elementor-widget elementor-widget-text-editor\" data-id=\"cb28ab6\" data-element_type=\"widget\" data-e-type=\"widget\" data-widget_type=\"text-editor.default\">\n\t\t\t\t\t\t\t\t\t<p>Wystawa czynna od 20 pa\u017adziernika do 31 grudnia 2025 r.<strong>\u00a0<\/strong><\/p>\t\t\t\t\t\t\t\t<\/div>\n\t\t\t\t\t<\/div>\n\t\t\t\t<\/div>\n\t\t<div class=\"elementor-element elementor-element-64e8470 e-grid e-con-boxed e-con e-parent\" data-id=\"64e8470\" data-element_type=\"container\" data-e-type=\"container\">\n\t\t\t\t\t<div class=\"e-con-inner\">\n\t\t\t\t<div class=\"elementor-element elementor-element-da2fa2a elementor-widget elementor-widget-text-editor\" data-id=\"da2fa2a\" data-element_type=\"widget\" data-e-type=\"widget\" data-widget_type=\"text-editor.default\">\n\t\t\t\t\t\t\t\t\t<p><strong>Serwis informacyjny Urz\u0119du Miasta Rzeszowa &#8211; zaprasza do Galerii Integracyjnej<\/strong><\/p>\t\t\t\t\t\t\t\t<\/div>\n\t\t\t\t<div class=\"elementor-element elementor-element-2aac219 elementor-widget elementor-widget-text-editor\" data-id=\"2aac219\" data-element_type=\"widget\" data-e-type=\"widget\" data-widget_type=\"text-editor.default\">\n\t\t\t\t\t\t\t\t\t<p><strong>Geometria, kt\u00f3ra przemawia do in\u017cynierskiego umys\u0142u.\u00a0<\/strong><\/p>\t\t\t\t\t\t\t\t<\/div>\n\t\t\t\t\t<\/div>\n\t\t\t\t<\/div>\n\t\t<div class=\"elementor-element elementor-element-d140464 e-grid e-con-boxed e-con e-parent\" data-id=\"d140464\" data-element_type=\"container\" data-e-type=\"container\">\n\t\t\t\t\t<div class=\"e-con-inner\">\n\t\t\t\t<div class=\"elementor-element elementor-element-c4ce845 elementor-widget elementor-widget-image\" data-id=\"c4ce845\" data-element_type=\"widget\" data-e-type=\"widget\" data-widget_type=\"image.default\">\n\t\t\t\t\t\t\t\t\t\t\t\t\t\t\t<img decoding=\"async\" width=\"1024\" height=\"683\" src=\"https:\/\/inzynier.rzeszow.pl\/wp-content\/uploads\/2026\/03\/wernisaz_07-11-25-1024x683.webp\" class=\"attachment-large size-large wp-image-8261\" alt=\"\" srcset=\"https:\/\/inzynier.rzeszow.pl\/wp-content\/uploads\/2026\/03\/wernisaz_07-11-25-1024x683.webp 1024w, https:\/\/inzynier.rzeszow.pl\/wp-content\/uploads\/2026\/03\/wernisaz_07-11-25-300x200.png 300w, https:\/\/inzynier.rzeszow.pl\/wp-content\/uploads\/2026\/03\/wernisaz_07-11-25-768x512.webp 768w, https:\/\/inzynier.rzeszow.pl\/wp-content\/uploads\/2026\/03\/wernisaz_07-11-25.webp 1200w\" sizes=\"(max-width: 1024px) 100vw, 1024px\" \/>\t\t\t\t\t\t\t\t\t\t\t\t\t\t\t<\/div>\n\t\t\t\t<div class=\"elementor-element elementor-element-bc3765e elementor-widget elementor-widget-text-editor\" data-id=\"bc3765e\" data-element_type=\"widget\" data-e-type=\"widget\" data-widget_type=\"text-editor.default\">\n\t\t\t\t\t\t\t\t\t<p>Czy sztuka wsp\u00f3\u0142czesna mo\u017ce m\u00f3wi\u0107 j\u0119zykiem precyzji, logiki i harmonii? Czy mo\u017ce by\u0107 tak satysfakcjonuj\u0105ca dla umys\u0142u \u015bcis\u0142ego, jak eleganckie rozwi\u0105zanie techniczne? <br \/><br \/>Udowodnimy, \u017ce tak! Zapraszamy na otwarcie wyj\u0105tkowej wystawy, kt\u00f3ra jest spotkaniem dw\u00f3ch \u015bwiat\u00f3w: sztuki i in\u017cynierii. Mi\u0119dzynarodowa Wystawa Malarstwa, Grafiki, Rze\u017aby: ZNAKI GEOMETRII &#8211; ABSTRAKCJA DYSKURSYWNA<\/p>\t\t\t\t\t\t\t\t<\/div>\n\t\t\t\t\t<\/div>\n\t\t\t\t<\/div>\n\t\t<div class=\"elementor-element elementor-element-096ce6e e-flex e-con-boxed e-con e-parent\" data-id=\"096ce6e\" data-element_type=\"container\" data-e-type=\"container\">\n\t\t\t\t\t<div class=\"e-con-inner\">\n\t\t\t\t<div class=\"elementor-element elementor-element-533b60d elementor-widget__width-inherit elementor-icon-list--layout-traditional elementor-list-item-link-full_width elementor-widget elementor-widget-icon-list\" data-id=\"533b60d\" data-element_type=\"widget\" data-e-type=\"widget\" data-widget_type=\"icon-list.default\">\n\t\t\t\t\t\t\t<ul class=\"elementor-icon-list-items\">\n\t\t\t\t\t\t\t<li class=\"elementor-icon-list-item\">\n\t\t\t\t\t\t\t\t\t\t\t<a href=\"https:\/\/www.facebook.com\/PodkarpackaOIIB\/posts\/pfbid0pTS17gYFiH4pFJU9AMbjcGX2pWZBj4hCd2LyR4nRWZSVDvdcqoFLEio2TKVK73U2l\" target=\"_blank\">\n\n\t\t\t\t\t\t\t\t\t\t\t\t<span class=\"elementor-icon-list-icon\">\n\t\t\t\t\t\t\t<svg aria-hidden=\"true\" class=\"e-font-icon-svg e-fas-arrow-circle-right\" viewBox=\"0 0 512 512\" xmlns=\"http:\/\/www.w3.org\/2000\/svg\"><path d=\"M256 8c137 0 248 111 248 248S393 504 256 504 8 393 8 256 119 8 256 8zm-28.9 143.6l75.5 72.4H120c-13.3 0-24 10.7-24 24v16c0 13.3 10.7 24 24 24h182.6l-75.5 72.4c-9.7 9.3-9.9 24.8-.4 34.3l11 10.9c9.4 9.4 24.6 9.4 33.9 0L404.3 273c9.4-9.4 9.4-24.6 0-33.9L271.6 106.3c-9.4-9.4-24.6-9.4-33.9 0l-11 10.9c-9.5 9.6-9.3 25.1.4 34.4z\"><\/path><\/svg>\t\t\t\t\t\t<\/span>\n\t\t\t\t\t\t\t\t\t\t<span class=\"elementor-icon-list-text\">Galeria fotograficzna z Galeria Integracyjna - Znaki Geometrii - Abstrakcja Dyskursywna - 07.11.2025 r. <\/span>\n\t\t\t\t\t\t\t\t\t\t\t<\/a>\n\t\t\t\t\t\t\t\t\t<\/li>\n\t\t\t\t\t\t<\/ul>\n\t\t\t\t\t\t<\/div>\n\t\t\t\t<div class=\"elementor-element elementor-element-e608788 gallery-spacing-custom elementor-widget elementor-widget-image-gallery\" data-id=\"e608788\" data-element_type=\"widget\" data-e-type=\"widget\" data-widget_type=\"image-gallery.default\">\n\t\t\t\t\t\t\t<div class=\"elementor-image-gallery\">\n\t\t\t<div id='gallery-1' class='gallery galleryid-1187 gallery-columns-3 gallery-size-medium_large'><figure class='gallery-item'>\n\t\t\t<div class='gallery-icon landscape'>\n\t\t\t\t<a data-elementor-open-lightbox=\"yes\" data-elementor-lightbox-slideshow=\"e608788\" data-e-action-hash=\"#elementor-action%3Aaction%3Dlightbox%26settings%3DeyJpZCI6ODI1MCwidXJsIjoiaHR0cHM6XC9cL2luenluaWVyLnJ6ZXN6b3cucGxcL3dwLWNvbnRlbnRcL3VwbG9hZHNcLzIwMjZcLzAzXC8yMDI1LTExLTA3LXdlcm5pc2F6X2Fic3RyYWthY2phLTE5LndlYnAiLCJzbGlkZXNob3ciOiJlNjA4Nzg4In0%3D\" href='https:\/\/inzynier.rzeszow.pl\/wp-content\/uploads\/2026\/03\/2025-11-07-wernisaz_abstrakacja-19.webp'><img loading=\"lazy\" decoding=\"async\" width=\"768\" height=\"510\" src=\"https:\/\/inzynier.rzeszow.pl\/wp-content\/uploads\/2026\/03\/2025-11-07-wernisaz_abstrakacja-19-768x510.webp\" class=\"attachment-medium_large size-medium_large\" alt=\"\" srcset=\"https:\/\/inzynier.rzeszow.pl\/wp-content\/uploads\/2026\/03\/2025-11-07-wernisaz_abstrakacja-19-768x510.webp 768w, https:\/\/inzynier.rzeszow.pl\/wp-content\/uploads\/2026\/03\/2025-11-07-wernisaz_abstrakacja-19-300x199.jpg 300w, https:\/\/inzynier.rzeszow.pl\/wp-content\/uploads\/2026\/03\/2025-11-07-wernisaz_abstrakacja-19-1024x680.webp 1024w, https:\/\/inzynier.rzeszow.pl\/wp-content\/uploads\/2026\/03\/2025-11-07-wernisaz_abstrakacja-19-1536x1020.webp 1536w, https:\/\/inzynier.rzeszow.pl\/wp-content\/uploads\/2026\/03\/2025-11-07-wernisaz_abstrakacja-19.webp 1920w\" sizes=\"(max-width: 768px) 100vw, 768px\" \/><\/a>\n\t\t\t<\/div><\/figure><figure class='gallery-item'>\n\t\t\t<div class='gallery-icon landscape'>\n\t\t\t\t<a data-elementor-open-lightbox=\"yes\" data-elementor-lightbox-slideshow=\"e608788\" data-e-action-hash=\"#elementor-action%3Aaction%3Dlightbox%26settings%3DeyJpZCI6ODI1MywidXJsIjoiaHR0cHM6XC9cL2luenluaWVyLnJ6ZXN6b3cucGxcL3dwLWNvbnRlbnRcL3VwbG9hZHNcLzIwMjZcLzAzXC8yMDI1LTExLTA3LXdlcm5pc2F6X2Fic3RyYWthY2phLTMzLndlYnAiLCJzbGlkZXNob3ciOiJlNjA4Nzg4In0%3D\" href='https:\/\/inzynier.rzeszow.pl\/wp-content\/uploads\/2026\/03\/2025-11-07-wernisaz_abstrakacja-33.webp'><img loading=\"lazy\" decoding=\"async\" width=\"768\" height=\"510\" src=\"https:\/\/inzynier.rzeszow.pl\/wp-content\/uploads\/2026\/03\/2025-11-07-wernisaz_abstrakacja-33-768x510.webp\" class=\"attachment-medium_large size-medium_large\" alt=\"\" srcset=\"https:\/\/inzynier.rzeszow.pl\/wp-content\/uploads\/2026\/03\/2025-11-07-wernisaz_abstrakacja-33-768x510.webp 768w, https:\/\/inzynier.rzeszow.pl\/wp-content\/uploads\/2026\/03\/2025-11-07-wernisaz_abstrakacja-33-300x199.jpg 300w, https:\/\/inzynier.rzeszow.pl\/wp-content\/uploads\/2026\/03\/2025-11-07-wernisaz_abstrakacja-33-1024x680.webp 1024w, https:\/\/inzynier.rzeszow.pl\/wp-content\/uploads\/2026\/03\/2025-11-07-wernisaz_abstrakacja-33-1536x1020.webp 1536w, https:\/\/inzynier.rzeszow.pl\/wp-content\/uploads\/2026\/03\/2025-11-07-wernisaz_abstrakacja-33.webp 1920w\" sizes=\"(max-width: 768px) 100vw, 768px\" \/><\/a>\n\t\t\t<\/div><\/figure><figure class='gallery-item'>\n\t\t\t<div class='gallery-icon landscape'>\n\t\t\t\t<a data-elementor-open-lightbox=\"yes\" data-elementor-lightbox-slideshow=\"e608788\" data-e-action-hash=\"#elementor-action%3Aaction%3Dlightbox%26settings%3DeyJpZCI6ODI1MiwidXJsIjoiaHR0cHM6XC9cL2luenluaWVyLnJ6ZXN6b3cucGxcL3dwLWNvbnRlbnRcL3VwbG9hZHNcLzIwMjZcLzAzXC8yMDI1LTExLTA3LXdlcm5pc2F6X2Fic3RyYWthY2phLTI0LndlYnAiLCJzbGlkZXNob3ciOiJlNjA4Nzg4In0%3D\" href='https:\/\/inzynier.rzeszow.pl\/wp-content\/uploads\/2026\/03\/2025-11-07-wernisaz_abstrakacja-24.webp'><img loading=\"lazy\" decoding=\"async\" width=\"768\" height=\"510\" src=\"https:\/\/inzynier.rzeszow.pl\/wp-content\/uploads\/2026\/03\/2025-11-07-wernisaz_abstrakacja-24-768x510.webp\" class=\"attachment-medium_large size-medium_large\" alt=\"\" srcset=\"https:\/\/inzynier.rzeszow.pl\/wp-content\/uploads\/2026\/03\/2025-11-07-wernisaz_abstrakacja-24-768x510.webp 768w, https:\/\/inzynier.rzeszow.pl\/wp-content\/uploads\/2026\/03\/2025-11-07-wernisaz_abstrakacja-24-300x199.jpg 300w, https:\/\/inzynier.rzeszow.pl\/wp-content\/uploads\/2026\/03\/2025-11-07-wernisaz_abstrakacja-24-1024x680.webp 1024w, https:\/\/inzynier.rzeszow.pl\/wp-content\/uploads\/2026\/03\/2025-11-07-wernisaz_abstrakacja-24-1536x1020.webp 1536w, https:\/\/inzynier.rzeszow.pl\/wp-content\/uploads\/2026\/03\/2025-11-07-wernisaz_abstrakacja-24.webp 1920w\" sizes=\"(max-width: 768px) 100vw, 768px\" \/><\/a>\n\t\t\t<\/div><\/figure><figure class='gallery-item'>\n\t\t\t<div class='gallery-icon landscape'>\n\t\t\t\t<a data-elementor-open-lightbox=\"yes\" data-elementor-lightbox-slideshow=\"e608788\" data-e-action-hash=\"#elementor-action%3Aaction%3Dlightbox%26settings%3DeyJpZCI6ODI1NCwidXJsIjoiaHR0cHM6XC9cL2luenluaWVyLnJ6ZXN6b3cucGxcL3dwLWNvbnRlbnRcL3VwbG9hZHNcLzIwMjZcLzAzXC8yMDI1LTExLTA3LXdlcm5pc2F6X2Fic3RyYWthY2phLTM2LndlYnAiLCJzbGlkZXNob3ciOiJlNjA4Nzg4In0%3D\" href='https:\/\/inzynier.rzeszow.pl\/wp-content\/uploads\/2026\/03\/2025-11-07-wernisaz_abstrakacja-36.webp'><img loading=\"lazy\" decoding=\"async\" width=\"768\" height=\"510\" src=\"https:\/\/inzynier.rzeszow.pl\/wp-content\/uploads\/2026\/03\/2025-11-07-wernisaz_abstrakacja-36-768x510.webp\" class=\"attachment-medium_large size-medium_large\" alt=\"\" srcset=\"https:\/\/inzynier.rzeszow.pl\/wp-content\/uploads\/2026\/03\/2025-11-07-wernisaz_abstrakacja-36-768x510.webp 768w, https:\/\/inzynier.rzeszow.pl\/wp-content\/uploads\/2026\/03\/2025-11-07-wernisaz_abstrakacja-36-300x199.jpg 300w, https:\/\/inzynier.rzeszow.pl\/wp-content\/uploads\/2026\/03\/2025-11-07-wernisaz_abstrakacja-36-1024x680.webp 1024w, https:\/\/inzynier.rzeszow.pl\/wp-content\/uploads\/2026\/03\/2025-11-07-wernisaz_abstrakacja-36-1536x1020.webp 1536w, https:\/\/inzynier.rzeszow.pl\/wp-content\/uploads\/2026\/03\/2025-11-07-wernisaz_abstrakacja-36.webp 1920w\" sizes=\"(max-width: 768px) 100vw, 768px\" \/><\/a>\n\t\t\t<\/div><\/figure><figure class='gallery-item'>\n\t\t\t<div class='gallery-icon landscape'>\n\t\t\t\t<a data-elementor-open-lightbox=\"yes\" data-elementor-lightbox-slideshow=\"e608788\" data-e-action-hash=\"#elementor-action%3Aaction%3Dlightbox%26settings%3DeyJpZCI6ODI1NSwidXJsIjoiaHR0cHM6XC9cL2luenluaWVyLnJ6ZXN6b3cucGxcL3dwLWNvbnRlbnRcL3VwbG9hZHNcLzIwMjZcLzAzXC8yMDI1LTExLTA3LXdlcm5pc2F6X2Fic3RyYWthY2phLTM4LndlYnAiLCJzbGlkZXNob3ciOiJlNjA4Nzg4In0%3D\" href='https:\/\/inzynier.rzeszow.pl\/wp-content\/uploads\/2026\/03\/2025-11-07-wernisaz_abstrakacja-38.webp'><img loading=\"lazy\" decoding=\"async\" width=\"768\" height=\"510\" src=\"https:\/\/inzynier.rzeszow.pl\/wp-content\/uploads\/2026\/03\/2025-11-07-wernisaz_abstrakacja-38-768x510.webp\" class=\"attachment-medium_large size-medium_large\" alt=\"\" srcset=\"https:\/\/inzynier.rzeszow.pl\/wp-content\/uploads\/2026\/03\/2025-11-07-wernisaz_abstrakacja-38-768x510.webp 768w, https:\/\/inzynier.rzeszow.pl\/wp-content\/uploads\/2026\/03\/2025-11-07-wernisaz_abstrakacja-38-300x199.jpg 300w, https:\/\/inzynier.rzeszow.pl\/wp-content\/uploads\/2026\/03\/2025-11-07-wernisaz_abstrakacja-38-1024x680.webp 1024w, https:\/\/inzynier.rzeszow.pl\/wp-content\/uploads\/2026\/03\/2025-11-07-wernisaz_abstrakacja-38-1536x1020.webp 1536w, https:\/\/inzynier.rzeszow.pl\/wp-content\/uploads\/2026\/03\/2025-11-07-wernisaz_abstrakacja-38.webp 1920w\" sizes=\"(max-width: 768px) 100vw, 768px\" \/><\/a>\n\t\t\t<\/div><\/figure><figure class='gallery-item'>\n\t\t\t<div class='gallery-icon landscape'>\n\t\t\t\t<a data-elementor-open-lightbox=\"yes\" data-elementor-lightbox-slideshow=\"e608788\" data-e-action-hash=\"#elementor-action%3Aaction%3Dlightbox%26settings%3DeyJpZCI6ODI2OSwidXJsIjoiaHR0cHM6XC9cL2luenluaWVyLnJ6ZXN6b3cucGxcL3dwLWNvbnRlbnRcL3VwbG9hZHNcLzIwMjZcLzAzXC8yMDI1LTExLTA3LXdlcm5pc2F6X2Fic3RyYWthY2phLTUyLTIud2VicCIsInNsaWRlc2hvdyI6ImU2MDg3ODgifQ%3D%3D\" href='https:\/\/inzynier.rzeszow.pl\/wp-content\/uploads\/2026\/03\/2025-11-07-wernisaz_abstrakacja-52-2.webp'><img loading=\"lazy\" decoding=\"async\" width=\"768\" height=\"510\" src=\"https:\/\/inzynier.rzeszow.pl\/wp-content\/uploads\/2026\/03\/2025-11-07-wernisaz_abstrakacja-52-2-768x510.webp\" class=\"attachment-medium_large size-medium_large\" alt=\"\" srcset=\"https:\/\/inzynier.rzeszow.pl\/wp-content\/uploads\/2026\/03\/2025-11-07-wernisaz_abstrakacja-52-2-768x510.webp 768w, https:\/\/inzynier.rzeszow.pl\/wp-content\/uploads\/2026\/03\/2025-11-07-wernisaz_abstrakacja-52-2-300x199.jpg 300w, https:\/\/inzynier.rzeszow.pl\/wp-content\/uploads\/2026\/03\/2025-11-07-wernisaz_abstrakacja-52-2-1024x680.webp 1024w, https:\/\/inzynier.rzeszow.pl\/wp-content\/uploads\/2026\/03\/2025-11-07-wernisaz_abstrakacja-52-2-1536x1020.webp 1536w, https:\/\/inzynier.rzeszow.pl\/wp-content\/uploads\/2026\/03\/2025-11-07-wernisaz_abstrakacja-52-2.webp 1920w\" sizes=\"(max-width: 768px) 100vw, 768px\" \/><\/a>\n\t\t\t<\/div><\/figure>\n\t\t<\/div>\n\t\t<\/div>\n\t\t\t\t\t\t<\/div>\n\t\t\t\t\t<\/div>\n\t\t\t\t<\/div>\n\t\t<div class=\"elementor-element elementor-element-cacf1b7 e-flex e-con-boxed e-con e-parent\" data-id=\"cacf1b7\" data-element_type=\"container\" data-e-type=\"container\" data-settings=\"{&quot;background_background&quot;:&quot;classic&quot;}\">\n\t\t\t\t\t<div class=\"e-con-inner\">\n\t\t<div class=\"elementor-element elementor-element-ef3aa40 e-con-full e-flex e-con e-child\" data-id=\"ef3aa40\" data-element_type=\"container\" data-e-type=\"container\" data-settings=\"{&quot;background_background&quot;:&quot;classic&quot;}\">\n\t\t\t\t<div class=\"elementor-element elementor-element-733ec0a elementor-widget elementor-widget-heading\" data-id=\"733ec0a\" data-element_type=\"widget\" data-e-type=\"widget\" data-widget_type=\"heading.default\">\n\t\t\t\t\t<h1 class=\"elementor-heading-title elementor-size-default\">Galeria Integracyjna - Janusz &amp; Artur Skowron - Z Zakamark\u00f3w Wyobra\u017ani - 30.05.2025 r.<\/h1>\t\t\t\t<\/div>\n\t\t\t\t<\/div>\n\t\t\t\t\t<\/div>\n\t\t\t\t<\/div>\n\t\t<div class=\"elementor-element elementor-element-6a5854a e-flex e-con-boxed e-con e-parent\" data-id=\"6a5854a\" data-element_type=\"container\" data-e-type=\"container\">\n\t\t\t\t\t<div class=\"e-con-inner\">\n\t\t<div class=\"elementor-element elementor-element-d6e4449 e-con-full e-flex e-con e-child\" data-id=\"d6e4449\" data-element_type=\"container\" data-e-type=\"container\">\n\t\t<div class=\"elementor-element elementor-element-b060812 e-con-full e-flex e-con e-child\" data-id=\"b060812\" data-element_type=\"container\" data-e-type=\"container\">\n\t\t\t\t<div class=\"elementor-element elementor-element-b2bc5ba elementor-widget elementor-widget-text-editor\" data-id=\"b2bc5ba\" data-element_type=\"widget\" data-e-type=\"widget\" data-widget_type=\"text-editor.default\">\n\t\t\t\t\t\t\t\t\t<p>W dniu 30 maja 2025 r. o godzinie 18.00 odby\u0142o si\u0119 otwarcie wystawy malarstwa i rysunk\u00f3w Janusza &amp; Artura Skowron zatytu\u0142owanej:\u00a0Z Zakamark\u00f3w Wyobra\u017ani w artystycznej Galerii Integracyjnej w siedzibie Podkarpackiej Okr\u0119gowej Izby In\u017cynier\u00f3w Budownictwa w Rzeszowie przy ulicy Krakowskiej 289.<\/p><p>Janusz Skowron jest nie tylko uznanym malarzem, grafikiem, inspiratorem polonijnego \u017cycia artystycznego w metropolii nowojorskiej, ale r\u00f3wnie\u017c kuratorem, mecenasem, popularyzatorem i animatorem wystaw, w tym wydarze\u0144 artystycznych dla niezliczonej liczby tw\u00f3rc\u00f3w.<br \/>\u015awiat artystyczny Janusza Skowrona, przepuszczony przez emocjonalny filtr do\u015bwiadczenia, jawi si\u0119 jako poetyczna, wyimaginowana opowie\u015b\u0107, zar\u00f3wno w rysunkach jak i malarstwie. W spojrzeniu artysty-poety wa\u017cna jest \u017cywa, rozedrgana kreska oraz feerie barwnych kaskad we wszystkich poruszanych przez artyst\u0119 odmianach malarstwa i rysunku.<\/p>\t\t\t\t\t\t\t\t<\/div>\n\t\t\t\t<\/div>\n\t\t<div class=\"elementor-element elementor-element-685108d e-con-full e-flex e-con e-child\" data-id=\"685108d\" data-element_type=\"container\" data-e-type=\"container\">\n\t\t\t\t<div class=\"elementor-element elementor-element-5241251 elementor-widget elementor-widget-image\" data-id=\"5241251\" data-element_type=\"widget\" data-e-type=\"widget\" data-widget_type=\"image.default\">\n\t\t\t\t\t\t\t\t\t\t\t\t\t\t\t<img loading=\"lazy\" decoding=\"async\" width=\"1024\" height=\"576\" src=\"https:\/\/inzynier.rzeszow.pl\/wp-content\/uploads\/2026\/01\/2025-05-20-gal_integr_skowron-1024x576.jpg\" class=\"attachment-large size-large wp-image-2118\" alt=\"\" srcset=\"https:\/\/inzynier.rzeszow.pl\/wp-content\/uploads\/2026\/01\/2025-05-20-gal_integr_skowron-1024x576.jpg 1024w, https:\/\/inzynier.rzeszow.pl\/wp-content\/uploads\/2026\/01\/2025-05-20-gal_integr_skowron-300x169.jpg 300w, https:\/\/inzynier.rzeszow.pl\/wp-content\/uploads\/2026\/01\/2025-05-20-gal_integr_skowron-768x432.jpg 768w, https:\/\/inzynier.rzeszow.pl\/wp-content\/uploads\/2026\/01\/2025-05-20-gal_integr_skowron-1536x864.jpg 1536w, https:\/\/inzynier.rzeszow.pl\/wp-content\/uploads\/2026\/01\/2025-05-20-gal_integr_skowron.jpg 1920w\" sizes=\"(max-width: 1024px) 100vw, 1024px\" \/>\t\t\t\t\t\t\t\t\t\t\t\t\t\t\t<\/div>\n\t\t\t\t<\/div>\n\t\t\t\t<\/div>\n\t\t\t\t\t<\/div>\n\t\t\t\t<\/div>\n\t\t<div class=\"elementor-element elementor-element-9581db8 e-flex e-con-boxed e-con e-parent\" data-id=\"9581db8\" data-element_type=\"container\" data-e-type=\"container\">\n\t\t\t\t\t<div class=\"e-con-inner\">\n\t\t<div class=\"elementor-element elementor-element-97dd83b e-con-full e-flex e-con e-child\" data-id=\"97dd83b\" data-element_type=\"container\" data-e-type=\"container\">\n\t\t\t\t<div class=\"elementor-element elementor-element-ed8f21d elementor-widget elementor-widget-text-editor\" data-id=\"ed8f21d\" data-element_type=\"widget\" data-e-type=\"widget\" data-widget_type=\"text-editor.default\">\n\t\t\t\t\t\t\t\t\t<p>\u00a0Artystyczna iluzja rzeczywisto\u015bci, mocno nasycona emocjonalnie, sprawia wra\u017cenie, \u017ce jego prace wydaj\u0105 si\u0119 jakby nietrwa\u0142e, niestabilne i ulotne. Przedstawione obiekty z trudem utrzymuj\u0105 form\u0119 i kszta\u0142t; rozpadaj\u0105 si\u0119 w gmatwanin\u0119 linii, pl\u0105tanin\u0119 kresek, albo przeciwnie &#8211; to w\u0142a\u015bnie z ca\u0142kowitego chaosu materii zaczynaj\u0105 wy\u0142ania\u0107 si\u0119, w ostatecznym akcie stawania si\u0119, zamierzone kszta\u0142ty, wygl\u0105dy, a ci\u0105gle jeszcze nie w pe\u0142ni uformowane, niekompletne.<\/p><p style=\"text-align: right;\">Czes\u0142aw Karkowski<br \/>Opracowanie Anna Baran<\/p>\t\t\t\t\t\t\t\t<\/div>\n\t\t\t\t<\/div>\n\t\t<div class=\"elementor-element elementor-element-90ee01d e-con-full e-flex e-con e-child\" data-id=\"90ee01d\" data-element_type=\"container\" data-e-type=\"container\">\n\t\t\t\t<div class=\"elementor-element elementor-element-c7de9f7 elementor-widget elementor-widget-text-editor\" data-id=\"c7de9f7\" data-element_type=\"widget\" data-e-type=\"widget\" data-widget_type=\"text-editor.default\">\n\t\t\t\t\t\t\t\t\t<p><em>Nazwa \u201eemocjonalizm&#8221;, kt\u00f3ra cz\u0119sto pada w odniesieniu do dzie\u0142 artysty, trafnie oddaje ich nastr\u00f3j, a zarazem w\u0142a\u015bciwie charakteryzuje sp\u00f3jn\u0105 i konsekwentnie rozwijan\u0105 tw\u00f3rczo\u015b\u0107 Janusza Skowrona z kilku ostatnich dekad.<\/em><\/p>\t\t\t\t\t\t\t\t<\/div>\n\t\t\t\t<\/div>\n\t\t<div class=\"elementor-element elementor-element-b1bffbc e-con-full e-flex e-con e-child\" data-id=\"b1bffbc\" data-element_type=\"container\" data-e-type=\"container\">\n\t\t\t\t<div class=\"elementor-element elementor-element-1b06c6d elementor-widget elementor-widget-text-editor\" data-id=\"1b06c6d\" data-element_type=\"widget\" data-e-type=\"widget\" data-widget_type=\"text-editor.default\">\n\t\t\t\t\t\t\t\t\t<p style=\"text-align: right;\">Piotr Majewski<\/p>\t\t\t\t\t\t\t\t<\/div>\n\t\t\t\t<\/div>\n\t\t<div class=\"elementor-element elementor-element-882d344 e-con-full e-flex e-con e-child\" data-id=\"882d344\" data-element_type=\"container\" data-e-type=\"container\">\n\t\t\t\t<div class=\"elementor-element elementor-element-fe3ad2d elementor-widget elementor-widget-text-editor\" data-id=\"fe3ad2d\" data-element_type=\"widget\" data-e-type=\"widget\" data-widget_type=\"text-editor.default\">\n\t\t\t\t\t\t\t\t\t<p><em>Artur Skowron &#8211; artysta prawdziwy, wieloznaczny, totalny, dla kt\u00f3rego sztuka jest \u017cyciem, a \u017cycie&#8230;sztuk\u0105. Jego wielk\u0105 osobist\u0105 zas\u0142ug\u0105 jest b\u0142yskotliwe prze\u0142o\u017cenie panteistycznego sposobu rozumienia widzialnego \u015bwiata na malarsk\u0105 abstrakcj\u0119. W swojej tw\u00f3rczo\u015bci, w kompozycjach malarskich, rysunkowych, a te\u017c w fotograficznych, odkrywa obiektywne prawdy i opowiada swoje prywatne historie. Dzie\u0142a artysty same w sobie s\u0105 kompletn\u0105 opowie\u015bci\u0105, dotykaj\u0105c\u0105 historii, wra\u017ce\u0144 i emocji odbijaj\u0105cych jego relacje z zewn\u0119trznym \u015bwiatem.<\/em><\/p>\t\t\t\t\t\t\t\t<\/div>\n\t\t<div class=\"elementor-element elementor-element-1e0e18d e-con-full e-flex e-con e-child\" data-id=\"1e0e18d\" data-element_type=\"container\" data-e-type=\"container\">\n\t\t\t\t<div class=\"elementor-element elementor-element-db8fd07 elementor-widget elementor-widget-text-editor\" data-id=\"db8fd07\" data-element_type=\"widget\" data-e-type=\"widget\" data-widget_type=\"text-editor.default\">\n\t\t\t\t\t\t\t\t\t<p style=\"text-align: right;\">Bo\u017cena Chlabicz- Polak, Aleksandra Madej<br \/>Opracowanie Anna Baran<\/p>\t\t\t\t\t\t\t\t<\/div>\n\t\t\t\t<\/div>\n\t\t\t\t<\/div>\n\t\t\t\t\t<\/div>\n\t\t\t\t<\/div>\n\t\t<div class=\"elementor-element elementor-element-7d8745e e-flex e-con-boxed e-con e-parent\" data-id=\"7d8745e\" data-element_type=\"container\" data-e-type=\"container\">\n\t\t\t\t\t<div class=\"e-con-inner\">\n\t\t<div class=\"elementor-element elementor-element-c097d73 e-con-full e-flex e-con e-child\" data-id=\"c097d73\" data-element_type=\"container\" data-e-type=\"container\">\n\t\t<div class=\"elementor-element elementor-element-4c8061e e-con-full e-flex e-con e-child\" data-id=\"4c8061e\" data-element_type=\"container\" data-e-type=\"container\">\n\t\t<div class=\"elementor-element elementor-element-f9dd1ae e-con-full e-flex e-con e-child\" data-id=\"f9dd1ae\" data-element_type=\"container\" data-e-type=\"container\">\n\t\t\t\t<div class=\"elementor-element elementor-element-0938e37 elementor-widget elementor-widget-image\" data-id=\"0938e37\" data-element_type=\"widget\" data-e-type=\"widget\" data-widget_type=\"image.default\">\n\t\t\t\t\t\t\t\t\t\t\t\t\t\t\t<img loading=\"lazy\" decoding=\"async\" width=\"570\" height=\"524\" src=\"https:\/\/inzynier.rzeszow.pl\/wp-content\/uploads\/2026\/01\/skowron_25.png\" class=\"attachment-medium_large size-medium_large wp-image-2119\" alt=\"\" srcset=\"https:\/\/inzynier.rzeszow.pl\/wp-content\/uploads\/2026\/01\/skowron_25.png 570w, https:\/\/inzynier.rzeszow.pl\/wp-content\/uploads\/2026\/01\/skowron_25-300x276.png 300w\" sizes=\"(max-width: 570px) 100vw, 570px\" \/>\t\t\t\t\t\t\t\t\t\t\t\t\t\t\t<\/div>\n\t\t\t\t<\/div>\n\t\t\t\t<\/div>\n\t\t\t\t<div class=\"elementor-element elementor-element-2c9e4db elementor-widget elementor-widget-heading\" data-id=\"2c9e4db\" data-element_type=\"widget\" data-e-type=\"widget\" data-widget_type=\"heading.default\">\n\t\t\t\t\t<h2 class=\"elementor-heading-title elementor-size-default\">Janusz Skowron<\/h2>\t\t\t\t<\/div>\n\t\t\t\t<div class=\"elementor-element elementor-element-a764bd0 elementor-widget elementor-widget-text-editor\" data-id=\"a764bd0\" data-element_type=\"widget\" data-e-type=\"widget\" data-widget_type=\"text-editor.default\">\n\t\t\t\t\t\t\t\t\t<p>Urodzi\u0142 si\u0119 w Kolbuszowej (1958). Studiowa\u0142 sztuki pi\u0119kne na Uniwersytecie UMCS w Lublinie. Dyplom u prof. D. Ko\u0142wzan-Nowickiej (1983). Od 1989 mieszka i pracuje w Nowym Jorku.<br \/>Jest cz\u0142onkiem mi\u0119dzynarodowej multimedialnej grupy artystycznej \u201eEmotionalism&#8221; (od 1999). Bra\u0142 udzia\u0142 w ponad trzystu wystawach, prezentuj\u0105c swoje prace w Polsce, na W\u0119grzech, w USA, Korei Po\u0142udniowej, Chinach, Francji, Danii, Czechach, Ukrainie i Niemczech.<br \/>Uprawia malarstwo, rysunek, fotografi\u0119 i grafik\u0119. Janusz by\u0142 kuratorem i promotorem ponad dwustu wystaw i promotorem sztuki polskiej w Ameryce. Wsp\u00f3\u0142tworzy\u0142: Galeri\u0119 KONT (Lublin 1978),\u201eShtooka Gallery&#8221;, Starbucks- Gallery oraz za\u0142o\u017cy\u0142 A.R Gallery (Brooklyn, NY).<br \/>Jest cz\u0142onkiem PIASA, Polsko-Ameryka\u0144skiego Klubu Fotografika oraz Rady Instytutu Pi\u0142sudskiego w Nowym Jorku.\u00a0<\/p>\t\t\t\t\t\t\t\t<\/div>\n\t\t\t\t<\/div>\n\t\t<div class=\"elementor-element elementor-element-7229b5f e-con-full e-flex e-con e-child\" data-id=\"7229b5f\" data-element_type=\"container\" data-e-type=\"container\">\n\t\t<div class=\"elementor-element elementor-element-ec99467 e-con-full e-flex e-con e-child\" data-id=\"ec99467\" data-element_type=\"container\" data-e-type=\"container\">\n\t\t\t\t<div class=\"elementor-element elementor-element-b40f885 elementor-widget elementor-widget-image\" data-id=\"b40f885\" data-element_type=\"widget\" data-e-type=\"widget\" data-widget_type=\"image.default\">\n\t\t\t\t\t\t\t\t\t\t\t\t\t\t\t<img loading=\"lazy\" decoding=\"async\" width=\"570\" height=\"524\" src=\"https:\/\/inzynier.rzeszow.pl\/wp-content\/uploads\/2026\/01\/a_skowron_25.png\" class=\"attachment-medium_large size-medium_large wp-image-2120\" alt=\"\" srcset=\"https:\/\/inzynier.rzeszow.pl\/wp-content\/uploads\/2026\/01\/a_skowron_25.png 570w, https:\/\/inzynier.rzeszow.pl\/wp-content\/uploads\/2026\/01\/a_skowron_25-300x276.png 300w\" sizes=\"(max-width: 570px) 100vw, 570px\" \/>\t\t\t\t\t\t\t\t\t\t\t\t\t\t\t<\/div>\n\t\t\t\t<\/div>\n\t\t<div class=\"elementor-element elementor-element-add393e e-con-full e-flex e-con e-child\" data-id=\"add393e\" data-element_type=\"container\" data-e-type=\"container\">\n\t\t\t\t<div class=\"elementor-element elementor-element-45583eb elementor-widget elementor-widget-heading\" data-id=\"45583eb\" data-element_type=\"widget\" data-e-type=\"widget\" data-widget_type=\"heading.default\">\n\t\t\t\t\t<h2 class=\"elementor-heading-title elementor-size-default\">Artur Skowron<\/h2>\t\t\t\t<\/div>\n\t\t\t\t<div class=\"elementor-element elementor-element-5356077 elementor-widget elementor-widget-text-editor\" data-id=\"5356077\" data-element_type=\"widget\" data-e-type=\"widget\" data-widget_type=\"text-editor.default\">\n\t\t\t\t\t\t\t\t\t<p>Urodzi\u0142 si\u0119 w Starachowicach w 1982 roku. Zmar\u0142 w Nowym Jorku w 2022 roku. Polsko-ameryka\u0144ski artysta, muzyk, poeta i pedagog, mieszkaj\u0105cy w Nowym Jorku od 1990 roku.<br \/>Uko\u0144czy\u0142 z wyr\u00f3\u017cnieniem High School of Art &amp; Design na Manhattanie (2000). W latach 2000 &#8211; 2005 studiowa\u0142 sztuk\u0119 i edukacj\u0119 artystyczn\u0105 w Queens College, nast\u0119pnie geologi\u0119 (2005-2007) zdobywaj\u0105c uprawnienia pedagogiczne, po czym kilka lat uczy\u0142 w nowojorskich szko\u0142ach \u015brednich. W roku 2010 uzyska\u0142 tytu\u0142 magistra edukacji artystycznej w Queens College. Artur prezentowa\u0142 swoje prace na ponad czterdziestu wystawach indywidualnych i ponad stu sze\u015b\u0107dziesi\u0119ciu zbiorowych, m.in. w Stanach Zjednoczonych, Polsce, Niemczech, Francji, Korei Po\u0142udniowej i Chinach. Zdoby\u0142 kilka nagr\u00f3d artystycznych i wyr\u00f3\u017cnie\u0144: Stypendium Ralpha J. Sansone (2000), Medal Aleksandra 2000, Stypendium PSC (2001) oraz medal za najlepszy obraz olejny podczas Salonu Artsplash 2009. Artur by\u0142 cz\u0142onkiem Young Talents Group, Polish- American Photographic Club, Emotionalist Artists Group i Rockaway Artist&#8217;s Alliance. By\u0142 uczestnikiem Og\u00f3lnopolskiego Pleneru Malarskiego w Kolbuszowej (2001). Uprawia\u0142 malarstwo sztalugowe, \u015bcienne (murale), grafik\u0119,ilustracj\u0119, rysunek i fotografi\u0119 czarno-bia\u0142\u0105. Bieg\u0142y w obu j\u0119zykach &#8211; angielskim i polskim, t\u0142umaczy\u0142 teksty i poezje. W 2010 roku wyda\u0142 tak\u017ce w j\u0119zyku angielskim tomik poezji \u201eWords and Pictures&#8221;. Przez wiele lat prowadzi\u0142 dla Polonii kursy przygotowuj\u0105ce do egzaminu na obywatelstwo ameryka\u0144skie oraz pracowa\u0142 zar\u00f3wno z polskimi dzie\u0107mi jak i z seniorami. Swoj\u0105 sztuk\u0105 wspiera\u0142 dziesi\u0105tki aukcji charytatywnych. Pasj\u0105 Artura by\u0142a muzyka. Nauk\u0119 gry na fortepianie pobiera\u0142 u prof. Jerzego Stryjniaka w New York Conservatory of Music oraz u Niny Ku\u017amy- Sapiejewskiej. Wyst\u0119powa\u0142 m.in.: w Steinway Hall, CAMI Hall, Konsulacie Generalnym RP, Fundacji Ko\u015bciuszkowskiej i Lincoln Center. Przez wiele lat by\u0142 organist\u0105 w nowojorskich ko\u015bcio\u0142ach. W 2012 skomponowa\u0142 muzyk\u0119 do kilku swoich wierszy, kt\u00f3re nagra\u0142 wraz z zespo\u0142em w studio. Kolejn\u0105 jego pasj\u0105 by\u0142o w\u0119dkarstwo.<\/p>\t\t\t\t\t\t\t\t<\/div>\n\t\t\t\t<\/div>\n\t\t\t\t<\/div>\n\t\t\t\t\t<\/div>\n\t\t\t\t<\/div>\n\t\t<div class=\"elementor-element elementor-element-8b7ec1c e-flex e-con-boxed e-con e-parent\" data-id=\"8b7ec1c\" data-element_type=\"container\" data-e-type=\"container\">\n\t\t\t\t\t<div class=\"e-con-inner\">\n\t\t\t\t<div class=\"elementor-element elementor-element-551c793 elementor-widget__width-inherit elementor-icon-list--layout-traditional elementor-list-item-link-full_width elementor-widget elementor-widget-icon-list\" data-id=\"551c793\" data-element_type=\"widget\" data-e-type=\"widget\" data-widget_type=\"icon-list.default\">\n\t\t\t\t\t\t\t<ul class=\"elementor-icon-list-items\">\n\t\t\t\t\t\t\t<li class=\"elementor-icon-list-item\">\n\t\t\t\t\t\t\t\t\t\t\t<a href=\"https:\/\/www.facebook.com\/PodkarpackaOIIB\/posts\/pfbid06Gi75JwgTXg8yiJqRYzj3KRdBJ4Fyg67vPikvYGiGp5TpFLb5jXwaeGJXRjbMwLGl\" target=\"_blank\">\n\n\t\t\t\t\t\t\t\t\t\t\t\t<span class=\"elementor-icon-list-icon\">\n\t\t\t\t\t\t\t<svg aria-hidden=\"true\" class=\"e-font-icon-svg e-fas-arrow-circle-right\" viewBox=\"0 0 512 512\" xmlns=\"http:\/\/www.w3.org\/2000\/svg\"><path d=\"M256 8c137 0 248 111 248 248S393 504 256 504 8 393 8 256 119 8 256 8zm-28.9 143.6l75.5 72.4H120c-13.3 0-24 10.7-24 24v16c0 13.3 10.7 24 24 24h182.6l-75.5 72.4c-9.7 9.3-9.9 24.8-.4 34.3l11 10.9c9.4 9.4 24.6 9.4 33.9 0L404.3 273c9.4-9.4 9.4-24.6 0-33.9L271.6 106.3c-9.4-9.4-24.6-9.4-33.9 0l-11 10.9c-9.5 9.6-9.3 25.1.4 34.4z\"><\/path><\/svg>\t\t\t\t\t\t<\/span>\n\t\t\t\t\t\t\t\t\t\t<span class=\"elementor-icon-list-text\">Galeria fotograficzna z Galeria Integracyjna - Janusz &amp; Artur Skowron - Z Zakamark\u00f3w Wyobra\u017ani - 30.05.2025 r.<\/span>\n\t\t\t\t\t\t\t\t\t\t\t<\/a>\n\t\t\t\t\t\t\t\t\t<\/li>\n\t\t\t\t\t\t<\/ul>\n\t\t\t\t\t\t<\/div>\n\t\t\t\t\t<\/div>\n\t\t\t\t<\/div>\n\t\t<div class=\"elementor-element elementor-element-6b91c62 e-flex e-con-boxed e-con e-parent\" data-id=\"6b91c62\" data-element_type=\"container\" data-e-type=\"container\">\n\t\t\t\t\t<div class=\"e-con-inner\">\n\t\t\t\t<div class=\"elementor-element elementor-element-3744df2 gallery-spacing-custom elementor-widget elementor-widget-image-gallery\" data-id=\"3744df2\" data-element_type=\"widget\" data-e-type=\"widget\" data-widget_type=\"image-gallery.default\">\n\t\t\t\t\t\t\t<div class=\"elementor-image-gallery\">\n\t\t\t<div id='gallery-2' class='gallery galleryid-1187 gallery-columns-3 gallery-size-medium_large'><figure class='gallery-item'>\n\t\t\t<div class='gallery-icon landscape'>\n\t\t\t\t<a data-elementor-open-lightbox=\"yes\" data-elementor-lightbox-slideshow=\"3744df2\" data-e-action-hash=\"#elementor-action%3Aaction%3Dlightbox%26settings%3DeyJpZCI6MjEyMSwidXJsIjoiaHR0cHM6XC9cL2luenluaWVyLnJ6ZXN6b3cucGxcL3dwLWNvbnRlbnRcL3VwbG9hZHNcLzIwMjZcLzAxXC8yMDI1LTA1LTMwX3dlcm5pc2F6X1Nrb3dyb24tMzEuanBnIiwic2xpZGVzaG93IjoiMzc0NGRmMiJ9\" href='https:\/\/inzynier.rzeszow.pl\/wp-content\/uploads\/2026\/01\/2025-05-30_wernisaz_Skowron-31.jpg'><img loading=\"lazy\" decoding=\"async\" width=\"768\" height=\"510\" src=\"https:\/\/inzynier.rzeszow.pl\/wp-content\/uploads\/2026\/01\/2025-05-30_wernisaz_Skowron-31-768x510.jpg\" class=\"attachment-medium_large size-medium_large\" alt=\"\" srcset=\"https:\/\/inzynier.rzeszow.pl\/wp-content\/uploads\/2026\/01\/2025-05-30_wernisaz_Skowron-31-768x510.jpg 768w, https:\/\/inzynier.rzeszow.pl\/wp-content\/uploads\/2026\/01\/2025-05-30_wernisaz_Skowron-31-300x199.jpg 300w, https:\/\/inzynier.rzeszow.pl\/wp-content\/uploads\/2026\/01\/2025-05-30_wernisaz_Skowron-31-1024x680.jpg 1024w, https:\/\/inzynier.rzeszow.pl\/wp-content\/uploads\/2026\/01\/2025-05-30_wernisaz_Skowron-31-1536x1020.jpg 1536w, https:\/\/inzynier.rzeszow.pl\/wp-content\/uploads\/2026\/01\/2025-05-30_wernisaz_Skowron-31.jpg 2000w\" sizes=\"(max-width: 768px) 100vw, 768px\" \/><\/a>\n\t\t\t<\/div><\/figure><figure class='gallery-item'>\n\t\t\t<div class='gallery-icon landscape'>\n\t\t\t\t<a data-elementor-open-lightbox=\"yes\" data-elementor-lightbox-slideshow=\"3744df2\" data-e-action-hash=\"#elementor-action%3Aaction%3Dlightbox%26settings%3DeyJpZCI6MjEyMiwidXJsIjoiaHR0cHM6XC9cL2luenluaWVyLnJ6ZXN6b3cucGxcL3dwLWNvbnRlbnRcL3VwbG9hZHNcLzIwMjZcLzAxXC8yMDI1LTA1LTMwX3dlcm5pc2F6X1Nrb3dyb24tMzQuanBnIiwic2xpZGVzaG93IjoiMzc0NGRmMiJ9\" href='https:\/\/inzynier.rzeszow.pl\/wp-content\/uploads\/2026\/01\/2025-05-30_wernisaz_Skowron-34.jpg'><img loading=\"lazy\" decoding=\"async\" width=\"768\" height=\"510\" src=\"https:\/\/inzynier.rzeszow.pl\/wp-content\/uploads\/2026\/01\/2025-05-30_wernisaz_Skowron-34-768x510.jpg\" class=\"attachment-medium_large size-medium_large\" alt=\"\" srcset=\"https:\/\/inzynier.rzeszow.pl\/wp-content\/uploads\/2026\/01\/2025-05-30_wernisaz_Skowron-34-768x510.jpg 768w, https:\/\/inzynier.rzeszow.pl\/wp-content\/uploads\/2026\/01\/2025-05-30_wernisaz_Skowron-34-300x199.jpg 300w, https:\/\/inzynier.rzeszow.pl\/wp-content\/uploads\/2026\/01\/2025-05-30_wernisaz_Skowron-34-1024x680.jpg 1024w, https:\/\/inzynier.rzeszow.pl\/wp-content\/uploads\/2026\/01\/2025-05-30_wernisaz_Skowron-34-1536x1020.jpg 1536w, https:\/\/inzynier.rzeszow.pl\/wp-content\/uploads\/2026\/01\/2025-05-30_wernisaz_Skowron-34.jpg 2000w\" sizes=\"(max-width: 768px) 100vw, 768px\" \/><\/a>\n\t\t\t<\/div><\/figure><figure class='gallery-item'>\n\t\t\t<div class='gallery-icon landscape'>\n\t\t\t\t<a data-elementor-open-lightbox=\"yes\" data-elementor-lightbox-slideshow=\"3744df2\" data-e-action-hash=\"#elementor-action%3Aaction%3Dlightbox%26settings%3DeyJpZCI6MjEyMywidXJsIjoiaHR0cHM6XC9cL2luenluaWVyLnJ6ZXN6b3cucGxcL3dwLWNvbnRlbnRcL3VwbG9hZHNcLzIwMjZcLzAxXC8yMDI1LTA1LTMwX3dlcm5pc2F6X1Nrb3dyb24tNDcuanBnIiwic2xpZGVzaG93IjoiMzc0NGRmMiJ9\" href='https:\/\/inzynier.rzeszow.pl\/wp-content\/uploads\/2026\/01\/2025-05-30_wernisaz_Skowron-47.jpg'><img loading=\"lazy\" decoding=\"async\" width=\"768\" height=\"510\" src=\"https:\/\/inzynier.rzeszow.pl\/wp-content\/uploads\/2026\/01\/2025-05-30_wernisaz_Skowron-47-768x510.jpg\" class=\"attachment-medium_large size-medium_large\" alt=\"\" srcset=\"https:\/\/inzynier.rzeszow.pl\/wp-content\/uploads\/2026\/01\/2025-05-30_wernisaz_Skowron-47-768x510.jpg 768w, https:\/\/inzynier.rzeszow.pl\/wp-content\/uploads\/2026\/01\/2025-05-30_wernisaz_Skowron-47-300x199.jpg 300w, https:\/\/inzynier.rzeszow.pl\/wp-content\/uploads\/2026\/01\/2025-05-30_wernisaz_Skowron-47-1024x680.jpg 1024w, https:\/\/inzynier.rzeszow.pl\/wp-content\/uploads\/2026\/01\/2025-05-30_wernisaz_Skowron-47-1536x1020.jpg 1536w, https:\/\/inzynier.rzeszow.pl\/wp-content\/uploads\/2026\/01\/2025-05-30_wernisaz_Skowron-47.jpg 2000w\" sizes=\"(max-width: 768px) 100vw, 768px\" \/><\/a>\n\t\t\t<\/div><\/figure><figure class='gallery-item'>\n\t\t\t<div class='gallery-icon landscape'>\n\t\t\t\t<a data-elementor-open-lightbox=\"yes\" data-elementor-lightbox-slideshow=\"3744df2\" data-e-action-hash=\"#elementor-action%3Aaction%3Dlightbox%26settings%3DeyJpZCI6MjEyNCwidXJsIjoiaHR0cHM6XC9cL2luenluaWVyLnJ6ZXN6b3cucGxcL3dwLWNvbnRlbnRcL3VwbG9hZHNcLzIwMjZcLzAxXC8yMDI1LTA1LTMwX3dlcm5pc2F6X1Nrb3dyb24tMzcuanBnIiwic2xpZGVzaG93IjoiMzc0NGRmMiJ9\" href='https:\/\/inzynier.rzeszow.pl\/wp-content\/uploads\/2026\/01\/2025-05-30_wernisaz_Skowron-37.jpg'><img loading=\"lazy\" decoding=\"async\" width=\"768\" height=\"510\" src=\"https:\/\/inzynier.rzeszow.pl\/wp-content\/uploads\/2026\/01\/2025-05-30_wernisaz_Skowron-37-768x510.jpg\" class=\"attachment-medium_large size-medium_large\" alt=\"\" srcset=\"https:\/\/inzynier.rzeszow.pl\/wp-content\/uploads\/2026\/01\/2025-05-30_wernisaz_Skowron-37-768x510.jpg 768w, https:\/\/inzynier.rzeszow.pl\/wp-content\/uploads\/2026\/01\/2025-05-30_wernisaz_Skowron-37-300x199.jpg 300w, https:\/\/inzynier.rzeszow.pl\/wp-content\/uploads\/2026\/01\/2025-05-30_wernisaz_Skowron-37-1024x680.jpg 1024w, https:\/\/inzynier.rzeszow.pl\/wp-content\/uploads\/2026\/01\/2025-05-30_wernisaz_Skowron-37-1536x1020.jpg 1536w, https:\/\/inzynier.rzeszow.pl\/wp-content\/uploads\/2026\/01\/2025-05-30_wernisaz_Skowron-37.jpg 2000w\" sizes=\"(max-width: 768px) 100vw, 768px\" \/><\/a>\n\t\t\t<\/div><\/figure><figure class='gallery-item'>\n\t\t\t<div class='gallery-icon landscape'>\n\t\t\t\t<a data-elementor-open-lightbox=\"yes\" data-elementor-lightbox-slideshow=\"3744df2\" data-e-action-hash=\"#elementor-action%3Aaction%3Dlightbox%26settings%3DeyJpZCI6MjEyNSwidXJsIjoiaHR0cHM6XC9cL2luenluaWVyLnJ6ZXN6b3cucGxcL3dwLWNvbnRlbnRcL3VwbG9hZHNcLzIwMjZcLzAxXC8yMDI1LTA1LTMwX3dlcm5pc2F6X1Nrb3dyb24tNDQuanBnIiwic2xpZGVzaG93IjoiMzc0NGRmMiJ9\" href='https:\/\/inzynier.rzeszow.pl\/wp-content\/uploads\/2026\/01\/2025-05-30_wernisaz_Skowron-44.jpg'><img loading=\"lazy\" decoding=\"async\" width=\"768\" height=\"510\" src=\"https:\/\/inzynier.rzeszow.pl\/wp-content\/uploads\/2026\/01\/2025-05-30_wernisaz_Skowron-44-768x510.jpg\" class=\"attachment-medium_large size-medium_large\" alt=\"\" srcset=\"https:\/\/inzynier.rzeszow.pl\/wp-content\/uploads\/2026\/01\/2025-05-30_wernisaz_Skowron-44-768x510.jpg 768w, https:\/\/inzynier.rzeszow.pl\/wp-content\/uploads\/2026\/01\/2025-05-30_wernisaz_Skowron-44-300x199.jpg 300w, https:\/\/inzynier.rzeszow.pl\/wp-content\/uploads\/2026\/01\/2025-05-30_wernisaz_Skowron-44-1024x680.jpg 1024w, https:\/\/inzynier.rzeszow.pl\/wp-content\/uploads\/2026\/01\/2025-05-30_wernisaz_Skowron-44-1536x1020.jpg 1536w, https:\/\/inzynier.rzeszow.pl\/wp-content\/uploads\/2026\/01\/2025-05-30_wernisaz_Skowron-44.jpg 2000w\" sizes=\"(max-width: 768px) 100vw, 768px\" \/><\/a>\n\t\t\t<\/div><\/figure><figure class='gallery-item'>\n\t\t\t<div class='gallery-icon landscape'>\n\t\t\t\t<a data-elementor-open-lightbox=\"yes\" data-elementor-lightbox-slideshow=\"3744df2\" data-e-action-hash=\"#elementor-action%3Aaction%3Dlightbox%26settings%3DeyJpZCI6MjEyNiwidXJsIjoiaHR0cHM6XC9cL2luenluaWVyLnJ6ZXN6b3cucGxcL3dwLWNvbnRlbnRcL3VwbG9hZHNcLzIwMjZcLzAxXC8yMDI1LTA1LTMwX3dlcm5pc2F6X1Nrb3dyb24tNTkuanBnIiwic2xpZGVzaG93IjoiMzc0NGRmMiJ9\" href='https:\/\/inzynier.rzeszow.pl\/wp-content\/uploads\/2026\/01\/2025-05-30_wernisaz_Skowron-59.jpg'><img loading=\"lazy\" decoding=\"async\" width=\"768\" height=\"510\" src=\"https:\/\/inzynier.rzeszow.pl\/wp-content\/uploads\/2026\/01\/2025-05-30_wernisaz_Skowron-59-768x510.jpg\" class=\"attachment-medium_large size-medium_large\" alt=\"\" srcset=\"https:\/\/inzynier.rzeszow.pl\/wp-content\/uploads\/2026\/01\/2025-05-30_wernisaz_Skowron-59-768x510.jpg 768w, https:\/\/inzynier.rzeszow.pl\/wp-content\/uploads\/2026\/01\/2025-05-30_wernisaz_Skowron-59-300x199.jpg 300w, https:\/\/inzynier.rzeszow.pl\/wp-content\/uploads\/2026\/01\/2025-05-30_wernisaz_Skowron-59-1024x680.jpg 1024w, https:\/\/inzynier.rzeszow.pl\/wp-content\/uploads\/2026\/01\/2025-05-30_wernisaz_Skowron-59-1536x1020.jpg 1536w, https:\/\/inzynier.rzeszow.pl\/wp-content\/uploads\/2026\/01\/2025-05-30_wernisaz_Skowron-59.jpg 2000w\" sizes=\"(max-width: 768px) 100vw, 768px\" \/><\/a>\n\t\t\t<\/div><\/figure>\n\t\t<\/div>\n\t\t<\/div>\n\t\t\t\t\t\t<\/div>\n\t\t\t\t\t<\/div>\n\t\t\t\t<\/div>\n\t\t<div class=\"elementor-element elementor-element-64b72d8 e-flex e-con-boxed e-con e-parent\" data-id=\"64b72d8\" data-element_type=\"container\" data-e-type=\"container\">\n\t\t\t\t\t<div class=\"e-con-inner\">\n\t\t<div class=\"elementor-element elementor-element-a35031f e-con-full e-flex e-con e-child\" data-id=\"a35031f\" data-element_type=\"container\" data-e-type=\"container\" data-settings=\"{&quot;background_background&quot;:&quot;classic&quot;}\">\n\t\t<div class=\"elementor-element elementor-element-e03360b e-con-full e-flex e-con e-child\" data-id=\"e03360b\" data-element_type=\"container\" data-e-type=\"container\" data-settings=\"{&quot;background_background&quot;:&quot;classic&quot;}\">\n\t\t\t\t<div class=\"elementor-element elementor-element-6947b05 elementor-widget elementor-widget-heading\" data-id=\"6947b05\" data-element_type=\"widget\" data-e-type=\"widget\" data-widget_type=\"heading.default\">\n\t\t\t\t\t<h1 class=\"elementor-heading-title elementor-size-default\">Galeria Integracyjna - Krajobraz Metafizyczny - O\u0142eksij Ma\u0142ykh i Maryna Afanasjewa - 11.04.2025 r.<\/h1>\t\t\t\t<\/div>\n\t\t\t\t<\/div>\n\t\t\t\t<\/div>\n\t\t<div class=\"elementor-element elementor-element-c6b88b6 e-con-full e-flex e-con e-child\" data-id=\"c6b88b6\" data-element_type=\"container\" data-e-type=\"container\">\n\t\t<div class=\"elementor-element elementor-element-a37acde e-con-full e-flex e-con e-child\" data-id=\"a37acde\" data-element_type=\"container\" data-e-type=\"container\">\n\t\t<div class=\"elementor-element elementor-element-392cea1 e-con-full e-flex e-con e-child\" data-id=\"392cea1\" data-element_type=\"container\" data-e-type=\"container\">\n\t\t\t\t<div class=\"elementor-element elementor-element-d5bf929 elementor-widget elementor-widget-text-editor\" data-id=\"d5bf929\" data-element_type=\"widget\" data-e-type=\"widget\" data-widget_type=\"text-editor.default\">\n\t\t\t\t\t\t\t\t\t<p>W dniu 11 kwietnia 2025 r. o godz. 18.00 odby\u0142o si\u0119 otwarcie wystawy<strong>\u00a0<\/strong>malarstwa i levkas dw\u00f3ch znakomitych ukrai\u0144skich artyst\u00f3w z Kijowa: O\u0142eksij Ma\u0142ykh<strong>\u00a0<\/strong>(\u041e\u043b\u0435\u043a\u0441\u0456\u0439 \u041c\u0430\u043b\u0438\u0445) i Maryna Afanasjewa (\u041c\u0430\u0440\u0438\u043d\u0430 \u0410\u0444\u0430\u043d\u0430\u0441\u044c\u0454\u0432\u0430) zatytu\u0142owanej: \u201eKRAJOBRAZ METAFIZYCZNY<strong>&#8222;<\/strong>\u00a0(\u041c\u0435\u0442\u0430\u0444\u0456\u0437\u0438\u0447\u043d\u0438\u0439 \u043b\u0430\u043d\u0434\u0448\u0430\u0444\u0442) do Galerii Integracyjnej mieszcz\u0105cej si\u0119 w siedzibie Podkarpackiej Okr\u0119gowej Izby In\u017cynier\u00f3w Budownictwa w Rzeszowie przy ulicy Krakowskiej 289.<\/p><p>W kolekcji obraz\u00f3w\u00a0 wystawy \u201eKrajobraz metafizyczny&#8221;, arty\u015bci przedstawiaj\u0105 w\u0142asne indywidualne, subiektywne postrzeganie otaczaj\u0105cej nas przestrzeni egzystencji, w trudnych warunkach wsp\u00f3\u0142czesno\u015bci, nakre\u015blaj\u0105c obszary, w kt\u00f3rych ich stan emocjonalny jest wyra\u017anie odczuwalny. Ich artystycznie wyimaginowane krajobrazy, to ogl\u0105d z innego bardzo osobistego punktu widzenia, gdzie przedmioty i inne elementy obraz\u00f3w, czy to fantasmagoryczne obiekty, ruiny staro\u017cytnych budowli, s\u0105 uciele\u015bnione w metaforach i metaobrazach.<\/p>\t\t\t\t\t\t\t\t<\/div>\n\t\t\t\t<\/div>\n\t\t<div class=\"elementor-element elementor-element-69c4b30 e-con-full e-flex e-con e-child\" data-id=\"69c4b30\" data-element_type=\"container\" data-e-type=\"container\">\n\t\t\t\t<div class=\"elementor-element elementor-element-dfe140c elementor-widget elementor-widget-image\" data-id=\"dfe140c\" data-element_type=\"widget\" data-e-type=\"widget\" data-widget_type=\"image.default\">\n\t\t\t\t\t\t\t\t\t\t\t\t\t\t\t<img loading=\"lazy\" decoding=\"async\" width=\"1024\" height=\"576\" src=\"https:\/\/inzynier.rzeszow.pl\/wp-content\/uploads\/2026\/01\/wernisaz_11_04_25-1024x576.jpg\" class=\"attachment-large size-large wp-image-2127\" alt=\"\" srcset=\"https:\/\/inzynier.rzeszow.pl\/wp-content\/uploads\/2026\/01\/wernisaz_11_04_25-1024x576.jpg 1024w, https:\/\/inzynier.rzeszow.pl\/wp-content\/uploads\/2026\/01\/wernisaz_11_04_25-300x169.jpg 300w, https:\/\/inzynier.rzeszow.pl\/wp-content\/uploads\/2026\/01\/wernisaz_11_04_25-768x432.jpg 768w, https:\/\/inzynier.rzeszow.pl\/wp-content\/uploads\/2026\/01\/wernisaz_11_04_25-1536x864.jpg 1536w, https:\/\/inzynier.rzeszow.pl\/wp-content\/uploads\/2026\/01\/wernisaz_11_04_25.jpg 1920w\" sizes=\"(max-width: 1024px) 100vw, 1024px\" \/>\t\t\t\t\t\t\t\t\t\t\t\t\t\t\t<\/div>\n\t\t\t\t<\/div>\n\t\t\t\t<\/div>\n\t\t\t\t<\/div>\n\t\t\t\t\t<\/div>\n\t\t\t\t<\/div>\n\t\t<div class=\"elementor-element elementor-element-3fefe24 e-flex e-con-boxed e-con e-parent\" data-id=\"3fefe24\" data-element_type=\"container\" data-e-type=\"container\">\n\t\t\t\t\t<div class=\"e-con-inner\">\n\t\t\t\t<div class=\"elementor-element elementor-element-5dc5b64 elementor-widget elementor-widget-text-editor\" data-id=\"5dc5b64\" data-element_type=\"widget\" data-e-type=\"widget\" data-widget_type=\"text-editor.default\">\n\t\t\t\t\t\t\t\t\t<p>Arty\u015bci wpisuj\u0105 swoje przetransponowane z rzeczywisto\u015bci wizje w minimalistyczne, czasem konwencjonalne pejza\u017ce, gdzie fragmenty \u00a0\u015bwiadomo\u015bci, kt\u00f3re wydaj\u0105 si\u0119 wy\u0142ania\u0107 ze sn\u00f3w, \u017cyj\u0105 w\u0142asnym \u017cyciem, istniej\u0105 we w\u0142asnych wymiarach. W tych magicznych, artystycznych przekazach, owianych tajemnic\u0105 szept\u00f3w Ziemi, istnieje iluzja bezcielesnej obecno\u015bci my\u015bli, duszy ludzkiej, a jednocze\u015bnie ich nieobecno\u015bci. Istnieje w nich przestrze\u0144 cichego spokoju, \u00a0a jednocze\u015bnie poczucia pr\u00f3\u017cni i pustki.<\/p><p>Prace artyst\u00f3w zawieraj\u0105 w sobie pragnienie skupienia si\u0119 na czym\u015b bliskim, zapadaj\u0105cym w pami\u0119\u0107, niezwykle wa\u017cnym, tkwi\u0105cym w ludzkim sercu w ekstremalnych warunkach. S\u0105 to uog\u00f3lnione, przetworzone, ale pod\u015bwiadomie rozpoznawalne elementy rzeczywistych krajobraz\u00f3w ich rodzinnej Ukrainy i Polski, kt\u00f3ra sta\u0142a si\u0119 drug\u0105 ojczyzn\u0105 artyst\u00f3w.<\/p><p align=\"right\">O\u0142eksij Ma\u0142ykh (\u041e\u043b\u0435\u043a\u0441\u0456\u0439 \u041c\u0430\u043b\u0438\u0445) i Maryna Afanasjewa (\u041c\u0430\u0440\u0438\u043d\u0430 \u0410\u0444\u0430\u043d\u0430\u0441\u044c\u0454\u0432\u0430)<br \/>opracowanie: Anna Baran<\/p>\t\t\t\t\t\t\t\t<\/div>\n\t\t\t\t\t<\/div>\n\t\t\t\t<\/div>\n\t\t<div class=\"elementor-element elementor-element-2a4c47a e-flex e-con-boxed e-con e-parent\" data-id=\"2a4c47a\" data-element_type=\"container\" data-e-type=\"container\">\n\t\t\t\t\t<div class=\"e-con-inner\">\n\t\t<div class=\"elementor-element elementor-element-49788a7 e-con-full e-flex e-con e-child\" data-id=\"49788a7\" data-element_type=\"container\" data-e-type=\"container\">\n\t\t<div class=\"elementor-element elementor-element-90d7efe e-con-full e-flex e-con e-child\" data-id=\"90d7efe\" data-element_type=\"container\" data-e-type=\"container\">\n\t\t<div class=\"elementor-element elementor-element-62d0a57 e-con-full e-flex e-con e-child\" data-id=\"62d0a57\" data-element_type=\"container\" data-e-type=\"container\">\n\t\t<div class=\"elementor-element elementor-element-f3c7ba0 e-con-full e-flex e-con e-child\" data-id=\"f3c7ba0\" data-element_type=\"container\" data-e-type=\"container\">\n\t\t\t\t<div class=\"elementor-element elementor-element-59f7359 elementor-widget-mobile__width-inherit elementor-widget elementor-widget-image\" data-id=\"59f7359\" data-element_type=\"widget\" data-e-type=\"widget\" data-widget_type=\"image.default\">\n\t\t\t\t\t\t\t\t\t\t\t\t\t\t\t<img loading=\"lazy\" decoding=\"async\" width=\"238\" height=\"310\" src=\"https:\/\/inzynier.rzeszow.pl\/wp-content\/uploads\/2026\/01\/ukr_11-25_2.jpg\" class=\"attachment-medium_large size-medium_large wp-image-2128\" alt=\"\" srcset=\"https:\/\/inzynier.rzeszow.pl\/wp-content\/uploads\/2026\/01\/ukr_11-25_2.jpg 238w, https:\/\/inzynier.rzeszow.pl\/wp-content\/uploads\/2026\/01\/ukr_11-25_2-230x300.jpg 230w\" sizes=\"(max-width: 238px) 100vw, 238px\" \/>\t\t\t\t\t\t\t\t\t\t\t\t\t\t\t<\/div>\n\t\t\t\t<\/div>\n\t\t\t\t<\/div>\n\t\t\t\t<div class=\"elementor-element elementor-element-da1670e elementor-widget elementor-widget-heading\" data-id=\"da1670e\" data-element_type=\"widget\" data-e-type=\"widget\" data-widget_type=\"heading.default\">\n\t\t\t\t\t<h2 class=\"elementor-heading-title elementor-size-default\">O\u0142eksij Ma\u0142ykh<\/h2>\t\t\t\t<\/div>\n\t\t\t\t<div class=\"elementor-element elementor-element-30966f6 elementor-widget elementor-widget-text-editor\" data-id=\"30966f6\" data-element_type=\"widget\" data-e-type=\"widget\" data-widget_type=\"text-editor.default\">\n\t\t\t\t\t\t\t\t\t<p>Ukrai\u0144ski artysta, kurator i pedagog. Mieszka i pracuje w stolicy Ukrainy w Kijowie. Zdoby\u0142 wy\u017csze wykszta\u0142cenie w zakresie malarstwa, grafiki i pedagogiki. Swoj\u0105 dzia\u0142alno\u015b\u0107 wystawiennicz\u0105 rozpocz\u0105\u0142 w 1979 roku. Od 1987 roku bra\u0142 udzia\u0142 w licznych wystawach i projektach, z kt\u00f3rych ponad 70 mia\u0142o charakter indywidualny i odby\u0142o si\u0119 w Ukrainie, Polsce, Niemczech, Francji, Szwajcarii, Hiszpanii, na W\u0119grzech, a tak\u017ce w Chile i Azerbejd\u017canie. Od 1995 roku jest cz\u0142onkiem Narodowego Zwi\u0105zku Artyst\u00f3w<br \/>Ukrainy. Od 1996 do 2019 by\u0142 wsp\u00f3\u0142kuratorem i jednocze\u015bnie uczestnikiem festiwalu land artu \u201eWiosenny Wiatr&#8221; w Kijowie. Te\u017c uczestniczy\u0142 w Mi\u0119dzynarodowych Sympozjach oraz festiwalach land artu w Ukrainie w takich miejsach jak: Mogritsa &#8211; \u201eBorderland Space&#8221;, Zaporo\u017ce &#8211; \u201eKhortytsia&#8221;, Iwano-Frankowsk &#8211; \u201eCarpathian<br \/>Space&#8221;. By\u0142 autorem instalacji artystycznych w przestrzeni miejskiej w Ukrainie (Kij\u00f3w, Sumy, Iwano-Frankowsk). Od 2011 roku,<br \/>wraz z Eugene Buck z USA, jest autorem i kuratorem idei projektu \u201eBreath of the Earth&#8221;. Wydarzenia te mia\u0142y te\u017c miejsce w 2013 oraz<br \/>2024 w Kijowie. Od 2018 roku Aleksij Malyh jest kuratorem ukrai\u0144skiej grupy artyst\u00f3w na Mi\u0119dzynarodowym Plenerze \u201eZnaki Pogranicza&#8221; w Polsce, a od 2020 roku r\u00f3wnie\u017c wsp\u00f3\u0142kuratorem Galerii Sztuki Wsp\u00f3\u0142czesnej &#8211; Imagine Point w Ukrainie, w Kijowie. Jest autorem programu w zakresie malarstwa wsp\u00f3\u0142czesnego. Jego prace znajduj\u0105 si\u0119 w zbiorach oko\u0142o 10 muze\u00f3w w Ukrainie, a tak\u017ce w kolekcjach instytucjonalnych i prywatnych w Ukrainie, Polsce, Niemczech, USA, Anglii, Czechach, S\u0142owacji, Bu\u0142garii,<br \/>Francji, Hiszpanii, Szwajcarii, Chile, Gwatemali, Gruzji i Azerbejd\u017canie.<\/p>\t\t\t\t\t\t\t\t<\/div>\n\t\t\t\t<\/div>\n\t\t<div class=\"elementor-element elementor-element-f964d42 e-con-full e-flex e-con e-child\" data-id=\"f964d42\" data-element_type=\"container\" data-e-type=\"container\">\n\t\t<div class=\"elementor-element elementor-element-14a231b e-con-full e-flex e-con e-child\" data-id=\"14a231b\" data-element_type=\"container\" data-e-type=\"container\">\n\t\t\t\t<div class=\"elementor-element elementor-element-423f1b5 elementor-widget-mobile__width-inherit elementor-widget elementor-widget-image\" data-id=\"423f1b5\" data-element_type=\"widget\" data-e-type=\"widget\" data-widget_type=\"image.default\">\n\t\t\t\t\t\t\t\t\t\t\t\t\t\t\t<img loading=\"lazy\" decoding=\"async\" width=\"282\" height=\"330\" src=\"https:\/\/inzynier.rzeszow.pl\/wp-content\/uploads\/2026\/01\/ukr_11-25_1-1.jpg\" class=\"attachment-medium_large size-medium_large wp-image-2129\" alt=\"\" srcset=\"https:\/\/inzynier.rzeszow.pl\/wp-content\/uploads\/2026\/01\/ukr_11-25_1-1.jpg 282w, https:\/\/inzynier.rzeszow.pl\/wp-content\/uploads\/2026\/01\/ukr_11-25_1-1-256x300.jpg 256w\" sizes=\"(max-width: 282px) 100vw, 282px\" \/>\t\t\t\t\t\t\t\t\t\t\t\t\t\t\t<\/div>\n\t\t\t\t<\/div>\n\t\t<div class=\"elementor-element elementor-element-59532a1 e-con-full e-flex e-con e-child\" data-id=\"59532a1\" data-element_type=\"container\" data-e-type=\"container\">\n\t\t\t\t<div class=\"elementor-element elementor-element-0e25022 elementor-widget elementor-widget-heading\" data-id=\"0e25022\" data-element_type=\"widget\" data-e-type=\"widget\" data-widget_type=\"heading.default\">\n\t\t\t\t\t<h2 class=\"elementor-heading-title elementor-size-default\">Maryna Afanasjewa<\/h2>\t\t\t\t<\/div>\n\t\t\t\t<div class=\"elementor-element elementor-element-b4f2d5c elementor-widget elementor-widget-text-editor\" data-id=\"b4f2d5c\" data-element_type=\"widget\" data-e-type=\"widget\" data-widget_type=\"text-editor.default\">\n\t\t\t\t\t\t\t\t\t<p>Artystka, filolog. W dziedzinie artystycznej zajmuje si\u0119 malarstwem sztalugowym. Z ogromn\u0105 pasj\u0105 tworzy te\u017c w technice levkas. Mieszka i pracuje w Kijowie. Du\u017co podr\u00f3\u017cuje. W swojej tw\u00f3rczo\u015bci inspiruje si\u0119 kultur\u0105 staro\u017cytnych cywilizacji, majestatem natury i histori\u0105 miast. Swoje wra\u017cenia wynikaj\u0105ce z obserwacji rzeczywistego otoczenia opisuje na p\u0142\u00f3tnach oraz fakturowych deskach poprzez kolor, tajemnicze kszta\u0142ty i symboliczne napisy. Od 2008 roku studiuje w szkole artystycznej O\u0142eksija Ma\u0142ykh. Jest uczestniczk\u0105 wielu wystaw zbiorowych i indywidualnych, te\u017c projekt\u00f3w, festiwali i plener\u00f3w artystycznych w Ukrainie, Polsce i Niemczech. Jako menad\u017cer artystyczny zajmuje si\u0119 badaniem i promocj\u0105 wsp\u00f3\u0142czesnej sztuki ukrai\u0144skiej w Galerii Sztuki Wsp\u00f3\u0142czesnej &#8211; Imagine Point w stolicy Ukrainy, w Kijowie. Jej prace znajduj\u0105 si\u0119 w kolekcjach muzealnych, instytucjonalnych i prywatnych w Ukrainie, Polsce i Niemczech.<\/p>\t\t\t\t\t\t\t\t<\/div>\n\t\t\t\t<\/div>\n\t\t\t\t<\/div>\n\t\t\t\t<\/div>\n\t\t\t\t\t<\/div>\n\t\t\t\t<\/div>\n\t\t<div class=\"elementor-element elementor-element-1c685d8 e-flex e-con-boxed e-con e-parent\" data-id=\"1c685d8\" data-element_type=\"container\" data-e-type=\"container\">\n\t\t\t\t\t<div class=\"e-con-inner\">\n\t\t\t\t<div class=\"elementor-element elementor-element-b8a8b87 elementor-widget__width-inherit elementor-icon-list--layout-traditional elementor-list-item-link-full_width elementor-widget elementor-widget-icon-list\" data-id=\"b8a8b87\" data-element_type=\"widget\" data-e-type=\"widget\" data-widget_type=\"icon-list.default\">\n\t\t\t\t\t\t\t<ul class=\"elementor-icon-list-items\">\n\t\t\t\t\t\t\t<li class=\"elementor-icon-list-item\">\n\t\t\t\t\t\t\t\t\t\t\t<a href=\"https:\/\/www.facebook.com\/PodkarpackaOIIB\/posts\/pfbid0FdfwvBrKLg8LFyXiBhMMKwB1fbVvM7QmmizRo9C16VmT8TdMbetytig55PfnhY9Dl\" target=\"_blank\">\n\n\t\t\t\t\t\t\t\t\t\t\t\t<span class=\"elementor-icon-list-icon\">\n\t\t\t\t\t\t\t<svg aria-hidden=\"true\" class=\"e-font-icon-svg e-fas-arrow-circle-right\" viewBox=\"0 0 512 512\" xmlns=\"http:\/\/www.w3.org\/2000\/svg\"><path d=\"M256 8c137 0 248 111 248 248S393 504 256 504 8 393 8 256 119 8 256 8zm-28.9 143.6l75.5 72.4H120c-13.3 0-24 10.7-24 24v16c0 13.3 10.7 24 24 24h182.6l-75.5 72.4c-9.7 9.3-9.9 24.8-.4 34.3l11 10.9c9.4 9.4 24.6 9.4 33.9 0L404.3 273c9.4-9.4 9.4-24.6 0-33.9L271.6 106.3c-9.4-9.4-24.6-9.4-33.9 0l-11 10.9c-9.5 9.6-9.3 25.1.4 34.4z\"><\/path><\/svg>\t\t\t\t\t\t<\/span>\n\t\t\t\t\t\t\t\t\t\t<span class=\"elementor-icon-list-text\">Galeria fotograficzna z Galeria Integracyjna - Krajobraz Metafizyczny - O\u0142eksij Ma\u0142ykh i Maryna Afanasjewa - 11.04.2025 r.<\/span>\n\t\t\t\t\t\t\t\t\t\t\t<\/a>\n\t\t\t\t\t\t\t\t\t<\/li>\n\t\t\t\t\t\t<\/ul>\n\t\t\t\t\t\t<\/div>\n\t\t\t\t\t<\/div>\n\t\t\t\t<\/div>\n\t\t<div class=\"elementor-element elementor-element-95d0619 e-flex e-con-boxed e-con e-parent\" data-id=\"95d0619\" data-element_type=\"container\" data-e-type=\"container\">\n\t\t\t\t\t<div class=\"e-con-inner\">\n\t\t<div class=\"elementor-element elementor-element-d8a8a19 e-con-full e-flex e-con e-child\" data-id=\"d8a8a19\" data-element_type=\"container\" data-e-type=\"container\">\n\t\t\t\t<div class=\"elementor-element elementor-element-24aa7cd gallery-spacing-custom elementor-widget elementor-widget-image-gallery\" data-id=\"24aa7cd\" data-element_type=\"widget\" data-e-type=\"widget\" data-widget_type=\"image-gallery.default\">\n\t\t\t\t\t\t\t<div class=\"elementor-image-gallery\">\n\t\t\t<div id='gallery-3' class='gallery galleryid-1187 gallery-columns-3 gallery-size-medium_large'><figure class='gallery-item'>\n\t\t\t<div class='gallery-icon landscape'>\n\t\t\t\t<a data-elementor-open-lightbox=\"yes\" data-elementor-lightbox-slideshow=\"24aa7cd\" data-e-action-hash=\"#elementor-action%3Aaction%3Dlightbox%26settings%3DeyJpZCI6MjEzMCwidXJsIjoiaHR0cHM6XC9cL2luenluaWVyLnJ6ZXN6b3cucGxcL3dwLWNvbnRlbnRcL3VwbG9hZHNcLzIwMjZcLzAxXC8yMDI1LTA0LTExX3dlcm5pc2F6LTE3LmpwZyIsInNsaWRlc2hvdyI6IjI0YWE3Y2QifQ%3D%3D\" href='https:\/\/inzynier.rzeszow.pl\/wp-content\/uploads\/2026\/01\/2025-04-11_wernisaz-17.jpg'><img loading=\"lazy\" decoding=\"async\" width=\"768\" height=\"510\" src=\"https:\/\/inzynier.rzeszow.pl\/wp-content\/uploads\/2026\/01\/2025-04-11_wernisaz-17-768x510.jpg\" class=\"attachment-medium_large size-medium_large\" alt=\"\" srcset=\"https:\/\/inzynier.rzeszow.pl\/wp-content\/uploads\/2026\/01\/2025-04-11_wernisaz-17-768x510.jpg 768w, https:\/\/inzynier.rzeszow.pl\/wp-content\/uploads\/2026\/01\/2025-04-11_wernisaz-17-300x199.jpg 300w, https:\/\/inzynier.rzeszow.pl\/wp-content\/uploads\/2026\/01\/2025-04-11_wernisaz-17-1024x680.jpg 1024w, https:\/\/inzynier.rzeszow.pl\/wp-content\/uploads\/2026\/01\/2025-04-11_wernisaz-17-1536x1020.jpg 1536w, https:\/\/inzynier.rzeszow.pl\/wp-content\/uploads\/2026\/01\/2025-04-11_wernisaz-17.jpg 2000w\" sizes=\"(max-width: 768px) 100vw, 768px\" \/><\/a>\n\t\t\t<\/div><\/figure><figure class='gallery-item'>\n\t\t\t<div class='gallery-icon landscape'>\n\t\t\t\t<a data-elementor-open-lightbox=\"yes\" data-elementor-lightbox-slideshow=\"24aa7cd\" data-e-action-hash=\"#elementor-action%3Aaction%3Dlightbox%26settings%3DeyJpZCI6MjEzMSwidXJsIjoiaHR0cHM6XC9cL2luenluaWVyLnJ6ZXN6b3cucGxcL3dwLWNvbnRlbnRcL3VwbG9hZHNcLzIwMjZcLzAxXC8yMDI1LTA0LTExX3dlcm5pc2F6LTMxLmpwZyIsInNsaWRlc2hvdyI6IjI0YWE3Y2QifQ%3D%3D\" href='https:\/\/inzynier.rzeszow.pl\/wp-content\/uploads\/2026\/01\/2025-04-11_wernisaz-31.jpg'><img loading=\"lazy\" decoding=\"async\" width=\"768\" height=\"510\" src=\"https:\/\/inzynier.rzeszow.pl\/wp-content\/uploads\/2026\/01\/2025-04-11_wernisaz-31-768x510.jpg\" class=\"attachment-medium_large size-medium_large\" alt=\"\" srcset=\"https:\/\/inzynier.rzeszow.pl\/wp-content\/uploads\/2026\/01\/2025-04-11_wernisaz-31-768x510.jpg 768w, https:\/\/inzynier.rzeszow.pl\/wp-content\/uploads\/2026\/01\/2025-04-11_wernisaz-31-300x199.jpg 300w, https:\/\/inzynier.rzeszow.pl\/wp-content\/uploads\/2026\/01\/2025-04-11_wernisaz-31-1024x680.jpg 1024w, https:\/\/inzynier.rzeszow.pl\/wp-content\/uploads\/2026\/01\/2025-04-11_wernisaz-31-1536x1020.jpg 1536w, https:\/\/inzynier.rzeszow.pl\/wp-content\/uploads\/2026\/01\/2025-04-11_wernisaz-31.jpg 2000w\" sizes=\"(max-width: 768px) 100vw, 768px\" \/><\/a>\n\t\t\t<\/div><\/figure><figure class='gallery-item'>\n\t\t\t<div class='gallery-icon landscape'>\n\t\t\t\t<a data-elementor-open-lightbox=\"yes\" data-elementor-lightbox-slideshow=\"24aa7cd\" data-e-action-hash=\"#elementor-action%3Aaction%3Dlightbox%26settings%3DeyJpZCI6MjEzMiwidXJsIjoiaHR0cHM6XC9cL2luenluaWVyLnJ6ZXN6b3cucGxcL3dwLWNvbnRlbnRcL3VwbG9hZHNcLzIwMjZcLzAxXC8yMDI1LTA0LTExX3dlcm5pc2F6LTM1LmpwZyIsInNsaWRlc2hvdyI6IjI0YWE3Y2QifQ%3D%3D\" href='https:\/\/inzynier.rzeszow.pl\/wp-content\/uploads\/2026\/01\/2025-04-11_wernisaz-35.jpg'><img loading=\"lazy\" decoding=\"async\" width=\"768\" height=\"510\" src=\"https:\/\/inzynier.rzeszow.pl\/wp-content\/uploads\/2026\/01\/2025-04-11_wernisaz-35-768x510.jpg\" class=\"attachment-medium_large size-medium_large\" alt=\"\" srcset=\"https:\/\/inzynier.rzeszow.pl\/wp-content\/uploads\/2026\/01\/2025-04-11_wernisaz-35-768x510.jpg 768w, https:\/\/inzynier.rzeszow.pl\/wp-content\/uploads\/2026\/01\/2025-04-11_wernisaz-35-300x199.jpg 300w, https:\/\/inzynier.rzeszow.pl\/wp-content\/uploads\/2026\/01\/2025-04-11_wernisaz-35-1024x680.jpg 1024w, https:\/\/inzynier.rzeszow.pl\/wp-content\/uploads\/2026\/01\/2025-04-11_wernisaz-35-1536x1020.jpg 1536w, https:\/\/inzynier.rzeszow.pl\/wp-content\/uploads\/2026\/01\/2025-04-11_wernisaz-35.jpg 2000w\" sizes=\"(max-width: 768px) 100vw, 768px\" \/><\/a>\n\t\t\t<\/div><\/figure><figure class='gallery-item'>\n\t\t\t<div class='gallery-icon landscape'>\n\t\t\t\t<a data-elementor-open-lightbox=\"yes\" data-elementor-lightbox-slideshow=\"24aa7cd\" data-e-action-hash=\"#elementor-action%3Aaction%3Dlightbox%26settings%3DeyJpZCI6MjEzMywidXJsIjoiaHR0cHM6XC9cL2luenluaWVyLnJ6ZXN6b3cucGxcL3dwLWNvbnRlbnRcL3VwbG9hZHNcLzIwMjZcLzAxXC8yMDI1LTA0LTExX3dlcm5pc2F6LTI0LTEuanBnIiwic2xpZGVzaG93IjoiMjRhYTdjZCJ9\" href='https:\/\/inzynier.rzeszow.pl\/wp-content\/uploads\/2026\/01\/2025-04-11_wernisaz-24-1.jpg'><img loading=\"lazy\" decoding=\"async\" width=\"768\" height=\"510\" src=\"https:\/\/inzynier.rzeszow.pl\/wp-content\/uploads\/2026\/01\/2025-04-11_wernisaz-24-1-768x510.jpg\" class=\"attachment-medium_large size-medium_large\" alt=\"\" srcset=\"https:\/\/inzynier.rzeszow.pl\/wp-content\/uploads\/2026\/01\/2025-04-11_wernisaz-24-1-768x510.jpg 768w, https:\/\/inzynier.rzeszow.pl\/wp-content\/uploads\/2026\/01\/2025-04-11_wernisaz-24-1-300x199.jpg 300w, https:\/\/inzynier.rzeszow.pl\/wp-content\/uploads\/2026\/01\/2025-04-11_wernisaz-24-1-1024x680.jpg 1024w, https:\/\/inzynier.rzeszow.pl\/wp-content\/uploads\/2026\/01\/2025-04-11_wernisaz-24-1-1536x1020.jpg 1536w, https:\/\/inzynier.rzeszow.pl\/wp-content\/uploads\/2026\/01\/2025-04-11_wernisaz-24-1.jpg 2000w\" sizes=\"(max-width: 768px) 100vw, 768px\" \/><\/a>\n\t\t\t<\/div><\/figure><figure class='gallery-item'>\n\t\t\t<div class='gallery-icon landscape'>\n\t\t\t\t<a data-elementor-open-lightbox=\"yes\" data-elementor-lightbox-slideshow=\"24aa7cd\" data-e-action-hash=\"#elementor-action%3Aaction%3Dlightbox%26settings%3DeyJpZCI6MjEzNCwidXJsIjoiaHR0cHM6XC9cL2luenluaWVyLnJ6ZXN6b3cucGxcL3dwLWNvbnRlbnRcL3VwbG9hZHNcLzIwMjZcLzAxXC8yMDI1LTA0LTExX3dlcm5pc2F6LTQ0LmpwZyIsInNsaWRlc2hvdyI6IjI0YWE3Y2QifQ%3D%3D\" href='https:\/\/inzynier.rzeszow.pl\/wp-content\/uploads\/2026\/01\/2025-04-11_wernisaz-44.jpg'><img loading=\"lazy\" decoding=\"async\" width=\"768\" height=\"510\" src=\"https:\/\/inzynier.rzeszow.pl\/wp-content\/uploads\/2026\/01\/2025-04-11_wernisaz-44-768x510.jpg\" class=\"attachment-medium_large size-medium_large\" alt=\"\" srcset=\"https:\/\/inzynier.rzeszow.pl\/wp-content\/uploads\/2026\/01\/2025-04-11_wernisaz-44-768x510.jpg 768w, https:\/\/inzynier.rzeszow.pl\/wp-content\/uploads\/2026\/01\/2025-04-11_wernisaz-44-300x199.jpg 300w, https:\/\/inzynier.rzeszow.pl\/wp-content\/uploads\/2026\/01\/2025-04-11_wernisaz-44-1024x680.jpg 1024w, https:\/\/inzynier.rzeszow.pl\/wp-content\/uploads\/2026\/01\/2025-04-11_wernisaz-44-1536x1020.jpg 1536w, https:\/\/inzynier.rzeszow.pl\/wp-content\/uploads\/2026\/01\/2025-04-11_wernisaz-44.jpg 2000w\" sizes=\"(max-width: 768px) 100vw, 768px\" \/><\/a>\n\t\t\t<\/div><\/figure><figure class='gallery-item'>\n\t\t\t<div class='gallery-icon landscape'>\n\t\t\t\t<a data-elementor-open-lightbox=\"yes\" data-elementor-lightbox-slideshow=\"24aa7cd\" data-e-action-hash=\"#elementor-action%3Aaction%3Dlightbox%26settings%3DeyJpZCI6MjEzNSwidXJsIjoiaHR0cHM6XC9cL2luenluaWVyLnJ6ZXN6b3cucGxcL3dwLWNvbnRlbnRcL3VwbG9hZHNcLzIwMjZcLzAxXC8yMDI1LTA0LTExX3dlcm5pc2F6LTEwMC5qcGciLCJzbGlkZXNob3ciOiIyNGFhN2NkIn0%3D\" href='https:\/\/inzynier.rzeszow.pl\/wp-content\/uploads\/2026\/01\/2025-04-11_wernisaz-100.jpg'><img loading=\"lazy\" decoding=\"async\" width=\"768\" height=\"512\" src=\"https:\/\/inzynier.rzeszow.pl\/wp-content\/uploads\/2026\/01\/2025-04-11_wernisaz-100-768x512.jpg\" class=\"attachment-medium_large size-medium_large\" alt=\"\" srcset=\"https:\/\/inzynier.rzeszow.pl\/wp-content\/uploads\/2026\/01\/2025-04-11_wernisaz-100-768x512.jpg 768w, https:\/\/inzynier.rzeszow.pl\/wp-content\/uploads\/2026\/01\/2025-04-11_wernisaz-100-300x200.jpg 300w, https:\/\/inzynier.rzeszow.pl\/wp-content\/uploads\/2026\/01\/2025-04-11_wernisaz-100-1024x683.jpg 1024w, https:\/\/inzynier.rzeszow.pl\/wp-content\/uploads\/2026\/01\/2025-04-11_wernisaz-100-1536x1024.jpg 1536w, https:\/\/inzynier.rzeszow.pl\/wp-content\/uploads\/2026\/01\/2025-04-11_wernisaz-100.jpg 1846w\" sizes=\"(max-width: 768px) 100vw, 768px\" \/><\/a>\n\t\t\t<\/div><\/figure>\n\t\t<\/div>\n\t\t<\/div>\n\t\t\t\t\t\t<\/div>\n\t\t\t\t<\/div>\n\t\t\t\t\t<\/div>\n\t\t\t\t<\/div>\n\t\t<div class=\"elementor-element elementor-element-c09e366 e-flex e-con-boxed e-con e-parent\" data-id=\"c09e366\" data-element_type=\"container\" data-e-type=\"container\">\n\t\t\t\t\t<div class=\"e-con-inner\">\n\t\t<div class=\"elementor-element elementor-element-233ed4d e-con-full e-flex e-con e-child\" data-id=\"233ed4d\" data-element_type=\"container\" data-e-type=\"container\" data-settings=\"{&quot;background_background&quot;:&quot;classic&quot;}\">\n\t\t<div class=\"elementor-element elementor-element-3fc6289 e-con-full e-flex e-con e-child\" data-id=\"3fc6289\" data-element_type=\"container\" data-e-type=\"container\" data-settings=\"{&quot;background_background&quot;:&quot;classic&quot;}\">\n\t\t\t\t<div class=\"elementor-element elementor-element-b453815 elementor-widget elementor-widget-heading\" data-id=\"b453815\" data-element_type=\"widget\" data-e-type=\"widget\" data-widget_type=\"heading.default\">\n\t\t\t\t\t<h1 class=\"elementor-heading-title elementor-size-default\">Galeria Integracyjna - Dorota Szwaja - Opowie\u015bci z Ziemi \u015awi\u0119tej - 27.03.2025 r.<\/h1>\t\t\t\t<\/div>\n\t\t\t\t<\/div>\n\t\t\t\t<\/div>\n\t\t<div class=\"elementor-element elementor-element-be15bb4 e-con-full e-flex e-con e-child\" data-id=\"be15bb4\" data-element_type=\"container\" data-e-type=\"container\">\n\t\t<div class=\"elementor-element elementor-element-89ca1bb e-con-full e-flex e-con e-child\" data-id=\"89ca1bb\" data-element_type=\"container\" data-e-type=\"container\">\n\t\t\t\t<div class=\"elementor-element elementor-element-ac45695 elementor-widget elementor-widget-text-editor\" data-id=\"ac45695\" data-element_type=\"widget\" data-e-type=\"widget\" data-widget_type=\"text-editor.default\">\n\t\t\t\t\t\t\t\t\t<p>W dniu 27 marca 2025 r. o godzinie 18.00 odby\u0142o si\u0119 w Galerii Integracyjnej PDK OIIB wyj\u0105tkowe spotkanie z podr\u00f3\u017cniczk\u0105 i przewodniczk\u0105 Dorot\u0105 Szwaj\u0105, kt\u00f3ra podczas prelekcji \u201eOpowie\u015bci z Ziemi \u015awi\u0119tej&#8221; podzieli\u0142a si\u0119 swoimi prze\u017cyciami i refleksjami z tego niezwyk\u0142ego regionu.<\/p><p>Przyby\u0142ych go\u015bci powita\u0142 przewodnicz\u0105cy OKK PDK OIIB, Zbigniew Plewako, kt\u00f3ry w kilku s\u0142owach przybli\u017cy\u0142 dzia\u0142alno\u015b\u0107 samorz\u0105du zawodowego in\u017cynier\u00f3w budownictwa. Zach\u0119ci\u0142 r\u00f3wnie\u017c do uczestnictwa w kolejnych wydarzeniach, kt\u00f3re stanowi\u0105 doskona\u0142\u0105 okazj\u0119 do poszerzania horyzont\u00f3w i odkrywania nowych inspiracji.<\/p><p>Ziemia \u015awi\u0119ta &#8211; miejsce o ogromnym znaczeniu historycznym, duchowym i kulturowym &#8211; sta\u0142a si\u0119 t\u0142em opowie\u015bci o ludziach, tradycjach i codziennym \u017cyciu w regionie, kt\u00f3ry od wiek\u00f3w stanowi mozaik\u0119 r\u00f3\u017cnych religii i kultur.\u00a0<\/p>\t\t\t\t\t\t\t\t<\/div>\n\t\t\t\t<\/div>\n\t\t<div class=\"elementor-element elementor-element-016de62 e-con-full e-flex e-con e-child\" data-id=\"016de62\" data-element_type=\"container\" data-e-type=\"container\">\n\t\t\t\t<div class=\"elementor-element elementor-element-2eff670 elementor-widget elementor-widget-image\" data-id=\"2eff670\" data-element_type=\"widget\" data-e-type=\"widget\" data-widget_type=\"image.default\">\n\t\t\t\t\t\t\t\t\t\t\t\t\t\t\t<img loading=\"lazy\" decoding=\"async\" width=\"1024\" height=\"576\" src=\"https:\/\/inzynier.rzeszow.pl\/wp-content\/uploads\/2026\/01\/Gateria_int_prel_27_06-1024x576.jpg\" class=\"attachment-large size-large wp-image-2136\" alt=\"\" srcset=\"https:\/\/inzynier.rzeszow.pl\/wp-content\/uploads\/2026\/01\/Gateria_int_prel_27_06-1024x576.jpg 1024w, https:\/\/inzynier.rzeszow.pl\/wp-content\/uploads\/2026\/01\/Gateria_int_prel_27_06-300x169.jpg 300w, https:\/\/inzynier.rzeszow.pl\/wp-content\/uploads\/2026\/01\/Gateria_int_prel_27_06-768x432.jpg 768w, https:\/\/inzynier.rzeszow.pl\/wp-content\/uploads\/2026\/01\/Gateria_int_prel_27_06-1536x864.jpg 1536w, https:\/\/inzynier.rzeszow.pl\/wp-content\/uploads\/2026\/01\/Gateria_int_prel_27_06.jpg 1920w\" sizes=\"(max-width: 1024px) 100vw, 1024px\" \/>\t\t\t\t\t\t\t\t\t\t\t\t\t\t\t<\/div>\n\t\t\t\t<\/div>\n\t\t\t\t<\/div>\n\t\t\t\t<div class=\"elementor-element elementor-element-d89eab8 elementor-widget elementor-widget-text-editor\" data-id=\"d89eab8\" data-element_type=\"widget\" data-e-type=\"widget\" data-widget_type=\"text-editor.default\">\n\t\t\t\t\t\t\t\t\t<p>Podczas prelekcji mogli\u015bmy pozna\u0107 nie tylko najwa\u017cniejsze miejsca biblijne, ale r\u00f3wnie\u017c te mniej znane zak\u0105tki, kt\u00f3re skrywaj\u0105 fascynuj\u0105ce historie. Podczas spotkania obejrzeli\u015bmy r\u00f3wnie\u017c poruszaj\u0105cy film pt. \u201eNiesiemy nadziej\u0119 &#8211; Dom Pokoju w Betlejem&#8221;, kt\u00f3ry przybli\u017cy\u0142 nam misj\u0119 si\u00f3str el\u017cbietanek nios\u0105cych wsparcie dzieciom w trudnej sytuacji \u017cyciowej. Film ukaza\u0142 nie tylko wyzwania codziennego \u017cycia w Ziemi \u015awi\u0119tej, ale r\u00f3wnie\u017c pi\u0119kno ludzkiej solidarno\u015bci i nadziei, kt\u00f3r\u0105 mo\u017cna odnale\u017a\u0107 nawet w najtrudniejszych warunkach.<\/p><p>W\u0119dr\u00f3wka po Ziemi \u015awi\u0119tej by\u0142a niezwyk\u0142ym do\u015bwiadczeniem, pozwalaj\u0105cym nie tylko lepiej pozna\u0107 histori\u0119 tego regionu, ale tak\u017ce dostrzec jego wsp\u00f3\u0142czesne wyzwania i codzienno\u015b\u0107 mieszka\u0144c\u00f3w. Wiele os\u00f3b podkre\u015bla\u0142o, \u017ce prelekcja sk\u0142oni\u0142a ich do refleksji nad znaczeniem tego miejsca, jego wp\u0142ywem na kultur\u0119 i duchowo\u015b\u0107 oraz nad w\u0142asnymi prze\u017cyciami zwi\u0105zanymi z podr\u00f3\u017cami i odkrywaniem nowych kultur.<\/p><p>Dzi\u0119kujemy wszystkim uczestnikom za obecno\u015b\u0107, zaanga\u017cowanie oraz inspiruj\u0105ce rozmowy, kt\u00f3re towarzyszy\u0142y temu spotkaniu!<\/p><p>Obszar, kt\u00f3ry nazywamy Ziemi\u0105 \u015awi\u0119t\u0105, le\u017cy na terenie tzw. \u017byznego P\u00f3\u0142ksi\u0119\u017cyca lub inaczej Z\u0142otego Rogu. To pas Ziemi ci\u0105gn\u0105cy si\u0119 od Egiptu po Mezopotami\u0119, obejmuj\u0105cy Zatok\u0119 Persk\u0105, Syri\u0119, Irak, Jordani\u0119, Liban, Palestyn\u0119 i Izrael, a\u017c po P\u00f3\u0142wysep Synaj w Egipcie. To ziemie, kt\u00f3re dzi\u0119ki swojemu po\u0142o\u017ceniu nad rzekami Eufrat, Tygrys i Jordan, sta\u0142y si\u0119 kolebk\u0105 staro\u017cytnych cywilizacji i miejscem, gdzie rozgrywaj\u0105 si\u0119 najwa\u017cniejsze wydarzenia opisane w Starym i Nowym Testamencie.<br \/>Ziemia \u015awi\u0119ta, Ziemia S\u0142owa, Pi\u0105ta Ewangelia, \u017byzny P\u00f3\u0142ksi\u0119\u017cyc, ale te\u017c tygiel kulturowy i religijny&#8230; Ka\u017cdy szuka tu innych wra\u017ce\u0144 i emocji&#8230; &#8222;<br \/>Zabierzemy Pa\u0144stwa na w\u0119dr\u00f3wk\u0119 po wycinku Ziemi \u015awi\u0119tej, \u017ceby &#8211; by\u0107 mo\u017ce &#8211; nowe pok\u0142ady emocji w Was obudzi\u0107.<\/p>\t\t\t\t\t\t\t\t<\/div>\n\t\t\t\t\t<\/div>\n\t\t\t\t<\/div>\n\t\t<div class=\"elementor-element elementor-element-8405b31 e-flex e-con-boxed e-con e-parent\" data-id=\"8405b31\" data-element_type=\"container\" data-e-type=\"container\">\n\t\t\t\t\t<div class=\"e-con-inner\">\n\t\t\t\t<div class=\"elementor-element elementor-element-df8e02c elementor-widget__width-initial elementor-widget-mobile__width-initial elementor-widget elementor-widget-image\" data-id=\"df8e02c\" data-element_type=\"widget\" data-e-type=\"widget\" data-widget_type=\"image.default\">\n\t\t\t\t\t\t\t\t\t\t\t\t\t\t\t<img loading=\"lazy\" decoding=\"async\" width=\"317\" height=\"432\" src=\"https:\/\/inzynier.rzeszow.pl\/wp-content\/uploads\/2026\/01\/D_Szwaja_25-2.jpg\" class=\"attachment-large size-large wp-image-2381\" alt=\"\" srcset=\"https:\/\/inzynier.rzeszow.pl\/wp-content\/uploads\/2026\/01\/D_Szwaja_25-2.jpg 317w, https:\/\/inzynier.rzeszow.pl\/wp-content\/uploads\/2026\/01\/D_Szwaja_25-2-220x300.jpg 220w\" sizes=\"(max-width: 317px) 100vw, 317px\" \/>\t\t\t\t\t\t\t\t\t\t\t\t\t\t\t<\/div>\n\t\t<div class=\"elementor-element elementor-element-7c826d3 e-con-full e-flex e-con e-child\" data-id=\"7c826d3\" data-element_type=\"container\" data-e-type=\"container\">\n\t\t\t\t<div class=\"elementor-element elementor-element-08a0eda elementor-widget elementor-widget-heading\" data-id=\"08a0eda\" data-element_type=\"widget\" data-e-type=\"widget\" data-widget_type=\"heading.default\">\n\t\t\t\t\t<h2 class=\"elementor-heading-title elementor-size-default\">\t\n \n\nDorota Szwaja<\/h2>\t\t\t\t<\/div>\n\t\t\t\t<div class=\"elementor-element elementor-element-3b1e229 elementor-widget elementor-widget-text-editor\" data-id=\"3b1e229\" data-element_type=\"widget\" data-e-type=\"widget\" data-widget_type=\"text-editor.default\">\n\t\t\t\t\t\t\t\t\t<p>Pilot i przewodniczka od 13 lat. Jej ulubione destynacje to te, gdzie poprzez r\u00f3\u017cnice mentalne, religijne i narodowo\u015bciowe ci\u0105gle zmienia si\u0119 struktura i historia spo\u0142ecze\u0144stw, czyli Bliski Wsch\u00f3d, Ba\u0142kany, i kraje by\u0142ego Zwi\u0105zku Radzieckiego.<br \/>W trakcie licznych podr\u00f3\u017cy z bardzo r\u00f3\u017cnymi lud\u017ami, odkry\u0142a w sobie jeszcze jedn\u0105 pasj\u0119. To fascynacja Bibli\u0105, jako ksi\u0119g\u0105 \u0142\u0105cz\u0105c\u0105 w jedno wszystkie zainteresowania, b\u0119d\u0105c jednocze\u015bnie najlepszym przewodnikiem po Ziemi \u015awi\u0119tej i po&#8230; \u017cyciu.<br \/>Podr\u00f3\u017ce s\u0105 dla niej paliwem nap\u0119dzaj\u0105cym do \u017cycia i do dzia\u0142ania.\u00a0 Kocha ludzi i w podr\u00f3\u017cy stara si\u0119 im przekaza\u0107 nie tylko swoj\u0105 wiedz\u0119, ale r\u00f3wnie\u017c pasj\u0119 i poczucie bezpiecze\u0144stwa.<\/p>\t\t\t\t\t\t\t\t<\/div>\n\t\t\t\t<\/div>\n\t\t\t\t\t<\/div>\n\t\t\t\t<\/div>\n\t\t<div class=\"elementor-element elementor-element-a9ec984 e-flex e-con-boxed e-con e-parent\" data-id=\"a9ec984\" data-element_type=\"container\" data-e-type=\"container\">\n\t\t\t\t\t<div class=\"e-con-inner\">\n\t\t<div class=\"elementor-element elementor-element-8718548 e-con-full e-flex e-con e-child\" data-id=\"8718548\" data-element_type=\"container\" data-e-type=\"container\">\n\t\t\t\t<div class=\"elementor-element elementor-element-1ba68a6 elementor-widget__width-inherit elementor-icon-list--layout-traditional elementor-list-item-link-full_width elementor-widget elementor-widget-icon-list\" data-id=\"1ba68a6\" data-element_type=\"widget\" data-e-type=\"widget\" data-widget_type=\"icon-list.default\">\n\t\t\t\t\t\t\t<ul class=\"elementor-icon-list-items\">\n\t\t\t\t\t\t\t<li class=\"elementor-icon-list-item\">\n\t\t\t\t\t\t\t\t\t\t\t<a href=\"https:\/\/erzeszow.pl\/41-miasto-rzeszow\/6241-kalendarz-imprez\/120063-galeria-integracyjna-pdk-oiib-dorota-szwaja-opowiesci-z-ziemi-swietej.html#docContentAkapit\" target=\"_blank\">\n\n\t\t\t\t\t\t\t\t\t\t\t\t<span class=\"elementor-icon-list-icon\">\n\t\t\t\t\t\t\t<svg aria-hidden=\"true\" class=\"e-font-icon-svg e-fas-arrow-circle-right\" viewBox=\"0 0 512 512\" xmlns=\"http:\/\/www.w3.org\/2000\/svg\"><path d=\"M256 8c137 0 248 111 248 248S393 504 256 504 8 393 8 256 119 8 256 8zm-28.9 143.6l75.5 72.4H120c-13.3 0-24 10.7-24 24v16c0 13.3 10.7 24 24 24h182.6l-75.5 72.4c-9.7 9.3-9.9 24.8-.4 34.3l11 10.9c9.4 9.4 24.6 9.4 33.9 0L404.3 273c9.4-9.4 9.4-24.6 0-33.9L271.6 106.3c-9.4-9.4-24.6-9.4-33.9 0l-11 10.9c-9.5 9.6-9.3 25.1.4 34.4z\"><\/path><\/svg>\t\t\t\t\t\t<\/span>\n\t\t\t\t\t\t\t\t\t\t<span class=\"elementor-icon-list-text\">Serwis informacyjny Urz\u0119du Miasta Rzeszowa - zaprasza do Galerii Integracyjnej<\/span>\n\t\t\t\t\t\t\t\t\t\t\t<\/a>\n\t\t\t\t\t\t\t\t\t<\/li>\n\t\t\t\t\t\t<\/ul>\n\t\t\t\t\t\t<\/div>\n\t\t<div class=\"elementor-element elementor-element-aa0d966 e-con-full e-flex e-con e-child\" data-id=\"aa0d966\" data-element_type=\"container\" data-e-type=\"container\">\n\t\t\t\t<div class=\"elementor-element elementor-element-8045668 elementor-widget elementor-widget-image\" data-id=\"8045668\" data-element_type=\"widget\" data-e-type=\"widget\" data-widget_type=\"image.default\">\n\t\t\t\t\t\t\t\t\t\t\t\t\t\t\t<img loading=\"lazy\" decoding=\"async\" width=\"736\" height=\"463\" src=\"https:\/\/inzynier.rzeszow.pl\/wp-content\/uploads\/2026\/01\/UM_Galerie-IN_marzec25.jpg\" class=\"attachment-large size-large wp-image-2137\" alt=\"\" srcset=\"https:\/\/inzynier.rzeszow.pl\/wp-content\/uploads\/2026\/01\/UM_Galerie-IN_marzec25.jpg 736w, https:\/\/inzynier.rzeszow.pl\/wp-content\/uploads\/2026\/01\/UM_Galerie-IN_marzec25-300x189.jpg 300w\" sizes=\"(max-width: 736px) 100vw, 736px\" \/>\t\t\t\t\t\t\t\t\t\t\t\t\t\t\t<\/div>\n\t\t\t\t<\/div>\n\t\t\t\t<\/div>\n\t\t<div class=\"elementor-element elementor-element-6205380 e-con-full e-flex e-con e-child\" data-id=\"6205380\" data-element_type=\"container\" data-e-type=\"container\">\n\t\t\t\t<div class=\"elementor-element elementor-element-4de7f75 elementor-widget__width-inherit elementor-icon-list--layout-traditional elementor-list-item-link-full_width elementor-widget elementor-widget-icon-list\" data-id=\"4de7f75\" data-element_type=\"widget\" data-e-type=\"widget\" data-widget_type=\"icon-list.default\">\n\t\t\t\t\t\t\t<ul class=\"elementor-icon-list-items\">\n\t\t\t\t\t\t\t<li class=\"elementor-icon-list-item\">\n\t\t\t\t\t\t\t\t\t\t\t<a href=\"http:\/\/ccounts.google.com\/AccountChooser?service=mail&#038;continue=https%3A%2F%2Fmail.google.com%2Fmail%2F&#038;flowName=GlifWebSignIn&#038;flowEntry=AccountChooser&#038;ec=asw-gmail-globalnav-signin\" target=\"_blank\">\n\n\t\t\t\t\t\t\t\t\t\t\t\t<span class=\"elementor-icon-list-icon\">\n\t\t\t\t\t\t\t<svg aria-hidden=\"true\" class=\"e-font-icon-svg e-fas-arrow-circle-right\" viewBox=\"0 0 512 512\" xmlns=\"http:\/\/www.w3.org\/2000\/svg\"><path d=\"M256 8c137 0 248 111 248 248S393 504 256 504 8 393 8 256 119 8 256 8zm-28.9 143.6l75.5 72.4H120c-13.3 0-24 10.7-24 24v16c0 13.3 10.7 24 24 24h182.6l-75.5 72.4c-9.7 9.3-9.9 24.8-.4 34.3l11 10.9c9.4 9.4 24.6 9.4 33.9 0L404.3 273c9.4-9.4 9.4-24.6 0-33.9L271.6 106.3c-9.4-9.4-24.6-9.4-33.9 0l-11 10.9c-9.5 9.6-9.3 25.1.4 34.4z\"><\/path><\/svg>\t\t\t\t\t\t<\/span>\n\t\t\t\t\t\t\t\t\t\t<span class=\"elementor-icon-list-text\">\tKultura w Rzeszowie - zaprasza do Galerii Integracyjnej<\/span>\n\t\t\t\t\t\t\t\t\t\t\t<\/a>\n\t\t\t\t\t\t\t\t\t<\/li>\n\t\t\t\t\t\t<\/ul>\n\t\t\t\t\t\t<\/div>\n\t\t<div class=\"elementor-element elementor-element-13a8a07 e-con-full e-flex e-con e-child\" data-id=\"13a8a07\" data-element_type=\"container\" data-e-type=\"container\">\n\t\t\t\t<div class=\"elementor-element elementor-element-db2c8d0 elementor-widget elementor-widget-image\" data-id=\"db2c8d0\" data-element_type=\"widget\" data-e-type=\"widget\" data-widget_type=\"image.default\">\n\t\t\t\t\t\t\t\t\t\t\t\t\t\t\t<img loading=\"lazy\" decoding=\"async\" width=\"1024\" height=\"683\" src=\"https:\/\/inzynier.rzeszow.pl\/wp-content\/uploads\/2026\/01\/news_szwaja25-1024x683.jpg\" class=\"attachment-large size-large wp-image-2138\" alt=\"\" srcset=\"https:\/\/inzynier.rzeszow.pl\/wp-content\/uploads\/2026\/01\/news_szwaja25-1024x683.jpg 1024w, https:\/\/inzynier.rzeszow.pl\/wp-content\/uploads\/2026\/01\/news_szwaja25-300x200.jpg 300w, https:\/\/inzynier.rzeszow.pl\/wp-content\/uploads\/2026\/01\/news_szwaja25-768x512.jpg 768w, https:\/\/inzynier.rzeszow.pl\/wp-content\/uploads\/2026\/01\/news_szwaja25.jpg 1200w\" sizes=\"(max-width: 1024px) 100vw, 1024px\" \/>\t\t\t\t\t\t\t\t\t\t\t\t\t\t\t<\/div>\n\t\t\t\t<\/div>\n\t\t\t\t<\/div>\n\t\t\t\t\t<\/div>\n\t\t\t\t<\/div>\n\t\t<div class=\"elementor-element elementor-element-74ef3ce e-flex e-con-boxed e-con e-parent\" data-id=\"74ef3ce\" data-element_type=\"container\" data-e-type=\"container\">\n\t\t\t\t\t<div class=\"e-con-inner\">\n\t\t\t\t<div class=\"elementor-element elementor-element-c65aa97 elementor-widget__width-inherit elementor-icon-list--layout-traditional elementor-list-item-link-full_width elementor-widget elementor-widget-icon-list\" data-id=\"c65aa97\" data-element_type=\"widget\" data-e-type=\"widget\" data-widget_type=\"icon-list.default\">\n\t\t\t\t\t\t\t<ul class=\"elementor-icon-list-items\">\n\t\t\t\t\t\t\t<li class=\"elementor-icon-list-item\">\n\t\t\t\t\t\t\t\t\t\t\t<a href=\"https:\/\/www.facebook.com\/PodkarpackaOIIB\/posts\/pfbid02biPLkJZw98Fo8uJVNac2RwBGYPhHjCEFYo9tGhsujvVbZEDeEb69xJ2Dc3rPcjprl\" target=\"_blank\">\n\n\t\t\t\t\t\t\t\t\t\t\t\t<span class=\"elementor-icon-list-icon\">\n\t\t\t\t\t\t\t<svg aria-hidden=\"true\" class=\"e-font-icon-svg e-fas-arrow-circle-right\" viewBox=\"0 0 512 512\" xmlns=\"http:\/\/www.w3.org\/2000\/svg\"><path d=\"M256 8c137 0 248 111 248 248S393 504 256 504 8 393 8 256 119 8 256 8zm-28.9 143.6l75.5 72.4H120c-13.3 0-24 10.7-24 24v16c0 13.3 10.7 24 24 24h182.6l-75.5 72.4c-9.7 9.3-9.9 24.8-.4 34.3l11 10.9c9.4 9.4 24.6 9.4 33.9 0L404.3 273c9.4-9.4 9.4-24.6 0-33.9L271.6 106.3c-9.4-9.4-24.6-9.4-33.9 0l-11 10.9c-9.5 9.6-9.3 25.1.4 34.4z\"><\/path><\/svg>\t\t\t\t\t\t<\/span>\n\t\t\t\t\t\t\t\t\t\t<span class=\"elementor-icon-list-text\">Galeria fotograficzna z Prelekcja w Galerii Integracyjnej - Dorota Szwaja - Opowie\u015bci z Ziemi \u015awi\u0119tej - 27.03.2025 r.<\/span>\n\t\t\t\t\t\t\t\t\t\t\t<\/a>\n\t\t\t\t\t\t\t\t\t<\/li>\n\t\t\t\t\t\t<\/ul>\n\t\t\t\t\t\t<\/div>\n\t\t\t\t\t<\/div>\n\t\t\t\t<\/div>\n\t\t<div class=\"elementor-element elementor-element-3a3ad4b e-flex e-con-boxed e-con e-parent\" data-id=\"3a3ad4b\" data-element_type=\"container\" data-e-type=\"container\">\n\t\t\t\t\t<div class=\"e-con-inner\">\n\t\t\t\t<div class=\"elementor-element elementor-element-26b59cf gallery-spacing-custom elementor-widget elementor-widget-image-gallery\" data-id=\"26b59cf\" data-element_type=\"widget\" data-e-type=\"widget\" data-widget_type=\"image-gallery.default\">\n\t\t\t\t\t\t\t<div class=\"elementor-image-gallery\">\n\t\t\t<div id='gallery-4' class='gallery galleryid-1187 gallery-columns-3 gallery-size-medium_large'><figure class='gallery-item'>\n\t\t\t<div class='gallery-icon landscape'>\n\t\t\t\t<a data-elementor-open-lightbox=\"yes\" data-elementor-lightbox-slideshow=\"26b59cf\" data-e-action-hash=\"#elementor-action%3Aaction%3Dlightbox%26settings%3DeyJpZCI6MjEzOSwidXJsIjoiaHR0cHM6XC9cL2luenluaWVyLnJ6ZXN6b3cucGxcL3dwLWNvbnRlbnRcL3VwbG9hZHNcLzIwMjZcLzAxXC8yMDI1LTAzLTI4X3ByZWxla2NqYV9vcG93aWVzY2ktMS5qcGciLCJzbGlkZXNob3ciOiIyNmI1OWNmIn0%3D\" href='https:\/\/inzynier.rzeszow.pl\/wp-content\/uploads\/2026\/01\/2025-03-28_prelekcja_opowiesci-1.jpg'><img loading=\"lazy\" decoding=\"async\" width=\"768\" height=\"510\" src=\"https:\/\/inzynier.rzeszow.pl\/wp-content\/uploads\/2026\/01\/2025-03-28_prelekcja_opowiesci-1-768x510.jpg\" class=\"attachment-medium_large size-medium_large\" alt=\"\" srcset=\"https:\/\/inzynier.rzeszow.pl\/wp-content\/uploads\/2026\/01\/2025-03-28_prelekcja_opowiesci-1-768x510.jpg 768w, https:\/\/inzynier.rzeszow.pl\/wp-content\/uploads\/2026\/01\/2025-03-28_prelekcja_opowiesci-1-300x199.jpg 300w, https:\/\/inzynier.rzeszow.pl\/wp-content\/uploads\/2026\/01\/2025-03-28_prelekcja_opowiesci-1-1024x680.jpg 1024w, https:\/\/inzynier.rzeszow.pl\/wp-content\/uploads\/2026\/01\/2025-03-28_prelekcja_opowiesci-1-1536x1020.jpg 1536w, https:\/\/inzynier.rzeszow.pl\/wp-content\/uploads\/2026\/01\/2025-03-28_prelekcja_opowiesci-1.jpg 2000w\" sizes=\"(max-width: 768px) 100vw, 768px\" \/><\/a>\n\t\t\t<\/div><\/figure><figure class='gallery-item'>\n\t\t\t<div class='gallery-icon landscape'>\n\t\t\t\t<a data-elementor-open-lightbox=\"yes\" data-elementor-lightbox-slideshow=\"26b59cf\" data-e-action-hash=\"#elementor-action%3Aaction%3Dlightbox%26settings%3DeyJpZCI6MjE0MCwidXJsIjoiaHR0cHM6XC9cL2luenluaWVyLnJ6ZXN6b3cucGxcL3dwLWNvbnRlbnRcL3VwbG9hZHNcLzIwMjZcLzAxXC8yMDI1LTAzLTI4X3ByZWxla2NqYV9vcG93aWVzY2ktMi5qcGciLCJzbGlkZXNob3ciOiIyNmI1OWNmIn0%3D\" href='https:\/\/inzynier.rzeszow.pl\/wp-content\/uploads\/2026\/01\/2025-03-28_prelekcja_opowiesci-2.jpg'><img loading=\"lazy\" decoding=\"async\" width=\"768\" height=\"510\" src=\"https:\/\/inzynier.rzeszow.pl\/wp-content\/uploads\/2026\/01\/2025-03-28_prelekcja_opowiesci-2-768x510.jpg\" class=\"attachment-medium_large size-medium_large\" alt=\"\" srcset=\"https:\/\/inzynier.rzeszow.pl\/wp-content\/uploads\/2026\/01\/2025-03-28_prelekcja_opowiesci-2-768x510.jpg 768w, https:\/\/inzynier.rzeszow.pl\/wp-content\/uploads\/2026\/01\/2025-03-28_prelekcja_opowiesci-2-300x199.jpg 300w, https:\/\/inzynier.rzeszow.pl\/wp-content\/uploads\/2026\/01\/2025-03-28_prelekcja_opowiesci-2-1024x680.jpg 1024w, https:\/\/inzynier.rzeszow.pl\/wp-content\/uploads\/2026\/01\/2025-03-28_prelekcja_opowiesci-2-1536x1020.jpg 1536w, https:\/\/inzynier.rzeszow.pl\/wp-content\/uploads\/2026\/01\/2025-03-28_prelekcja_opowiesci-2.jpg 2000w\" sizes=\"(max-width: 768px) 100vw, 768px\" \/><\/a>\n\t\t\t<\/div><\/figure><figure class='gallery-item'>\n\t\t\t<div class='gallery-icon landscape'>\n\t\t\t\t<a data-elementor-open-lightbox=\"yes\" data-elementor-lightbox-slideshow=\"26b59cf\" data-e-action-hash=\"#elementor-action%3Aaction%3Dlightbox%26settings%3DeyJpZCI6MjE0MSwidXJsIjoiaHR0cHM6XC9cL2luenluaWVyLnJ6ZXN6b3cucGxcL3dwLWNvbnRlbnRcL3VwbG9hZHNcLzIwMjZcLzAxXC8yMDI1LTAzLTI4X3ByZWxla2NqYV9vcG93aWVzY2ktNC5qcGciLCJzbGlkZXNob3ciOiIyNmI1OWNmIn0%3D\" href='https:\/\/inzynier.rzeszow.pl\/wp-content\/uploads\/2026\/01\/2025-03-28_prelekcja_opowiesci-4.jpg'><img loading=\"lazy\" decoding=\"async\" width=\"768\" height=\"510\" src=\"https:\/\/inzynier.rzeszow.pl\/wp-content\/uploads\/2026\/01\/2025-03-28_prelekcja_opowiesci-4-768x510.jpg\" class=\"attachment-medium_large size-medium_large\" alt=\"\" srcset=\"https:\/\/inzynier.rzeszow.pl\/wp-content\/uploads\/2026\/01\/2025-03-28_prelekcja_opowiesci-4-768x510.jpg 768w, https:\/\/inzynier.rzeszow.pl\/wp-content\/uploads\/2026\/01\/2025-03-28_prelekcja_opowiesci-4-300x199.jpg 300w, https:\/\/inzynier.rzeszow.pl\/wp-content\/uploads\/2026\/01\/2025-03-28_prelekcja_opowiesci-4-1024x680.jpg 1024w, https:\/\/inzynier.rzeszow.pl\/wp-content\/uploads\/2026\/01\/2025-03-28_prelekcja_opowiesci-4-1536x1020.jpg 1536w, https:\/\/inzynier.rzeszow.pl\/wp-content\/uploads\/2026\/01\/2025-03-28_prelekcja_opowiesci-4.jpg 2000w\" sizes=\"(max-width: 768px) 100vw, 768px\" \/><\/a>\n\t\t\t<\/div><\/figure><figure class='gallery-item'>\n\t\t\t<div class='gallery-icon landscape'>\n\t\t\t\t<a data-elementor-open-lightbox=\"yes\" data-elementor-lightbox-slideshow=\"26b59cf\" data-e-action-hash=\"#elementor-action%3Aaction%3Dlightbox%26settings%3DeyJpZCI6MjE0MiwidXJsIjoiaHR0cHM6XC9cL2luenluaWVyLnJ6ZXN6b3cucGxcL3dwLWNvbnRlbnRcL3VwbG9hZHNcLzIwMjZcLzAxXC8yMDI1LTAzLTI4X3ByZWxla2NqYV9vcG93aWVzY2ktMy5qcGciLCJzbGlkZXNob3ciOiIyNmI1OWNmIn0%3D\" href='https:\/\/inzynier.rzeszow.pl\/wp-content\/uploads\/2026\/01\/2025-03-28_prelekcja_opowiesci-3.jpg'><img loading=\"lazy\" decoding=\"async\" width=\"768\" height=\"510\" src=\"https:\/\/inzynier.rzeszow.pl\/wp-content\/uploads\/2026\/01\/2025-03-28_prelekcja_opowiesci-3-768x510.jpg\" class=\"attachment-medium_large size-medium_large\" alt=\"\" srcset=\"https:\/\/inzynier.rzeszow.pl\/wp-content\/uploads\/2026\/01\/2025-03-28_prelekcja_opowiesci-3-768x510.jpg 768w, https:\/\/inzynier.rzeszow.pl\/wp-content\/uploads\/2026\/01\/2025-03-28_prelekcja_opowiesci-3-300x199.jpg 300w, https:\/\/inzynier.rzeszow.pl\/wp-content\/uploads\/2026\/01\/2025-03-28_prelekcja_opowiesci-3-1024x680.jpg 1024w, https:\/\/inzynier.rzeszow.pl\/wp-content\/uploads\/2026\/01\/2025-03-28_prelekcja_opowiesci-3-1536x1020.jpg 1536w, https:\/\/inzynier.rzeszow.pl\/wp-content\/uploads\/2026\/01\/2025-03-28_prelekcja_opowiesci-3.jpg 2000w\" sizes=\"(max-width: 768px) 100vw, 768px\" \/><\/a>\n\t\t\t<\/div><\/figure><figure class='gallery-item'>\n\t\t\t<div class='gallery-icon landscape'>\n\t\t\t\t<a data-elementor-open-lightbox=\"yes\" data-elementor-lightbox-slideshow=\"26b59cf\" data-e-action-hash=\"#elementor-action%3Aaction%3Dlightbox%26settings%3DeyJpZCI6MjE0MywidXJsIjoiaHR0cHM6XC9cL2luenluaWVyLnJ6ZXN6b3cucGxcL3dwLWNvbnRlbnRcL3VwbG9hZHNcLzIwMjZcLzAxXC8yMDI1LTAzLTI4X3ByZWxla2NqYV9vcG93aWVzY2ktNy5qcGciLCJzbGlkZXNob3ciOiIyNmI1OWNmIn0%3D\" href='https:\/\/inzynier.rzeszow.pl\/wp-content\/uploads\/2026\/01\/2025-03-28_prelekcja_opowiesci-7.jpg'><img loading=\"lazy\" decoding=\"async\" width=\"768\" height=\"510\" src=\"https:\/\/inzynier.rzeszow.pl\/wp-content\/uploads\/2026\/01\/2025-03-28_prelekcja_opowiesci-7-768x510.jpg\" class=\"attachment-medium_large size-medium_large\" alt=\"\" srcset=\"https:\/\/inzynier.rzeszow.pl\/wp-content\/uploads\/2026\/01\/2025-03-28_prelekcja_opowiesci-7-768x510.jpg 768w, https:\/\/inzynier.rzeszow.pl\/wp-content\/uploads\/2026\/01\/2025-03-28_prelekcja_opowiesci-7-300x199.jpg 300w, https:\/\/inzynier.rzeszow.pl\/wp-content\/uploads\/2026\/01\/2025-03-28_prelekcja_opowiesci-7-1024x680.jpg 1024w, https:\/\/inzynier.rzeszow.pl\/wp-content\/uploads\/2026\/01\/2025-03-28_prelekcja_opowiesci-7-1536x1020.jpg 1536w, https:\/\/inzynier.rzeszow.pl\/wp-content\/uploads\/2026\/01\/2025-03-28_prelekcja_opowiesci-7.jpg 2000w\" sizes=\"(max-width: 768px) 100vw, 768px\" \/><\/a>\n\t\t\t<\/div><\/figure><figure class='gallery-item'>\n\t\t\t<div class='gallery-icon landscape'>\n\t\t\t\t<a data-elementor-open-lightbox=\"yes\" data-elementor-lightbox-slideshow=\"26b59cf\" data-e-action-hash=\"#elementor-action%3Aaction%3Dlightbox%26settings%3DeyJpZCI6MjE0NCwidXJsIjoiaHR0cHM6XC9cL2luenluaWVyLnJ6ZXN6b3cucGxcL3dwLWNvbnRlbnRcL3VwbG9hZHNcLzIwMjZcLzAxXC8yMDI1LTAzLTI4X3ByZWxla2NqYV9vcG93aWVzY2ktNi5qcGciLCJzbGlkZXNob3ciOiIyNmI1OWNmIn0%3D\" href='https:\/\/inzynier.rzeszow.pl\/wp-content\/uploads\/2026\/01\/2025-03-28_prelekcja_opowiesci-6.jpg'><img loading=\"lazy\" decoding=\"async\" width=\"768\" height=\"510\" src=\"https:\/\/inzynier.rzeszow.pl\/wp-content\/uploads\/2026\/01\/2025-03-28_prelekcja_opowiesci-6-768x510.jpg\" class=\"attachment-medium_large size-medium_large\" alt=\"\" srcset=\"https:\/\/inzynier.rzeszow.pl\/wp-content\/uploads\/2026\/01\/2025-03-28_prelekcja_opowiesci-6-768x510.jpg 768w, https:\/\/inzynier.rzeszow.pl\/wp-content\/uploads\/2026\/01\/2025-03-28_prelekcja_opowiesci-6-300x199.jpg 300w, https:\/\/inzynier.rzeszow.pl\/wp-content\/uploads\/2026\/01\/2025-03-28_prelekcja_opowiesci-6-1024x680.jpg 1024w, https:\/\/inzynier.rzeszow.pl\/wp-content\/uploads\/2026\/01\/2025-03-28_prelekcja_opowiesci-6-1536x1020.jpg 1536w, https:\/\/inzynier.rzeszow.pl\/wp-content\/uploads\/2026\/01\/2025-03-28_prelekcja_opowiesci-6.jpg 2000w\" sizes=\"(max-width: 768px) 100vw, 768px\" \/><\/a>\n\t\t\t<\/div><\/figure>\n\t\t<\/div>\n\t\t<\/div>\n\t\t\t\t\t\t<\/div>\n\t\t\t\t\t<\/div>\n\t\t\t\t<\/div>\n\t\t<div class=\"elementor-element elementor-element-2028c84 e-flex e-con-boxed e-con e-parent\" data-id=\"2028c84\" data-element_type=\"container\" data-e-type=\"container\">\n\t\t\t\t\t<div class=\"e-con-inner\">\n\t\t\t\t<div class=\"elementor-element elementor-element-cc32ead elementor-widget elementor-widget-text-editor\" data-id=\"cc32ead\" data-element_type=\"widget\" data-e-type=\"widget\" data-widget_type=\"text-editor.default\">\n\t\t\t\t\t\t\t\t\t<div align=\"right\"><span class=\"x4k7w5x x1h91t0o x1h9r5lt xv2umb2 x1beo9mf xaigb6o x12ejxvf x3igimt xarpa2k xedcshv x1lytzrv x1t2pt76 x7ja8zs x1qrby5j x1jfb8zj\">Galeria Integracyjna PDK OIIB czynna jest<\/span><\/div><div align=\"right\"><span class=\"x4k7w5x x1h91t0o x1h9r5lt xv2umb2 x1beo9mf xaigb6o x12ejxvf x3igimt xarpa2k xedcshv x1lytzrv x1t2pt76 x7ja8zs x1qrby5j x1jfb8zj\">dla zwiedzaj\u0105cych w godzinach pracy biura PDK OIIB<\/span><\/div><div align=\"right\"><span class=\"x4k7w5x x1h91t0o x1h9r5lt xv2umb2 x1beo9mf xaigb6o x12ejxvf x3igimt xarpa2k xedcshv x1lytzrv x1t2pt76 x7ja8zs x1qrby5j x1jfb8zj\">lub po wcze\u015bniejszym um\u00f3wieniu telefonicznym.<\/span><\/div>\t\t\t\t\t\t\t\t<\/div>\n\t\t\t\t\t<\/div>\n\t\t\t\t<\/div>\n\t\t<div class=\"elementor-element elementor-element-6d769dd e-flex e-con-boxed e-con e-parent\" data-id=\"6d769dd\" data-element_type=\"container\" data-e-type=\"container\">\n\t\t\t\t\t<div class=\"e-con-inner\">\n\t\t<div class=\"elementor-element elementor-element-ef8b684 e-con-full e-flex e-con e-child\" data-id=\"ef8b684\" data-element_type=\"container\" data-e-type=\"container\">\n\t\t<div class=\"elementor-element elementor-element-1998c13 e-con-full e-flex e-con e-child\" data-id=\"1998c13\" data-element_type=\"container\" data-e-type=\"container\">\n\t\t<div class=\"elementor-element elementor-element-1856c7d e-con-full e-flex e-con e-child\" data-id=\"1856c7d\" data-element_type=\"container\" data-e-type=\"container\">\n\t\t<div class=\"elementor-element elementor-element-e3026e0 e-con-full e-flex e-con e-child\" data-id=\"e3026e0\" data-element_type=\"container\" data-e-type=\"container\" data-settings=\"{&quot;background_background&quot;:&quot;classic&quot;}\">\n\t\t\t\t<div class=\"elementor-element elementor-element-7768efe elementor-widget elementor-widget-heading\" data-id=\"7768efe\" data-element_type=\"widget\" data-e-type=\"widget\" data-widget_type=\"heading.default\">\n\t\t\t\t\t<h1 class=\"elementor-heading-title elementor-size-default\">Galeria Integracyjna - Sylwester Stabry\u0142a - Istota Ludzka - 22.01.2025 r.<\/h1>\t\t\t\t<\/div>\n\t\t\t\t<\/div>\n\t\t<div class=\"elementor-element elementor-element-6c35548 e-con-full e-flex e-con e-child\" data-id=\"6c35548\" data-element_type=\"container\" data-e-type=\"container\">\n\t\t<div class=\"elementor-element elementor-element-2f5afae e-con-full e-flex e-con e-child\" data-id=\"2f5afae\" data-element_type=\"container\" data-e-type=\"container\">\n\t\t\t\t<div class=\"elementor-element elementor-element-ca01631 elementor-widget elementor-widget-text-editor\" data-id=\"ca01631\" data-element_type=\"widget\" data-e-type=\"widget\" data-widget_type=\"text-editor.default\">\n\t\t\t\t\t\t\t\t\t<p>W dniu 22 stycznia 2025 r. o godzinie 18.00 odby\u0142 si\u0119 wernisa\u017c i uroczyste otwarcie wystawy malarstwa Sylwestra Stabry\u0142y zatytu\u0142owanej Istota Ludzka w artystycznej Galerii Integracyjnej w siedzibie Podkarpackiej Okr\u0119gowej Izby In\u017cynier\u00f3w Budownictwa w Rzeszowie, ul. Krakowska 289.<\/p><p>Przyby\u0142ych go\u015bci powita\u0142 przewodnicz\u0105cy OR PDK OIIB Grzegorz Dubik, a kurator wystawy dr hab. Anna Baran, wprowadzi\u0142a uczestnik\u00f3w w \u015bwiat tw\u00f3rczo\u015bci artysty. Z okazji wydarzenia na r\u0119ce przewodnicz\u0105cego wp\u0142yn\u0105\u0142 list gratulacyjny od Wojewody Podkarpackiego wyra\u017caj\u0105cy uznanie dla inicjatywy. W uroczysto\u015bci uczestniczy\u0142a tak\u017ce sekretarz OR PDK OIIB Liliana Serafin. \u201eArtyst\u00f3w od zawsze inspiruje cz\u0142owiek &#8211; jego duchowo\u015b\u0107, uczucia, emocje, wyra\u017cone wprost przez mimik\u0119, gesty, spojrzenia. To w\u0142a\u015bnie przykuwa uwag\u0119 Sylwestra. Cz\u0142owiek z wymown\u0105 cielesno\u015bci\u0105 dominuje na jego p\u0142\u00f3tnach, o nieokre\u015blonej, jakby nic nieznacz\u0105cej przestrzeni, wyczyszczonych ze zb\u0119dnego sztafa\u017cu i z naturalistycznego koloru. W pierwszym odczuciu stajemy nie tyle przed konkretnymi osobami, co przed czyst\u0105 emocj\u0105, w kt\u00f3r\u0105 do\u015b\u0107 \u0142atwo si\u0119 wczu\u0107. By\u0107 mo\u017ce dlatego, \u017ce mimo odmienno\u015bci, jako ludzie tak bardzo si\u0119 zn\u00f3w nie r\u00f3\u017cnimy.&#8221;<\/p>\t\t\t\t\t\t\t\t<\/div>\n\t\t\t\t<\/div>\n\t\t<div class=\"elementor-element elementor-element-695b4d1 e-con-full e-flex e-con e-child\" data-id=\"695b4d1\" data-element_type=\"container\" data-e-type=\"container\">\n\t\t\t\t<div class=\"elementor-element elementor-element-420833c elementor-widget elementor-widget-image\" data-id=\"420833c\" data-element_type=\"widget\" data-e-type=\"widget\" data-widget_type=\"image.default\">\n\t\t\t\t\t\t\t\t\t\t\t\t\t\t\t<img loading=\"lazy\" decoding=\"async\" width=\"1024\" height=\"546\" src=\"https:\/\/inzynier.rzeszow.pl\/wp-content\/uploads\/2026\/01\/Stabryla_wystawa_25t-1024x546.jpg\" class=\"attachment-large size-large wp-image-2145\" alt=\"\" srcset=\"https:\/\/inzynier.rzeszow.pl\/wp-content\/uploads\/2026\/01\/Stabryla_wystawa_25t-1024x546.jpg 1024w, https:\/\/inzynier.rzeszow.pl\/wp-content\/uploads\/2026\/01\/Stabryla_wystawa_25t-300x160.jpg 300w, https:\/\/inzynier.rzeszow.pl\/wp-content\/uploads\/2026\/01\/Stabryla_wystawa_25t-768x410.jpg 768w, https:\/\/inzynier.rzeszow.pl\/wp-content\/uploads\/2026\/01\/Stabryla_wystawa_25t.jpg 1200w\" sizes=\"(max-width: 1024px) 100vw, 1024px\" \/>\t\t\t\t\t\t\t\t\t\t\t\t\t\t\t<\/div>\n\t\t\t\t<\/div>\n\t\t\t\t<\/div>\n\t\t\t\t<\/div>\n\t\t\t\t<\/div>\n\t\t\t\t<\/div>\n\t\t\t\t\t<\/div>\n\t\t\t\t<\/div>\n\t\t<div class=\"elementor-element elementor-element-7aa4691 e-flex e-con-boxed e-con e-parent\" data-id=\"7aa4691\" data-element_type=\"container\" data-e-type=\"container\">\n\t\t\t\t\t<div class=\"e-con-inner\">\n\t\t<div class=\"elementor-element elementor-element-6c1b862 e-con-full e-flex e-con e-child\" data-id=\"6c1b862\" data-element_type=\"container\" data-e-type=\"container\">\n\t\t<div class=\"elementor-element elementor-element-d17da78 e-con-full e-flex e-con e-child\" data-id=\"d17da78\" data-element_type=\"container\" data-e-type=\"container\">\n\t\t\t\t<div class=\"elementor-element elementor-element-12f5115 elementor-widget elementor-widget-text-editor\" data-id=\"12f5115\" data-element_type=\"widget\" data-e-type=\"widget\" data-widget_type=\"text-editor.default\">\n\t\t\t\t\t\t\t\t\t<p style=\"text-align: right;\">Justyna Gonga\u0142a<\/p>\t\t\t\t\t\t\t\t<\/div>\n\t\t\t\t<\/div>\n\t\t<div class=\"elementor-element elementor-element-9502dca e-con-full e-flex e-con e-child\" data-id=\"9502dca\" data-element_type=\"container\" data-e-type=\"container\">\n\t\t\t\t<div class=\"elementor-element elementor-element-2c1c3b5 elementor-widget elementor-widget-text-editor\" data-id=\"2c1c3b5\" data-element_type=\"widget\" data-e-type=\"widget\" data-widget_type=\"text-editor.default\">\n\t\t\t\t\t\t\t\t\t<p><em>\u201e&#8230;. portretuj\u0105c konkretne osoby, Stabry\u0142a skupia si\u0119 na wydobywaniu z nich cech i warto\u015bci uniwersalnych. Wra\u017cenie tej typizacji wzmaga ujednolicona stylistyka poszczeg\u00f3lnych prac, monochromatyczna paleta barw i powtarzaj\u0105ca si\u0119 kompozycja. Towarzysz\u0105ce postaciom rekwizyty nie s\u0105 przypadkowe, ale pe\u0142ni\u0105 funkcj\u0119 mniej lub bardziej czytelnych symboli. Cz\u0142owiek z konkretnym atrybutem odgrywa tu rol\u0119 alegorii walki, sprawiedliwo\u015bci, wolno\u015bci, niewoli czy strachu oraz wielu innych, cz\u0119sto niejednoznacznych odczu\u0107. Ich interpretacj\u0119 determinuje z reszt\u0105 szerokie spectrum inspiracji artysty &#8211; czerpanych z otaczaj\u0105cej go rzeczywisto\u015bci &#8211; w tym szeroko poj\u0119tej kultury: film\u00f3w, ba\u015bni, mit\u00f3w.&#8221;<\/em><\/p>\t\t\t\t\t\t\t\t<\/div>\n\t\t\t\t<\/div>\n\t\t<div class=\"elementor-element elementor-element-0317dd7 e-con-full e-flex e-con e-child\" data-id=\"0317dd7\" data-element_type=\"container\" data-e-type=\"container\">\n\t\t\t\t<div class=\"elementor-element elementor-element-4cd270c elementor-widget elementor-widget-text-editor\" data-id=\"4cd270c\" data-element_type=\"widget\" data-e-type=\"widget\" data-widget_type=\"text-editor.default\">\n\t\t\t\t\t\t\t\t\t<p style=\"text-align: right;\"><em>Justyna Gonga\u0142a<\/em><\/p>\t\t\t\t\t\t\t\t<\/div>\n\t\t\t\t<\/div>\n\t\t<div class=\"elementor-element elementor-element-9d78b3a e-con-full e-flex e-con e-child\" data-id=\"9d78b3a\" data-element_type=\"container\" data-e-type=\"container\">\n\t\t\t\t<div class=\"elementor-element elementor-element-78fe215 elementor-widget elementor-widget-text-editor\" data-id=\"78fe215\" data-element_type=\"widget\" data-e-type=\"widget\" data-widget_type=\"text-editor.default\">\n\t\t\t\t\t\t\t\t\t<p><em>\u201eTropi\u0105c rzeczywisto\u015b\u0107 odnajduj\u0119 nierealny \u015bwiat. Staram si\u0119 opowiada\u0107 o prawdach uniwersalnych, ideach, cz\u0142owieku i jego kondycji w spos\u00f3b prosty i szczery. Pokazywa\u0107 \u015bwiat, kt\u00f3ry znajduje si\u0119 gdzie\u015b bardzo daleko, a jednocze\u015bnie blisko nas. Czynnikiem do powstania obrazu mo\u017ce sta\u0107 si\u0119 prawie wszystko: rozmowa z kim\u015b bliskim, charakterystyczne rysy twarzy znajomego, historia kt\u00f3ra mia\u0142a miejsce tu\u017c \u201eza rogiem&#8221;, pewna poza modela, gest postaci lub zwyk\u0142y przedmiot codziennego u\u017cytku.&#8221;<\/em><\/p>\t\t\t\t\t\t\t\t<\/div>\n\t\t<div class=\"elementor-element elementor-element-24dd9d8 e-con-full e-flex e-con e-child\" data-id=\"24dd9d8\" data-element_type=\"container\" data-e-type=\"container\">\n\t\t\t\t<div class=\"elementor-element elementor-element-4965642 elementor-widget elementor-widget-text-editor\" data-id=\"4965642\" data-element_type=\"widget\" data-e-type=\"widget\" data-widget_type=\"text-editor.default\">\n\t\t\t\t\t\t\t\t\t<p style=\"text-align: right;\">Sylwester Stabry\u0142a<\/p>\t\t\t\t\t\t\t\t<\/div>\n\t\t\t\t<\/div>\n\t\t\t\t<\/div>\n\t\t\t\t<\/div>\n\t\t\t\t\t<\/div>\n\t\t\t\t<\/div>\n\t\t<div class=\"elementor-element elementor-element-a6791da e-flex e-con-boxed e-con e-parent\" data-id=\"a6791da\" data-element_type=\"container\" data-e-type=\"container\">\n\t\t\t\t\t<div class=\"e-con-inner\">\n\t\t<div class=\"elementor-element elementor-element-ff9d4d9 e-con-full e-flex e-con e-child\" data-id=\"ff9d4d9\" data-element_type=\"container\" data-e-type=\"container\">\n\t\t<div class=\"elementor-element elementor-element-d742ed1 e-con-full e-flex e-con e-child\" data-id=\"d742ed1\" data-element_type=\"container\" data-e-type=\"container\">\n\t\t\t\t<div class=\"elementor-element elementor-element-2c50800 elementor-widget elementor-widget-image\" data-id=\"2c50800\" data-element_type=\"widget\" data-e-type=\"widget\" data-widget_type=\"image.default\">\n\t\t\t\t\t\t\t\t\t\t\t\t\t\t\t<img loading=\"lazy\" decoding=\"async\" width=\"267\" height=\"400\" src=\"https:\/\/inzynier.rzeszow.pl\/wp-content\/uploads\/2026\/01\/gal_int_stabryla_24.jpg\" class=\"attachment-large size-large wp-image-2146\" alt=\"\" srcset=\"https:\/\/inzynier.rzeszow.pl\/wp-content\/uploads\/2026\/01\/gal_int_stabryla_24.jpg 267w, https:\/\/inzynier.rzeszow.pl\/wp-content\/uploads\/2026\/01\/gal_int_stabryla_24-200x300.jpg 200w\" sizes=\"(max-width: 267px) 100vw, 267px\" \/>\t\t\t\t\t\t\t\t\t\t\t\t\t\t\t<\/div>\n\t\t\t\t<\/div>\n\t\t<div class=\"elementor-element elementor-element-e230003 e-con-full e-flex e-con e-child\" data-id=\"e230003\" data-element_type=\"container\" data-e-type=\"container\">\n\t\t\t\t<div class=\"elementor-element elementor-element-1e548fa elementor-widget elementor-widget-heading\" data-id=\"1e548fa\" data-element_type=\"widget\" data-e-type=\"widget\" data-widget_type=\"heading.default\">\n\t\t\t\t\t<h2 class=\"elementor-heading-title elementor-size-default\">Sylwester Stabry\u0142a<\/h2>\t\t\t\t<\/div>\n\t\t\t\t<div class=\"elementor-element elementor-element-3641f19 elementor-widget elementor-widget-text-editor\" data-id=\"3641f19\" data-element_type=\"widget\" data-e-type=\"widget\" data-widget_type=\"text-editor.default\">\n\t\t\t\t\t\t\t\t\t<p>Absolwent Wydzia\u0142u Sztuki Uniwersytetu Technologiczno &#8211; Humanistycznego\u00a0 im. Kazimierza Pu\u0142awskiego w Radomiu. Rok uko\u0144czenia &#8211; 2002. Dyplom z malarstwa &#8211; prof. Andrzej Gieraga, aneks z grafiki &#8211; prof. Krzysztof Wyzner.\u00a0Zajmuje si\u0119 malarstwem, grafik\u0105, rysunkiem. Autor prac formuj\u0105cych si\u0119 w obszerniejsze cykle : \u201eTrue Story&#8221; , \u201eSearching for Reality&#8221;, \u201e Raj Utracony&#8221;, \u201eDuzi Ch\u0142opcy&#8221;, \u201eDom dla kuracjuszek&#8221;, \u201ePrzed burz\u0105&#8221;, \u201eKamufla\u017c&#8221;. Uczestnik wielu wystaw\u00a0 w kraju i za granic\u0105, zdobywca nagr\u00f3d i wyr\u00f3\u017cnie\u0144. Finalista 43 Biennale Malarstwa Bielska Jesie\u0144.\u00a0 Laureat Festiwalu Polskiego Malarstwa Wsp\u00f3\u0142czesnego. Zdobywca Grand Prix \u201eGenius Saeculi&#8221; w ho\u0142dzie Magdalenie Abakanowicz\u00a0 oraz Grand Prix w Og\u00f3lnopolskim Konkursie \u201eMateria Medicinalis, Materia Artificialis&#8221;. Nagroda Miasta Sanoka za szczeg\u00f3lne osi\u0105gni\u0119cia w dziedzinie \u201eKultura i Sztuka&#8221;. Stypendium MKiDN za projekt &#8222;Ikonostas&#8221;. Czynny udzia\u0142 w sympozjach i plenerach malarskich.<\/p>\t\t\t\t\t\t\t\t<\/div>\n\t\t\t\t<\/div>\n\t\t\t\t<\/div>\n\t\t\t\t\t<\/div>\n\t\t\t\t<\/div>\n\t\t<div class=\"elementor-element elementor-element-24ceaa4 e-flex e-con-boxed e-con e-parent\" data-id=\"24ceaa4\" data-element_type=\"container\" data-e-type=\"container\">\n\t\t\t\t\t<div class=\"e-con-inner\">\n\t\t<div class=\"elementor-element elementor-element-858eb0e e-con-full e-flex e-con e-child\" data-id=\"858eb0e\" data-element_type=\"container\" data-e-type=\"container\">\n\t\t<div class=\"elementor-element elementor-element-4151efc e-con-full e-flex e-con e-child\" data-id=\"4151efc\" data-element_type=\"container\" data-e-type=\"container\">\n\t\t\t\t<div class=\"elementor-element elementor-element-e12cda4 elementor-widget__width-inherit elementor-icon-list--layout-traditional elementor-list-item-link-full_width elementor-widget elementor-widget-icon-list\" data-id=\"e12cda4\" data-element_type=\"widget\" data-e-type=\"widget\" data-widget_type=\"icon-list.default\">\n\t\t\t\t\t\t\t<ul class=\"elementor-icon-list-items\">\n\t\t\t\t\t\t\t<li class=\"elementor-icon-list-item\">\n\t\t\t\t\t\t\t\t\t\t\t<a href=\"https:\/\/erzeszow.pl\/41-miasto-rzeszow\/6241-kalendarz-imprez.html#tresc\" target=\"_blank\">\n\n\t\t\t\t\t\t\t\t\t\t\t\t<span class=\"elementor-icon-list-icon\">\n\t\t\t\t\t\t\t<svg aria-hidden=\"true\" class=\"e-font-icon-svg e-fas-arrow-circle-right\" viewBox=\"0 0 512 512\" xmlns=\"http:\/\/www.w3.org\/2000\/svg\"><path d=\"M256 8c137 0 248 111 248 248S393 504 256 504 8 393 8 256 119 8 256 8zm-28.9 143.6l75.5 72.4H120c-13.3 0-24 10.7-24 24v16c0 13.3 10.7 24 24 24h182.6l-75.5 72.4c-9.7 9.3-9.9 24.8-.4 34.3l11 10.9c9.4 9.4 24.6 9.4 33.9 0L404.3 273c9.4-9.4 9.4-24.6 0-33.9L271.6 106.3c-9.4-9.4-24.6-9.4-33.9 0l-11 10.9c-9.5 9.6-9.3 25.1.4 34.4z\"><\/path><\/svg>\t\t\t\t\t\t<\/span>\n\t\t\t\t\t\t\t\t\t\t<span class=\"elementor-icon-list-text\">Serwis informacyjny Urz\u0119du Miasta Rzeszowa - zaprasza do Galerii Integracyjnej<\/span>\n\t\t\t\t\t\t\t\t\t\t\t<\/a>\n\t\t\t\t\t\t\t\t\t<\/li>\n\t\t\t\t\t\t<\/ul>\n\t\t\t\t\t\t<\/div>\n\t\t<div class=\"elementor-element elementor-element-1c0ddf7 e-con-full e-flex e-con e-child\" data-id=\"1c0ddf7\" data-element_type=\"container\" data-e-type=\"container\">\n\t\t\t\t<div class=\"elementor-element elementor-element-bfe6f48 elementor-widget elementor-widget-image\" data-id=\"bfe6f48\" data-element_type=\"widget\" data-e-type=\"widget\" data-widget_type=\"image.default\">\n\t\t\t\t\t\t\t\t\t\t\t\t\t\t\t<img loading=\"lazy\" decoding=\"async\" width=\"736\" height=\"463\" src=\"https:\/\/inzynier.rzeszow.pl\/wp-content\/uploads\/2026\/01\/UM_Galerie-IN_marzec25.jpg\" class=\"attachment-large size-large wp-image-2137\" alt=\"\" srcset=\"https:\/\/inzynier.rzeszow.pl\/wp-content\/uploads\/2026\/01\/UM_Galerie-IN_marzec25.jpg 736w, https:\/\/inzynier.rzeszow.pl\/wp-content\/uploads\/2026\/01\/UM_Galerie-IN_marzec25-300x189.jpg 300w\" sizes=\"(max-width: 736px) 100vw, 736px\" \/>\t\t\t\t\t\t\t\t\t\t\t\t\t\t\t<\/div>\n\t\t\t\t<\/div>\n\t\t\t\t<\/div>\n\t\t<div class=\"elementor-element elementor-element-f70bd8a e-con-full e-flex e-con e-child\" data-id=\"f70bd8a\" data-element_type=\"container\" data-e-type=\"container\">\n\t\t\t\t<div class=\"elementor-element elementor-element-c708c71 elementor-widget__width-inherit elementor-icon-list--layout-traditional elementor-list-item-link-full_width elementor-widget elementor-widget-icon-list\" data-id=\"c708c71\" data-element_type=\"widget\" data-e-type=\"widget\" data-widget_type=\"icon-list.default\">\n\t\t\t\t\t\t\t<ul class=\"elementor-icon-list-items\">\n\t\t\t\t\t\t\t<li class=\"elementor-icon-list-item\">\n\t\t\t\t\t\t\t\t\t\t\t<a href=\"https:\/\/inzynier.rzeszow.pl\/download\/galeria_integracyjna\/pismo-up_stabryla_25.pdf\" target=\"_blank\">\n\n\t\t\t\t\t\t\t\t\t\t\t\t<span class=\"elementor-icon-list-icon\">\n\t\t\t\t\t\t\t<svg aria-hidden=\"true\" class=\"e-font-icon-svg e-fas-arrow-circle-right\" viewBox=\"0 0 512 512\" xmlns=\"http:\/\/www.w3.org\/2000\/svg\"><path d=\"M256 8c137 0 248 111 248 248S393 504 256 504 8 393 8 256 119 8 256 8zm-28.9 143.6l75.5 72.4H120c-13.3 0-24 10.7-24 24v16c0 13.3 10.7 24 24 24h182.6l-75.5 72.4c-9.7 9.3-9.9 24.8-.4 34.3l11 10.9c9.4 9.4 24.6 9.4 33.9 0L404.3 273c9.4-9.4 9.4-24.6 0-33.9L271.6 106.3c-9.4-9.4-24.6-9.4-33.9 0l-11 10.9c-9.5 9.6-9.3 25.1.4 34.4z\"><\/path><\/svg>\t\t\t\t\t\t<\/span>\n\t\t\t\t\t\t\t\t\t\t<span class=\"elementor-icon-list-text\">List od Wojewody Podkarpackiego<\/span>\n\t\t\t\t\t\t\t\t\t\t\t<\/a>\n\t\t\t\t\t\t\t\t\t<\/li>\n\t\t\t\t\t\t<\/ul>\n\t\t\t\t\t\t<\/div>\n\t\t<div class=\"elementor-element elementor-element-b0ab530 e-con-full e-flex e-con e-child\" data-id=\"b0ab530\" data-element_type=\"container\" data-e-type=\"container\">\n\t\t\t\t<div class=\"elementor-element elementor-element-252ba6a elementor-widget elementor-widget-image\" data-id=\"252ba6a\" data-element_type=\"widget\" data-e-type=\"widget\" data-widget_type=\"image.default\">\n\t\t\t\t\t\t\t\t\t\t\t\t\t\t\t<img loading=\"lazy\" decoding=\"async\" width=\"404\" height=\"578\" src=\"https:\/\/inzynier.rzeszow.pl\/wp-content\/uploads\/2026\/01\/pismo_wp_stabryla_25-1.jpg\" class=\"attachment-large size-large wp-image-2147\" alt=\"\" srcset=\"https:\/\/inzynier.rzeszow.pl\/wp-content\/uploads\/2026\/01\/pismo_wp_stabryla_25-1.jpg 404w, https:\/\/inzynier.rzeszow.pl\/wp-content\/uploads\/2026\/01\/pismo_wp_stabryla_25-1-210x300.jpg 210w\" sizes=\"(max-width: 404px) 100vw, 404px\" \/>\t\t\t\t\t\t\t\t\t\t\t\t\t\t\t<\/div>\n\t\t\t\t<\/div>\n\t\t\t\t<\/div>\n\t\t\t\t<\/div>\n\t\t\t\t\t<\/div>\n\t\t\t\t<\/div>\n\t\t<div class=\"elementor-element elementor-element-9a11b62 e-flex e-con-boxed e-con e-parent\" data-id=\"9a11b62\" data-element_type=\"container\" data-e-type=\"container\">\n\t\t\t\t\t<div class=\"e-con-inner\">\n\t\t\t\t<div class=\"elementor-element elementor-element-a0112b2 gallery-spacing-custom elementor-widget elementor-widget-image-gallery\" data-id=\"a0112b2\" data-element_type=\"widget\" data-e-type=\"widget\" data-widget_type=\"image-gallery.default\">\n\t\t\t\t\t\t\t<div class=\"elementor-image-gallery\">\n\t\t\t<div id='gallery-5' class='gallery galleryid-1187 gallery-columns-3 gallery-size-medium_large'><figure class='gallery-item'>\n\t\t\t<div class='gallery-icon landscape'>\n\t\t\t\t<a data-elementor-open-lightbox=\"yes\" data-elementor-lightbox-slideshow=\"a0112b2\" data-e-action-hash=\"#elementor-action%3Aaction%3Dlightbox%26settings%3DeyJpZCI6MjE0OCwidXJsIjoiaHR0cHM6XC9cL2luenluaWVyLnJ6ZXN6b3cucGxcL3dwLWNvbnRlbnRcL3VwbG9hZHNcLzIwMjZcLzAxXC8yMDI1LTAxLTIyX3d5c3Rhd2Ffc3RhYnJ5bGEtMS5qcGciLCJzbGlkZXNob3ciOiJhMDExMmIyIn0%3D\" href='https:\/\/inzynier.rzeszow.pl\/wp-content\/uploads\/2026\/01\/2025-01-22_wystawa_stabryla-1.jpg'><img loading=\"lazy\" decoding=\"async\" width=\"768\" height=\"510\" src=\"https:\/\/inzynier.rzeszow.pl\/wp-content\/uploads\/2026\/01\/2025-01-22_wystawa_stabryla-1-768x510.jpg\" class=\"attachment-medium_large size-medium_large\" alt=\"\" srcset=\"https:\/\/inzynier.rzeszow.pl\/wp-content\/uploads\/2026\/01\/2025-01-22_wystawa_stabryla-1-768x510.jpg 768w, https:\/\/inzynier.rzeszow.pl\/wp-content\/uploads\/2026\/01\/2025-01-22_wystawa_stabryla-1-300x199.jpg 300w, https:\/\/inzynier.rzeszow.pl\/wp-content\/uploads\/2026\/01\/2025-01-22_wystawa_stabryla-1-1024x680.jpg 1024w, https:\/\/inzynier.rzeszow.pl\/wp-content\/uploads\/2026\/01\/2025-01-22_wystawa_stabryla-1-1536x1020.jpg 1536w, https:\/\/inzynier.rzeszow.pl\/wp-content\/uploads\/2026\/01\/2025-01-22_wystawa_stabryla-1.jpg 2000w\" sizes=\"(max-width: 768px) 100vw, 768px\" \/><\/a>\n\t\t\t<\/div><\/figure><figure class='gallery-item'>\n\t\t\t<div class='gallery-icon landscape'>\n\t\t\t\t<a data-elementor-open-lightbox=\"yes\" data-elementor-lightbox-slideshow=\"a0112b2\" data-e-action-hash=\"#elementor-action%3Aaction%3Dlightbox%26settings%3DeyJpZCI6MjE0OSwidXJsIjoiaHR0cHM6XC9cL2luenluaWVyLnJ6ZXN6b3cucGxcL3dwLWNvbnRlbnRcL3VwbG9hZHNcLzIwMjZcLzAxXC8yMDI1LTAxLTIyX3d5c3Rhd2Ffc3RhYnJ5bGEtMi5qcGciLCJzbGlkZXNob3ciOiJhMDExMmIyIn0%3D\" href='https:\/\/inzynier.rzeszow.pl\/wp-content\/uploads\/2026\/01\/2025-01-22_wystawa_stabryla-2.jpg'><img loading=\"lazy\" decoding=\"async\" width=\"768\" height=\"510\" src=\"https:\/\/inzynier.rzeszow.pl\/wp-content\/uploads\/2026\/01\/2025-01-22_wystawa_stabryla-2-768x510.jpg\" class=\"attachment-medium_large size-medium_large\" alt=\"\" srcset=\"https:\/\/inzynier.rzeszow.pl\/wp-content\/uploads\/2026\/01\/2025-01-22_wystawa_stabryla-2-768x510.jpg 768w, https:\/\/inzynier.rzeszow.pl\/wp-content\/uploads\/2026\/01\/2025-01-22_wystawa_stabryla-2-300x199.jpg 300w, https:\/\/inzynier.rzeszow.pl\/wp-content\/uploads\/2026\/01\/2025-01-22_wystawa_stabryla-2-1024x680.jpg 1024w, https:\/\/inzynier.rzeszow.pl\/wp-content\/uploads\/2026\/01\/2025-01-22_wystawa_stabryla-2-1536x1020.jpg 1536w, https:\/\/inzynier.rzeszow.pl\/wp-content\/uploads\/2026\/01\/2025-01-22_wystawa_stabryla-2.jpg 2000w\" sizes=\"(max-width: 768px) 100vw, 768px\" \/><\/a>\n\t\t\t<\/div><\/figure><figure class='gallery-item'>\n\t\t\t<div class='gallery-icon landscape'>\n\t\t\t\t<a data-elementor-open-lightbox=\"yes\" data-elementor-lightbox-slideshow=\"a0112b2\" data-e-action-hash=\"#elementor-action%3Aaction%3Dlightbox%26settings%3DeyJpZCI6MjE1MCwidXJsIjoiaHR0cHM6XC9cL2luenluaWVyLnJ6ZXN6b3cucGxcL3dwLWNvbnRlbnRcL3VwbG9hZHNcLzIwMjZcLzAxXC8yMDI1LTAxLTIyX3d5c3Rhd2Ffc3RhYnJ5bGEtMy5qcGciLCJzbGlkZXNob3ciOiJhMDExMmIyIn0%3D\" href='https:\/\/inzynier.rzeszow.pl\/wp-content\/uploads\/2026\/01\/2025-01-22_wystawa_stabryla-3.jpg'><img loading=\"lazy\" decoding=\"async\" width=\"768\" height=\"510\" src=\"https:\/\/inzynier.rzeszow.pl\/wp-content\/uploads\/2026\/01\/2025-01-22_wystawa_stabryla-3-768x510.jpg\" class=\"attachment-medium_large size-medium_large\" alt=\"\" srcset=\"https:\/\/inzynier.rzeszow.pl\/wp-content\/uploads\/2026\/01\/2025-01-22_wystawa_stabryla-3-768x510.jpg 768w, https:\/\/inzynier.rzeszow.pl\/wp-content\/uploads\/2026\/01\/2025-01-22_wystawa_stabryla-3-300x199.jpg 300w, https:\/\/inzynier.rzeszow.pl\/wp-content\/uploads\/2026\/01\/2025-01-22_wystawa_stabryla-3-1024x680.jpg 1024w, https:\/\/inzynier.rzeszow.pl\/wp-content\/uploads\/2026\/01\/2025-01-22_wystawa_stabryla-3-1536x1020.jpg 1536w, https:\/\/inzynier.rzeszow.pl\/wp-content\/uploads\/2026\/01\/2025-01-22_wystawa_stabryla-3.jpg 2000w\" sizes=\"(max-width: 768px) 100vw, 768px\" \/><\/a>\n\t\t\t<\/div><\/figure><figure class='gallery-item'>\n\t\t\t<div class='gallery-icon landscape'>\n\t\t\t\t<a data-elementor-open-lightbox=\"yes\" data-elementor-lightbox-slideshow=\"a0112b2\" data-e-action-hash=\"#elementor-action%3Aaction%3Dlightbox%26settings%3DeyJpZCI6MjE1MSwidXJsIjoiaHR0cHM6XC9cL2luenluaWVyLnJ6ZXN6b3cucGxcL3dwLWNvbnRlbnRcL3VwbG9hZHNcLzIwMjZcLzAxXC8yMDI1LTAxLTIyX3d5c3Rhd2Ffc3RhYnJ5bGEtMjUuanBnIiwic2xpZGVzaG93IjoiYTAxMTJiMiJ9\" href='https:\/\/inzynier.rzeszow.pl\/wp-content\/uploads\/2026\/01\/2025-01-22_wystawa_stabryla-25.jpg'><img loading=\"lazy\" decoding=\"async\" width=\"768\" height=\"510\" src=\"https:\/\/inzynier.rzeszow.pl\/wp-content\/uploads\/2026\/01\/2025-01-22_wystawa_stabryla-25-768x510.jpg\" class=\"attachment-medium_large size-medium_large\" alt=\"\" srcset=\"https:\/\/inzynier.rzeszow.pl\/wp-content\/uploads\/2026\/01\/2025-01-22_wystawa_stabryla-25-768x510.jpg 768w, https:\/\/inzynier.rzeszow.pl\/wp-content\/uploads\/2026\/01\/2025-01-22_wystawa_stabryla-25-300x199.jpg 300w, https:\/\/inzynier.rzeszow.pl\/wp-content\/uploads\/2026\/01\/2025-01-22_wystawa_stabryla-25-1024x680.jpg 1024w, https:\/\/inzynier.rzeszow.pl\/wp-content\/uploads\/2026\/01\/2025-01-22_wystawa_stabryla-25-1536x1020.jpg 1536w, https:\/\/inzynier.rzeszow.pl\/wp-content\/uploads\/2026\/01\/2025-01-22_wystawa_stabryla-25.jpg 2000w\" sizes=\"(max-width: 768px) 100vw, 768px\" \/><\/a>\n\t\t\t<\/div><\/figure><figure class='gallery-item'>\n\t\t\t<div class='gallery-icon landscape'>\n\t\t\t\t<a data-elementor-open-lightbox=\"yes\" data-elementor-lightbox-slideshow=\"a0112b2\" data-e-action-hash=\"#elementor-action%3Aaction%3Dlightbox%26settings%3DeyJpZCI6MjE1MiwidXJsIjoiaHR0cHM6XC9cL2luenluaWVyLnJ6ZXN6b3cucGxcL3dwLWNvbnRlbnRcL3VwbG9hZHNcLzIwMjZcLzAxXC8yMDI1LTAxLTIyX3d5c3Rhd2Ffc3RhYnJ5bGEtMjYuanBnIiwic2xpZGVzaG93IjoiYTAxMTJiMiJ9\" href='https:\/\/inzynier.rzeszow.pl\/wp-content\/uploads\/2026\/01\/2025-01-22_wystawa_stabryla-26.jpg'><img loading=\"lazy\" decoding=\"async\" width=\"768\" height=\"510\" src=\"https:\/\/inzynier.rzeszow.pl\/wp-content\/uploads\/2026\/01\/2025-01-22_wystawa_stabryla-26-768x510.jpg\" class=\"attachment-medium_large size-medium_large\" alt=\"\" srcset=\"https:\/\/inzynier.rzeszow.pl\/wp-content\/uploads\/2026\/01\/2025-01-22_wystawa_stabryla-26-768x510.jpg 768w, https:\/\/inzynier.rzeszow.pl\/wp-content\/uploads\/2026\/01\/2025-01-22_wystawa_stabryla-26-300x199.jpg 300w, https:\/\/inzynier.rzeszow.pl\/wp-content\/uploads\/2026\/01\/2025-01-22_wystawa_stabryla-26-1024x680.jpg 1024w, https:\/\/inzynier.rzeszow.pl\/wp-content\/uploads\/2026\/01\/2025-01-22_wystawa_stabryla-26-1536x1020.jpg 1536w, https:\/\/inzynier.rzeszow.pl\/wp-content\/uploads\/2026\/01\/2025-01-22_wystawa_stabryla-26.jpg 2000w\" sizes=\"(max-width: 768px) 100vw, 768px\" \/><\/a>\n\t\t\t<\/div><\/figure><figure class='gallery-item'>\n\t\t\t<div class='gallery-icon landscape'>\n\t\t\t\t<a data-elementor-open-lightbox=\"yes\" data-elementor-lightbox-slideshow=\"a0112b2\" data-e-action-hash=\"#elementor-action%3Aaction%3Dlightbox%26settings%3DeyJpZCI6MjE1MywidXJsIjoiaHR0cHM6XC9cL2luenluaWVyLnJ6ZXN6b3cucGxcL3dwLWNvbnRlbnRcL3VwbG9hZHNcLzIwMjZcLzAxXC8yMDI1LTAxLTIyX3d5c3Rhd2Ffc3RhYnJ5bGEtOC5qcGciLCJzbGlkZXNob3ciOiJhMDExMmIyIn0%3D\" href='https:\/\/inzynier.rzeszow.pl\/wp-content\/uploads\/2026\/01\/2025-01-22_wystawa_stabryla-8.jpg'><img loading=\"lazy\" decoding=\"async\" width=\"768\" height=\"510\" src=\"https:\/\/inzynier.rzeszow.pl\/wp-content\/uploads\/2026\/01\/2025-01-22_wystawa_stabryla-8-768x510.jpg\" class=\"attachment-medium_large size-medium_large\" alt=\"\" srcset=\"https:\/\/inzynier.rzeszow.pl\/wp-content\/uploads\/2026\/01\/2025-01-22_wystawa_stabryla-8-768x510.jpg 768w, https:\/\/inzynier.rzeszow.pl\/wp-content\/uploads\/2026\/01\/2025-01-22_wystawa_stabryla-8-300x199.jpg 300w, https:\/\/inzynier.rzeszow.pl\/wp-content\/uploads\/2026\/01\/2025-01-22_wystawa_stabryla-8-1024x680.jpg 1024w, https:\/\/inzynier.rzeszow.pl\/wp-content\/uploads\/2026\/01\/2025-01-22_wystawa_stabryla-8-1536x1020.jpg 1536w, https:\/\/inzynier.rzeszow.pl\/wp-content\/uploads\/2026\/01\/2025-01-22_wystawa_stabryla-8.jpg 2000w\" sizes=\"(max-width: 768px) 100vw, 768px\" \/><\/a>\n\t\t\t<\/div><\/figure>\n\t\t<\/div>\n\t\t<\/div>\n\t\t\t\t\t\t<\/div>\n\t\t\t\t\t<\/div>\n\t\t\t\t<\/div>\n\t\t<div class=\"elementor-element elementor-element-d4b50c7 e-flex e-con-boxed e-con e-parent\" data-id=\"d4b50c7\" data-element_type=\"container\" data-e-type=\"container\">\n\t\t\t\t\t<div class=\"e-con-inner\">\n\t\t\t\t<div class=\"elementor-element elementor-element-18fc1aa elementor-widget elementor-widget-text-editor\" data-id=\"18fc1aa\" data-element_type=\"widget\" data-e-type=\"widget\" data-widget_type=\"text-editor.default\">\n\t\t\t\t\t\t\t\t\t<table border=\"0\"><tbody><tr><td colspan=\"3\"><strong>Patroni Galerii Integracyjnej<\/strong><\/td><\/tr><tr><td colspan=\"3\">\u00a0<\/td><\/tr><tr><td colspan=\"3\">\u00a0<img loading=\"lazy\" decoding=\"async\" src=\"https:\/\/archiwalna.inzynier.rzeszow.pl\/download\/z_zycia\/patronaty\/logo_marszalka_wojewodztwa.png\" width=\"42\" height=\"50\" border=\"0\" \/>\u00a0\u00a0\u00a0\u00a0\u00a0<img loading=\"lazy\" decoding=\"async\" src=\"https:\/\/archiwalna.inzynier.rzeszow.pl\/download\/z_zycia\/patronaty\/logo_rz_pl.jpg\" width=\"163\" height=\"50\" border=\"0\" \/>\u00a0\u00a0 \u00a0\u00a0<img loading=\"lazy\" decoding=\"async\" src=\"https:\/\/archiwalna.inzynier.rzeszow.pl\/download\/z_zycia\/patronaty\/logo-piib.svg\" width=\"107\" height=\"50\" border=\"0\" \/>\u00a0 \u00a0\u00a0<img loading=\"lazy\" decoding=\"async\" src=\"https:\/\/archiwalna.inzynier.rzeszow.pl\/download\/z_zycia\/patronaty\/prz_pl.jpg\" width=\"126\" height=\"50\" border=\"0\" \/>\u00a0\u00a0<img loading=\"lazy\" decoding=\"async\" src=\"https:\/\/archiwalna.inzynier.rzeszow.pl\/download\/z_zycia\/patronaty\/logo_not.jpg\" width=\"50\" height=\"50\" border=\"0\" \/>\u00a0\u00a0\u00a0<img loading=\"lazy\" decoding=\"async\" src=\"https:\/\/archiwalna.inzynier.rzeszow.pl\/download\/z_zycia\/patronaty\/BWA-logo.jpg\" width=\"50\" height=\"51\" border=\"0\" \/><br \/><br \/><img loading=\"lazy\" decoding=\"async\" src=\"https:\/\/archiwalna.inzynier.rzeszow.pl\/download\/z_zycia\/patronaty\/tvp_3_niebieskie.jpg\" width=\"74\" height=\"50\" border=\"0\" \/>\u00a0 \u00a0\u00a0\u00a0<img loading=\"lazy\" decoding=\"async\" src=\"https:\/\/archiwalna.inzynier.rzeszow.pl\/download\/z_zycia\/patronaty\/logo_rrz.jpg\" width=\"105\" height=\"45\" border=\"0\" \/>\u00a0\u00a0\u00a0<img loading=\"lazy\" decoding=\"async\" src=\"https:\/\/archiwalna.inzynier.rzeszow.pl\/download\/z_zycia\/patronaty\/nowiny_logo.jpg\" width=\"101\" height=\"30\" border=\"0\" \/>\u00a0\u00a0\u00a0<img loading=\"lazy\" decoding=\"async\" src=\"https:\/\/archiwalna.inzynier.rzeszow.pl\/download\/z_zycia\/patronaty\/nowiny24_logo.jpg\" width=\"139\" height=\"30\" border=\"0\" \/>\u00a0\u00a0\u00a0<img loading=\"lazy\" decoding=\"async\" src=\"https:\/\/archiwalna.inzynier.rzeszow.pl\/download\/z_zycia\/patronaty\/biznesistyl_logo.JPG\" width=\"129\" height=\"30\" border=\"0\" \/>\u00a0<\/td><\/tr><\/tbody><\/table>\t\t\t\t\t\t\t\t<\/div>\n\t\t\t\t\t<\/div>\n\t\t\t\t<\/div>\n\t\t\t\t<\/div>\n\t\t","protected":false},"excerpt":{"rendered":"<p>Galeria Integracyjna PDK OIIB &#8211; 2025 Strona g\u0142\u00f3wna \/ Galeria Integracyjna PDK OIIB \/ Rok 2025 Galeria Integracyjna &#8211; Znaki [&hellip;]<\/p>\n","protected":false},"author":1,"featured_media":0,"parent":0,"menu_order":0,"comment_status":"closed","ping_status":"closed","template":"","meta":{"site-sidebar-layout":"no-sidebar","site-content-layout":"","ast-site-content-layout":"full-width-container","site-content-style":"default","site-sidebar-style":"default","ast-global-header-display":"","ast-banner-title-visibility":"","ast-main-header-display":"","ast-hfb-above-header-display":"","ast-hfb-below-header-display":"","ast-hfb-mobile-header-display":"","site-post-title":"disabled","ast-breadcrumbs-content":"","ast-featured-img":"disabled","footer-sml-layout":"","ast-disable-related-posts":"","theme-transparent-header-meta":"","adv-header-id-meta":"","stick-header-meta":"","header-above-stick-meta":"","header-main-stick-meta":"","header-below-stick-meta":"","astra-migrate-meta-layouts":"default","ast-page-background-enabled":"default","ast-page-background-meta":{"desktop":{"background-color":"var(--ast-global-color-5)","background-image":"","background-repeat":"repeat","background-position":"center center","background-size":"auto","background-attachment":"scroll","background-type":"","background-media":"","overlay-type":"","overlay-color":"","overlay-opacity":"","overlay-gradient":""},"tablet":{"background-color":"","background-image":"","background-repeat":"repeat","background-position":"center center","background-size":"auto","background-attachment":"scroll","background-type":"","background-media":"","overlay-type":"","overlay-color":"","overlay-opacity":"","overlay-gradient":""},"mobile":{"background-color":"","background-image":"","background-repeat":"repeat","background-position":"center center","background-size":"auto","background-attachment":"scroll","background-type":"","background-media":"","overlay-type":"","overlay-color":"","overlay-opacity":"","overlay-gradient":""}},"ast-content-background-meta":{"desktop":{"background-color":"var(--ast-global-color-4)","background-image":"","background-repeat":"repeat","background-position":"center center","background-size":"auto","background-attachment":"scroll","background-type":"","background-media":"","overlay-type":"","overlay-color":"","overlay-opacity":"","overlay-gradient":""},"tablet":{"background-color":"var(--ast-global-color-4)","background-image":"","background-repeat":"repeat","background-position":"center center","background-size":"auto","background-attachment":"scroll","background-type":"","background-media":"","overlay-type":"","overlay-color":"","overlay-opacity":"","overlay-gradient":""},"mobile":{"background-color":"var(--ast-global-color-4)","background-image":"","background-repeat":"repeat","background-position":"center center","background-size":"auto","background-attachment":"scroll","background-type":"","background-media":"","overlay-type":"","overlay-color":"","overlay-opacity":"","overlay-gradient":""}},"footnotes":""},"class_list":["post-1187","page","type-page","status-publish","hentry"],"yoast_head":"<!-- This site is optimized with the Yoast SEO plugin v27.5 - https:\/\/yoast.com\/product\/yoast-seo-wordpress\/ -->\n<title>Galeria Integracyjna PDK OIIB - 2025 - Podkarpacka Okregowa Izba Inzynierow Budownictwa<\/title>\n<meta name=\"description\" content=\"Wernisa\u017c wystawy w Galerii Integracyjnej PDK OIIB Rzesz\u00f3w 2025 ju\u017c za nami! Sprawd\u017a dzie\u0142a artyst\u00f3w i ich inspiracje.\" \/>\n<meta name=\"robots\" content=\"index, follow, max-snippet:-1, max-image-preview:large, max-video-preview:-1\" \/>\n<link rel=\"canonical\" href=\"https:\/\/inzynier.rzeszow.pl\/index.php\/galeria-integracyjna-pdk-oiib-2025\/\" \/>\n<meta property=\"og:locale\" content=\"pl_PL\" \/>\n<meta property=\"og:type\" content=\"article\" \/>\n<meta property=\"og:title\" content=\"Galeria Integracyjna PDK OIIB - 2025 - Podkarpacka Okregowa Izba Inzynierow Budownictwa\" \/>\n<meta property=\"og:description\" content=\"Wernisa\u017c wystawy w Galerii Integracyjnej PDK OIIB Rzesz\u00f3w 2025 ju\u017c za nami! Sprawd\u017a dzie\u0142a artyst\u00f3w i ich inspiracje.\" \/>\n<meta property=\"og:url\" content=\"https:\/\/inzynier.rzeszow.pl\/index.php\/galeria-integracyjna-pdk-oiib-2025\/\" \/>\n<meta property=\"og:site_name\" content=\"Podkarpacka Okregowa Izba Inzynierow Budownictwa\" \/>\n<meta property=\"article:modified_time\" content=\"2026-04-09T10:31:15+00:00\" \/>\n<meta property=\"og:image\" content=\"https:\/\/inzynier.rzeszow.pl\/wp-content\/uploads\/2026\/01\/Gal_Integr_abstakcja_07_11_25.png\" \/>\n\t<meta property=\"og:image:width\" content=\"1900\" \/>\n\t<meta property=\"og:image:height\" content=\"1080\" \/>\n\t<meta property=\"og:image:type\" content=\"image\/png\" \/>\n<meta name=\"twitter:card\" content=\"summary_large_image\" \/>\n<meta name=\"twitter:label1\" content=\"Szacowany czas czytania\" \/>\n\t<meta name=\"twitter:data1\" content=\"24 minuty\" \/>\n<script type=\"application\/ld+json\" class=\"yoast-schema-graph\">{\"@context\":\"https:\\\/\\\/schema.org\",\"@graph\":[{\"@type\":\"WebPage\",\"@id\":\"https:\\\/\\\/inzynier.rzeszow.pl\\\/index.php\\\/galeria-integracyjna-pdk-oiib-2025\\\/\",\"url\":\"https:\\\/\\\/inzynier.rzeszow.pl\\\/index.php\\\/galeria-integracyjna-pdk-oiib-2025\\\/\",\"name\":\"Galeria Integracyjna PDK OIIB - 2025 - Podkarpacka Okregowa Izba Inzynierow Budownictwa\",\"isPartOf\":{\"@id\":\"https:\\\/\\\/inzynier.rzeszow.pl\\\/#website\"},\"primaryImageOfPage\":{\"@id\":\"https:\\\/\\\/inzynier.rzeszow.pl\\\/index.php\\\/galeria-integracyjna-pdk-oiib-2025\\\/#primaryimage\"},\"image\":{\"@id\":\"https:\\\/\\\/inzynier.rzeszow.pl\\\/index.php\\\/galeria-integracyjna-pdk-oiib-2025\\\/#primaryimage\"},\"thumbnailUrl\":\"https:\\\/\\\/inzynier.rzeszow.pl\\\/wp-content\\\/uploads\\\/2026\\\/01\\\/Gal_Integr_abstakcja_07_11_25-1024x582.png\",\"datePublished\":\"2025-12-23T18:46:27+00:00\",\"dateModified\":\"2026-04-09T10:31:15+00:00\",\"description\":\"Wernisa\u017c wystawy w Galerii Integracyjnej PDK OIIB Rzesz\u00f3w 2025 ju\u017c za nami! Sprawd\u017a dzie\u0142a artyst\u00f3w i ich inspiracje.\",\"breadcrumb\":{\"@id\":\"https:\\\/\\\/inzynier.rzeszow.pl\\\/index.php\\\/galeria-integracyjna-pdk-oiib-2025\\\/#breadcrumb\"},\"inLanguage\":\"pl-PL\",\"potentialAction\":[{\"@type\":\"ReadAction\",\"target\":[\"https:\\\/\\\/inzynier.rzeszow.pl\\\/index.php\\\/galeria-integracyjna-pdk-oiib-2025\\\/\"]}]},{\"@type\":\"ImageObject\",\"inLanguage\":\"pl-PL\",\"@id\":\"https:\\\/\\\/inzynier.rzeszow.pl\\\/index.php\\\/galeria-integracyjna-pdk-oiib-2025\\\/#primaryimage\",\"url\":\"https:\\\/\\\/inzynier.rzeszow.pl\\\/wp-content\\\/uploads\\\/2026\\\/01\\\/Gal_Integr_abstakcja_07_11_25.png\",\"contentUrl\":\"https:\\\/\\\/inzynier.rzeszow.pl\\\/wp-content\\\/uploads\\\/2026\\\/01\\\/Gal_Integr_abstakcja_07_11_25.png\",\"width\":1900,\"height\":1080},{\"@type\":\"BreadcrumbList\",\"@id\":\"https:\\\/\\\/inzynier.rzeszow.pl\\\/index.php\\\/galeria-integracyjna-pdk-oiib-2025\\\/#breadcrumb\",\"itemListElement\":[{\"@type\":\"ListItem\",\"position\":1,\"name\":\"Strona g\u0142\u00f3wna\",\"item\":\"https:\\\/\\\/inzynier.rzeszow.pl\\\/\"},{\"@type\":\"ListItem\",\"position\":2,\"name\":\"Galeria Integracyjna PDK OIIB &#8211; 2025\"}]},{\"@type\":\"WebSite\",\"@id\":\"https:\\\/\\\/inzynier.rzeszow.pl\\\/#website\",\"url\":\"https:\\\/\\\/inzynier.rzeszow.pl\\\/\",\"name\":\"Podkarpacka Okregowa Izba Inzynierow Budownictwa\",\"description\":\"\",\"potentialAction\":[{\"@type\":\"SearchAction\",\"target\":{\"@type\":\"EntryPoint\",\"urlTemplate\":\"https:\\\/\\\/inzynier.rzeszow.pl\\\/?s={search_term_string}\"},\"query-input\":{\"@type\":\"PropertyValueSpecification\",\"valueRequired\":true,\"valueName\":\"search_term_string\"}}],\"inLanguage\":\"pl-PL\"}]}<\/script>\n<!-- \/ Yoast SEO plugin. -->","yoast_head_json":{"title":"Galeria Integracyjna PDK OIIB - 2025 - Podkarpacka Okregowa Izba Inzynierow Budownictwa","description":"Wernisa\u017c wystawy w Galerii Integracyjnej PDK OIIB Rzesz\u00f3w 2025 ju\u017c za nami! Sprawd\u017a dzie\u0142a artyst\u00f3w i ich inspiracje.","robots":{"index":"index","follow":"follow","max-snippet":"max-snippet:-1","max-image-preview":"max-image-preview:large","max-video-preview":"max-video-preview:-1"},"canonical":"https:\/\/inzynier.rzeszow.pl\/index.php\/galeria-integracyjna-pdk-oiib-2025\/","og_locale":"pl_PL","og_type":"article","og_title":"Galeria Integracyjna PDK OIIB - 2025 - Podkarpacka Okregowa Izba Inzynierow Budownictwa","og_description":"Wernisa\u017c wystawy w Galerii Integracyjnej PDK OIIB Rzesz\u00f3w 2025 ju\u017c za nami! Sprawd\u017a dzie\u0142a artyst\u00f3w i ich inspiracje.","og_url":"https:\/\/inzynier.rzeszow.pl\/index.php\/galeria-integracyjna-pdk-oiib-2025\/","og_site_name":"Podkarpacka Okregowa Izba Inzynierow Budownictwa","article_modified_time":"2026-04-09T10:31:15+00:00","og_image":[{"width":1900,"height":1080,"url":"https:\/\/inzynier.rzeszow.pl\/wp-content\/uploads\/2026\/01\/Gal_Integr_abstakcja_07_11_25.png","type":"image\/png"}],"twitter_card":"summary_large_image","twitter_misc":{"Szacowany czas czytania":"24 minuty"},"schema":{"@context":"https:\/\/schema.org","@graph":[{"@type":"WebPage","@id":"https:\/\/inzynier.rzeszow.pl\/index.php\/galeria-integracyjna-pdk-oiib-2025\/","url":"https:\/\/inzynier.rzeszow.pl\/index.php\/galeria-integracyjna-pdk-oiib-2025\/","name":"Galeria Integracyjna PDK OIIB - 2025 - Podkarpacka Okregowa Izba Inzynierow Budownictwa","isPartOf":{"@id":"https:\/\/inzynier.rzeszow.pl\/#website"},"primaryImageOfPage":{"@id":"https:\/\/inzynier.rzeszow.pl\/index.php\/galeria-integracyjna-pdk-oiib-2025\/#primaryimage"},"image":{"@id":"https:\/\/inzynier.rzeszow.pl\/index.php\/galeria-integracyjna-pdk-oiib-2025\/#primaryimage"},"thumbnailUrl":"https:\/\/inzynier.rzeszow.pl\/wp-content\/uploads\/2026\/01\/Gal_Integr_abstakcja_07_11_25-1024x582.png","datePublished":"2025-12-23T18:46:27+00:00","dateModified":"2026-04-09T10:31:15+00:00","description":"Wernisa\u017c wystawy w Galerii Integracyjnej PDK OIIB Rzesz\u00f3w 2025 ju\u017c za nami! Sprawd\u017a dzie\u0142a artyst\u00f3w i ich inspiracje.","breadcrumb":{"@id":"https:\/\/inzynier.rzeszow.pl\/index.php\/galeria-integracyjna-pdk-oiib-2025\/#breadcrumb"},"inLanguage":"pl-PL","potentialAction":[{"@type":"ReadAction","target":["https:\/\/inzynier.rzeszow.pl\/index.php\/galeria-integracyjna-pdk-oiib-2025\/"]}]},{"@type":"ImageObject","inLanguage":"pl-PL","@id":"https:\/\/inzynier.rzeszow.pl\/index.php\/galeria-integracyjna-pdk-oiib-2025\/#primaryimage","url":"https:\/\/inzynier.rzeszow.pl\/wp-content\/uploads\/2026\/01\/Gal_Integr_abstakcja_07_11_25.png","contentUrl":"https:\/\/inzynier.rzeszow.pl\/wp-content\/uploads\/2026\/01\/Gal_Integr_abstakcja_07_11_25.png","width":1900,"height":1080},{"@type":"BreadcrumbList","@id":"https:\/\/inzynier.rzeszow.pl\/index.php\/galeria-integracyjna-pdk-oiib-2025\/#breadcrumb","itemListElement":[{"@type":"ListItem","position":1,"name":"Strona g\u0142\u00f3wna","item":"https:\/\/inzynier.rzeszow.pl\/"},{"@type":"ListItem","position":2,"name":"Galeria Integracyjna PDK OIIB &#8211; 2025"}]},{"@type":"WebSite","@id":"https:\/\/inzynier.rzeszow.pl\/#website","url":"https:\/\/inzynier.rzeszow.pl\/","name":"Podkarpacka Okregowa Izba Inzynierow Budownictwa","description":"","potentialAction":[{"@type":"SearchAction","target":{"@type":"EntryPoint","urlTemplate":"https:\/\/inzynier.rzeszow.pl\/?s={search_term_string}"},"query-input":{"@type":"PropertyValueSpecification","valueRequired":true,"valueName":"search_term_string"}}],"inLanguage":"pl-PL"}]}},"rttpg_featured_image_url":null,"rttpg_author":{"display_name":"admin","author_link":"https:\/\/inzynier.rzeszow.pl\/index.php\/author\/kwojcik\/"},"rttpg_comment":0,"rttpg_category":null,"rttpg_excerpt":"Galeria Integracyjna PDK OIIB &#8211; 2025 Strona g\u0142\u00f3wna \/ Galeria Integracyjna PDK OIIB \/ Rok 2025 Galeria Integracyjna &#8211; Znaki [&hellip;]","_links":{"self":[{"href":"https:\/\/inzynier.rzeszow.pl\/index.php\/wp-json\/wp\/v2\/pages\/1187","targetHints":{"allow":["GET"]}}],"collection":[{"href":"https:\/\/inzynier.rzeszow.pl\/index.php\/wp-json\/wp\/v2\/pages"}],"about":[{"href":"https:\/\/inzynier.rzeszow.pl\/index.php\/wp-json\/wp\/v2\/types\/page"}],"author":[{"embeddable":true,"href":"https:\/\/inzynier.rzeszow.pl\/index.php\/wp-json\/wp\/v2\/users\/1"}],"replies":[{"embeddable":true,"href":"https:\/\/inzynier.rzeszow.pl\/index.php\/wp-json\/wp\/v2\/comments?post=1187"}],"version-history":[{"count":68,"href":"https:\/\/inzynier.rzeszow.pl\/index.php\/wp-json\/wp\/v2\/pages\/1187\/revisions"}],"predecessor-version":[{"id":8455,"href":"https:\/\/inzynier.rzeszow.pl\/index.php\/wp-json\/wp\/v2\/pages\/1187\/revisions\/8455"}],"wp:attachment":[{"href":"https:\/\/inzynier.rzeszow.pl\/index.php\/wp-json\/wp\/v2\/media?parent=1187"}],"curies":[{"name":"wp","href":"https:\/\/api.w.org\/{rel}","templated":true}]}}